{"id":285475,"date":"2025-03-03T14:54:45","date_gmt":"2025-03-03T14:54:45","guid":{"rendered":"https:\/\/recoletasmarbella.com\/?page_id=285475"},"modified":"2025-10-15T15:42:28","modified_gmt":"2025-10-15T15:42:28","slug":"rechtshinweis","status":"publish","type":"page","link":"https:\/\/recoletasmarbella.com\/de\/rechtshinweis\/","title":{"rendered":"Gesetzlicher Hinweis"},"content":{"rendered":"<p>[et_pb_section fb_built=\u00bb1&#8243; _builder_version=\u00bb4.27.4&#8243; _module_preset=\u00bbdefault\u00bb background_color=\u00bb#F2F2F2&#8243; custom_padding=\u00bb21px||24px|||\u00bb global_colors_info=\u00bb{}\u00bb][et_pb_row _builder_version=\u00bb4.27.4&#8243; _module_preset=\u00bbdefault\u00bb global_colors_info=\u00bb{}\u00bb][et_pb_column type=\u00bb4_4&#8243; _builder_version=\u00bb4.27.4&#8243; _module_preset=\u00bbdefault\u00bb global_colors_info=\u00bb{}\u00bb][et_pb_text _builder_version=\u00bb4.27.4&#8243; _module_preset=\u00bbb20293d3-7e7e-4718-8a41-9d40e20be87b\u00bb header_2_font=\u00bb&#8211;et_global_heading_font|800||on|||||\u00bb header_2_font_size=\u00bb31px\u00bb header_2_letter_spacing=\u00bb0px\u00bb header_2_line_height=\u00bb1em\u00bb header_4_text_color=\u00bb#C7A3DE\u00bb max_width=\u00bb379px\u00bb max_width_tablet=\u00bb379px\u00bb max_width_phone=\u00bb266px\u00bb max_width_last_edited=\u00bbon|phone\u00bb module_alignment=\u00bbcenter\u00bb custom_padding=\u00bb|30px||30px|false|true\u00bb border_width_right=\u00bb2px\u00bb border_color_right=\u00bb#C7A3DE\u00bb border_width_left=\u00bb2px\u00bb border_color_left=\u00bb#C7A3DE\u00bb locked=\u00bboff\u00bb global_colors_info=\u00bb{}\u00bb]<\/p>\n<h3 style=\"text-align: center;\">GDPR<\/h3>\n<h2 style=\"text-align: center;\">Gesetzlicher Hinweis<\/h2>\n<p>[\/et_pb_text][\/et_pb_column][\/et_pb_row][\/et_pb_section][et_pb_section fb_built=\u00bb1&#8243; _builder_version=\u00bb4.27.4&#8243; _module_preset=\u00bbdefault\u00bb global_colors_info=\u00bb{}\u00bb][et_pb_row _builder_version=\u00bb4.27.4&#8243; _module_preset=\u00bbdefault\u00bb custom_padding=\u00bb34px|||||\u00bb border_color_all=\u00bbRGBA(255,255,255,0)\u00bb global_colors_info=\u00bb{}\u00bb][et_pb_column type=\u00bb4_4&#8243; _builder_version=\u00bb4.27.4&#8243; _module_preset=\u00bbdefault\u00bb border_color_all=\u00bbRGBA(255,255,255,0)\u00bb global_colors_info=\u00bb{}\u00bb][et_pb_text _builder_version=\u00bb4.27.4&#8243; _module_preset=\u00bbdefault\u00bb link_font=\u00bb|700|||||||\u00bb link_text_color=\u00bb#ad8dc1&#8243; header_2_font=\u00bb&#8211;et_global_heading_font|600||on|||||\u00bb header_2_text_color=\u00bb#617179&#8243; header_2_font_size=\u00bb20px\u00bb header_2_line_height=\u00bb1.5em\u00bb custom_margin=\u00bb|0px||0px|false|false\u00bb custom_margin_tablet=\u00bb|0px||0px|false|false\u00bb custom_margin_phone=\u00bb|0px||0px|false|false\u00bb custom_margin_last_edited=\u00bbon|desktop\u00bb custom_padding=\u00bb|0px||0px|false|true\u00bb border_color_all=\u00bbRGBA(255,255,255,0)\u00bb border_color_top=\u00bbRGBA(255,255,255,0)\u00bb border_color_right=\u00bbRGBA(255,255,255,0)\u00bb border_color_bottom=\u00bbRGBA(255,255,255,0)\u00bb border_color_left=\u00bbRGBA(255,255,255,0)\u00bb global_colors_info=\u00bb{}\u00bb]<\/p>\n<div style=\"text-align: left;\">Allgemeine Informationen gem\u00e4\u00df Artikel 10 des Gesetzes 34\/2002 vom 11. Juli \u00fcber die Dienste der Informationsgesellschaft und den elektronischen Handel.<\/div>\n<div id=\"salud-cabello\" class=\"et_pb_with_border et_pb_module et_pb_text et_pb_text_4  et_pb_text_align_left et_pb_bg_layout_light\">\n<div class=\"et_pb_text_inner\">\n<h3 style=\"text-align: left;\"><\/h3>\n<p>&nbsp;<\/p>\n<h3 style=\"text-align: left;\">Identifizierungsdaten<\/h3>\n<p style=\"text-align: left;\"><a href=\"https:\/\/recoletasmarbella.com\/\">https:\/\/recoletasmarbella.com\/<\/a> ist Eigentum von mit CIF <span class=\"s1\">B67831222<\/span>mit eingetragenem Sitz in C\/ Maestra Do\u00f1a Carola n\u00ba 8. 29602 Marbella (M\u00e1laga) und E-Mail Adresse\u00a0<a href=\"mailto:info@gruporecoletas.com\">info@gruporecoletas.com<\/a>. Red Hospitalaria Recoletas, S.L. ist im Handelsregister von Valladolid in Band 1561, Blatt 212, 1. Eintrag auf Seite VA-30787 eingetragen.<\/p>\n<p style=\"text-align: center;\"><span style=\"text-decoration: underline;\"><i>Krankenhaus Recoletas Salud Marbella:<\/i><\/span><\/p>\n<div class=\"et_pb_with_border et_pb_module et_pb_blurb et_pb_blurb_0_tb_footer et_clickable et_pb_text_align_left et_pb_blurb_position_left et_pb_bg_layout_dark et_had_animation\" style=\"text-align: left;\">\n<div class=\"et_pb_blurb_content\">\n<p style=\"text-align: center;\">C\/ Maestra Do\u00f1a Carola n\u00ba 8. 29602 Marbella (M\u00e1laga)<br \/>\nMontag bis Freitag: 24 Stunden<br \/>\nPatientenbetreuung: <span style=\"font-size: 13px;\">Tel.:<\/span><span style=\"font-size: 13px;\">\u00a0<\/span><a style=\"font-size: 13px;\" href=\"tel:+34952899350\" target=\"_blank\" rel=\"noopener\">+34 952 899 350 \/\u00a0<\/a><span style=\"font-size: 13px;\">Whatsapp:<\/span><span style=\"font-size: 13px;\">\u00a0<\/span><a style=\"font-size: 13px;\" href=\"https:\/\/api.whatsapp.com\/send\/?phone=34640696528&amp;text=Hola+%C2%BFC%C3%B3mo+podemos+ayudarte%3F&amp;type=phone_number&amp;app_absent=0\" target=\"_blank\" rel=\"noopener\">640 69 65 28<\/a><br \/>\n<a style=\"font-size: 13px;\" href=\"mailto:atencionalpaciente.marbella@gruporecoletas.com\">atencionpaciente.marbella@gruporecoletas.com<\/a><\/p>\n<\/div>\n<\/div>\n<h3 style=\"text-align: left;\">Umfang der Anwendung<\/h3>\n<p style=\"text-align: left;\">Das Ziel dieses Portals ist es, die \u00d6ffentlichkeit u\u0308ber die Marke RECOLETAS GROUP und die von ihr angebotenen Dienstleistungen zu informieren. Der Zugang zu dieser Website Web ist kostenlos, setzt jedoch die ausdru\u0308ckliche und uneingeschr\u00e4nkte Annahme der in diesem Dokument und in der Datenschutzrichtlinie enthaltenen Bedingungen voraus. Der Eigentu\u0308mer beh\u00e4lt sich das jedoch das Recht vor, den Zugang zu bestimmten Inhalten oder Dienstleistungen zu beschr\u00e4nken.<\/p>\n<h3 style=\"text-align: left;\">Geistiges Eigentum<\/h3>\n<p style=\"text-align: left;\">Diese Seite Web und ihr gesamter Inhalt, einschlie\u00dflich der Texte, Bilder, Grafiken und des Quellcodes, sind durch geistige und gewerbliche Eigentumsrechte geschu\u0308tzt. Das Kopieren, die Vervielf\u00e4ltigung, die Verbreitung, die \u00f6ffentliche Wiedergabe und die Umgestaltung sind daher verboten. Alle Rechte sind vorbehalten, und die darin enthaltenen Handelsnamen, Marken oder Unterscheidungszeichen sind gesetzlich geschu\u0308tzt.<\/p>\n<h3 style=\"text-align: left;\">Inhalt und Nutzungsbedingungen<\/h3>\n<p style=\"text-align: left;\"><strong>Die Inhalte, die in der Web sind nur fu\u0308r Verbraucher und Endnutzer bestimmt. Jegliche unbefugte Nutzung ist ohne die vorherige schriftliche Zustimmung des Eigentu\u0308mers untersagt.<\/strong><\/p>\n<p style=\"text-align: left;\">Der Eigentu\u0308mer beh\u00e4lt sich das Recht vor, den Zugang zur gesamten Website oder zu Teilen davon jederzeit und ohne Vorank\u00fcndigung sei es aus technischen, Sicherheits-, Kontroll-, Wartungs-, Stromausfall- oder sonstigen Gru\u0308nden zu beenden. Folglich wird keine Garantie fu\u0308r die Verfu\u0308gbarkeit oder Kontinuit\u00e4t der Website gegeben. Web noch des Inhalts.<\/p>\n<p style=\"text-align: left;\">Der Eigent\u00fcmer haftet nicht f\u00fcr Unterbrechungen, Versp\u00e4tungen, Fehler, St\u00f6rungen und allgemein f\u00fcr andere Unannehmlichkeiten, die auf Ursachen zur\u00fcckzuf\u00fchren sind, auf die er keinen Einfluss hat.<\/p>\n<p style=\"text-align: left;\">Der Eigent\u00fcmer haftet unter keinen Umst\u00e4nden f\u00fcr Sch\u00e4den jeglicher Art, die durch die mangelnde Verf\u00fcgbarkeit des Portals, die \u00dcbertragung von Viren oder b\u00f6sartigen oder sch\u00e4dlichen Programmen in den Inhalten, trotz aller technischen Ma\u00dfnahmen zu deren Verhinderung, oder durch deren unsachgem\u00e4\u00dfe Nutzung verursacht werden k\u00f6nnen, wobei die alleinige Verantwortung bei der Person liegt, die auf sie zugreift oder sie nutzt.<\/p>\n<h3 style=\"text-align: left;\">Allgemeine regeln f\u00fcr die Nutzung der Website<\/h3>\n<p style=\"text-align: left;\">Der Nutzer verpflichtet sich, die Website in \u00dcbereinstimmung mit den folgenden Regeln zu nutzen:<\/p>\n<ul style=\"text-align: left;\">\n<li>Er wird keine kommerziellen Mitteilungen \u00fcber die Website ver\u00f6ffentlichen.<\/li>\n<li>Es werden keine Inhalte oder Informationen von anderen Nutzern.<\/li>\n<li>Er l\u00e4dt weder Viren noch b\u00f6sartigen Code jeglicher Art.<\/li>\n<li>Er wird keine Anmeldeinformationen anfordern oder auf ein Konto zugreifen, das einem anderen Benutzer geh\u00f6rt.<\/li>\n<li>Er darf keinen Nutzer bel\u00e4stigen, einsch\u00fcchtern oder schikanieren.<\/li>\n<li>Er verpflichtet sich, keine ungesetzlichen, irref\u00fchrenden, b\u00f6swilligen oder diskriminierenden Handlungen auf der Website vorzunehmen, in \u00dcbereinstimmung mit diesen Bedingungen und dem spanischen Rechtssystem.<\/li>\n<li>Er wird nichts unternehmen, was die Sicherheit Ihres Kontos gef\u00e4hrden k\u00f6nnte, insbesondere in Bezug auf sein Passwort. Er meldet jeden Vorfall in Bezug auf sein Passwort, sein Konto, die Verletzung der Vertraulichkeit seiner Daten, die Gef\u00e4hrdung oder Bedrohung der Sicherheit seiner Daten.<\/li>\n<\/ul>\n<h3 style=\"text-align: left;\">Links<\/h3>\n<p style=\"text-align: left;\">Im Falle der Verwendung der\u00a0<em>Website<\/em>\u00a0Links zu anderen Internet-Seiten, \u00fcbt der Eigent\u00fcmer keine Kontrolle \u00fcber diese Seiten und Inhalte aus und \u00fcbernimmt keine Verantwortung f\u00fcr die darin enthaltenen Informationen. Das Vorhandensein von Links oder\u00a0<em>Links<\/em>\u00a0auf der Seite dient nur zu Informationszwecken und impliziert in keinem Fall einen Vorschlag, eine Aufforderung oder eine Empfehlung zu ihnen, noch impliziert es irgendeine Art von Verbindung, Fusion oder Beteiligung mit den verbundenen Unternehmen.<\/p>\n<h3 style=\"text-align: left;\">Austausch oder Weitergabe von Informationen<\/h3>\n<p style=\"text-align: left;\">Der Eigent\u00fcmer lehnt jede Verantwortung f\u00fcr die von den Nutzern \u00fcber seine Website ge\u00e4u\u00dferten Meinungen ab.\u00a0<em>Web<\/em>\u00a0oder den Austausch von Informationen zwischen den Nutzern, wobei die Verantwortung f\u00fcr die verbreiteten Aussagen bei denjenigen liegt, die sie machen.<\/p>\n<h3 style=\"text-align: left;\">Pflichten der Nutzer<\/h3>\n<p style=\"text-align: left;\">Der Kunde verpflichtet sich, alle in diesen rechtlichen Hinweisen enthaltenen Bestimmungen und Bedingungen zu akzeptieren, wobei er davon ausgeht, dass sie den bestm\u00f6glichen Service f\u00fcr die Art der vom Eigent\u00fcmer ausge\u00fcbten T\u00e4tigkeit darstellen.<\/p>\n<p style=\"text-align: left;\">Er verpflichtet sich ferner, seine pers\u00f6nlichen Zugangscodes zu unserer Website vertraulich und mit \u00e4u\u00dferster Sorgfalt zu behandeln.<\/p>\n<h3 style=\"text-align: left;\">Politik der Sicherheit, der Vertraulichkeit und des Datenschutzes<\/h3>\n<p style=\"text-align: left;\">Wenn im\u00a0<em>Web\u00a0<\/em>Wenn personenbezogene Daten erhoben werden, ist der f\u00fcr die Verarbeitung Verantwortliche f\u00fcr diese Daten verantwortlich und behandelt sie absolut vertraulich und sicher. Weitere Informationen finden Sie in unserem\u00a0<a href=\"https:\/\/recoletasmarbella.com\/es\/politica-de-privacidad\/\">Datenschutzbestimmungen<\/a>\u00a0und\u00a0<a href=\"https:\/\/recoletasmarbella.com\/politica-de-cookies\"><em>Cookies<\/em><\/a>\u00a0auf der speziellen Informationsseite zu diesem Thema.<\/p>\n<h3 style=\"text-align: left;\">Anwendbares Recht, Beilegung von Streitigkeiten und zust\u00e4ndiger Gerichtsstand<\/h3>\n<p style=\"text-align: left;\">Die Verwendung des Web unterliegt dem spanischen Recht. Alle Streitigkeiten, die sich aus oder im Zusammenhang mit der Nutzung der Webunterliegen der nicht ausschlie\u00dflichen Zust\u00e4ndigkeit der Gerichte der Gemeinde, in der sich der Sitz des Inhabers befindet, es sei denn, die geltenden Vorschriften oder der Verhaltenskodex legen einen anderen Gerichtsstand fest.<\/p>\n<\/div>\n<\/div>\n<p>[\/et_pb_text][\/et_pb_column][\/et_pb_row][\/et_pb_section]<\/p>","protected":false},"excerpt":{"rendered":"<p>GDPR Aviso legalInformaci\u00f3n General Requerida por el Art\u00edculo 10 de la Ley 34\/2002, de 11 de Julio, de Servicios de la Sociedad de la Informaci\u00f3n y de Comercio Electr\u00f3nico. &nbsp; Datos identificativos. https:\/\/recoletasmarbella.com\/ es propiedad de con CIF B67831222, con domicilio social en C\/ Maestra Do\u00f1a Carola n\u00ba 8. 29602 Marbella (M\u00e1laga) y direcci\u00f3n de [&hellip;]<\/p>","protected":false},"author":1,"featured_media":0,"parent":0,"menu_order":0,"comment_status":"closed","ping_status":"closed","template":"","meta":{"_et_pb_use_builder":"on","_et_pb_old_content":"<!-- wp:divi\/placeholder \/-->","_et_gb_content_width":"","footnotes":""},"class_list":["post-285475","page","type-page","status-publish","hentry"],"yoast_head":"<!-- This site is optimized with the Yoast SEO plugin v26.1.1 - https:\/\/yoast.com\/wordpress\/plugins\/seo\/ -->\n<title>Aviso legal - Hospital Marbella<\/title>\n<meta name=\"description\" content=\"Informaci\u00f3n legal sobre el uso de nuestra web, condiciones de acceso, derechos y responsabilidades. Consulta aqu\u00ed los t\u00e9rminos legales.\" \/>\n<meta name=\"robots\" content=\"noindex, follow\" \/>\n<meta property=\"og:locale\" content=\"de_DE\" \/>\n<meta property=\"og:type\" content=\"article\" \/>\n<meta property=\"og:title\" content=\"Aviso legal - Hospital Marbella\" \/>\n<meta property=\"og:description\" content=\"Informaci\u00f3n legal sobre el uso de nuestra web, condiciones de acceso, derechos y responsabilidades. Consulta aqu\u00ed los t\u00e9rminos legales.\" \/>\n<meta property=\"og:url\" content=\"https:\/\/recoletasmarbella.com\/de\/rechtshinweis\/\" \/>\n<meta property=\"og:site_name\" content=\"Hospital Marbella\" \/>\n<meta property=\"article:publisher\" content=\"https:\/\/www.facebook.com\/people\/Recoletas-Salud-Marbella\/61573653462220\/\" \/>\n<meta property=\"article:modified_time\" content=\"2025-10-15T15:42:28+00:00\" \/>\n<meta name=\"twitter:card\" content=\"summary_large_image\" \/>\n<meta name=\"twitter:label1\" content=\"Gesch\u00e4tzte Lesezeit\" \/>\n\t<meta name=\"twitter:data1\" content=\"5\u00a0Minuten\" \/>\n<script type=\"application\/ld+json\" class=\"yoast-schema-graph\">{\"@context\":\"https:\/\/schema.org\",\"@graph\":[{\"@type\":\"WebPage\",\"@id\":\"https:\/\/recoletasmarbella.com\/aviso-legal\/\",\"url\":\"https:\/\/recoletasmarbella.com\/aviso-legal\/\",\"name\":\"Aviso legal - Hospital Marbella\",\"isPartOf\":{\"@id\":\"https:\/\/recoletasmarbella.com\/es\/#website\"},\"datePublished\":\"2025-03-03T14:54:45+00:00\",\"dateModified\":\"2025-10-15T15:42:28+00:00\",\"description\":\"Informaci\u00f3n legal sobre el uso de nuestra web, condiciones de acceso, derechos y responsabilidades. Consulta aqu\u00ed los t\u00e9rminos legales.\",\"breadcrumb\":{\"@id\":\"https:\/\/recoletasmarbella.com\/aviso-legal\/#breadcrumb\"},\"inLanguage\":\"de\",\"potentialAction\":[{\"@type\":\"ReadAction\",\"target\":[\"https:\/\/recoletasmarbella.com\/aviso-legal\/\"]}]},{\"@type\":\"BreadcrumbList\",\"@id\":\"https:\/\/recoletasmarbella.com\/aviso-legal\/#breadcrumb\",\"itemListElement\":[{\"@type\":\"ListItem\",\"position\":1,\"name\":\"Portada\",\"item\":\"https:\/\/recoletasmarbella.com\/es\/\"},{\"@type\":\"ListItem\",\"position\":2,\"name\":\"Aviso legal\"}]},{\"@type\":\"WebSite\",\"@id\":\"https:\/\/recoletasmarbella.com\/es\/#website\",\"url\":\"https:\/\/recoletasmarbella.com\/es\/\",\"name\":\"Hospital Recoletas Salud Marbella\",\"description\":\"Recoletas Salud\",\"publisher\":{\"@id\":\"https:\/\/recoletasmarbella.com\/es\/#organization\"},\"potentialAction\":[{\"@type\":\"SearchAction\",\"target\":{\"@type\":\"EntryPoint\",\"urlTemplate\":\"https:\/\/recoletasmarbella.com\/es\/?s={search_term_string}\"},\"query-input\":{\"@type\":\"PropertyValueSpecification\",\"valueRequired\":true,\"valueName\":\"search_term_string\"}}],\"inLanguage\":\"de\"},{\"@type\":\"Organization\",\"@id\":\"https:\/\/recoletasmarbella.com\/es\/#organization\",\"name\":\"Grupo Recoletas\",\"url\":\"https:\/\/recoletasmarbella.com\/es\/\",\"logo\":{\"@type\":\"ImageObject\",\"inLanguage\":\"de\",\"@id\":\"https:\/\/recoletasmarbella.com\/es\/#\/schema\/logo\/image\/\",\"url\":\"http:\/\/recoletasmarbella.com\/wp-content\/uploads\/2025\/01\/logo-v-hospital-marbella-1.png\",\"contentUrl\":\"http:\/\/recoletasmarbella.com\/wp-content\/uploads\/2025\/01\/logo-v-hospital-marbella-1.png\",\"width\":216,\"height\":164,\"caption\":\"Grupo Recoletas\"},\"image\":{\"@id\":\"https:\/\/recoletasmarbella.com\/es\/#\/schema\/logo\/image\/\"},\"sameAs\":[\"https:\/\/www.facebook.com\/people\/Recoletas-Salud-Marbella\/61573653462220\/\",\"https:\/\/www.instagram.com\/recoletassaludmarbella\/\",\"https:\/\/www.linkedin.com\/company\/recoletas-salud-marbella\",\"https:\/\/www.youtube.com\/@recoletassalud\"]}]}<\/script>\n<!-- \/ Yoast SEO plugin. -->","yoast_head_json":{"title":"Rechtliche Hinweise - Hospital Marbella","description":"Rechtliche Informationen \u00fcber die Nutzung unserer Website, Zugangsbedingungen, Rechte und Pflichten. Konsultieren Sie die rechtlichen Bedingungen hier.","robots":{"index":"noindex","follow":"follow"},"og_locale":"de_DE","og_type":"article","og_title":"Aviso legal - Hospital Marbella","og_description":"Informaci\u00f3n legal sobre el uso de nuestra web, condiciones de acceso, derechos y responsabilidades. Consulta aqu\u00ed los t\u00e9rminos legales.","og_url":"https:\/\/recoletasmarbella.com\/de\/rechtshinweis\/","og_site_name":"Hospital Marbella","article_publisher":"https:\/\/www.facebook.com\/people\/Recoletas-Salud-Marbella\/61573653462220\/","article_modified_time":"2025-10-15T15:42:28+00:00","twitter_card":"summary_large_image","twitter_misc":{"Gesch\u00e4tzte Lesezeit":"5\u00a0Minuten"},"schema":{"@context":"https:\/\/schema.org","@graph":[{"@type":"WebPage","@id":"https:\/\/recoletasmarbella.com\/aviso-legal\/","url":"https:\/\/recoletasmarbella.com\/aviso-legal\/","name":"Rechtliche Hinweise - Hospital Marbella","isPartOf":{"@id":"https:\/\/recoletasmarbella.com\/es\/#website"},"datePublished":"2025-03-03T14:54:45+00:00","dateModified":"2025-10-15T15:42:28+00:00","description":"Rechtliche Informationen \u00fcber die Nutzung unserer Website, Zugangsbedingungen, Rechte und Pflichten. Konsultieren Sie die rechtlichen Bedingungen hier.","breadcrumb":{"@id":"https:\/\/recoletasmarbella.com\/aviso-legal\/#breadcrumb"},"inLanguage":"de","potentialAction":[{"@type":"ReadAction","target":["https:\/\/recoletasmarbella.com\/aviso-legal\/"]}]},{"@type":"BreadcrumbList","@id":"https:\/\/recoletasmarbella.com\/aviso-legal\/#breadcrumb","itemListElement":[{"@type":"ListItem","position":1,"name":"Portada","item":"https:\/\/recoletasmarbella.com\/es\/"},{"@type":"ListItem","position":2,"name":"Aviso legal"}]},{"@type":"WebSite","@id":"https:\/\/recoletasmarbella.com\/es\/#website","url":"https:\/\/recoletasmarbella.com\/es\/","name":"Hospital Recoletas Salud Marbella","description":"Recoletas Gesundheit","publisher":{"@id":"https:\/\/recoletasmarbella.com\/es\/#organization"},"potentialAction":[{"@type":"SearchAction","target":{"@type":"EntryPoint","urlTemplate":"https:\/\/recoletasmarbella.com\/es\/?s={search_term_string}"},"query-input":{"@type":"PropertyValueSpecification","valueRequired":true,"valueName":"search_term_string"}}],"inLanguage":"de"},{"@type":"Organization","@id":"https:\/\/recoletasmarbella.com\/es\/#organization","name":"Grupo Recoletas","url":"https:\/\/recoletasmarbella.com\/es\/","logo":{"@type":"ImageObject","inLanguage":"de","@id":"https:\/\/recoletasmarbella.com\/es\/#\/schema\/logo\/image\/","url":"http:\/\/recoletasmarbella.com\/wp-content\/uploads\/2025\/01\/logo-v-hospital-marbella-1.png","contentUrl":"http:\/\/recoletasmarbella.com\/wp-content\/uploads\/2025\/01\/logo-v-hospital-marbella-1.png","width":216,"height":164,"caption":"Grupo Recoletas"},"image":{"@id":"https:\/\/recoletasmarbella.com\/es\/#\/schema\/logo\/image\/"},"sameAs":["https:\/\/www.facebook.com\/people\/Recoletas-Salud-Marbella\/61573653462220\/","https:\/\/www.instagram.com\/recoletassaludmarbella\/","https:\/\/www.linkedin.com\/company\/recoletas-salud-marbella","https:\/\/www.youtube.com\/@recoletassalud"]}]}},"_links":{"self":[{"href":"https:\/\/recoletasmarbella.com\/de\/wp-json\/wp\/v2\/pages\/285475","targetHints":{"allow":["GET"]}}],"collection":[{"href":"https:\/\/recoletasmarbella.com\/de\/wp-json\/wp\/v2\/pages"}],"about":[{"href":"https:\/\/recoletasmarbella.com\/de\/wp-json\/wp\/v2\/types\/page"}],"author":[{"embeddable":true,"href":"https:\/\/recoletasmarbella.com\/de\/wp-json\/wp\/v2\/users\/1"}],"replies":[{"embeddable":true,"href":"https:\/\/recoletasmarbella.com\/de\/wp-json\/wp\/v2\/comments?post=285475"}],"version-history":[{"count":15,"href":"https:\/\/recoletasmarbella.com\/de\/wp-json\/wp\/v2\/pages\/285475\/revisions"}],"predecessor-version":[{"id":291807,"href":"https:\/\/recoletasmarbella.com\/de\/wp-json\/wp\/v2\/pages\/285475\/revisions\/291807"}],"wp:attachment":[{"href":"https:\/\/recoletasmarbella.com\/de\/wp-json\/wp\/v2\/media?parent=285475"}],"curies":[{"name":"wp","href":"https:\/\/api.w.org\/{rel}","templated":true}]}}