{"id":285477,"date":"2025-03-03T14:55:19","date_gmt":"2025-03-03T14:55:19","guid":{"rendered":"https:\/\/recoletasmarbella.com\/?page_id=285477"},"modified":"2025-06-30T17:06:03","modified_gmt":"2025-06-30T17:06:03","slug":"privacy-policy","status":"publish","type":"page","link":"https:\/\/recoletasmarbella.com\/de\/privacy-policy\/","title":{"rendered":"Datenschutzrichtlinie"},"content":{"rendered":"<p>[et_pb_section fb_built=\u00bb1&#8243; _builder_version=\u00bb4.27.4&#8243; _module_preset=\u00bbdefault\u00bb background_color=\u00bb#F2F2F2&#8243; custom_padding=\u00bb21px||24px|||\u00bb global_colors_info=\u00bb{}\u00bb][et_pb_row _builder_version=\u00bb4.27.4&#8243; _module_preset=\u00bbdefault\u00bb global_colors_info=\u00bb{}\u00bb][et_pb_column type=\u00bb4_4&#8243; _builder_version=\u00bb4.27.4&#8243; _module_preset=\u00bbdefault\u00bb global_colors_info=\u00bb{}\u00bb][et_pb_text _builder_version=\u00bb4.27.4&#8243; _module_preset=\u00bbb20293d3-7e7e-4718-8a41-9d40e20be87b\u00bb header_2_font=\u00bb&#8211;et_global_heading_font|800||on|||||\u00bb header_2_font_size=\u00bb31px\u00bb header_2_letter_spacing=\u00bb0px\u00bb header_2_line_height=\u00bb1em\u00bb header_4_text_color=\u00bb#C7A3DE\u00bb max_width=\u00bb379px\u00bb max_width_tablet=\u00bb379px\u00bb max_width_phone=\u00bb266px\u00bb max_width_last_edited=\u00bbon|phone\u00bb module_alignment=\u00bbcenter\u00bb custom_padding=\u00bb|30px||30px|false|true\u00bb border_width_right=\u00bb2px\u00bb border_color_right=\u00bb#C7A3DE\u00bb border_width_left=\u00bb2px\u00bb border_color_left=\u00bb#C7A3DE\u00bb locked=\u00bboff\u00bb global_colors_info=\u00bb{}\u00bb]<\/p>\n<h3 style=\"text-align: center;\">GDPR<\/h3>\n<h2 style=\"text-align: center;\">Datenschutzrichtlinie<\/h2>\n<p>[\/et_pb_text][\/et_pb_column][\/et_pb_row][\/et_pb_section][et_pb_section fb_built=\u00bb1&#8243; _builder_version=\u00bb4.27.4&#8243; _module_preset=\u00bbdefault\u00bb global_colors_info=\u00bb{}\u00bb][et_pb_row _builder_version=\u00bb4.27.4&#8243; _module_preset=\u00bbdefault\u00bb global_colors_info=\u00bb{}\u00bb][et_pb_column type=\u00bb4_4&#8243; _builder_version=\u00bb4.27.4&#8243; _module_preset=\u00bbdefault\u00bb global_colors_info=\u00bb{}\u00bb][et_pb_text _builder_version=\u00bb4.27.4&#8243; _module_preset=\u00bbdefault\u00bb global_colors_info=\u00bb{}\u00bb]<\/p>\n<p>Grupo Recoletas verpflichtet sich, die Privatsph\u00e4re der Nutzer zu respektieren und den Schutz und die Sicherheit ihrer pers\u00f6nlichen Daten zu gew\u00e4hrleisten. Aus diesem Grund werden die Nutzer \u00fcber die Art und Weise informiert, in der die auf www.gruporecoletas.com aufgef\u00fchrten Unternehmen der Grupo Recoletas (Abschnitt \"unsere Zentren\") die ihnen \u00fcber ihre Websites zur Verf\u00fcgung gestellten personenbezogenen Daten sammeln, verarbeiten und sch\u00fctzen.<\/p>\n<p>Der Nutzer sollte diese Datenschutzrichtlinie, die klar und einfach formuliert ist, um das Verst\u00e4ndnis zu erleichtern, sorgf\u00e4ltig lesen und frei und freiwillig entscheiden, ob er seine pers\u00f6nlichen Daten an die Unternehmen von Grupo Recoletas weitergeben m\u00f6chte.<\/p>\n<p>Ebenso garantiert der Nutzer, dass er vollj\u00e4hrig ist und dass die von ihm angegebenen Daten wahrheitsgetreu, genau, vollst\u00e4ndig und aktuell sind, wobei er f\u00fcr alle direkten oder indirekten Sch\u00e4den haftet, die sich aus der Nichteinhaltung dieser Verpflichtung ergeben k\u00f6nnen. F\u00fcr den Fall, dass die zur Verf\u00fcgung gestellten Daten einem Dritten geh\u00f6ren, garantiert der Nutzer, dass er diesen Dritten \u00fcber die in diesem Dokument enthaltenen Aspekte informiert hat und seine Erlaubnis eingeholt hat, seine Daten an die Unternehmen von Grupo Recoletas zu den oben genannten Zwecken weiterzugeben.<\/p>\n<h3>1 Anwendungsbereich und Zust\u00e4ndigkeit<\/h3>\n<p>Diese Datenschutzrichtlinie gilt f\u00fcr alle personenbezogenen Daten, die von den Unternehmen der Recoletas-Gruppe gesammelt werden, die unter<span>\u00a0<\/span><a href=\"http:\/\/www.gruporecoletas.com\/\">www.gruporecoletas,com<\/a><span>\u00a0<\/span>Abschnitt \"Unsere Zentren\", \u00fcber ihre Online-Plattformen.<\/p>\n<p>Diese Unternehmen haben gemeinsam den Zweck und die Modalit\u00e4ten der Verarbeitung der personenbezogenen Daten des Nutzers festgelegt und eine Vereinbarung unterzeichnet, in der die Funktionen und Verantwortlichkeiten geregelt sind, die sie unter Einhaltung der geltenden Datenschutzbestimmungen wahrnehmen.<\/p>\n<p>Bei Fragen zu dieser Datenschutzerkl\u00e4rung kann sich der Nutzer an den Datenschutzbeauftragten von Grupo Recoletas wenden, dessen Kontaktdaten wie folgt lauten:<\/p>\n<ul>\n<li>E-Mail:<span>\u00a0<\/span><a href=\"mailto:dpo@gruporecoletas.com\">dpo@gruporecoletas.com<\/a><\/li>\n<li>Postanschrift: Grupo Recoletas, C\/Constituci\u00f3n 8 1\u00ba 47001 - Valladolid, zu H\u00e4nden des Datenschutzbeauftragten.<\/li>\n<\/ul>\n<h3>2. zwecke der verarbeitung und rechtsgrundlage<\/h3>\n<p>Die Unternehmen von Recoletas-Gruppe verarbeiten die Daten des Nutzers automatisch f\u00fcr die folgenden spezifischen Zwecke:<\/p>\n<ul>\n<li>Beantwortung von per E-Mail an<span>\u00a0<\/span><a href=\"mailto:info@gruporecoletas.com\">info@gruporecoletas.com<\/a><\/li>\n<li>Verwaltung der Termine \u00fcber die daf\u00fcr vorgesehenen Formulare.<\/li>\n<li>Zusendung von Mitteilungen \u00fcber unsere Dienstleistungen, die Sie \u00fcber die daf\u00fcr vorgesehenen Formulare angefordert haben, oder \u00fcber unseren Newsletter.<\/li>\n<\/ul>\n<p>Eine solche Verarbeitung erfolgt immer mit der vorherigen Zustimmung des Nutzers durch die Annahme dieser Datenschutzrichtlinie.<\/p>\n<h3>3. \u00dcbermittlung von Daten<\/h3>\n<p>Der Nutzer wird dar\u00fcber informiert, dass seine pers\u00f6nlichen Daten an die Unternehmen von  Recoletas-Gruppe weitergeleitet werden k\u00f6nnen, die unter<span>\u00a0<\/span><a href=\"http:\/\/www.gruporecoletas.com\/\">www.gruporecoletas.com<\/a><span>\u00a0<\/span>(im Abschnitt \u00fcber unsere Zentren), an die die personenbezogenen Daten weitergegeben werden k\u00f6nnen), die sich verpflichten, diese personenbezogenen Daten ausschlie\u00dflich zu den oben genannten Zwecken zu verarbeiten.<\/p>\n<h3>4. Prozessoren<\/h3>\n<p>Die Verarbeitung der Nutzerdaten kann von einem geeigneten Dienstleister durchgef\u00fchrt werden, der von den Unternehmen von Recoletas-Gruppe beauftragt wurde. Dieser Dienstleister wird die Daten nur zu den oben genannten Zwecken und nach Ihren genauen Anweisungen unter strikter Einhaltung der gesetzlichen Bestimmungen zum Schutz personenbezogener Daten, zur Informationssicherheit und anderer anwendbarer Vorschriften verarbeiten. Unter keinen Umst\u00e4nden werden unsere Datenverarbeiter oder Dienstleister Ihre Daten f\u00fcr andere Zwecke verarbeiten oder an Dritte weitergeben.<\/p>\n<h3>5. Internationale Daten\u00fcbermittlung<\/h3>\n<p>Die Einrichtungen von Grupo Recoletas verarbeiten die Daten der Nutzer ausschlie\u00dflich auf dem Gebiet der Europ\u00e4ischen Union, so dass kein internationaler Datentransfer vorgesehen ist.<\/p>\n<h3>6. Aufbewahrungszeitraum<\/h3>\n<p>Die Unternehmen von Recoletas-Gruppe bewahren die personenbezogenen Daten der Nutzer nur so lange auf, wie es f\u00fcr die Erf\u00fcllung der Zwecke, f\u00fcr die sie erhoben wurden, erforderlich ist, sowie f\u00fcr die gesetzlich festgelegten Aufbewahrungsfristen, wie nachfolgend beschrieben:<\/p>\n<ul>\n<li>Beantwortung von per E-Mail an<span>\u00a0<\/span><a href=\"mailto:info@gruporecoletas.com\">info@gruporecoletas.com<\/a>gestellten Fragen : 5 Jahre nach Ihrer Antwort<\/li>\n<li>Verwaltung der Ernennung \u00fcber die daf\u00fcr vorgesehenen Formulare: 5 Jahre nach Antragstellung.<\/li>\n<li>Zusendung von Mitteilungen \u00fcber unsere Dienstleistungen, die Sie mit den daf\u00fcr vorgesehenen Formularen angefordert haben, oder \u00fcber unseren Newsletter: 5 Jahre nach Ihrer Anfrage.<\/li>\n<\/ul>\n<h3>7. Rechte der Nutzer<\/h3>\n<p>Die Nutzer k\u00f6nnen jederzeit und kostenlos ihre Rechte auf Zugang, Berichtigung oder L\u00f6schung, Widerspruch, Einschr\u00e4nkung und \u00dcbertragbarkeit ihrer Daten \u00fcber die in Abschnitt 1 dieser Richtlinie festgelegten Mittel aus\u00fcben.<\/p>\n<p>In jedem Fall werden die Nutzer darauf hingewiesen, dass sie, wenn sie der Meinung sind, dass die Unternehmen von Grupo Recoletas die in den geltenden Datenschutzbestimmungen anerkannten Rechte verletzt haben oder verletzen k\u00f6nnten, eine Beschwerde bei der Aufsichtsbeh\u00f6rde, der spanischen Datenschutzbeh\u00f6rde, \u00fcber deren Website www,agpd.es einreichen k\u00f6nnen.<\/p>\n<h3>8. Widerruf der Zustimmung<\/h3>\n<p>Die Einwilligung des Nutzers in die Verarbeitung oder \u00dcbermittlung seiner Daten ist stets widerruflich und nicht r\u00fcckwirkend. Um diese Zustimmung zu widerrufen, k\u00f6nnen die Nutzer den Datenschutzbeauftragten \u00fcber die in Abschnitt 1 dieser Erkl\u00e4rung festgelegten Kan\u00e4le kontaktieren.<\/p>\n<h3>9. Erforderlichkeit der angeforderten Daten<\/h3>\n<p>Die Daten, die von den Unternehmen von Grupo Recoletas in den verschiedenen Formen auf ihren Webseiten gesammelt werden, sind notwendig, um die angegebenen Zwecke zu erf\u00fcllen.<\/p>\n<p>Wenn der Nutzer sie nicht angibt, k\u00f6nnen die Unternehmen von Recoletas-Gruppe die Anfrage nicht bearbeiten.<\/p>\n<h3>10. Automatisierte Entscheidungen<\/h3>\n<p>Die Unternehmen von Grupo Recoletas k\u00f6nnen Nutzerprofile erstellen, die es erm\u00f6glichen, auf der Grundlage der von den Nutzern in den verschiedenen Formularen gemachten Angaben automatisierte Entscheidungen zu treffen, um Ihnen die von Ihnen angeforderten kommerziellen Mitteilungen zuzusenden, die Ihren Eigenschaften entsprechen. In diesen F\u00e4llen hat der Nutzer das Recht, einen menschlichen Eingriff in die Entscheidung zu erhalten, seinen Standpunkt zu \u00e4u\u00dfern und die von den Unternehmen von Recoletas-Gruppe getroffene Entscheidung anzufechten.<\/p>\n<h3>11. Ma\u00dfnahmen zum Schutz der personenbezogenen Daten<\/h3>\n<p>Die Unternehmen von Recoletas-Gruppe setzen geeignete technische und organisatorische Ma\u00dfnahmen ein, um ein Sicherheitsniveau zu gew\u00e4hrleisten, das dem mit der Datenverarbeitung verbundenen Risiko angemessen ist, insbesondere im Hinblick auf die zuf\u00e4llige oder unrechtm\u00e4\u00dfige Zerst\u00f6rung, den Verlust oder die Ver\u00e4nderung der \u00fcbermittelten, gespeicherten oder verarbeiteten personenbezogenen Daten oder die unbefugte Weitergabe oder den unbefugten Zugang zu diesen Daten.<\/p>\n<h3>12. Datenschutz bei den verschiedenen Kontaktm\u00f6glichkeiten<\/h3>\n<p>In \u00dcbereinstimmung mit den geltenden Rechtsvorschriften zum Schutz personenbezogener Daten wird der Betroffene dar\u00fcber informiert, dass die von ihm oder seinem Vormund \u00fcbermittelten Daten auf eine der folgenden Arten \u00fcbermittelt werden:<\/p>\n<ul>\n<li>Rufen Sie eines unserer Krankenh\u00e4user oder Zentren an, um einen Termin zu vereinbaren<\/li>\n<li>Senden Sie Ihren Lebenslauf \u00fcber die Rubrik \"Arbeiten Sie mit uns\".<\/li>\n<li>Versenden von E-Mails \u00fcber die Rubrik \"Kontakt\"<\/li>\n<\/ul>\n<p>Sie werden von RECOLETAS GRUPPE als Verantwortlicher f\u00fcr die Datenverarbeitung verarbeitet und die vorliegende Datenschutzerkl\u00e4rung wird auf sie angewandt, was den Zweck, die \u00dcbermittlung der Daten, die Aus\u00fcbung der Rechte usw. betrifft.<\/p>\n<p>[\/et_pb_text][\/et_pb_column][\/et_pb_row][\/et_pb_section]<\/p>","protected":false},"excerpt":{"rendered":"<p>GDPR Pol\u00edtica de privacidadEs compromiso de Grupo Recoletas el respeto de la privacidad de los usuarios y la protecci\u00f3n y seguridad de sus datos personales. Por ello, se informa al usuario sobre la forma en que las entidades de Grupo Recoletas que figuran en www.gruporecoletas.com (apartado \u201cnuestros centros\u201d) recaban, tratan y protegen los datos de [&hellip;]<\/p>","protected":false},"author":1,"featured_media":0,"parent":0,"menu_order":0,"comment_status":"closed","ping_status":"closed","template":"","meta":{"_et_pb_use_builder":"on","_et_pb_old_content":"","_et_gb_content_width":"","footnotes":""},"class_list":["post-285477","page","type-page","status-publish","hentry"],"yoast_head":"<!-- This site is optimized with the Yoast SEO plugin v26.1.1 - https:\/\/yoast.com\/wordpress\/plugins\/seo\/ -->\n<title>Pol\u00edtica de privacidad - Hospital Marbella<\/title>\n<meta name=\"description\" content=\"Protegemos tus datos personales con total transparencia. Usamos y resguardamos tu informaci\u00f3n de acuerdo con la normativa vigente\" \/>\n<meta name=\"robots\" content=\"noindex, follow\" \/>\n<meta property=\"og:locale\" content=\"de_DE\" \/>\n<meta property=\"og:type\" content=\"article\" \/>\n<meta property=\"og:title\" content=\"Pol\u00edtica de privacidad - Hospital Marbella\" \/>\n<meta property=\"og:description\" content=\"Protegemos tus datos personales con total transparencia. Usamos y resguardamos tu informaci\u00f3n de acuerdo con la normativa vigente\" \/>\n<meta property=\"og:url\" content=\"https:\/\/recoletasmarbella.com\/de\/privacy-policy\/\" \/>\n<meta property=\"og:site_name\" content=\"Hospital Marbella\" \/>\n<meta property=\"article:publisher\" content=\"https:\/\/www.facebook.com\/people\/Recoletas-Salud-Marbella\/61573653462220\/\" \/>\n<meta property=\"article:modified_time\" content=\"2025-06-30T17:06:03+00:00\" \/>\n<meta name=\"twitter:card\" content=\"summary_large_image\" \/>\n<meta name=\"twitter:label1\" content=\"Gesch\u00e4tzte Lesezeit\" \/>\n\t<meta name=\"twitter:data1\" content=\"6\u00a0Minuten\" \/>\n<script type=\"application\/ld+json\" class=\"yoast-schema-graph\">{\"@context\":\"https:\/\/schema.org\",\"@graph\":[{\"@type\":\"WebPage\",\"@id\":\"https:\/\/recoletasmarbella.com\/es\/politica-de-privacidad\/\",\"url\":\"https:\/\/recoletasmarbella.com\/es\/politica-de-privacidad\/\",\"name\":\"Pol\u00edtica de privacidad - Hospital Marbella\",\"isPartOf\":{\"@id\":\"https:\/\/recoletasmarbella.com\/es\/#website\"},\"datePublished\":\"2025-03-03T14:55:19+00:00\",\"dateModified\":\"2025-06-30T17:06:03+00:00\",\"description\":\"Protegemos tus datos personales con total transparencia. Usamos y resguardamos tu informaci\u00f3n de acuerdo con la normativa vigente\",\"breadcrumb\":{\"@id\":\"https:\/\/recoletasmarbella.com\/es\/politica-de-privacidad\/#breadcrumb\"},\"inLanguage\":\"de\",\"potentialAction\":[{\"@type\":\"ReadAction\",\"target\":[\"https:\/\/recoletasmarbella.com\/es\/politica-de-privacidad\/\"]}]},{\"@type\":\"BreadcrumbList\",\"@id\":\"https:\/\/recoletasmarbella.com\/es\/politica-de-privacidad\/#breadcrumb\",\"itemListElement\":[{\"@type\":\"ListItem\",\"position\":1,\"name\":\"Portada\",\"item\":\"https:\/\/recoletasmarbella.com\/es\/\"},{\"@type\":\"ListItem\",\"position\":2,\"name\":\"Pol\u00edtica de privacidad\"}]},{\"@type\":\"WebSite\",\"@id\":\"https:\/\/recoletasmarbella.com\/es\/#website\",\"url\":\"https:\/\/recoletasmarbella.com\/es\/\",\"name\":\"Hospital Recoletas Salud Marbella\",\"description\":\"Recoletas Salud\",\"publisher\":{\"@id\":\"https:\/\/recoletasmarbella.com\/es\/#organization\"},\"potentialAction\":[{\"@type\":\"SearchAction\",\"target\":{\"@type\":\"EntryPoint\",\"urlTemplate\":\"https:\/\/recoletasmarbella.com\/es\/?s={search_term_string}\"},\"query-input\":{\"@type\":\"PropertyValueSpecification\",\"valueRequired\":true,\"valueName\":\"search_term_string\"}}],\"inLanguage\":\"de\"},{\"@type\":\"Organization\",\"@id\":\"https:\/\/recoletasmarbella.com\/es\/#organization\",\"name\":\"Grupo Recoletas\",\"url\":\"https:\/\/recoletasmarbella.com\/es\/\",\"logo\":{\"@type\":\"ImageObject\",\"inLanguage\":\"de\",\"@id\":\"https:\/\/recoletasmarbella.com\/es\/#\/schema\/logo\/image\/\",\"url\":\"http:\/\/recoletasmarbella.com\/wp-content\/uploads\/2025\/01\/logo-v-hospital-marbella-1.png\",\"contentUrl\":\"http:\/\/recoletasmarbella.com\/wp-content\/uploads\/2025\/01\/logo-v-hospital-marbella-1.png\",\"width\":216,\"height\":164,\"caption\":\"Grupo Recoletas\"},\"image\":{\"@id\":\"https:\/\/recoletasmarbella.com\/es\/#\/schema\/logo\/image\/\"},\"sameAs\":[\"https:\/\/www.facebook.com\/people\/Recoletas-Salud-Marbella\/61573653462220\/\",\"https:\/\/www.instagram.com\/recoletassaludmarbella\/\",\"https:\/\/www.linkedin.com\/company\/recoletas-salud-marbella\",\"https:\/\/www.youtube.com\/@recoletassalud\"]}]}<\/script>\n<!-- \/ Yoast SEO plugin. -->","yoast_head_json":{"title":"Datenschutzerkl\u00e4rung - Hospital Marbella","description":"Wir sch\u00fctzen Ihre pers\u00f6nlichen Daten mit voller Transparenz. Wir verwenden und sch\u00fctzen Ihre Daten in \u00dcbereinstimmung mit den geltenden Vorschriften.","robots":{"index":"noindex","follow":"follow"},"og_locale":"de_DE","og_type":"article","og_title":"Pol\u00edtica de privacidad - Hospital Marbella","og_description":"Protegemos tus datos personales con total transparencia. Usamos y resguardamos tu informaci\u00f3n de acuerdo con la normativa vigente","og_url":"https:\/\/recoletasmarbella.com\/de\/privacy-policy\/","og_site_name":"Hospital Marbella","article_publisher":"https:\/\/www.facebook.com\/people\/Recoletas-Salud-Marbella\/61573653462220\/","article_modified_time":"2025-06-30T17:06:03+00:00","twitter_card":"summary_large_image","twitter_misc":{"Gesch\u00e4tzte Lesezeit":"6\u00a0Minuten"},"schema":{"@context":"https:\/\/schema.org","@graph":[{"@type":"WebPage","@id":"https:\/\/recoletasmarbella.com\/es\/politica-de-privacidad\/","url":"https:\/\/recoletasmarbella.com\/es\/politica-de-privacidad\/","name":"Datenschutzerkl\u00e4rung - Hospital Marbella","isPartOf":{"@id":"https:\/\/recoletasmarbella.com\/es\/#website"},"datePublished":"2025-03-03T14:55:19+00:00","dateModified":"2025-06-30T17:06:03+00:00","description":"Wir sch\u00fctzen Ihre pers\u00f6nlichen Daten mit voller Transparenz. Wir verwenden und sch\u00fctzen Ihre Daten in \u00dcbereinstimmung mit den geltenden Vorschriften.","breadcrumb":{"@id":"https:\/\/recoletasmarbella.com\/es\/politica-de-privacidad\/#breadcrumb"},"inLanguage":"de","potentialAction":[{"@type":"ReadAction","target":["https:\/\/recoletasmarbella.com\/es\/politica-de-privacidad\/"]}]},{"@type":"BreadcrumbList","@id":"https:\/\/recoletasmarbella.com\/es\/politica-de-privacidad\/#breadcrumb","itemListElement":[{"@type":"ListItem","position":1,"name":"Portada","item":"https:\/\/recoletasmarbella.com\/es\/"},{"@type":"ListItem","position":2,"name":"Pol\u00edtica de privacidad"}]},{"@type":"WebSite","@id":"https:\/\/recoletasmarbella.com\/es\/#website","url":"https:\/\/recoletasmarbella.com\/es\/","name":"Hospital Recoletas Salud Marbella","description":"Recoletas Gesundheit","publisher":{"@id":"https:\/\/recoletasmarbella.com\/es\/#organization"},"potentialAction":[{"@type":"SearchAction","target":{"@type":"EntryPoint","urlTemplate":"https:\/\/recoletasmarbella.com\/es\/?s={search_term_string}"},"query-input":{"@type":"PropertyValueSpecification","valueRequired":true,"valueName":"search_term_string"}}],"inLanguage":"de"},{"@type":"Organization","@id":"https:\/\/recoletasmarbella.com\/es\/#organization","name":"Grupo Recoletas","url":"https:\/\/recoletasmarbella.com\/es\/","logo":{"@type":"ImageObject","inLanguage":"de","@id":"https:\/\/recoletasmarbella.com\/es\/#\/schema\/logo\/image\/","url":"http:\/\/recoletasmarbella.com\/wp-content\/uploads\/2025\/01\/logo-v-hospital-marbella-1.png","contentUrl":"http:\/\/recoletasmarbella.com\/wp-content\/uploads\/2025\/01\/logo-v-hospital-marbella-1.png","width":216,"height":164,"caption":"Grupo Recoletas"},"image":{"@id":"https:\/\/recoletasmarbella.com\/es\/#\/schema\/logo\/image\/"},"sameAs":["https:\/\/www.facebook.com\/people\/Recoletas-Salud-Marbella\/61573653462220\/","https:\/\/www.instagram.com\/recoletassaludmarbella\/","https:\/\/www.linkedin.com\/company\/recoletas-salud-marbella","https:\/\/www.youtube.com\/@recoletassalud"]}]}},"_links":{"self":[{"href":"https:\/\/recoletasmarbella.com\/de\/wp-json\/wp\/v2\/pages\/285477","targetHints":{"allow":["GET"]}}],"collection":[{"href":"https:\/\/recoletasmarbella.com\/de\/wp-json\/wp\/v2\/pages"}],"about":[{"href":"https:\/\/recoletasmarbella.com\/de\/wp-json\/wp\/v2\/types\/page"}],"author":[{"embeddable":true,"href":"https:\/\/recoletasmarbella.com\/de\/wp-json\/wp\/v2\/users\/1"}],"replies":[{"embeddable":true,"href":"https:\/\/recoletasmarbella.com\/de\/wp-json\/wp\/v2\/comments?post=285477"}],"version-history":[{"count":13,"href":"https:\/\/recoletasmarbella.com\/de\/wp-json\/wp\/v2\/pages\/285477\/revisions"}],"predecessor-version":[{"id":291808,"href":"https:\/\/recoletasmarbella.com\/de\/wp-json\/wp\/v2\/pages\/285477\/revisions\/291808"}],"wp:attachment":[{"href":"https:\/\/recoletasmarbella.com\/de\/wp-json\/wp\/v2\/media?parent=285477"}],"curies":[{"name":"wp","href":"https:\/\/api.w.org\/{rel}","templated":true}]}}