{"id":286244,"date":"2025-03-06T00:15:16","date_gmt":"2025-03-06T00:15:16","guid":{"rendered":"https:\/\/recoletasmarbella.com\/?page_id=286244"},"modified":"2026-02-16T16:56:55","modified_gmt":"2026-02-16T16:56:55","slug":"neuro-vertebrales-institut-2","status":"publish","type":"page","link":"https:\/\/recoletasmarbella.com\/de\/neuro-vertebrales-institut-2\/","title":{"rendered":"Neurovertebrales Institut"},"content":{"rendered":"<p>[et_pb_section fb_built=\u00bb1&#8243; disabled_on=\u00bboff|off|off\u00bb admin_label=\u00bbtop\u00bb _builder_version=\u00bb4.27.4&#8243; _module_preset=\u00bbc75156c4-775b-4cd8-8dc3-5148a08f45a2&#8243; background_image=\u00bbhttps:\/\/recoletasmarbella.com\/wp-content\/uploads\/2025\/04\/neurocirugia-top.png\u00bb background_position=\u00bbbottom_right\u00bb custom_margin=\u00bb||0px||false|false\u00bb custom_margin_tablet=\u00bb\u00bb custom_margin_phone=\u00bb\u00bb custom_margin_last_edited=\u00bbon|tablet\u00bb custom_padding=\u00bb178px||411px||false|false\u00bb filter_saturate=\u00bb105%\u00bb animation_style=\u00bbnone\u00bb background_last_edited=\u00bbon|tablet\u00bb use_background_color_gradient_phone=\u00bbon\u00bb background_color_gradient_stops_phone=\u00bbrgba(255,255,255,0.71) 10%|rgba(255,255,255,0) 43%\u00bb background_image_tablet=\u00bbhttps:\/\/recoletasmarbella.com\/wp-content\/uploads\/2025\/04\/neurocirugia-top.png\u00bb background_image_phone=\u00bbhttps:\/\/recoletasmarbella.com\/wp-content\/uploads\/2025\/03\/neurocirugia-top-mobile.jpg\u00bb background_enable_image_tablet=\u00bbon\u00bb background_enable_image_phone=\u00bbon\u00bb background_position_tablet=\u00bbbottom_right\u00bb background_horizontal_offset_tablet=\u00bb34%\u00bb background_vertical_offset_tablet=\u00bb-5%\u00bb background_blend_phone=\u00bblighten\u00bb locked=\u00bboff\u00bb collapsed=\u00bboff\u00bb global_colors_info=\u00bb{}\u00bb][et_pb_row _builder_version=\u00bb4.27.4&#8243; _module_preset=\u00bbdefault\u00bb background_enable_color=\u00bboff\u00bb custom_margin=\u00bb40px|auto|0px|auto|false|false\u00bb custom_padding=\u00bb0px|0px|0px|0px|false|false\u00bb border_width_left_tablet=\u00bb\u00bb border_width_left_phone=\u00bb\u00bb border_width_left_last_edited=\u00bbon|desktop\u00bb global_colors_info=\u00bb{}\u00bb][et_pb_column type=\u00bb4_4&#8243; _builder_version=\u00bb4.27.4&#8243; _module_preset=\u00bbdefault\u00bb custom_padding=\u00bb0px||0px||true|false\u00bb border_width_left=\u00bb2px\u00bb border_color_left=\u00bb#FFFFFF\u00bb border_width_all_tablet=\u00bb\u00bb border_width_all_phone=\u00bb\u00bb border_width_all_last_edited=\u00bbon|desktop\u00bb border_color_all_tablet=\u00bb\u00bb border_color_all_phone=\u00bb\u00bb border_color_all_last_edited=\u00bbon|desktop\u00bb border_width_left_tablet=\u00bb\u00bb border_width_left_phone=\u00bb\u00bb border_width_left_last_edited=\u00bbon|phone\u00bb border_color_left_tablet=\u00bb#617179&#8243; border_color_left_phone=\u00bb#617179&#8243; border_color_left_last_edited=\u00bbon|desktop\u00bb global_colors_info=\u00bb{}\u00bb][et_pb_text _builder_version=\u00bb4.27.4&#8243; _module_preset=\u00bbbe55db4f-f3de-4482-8776-310d0463644d\u00bb header_font=\u00bb&#8211;et_global_heading_font|||on|||||\u00bb header_font_size=\u00bb40px\u00bb header_line_height=\u00bb0.8em\u00bb header_2_text_color=\u00bb#5A636A\u00bb header_2_font_size=\u00bb46px\u00bb header_3_text_color=\u00bb#FFFFFF\u00bb header_4_text_color=\u00bb#dcccdd\u00bb header_4_font_size=\u00bb21px\u00bb header_5_text_color=\u00bb#cc70bc\u00bb max_width_tablet=\u00bb379px\u00bb max_width_phone=\u00bb266px\u00bb max_width_last_edited=\u00bboff|desktop\u00bb custom_margin_tablet=\u00bb|||30px|false|false\u00bb custom_margin_phone=\u00bb|||30px|false|false\u00bb custom_margin_last_edited=\u00bbon|desktop\u00bb custom_padding=\u00bb|30px||30px|false|true\u00bb header_text_color_tablet=\u00bb#617179&#8243; header_text_color_phone=\u00bb#5A636A\u00bb header_text_color_last_edited=\u00bbon|phone\u00bb header_font_size_tablet=\u00bb31px\u00bb header_font_size_phone=\u00bb29px\u00bb header_font_size_last_edited=\u00bbon|phone\u00bb header_2_text_color_tablet=\u00bb\u00bb header_2_text_color_phone=\u00bb#5A636A\u00bb header_2_text_color_last_edited=\u00bbon|phone\u00bb header_2_font_size_tablet=\u00bb\u00bb header_2_font_size_phone=\u00bb\u00bb header_2_font_size_last_edited=\u00bbon|desktop\u00bb header_3_text_color_tablet=\u00bb#617179&#8243; header_3_text_color_phone=\u00bb#617179&#8243; header_3_text_color_last_edited=\u00bbon|phone\u00bb header_3_font_size_tablet=\u00bb13px\u00bb header_3_font_size_phone=\u00bb\u00bb header_3_font_size_last_edited=\u00bbon|tablet\u00bb border_color_left=\u00bbRGBA(255,255,255,0)\u00bb border_width_left_tablet=\u00bb\u00bb border_width_left_phone=\u00bb\u00bb border_width_left_last_edited=\u00bbon|desktop\u00bb locked=\u00bboff\u00bb global_colors_info=\u00bb{}\u00bb]<\/p>\n<h3>Spezialit\u00e4ten<\/h3>\n<h1>NEURO-VERTEBRALES INSTITUT<\/h1>\n<p>[\/et_pb_text][et_pb_text disabled_on=\u00bbon|on|on\u00bb admin_label=\u00bbProximamente\u00bb _builder_version=\u00bb4.27.4&#8243; _module_preset=\u00bb751976f8-563d-4217-b6cb-cf288189ea42&#8243; text_font_size_phone=\u00bb12px\u00bb header_5_font_size_tablet=\u00bb\u00bb header_5_font_size_phone=\u00bb12px\u00bb header_5_font_size_last_edited=\u00bbon|phone\u00bb border_color_left_tablet=\u00bb\u00bb border_color_left_phone=\u00bb\u00bb border_color_left_last_edited=\u00bbon|desktop\u00bb disabled=\u00bbon\u00bb global_colors_info=\u00bb{}\u00bb]<\/p>\n<h5>DEMN\u00c4CHST<\/h5>\n<p>[\/et_pb_text][\/et_pb_column][\/et_pb_row][\/et_pb_section][et_pb_section fb_built=\u00bb1&#8243; custom_padding_last_edited=\u00bbon|tablet\u00bb disabled_on=\u00bboff|off|on\u00bb admin_label=\u00bbTitular banner (Mobile \/ Tablet)\u00bb _builder_version=\u00bb4.27.4&#8243; _module_preset=\u00bbdefault\u00bb background_color=\u00bbRGBA(255,255,255,0)\u00bb custom_margin=\u00bb16px||16px||false|false\u00bb custom_margin_tablet=\u00bb0px||-3px||false|false\u00bb custom_margin_phone=\u00bb0px||-3px||false|false\u00bb custom_margin_last_edited=\u00bbon|tablet\u00bb custom_padding=\u00bb0px|6px|67px||false|false\u00bb custom_padding_tablet=\u00bb0px||0px||false|false\u00bb custom_padding_phone=\u00bb0px||0px||false|false\u00bb bottom_divider_color=\u00bb#F2F2F2&#8243; bottom_divider_flip=\u00bbhorizontal|vertical\u00bb disabled=\u00bbon\u00bb locked=\u00bboff\u00bb collapsed=\u00bboff\u00bb global_colors_info=\u00bb{}\u00bb][et_pb_row custom_padding_last_edited=\u00bbon|tablet\u00bb _builder_version=\u00bb4.27.4&#8243; _module_preset=\u00bbdefault\u00bb background_color=\u00bbRGBA(255,255,255,0)\u00bb custom_margin=\u00bb25px|auto||auto||\u00bb custom_margin_tablet=\u00bb0px||0px||false|false\u00bb custom_margin_phone=\u00bb0px||0px||false|false\u00bb custom_margin_last_edited=\u00bbon|tablet\u00bb custom_padding=\u00bb2px||5px|||\u00bb custom_padding_tablet=\u00bb||0px||false|false\u00bb custom_padding_phone=\u00bb||0px||false|false\u00bb border_color_right=\u00bb#C7A3DE\u00bb global_colors_info=\u00bb{}\u00bb][et_pb_column type=\u00bb4_4&#8243; _builder_version=\u00bb4.27.4&#8243; _module_preset=\u00bbdefault\u00bb global_colors_info=\u00bb{}\u00bb][et_pb_text _builder_version=\u00bb4.27.4&#8243; _module_preset=\u00bbb20293d3-7e7e-4718-8a41-9d40e20be87b\u00bb header_font=\u00bb|||on|||||\u00bb header_text_align=\u00bbright\u00bb header_text_color=\u00bb#5A636A\u00bb header_line_height=\u00bb0.3em\u00bb header_2_text_align=\u00bbright\u00bb header_2_font_size=\u00bb29px\u00bb header_3_text_align=\u00bbright\u00bb header_4_text_align=\u00bbright\u00bb max_width_tablet=\u00bb379px\u00bb max_width_phone=\u00bb266px\u00bb max_width_last_edited=\u00bboff|desktop\u00bb module_alignment=\u00bbright\u00bb custom_margin=\u00bb||0px|-2px|false|false\u00bb custom_margin_tablet=\u00bb||24px|-2px|false|false\u00bb custom_margin_phone=\u00bb||24px|-2px|false|false\u00bb custom_margin_last_edited=\u00bbon|tablet\u00bb custom_padding=\u00bb62px|0px|0px|0px|false|false\u00bb custom_padding_tablet=\u00bb|0px|19px|0px|false|true\u00bb animation_direction=\u00bbright\u00bb scroll_vertical_motion_enable=\u00bboff\u00bb scroll_vertical_motion=\u00bb0|47|47|96|0|0|-0.5&#8243; border_color_right=\u00bb#DCCCDD\u00bb locked=\u00bboff\u00bb global_colors_info=\u00bb{}\u00bb]<\/p>\n<h3 style=\"text-align: left;\">Behandlungen f\u00fcr Ihre Wirbels\u00e4ule und Ihr Nervensystem<\/h3>\n<h2 style=\"text-align: left;\">WIRBELS\u00c4ULENCHIRURGIE UND FORTGESCHRITTENE NEUROCHIRURGIE AN DER COSTA DEL SOL<\/h2>\n<p>[\/et_pb_text][et_pb_image src=\u00bbhttps:\/\/recoletasmarbella.com\/wp-content\/uploads\/2025\/08\/insituto-neuro-vertebral-quirofano2-especialidades-recoletas-marbella.jpg.jpg\u00bb alt=\u00bbaparotolog\u00eda del quir\u00f3fano en el insituto neuro vertebral\u00bb title_text=\u00bbinsituto-neuro-vertebral-quirofano2-especialidades-recoletas-marbella.jpg\u00bb disabled_on=\u00bbon|off|off\u00bb _builder_version=\u00bb4.27.4&#8243; _module_preset=\u00bbbb851f51-2fb6-4802-8bde-c1b602d5808d\u00bb global_colors_info=\u00bb{}\u00bb][\/et_pb_image][et_pb_text _builder_version=\u00bb4.27.4&#8243; _module_preset=\u00bbff347454-283e-426a-9660-28afbe1b5f05&#8243; text_font=\u00bb&#8211;et_global_heading_font|300|||||||\u00bb text_orientation=\u00bbjustified\u00bb max_width=\u00bb723px\u00bb max_width_tablet=\u00bb100%\u00bb max_width_phone=\u00bb100%\u00bb max_width_last_edited=\u00bbon|tablet\u00bb module_alignment=\u00bbright\u00bb custom_margin=\u00bb39px||||false|false\u00bb custom_margin_tablet=\u00bb0px||||false|false\u00bb custom_margin_phone=\u00bb\u00bb custom_margin_last_edited=\u00bbon|tablet\u00bb custom_padding=\u00bb0px||||false|false\u00bb custom_padding_phone=\u00bb|34px||34px|false|true\u00bb text_font_size_tablet=\u00bb15px\u00bb text_font_size_phone=\u00bb14px\u00bb text_font_size_last_edited=\u00bbon|desktop\u00bb text_orientation_last_edited=\u00bboff|tablet\u00bb module_alignment_tablet=\u00bbcenter\u00bb module_alignment_phone=\u00bbcenter\u00bb module_alignment_last_edited=\u00bbon|tablet\u00bb locked=\u00bboff\u00bb global_colors_info=\u00bb{}\u00bb background_layout__hover_enabled=\u00bboff|desktop\u00bb]<\/p>\n<p class=\"p2\">Bei Recoletas Salud Marbella, dem <strong>Institut f\u00fcr Neuro-Wirbels\u00e4ule<\/strong> bietet eine spezialisierte Diagnose und Behandlung komplexer Pathologien des <strong>Wirbels\u00e4ule und zentrales Nervensystem<\/strong>Einsatz modernster chirurgischer Technik und minimalinvasiver Chirurgie.<\/p>\n<p class=\"p2\">Jeder Fall wird von einem hochqualifizierten multidisziplin\u00e4ren Team mit Pr\u00e4zision angegangen, unterst\u00fctzt durch den modernsten Hybrid-Operationssaal der Welt. <strong>fortschrittliche und modernste chirurgische Technologie<\/strong>.<\/p>\n<p>[\/et_pb_text][\/et_pb_column][\/et_pb_row][\/et_pb_section][et_pb_section fb_built=\u00bb1&#8243; disabled_on=\u00bbon|on|off\u00bb _builder_version=\u00bb4.27.4&#8243; _module_preset=\u00bbdefault\u00bb background_color=\u00bbRGBA(255,255,255,0)\u00bb custom_margin=\u00bb-112px||119px||false|false\u00bb custom_margin_tablet=\u00bb||70px||false|false\u00bb custom_margin_phone=\u00bb||70px||false|false\u00bb custom_margin_last_edited=\u00bbon|desktop\u00bb custom_padding=\u00bb0px|6px|1px||false|false\u00bb bottom_divider_color=\u00bb#F2F2F2&#8243; bottom_divider_flip=\u00bbhorizontal|vertical\u00bb collapsed=\u00bbon\u00bb global_colors_info=\u00bb{}\u00bb][et_pb_row column_structure=\u00bb3_5,2_5&#8243; _builder_version=\u00bb4.27.4&#8243; _module_preset=\u00bbdefault\u00bb background_color=\u00bbRGBA(255,255,255,0)\u00bb width=\u00bb100%\u00bb custom_margin=\u00bb25px|auto||auto||\u00bb custom_padding=\u00bb2px||5px|||\u00bb border_color_right=\u00bb#C7A3DE\u00bb global_colors_info=\u00bb{}\u00bb][et_pb_column type=\u00bb3_5&#8243; _builder_version=\u00bb4.27.4&#8243; _module_preset=\u00bbdefault\u00bb global_colors_info=\u00bb{}\u00bb][et_pb_image src=\u00bbhttps:\/\/recoletasmarbella.com\/wp-content\/uploads\/2025\/08\/insituto-neuro-vertebral-quirofano2-especialidades-recoletas-marbella.jpg.jpg\u00bb alt=\u00bbaparotolog\u00eda del quir\u00f3fano en el insituto neuro vertebral\u00bb title_text=\u00bbinsituto-neuro-vertebral-quirofano2-especialidades-recoletas-marbella.jpg\u00bb disabled_on=\u00bbon|off|off\u00bb _builder_version=\u00bb4.27.4&#8243; _module_preset=\u00bbbb851f51-2fb6-4802-8bde-c1b602d5808d\u00bb filter_saturate=\u00bb121%\u00bb filter_brightness=\u00bb102%\u00bb global_colors_info=\u00bb{}\u00bb][\/et_pb_image][\/et_pb_column][et_pb_column type=\u00bb2_5&#8243; _builder_version=\u00bb4.27.4&#8243; _module_preset=\u00bbdefault\u00bb global_colors_info=\u00bb{}\u00bb][et_pb_text content_tablet=\u00bb<\/p>\n<h3>Wir bieten neuronale Gesundheit und Wohlbefinden<\/h3>\n<h2>mehr technische und fortschrittliche klinische und neurochirurgische Versorgung<\/h2>\n<p>\"content_phone=\"<\/p>\n<h3 style=\"%22text-align:\" left;%22>Wir bieten neuronale Gesundheit und Wohlbefinden<\/h3>\n<h2 style=\"%22text-align:\" left;%22>mehr technische und fortschrittliche klinische und neurochirurgische Versorgung<\/h2>\n<p>\u00bb content_last_edited=\u00bbon|phone\u00bb _builder_version=\u00bb4.27.4&#8243; _module_preset=\u00bbb20293d3-7e7e-4718-8a41-9d40e20be87b\u00bb header_font=\u00bb|||on|||||\u00bb header_text_align=\u00bbright\u00bb header_text_color=\u00bb#5A636A\u00bb header_line_height=\u00bb0.3em\u00bb header_2_text_align=\u00bbright\u00bb header_2_letter_spacing=\u00bb0px\u00bb header_2_line_height=\u00bb1em\u00bb header_3_text_align=\u00bbright\u00bb header_4_text_align=\u00bbright\u00bb max_width_tablet=\u00bb379px\u00bb max_width_phone=\u00bb266px\u00bb max_width_last_edited=\u00bboff|desktop\u00bb module_alignment=\u00bbright\u00bb custom_margin=\u00bb|0px|39px|0px|false|false\u00bb custom_padding=\u00bb136px|0px|0px|0px|false|false\u00bb custom_padding_phone=\u00bb|40px||20px|false|false\u00bb animation_direction=\u00bbright\u00bb scroll_vertical_motion_enable=\u00bbon\u00bb scroll_vertical_motion=\u00bb0|54|54|100|-0.5|0|0&#8243; header_2_font_size_tablet=\u00bb\u00bb header_2_font_size_phone=\u00bb27px\u00bb header_2_font_size_last_edited=\u00bbon|phone\u00bb border_color_right=\u00bb#DCCCDD\u00bb locked=\u00bboff\u00bb global_colors_info=\u00bb{}\u00bb]<\/p>\n<h3>Behandlungen f\u00fcr Ihre Wirbels\u00e4ule und Ihr Nervensystem<\/h3>\n<h2>WIRBELS\u00c4ULENCHIRURGIE UND FORTGESCHRITTENE NEUROCHIRURGIE AN DER COSTA DEL SOL<\/h2>\n<p>[\/et_pb_text][et_pb_text _builder_version=\u00bb4.27.4&#8243; _module_preset=\u00bbff347454-283e-426a-9660-28afbe1b5f05&#8243; text_font=\u00bb&#8211;et_global_heading_font|300|||||||\u00bb text_orientation=\u00bbjustified\u00bb max_width=\u00bb723px\u00bb max_width_tablet=\u00bb84%\u00bb max_width_phone=\u00bb100%\u00bb max_width_last_edited=\u00bbon|tablet\u00bb module_alignment=\u00bbright\u00bb custom_margin=\u00bb39px||||false|false\u00bb custom_margin_tablet=\u00bb0px||||false|false\u00bb custom_margin_phone=\u00bb\u00bb custom_margin_last_edited=\u00bbon|tablet\u00bb custom_padding=\u00bb0px||||false|false\u00bb custom_padding_phone=\u00bb|34px||34px|false|true\u00bb hover_enabled=\u00bb0&#8243; text_font_size_tablet=\u00bb15px\u00bb text_font_size_phone=\u00bb14px\u00bb text_font_size_last_edited=\u00bbon|desktop\u00bb text_orientation_last_edited=\u00bboff|tablet\u00bb module_alignment_tablet=\u00bbcenter\u00bb module_alignment_phone=\u00bbcenter\u00bb module_alignment_last_edited=\u00bbon|tablet\u00bb locked=\u00bboff\u00bb global_colors_info=\u00bb{}\u00bb background_layout__hover_enabled=\u00bboff|desktop\u00bb sticky_enabled=\u00bb0&#8243;]<\/p>\n<p class=\"p2\">Im <strong>Hospital Recoletas Salud Marbella<\/strong> bieten wir eine fortschrittliche klinische und neurochirurgische Versorgung zur Behandlung von Wirbels\u00e4ulenerkrankungen mit maximaler Wirksamkeit und Sicherheit.<\/p>\n<p class=\"p2\">Wir haben ein multidisziplin\u00e4res Team <strong>Spezialisierung auf Neurochirurgie, Wirbels\u00e4ulentraumatologie und Schmerztherapie.<\/strong>So k\u00f6nnen wir eine umfassende Betreuung und individuelle Behandlung anbieten und verf\u00fcgen \u00fcber eine der modernsten Ausr\u00fcstungen in Europa f\u00fcr die chirurgische Behandlung von Neurovertebralerkrankungen. All dies, zusammen mit der Anwendung von bildgesteuerter Chirurgie, minimalinvasiver Chirurgie, perkutanen Techniken und Nachbehandlung, erleichtert eine schnellere Genesung.\u00a0<\/p>\n<p class=\"p2\">[\/et_pb_text][\/et_pb_column][\/et_pb_row][\/et_pb_section][et_pb_section fb_built=\u00bb1&#8243; custom_padding_last_edited=\u00bbon|phone\u00bb disabled_on=\u00bboff|off|off\u00bb admin_label=\u00bbecografia\u00bb _builder_version=\u00bb4.27.4&#8243; _module_preset=\u00bbdefault\u00bb background_color=\u00bb#DCCCDD\u00bb use_background_color_gradient=\u00bbon\u00bb background_color_gradient_direction=\u00bb90deg\u00bb background_color_gradient_stops=\u00bb#ffffff 64%|rgba(255,255,255,0) 64%\u00bb background_color_gradient_overlays_image=\u00bbon\u00bb background_image=\u00bbhttps:\/\/recoletasmarbella.com\/wp-content\/uploads\/2025\/03\/recoletasmarbella2-215.1.jpg\u00bb background_position=\u00bbbottom_right\u00bb background_horizontal_offset=\u00bb-6%\u00bb background_repeat=\u00bbspace\u00bb min_height=\u00bb849.3px\u00bb custom_margin=\u00bb73px||-2px||false|false\u00bb custom_margin_tablet=\u00bb73px||-2px||false|false\u00bb custom_margin_phone=\u00bb42px||||false|false\u00bb custom_margin_last_edited=\u00bbon|phone\u00bb custom_padding=\u00bb0vw||0vw||true|false\u00bb custom_padding_tablet=\u00bb0vw||0vw||true|false\u00bb custom_padding_phone=\u00bb||5vw||false|false\u00bb background_last_edited=\u00bbon|tablet\u00bb use_background_color_gradient_tablet=\u00bbon\u00bb use_background_color_gradient_phone=\u00bbon\u00bb background_color_gradient_direction_tablet=\u00bb180deg\u00bb background_color_gradient_stops_tablet=\u00bb#ffffff 58%|rgba(255,255,255,0) 58%\u00bb background_color_gradient_stops_phone=\u00bbrgba(255,255,255,0) 74%|#ffffff 74%\u00bb background_position_tablet=\u00bbtop_right\u00bb background_horizontal_offset_tablet=\u00bb18%\u00bb background_vertical_offset_tablet=\u00bb-1%\u00bb collapsed=\u00bbon\u00bb global_colors_info=\u00bb{}\u00bb][et_pb_row column_structure=\u00bb1_2,1_2&#8243; custom_padding_last_edited=\u00bbon|phone\u00bb _builder_version=\u00bb4.27.4&#8243; _module_preset=\u00bbdefault\u00bb z_index=\u00bb1&#8243; custom_margin_tablet=\u00bb\u00bb custom_margin_phone=\u00bb\u00bb custom_margin_last_edited=\u00bbon|phone\u00bb custom_padding=\u00bb96px||72px||false|false\u00bb custom_padding_tablet=\u00bb72px||72px||false|false\u00bb custom_padding_phone=\u00bb52px||72px||false|false\u00bb global_colors_info=\u00bb{}\u00bb][et_pb_column type=\u00bb1_2&#8243; _builder_version=\u00bb4.20.0&#8243; _module_preset=\u00bbdefault\u00bb z_index=\u00bb10&#8243; z_index_tablet=\u00bb2&#8243; z_index_phone=\u00bb2&#8243; z_index_last_edited=\u00bbon|tablet\u00bb global_colors_info=\u00bb{}\u00bb][et_pb_text _builder_version=\u00bb4.27.4&#8243; _module_preset=\u00bbff347454-283e-426a-9660-28afbe1b5f05&#8243; text_font=\u00bbMontserrat||||||||\u00bb custom_margin=\u00bb||10px||false|false\u00bb global_colors_info=\u00bb{}\u00bb]<\/p>\n<h3>Recoletas Salud Neuro Vertebral Institut<\/h3>\n<p>[\/et_pb_text][et_pb_text _builder_version=\u00bb4.27.4&#8243; _module_preset=\u00bbff347454-283e-426a-9660-28afbe1b5f05&#8243; text_font_size=\u00bb25px\u00bb text_line_height=\u00bb2.2em\u00bb header_text_color=\u00bb#C7A3DE\u00bb header_font_size=\u00bb77px\u00bb header_2_line_height=\u00bb1.2em\u00bb custom_margin=\u00bb|-39px|33px|||\u00bb custom_padding=\u00bb|0px||||\u00bb custom_padding_phone=\u00bb|20px|||false|false\u00bb header_2_text_color_tablet=\u00bb\u00bb header_2_text_color_phone=\u00bb#FFFFFF\u00bb header_2_text_color_last_edited=\u00bbon|desktop\u00bb header_2_font_size_tablet=\u00bb\u00bb header_2_font_size_phone=\u00bb30px\u00bb header_2_font_size_last_edited=\u00bbon|phone\u00bb inline_fonts=\u00bbAboreto,Montserrat\u00bb global_colors_info=\u00bb{}\u00bb]<\/p>\n<h2>Holen Sie sich Ihren Verstand zur\u00fcck. Die Gesundheit Ihres Gehirns ist unsere Priorit\u00e4t<\/h2>\n<p>[\/et_pb_text][et_pb_divider color=\u00bbrgba(0,0,0,0.2)\u00bb divider_weight=\u00bb2px\u00bb _builder_version=\u00bb4.27.4&#8243; _module_preset=\u00bbdefault\u00bb custom_margin=\u00bb|6%|22px||false|false\u00bb custom_margin_tablet=\u00bb|0%|||false|false\u00bb custom_margin_phone=\u00bb|0%|||false|false\u00bb custom_margin_last_edited=\u00bbon|tablet\u00bb global_colors_info=\u00bb{}\u00bb][\/et_pb_divider][et_pb_text _builder_version=\u00bb4.27.4&#8243; _module_preset=\u00bbff347454-283e-426a-9660-28afbe1b5f05&#8243; text_font=\u00bbMontserrat|300|||||||\u00bb ul_text_color=\u00bb#C7A3DE\u00bb ul_font_size=\u00bb19px\u00bb header_font=\u00bb&#8211;et_global_heading_font|300|||||||\u00bb width=\u00bb100%\u00bb custom_padding=\u00bb|9px||||\u00bb global_colors_info=\u00bb{}\u00bb]<\/p>\n<p class=\"p1\">In unserem <strong>neurospinaler Fachbereich<\/strong> Wir behandeln die komplexesten Pathologien der Wirbels\u00e4ule und des Nervensystems mit einem umfassenden und hochspezialisierten Ansatz.<\/p>\n<p class=\"p1\">Wir behandeln alles, von degenerativen und traumatischen Verletzungen bis hin zu Deformationen, Tumoren, entz\u00fcndlichen, infekti\u00f6sen oder angeborenen Pathologien. Auch <strong>wir bieten fortschrittliche L\u00f6sungen<\/strong> bei Karpaltunnelsyndrom und anderen peripheren Nervenkompressionen. <br \/><strong>Unser Ziel ist es, Schmerzen zu lindern, die Mobilit\u00e4t wiederherzustellen und die Lebensqualit\u00e4t jedes einzelnen Patienten zu verbessern.<\/strong>.<\/p>\n<p>[\/et_pb_text][et_pb_blurb title=\u00bbPatolog\u00edas de la columna vertebral\u00bb use_icon=\u00bbon\u00bb font_icon=\u00bb&#x49;||divi||400&#8243; content_max_width=\u00bb484px\u00bb _builder_version=\u00bb4.27.4&#8243; _module_preset=\u00bb83b37a7b-8033-46f5-8ca2-ea9ec762070a\u00bb header_text_color=\u00bb#617179&#8243; header_font_size=\u00bb19px\u00bb header_line_height=\u00bb1.2em\u00bb image_icon_custom_margin=\u00bb1px||1px||true|false\u00bb module_alignment=\u00bbleft\u00bb custom_margin=\u00bb||11px|||\u00bb custom_margin_tablet=\u00bb70px|||\u00bb custom_margin_phone=\u00bb\u00bb custom_margin_last_edited=\u00bbon|desktop\u00bb animation_direction=\u00bbleft\u00bb border_color_all=\u00bb#C7A3DE\u00bb locked=\u00bboff\u00bb global_colors_info=\u00bb{}\u00bb]<\/p>\n<ul>\n<li class=\"p1\">Degenerative Pathologie (Bandscheibenvorfall, Spinalkanalstenose oder osteoporotische Frakturen).<\/li>\n<li>Listesis, Spodilolisthesis, Spondylolisthesis, Spondyloloptosis.<\/li>\n<li>Degenerative Verformungen.<\/li>\n<li>Pathologie von Tumoren.<\/li>\n<li>Traumatische Pathologie (traumatische Wirbelbr\u00fcche und osteoporotische Frakturen).<\/li>\n<li>Entz\u00fcndliche und infekti\u00f6se Pathologie.<\/li>\n<li>Kongenitale Pathologien.<\/li>\n<\/ul>\n<p>[\/et_pb_blurb][et_pb_blurb title=\u00bbPATOLOG\u00cdAS CRANEOENCEF\u00c1LICAS\u00bb use_icon=\u00bbon\u00bb font_icon=\u00bb&#x49;||divi||400&#8243; content_max_width=\u00bb484px\u00bb _builder_version=\u00bb4.27.4&#8243; _module_preset=\u00bb83b37a7b-8033-46f5-8ca2-ea9ec762070a\u00bb header_text_color=\u00bb#617179&#8243; header_font_size=\u00bb19px\u00bb header_line_height=\u00bb1.2em\u00bb image_icon_custom_margin=\u00bb1px||1px||true|false\u00bb module_alignment=\u00bbleft\u00bb custom_margin=\u00bb1px|||||\u00bb custom_margin_tablet=\u00bb70px|||\u00bb custom_margin_phone=\u00bb\u00bb custom_margin_last_edited=\u00bbon|desktop\u00bb animation_direction=\u00bbleft\u00bb hover_enabled=\u00bb0&#8243; border_color_all=\u00bb#C7A3DE\u00bb locked=\u00bboff\u00bb global_colors_info=\u00bb{}\u00bb sticky_enabled=\u00bb0&#8243;]<\/p>\n<ul>\n<li class=\"li2\">Wir befassen uns mit komplexen Pathologien des Gehirns und des zentralen Nervensystems: Hirnblutungen, Hydrocephalus, Hirntumore...<\/li>\n<\/ul>\n<p>[\/et_pb_blurb][et_pb_blurb title=\u00bbS\u00edndrome del T\u00fanel Carpiano\u00bb use_icon=\u00bbon\u00bb font_icon=\u00bb&#x49;||divi||400&#8243; content_max_width=\u00bb484px\u00bb _builder_version=\u00bb4.27.4&#8243; _module_preset=\u00bb83b37a7b-8033-46f5-8ca2-ea9ec762070a\u00bb header_text_color=\u00bb#617179&#8243; header_font_size=\u00bb19px\u00bb header_line_height=\u00bb1.2em\u00bb image_icon_custom_margin=\u00bb1px||1px||true|false\u00bb module_alignment=\u00bbleft\u00bb custom_margin=\u00bb1px|||||\u00bb custom_margin_tablet=\u00bb70px|||\u00bb custom_margin_phone=\u00bb\u00bb custom_margin_last_edited=\u00bbon|desktop\u00bb animation_direction=\u00bbleft\u00bb border_color_all=\u00bb#C7A3DE\u00bb locked=\u00bboff\u00bb global_colors_info=\u00bb{}\u00bb]<\/p>\n<ul>\n<li class=\"li2\">Diagnose und fortgeschrittene chirurgische Behandlung von peripheren Pathologien und Nervenkompressionen.<\/li>\n<\/ul>\n<p>[\/et_pb_blurb][et_pb_image src=\u00bbhttps:\/\/recoletasmarbella.com\/wp-content\/uploads\/2025\/02\/isotipo-brand-g2rey-hospital-marbella.png\u00bb title_text=\u00bbisotipo-brand-g2rey-hospital-marbella\u00bb disabled_on=\u00bbon|off|off\u00bb _builder_version=\u00bb4.27.4&#8243; _module_preset=\u00bbdefault\u00bb transform_scale=\u00bb107%|107%\u00bb positioning=\u00bbabsolute\u00bb position_origin_a=\u00bbbottom_left\u00bb vertical_offset=\u00bb-5%\u00bb horizontal_offset=\u00bb-15%\u00bb z_index=\u00bb-1&#8243; width=\u00bb76%\u00bb filter_brightness=\u00bb147%\u00bb filter_invert=\u00bb32%\u00bb filter_opacity=\u00bb8%\u00bb scroll_vertical_motion_enable=\u00bbon\u00bb scroll_vertical_motion=\u00bb0|73|73|100|4|0|-4&#8243; global_colors_info=\u00bb{}\u00bb][\/et_pb_image][et_pb_button button_url=\u00bbhttps:\/\/www.gruporecoletas.com\/institutos\/instituto-neuro-vertebral\/\u00bb url_new_window=\u00bbon\u00bb button_text=\u00bbSABER M\u00c1S\u00bb button_alignment=\u00bbleft\u00bb button_alignment_tablet=\u00bbcenter\u00bb button_alignment_phone=\u00bbcenter\u00bb button_alignment_last_edited=\u00bbon|desktop\u00bb _builder_version=\u00bb4.27.4&#8243; _module_preset=\u00bb675490e3-0089-406a-bcdb-120afc2b432a\u00bb button_text_size=\u00bb13px\u00bb button_bg_color=\u00bb#617179&#8243; button_border_radius=\u00bb9px\u00bb button_letter_spacing=\u00bb0.5px\u00bb button_font=\u00bb&#8211;et_global_heading_font||||||||\u00bb custom_margin=\u00bb64px||12px||false|false\u00bb custom_margin_tablet=\u00bb70px||12px||false|false\u00bb custom_margin_phone=\u00bb52px||||false|false\u00bb custom_margin_last_edited=\u00bbon|phone\u00bb custom_padding=\u00bb12px|48px|12px|48px|true|true\u00bb custom_padding_tablet=\u00bb12px|48px|12px|48px|true|true\u00bb custom_padding_phone=\u00bb12px|48px|12px|48px|true|true\u00bb custom_padding_last_edited=\u00bbon|phone\u00bb animation_style=\u00bbfade\u00bb locked=\u00bboff\u00bb global_colors_info=\u00bb{}\u00bb][\/et_pb_button][\/et_pb_column][et_pb_column type=\u00bb1_2&#8243; _builder_version=\u00bb4.20.0&#8243; _module_preset=\u00bbdefault\u00bb global_colors_info=\u00bb{}\u00bb][et_pb_image src=\u00bbhttps:\/\/recoletasmarbella.com\/wp-content\/uploads\/2025\/08\/insituto-neuro-vertebral-quirofano-especialidades-recoletas-marbella.jpg\u00bb alt=\u00bbaparotolog\u00eda del quir\u00f3fano en el insituto neuro vertebral\u00bb title_text=\u00bbinsituto-neuro-vertebral-quirofano-especialidades-recoletas-marbella\u00bb align=\u00bbright\u00bb force_fullwidth=\u00bbon\u00bb align_tablet=\u00bbright\u00bb align_phone=\u00bbcenter\u00bb align_last_edited=\u00bbon|phone\u00bb _builder_version=\u00bb4.27.4&#8243; _module_preset=\u00bbdefault\u00bb module_alignment=\u00bbright\u00bb max_height_tablet=\u00bb\u00bb max_height_phone=\u00bb446px\u00bb max_height_last_edited=\u00bbon|tablet\u00bb custom_margin=\u00bb-12px||90px||false|false\u00bb custom_margin_tablet=\u00bb22px||90px||false|false\u00bb custom_margin_phone=\u00bb0px|0px|0px|0px|false|false\u00bb custom_margin_last_edited=\u00bbon|phone\u00bb custom_padding=\u00bb0px||||false|false\u00bb custom_padding_tablet=\u00bb0px||||false|false\u00bb custom_padding_phone=\u00bb0px|0px|0px|0px|false|false\u00bb custom_padding_last_edited=\u00bbon|phone\u00bb filter_saturate=\u00bb103%\u00bb filter_brightness=\u00bb102%\u00bb scroll_vertical_motion_enable=\u00bbon\u00bb scroll_vertical_motion=\u00bb0|39|39|62|1|0|0&#8243; module_alignment_tablet=\u00bbcenter\u00bb module_alignment_phone=\u00bbcenter\u00bb module_alignment_last_edited=\u00bbon|tablet\u00bb scroll_vertical_motion_tablet=\u00bb0|39|39|62|1|0|0&#8243; scroll_vertical_motion_phone=\u00bb0|52|52|100|0|0|0&#8243; scroll_vertical_motion_last_edited=\u00bbon|phone\u00bb border_radii=\u00bbon|15px|15px|15px|15px\u00bb locked=\u00bboff\u00bb global_colors_info=\u00bb{}\u00bb][\/et_pb_image][\/et_pb_column][\/et_pb_row][\/et_pb_section][et_pb_section fb_built=\u00bb1&#8243; inner_shadow=\u00bbon\u00bb _builder_version=\u00bb4.27.4&#8243; _module_preset=\u00bbdefault\u00bb background_color=\u00bb#5A636A\u00bb module_alignment=\u00bbcenter\u00bb custom_margin=\u00bb1px||||false|false\u00bb custom_padding=\u00bb47px||75px|0px|false|false\u00bb global_colors_info=\u00bb{}\u00bb][et_pb_row column_structure=\u00bb3_5,2_5&#8243; use_custom_gutter=\u00bbon\u00bb gutter_width=\u00bb2&#8243; make_equal=\u00bbon\u00bb _builder_version=\u00bb4.27.4&#8243; _module_preset=\u00bbdefault\u00bb width=\u00bb85%\u00bb max_width=\u00bb2560px\u00bb custom_padding=\u00bb70px|||||\u00bb global_colors_info=\u00bb{}\u00bb][et_pb_column type=\u00bb3_5&#8243; _builder_version=\u00bb4.27.4&#8243; _module_preset=\u00bbdefault\u00bb global_colors_info=\u00bb{}\u00bb][et_pb_image src=\u00bbhttps:\/\/recoletasmarbella.com\/wp-content\/uploads\/2025\/08\/marbella_Instituto-Neurovertebral-Recoletas-Salud-y-Equipo-De-la-Torre.jpg\u00bb alt=\u00bbDr Manuel de la Torre cirujano jefe en insituto neuro vertebral\u00bb title_text=\u00bbmarbella_Instituto-Neurovertebral-Recoletas-Salud-y-Equipo-De-la-Torre\u00bb force_fullwidth=\u00bbon\u00bb _builder_version=\u00bb4.27.4&#8243; _module_preset=\u00bbdefault\u00bb custom_margin=\u00bb15px||||false|false\u00bb animation_style=\u00bbfade\u00bb border_radii=\u00bbon|13px|13px|13px|13px\u00bb global_colors_info=\u00bb{}\u00bb][\/et_pb_image][\/et_pb_column][et_pb_column type=\u00bb2_5&#8243; _builder_version=\u00bb4.27.4&#8243; _module_preset=\u00bbdefault\u00bb global_colors_info=\u00bb{}\u00bb][et_pb_text _builder_version=\u00bb4.27.4&#8243; _module_preset=\u00bbff347454-283e-426a-9660-28afbe1b5f05&#8243; header_2_font=\u00bb&#8211;et_global_heading_font|800||on|||||\u00bb header_2_text_color=\u00bb#5a636a\u00bb header_2_font_size=\u00bb30px\u00bb header_2_letter_spacing=\u00bb0px\u00bb header_2_line_height=\u00bb1em\u00bb width=\u00bb82%\u00bb max_width_tablet=\u00bb379px\u00bb max_width_phone=\u00bb\u00bb max_width_last_edited=\u00bbon|phone\u00bb module_alignment=\u00bbcenter\u00bb custom_margin=\u00bb58px||37px||false|false\u00bb custom_margin_tablet=\u00bb||||false|false\u00bb custom_margin_phone=\u00bb|||0px|false|false\u00bb custom_margin_last_edited=\u00bbon|phone\u00bb custom_padding=\u00bb|22px||22px|false|true\u00bb custom_padding_tablet=\u00bb|32px||32px|false|true\u00bb custom_padding_phone=\u00bb|0px||0px|false|true\u00bb custom_padding_last_edited=\u00bbon|phone\u00bb border_width_right=\u00bb2px\u00bb border_color_right=\u00bb#C7A3DE\u00bb border_width_left=\u00bb2px\u00bb border_color_left=\u00bb#C7A3DE\u00bb locked=\u00bboff\u00bb global_colors_info=\u00bb{}\u00bb]<\/p>\n<h3 style=\"text-align: center;\"><span style=\"color: #ffffff;\">HOCHMODERNE TECHNOLOGIE<\/span><\/h3>\n<h2 style=\"text-align: center;\"><span style=\"color: #ffffff;\">Chirurgische Synergie.<br \/>\nRobotische Pr\u00e4zision.<br \/>\nTotale Sicherheit.<\/span><\/h2>\n<p>[\/et_pb_text][et_pb_text content_tablet=\u00bb<\/p>\n<p style=\"%22text-align:\" center;%22>Das <strong>Hospital Recoletas Salud Marbella<\/strong>, Das neue Geb\u00e4ude, das 2025 eingeweiht wird, hat <strong>Technologie <\/strong>hochmoderne und <strong>Einrichtungen <\/strong>und modernste Technologie, die zusammen mit der Exzellenz seines professionellen Teams ein hohes Qualit\u00e4tsniveau und <strong>h\u00f6chste Qualit\u00e4t der Gesundheitsversorgung<\/strong>.<\/p>\n<p style=\"%22text-align:\" center;%22>Bei Recoletas Salud Marbella bieten wir einen pers\u00f6nlichen medizinischen Service ohne Wartezeiten. Unser Team ist bestrebt, jedem Patienten die n\u00f6tige Aufmerksamkeit zukommen zu lassen und sich ausreichend Zeit zu nehmen f\u00fcr <strong>Konsultationen und Tests<\/strong>, ohne die Qualit\u00e4t der Dienste zu beeintr\u00e4chtigen.<\/p>\n<p>\"content_phone=\"<\/p>\n<p style=\"%22text-align:\" center;%22>Das <strong>Hospital Recoletas Salud Marbella<\/strong>, Das neue Geb\u00e4ude, das 2025 eingeweiht wird, hat <strong>Technologie <\/strong>hochmoderne und <strong>Einrichtungen <\/strong>und modernste Technologie, die zusammen mit der Exzellenz seines professionellen Teams ein hohes Qualit\u00e4tsniveau und <strong>h\u00f6chste Qualit\u00e4t der Gesundheitsversorgung<\/strong>.<\/p>\n<p style=\"%22text-align:\" center;%22>Bei Recoletas Salud Marbella bieten wir einen pers\u00f6nlichen medizinischen Service ohne Wartezeiten. Unser Team ist bestrebt, jedem Patienten die n\u00f6tige Aufmerksamkeit zukommen zu lassen und sich ausreichend Zeit zu nehmen f\u00fcr <strong>Konsultationen und Tests<\/strong>, ohne die Qualit\u00e4t der Dienste zu beeintr\u00e4chtigen.<\/p>\n<p>\u00bb content_last_edited=\u00bbon|phone\u00bb admin_label=\u00bbTexto\u00bb _builder_version=\u00bb4.27.4&#8243; _module_preset=\u00bbff347454-283e-426a-9660-28afbe1b5f05&#8243; text_font=\u00bb&#8211;et_global_heading_font|300|||||||\u00bb text_text_color=\u00bb#FFFFFF\u00bb text_line_height=\u00bb1.3em\u00bb header_letter_spacing=\u00bb-1px\u00bb text_orientation=\u00bbjustified\u00bb width_tablet=\u00bb\u00bb width_phone=\u00bb100%\u00bb width_last_edited=\u00bbon|phone\u00bb max_width_tablet=\u00bb\u00bb max_width_phone=\u00bb100%\u00bb max_width_last_edited=\u00bbon|phone\u00bb module_alignment=\u00bbcenter\u00bb custom_margin=\u00bb47px||||false|false\u00bb custom_padding=\u00bb0px|0px|0px|0px|true|true\u00bb custom_padding_tablet=\u00bb||74px||false|false\u00bb custom_padding_phone=\u00bb0px|0px|74px|0px|false|false\u00bb custom_padding_last_edited=\u00bbon|desktop\u00bb text_font_size_tablet=\u00bb\u00bb text_font_size_phone=\u00bb\u00bb text_font_size_last_edited=\u00bbon|desktop\u00bb locked=\u00bboff\u00bb global_colors_info=\u00bb{}\u00bb]<\/p>\n<p class=\"p1\">Wir wollen unseren Patienten die neueste chirurgische Technologie und maximale professionelle Effizienz bieten.<\/p>\n<p class=\"p1\">Unser Ziel ist es, im Bereich der Neurochirurgie an der Weltspitze zu bleiben, und das von Spanien aus, Hand in Hand mit einem gro\u00dfen Gesundheitskonzern.<\/p>\n<p data-start=\"386\" data-end=\"602\">Um dies zu erreichen, investieren wir kontinuierlich in <strong>modernste Ausr\u00fcstung, spezielle Ausbildung und Qualit\u00e4tsprotokolle<\/strong> die es uns erm\u00f6glichen, komplexere F\u00e4lle mit maximaler Sicherheit zu bearbeiten.<\/p>\n<p data-start=\"604\" data-end=\"825\">Wir sind der Meinung, dass sich medizinische Spitzenleistungen nicht nur an den chirurgischen Ergebnissen messen lassen, sondern auch an den <strong>Zuwendung, Begleitung und Vertrauen<\/strong> die wir jedem Patienten vor, w\u00e4hrend und nach seiner Behandlung anbieten.<\/p>\n<p>[\/et_pb_text][et_pb_text content_tablet=\u00bb<\/p>\n<p style=\"%22text-align:\" center;%22>Das <strong>Hospital Recoletas Salud Marbella<\/strong>, Das neue Geb\u00e4ude, das 2025 eingeweiht wird, hat <strong>Technologie <\/strong>hochmoderne und <strong>Einrichtungen <\/strong>und modernste Technologie, die zusammen mit der Exzellenz seines professionellen Teams ein hohes Qualit\u00e4tsniveau und <strong>h\u00f6chste Qualit\u00e4t der Gesundheitsversorgung<\/strong>.<\/p>\n<p style=\"%22text-align:\" center;%22>Bei Recoletas Salud Marbella bieten wir einen pers\u00f6nlichen medizinischen Service ohne Wartezeiten. Unser Team ist bestrebt, jedem Patienten die n\u00f6tige Aufmerksamkeit zukommen zu lassen und sich ausreichend Zeit zu nehmen f\u00fcr <strong>Konsultationen und Tests<\/strong>, ohne die Qualit\u00e4t der Dienste zu beeintr\u00e4chtigen.<\/p>\n<p>\"content_phone=\"<\/p>\n<p style=\"%22text-align:\" center;%22>Das <strong>Hospital Recoletas Salud Marbella<\/strong>, Das neue Geb\u00e4ude, das 2025 eingeweiht wird, hat <strong>Technologie <\/strong>hochmoderne und <strong>Einrichtungen <\/strong>und modernste Technologie, die zusammen mit der Exzellenz seines professionellen Teams ein hohes Qualit\u00e4tsniveau und <strong>h\u00f6chste Qualit\u00e4t der Gesundheitsversorgung<\/strong>.<\/p>\n<p style=\"%22text-align:\" center;%22>Bei Recoletas Salud Marbella bieten wir einen pers\u00f6nlichen medizinischen Service ohne Wartezeiten. Unser Team ist bestrebt, jedem Patienten die n\u00f6tige Aufmerksamkeit zukommen zu lassen und sich ausreichend Zeit zu nehmen f\u00fcr <strong>Konsultationen und Tests<\/strong>, ohne die Qualit\u00e4t der Dienste zu beeintr\u00e4chtigen.<\/p>\n<p>\u00bb content_last_edited=\u00bbon|phone\u00bb admin_label=\u00bbTexto\u00bb _builder_version=\u00bb4.27.4&#8243; _module_preset=\u00bbff347454-283e-426a-9660-28afbe1b5f05&#8243; text_font=\u00bb&#8211;et_global_heading_font|300|||||||\u00bb text_text_color=\u00bb#FFFFFF\u00bb text_line_height=\u00bb1.2em\u00bb header_letter_spacing=\u00bb-1px\u00bb width_tablet=\u00bb\u00bb width_phone=\u00bb100%\u00bb width_last_edited=\u00bbon|phone\u00bb max_width_tablet=\u00bb\u00bb max_width_phone=\u00bb100%\u00bb max_width_last_edited=\u00bbon|phone\u00bb module_alignment=\u00bbcenter\u00bb custom_margin=\u00bb45px||||false|false\u00bb custom_padding=\u00bb15px|252px|15px|18px|true|false\u00bb custom_padding_tablet=\u00bb||74px||false|false\u00bb custom_padding_phone=\u00bb0px|0px|74px|0px|false|false\u00bb custom_padding_last_edited=\u00bbon|desktop\u00bb text_font_size_tablet=\u00bb\u00bb text_font_size_phone=\u00bb\u00bb text_font_size_last_edited=\u00bbon|desktop\u00bb border_width_left=\u00bb4px\u00bb locked=\u00bboff\u00bb global_colors_info=\u00bb{}\u00bb]<\/p>\n<p class=\"p1\"><strong>Dr. Manuel J. de la Torre<\/strong>,<br \/>Medizinischer Direktor und Chefchirurg des Neurovertebralen Instituts Recoletas Salud Marbella.<\/p>\n<p>[\/et_pb_text][\/et_pb_column][\/et_pb_row][et_pb_row column_structure=\u00bb2_5,3_5&#8243; use_custom_gutter=\u00bbon\u00bb make_equal=\u00bbon\u00bb _builder_version=\u00bb4.27.4&#8243; _module_preset=\u00bbdefault\u00bb width=\u00bb85%\u00bb max_width=\u00bb2560px\u00bb custom_padding=\u00bb70px|||||\u00bb global_colors_info=\u00bb{}\u00bb][et_pb_column type=\u00bb2_5&#8243; _builder_version=\u00bb4.27.4&#8243; _module_preset=\u00bbdefault\u00bb global_colors_info=\u00bb{}\u00bb][et_pb_text content_tablet=\u00bb<\/p>\n<p style=\"%22text-align:\" center;%22>Das <strong>Hospital Recoletas Salud Marbella<\/strong>, Das neue Geb\u00e4ude, das 2025 eingeweiht wird, hat <strong>Technologie <\/strong>hochmoderne und <strong>Einrichtungen <\/strong>und modernste Technologie, die zusammen mit der Exzellenz seines professionellen Teams ein hohes Qualit\u00e4tsniveau und <strong>h\u00f6chste Qualit\u00e4t der Gesundheitsversorgung<\/strong>.<\/p>\n<p style=\"%22text-align:\" center;%22>Bei Recoletas Salud Marbella bieten wir einen pers\u00f6nlichen medizinischen Service ohne Wartezeiten. Unser Team ist bestrebt, jedem Patienten die n\u00f6tige Aufmerksamkeit zukommen zu lassen und sich ausreichend Zeit zu nehmen f\u00fcr <strong>Konsultationen und Tests<\/strong>, ohne die Qualit\u00e4t der Dienste zu beeintr\u00e4chtigen.<\/p>\n<p>\"content_phone=\"<\/p>\n<p style=\"%22text-align:\" center;%22>Das <strong>Hospital Recoletas Salud Marbella<\/strong>, Das neue Geb\u00e4ude, das 2025 eingeweiht wird, hat <strong>Technologie <\/strong>hochmoderne und <strong>Einrichtungen <\/strong>und modernste Technologie, die zusammen mit der Exzellenz seines professionellen Teams ein hohes Qualit\u00e4tsniveau und <strong>h\u00f6chste Qualit\u00e4t der Gesundheitsversorgung<\/strong>.<\/p>\n<p style=\"%22text-align:\" center;%22>Bei Recoletas Salud Marbella bieten wir einen pers\u00f6nlichen medizinischen Service ohne Wartezeiten. Unser Team ist bestrebt, jedem Patienten die n\u00f6tige Aufmerksamkeit zukommen zu lassen und sich ausreichend Zeit zu nehmen f\u00fcr <strong>Konsultationen und Tests<\/strong>, ohne die Qualit\u00e4t der Dienste zu beeintr\u00e4chtigen.<\/p>\n<p>\u00bb content_last_edited=\u00bbon|phone\u00bb admin_label=\u00bbTexto\u00bb _builder_version=\u00bb4.27.4&#8243; _module_preset=\u00bbff347454-283e-426a-9660-28afbe1b5f05&#8243; text_font=\u00bb&#8211;et_global_heading_font|300|||||||\u00bb text_text_color=\u00bb#FFFFFF\u00bb text_line_height=\u00bb1.3em\u00bb header_letter_spacing=\u00bb-1px\u00bb header_3_text_align=\u00bbleft\u00bb header_3_text_color=\u00bb#FFFFFF\u00bb header_3_font_size=\u00bb20px\u00bb header_3_letter_spacing=\u00bb0px\u00bb header_3_line_height=\u00bb1.3em\u00bb text_orientation=\u00bbjustified\u00bb width_tablet=\u00bb\u00bb width_phone=\u00bb100%\u00bb width_last_edited=\u00bbon|phone\u00bb max_width_tablet=\u00bb\u00bb max_width_phone=\u00bb100%\u00bb max_width_last_edited=\u00bbon|phone\u00bb module_alignment=\u00bbcenter\u00bb custom_margin=\u00bb47px||||false|false\u00bb custom_padding=\u00bb0px|0px|0px|0px|true|true\u00bb custom_padding_tablet=\u00bb||74px||false|false\u00bb custom_padding_phone=\u00bb0px|0px|74px|0px|false|false\u00bb custom_padding_last_edited=\u00bbon|desktop\u00bb text_font_size_tablet=\u00bb\u00bb text_font_size_phone=\u00bb\u00bb text_font_size_last_edited=\u00bbon|desktop\u00bb locked=\u00bboff\u00bb global_colors_info=\u00bb{}\u00bb]<\/p>\n<h3 class=\"p1\">Wir verf\u00fcgen \u00fcber einen hochmodernen, intelligenten Hybrid-Operationssaal, ausgestattet mit:<\/h3>\n<p>&nbsp;<\/p>\n<ul class=\"ul1\">\n<li class=\"li2\" style=\"text-align: left;\"><strong>Der Tisch ist \u00fcber seine gesamte L\u00e4nge r\u00f6ntgendurchl\u00e4ssig.<\/strong><\/li>\n<li class=\"li2\" style=\"text-align: left;\"><strong>MAZOR\u2122 Chirurgischer Roboter.<\/strong><\/li>\n<li class=\"li2\" style=\"text-align: left;\"><strong>Intraoperative CT O-arm\u2122.<\/strong><\/li>\n<li class=\"li2\" style=\"text-align: left;\"><strong>Stealth S8\u2122 Neuronavigator.<\/strong><\/li>\n<li class=\"li2\" style=\"text-align: left;\"><strong>Mikroskop Kinevo 900S mit Exoskopie.<\/strong><\/li>\n<li class=\"li2\" style=\"text-align: left;\"><strong>MR8-Hochdrehzahlmotor.<\/strong><\/li>\n<li class=\"li1\" style=\"text-align: left;\"><strong>Elan-Hochdrehzahlmotor.<\/strong><\/li>\n<\/ul>\n<p class=\"p1\">All dies ist integriert, um sicherzustellen, dass die Interventionen <strong>Sicherer, genauer und mit besserer postoperativer Erholung<\/strong>.<\/p>\n<p>[\/et_pb_text][\/et_pb_column][et_pb_column type=\u00bb3_5&#8243; _builder_version=\u00bb4.27.4&#8243; _module_preset=\u00bbdefault\u00bb global_colors_info=\u00bb{}\u00bb][et_pb_image src=\u00bbhttps:\/\/recoletasmarbella.com\/wp-content\/uploads\/2025\/08\/neurocirugia-quirofano-inteligente-instituto-neurovertebral-recoletas-salud-marbella-1.jpg\u00bb alt=\u00bbaparotolog\u00eda del quir\u00f3fano en el insituto neuro vertebral\u00bb title_text=\u00bbneurocirugia-quirofano-inteligente-instituto-neurovertebral-recoletas-salud-marbella (1)\u00bb force_fullwidth=\u00bbon\u00bb _builder_version=\u00bb4.27.4&#8243; _module_preset=\u00bbdefault\u00bb custom_margin=\u00bb15px||||false|false\u00bb animation_style=\u00bbfade\u00bb border_radii=\u00bbon|13px|13px|13px|13px\u00bb global_colors_info=\u00bb{}\u00bb][\/et_pb_image][\/et_pb_column][\/et_pb_row][\/et_pb_section][et_pb_section fb_built=\u00bb1&#8243; disabled_on=\u00bbon|on|off\u00bb _builder_version=\u00bb4.27.4&#8243; _module_preset=\u00bbdefault\u00bb background_color=\u00bbRGBA(255,255,255,0)\u00bb custom_margin=\u00bb87px||119px||false|false\u00bb custom_margin_tablet=\u00bb||70px||false|false\u00bb custom_margin_phone=\u00bb||70px||false|false\u00bb custom_margin_last_edited=\u00bbon|desktop\u00bb custom_padding=\u00bb0px|6px|1px||false|false\u00bb bottom_divider_color=\u00bb#F2F2F2&#8243; bottom_divider_flip=\u00bbhorizontal|vertical\u00bb collapsed=\u00bbon\u00bb global_colors_info=\u00bb{}\u00bb][et_pb_row column_structure=\u00bb1_2,1_2&#8243; _builder_version=\u00bb4.27.4&#8243; _module_preset=\u00bbdefault\u00bb background_color=\u00bbRGBA(255,255,255,0)\u00bb width=\u00bb100%\u00bb custom_margin=\u00bb25px|auto||auto||\u00bb custom_padding=\u00bb2px||5px|||\u00bb border_color_right=\u00bb#C7A3DE\u00bb global_colors_info=\u00bb{}\u00bb][et_pb_column type=\u00bb1_2&#8243; _builder_version=\u00bb4.27.4&#8243; _module_preset=\u00bbdefault\u00bb global_colors_info=\u00bb{}\u00bb][et_pb_image src=\u00bbhttps:\/\/recoletasmarbella.com\/wp-content\/uploads\/2025\/08\/neurocirugia-doctor-instituto-neurovertebral-recoletas-salud-marbella.jpg\u00bb alt=\u00bbaparotolog\u00eda del quir\u00f3fano en el insituto neuro vertebral\u00bb title_text=\u00bbneurocirugia-instituto-neurovertebral-recoletas-salud-marbella\u00bb disabled_on=\u00bbon|off|off\u00bb _builder_version=\u00bb4.27.4&#8243; _module_preset=\u00bbbb851f51-2fb6-4802-8bde-c1b602d5808d\u00bb filter_saturate=\u00bb121%\u00bb filter_brightness=\u00bb102%\u00bb global_colors_info=\u00bb{}\u00bb][\/et_pb_image][\/et_pb_column][et_pb_column type=\u00bb1_2&#8243; _builder_version=\u00bb4.27.4&#8243; _module_preset=\u00bbdefault\u00bb global_colors_info=\u00bb{}\u00bb][et_pb_text content_tablet=\u00bb<\/p>\n<h3>Wir bieten neuronale Gesundheit und Wohlbefinden<\/h3>\n<h2>mehr technische und fortschrittliche klinische und neurochirurgische Versorgung<\/h2>\n<p>\"content_phone=\"<\/p>\n<h3 style=\"%22text-align:\" left;%22>Wir bieten neuronale Gesundheit und Wohlbefinden<\/h3>\n<h2 style=\"%22text-align:\" left;%22>mehr technische und fortschrittliche klinische und neurochirurgische Versorgung<\/h2>\n<p>\u00bb content_last_edited=\u00bbon|phone\u00bb _builder_version=\u00bb4.27.4&#8243; _module_preset=\u00bbb20293d3-7e7e-4718-8a41-9d40e20be87b\u00bb header_font=\u00bb|||on|||||\u00bb header_text_align=\u00bbjustify\u00bb header_text_color=\u00bb#5A636A\u00bb header_line_height=\u00bb0.3em\u00bb header_2_text_align=\u00bbleft\u00bb header_2_letter_spacing=\u00bb0px\u00bb header_2_line_height=\u00bb1em\u00bb header_3_text_align=\u00bbjustify\u00bb header_4_text_align=\u00bbright\u00bb max_width_tablet=\u00bb379px\u00bb max_width_phone=\u00bb266px\u00bb max_width_last_edited=\u00bboff|desktop\u00bb module_alignment=\u00bbright\u00bb custom_margin=\u00bb|0px|24px|0px|false|false\u00bb custom_padding=\u00bb0px|0px|0px|0px|false|false\u00bb custom_padding_phone=\u00bb|40px||20px|false|false\u00bb animation_direction=\u00bbright\u00bb scroll_vertical_motion_enable=\u00bbon\u00bb scroll_vertical_motion=\u00bb0|54|54|100|-0.5|0|0&#8243; header_2_font_size_tablet=\u00bb\u00bb header_2_font_size_phone=\u00bb27px\u00bb header_2_font_size_last_edited=\u00bbon|phone\u00bb border_color_right=\u00bb#DCCCDD\u00bb locked=\u00bboff\u00bb global_colors_info=\u00bb{}\u00bb]<\/p>\n<h2>Minimalinvasive Behandlungen mit maximaler Wirksamkeit.<\/h2>\n<p>[\/et_pb_text][et_pb_text _builder_version=\u00bb4.27.4&#8243; _module_preset=\u00bbff347454-283e-426a-9660-28afbe1b5f05&#8243; text_font=\u00bbMontserrat|300|||||||\u00bb ul_font=\u00bb&#8211;et_global_heading_font||||||||\u00bb ul_text_color=\u00bb#617179&#8243; ul_line_height=\u00bb1.7em\u00bb header_font=\u00bb&#8211;et_global_heading_font|300|||||||\u00bb width=\u00bb100%\u00bb custom_margin=\u00bb5px||15px||false|false\u00bb custom_padding=\u00bb|9px||||\u00bb global_colors_info=\u00bb{}\u00bb]<\/p>\n<p class=\"p1\">Im Neurovertebralen Institut Recoletas Salud Marbella. Wir bieten unseren Patienten die fortschrittlichsten technologischen Methoden f\u00fcr die Behandlung von neurodegenerativen Erkrankungen. <strong>Diagnose und chirurgische Behandlung<\/strong> der Pathologie der Wirbels\u00e4ule.<\/p>\n<p>&nbsp;<\/p>\n<ul>\n<li><strong>Mikrodiskektomie.<\/strong><\/li>\n<li><strong>Diskektomie.<\/strong><\/li>\n<li><strong>Mikrochirurgie (Mikrodiskektomie, Mikrodekompression mit oder ohne Stabilisierung).<\/strong><\/li>\n<li><strong>Endoskopische Chirurgie.<\/strong><\/li>\n<li><strong>Anteriore und posteriore Stabilisierung der Halswirbels\u00e4ule.<\/strong><\/li>\n<li><strong>Lumbale und zervikale Arthroplastik.<\/strong><\/li>\n<li><strong>Arthrodese oder lumbale und zervikale Fixierung.<\/strong><\/li>\n<li><strong>Dynamische Stabilisierung der Lendenwirbels\u00e4ule.<\/strong><\/li>\n<li><strong>Tumor-, traumatische oder infekti\u00f6se Korporektomie.<\/strong><\/li>\n<li><strong>Minimal-invasive Chirurgie (MISS).<\/strong><\/li>\n<li><strong>Perkutane Chirurgie (Kyphoplastie, Vertebroplastie, Stentoplastie).<\/strong><\/li>\n<\/ul>\n<p>[\/et_pb_text][\/et_pb_column][\/et_pb_row][\/et_pb_section][et_pb_section fb_built=\u00bb1&#8243; custom_padding_last_edited=\u00bbon|tablet\u00bb admin_label=\u00bbCarrousel Especialidades Footer\u00bb _builder_version=\u00bb4.27.4&#8243; _module_preset=\u00bbf5c4057e-a1bb-4e7e-aeee-e3f81f16a896&#8243; background_color=\u00bb#F2F2F2&#8243; custom_margin=\u00bb0px||0px||true|false\u00bb custom_padding=\u00bb60px||60px||true|false\u00bb custom_padding_tablet=\u00bb50px||50px|0px|true|false\u00bb custom_padding_phone=\u00bb30px||50px||false|false\u00bb global_module=\u00bb286167&#8243; saved_tabs=\u00bball\u00bb locked=\u00bboff\u00bb collapsed=\u00bbon\u00bb global_colors_info=\u00bb%91%93&#8243;][et_pb_row _builder_version=\u00bb4.27.4&#8243; _module_preset=\u00bbdefault\u00bb custom_margin=\u00bb||0px||false|false\u00bb custom_padding=\u00bb||0px||false|false\u00bb global_colors_info=\u00bb{}\u00bb][et_pb_column type=\u00bb4_4&#8243; _builder_version=\u00bb4.27.4&#8243; _module_preset=\u00bbdefault\u00bb global_colors_info=\u00bb{}\u00bb][et_pb_text _builder_version=\u00bb4.27.4&#8243; _module_preset=\u00bbb20293d3-7e7e-4718-8a41-9d40e20be87b\u00bb header_2_font=\u00bb&#8211;et_global_heading_font|800||on|||||\u00bb header_2_font_size=\u00bb30px\u00bb header_2_letter_spacing=\u00bb0px\u00bb header_2_line_height=\u00bb1em\u00bb header_4_text_color=\u00bb#C7A3DE\u00bb width_tablet=\u00bb\u00bb width_phone=\u00bbauto\u00bb width_last_edited=\u00bbon|phone\u00bb max_width=\u00bb379px\u00bb max_width_tablet=\u00bb379px\u00bb max_width_phone=\u00bb100%\u00bb max_width_last_edited=\u00bbon|phone\u00bb module_alignment=\u00bbcenter\u00bb custom_padding=\u00bb|30px||30px|false|true\u00bb header_2_font_size_tablet=\u00bb30px\u00bb header_2_font_size_phone=\u00bb26px\u00bb header_2_font_size_last_edited=\u00bbon|phone\u00bb header_2_letter_spacing_tablet=\u00bb0px\u00bb header_2_letter_spacing_phone=\u00bb0px\u00bb header_2_letter_spacing_last_edited=\u00bbon|desktop\u00bb border_width_right=\u00bb2px\u00bb border_color_right=\u00bb#C7A3DE\u00bb border_width_left=\u00bb2px\u00bb border_color_left=\u00bb#C7A3DE\u00bb locked=\u00bboff\u00bb global_colors_info=\u00bb{}\u00bb]<\/p>\n<h3 style=\"text-align: center;\">Spezialit\u00e4ten<\/h3>\n<h2 style=\"text-align: center;\" class=\" translation-block\"><span style=\"color: #5a636a\">Wie k\u00f6nnen wir Ihnen helfen?<\/h2>\n<p>[\/et_pb_text][dica_divi_carousel loop=\u00bbon\u00bb autoplay=\u00bbon\u00bb hoverpause=\u00bbon\u00bb scroller_effect=\u00bbon\u00bb arrow_nav=\u00bbon\u00bb dot_nav=\u00bbon\u00bb advanced_effect=\u00bb1&#8243; arrow_nav_color=\u00bb#C7A3DE\u00bb arrow_bg_color=\u00bbRGBA(255,255,255,0)\u00bb dots_active_color=\u00bb#C7A3DE\u00bb overlay_color_field_bgcolor=\u00bbrgba(255,255,255,0.85)\u00bb title_background=\u00bbRGBA(255,255,255,0)\u00bb subtitle_background=\u00bbRGBA(255,255,255,0)\u00bb arrow_position=\u00bbmiddle-outside\u00bb arrow_font_size=\u00bb50px\u00bb carousel_container_padding=\u00bb||||false|false\u00bb innercontent_padding=\u00bb||23px||false|false\u00bb innercontent_padding_tablet=\u00bb||25px||false|false\u00bb innercontent_padding_phone=\u00bb\u00bb innercontent_padding_last_edited=\u00bbon|tablet\u00bb _builder_version=\u00bb4.27.4&#8243; _module_preset=\u00bbdefault\u00bb title_font=\u00bb&#8211;et_global_body_font|700||on|||||\u00bb title_text_align=\u00bbcenter\u00bb title_text_color=\u00bb#FFFFFF\u00bb title_font_size=\u00bb14px\u00bb title_letter_spacing=\u00bb1px\u00bb subtitle_text_align=\u00bbcenter\u00bb module_alignment=\u00bbcenter\u00bb custom_margin_tablet=\u00bb0px||0px||false|false\u00bb custom_margin_phone=\u00bb\u00bb custom_margin_last_edited=\u00bbon|tablet\u00bb custom_padding_tablet=\u00bb0px||0px||false|false\u00bb custom_padding_phone=\u00bb\u00bb custom_padding_last_edited=\u00bbon|tablet\u00bb global_colors_info=\u00bb{}\u00bb][dica_divi_carouselitem title=\u00bbAnestesia y cuidados intensivos\u00bb button_url_new_window=\u00bb1&#8243; image_position=\u00bbimage_under_title\u00bb rating_alignment=\u00bbcenter\u00bb image_padding=\u00bb||||false|false\u00bb content_padding=\u00bb205px|18px|28px|18px|false|true\u00bb content_padding_tablet=\u00bb\u00bb content_padding_phone=\u00bb\u00bb content_padding_last_edited=\u00bbon|tablet\u00bb button_margin=\u00bb||||false|false\u00bb button_padding=\u00bb||||false|false\u00bb _builder_version=\u00bb4.27.4&#8243; _dynamic_attributes=\u00bblink_option_url\u00bb _module_preset=\u00bbdefault\u00bb header_level=\u00bbh3&#8243; header_font=\u00bb&#8211;et_global_heading_font|||on|||||\u00bb header_text_align=\u00bbcenter\u00bb header_line_height=\u00bb1.1em\u00bb subtitle_text_align=\u00bbcenter\u00bb body_text_align=\u00bbcenter\u00bb background_enable_color=\u00bboff\u00bb use_background_color_gradient=\u00bbon\u00bb background_color_gradient_direction=\u00bb360deg\u00bb background_color_gradient_stops=\u00bbrgba(90,99,106,0.86) 17%|rgba(255,255,255,0) 40%|rgba(255, 255, 255, 0) 57%\u00bb background_image=\u00bbhttps:\/\/recoletasmarbella.com\/wp-content\/uploads\/2025\/03\/recoletas_marbella_anestesia-4.jpg\u00bb background_enable_image=\u00bbon\u00bb background_blend=\u00bbmultiply\u00bb button_alignment=\u00bbcenter\u00bb filter_saturate=\u00bb133%\u00bb filter_brightness=\u00bb107%\u00bb filter_sepia=\u00bb1%\u00bb link_option_url=\u00bb@ET-DC@eyJkeW5hbWljIjp0cnVlLCJjb250ZW50IjoicG9zdF9saW5rX3VybF9wYWdlIiwic2V0dGluZ3MiOnsicG9zdF9pZCI6IjI4MzY0NCJ9fQ==@\u00bb border_radii_item=\u00bbon|13px|13px|13px|13px\u00bb global_colors_info=\u00bb{}\u00bb][\/dica_divi_carouselitem][dica_divi_carouselitem title=\u00bbCARDIOLOG\u00cdA \u00bb field_enable_content_limit=\u00bboff\u00bb button_url_new_window=\u00bb1&#8243; image_position=\u00bbimage_under_title\u00bb rating_alignment=\u00bbcenter\u00bb image_padding=\u00bb||||false|false\u00bb content_padding=\u00bb205px|18px|44px|18px|false|true\u00bb content_padding_tablet=\u00bb||44px||false|true\u00bb content_padding_phone=\u00bb\u00bb content_padding_last_edited=\u00bbon|tablet\u00bb button_margin=\u00bb||||false|false\u00bb button_padding=\u00bb||||false|false\u00bb custom_padding=\u00bb||||false|false\u00bb custom_padding_tablet=\u00bb||15px||false|false\u00bb custom_padding_phone=\u00bb\u00bb custom_padding_last_edited=\u00bbon|tablet\u00bb _builder_version=\u00bb4.27.4&#8243; _dynamic_attributes=\u00bblink_option_url\u00bb _module_preset=\u00bbdefault\u00bb header_font=\u00bb&#8211;et_global_heading_font|||on|||||\u00bb header_text_align=\u00bbcenter\u00bb header_text_color=\u00bb#FFFFFF\u00bb header_line_height=\u00bb1em\u00bb background_enable_color=\u00bboff\u00bb use_background_color_gradient=\u00bbon\u00bb background_color_gradient_direction=\u00bb360deg\u00bb background_color_gradient_stops=\u00bbrgba(90,99,106,0.86) 16%|rgba(255,255,255,0) 46%\u00bb background_image=\u00bbhttps:\/\/recoletasmarbella.com\/wp-content\/uploads\/2025\/03\/recoletas_marbella_cardiologia-3.jpg\u00bb background_enable_image=\u00bbon\u00bb background_blend=\u00bbmultiply\u00bb child_filter_brightness=\u00bb0%\u00bb link_option_url=\u00bb@ET-DC@eyJkeW5hbWljIjp0cnVlLCJjb250ZW50IjoicG9zdF9saW5rX3VybF9wYWdlIiwic2V0dGluZ3MiOnsicG9zdF9pZCI6IjI4NTg4OCJ9fQ==@\u00bb header_text_align_tablet=\u00bbcenter\u00bb header_text_align_last_edited=\u00bboff|tablet\u00bb header_text_color_tablet=\u00bb\u00bb header_text_color_phone=\u00bb\u00bb header_text_color_last_edited=\u00bbon|tablet\u00bb border_radii_item=\u00bbon|13px|13px|13px|13px\u00bb global_colors_info=\u00bb{}\u00bb][\/dica_divi_carouselitem][dica_divi_carouselitem title=\u00bbCIRUG\u00cdA GENERAL Y DIGESTIVA\u00bb button_url_new_window=\u00bb1&#8243; image_position=\u00bbimage_under_title\u00bb image_padding=\u00bb||||false|false\u00bb content_padding=\u00bb205px|18px|44px|18px|false|true\u00bb content_padding_tablet=\u00bb205px|18px|28px|18px|false|true\u00bb content_padding_phone=\u00bb\u00bb content_padding_last_edited=\u00bbon|tablet\u00bb button_margin=\u00bb||||false|false\u00bb button_padding=\u00bb||||false|false\u00bb _builder_version=\u00bb4.27.4&#8243; _dynamic_attributes=\u00bblink_option_url\u00bb _module_preset=\u00bbdefault\u00bb header_line_height=\u00bb1.1em\u00bb background_enable_color=\u00bboff\u00bb use_background_color_gradient=\u00bbon\u00bb background_color_gradient_direction=\u00bb360deg\u00bb background_color_gradient_stops=\u00bbrgba(90,99,106,0.86) 14%|rgba(255,255,255,0) 43%\u00bb background_image=\u00bbhttps:\/\/recoletasmarbella.com\/wp-content\/uploads\/2025\/03\/recoletas_marbella_cirugia_digestiva.jpg\u00bb background_enable_image=\u00bbon\u00bb background_blend=\u00bbmultiply\u00bb filter_saturate=\u00bb116%\u00bb filter_sepia=\u00bb4%\u00bb link_option_url=\u00bb@ET-DC@eyJkeW5hbWljIjp0cnVlLCJjb250ZW50IjoicG9zdF9saW5rX3VybF9wYWdlIiwic2V0dGluZ3MiOnsicG9zdF9pZCI6IjI4NTk0NSJ9fQ==@\u00bb border_radii_item=\u00bbon|13px|13px|13px|13px\u00bb global_colors_info=\u00bb{}\u00bb][\/dica_divi_carouselitem][dica_divi_carouselitem title=\u00bbCirug\u00eda Pl\u00e1stica y Est\u00e9tica\u00bb button_url_new_window=\u00bb1&#8243; image_position=\u00bbimage_under_title\u00bb image_padding=\u00bb||||false|false\u00bb content_padding=\u00bb205px|18px|44px|18px|false|true\u00bb button_margin=\u00bb||||false|false\u00bb button_padding=\u00bb||||false|false\u00bb _builder_version=\u00bb4.27.4&#8243; _dynamic_attributes=\u00bblink_option_url\u00bb _module_preset=\u00bbdefault\u00bb header_line_height=\u00bb1.1em\u00bb background_enable_color=\u00bboff\u00bb use_background_color_gradient=\u00bbon\u00bb background_color_gradient_direction=\u00bb360deg\u00bb background_color_gradient_stops=\u00bbrgba(90,99,106,0.86) 15%|rgba(255,255,255,0) 45%\u00bb background_image=\u00bbhttps:\/\/recoletasmarbella.com\/wp-content\/uploads\/2025\/03\/recoletas_marbella_cirugia-plastica-3.jpg\u00bb background_enable_image=\u00bbon\u00bb background_blend=\u00bbmultiply\u00bb filter_saturate=\u00bb113%\u00bb filter_brightness=\u00bb101%\u00bb link_option_url=\u00bb@ET-DC@eyJkeW5hbWljIjp0cnVlLCJjb250ZW50IjoicG9zdF9saW5rX3VybF9wYWdlIiwic2V0dGluZ3MiOnsicG9zdF9pZCI6IjI4NDkwNiJ9fQ==@\u00bb border_radii_item=\u00bbon|13px|13px|13px|13px\u00bb global_colors_info=\u00bb{}\u00bb][\/dica_divi_carouselitem][dica_divi_carouselitem title=\u00bbGinecolog\u00eda y Obstetricia\u00bb button_url_new_window=\u00bb1&#8243; image_position=\u00bbimage_under_title\u00bb image_padding=\u00bb||||false|false\u00bb content_padding=\u00bb205px|18px|44px|18px|false|true\u00bb button_margin=\u00bb||||false|false\u00bb button_padding=\u00bb||||false|false\u00bb _builder_version=\u00bb4.27.4&#8243; _dynamic_attributes=\u00bblink_option_url\u00bb _module_preset=\u00bbdefault\u00bb header_line_height=\u00bb1.1em\u00bb background_enable_color=\u00bboff\u00bb use_background_color_gradient=\u00bbon\u00bb background_color_gradient_direction=\u00bb355deg\u00bb background_color_gradient_stops=\u00bb#5a636a 4%|rgba(255,255,255,0) 33%\u00bb background_image=\u00bbhttps:\/\/recoletasmarbella.com\/wp-content\/uploads\/2025\/03\/especialidades_ginecologia-hospital-recoletas-salud-marbella-2.jpg\u00bb background_enable_image=\u00bbon\u00bb background_blend=\u00bbmultiply\u00bb filter_brightness=\u00bb103%\u00bb link_option_url=\u00bb@ET-DC@eyJkeW5hbWljIjp0cnVlLCJjb250ZW50IjoicG9zdF9saW5rX3VybF9wYWdlIiwic2V0dGluZ3MiOnsicG9zdF9pZCI6IjI4NDkwNiJ9fQ==@\u00bb border_radii_item=\u00bbon|13px|13px|13px|13px\u00bb global_colors_info=\u00bb{}\u00bb][\/dica_divi_carouselitem][dica_divi_carouselitem title=\u00bbcirug\u00eda ortop\u00e9dica\u00bb button_url_new_window=\u00bb1&#8243; image_position=\u00bbimage_under_title\u00bb image_padding=\u00bb||||false|false\u00bb content_padding=\u00bb205px|18px|44px|18px|false|true\u00bb button_margin=\u00bb||||false|false\u00bb button_padding=\u00bb||||false|false\u00bb _builder_version=\u00bb4.27.4&#8243; _dynamic_attributes=\u00bblink_option_url\u00bb _module_preset=\u00bbdefault\u00bb header_font=\u00bb&#8211;et_global_heading_font||||||||\u00bb header_line_height=\u00bb1.1em\u00bb background_enable_color=\u00bboff\u00bb use_background_color_gradient=\u00bbon\u00bb background_color_gradient_direction=\u00bb360deg\u00bb background_color_gradient_stops=\u00bbrgba(90,99,106,0.86) 14%|rgba(255,255,255,0) 50%\u00bb background_image=\u00bbhttps:\/\/recoletasmarbella.com\/wp-content\/uploads\/2025\/03\/recoletas_marbella_ortopedia-2.jpg\u00bb background_enable_image=\u00bbon\u00bb background_blend=\u00bbmultiply\u00bb button_alignment=\u00bbcenter\u00bb filter_saturate=\u00bb123%\u00bb filter_sepia=\u00bb4%\u00bb link_option_url=\u00bb@ET-DC@eyJkeW5hbWljIjp0cnVlLCJjb250ZW50IjoicG9zdF9saW5rX3VybF9wYWdlIiwic2V0dGluZ3MiOnsicG9zdF9pZCI6IjI4NjM4MyJ9fQ==@\u00bb border_radii_item=\u00bbon|13px|13px|13px|13px\u00bb global_colors_info=\u00bb{}\u00bb][\/dica_divi_carouselitem][dica_divi_carouselitem title=\u00bbDiagn\u00f3stico por la imagen\u00bb button_url_new_window=\u00bb1&#8243; image_position=\u00bbimage_under_title\u00bb image_padding=\u00bb||||false|false\u00bb content_padding=\u00bb205px|18px|44px|18px|false|true\u00bb button_margin=\u00bb||||false|false\u00bb button_padding=\u00bb||||false|false\u00bb _builder_version=\u00bb4.27.4&#8243; _dynamic_attributes=\u00bblink_option_url\u00bb _module_preset=\u00bbdefault\u00bb header_line_height=\u00bb1.1em\u00bb background_enable_color=\u00bboff\u00bb use_background_color_gradient=\u00bbon\u00bb background_color_gradient_direction=\u00bb360deg\u00bb background_color_gradient_stops=\u00bbrgba(90,99,106,0.95) 11%|rgba(255,255,255,0) 52%\u00bb background_image=\u00bbhttps:\/\/recoletasmarbella.com\/wp-content\/uploads\/2025\/04\/instalaciones_diagnosticodeimagen-hospital-recoletas-salud-marbella.jpg\u00bb background_enable_image=\u00bbon\u00bb background_blend=\u00bbmultiply\u00bb filter_saturate=\u00bb117%\u00bb filter_sepia=\u00bb4%\u00bb link_option_url=\u00bb@ET-DC@eyJkeW5hbWljIjp0cnVlLCJjb250ZW50IjoicG9zdF9saW5rX3VybF9wYWdlIiwic2V0dGluZ3MiOnsicG9zdF9pZCI6IjI4NjQ0NiJ9fQ==@\u00bb border_radii_item=\u00bbon|13px|13px|13px|13px\u00bb global_colors_info=\u00bb{}\u00bb][\/dica_divi_carouselitem][dica_divi_carouselitem title=\u00bbEndocrinolog\u00eda \u00bb button_url_new_window=\u00bb1&#8243; image_position=\u00bbimage_under_title\u00bb image_padding=\u00bb||||false|false\u00bb content_padding=\u00bb205px|18px|44px|18px|false|true\u00bb button_margin=\u00bb||||false|false\u00bb button_padding=\u00bb||||false|false\u00bb custom_padding_tablet=\u00bb||15px||false|false\u00bb custom_padding_phone=\u00bb\u00bb custom_padding_last_edited=\u00bbon|tablet\u00bb _builder_version=\u00bb4.27.4&#8243; _dynamic_attributes=\u00bblink_option_url\u00bb _module_preset=\u00bbdefault\u00bb background_enable_color=\u00bboff\u00bb use_background_color_gradient=\u00bbon\u00bb background_color_gradient_direction=\u00bb360deg\u00bb background_color_gradient_stops=\u00bbrgba(90,99,106,0.86) 11%|rgba(255,255,255,0) 52%\u00bb background_image=\u00bbhttps:\/\/recoletasmarbella.com\/wp-content\/uploads\/2025\/03\/recoletas_marbella_endocrino-nutricion-1.jpg\u00bb background_enable_image=\u00bbon\u00bb background_blend=\u00bbmultiply\u00bb filter_saturate=\u00bb120%\u00bb link_option_url=\u00bb@ET-DC@eyJkeW5hbWljIjp0cnVlLCJjb250ZW50IjoicG9zdF9saW5rX3VybF9wYWdlIiwic2V0dGluZ3MiOnsicG9zdF9pZCI6IjI4NjM4NiJ9fQ==@\u00bb border_radii_item=\u00bbon|13px|13px|13px|13px\u00bb global_colors_info=\u00bb{}\u00bb][\/dica_divi_carouselitem][dica_divi_carouselitem title=\u00bbMEDICINA DE FAMILIA\u00bb button_url_new_window=\u00bb1&#8243; image_position=\u00bbimage_under_title\u00bb image_padding=\u00bb||||false|false\u00bb content_padding=\u00bb205px|18px|44px|18px|false|true\u00bb button_margin=\u00bb||||false|false\u00bb button_padding=\u00bb||||false|false\u00bb _builder_version=\u00bb4.27.4&#8243; _dynamic_attributes=\u00bblink_option_url\u00bb _module_preset=\u00bbdefault\u00bb background_enable_color=\u00bboff\u00bb use_background_color_gradient=\u00bbon\u00bb background_color_gradient_direction=\u00bb360deg\u00bb background_color_gradient_stops=\u00bbrgba(90,99,106,0.86) 11%|rgba(255,255,255,0) 54%\u00bb background_image=\u00bbhttps:\/\/recoletasmarbella.com\/wp-content\/uploads\/2025\/03\/recoletas_marbella_medicia-familia-3.jpg\u00bb background_enable_image=\u00bbon\u00bb background_blend=\u00bbmultiply\u00bb filter_saturate=\u00bb130%\u00bb filter_brightness=\u00bb103%\u00bb link_option_url=\u00bb@ET-DC@eyJkeW5hbWljIjp0cnVlLCJjb250ZW50IjoicG9zdF9saW5rX3VybF9wYWdlIiwic2V0dGluZ3MiOnsicG9zdF9pZCI6IjI4NDkyMSJ9fQ==@\u00bb border_radii_item=\u00bbon|13px|13px|13px|13px\u00bb global_colors_info=\u00bb{}\u00bb content_padding__hover_enabled=\u00bboff|desktop\u00bb][\/dica_divi_carouselitem][dica_divi_carouselitem title=\u00bbMedicina Est\u00e9tica\u00bb button_url_new_window=\u00bb1&#8243; image_position=\u00bbimage_under_title\u00bb image_padding=\u00bb||||false|false\u00bb content_padding=\u00bb205px|18px|44px|18px|false|true\u00bb button_margin=\u00bb||||false|false\u00bb button_padding=\u00bb||||false|false\u00bb _builder_version=\u00bb4.27.4&#8243; _dynamic_attributes=\u00bblink_option_url\u00bb _module_preset=\u00bbdefault\u00bb background_enable_color=\u00bboff\u00bb use_background_color_gradient=\u00bbon\u00bb background_color_gradient_direction=\u00bb360deg\u00bb background_color_gradient_stops=\u00bbrgba(90,99,106,0.86) 16%|rgba(255,255,255,0) 50%\u00bb background_image=\u00bbhttps:\/\/recoletasmarbella.com\/wp-content\/uploads\/2025\/03\/recoletas_marbella_estetica-3.jpg\u00bb background_enable_image=\u00bbon\u00bb background_blend=\u00bbmultiply\u00bb filter_saturate=\u00bb117%\u00bb filter_sepia=\u00bb3%\u00bb link_option_url=\u00bb@ET-DC@eyJkeW5hbWljIjp0cnVlLCJjb250ZW50IjoicG9zdF9saW5rX3VybF9wYWdlIiwic2V0dGluZ3MiOnsicG9zdF9pZCI6IjI4NDczMSJ9fQ==@\u00bb border_radii_item=\u00bbon|13px|13px|13px|13px\u00bb global_colors_info=\u00bb{}\u00bb][\/dica_divi_carouselitem][dica_divi_carouselitem title=\u00bbMedicina Interna\u00bb button_url_new_window=\u00bb1&#8243; image_position=\u00bbimage_under_title\u00bb image_padding=\u00bb||||false|false\u00bb content_padding=\u00bb205px|18px|44px|18px|false|true\u00bb button_margin=\u00bb||||false|false\u00bb button_padding=\u00bb||||false|false\u00bb _builder_version=\u00bb4.27.4&#8243; _dynamic_attributes=\u00bblink_option_url\u00bb _module_preset=\u00bbdefault\u00bb background_enable_color=\u00bboff\u00bb use_background_color_gradient=\u00bbon\u00bb background_color_gradient_direction=\u00bb360deg\u00bb background_color_gradient_stops=\u00bbrgba(90,99,106,0.86) 11%|rgba(255,255,255,0) 37%\u00bb background_image=\u00bbhttps:\/\/recoletasmarbella.com\/wp-content\/uploads\/2025\/03\/recoletas_marbella_interna-2.jpg\u00bb background_enable_image=\u00bbon\u00bb background_blend=\u00bbmultiply\u00bb filter_brightness=\u00bb105%\u00bb link_option_url=\u00bb@ET-DC@eyJkeW5hbWljIjp0cnVlLCJjb250ZW50IjoicG9zdF9saW5rX3VybF9wYWdlIiwic2V0dGluZ3MiOnsicG9zdF9pZCI6IjI4NjIzNiJ9fQ==@\u00bb border_radii_item=\u00bbon|13px|13px|13px|13px\u00bb global_colors_info=\u00bb{}\u00bb][\/dica_divi_carouselitem][dica_divi_carouselitem title=\u00bbNeurocirug\u00eda\u00bb button_url_new_window=\u00bb1&#8243; image_position=\u00bbimage_under_title\u00bb image_padding=\u00bb||||false|false\u00bb content_padding=\u00bb205px|18px|44px|18px|false|true\u00bb button_margin=\u00bb||||false|false\u00bb button_padding=\u00bb||||false|false\u00bb custom_padding_tablet=\u00bb||15px||false|false\u00bb custom_padding_phone=\u00bb\u00bb custom_padding_last_edited=\u00bbon|tablet\u00bb _builder_version=\u00bb4.27.4&#8243; _dynamic_attributes=\u00bblink_option_url\u00bb _module_preset=\u00bbdefault\u00bb background_enable_color=\u00bboff\u00bb use_background_color_gradient=\u00bbon\u00bb background_color_gradient_direction=\u00bb360deg\u00bb background_color_gradient_stops=\u00bbrgba(90,99,106,0.86) 13%|rgba(255,255,255,0) 44%\u00bb background_image=\u00bbhttps:\/\/recoletasmarbella.com\/wp-content\/uploads\/2025\/03\/recoletas_marbella_neurocirugia-2.jpg\u00bb background_enable_image=\u00bbon\u00bb background_blend=\u00bbmultiply\u00bb filter_saturate=\u00bb110%\u00bb filter_sepia=\u00bb1%\u00bb link_option_url=\u00bb@ET-DC@eyJkeW5hbWljIjp0cnVlLCJjb250ZW50IjoicG9zdF9saW5rX3VybF9wYWdlIiwic2V0dGluZ3MiOnsicG9zdF9pZCI6IjI4NjI0NCJ9fQ==@\u00bb border_radii_item=\u00bbon|13px|13px|13px|13px\u00bb global_colors_info=\u00bb{}\u00bb][\/dica_divi_carouselitem][dica_divi_carouselitem title=\u00bbUNIDAD DEL DOLOR\u00bb button_url_new_window=\u00bb1&#8243; image_position=\u00bbimage_under_title\u00bb image_padding=\u00bb||||false|false\u00bb content_padding=\u00bb205px|18px|44px|18px|false|true\u00bb button_margin=\u00bb||||false|false\u00bb button_padding=\u00bb||||false|false\u00bb _builder_version=\u00bb4.27.4&#8243; _dynamic_attributes=\u00bblink_option_url\u00bb _module_preset=\u00bbdefault\u00bb background_enable_color=\u00bboff\u00bb use_background_color_gradient=\u00bbon\u00bb background_color_gradient_direction=\u00bb360deg\u00bb background_color_gradient_stops=\u00bbrgba(90,99,106,0.86) 14%|rgba(255,255,255,0) 57%\u00bb background_image=\u00bbhttps:\/\/recoletasmarbella.com\/wp-content\/uploads\/2025\/03\/recoletas_marbella_unidaldeldolor-4.jpg\u00bb background_enable_image=\u00bbon\u00bb background_blend=\u00bbmultiply\u00bb filter_saturate=\u00bb107%\u00bb link_option_url=\u00bb@ET-DC@eyJkeW5hbWljIjp0cnVlLCJjb250ZW50IjoicG9zdF9saW5rX3VybF9wYWdlIiwic2V0dGluZ3MiOnsicG9zdF9pZCI6IjI4NDY2NCJ9fQ==@\u00bb border_radii_item=\u00bbon|13px|13px|13px|13px\u00bb global_colors_info=\u00bb{}\u00bb][\/dica_divi_carouselitem][dica_divi_carouselitem title=\u00bbunidad de hemodin\u00e1mica\u00bb button_url_new_window=\u00bb1&#8243; image_position=\u00bbimage_under_title\u00bb image_padding=\u00bb||||false|false\u00bb content_padding=\u00bb205px|18px|44px|18px|false|true\u00bb button_margin=\u00bb||||false|false\u00bb button_padding=\u00bb||||false|false\u00bb _builder_version=\u00bb4.27.4&#8243; _dynamic_attributes=\u00bblink_option_url\u00bb _module_preset=\u00bbdefault\u00bb background_enable_color=\u00bboff\u00bb use_background_color_gradient=\u00bbon\u00bb background_color_gradient_direction=\u00bb360deg\u00bb background_color_gradient_stops=\u00bbrgba(90,99,106,0.86) 15%|rgba(255,255,255,0) 41%\u00bb background_image=\u00bbhttps:\/\/recoletasmarbella.com\/wp-content\/uploads\/2025\/03\/recoletas_marbella_unidad-hemodinamica.jpg\u00bb background_enable_image=\u00bbon\u00bb background_blend=\u00bbmultiply\u00bb filter_saturate=\u00bb132%\u00bb link_option_url=\u00bb@ET-DC@eyJkeW5hbWljIjp0cnVlLCJjb250ZW50IjoicG9zdF9saW5rX3VybF9wYWdlIiwic2V0dGluZ3MiOnsicG9zdF9pZCI6IjI4NjI2MyJ9fQ==@\u00bb border_radii_item=\u00bbon|13px|13px|13px|13px\u00bb global_colors_info=\u00bb{}\u00bb][\/dica_divi_carouselitem][dica_divi_carouselitem title=\u00bbServicio de urgencias\u00bb button_url_new_window=\u00bb1&#8243; image_position=\u00bbimage_under_title\u00bb rating_alignment=\u00bbcenter\u00bb image_padding=\u00bb||||false|false\u00bb content_padding=\u00bb205px|18px|44px|18px|false|true\u00bb button_margin=\u00bb||||false|false\u00bb button_padding=\u00bb||||false|false\u00bb _builder_version=\u00bb4.27.4&#8243; _dynamic_attributes=\u00bblink_option_url\u00bb _module_preset=\u00bbdefault\u00bb header_line_height=\u00bb1.1em\u00bb background_enable_color=\u00bboff\u00bb use_background_color_gradient=\u00bbon\u00bb background_color_gradient_direction=\u00bb360deg\u00bb background_color_gradient_stops=\u00bbrgba(90,99,106,0.86) 16%|rgba(255,255,255,0) 45%\u00bb background_image=\u00bbhttps:\/\/recoletasmarbella.com\/wp-content\/uploads\/2025\/04\/instalaciones_servicios-de-urgencias-hospital-recoletas-salud-marbella.jpg\u00bb background_enable_image=\u00bbon\u00bb background_blend=\u00bbmultiply\u00bb button_alignment=\u00bbcenter\u00bb filter_saturate=\u00bb107%\u00bb filter_sepia=\u00bb2%\u00bb link_option_url=\u00bb@ET-DC@eyJkeW5hbWljIjp0cnVlLCJjb250ZW50IjoicG9zdF9saW5rX3VybF9wYWdlIiwic2V0dGluZ3MiOnsicG9zdF9pZCI6IjI4NjQwMiJ9fQ==@\u00bb border_radii_item=\u00bbon|13px|13px|13px|13px\u00bb global_colors_info=\u00bb{}\u00bb][\/dica_divi_carouselitem][dica_divi_carouselitem title=\u00bbUrolog\u00eda\u00bb button_url_new_window=\u00bb1&#8243; image_position=\u00bbimage_under_title\u00bb image_padding=\u00bb||||false|false\u00bb content_padding=\u00bb205px|18px|44px|18px|false|true\u00bb button_margin=\u00bb||||false|false\u00bb button_padding=\u00bb||||false|false\u00bb custom_padding_tablet=\u00bb||15px||false|false\u00bb custom_padding_phone=\u00bb\u00bb custom_padding_last_edited=\u00bbon|tablet\u00bb _builder_version=\u00bb4.27.4&#8243; _dynamic_attributes=\u00bblink_option_url\u00bb _module_preset=\u00bbdefault\u00bb background_enable_color=\u00bboff\u00bb use_background_color_gradient=\u00bbon\u00bb background_color_gradient_direction=\u00bb360deg\u00bb background_color_gradient_stops=\u00bbrgba(90, 99, 106, 0.86) 0%|rgba(90,99,106,0.86) 11%|rgba(255,255,255,0) 52%\u00bb background_image=\u00bbhttps:\/\/recoletasmarbella.com\/wp-content\/uploads\/2025\/03\/recoletas_marbella_urologia-3.jpg\u00bb background_enable_image=\u00bbon\u00bb background_blend=\u00bbmultiply\u00bb filter_saturate=\u00bb110%\u00bb filter_sepia=\u00bb1%\u00bb link_option_url=\u00bb@ET-DC@eyJkeW5hbWljIjp0cnVlLCJjb250ZW50IjoicG9zdF9saW5rX3VybF9wYWdlIiwic2V0dGluZ3MiOnsicG9zdF9pZCI6IjI4NjQxOSJ9fQ==@\u00bb border_radii_item=\u00bbon|13px|13px|13px|13px\u00bb global_colors_info=\u00bb{}\u00bb][\/dica_divi_carouselitem][\/dica_divi_carousel][\/et_pb_column][\/et_pb_row][\/et_pb_section]<\/p>","protected":false},"excerpt":{"rendered":"<p>Especialidades INSTITUTO NEURO VERTEBRALPR\u00d3XIMAMENTETratamientos para tu columna y sistema nervioso CIRUG\u00cdA DE COLUMNA Y NEUROCIRUG\u00cdA AVANZADA EN LA COSTA DEL SOLEn Recoletas Salud Marbella, el Instituto Neuro vertebral ofrece diagn\u00f3stico y tratamiento especializado de patolog\u00edas complejas de la columna vertebral y sistema nervioso central, aplicando tecnolog\u00eda quir\u00fargica de \u00faltima generaci\u00f3n y cirug\u00eda m\u00ednimamente invasiva. Cada [&hellip;]<\/p>","protected":false},"author":2,"featured_media":286160,"parent":0,"menu_order":0,"comment_status":"closed","ping_status":"closed","template":"","meta":{"_et_pb_use_builder":"on","_et_pb_old_content":"","_et_gb_content_width":"","footnotes":""},"class_list":["post-286244","page","type-page","status-publish","has-post-thumbnail","hentry"],"yoast_head":"<!-- This site is optimized with the Yoast SEO plugin v26.1.1 - https:\/\/yoast.com\/wordpress\/plugins\/seo\/ -->\n<title>Instituto Neuro Vertebral en Marbella | Recoletas Salud Hospital<\/title>\n<meta name=\"description\" content=\"Tratamiento quir\u00fargico neuro vertebral de tumores cerebrales, hernias discales y patolog\u00edas del sistema nervioso, con navegaci\u00f3n 3D de \u00e9lite\" \/>\n<meta name=\"robots\" content=\"index, follow, max-snippet:-1, max-image-preview:large, max-video-preview:-1\" \/>\n<link rel=\"canonical\" href=\"https:\/\/recoletasmarbella.com\/de\/neuro-vertebrales-institut-2\/\" \/>\n<meta property=\"og:locale\" content=\"de_DE\" \/>\n<meta property=\"og:type\" content=\"article\" \/>\n<meta property=\"og:title\" content=\"Instituto Neuro Vertebral en Marbella | Recoletas Salud Hospital\" \/>\n<meta property=\"og:description\" content=\"Tratamiento quir\u00fargico neuro vertebral de tumores cerebrales, hernias discales y patolog\u00edas del sistema nervioso, con navegaci\u00f3n 3D de \u00e9lite\" \/>\n<meta property=\"og:url\" content=\"https:\/\/recoletasmarbella.com\/de\/neuro-vertebrales-institut-2\/\" \/>\n<meta property=\"og:site_name\" content=\"Hospital Marbella\" \/>\n<meta property=\"article:publisher\" content=\"https:\/\/www.facebook.com\/people\/Recoletas-Salud-Marbella\/61573653462220\/\" \/>\n<meta property=\"article:modified_time\" content=\"2026-02-16T16:56:55+00:00\" \/>\n<meta property=\"og:image\" content=\"http:\/\/recoletasmarbella.com\/wp-content\/uploads\/2025\/03\/carrousel-neurocirugia-recoletas-2-marbella.jpg\" \/>\n\t<meta property=\"og:image:width\" content=\"800\" \/>\n\t<meta property=\"og:image:height\" content=\"800\" \/>\n\t<meta property=\"og:image:type\" content=\"image\/jpeg\" \/>\n<meta name=\"twitter:card\" content=\"summary_large_image\" \/>\n<meta name=\"twitter:label1\" content=\"Gesch\u00e4tzte Lesezeit\" \/>\n\t<meta name=\"twitter:data1\" content=\"7\u00a0Minuten\" \/>\n<script type=\"application\/ld+json\" class=\"yoast-schema-graph\">{\"@context\":\"https:\/\/schema.org\",\"@graph\":[{\"@type\":\"WebPage\",\"@id\":\"https:\/\/recoletasmarbella.com\/instituto-neuro-vertebral-2\/\",\"url\":\"https:\/\/recoletasmarbella.com\/instituto-neuro-vertebral-2\/\",\"name\":\"Instituto Neuro Vertebral en Marbella | Recoletas Salud Hospital\",\"isPartOf\":{\"@id\":\"https:\/\/recoletasmarbella.com\/es\/#website\"},\"primaryImageOfPage\":{\"@id\":\"https:\/\/recoletasmarbella.com\/instituto-neuro-vertebral-2\/#primaryimage\"},\"image\":{\"@id\":\"https:\/\/recoletasmarbella.com\/instituto-neuro-vertebral-2\/#primaryimage\"},\"thumbnailUrl\":\"https:\/\/recoletasmarbella.com\/wp-content\/uploads\/2025\/03\/carrousel-neurocirugia-recoletas-2-marbella.jpg\",\"datePublished\":\"2025-03-06T00:15:16+00:00\",\"dateModified\":\"2026-02-16T16:56:55+00:00\",\"description\":\"Tratamiento quir\u00fargico neuro vertebral de tumores cerebrales, hernias discales y patolog\u00edas del sistema nervioso, con navegaci\u00f3n 3D de \u00e9lite\",\"breadcrumb\":{\"@id\":\"https:\/\/recoletasmarbella.com\/instituto-neuro-vertebral-2\/#breadcrumb\"},\"inLanguage\":\"de\",\"potentialAction\":[{\"@type\":\"ReadAction\",\"target\":[\"https:\/\/recoletasmarbella.com\/instituto-neuro-vertebral-2\/\"]}]},{\"@type\":\"ImageObject\",\"inLanguage\":\"de\",\"@id\":\"https:\/\/recoletasmarbella.com\/instituto-neuro-vertebral-2\/#primaryimage\",\"url\":\"https:\/\/recoletasmarbella.com\/wp-content\/uploads\/2025\/03\/carrousel-neurocirugia-recoletas-2-marbella.jpg\",\"contentUrl\":\"https:\/\/recoletasmarbella.com\/wp-content\/uploads\/2025\/03\/carrousel-neurocirugia-recoletas-2-marbella.jpg\",\"width\":800,\"height\":800,\"caption\":\"neurocirugia. Hospital Recoletas Salud Marbella\"},{\"@type\":\"BreadcrumbList\",\"@id\":\"https:\/\/recoletasmarbella.com\/instituto-neuro-vertebral-2\/#breadcrumb\",\"itemListElement\":[{\"@type\":\"ListItem\",\"position\":1,\"name\":\"Portada\",\"item\":\"https:\/\/recoletasmarbella.com\/es\/\"},{\"@type\":\"ListItem\",\"position\":2,\"name\":\"Instituto Neuro Vertebral\"}]},{\"@type\":\"WebSite\",\"@id\":\"https:\/\/recoletasmarbella.com\/es\/#website\",\"url\":\"https:\/\/recoletasmarbella.com\/es\/\",\"name\":\"Hospital Recoletas Salud Marbella\",\"description\":\"Recoletas Salud\",\"publisher\":{\"@id\":\"https:\/\/recoletasmarbella.com\/es\/#organization\"},\"potentialAction\":[{\"@type\":\"SearchAction\",\"target\":{\"@type\":\"EntryPoint\",\"urlTemplate\":\"https:\/\/recoletasmarbella.com\/es\/?s={search_term_string}\"},\"query-input\":{\"@type\":\"PropertyValueSpecification\",\"valueRequired\":true,\"valueName\":\"search_term_string\"}}],\"inLanguage\":\"de\"},{\"@type\":\"Organization\",\"@id\":\"https:\/\/recoletasmarbella.com\/es\/#organization\",\"name\":\"Grupo Recoletas\",\"url\":\"https:\/\/recoletasmarbella.com\/es\/\",\"logo\":{\"@type\":\"ImageObject\",\"inLanguage\":\"de\",\"@id\":\"https:\/\/recoletasmarbella.com\/es\/#\/schema\/logo\/image\/\",\"url\":\"http:\/\/recoletasmarbella.com\/wp-content\/uploads\/2025\/01\/logo-v-hospital-marbella-1.png\",\"contentUrl\":\"http:\/\/recoletasmarbella.com\/wp-content\/uploads\/2025\/01\/logo-v-hospital-marbella-1.png\",\"width\":216,\"height\":164,\"caption\":\"Grupo Recoletas\"},\"image\":{\"@id\":\"https:\/\/recoletasmarbella.com\/es\/#\/schema\/logo\/image\/\"},\"sameAs\":[\"https:\/\/www.facebook.com\/people\/Recoletas-Salud-Marbella\/61573653462220\/\",\"https:\/\/www.instagram.com\/recoletassaludmarbella\/\",\"https:\/\/www.linkedin.com\/company\/recoletas-salud-marbella\",\"https:\/\/www.youtube.com\/@recoletassalud\"]}]}<\/script>\n<!-- \/ Yoast SEO plugin. -->","yoast_head_json":{"title":"Neurovertebrales Institut in Marbella | Recoletas Salud Hospital","description":"Chirurgische neuro-vertebrale Behandlung von Hirntumoren, Bandscheibenvorf\u00e4llen und Pathologien des Nervensystems mit 3D-Elite-Navigation.","robots":{"index":"index","follow":"follow","max-snippet":"max-snippet:-1","max-image-preview":"max-image-preview:large","max-video-preview":"max-video-preview:-1"},"canonical":"https:\/\/recoletasmarbella.com\/de\/neuro-vertebrales-institut-2\/","og_locale":"de_DE","og_type":"article","og_title":"Instituto Neuro Vertebral en Marbella | Recoletas Salud Hospital","og_description":"Tratamiento quir\u00fargico neuro vertebral de tumores cerebrales, hernias discales y patolog\u00edas del sistema nervioso, con navegaci\u00f3n 3D de \u00e9lite","og_url":"https:\/\/recoletasmarbella.com\/de\/neuro-vertebrales-institut-2\/","og_site_name":"Hospital Marbella","article_publisher":"https:\/\/www.facebook.com\/people\/Recoletas-Salud-Marbella\/61573653462220\/","article_modified_time":"2026-02-16T16:56:55+00:00","og_image":[{"width":800,"height":800,"url":"http:\/\/recoletasmarbella.com\/wp-content\/uploads\/2025\/03\/carrousel-neurocirugia-recoletas-2-marbella.jpg","type":"image\/jpeg"}],"twitter_card":"summary_large_image","twitter_misc":{"Gesch\u00e4tzte Lesezeit":"7\u00a0Minuten"},"schema":{"@context":"https:\/\/schema.org","@graph":[{"@type":"WebPage","@id":"https:\/\/recoletasmarbella.com\/instituto-neuro-vertebral-2\/","url":"https:\/\/recoletasmarbella.com\/instituto-neuro-vertebral-2\/","name":"Neurovertebrales Institut in Marbella | Recoletas Salud Hospital","isPartOf":{"@id":"https:\/\/recoletasmarbella.com\/es\/#website"},"primaryImageOfPage":{"@id":"https:\/\/recoletasmarbella.com\/instituto-neuro-vertebral-2\/#primaryimage"},"image":{"@id":"https:\/\/recoletasmarbella.com\/instituto-neuro-vertebral-2\/#primaryimage"},"thumbnailUrl":"https:\/\/recoletasmarbella.com\/wp-content\/uploads\/2025\/03\/carrousel-neurocirugia-recoletas-2-marbella.jpg","datePublished":"2025-03-06T00:15:16+00:00","dateModified":"2026-02-16T16:56:55+00:00","description":"Chirurgische neuro-vertebrale Behandlung von Hirntumoren, Bandscheibenvorf\u00e4llen und Pathologien des Nervensystems mit 3D-Elite-Navigation.","breadcrumb":{"@id":"https:\/\/recoletasmarbella.com\/instituto-neuro-vertebral-2\/#breadcrumb"},"inLanguage":"de","potentialAction":[{"@type":"ReadAction","target":["https:\/\/recoletasmarbella.com\/instituto-neuro-vertebral-2\/"]}]},{"@type":"ImageObject","inLanguage":"de","@id":"https:\/\/recoletasmarbella.com\/instituto-neuro-vertebral-2\/#primaryimage","url":"https:\/\/recoletasmarbella.com\/wp-content\/uploads\/2025\/03\/carrousel-neurocirugia-recoletas-2-marbella.jpg","contentUrl":"https:\/\/recoletasmarbella.com\/wp-content\/uploads\/2025\/03\/carrousel-neurocirugia-recoletas-2-marbella.jpg","width":800,"height":800,"caption":"neurocirugia. Hospital Recoletas Salud Marbella"},{"@type":"BreadcrumbList","@id":"https:\/\/recoletasmarbella.com\/instituto-neuro-vertebral-2\/#breadcrumb","itemListElement":[{"@type":"ListItem","position":1,"name":"Portada","item":"https:\/\/recoletasmarbella.com\/es\/"},{"@type":"ListItem","position":2,"name":"Instituto Neuro Vertebral"}]},{"@type":"WebSite","@id":"https:\/\/recoletasmarbella.com\/es\/#website","url":"https:\/\/recoletasmarbella.com\/es\/","name":"Hospital Recoletas Salud Marbella","description":"Recoletas Gesundheit","publisher":{"@id":"https:\/\/recoletasmarbella.com\/es\/#organization"},"potentialAction":[{"@type":"SearchAction","target":{"@type":"EntryPoint","urlTemplate":"https:\/\/recoletasmarbella.com\/es\/?s={search_term_string}"},"query-input":{"@type":"PropertyValueSpecification","valueRequired":true,"valueName":"search_term_string"}}],"inLanguage":"de"},{"@type":"Organization","@id":"https:\/\/recoletasmarbella.com\/es\/#organization","name":"Grupo Recoletas","url":"https:\/\/recoletasmarbella.com\/es\/","logo":{"@type":"ImageObject","inLanguage":"de","@id":"https:\/\/recoletasmarbella.com\/es\/#\/schema\/logo\/image\/","url":"http:\/\/recoletasmarbella.com\/wp-content\/uploads\/2025\/01\/logo-v-hospital-marbella-1.png","contentUrl":"http:\/\/recoletasmarbella.com\/wp-content\/uploads\/2025\/01\/logo-v-hospital-marbella-1.png","width":216,"height":164,"caption":"Grupo Recoletas"},"image":{"@id":"https:\/\/recoletasmarbella.com\/es\/#\/schema\/logo\/image\/"},"sameAs":["https:\/\/www.facebook.com\/people\/Recoletas-Salud-Marbella\/61573653462220\/","https:\/\/www.instagram.com\/recoletassaludmarbella\/","https:\/\/www.linkedin.com\/company\/recoletas-salud-marbella","https:\/\/www.youtube.com\/@recoletassalud"]}]}},"_links":{"self":[{"href":"https:\/\/recoletasmarbella.com\/de\/wp-json\/wp\/v2\/pages\/286244","targetHints":{"allow":["GET"]}}],"collection":[{"href":"https:\/\/recoletasmarbella.com\/de\/wp-json\/wp\/v2\/pages"}],"about":[{"href":"https:\/\/recoletasmarbella.com\/de\/wp-json\/wp\/v2\/types\/page"}],"author":[{"embeddable":true,"href":"https:\/\/recoletasmarbella.com\/de\/wp-json\/wp\/v2\/users\/2"}],"replies":[{"embeddable":true,"href":"https:\/\/recoletasmarbella.com\/de\/wp-json\/wp\/v2\/comments?post=286244"}],"version-history":[{"count":75,"href":"https:\/\/recoletasmarbella.com\/de\/wp-json\/wp\/v2\/pages\/286244\/revisions"}],"predecessor-version":[{"id":292198,"href":"https:\/\/recoletasmarbella.com\/de\/wp-json\/wp\/v2\/pages\/286244\/revisions\/292198"}],"wp:featuredmedia":[{"embeddable":true,"href":"https:\/\/recoletasmarbella.com\/de\/wp-json\/wp\/v2\/media\/286160"}],"wp:attachment":[{"href":"https:\/\/recoletasmarbella.com\/de\/wp-json\/wp\/v2\/media?parent=286244"}],"curies":[{"name":"wp","href":"https:\/\/api.w.org\/{rel}","templated":true}]}}