{"id":286402,"date":"2025-03-06T12:50:29","date_gmt":"2025-03-06T12:50:29","guid":{"rendered":"https:\/\/recoletasmarbella.com\/?page_id=286402"},"modified":"2025-11-11T10:04:59","modified_gmt":"2025-11-11T10:04:59","slug":"notdienst","status":"publish","type":"page","link":"https:\/\/recoletasmarbella.com\/de\/notdienst\/","title":{"rendered":"notfalldienst"},"content":{"rendered":"<p>[et_pb_section fb_built=\u00bb1&#8243; disabled_on=\u00bboff|off|off\u00bb admin_label=\u00bbtop\u00bb _builder_version=\u00bb4.27.4&#8243; _module_preset=\u00bbc75156c4-775b-4cd8-8dc3-5148a08f45a2&#8243; background_image=\u00bbhttps:\/\/recoletasmarbella.com\/wp-content\/uploads\/2025\/03\/servicios-de-urgencias-top-2.png\u00bb background_position=\u00bbbottom_center\u00bb animation_style=\u00bbnone\u00bb scroll_vertical_motion_enable=\u00bboff\u00bb background_last_edited=\u00bbon|tablet\u00bb background_image_tablet=\u00bbhttps:\/\/recoletasmarbella.com\/wp-content\/uploads\/2025\/03\/servicios-de-urgencias-top-2.png\u00bb background_image_phone=\u00bbhttps:\/\/recoletasmarbella.com\/wp-content\/uploads\/2025\/03\/servicio-de-urgencias-top_mobile.jpg\u00bb background_enable_image_tablet=\u00bbon\u00bb background_enable_image_phone=\u00bbon\u00bb background_position_tablet=\u00bbbottom_right\u00bb background_horizontal_offset_tablet=\u00bb39%\u00bb sticky_position_tablet=\u00bb\u00bb sticky_position_phone=\u00bb\u00bb sticky_position_last_edited=\u00bbon|phone\u00bb collapsed=\u00bboff\u00bb global_colors_info=\u00bb{}\u00bb][et_pb_row _builder_version=\u00bb4.27.4&#8243; _module_preset=\u00bbdefault\u00bb background_enable_color=\u00bboff\u00bb custom_margin=\u00bb0px|auto|0px|auto|false|false\u00bb custom_padding=\u00bb0px|||||\u00bb global_colors_info=\u00bb{}\u00bb][et_pb_column type=\u00bb4_4&#8243; _builder_version=\u00bb4.27.4&#8243; _module_preset=\u00bbdefault\u00bb custom_padding=\u00bb0px||0px||true|false\u00bb border_width_left=\u00bb2px\u00bb border_color_left=\u00bb#FFFFFF\u00bb border_color_left_tablet=\u00bb#FFFFFF\u00bb border_color_left_phone=\u00bb#617179&#8243; border_color_left_last_edited=\u00bbon|tablet\u00bb global_colors_info=\u00bb{}\u00bb][et_pb_text content_tablet=\u00bb<\/p>\n<h3>Spezialit\u00e4ten<\/h3>\n<h1>Dienst<br \/>de Urgencias<\/h1>\n<p>\"content_phone=\"<\/p>\n<h3>Spezialit\u00e4ten<\/h3>\n<h1>Dienst<br \/>de Urgencias<\/h1>\n<p>\u00bb content_last_edited=\u00bbon|tablet\u00bb _builder_version=\u00bb4.27.4&#8243; _module_preset=\u00bbbe55db4f-f3de-4482-8776-310d0463644d\u00bb text_line_height=\u00bb1.3em\u00bb header_font=\u00bb&#8211;et_global_heading_font|||on|||||\u00bb header_line_height=\u00bb1.1em\u00bb header_2_text_color=\u00bb#FFFFFF\u00bb header_3_text_color=\u00bb#FFFFFF\u00bb header_4_text_color=\u00bb#dcccdd\u00bb header_4_font_size=\u00bb21px\u00bb header_5_text_color=\u00bb#cc70bc\u00bb max_width_tablet=\u00bb379px\u00bb max_width_phone=\u00bb266px\u00bb max_width_last_edited=\u00bboff|desktop\u00bb custom_margin=\u00bb|||0px|false|false\u00bb custom_margin_tablet=\u00bb\u00bb custom_margin_phone=\u00bb\u00bb custom_margin_last_edited=\u00bbon|desktop\u00bb custom_padding=\u00bb|30px||30px|false|true\u00bb custom_padding_tablet=\u00bb|30px||30px|false|true\u00bb text_line_height_tablet=\u00bb1.3em\u00bb text_line_height_phone=\u00bb1.3em\u00bb text_line_height_last_edited=\u00bbon|desktop\u00bb header_text_color_tablet=\u00bb\u00bb header_text_color_phone=\u00bb#617179&#8243; header_text_color_last_edited=\u00bbon|phone\u00bb header_font_size_tablet=\u00bb31px\u00bb header_line_height_tablet=\u00bb1.1em\u00bb header_2_text_color_tablet=\u00bb#617179&#8243; header_2_text_color_phone=\u00bb#617179&#8243; header_2_text_color_last_edited=\u00bbon|tablet\u00bb header_2_font_size_tablet=\u00bb\u00bb header_2_font_size_phone=\u00bb30px\u00bb header_2_font_size_last_edited=\u00bbon|phone\u00bb header_3_text_color_tablet=\u00bb#FFFFFF\u00bb header_3_text_color_phone=\u00bb#617179&#8243; header_3_text_color_last_edited=\u00bbon|desktop\u00bb header_text_shadow_style=\u00bbpreset2&#8243; header_text_shadow_horizontal_length=\u00bb0.01em\u00bb header_text_shadow_vertical_length=\u00bb0.02em\u00bb header_text_shadow_color=\u00bbrgba(97,113,121,0.56)\u00bb locked=\u00bboff\u00bb global_colors_info=\u00bb{}\u00bb]<\/p>\n<h3>Spezialit\u00e4ten<\/h3>\n<h1>notfalldienst<\/h1>\n<p>[\/et_pb_text][et_pb_text disabled_on=\u00bbon|on|on\u00bb _builder_version=\u00bb4.27.4&#8243; _module_preset=\u00bb751976f8-563d-4217-b6cb-cf288189ea42&#8243; global_colors_info=\u00bb{}\u00bb disabled=\u00bbon\u00bb]<\/p>\n<h5>DEMN\u00c4CHST<\/h5>\n<p>[\/et_pb_text][\/et_pb_column][\/et_pb_row][\/et_pb_section][et_pb_section fb_built=\u00bb1&#8243; disabled_on=\u00bbon|on|off\u00bb _builder_version=\u00bb4.27.4&#8243; _module_preset=\u00bbdefault\u00bb background_color=\u00bbRGBA(255,255,255,0)\u00bb custom_margin=\u00bb-154px||0px||false|false\u00bb custom_padding=\u00bb0px|6px|67px||false|false\u00bb bottom_divider_color=\u00bb#F2F2F2&#8243; bottom_divider_flip=\u00bbhorizontal|vertical\u00bb collapsed=\u00bbon\u00bb global_colors_info=\u00bb{}\u00bb][et_pb_row column_structure=\u00bb3_5,2_5&#8243; _builder_version=\u00bb4.27.4&#8243; _module_preset=\u00bbdefault\u00bb background_color=\u00bbRGBA(255,255,255,0)\u00bb custom_margin=\u00bb25px|auto||auto||\u00bb custom_padding=\u00bb2px||5px|||\u00bb border_color_right=\u00bb#C7A3DE\u00bb global_colors_info=\u00bb{}\u00bb][et_pb_column type=\u00bb3_5&#8243; _builder_version=\u00bb4.27.4&#8243; _module_preset=\u00bbdefault\u00bb global_colors_info=\u00bb{}\u00bb][et_pb_image src=\u00bbhttps:\/\/recoletasmarbella.com\/wp-content\/uploads\/2025\/03\/servicio-de-urgencias-recoletas-marbella.jpg\u00bb title_text=\u00bbservicio-de-urgencias-recoletas-marbella\u00bb _builder_version=\u00bb4.27.4&#8243; _module_preset=\u00bbdefault\u00bb background_enable_image=\u00bboff\u00bb background_size=\u00bbcontain\u00bb background_position=\u00bbtop_left\u00bb background_horizontal_offset=\u00bb0%\u00bb background_vertical_offset=\u00bb10%\u00bb width=\u00bb100%\u00bb module_alignment=\u00bbleft\u00bb custom_padding=\u00bb12px||13px||false|false\u00bb filter_saturate=\u00bb124%\u00bb animation_style=\u00bbfade\u00bb border_radii=\u00bbon|14px|14px|14px|14px\u00bb global_colors_info=\u00bb{}\u00bb][\/et_pb_image][\/et_pb_column][et_pb_column type=\u00bb2_5&#8243; _builder_version=\u00bb4.27.4&#8243; _module_preset=\u00bbdefault\u00bb global_colors_info=\u00bb{}\u00bb][et_pb_text _builder_version=\u00bb4.27.4&#8243; _module_preset=\u00bbb20293d3-7e7e-4718-8a41-9d40e20be87b\u00bb header_font=\u00bb|||on|||||\u00bb header_text_align=\u00bbright\u00bb header_text_color=\u00bb#5A636A\u00bb header_line_height=\u00bb0.3em\u00bb header_2_text_align=\u00bbright\u00bb header_2_font_size=\u00bb38px\u00bb header_2_line_height=\u00bb1em\u00bb header_3_text_align=\u00bbright\u00bb header_4_text_align=\u00bbright\u00bb max_width_tablet=\u00bb379px\u00bb max_width_phone=\u00bb266px\u00bb max_width_last_edited=\u00bboff|desktop\u00bb module_alignment=\u00bbright\u00bb custom_margin=\u00bb||0px|0px|false|false\u00bb custom_padding=\u00bb244px|0px|0px|0px|false|false\u00bb animation_direction=\u00bbright\u00bb scroll_vertical_motion_enable=\u00bbon\u00bb scroll_vertical_motion=\u00bb0|47|47|96|0|0|-0.5&#8243; border_color_right=\u00bb#DCCCDD\u00bb locked=\u00bboff\u00bb global_colors_info=\u00bb{}\u00bb]<\/p>\n<h3 style=\"text-align: right;\">Allgemeiner Notdienst<\/h3>\n<h2 style=\"text-align: right;\">eine schnelle und wirksame Versorgung in den ersten 24 Stunden<\/h2>\n<p>[\/et_pb_text][\/et_pb_column][\/et_pb_row][\/et_pb_section][et_pb_section fb_built=\u00bb1&#8243; _builder_version=\u00bb4.27.4&#8243; _module_preset=\u00bb62c95c8c-8319-472b-9dd6-30165a584812&#8243; custom_padding=\u00bb0px|6px|67px||false|false\u00bb custom_padding_phone=\u00bb51px|0px|0px||false|false\u00bb collapsed=\u00bbon\u00bb global_colors_info=\u00bb{}\u00bb][et_pb_row column_structure=\u00bb3_5,2_5&#8243; _builder_version=\u00bb4.27.4&#8243; _module_preset=\u00bbdefault\u00bb background_color=\u00bbRGBA(255,255,255,0)\u00bb custom_margin=\u00bb25px|auto||auto||\u00bb custom_padding=\u00bb2px||5px|||\u00bb border_color_right=\u00bb#C7A3DE\u00bb global_colors_info=\u00bb{}\u00bb][et_pb_column type=\u00bb3_5&#8243; _builder_version=\u00bb4.27.4&#8243; _module_preset=\u00bbdefault\u00bb global_colors_info=\u00bb{}\u00bb][\/et_pb_column][et_pb_column type=\u00bb2_5&#8243; _builder_version=\u00bb4.27.4&#8243; _module_preset=\u00bbdefault\u00bb global_colors_info=\u00bb{}\u00bb][et_pb_text _builder_version=\u00bb4.27.4&#8243; _module_preset=\u00bbb20293d3-7e7e-4718-8a41-9d40e20be87b\u00bb header_font=\u00bb|||on|||||\u00bb header_text_align=\u00bbright\u00bb header_text_color=\u00bb#5A636A\u00bb header_line_height=\u00bb0.3em\u00bb header_2_text_align=\u00bbright\u00bb header_2_font_size=\u00bb38px\u00bb header_3_text_align=\u00bbright\u00bb header_4_text_align=\u00bbright\u00bb max_width_tablet=\u00bb379px\u00bb max_width_phone=\u00bb266px\u00bb max_width_last_edited=\u00bboff|desktop\u00bb module_alignment=\u00bbright\u00bb custom_margin=\u00bb||0px|-2px|false|false\u00bb custom_margin_tablet=\u00bb0px||||false|false\u00bb custom_margin_phone=\u00bb0px||||false|false\u00bb custom_margin_last_edited=\u00bbon|tablet\u00bb custom_padding=\u00bb244px|0px|0px|0px|false|false\u00bb custom_padding_tablet=\u00bb0px|0px||0px|false|true\u00bb animation_direction=\u00bbright\u00bb scroll_vertical_motion_enable=\u00bbon\u00bb scroll_vertical_motion=\u00bb0|47|47|96|0|0|-0.5&#8243; header_2_font_size_tablet=\u00bb33px\u00bb header_2_font_size_phone=\u00bb29px\u00bb header_2_font_size_last_edited=\u00bbon|tablet\u00bb scroll_vertical_motion_tablet=\u00bb0|47|47|96|0|0|-0.5&#8243; scroll_vertical_motion_phone=\u00bb0|47|47|100|0|0|0&#8243; scroll_vertical_motion_last_edited=\u00bbon|phone\u00bb border_color_right=\u00bb#DCCCDD\u00bb locked=\u00bboff\u00bb global_colors_info=\u00bb{}\u00bb]<\/p>\n<h3 style=\"text-align: left;\">Allgemeiner Notdienst<\/h3>\n<h2 style=\"text-align: left;\">schnelle und wirksame Versorgung innerhalb der ersten 24 Stunden<\/h2>\n<p>[\/et_pb_text][et_pb_image src=\u00bbhttps:\/\/recoletasmarbella.com\/wp-content\/uploads\/2025\/03\/servicio-de-urgencias-recoletas-marbella.jpg\u00bb title_text=\u00bbservicio-de-urgencias-recoletas-marbella\u00bb _builder_version=\u00bb4.27.4&#8243; _module_preset=\u00bbdefault\u00bb background_enable_image=\u00bboff\u00bb background_size=\u00bbcontain\u00bb background_position=\u00bbtop_left\u00bb background_horizontal_offset=\u00bb0%\u00bb background_vertical_offset=\u00bb10%\u00bb width=\u00bb100%\u00bb module_alignment=\u00bbleft\u00bb custom_margin=\u00bb1px||||false|false\u00bb custom_margin_tablet=\u00bb5px||||false|false\u00bb custom_margin_phone=\u00bb5px||||false|false\u00bb custom_margin_last_edited=\u00bbon|phone\u00bb custom_padding=\u00bb12px||13px||false|false\u00bb filter_saturate=\u00bb124%\u00bb animation_style=\u00bbfade\u00bb border_radii=\u00bbon|14px|14px|14px|14px\u00bb global_colors_info=\u00bb{}\u00bb][\/et_pb_image][\/et_pb_column][\/et_pb_row][\/et_pb_section][et_pb_section fb_built=\u00bb1&#8243; disabled_on=\u00bboff|off|off\u00bb admin_label=\u00bbHeader\u00bb _builder_version=\u00bb4.27.4&#8243; _module_preset=\u00bbdefault\u00bb background_color=\u00bb#DCCCDD\u00bb use_background_color_gradient=\u00bbon\u00bb background_color_gradient_direction=\u00bb90deg\u00bb background_color_gradient_stops=\u00bb#ffffff 64%|rgba(255,255,255,0) 64%\u00bb background_color_gradient_overlays_image=\u00bbon\u00bb background_image=\u00bbhttps:\/\/recoletasmarbella.com\/wp-content\/uploads\/2025\/02\/recoletasmarbella1-backgrouhnd.jpg\u00bb background_position=\u00bbbottom_right\u00bb background_horizontal_offset=\u00bb-6%\u00bb background_repeat=\u00bbspace\u00bb custom_margin=\u00bb||-2px||false|false\u00bb custom_padding=\u00bb3vw||6vw||false|false\u00bb background_last_edited=\u00bbon|tablet\u00bb background_color_gradient_direction_tablet=\u00bb180deg\u00bb collapsed=\u00bboff\u00bb global_colors_info=\u00bb{}\u00bb][et_pb_row column_structure=\u00bb1_2,1_2&#8243; _builder_version=\u00bb4.27.4&#8243; _module_preset=\u00bbdefault\u00bb z_index=\u00bb1&#8243; custom_padding=\u00bb36px||2px|||\u00bb global_colors_info=\u00bb{}\u00bb][et_pb_column type=\u00bb1_2&#8243; _builder_version=\u00bb4.20.0&#8243; _module_preset=\u00bbdefault\u00bb z_index=\u00bb10&#8243; z_index_tablet=\u00bb2&#8243; z_index_phone=\u00bb2&#8243; z_index_last_edited=\u00bbon|tablet\u00bb global_colors_info=\u00bb{}\u00bb][et_pb_text _builder_version=\u00bb4.27.4&#8243; _module_preset=\u00bbff347454-283e-426a-9660-28afbe1b5f05&#8243; text_font=\u00bbMontserrat||||||||\u00bb custom_margin=\u00bb||20px||false|false\u00bb custom_padding=\u00bb|0px||||\u00bb global_colors_info=\u00bb{}\u00bb]<\/p>\n<h3>spezialisiertes Notfallteam<\/h3>\n<p>[\/et_pb_text][et_pb_text content_tablet=\u00bb<\/p>\n<h2>Einrichtungen, die mit modernster Technik ausgestattet sind, und mit unserem Team von Fachleuten<\/h2>\n<p>\"content_phone=\"<\/p>\n<h2>instalaciones equipadas con tecnolog\u00eda de vanguardia<\/h2>\n<p>\u00bb content_last_edited=\u00bbon|phone\u00bb _builder_version=\u00bb4.27.4&#8243; _module_preset=\u00bbff347454-283e-426a-9660-28afbe1b5f05&#8243; text_font_size=\u00bb25px\u00bb text_line_height=\u00bb2.2em\u00bb header_font=\u00bb&#8211;et_global_heading_font|||on|||||\u00bb header_text_color=\u00bb#C7A3DE\u00bb header_font_size=\u00bb77px\u00bb header_2_font_size=\u00bb40px\u00bb custom_margin_tablet=\u00bb\u00bb custom_margin_phone=\u00bb||24px||false|false\u00bb custom_margin_last_edited=\u00bbon|phone\u00bb custom_padding=\u00bb|0px||||\u00bb custom_padding_phone=\u00bb||0px||false|true\u00bb header_2_font_size_tablet=\u00bb31px\u00bb header_2_font_size_phone=\u00bb31px\u00bb header_2_font_size_last_edited=\u00bbon|tablet\u00bb header_2_line_height_tablet=\u00bb1.2em\u00bb header_2_line_height_phone=\u00bb1.2em\u00bb header_2_line_height_last_edited=\u00bbon|tablet\u00bb inline_fonts=\u00bbAboreto,Montserrat\u00bb global_colors_info=\u00bb{}\u00bb]<\/p>\n<h2>Einrichtungen, die mit modernster Technik ausgestattet sind, und mit unserem Team von Fachleuten<\/h2>\n<p>[\/et_pb_text][et_pb_divider color=\u00bbrgba(0,0,0,0.2)\u00bb divider_weight=\u00bb2px\u00bb _builder_version=\u00bb4.27.4&#8243; _module_preset=\u00bbdefault\u00bb custom_margin=\u00bb|6%|||false|false\u00bb custom_margin_tablet=\u00bb|0%|||false|false\u00bb custom_margin_phone=\u00bb|0%|||false|false\u00bb custom_margin_last_edited=\u00bbon|tablet\u00bb global_colors_info=\u00bb{}\u00bb][\/et_pb_divider][et_pb_text _builder_version=\u00bb4.27.4&#8243; _module_preset=\u00bb92454e39-75cb-4bbf-a957-d0cdc1a42d61&#8243; text_font=\u00bbMontserrat|300|||||||\u00bb text_font_size=\u00bb13px\u00bb text_line_height=\u00bb1.4em\u00bb header_font=\u00bb&#8211;et_global_heading_font|300|||||||\u00bb custom_padding=\u00bb|5px||||\u00bb global_colors_info=\u00bb{}\u00bb]<\/p>\n<p style=\"text-align: justify;\">Das <strong>Allgemeiner Notdienst<\/strong> von <strong>Hospital Recoletas Salud Marbella<\/strong> versorgt alle Patienten, die in Notf\u00e4llen oder dringenden Situationen Hilfe ben\u00f6tigen, schnell und effektiv in den ersten <strong>24 Stunden.<\/strong><\/p>\n<p style=\"text-align: justify;\">Unsere Einrichtungen sind mit modernster Technik und einem hochqualifizierten Team aus \u00c4rzten, Krankenschwestern und Assistenten ausgestattet.<\/p>\n<p style=\"text-align: justify;\">Dar\u00fcber hinaus gibt es eine Reihe von <strong>medizinischen Protokollen in Zusammenarbeit mit den verschiedenen Diensten<\/strong>, Ziel ist es, eine angemessenere Versorgung zu gew\u00e4hrleisten und die Koordinierung zwischen den verschiedenen Fachbereichen zu erleichtern.<\/p>\n<p>[\/et_pb_text][et_pb_image src=\u00bbhttps:\/\/recoletasmarbella.com\/wp-content\/uploads\/2025\/02\/isotipo-brand-g2rey-hospital-marbella.png\u00bb title_text=\u00bbisotipo-brand-g2rey-hospital-marbella\u00bb disabled_on=\u00bbon|off|off\u00bb _builder_version=\u00bb4.27.4&#8243; _module_preset=\u00bbdefault\u00bb transform_scale=\u00bb107%|107%\u00bb positioning=\u00bbabsolute\u00bb position_origin_a=\u00bbbottom_left\u00bb vertical_offset=\u00bb-5%\u00bb horizontal_offset=\u00bb-15%\u00bb z_index=\u00bb-1&#8243; width=\u00bb76%\u00bb filter_brightness=\u00bb147%\u00bb filter_invert=\u00bb32%\u00bb filter_opacity=\u00bb8%\u00bb scroll_vertical_motion_enable=\u00bbon\u00bb scroll_vertical_motion=\u00bb0|73|73|100|4|0|-4&#8243; global_colors_info=\u00bb{}\u00bb][\/et_pb_image][\/et_pb_column][et_pb_column type=\u00bb1_2&#8243; _builder_version=\u00bb4.20.0&#8243; _module_preset=\u00bbdefault\u00bb global_colors_info=\u00bb{}\u00bb][et_pb_image src=\u00bbhttps:\/\/recoletasmarbella.com\/wp-content\/uploads\/2025\/03\/servicio-de-urgencias-2-recoletas-marbella.jpg\u00bb alt=\u00bbServicio de urgencias. Hospital Recoletas Salud Marbella.\u00bb title_text=\u00bbServicio de urgencias. Hospital Recoletas Salud Marbella.\u00bb align=\u00bbright\u00bb align_tablet=\u00bbcenter\u00bb align_phone=\u00bbcenter\u00bb align_last_edited=\u00bbon|phone\u00bb _builder_version=\u00bb4.27.4&#8243; _module_preset=\u00bbdefault\u00bb scroll_vertical_motion_enable=\u00bbon\u00bb scroll_vertical_motion=\u00bb0|50|50|100|-0.5|0|0&#8243; border_radii=\u00bbon|13px|13px|13px|13px\u00bb global_colors_info=\u00bb{}\u00bb][\/et_pb_image][\/et_pb_column][\/et_pb_row][\/et_pb_section][et_pb_section fb_built=\u00bb1&#8243; custom_padding_last_edited=\u00bbon|tablet\u00bb admin_label=\u00bbCarrousel Especialidades Footer\u00bb _builder_version=\u00bb4.27.4&#8243; _module_preset=\u00bbf5c4057e-a1bb-4e7e-aeee-e3f81f16a896&#8243; background_color=\u00bb#F2F2F2&#8243; custom_margin=\u00bb0px||0px||true|false\u00bb custom_padding=\u00bb60px||60px||true|false\u00bb custom_padding_tablet=\u00bb50px||50px|0px|true|false\u00bb custom_padding_phone=\u00bb30px||50px||false|false\u00bb global_module=\u00bb286167&#8243; saved_tabs=\u00bball\u00bb locked=\u00bboff\u00bb collapsed=\u00bbon\u00bb global_colors_info=\u00bb%91%93&#8243;][et_pb_row _builder_version=\u00bb4.27.4&#8243; _module_preset=\u00bbdefault\u00bb custom_margin=\u00bb||0px||false|false\u00bb custom_padding=\u00bb||0px||false|false\u00bb global_colors_info=\u00bb{}\u00bb][et_pb_column type=\u00bb4_4&#8243; _builder_version=\u00bb4.27.4&#8243; _module_preset=\u00bbdefault\u00bb global_colors_info=\u00bb{}\u00bb][et_pb_text _builder_version=\u00bb4.27.4&#8243; _module_preset=\u00bbb20293d3-7e7e-4718-8a41-9d40e20be87b\u00bb header_2_font=\u00bb&#8211;et_global_heading_font|800||on|||||\u00bb header_2_font_size=\u00bb30px\u00bb header_2_letter_spacing=\u00bb0px\u00bb header_2_line_height=\u00bb1em\u00bb header_4_text_color=\u00bb#C7A3DE\u00bb width_tablet=\u00bb\u00bb width_phone=\u00bbauto\u00bb width_last_edited=\u00bbon|phone\u00bb max_width=\u00bb379px\u00bb max_width_tablet=\u00bb379px\u00bb max_width_phone=\u00bb100%\u00bb max_width_last_edited=\u00bbon|phone\u00bb module_alignment=\u00bbcenter\u00bb custom_padding=\u00bb|30px||30px|false|true\u00bb header_2_font_size_tablet=\u00bb30px\u00bb header_2_font_size_phone=\u00bb26px\u00bb header_2_font_size_last_edited=\u00bbon|phone\u00bb header_2_letter_spacing_tablet=\u00bb0px\u00bb header_2_letter_spacing_phone=\u00bb0px\u00bb header_2_letter_spacing_last_edited=\u00bbon|desktop\u00bb border_width_right=\u00bb2px\u00bb border_color_right=\u00bb#C7A3DE\u00bb border_width_left=\u00bb2px\u00bb border_color_left=\u00bb#C7A3DE\u00bb locked=\u00bboff\u00bb global_colors_info=\u00bb{}\u00bb]<\/p>\n<h3 style=\"text-align: center;\">Spezialit\u00e4ten<\/h3>\n<h2 style=\"text-align: center;\" class=\" translation-block\"><span style=\"color: #5a636a\">Wie k\u00f6nnen wir Ihnen helfen?<\/h2>\n<p>[\/et_pb_text][dica_divi_carousel loop=\u00bbon\u00bb autoplay=\u00bbon\u00bb hoverpause=\u00bbon\u00bb scroller_effect=\u00bbon\u00bb arrow_nav=\u00bbon\u00bb dot_nav=\u00bbon\u00bb advanced_effect=\u00bb1&#8243; arrow_nav_color=\u00bb#C7A3DE\u00bb arrow_bg_color=\u00bbRGBA(255,255,255,0)\u00bb dots_active_color=\u00bb#C7A3DE\u00bb overlay_color_field_bgcolor=\u00bbrgba(255,255,255,0.85)\u00bb title_background=\u00bbRGBA(255,255,255,0)\u00bb subtitle_background=\u00bbRGBA(255,255,255,0)\u00bb arrow_position=\u00bbmiddle-outside\u00bb arrow_font_size=\u00bb50px\u00bb carousel_container_padding=\u00bb||||false|false\u00bb innercontent_padding=\u00bb||23px||false|false\u00bb innercontent_padding_tablet=\u00bb||25px||false|false\u00bb innercontent_padding_phone=\u00bb\u00bb innercontent_padding_last_edited=\u00bbon|tablet\u00bb _builder_version=\u00bb4.27.4&#8243; _module_preset=\u00bbdefault\u00bb title_font=\u00bb&#8211;et_global_body_font|700||on|||||\u00bb title_text_align=\u00bbcenter\u00bb title_text_color=\u00bb#FFFFFF\u00bb title_font_size=\u00bb14px\u00bb title_letter_spacing=\u00bb1px\u00bb subtitle_text_align=\u00bbcenter\u00bb module_alignment=\u00bbcenter\u00bb custom_margin_tablet=\u00bb0px||0px||false|false\u00bb custom_margin_phone=\u00bb\u00bb custom_margin_last_edited=\u00bbon|tablet\u00bb custom_padding_tablet=\u00bb0px||0px||false|false\u00bb custom_padding_phone=\u00bb\u00bb custom_padding_last_edited=\u00bbon|tablet\u00bb global_colors_info=\u00bb{}\u00bb][dica_divi_carouselitem title=\u00bbAnestesia y cuidados intensivos\u00bb button_url_new_window=\u00bb1&#8243; image_position=\u00bbimage_under_title\u00bb rating_alignment=\u00bbcenter\u00bb image_padding=\u00bb||||false|false\u00bb content_padding=\u00bb205px|18px|28px|18px|false|true\u00bb content_padding_tablet=\u00bb\u00bb content_padding_phone=\u00bb\u00bb content_padding_last_edited=\u00bbon|tablet\u00bb button_margin=\u00bb||||false|false\u00bb button_padding=\u00bb||||false|false\u00bb _builder_version=\u00bb4.27.4&#8243; _dynamic_attributes=\u00bblink_option_url\u00bb _module_preset=\u00bbdefault\u00bb header_level=\u00bbh3&#8243; header_font=\u00bb&#8211;et_global_heading_font|||on|||||\u00bb header_text_align=\u00bbcenter\u00bb header_line_height=\u00bb1.1em\u00bb subtitle_text_align=\u00bbcenter\u00bb body_text_align=\u00bbcenter\u00bb background_enable_color=\u00bboff\u00bb use_background_color_gradient=\u00bbon\u00bb background_color_gradient_direction=\u00bb360deg\u00bb background_color_gradient_stops=\u00bbrgba(90,99,106,0.86) 17%|rgba(255,255,255,0) 40%|rgba(255, 255, 255, 0) 57%\u00bb background_image=\u00bbhttps:\/\/recoletasmarbella.com\/wp-content\/uploads\/2025\/03\/recoletas_marbella_anestesia-4.jpg\u00bb background_enable_image=\u00bbon\u00bb background_blend=\u00bbmultiply\u00bb button_alignment=\u00bbcenter\u00bb filter_saturate=\u00bb133%\u00bb filter_brightness=\u00bb107%\u00bb filter_sepia=\u00bb1%\u00bb link_option_url=\u00bb@ET-DC@eyJkeW5hbWljIjp0cnVlLCJjb250ZW50IjoicG9zdF9saW5rX3VybF9wYWdlIiwic2V0dGluZ3MiOnsicG9zdF9pZCI6IjI4MzY0NCJ9fQ==@\u00bb border_radii_item=\u00bbon|13px|13px|13px|13px\u00bb global_colors_info=\u00bb{}\u00bb][\/dica_divi_carouselitem][dica_divi_carouselitem title=\u00bbCARDIOLOG\u00cdA \u00bb field_enable_content_limit=\u00bboff\u00bb button_url_new_window=\u00bb1&#8243; image_position=\u00bbimage_under_title\u00bb rating_alignment=\u00bbcenter\u00bb image_padding=\u00bb||||false|false\u00bb content_padding=\u00bb205px|18px|44px|18px|false|true\u00bb content_padding_tablet=\u00bb||44px||false|true\u00bb content_padding_phone=\u00bb\u00bb content_padding_last_edited=\u00bbon|tablet\u00bb button_margin=\u00bb||||false|false\u00bb button_padding=\u00bb||||false|false\u00bb custom_padding=\u00bb||||false|false\u00bb custom_padding_tablet=\u00bb||15px||false|false\u00bb custom_padding_phone=\u00bb\u00bb custom_padding_last_edited=\u00bbon|tablet\u00bb _builder_version=\u00bb4.27.4&#8243; _dynamic_attributes=\u00bblink_option_url\u00bb _module_preset=\u00bbdefault\u00bb header_font=\u00bb&#8211;et_global_heading_font|||on|||||\u00bb header_text_align=\u00bbcenter\u00bb header_text_color=\u00bb#FFFFFF\u00bb header_line_height=\u00bb1em\u00bb background_enable_color=\u00bboff\u00bb use_background_color_gradient=\u00bbon\u00bb background_color_gradient_direction=\u00bb360deg\u00bb background_color_gradient_stops=\u00bbrgba(90,99,106,0.86) 16%|rgba(255,255,255,0) 46%\u00bb background_image=\u00bbhttps:\/\/recoletasmarbella.com\/wp-content\/uploads\/2025\/03\/recoletas_marbella_cardiologia-3.jpg\u00bb background_enable_image=\u00bbon\u00bb background_blend=\u00bbmultiply\u00bb child_filter_brightness=\u00bb0%\u00bb link_option_url=\u00bb@ET-DC@eyJkeW5hbWljIjp0cnVlLCJjb250ZW50IjoicG9zdF9saW5rX3VybF9wYWdlIiwic2V0dGluZ3MiOnsicG9zdF9pZCI6IjI4NTg4OCJ9fQ==@\u00bb header_text_align_tablet=\u00bbcenter\u00bb header_text_align_last_edited=\u00bboff|tablet\u00bb header_text_color_tablet=\u00bb\u00bb header_text_color_phone=\u00bb\u00bb header_text_color_last_edited=\u00bbon|tablet\u00bb border_radii_item=\u00bbon|13px|13px|13px|13px\u00bb global_colors_info=\u00bb{}\u00bb][\/dica_divi_carouselitem][dica_divi_carouselitem title=\u00bbCIRUG\u00cdA GENERAL Y DIGESTIVA\u00bb button_url_new_window=\u00bb1&#8243; image_position=\u00bbimage_under_title\u00bb image_padding=\u00bb||||false|false\u00bb content_padding=\u00bb205px|18px|44px|18px|false|true\u00bb content_padding_tablet=\u00bb205px|18px|28px|18px|false|true\u00bb content_padding_phone=\u00bb\u00bb content_padding_last_edited=\u00bbon|tablet\u00bb button_margin=\u00bb||||false|false\u00bb button_padding=\u00bb||||false|false\u00bb _builder_version=\u00bb4.27.4&#8243; _dynamic_attributes=\u00bblink_option_url\u00bb _module_preset=\u00bbdefault\u00bb header_line_height=\u00bb1.1em\u00bb background_enable_color=\u00bboff\u00bb use_background_color_gradient=\u00bbon\u00bb background_color_gradient_direction=\u00bb360deg\u00bb background_color_gradient_stops=\u00bbrgba(90,99,106,0.86) 14%|rgba(255,255,255,0) 43%\u00bb background_image=\u00bbhttps:\/\/recoletasmarbella.com\/wp-content\/uploads\/2025\/03\/recoletas_marbella_cirugia_digestiva.jpg\u00bb background_enable_image=\u00bbon\u00bb background_blend=\u00bbmultiply\u00bb filter_saturate=\u00bb116%\u00bb filter_sepia=\u00bb4%\u00bb link_option_url=\u00bb@ET-DC@eyJkeW5hbWljIjp0cnVlLCJjb250ZW50IjoicG9zdF9saW5rX3VybF9wYWdlIiwic2V0dGluZ3MiOnsicG9zdF9pZCI6IjI4NTk0NSJ9fQ==@\u00bb border_radii_item=\u00bbon|13px|13px|13px|13px\u00bb global_colors_info=\u00bb{}\u00bb][\/dica_divi_carouselitem][dica_divi_carouselitem title=\u00bbCirug\u00eda Pl\u00e1stica y Est\u00e9tica\u00bb button_url_new_window=\u00bb1&#8243; image_position=\u00bbimage_under_title\u00bb image_padding=\u00bb||||false|false\u00bb content_padding=\u00bb205px|18px|44px|18px|false|true\u00bb button_margin=\u00bb||||false|false\u00bb button_padding=\u00bb||||false|false\u00bb _builder_version=\u00bb4.27.4&#8243; _dynamic_attributes=\u00bblink_option_url\u00bb _module_preset=\u00bbdefault\u00bb header_line_height=\u00bb1.1em\u00bb background_enable_color=\u00bboff\u00bb use_background_color_gradient=\u00bbon\u00bb background_color_gradient_direction=\u00bb360deg\u00bb background_color_gradient_stops=\u00bbrgba(90,99,106,0.86) 15%|rgba(255,255,255,0) 45%\u00bb background_image=\u00bbhttps:\/\/recoletasmarbella.com\/wp-content\/uploads\/2025\/03\/recoletas_marbella_cirugia-plastica-3.jpg\u00bb background_enable_image=\u00bbon\u00bb background_blend=\u00bbmultiply\u00bb filter_saturate=\u00bb113%\u00bb filter_brightness=\u00bb101%\u00bb link_option_url=\u00bb@ET-DC@eyJkeW5hbWljIjp0cnVlLCJjb250ZW50IjoicG9zdF9saW5rX3VybF9wYWdlIiwic2V0dGluZ3MiOnsicG9zdF9pZCI6IjI4NDkwNiJ9fQ==@\u00bb border_radii_item=\u00bbon|13px|13px|13px|13px\u00bb global_colors_info=\u00bb{}\u00bb][\/dica_divi_carouselitem][dica_divi_carouselitem title=\u00bbGinecolog\u00eda y Obstetricia\u00bb button_url_new_window=\u00bb1&#8243; image_position=\u00bbimage_under_title\u00bb image_padding=\u00bb||||false|false\u00bb content_padding=\u00bb205px|18px|44px|18px|false|true\u00bb button_margin=\u00bb||||false|false\u00bb button_padding=\u00bb||||false|false\u00bb _builder_version=\u00bb4.27.4&#8243; _dynamic_attributes=\u00bblink_option_url\u00bb _module_preset=\u00bbdefault\u00bb header_line_height=\u00bb1.1em\u00bb background_enable_color=\u00bboff\u00bb use_background_color_gradient=\u00bbon\u00bb background_color_gradient_direction=\u00bb355deg\u00bb background_color_gradient_stops=\u00bb#5a636a 4%|rgba(255,255,255,0) 33%\u00bb background_image=\u00bbhttps:\/\/recoletasmarbella.com\/wp-content\/uploads\/2025\/03\/especialidades_ginecologia-hospital-recoletas-salud-marbella-2.jpg\u00bb background_enable_image=\u00bbon\u00bb background_blend=\u00bbmultiply\u00bb filter_brightness=\u00bb103%\u00bb link_option_url=\u00bb@ET-DC@eyJkeW5hbWljIjp0cnVlLCJjb250ZW50IjoicG9zdF9saW5rX3VybF9wYWdlIiwic2V0dGluZ3MiOnsicG9zdF9pZCI6IjI4NDkwNiJ9fQ==@\u00bb border_radii_item=\u00bbon|13px|13px|13px|13px\u00bb global_colors_info=\u00bb{}\u00bb][\/dica_divi_carouselitem][dica_divi_carouselitem title=\u00bbcirug\u00eda ortop\u00e9dica\u00bb button_url_new_window=\u00bb1&#8243; image_position=\u00bbimage_under_title\u00bb image_padding=\u00bb||||false|false\u00bb content_padding=\u00bb205px|18px|44px|18px|false|true\u00bb button_margin=\u00bb||||false|false\u00bb button_padding=\u00bb||||false|false\u00bb _builder_version=\u00bb4.27.4&#8243; _dynamic_attributes=\u00bblink_option_url\u00bb _module_preset=\u00bbdefault\u00bb header_font=\u00bb&#8211;et_global_heading_font||||||||\u00bb header_line_height=\u00bb1.1em\u00bb background_enable_color=\u00bboff\u00bb use_background_color_gradient=\u00bbon\u00bb background_color_gradient_direction=\u00bb360deg\u00bb background_color_gradient_stops=\u00bbrgba(90,99,106,0.86) 14%|rgba(255,255,255,0) 50%\u00bb background_image=\u00bbhttps:\/\/recoletasmarbella.com\/wp-content\/uploads\/2025\/03\/recoletas_marbella_ortopedia-2.jpg\u00bb background_enable_image=\u00bbon\u00bb background_blend=\u00bbmultiply\u00bb button_alignment=\u00bbcenter\u00bb filter_saturate=\u00bb123%\u00bb filter_sepia=\u00bb4%\u00bb link_option_url=\u00bb@ET-DC@eyJkeW5hbWljIjp0cnVlLCJjb250ZW50IjoicG9zdF9saW5rX3VybF9wYWdlIiwic2V0dGluZ3MiOnsicG9zdF9pZCI6IjI4NjM4MyJ9fQ==@\u00bb border_radii_item=\u00bbon|13px|13px|13px|13px\u00bb global_colors_info=\u00bb{}\u00bb][\/dica_divi_carouselitem][dica_divi_carouselitem title=\u00bbDiagn\u00f3stico por la imagen\u00bb button_url_new_window=\u00bb1&#8243; image_position=\u00bbimage_under_title\u00bb image_padding=\u00bb||||false|false\u00bb content_padding=\u00bb205px|18px|44px|18px|false|true\u00bb button_margin=\u00bb||||false|false\u00bb button_padding=\u00bb||||false|false\u00bb _builder_version=\u00bb4.27.4&#8243; _dynamic_attributes=\u00bblink_option_url\u00bb _module_preset=\u00bbdefault\u00bb header_line_height=\u00bb1.1em\u00bb background_enable_color=\u00bboff\u00bb use_background_color_gradient=\u00bbon\u00bb background_color_gradient_direction=\u00bb360deg\u00bb background_color_gradient_stops=\u00bbrgba(90,99,106,0.95) 11%|rgba(255,255,255,0) 52%\u00bb background_image=\u00bbhttps:\/\/recoletasmarbella.com\/wp-content\/uploads\/2025\/04\/instalaciones_diagnosticodeimagen-hospital-recoletas-salud-marbella.jpg\u00bb background_enable_image=\u00bbon\u00bb background_blend=\u00bbmultiply\u00bb filter_saturate=\u00bb117%\u00bb filter_sepia=\u00bb4%\u00bb link_option_url=\u00bb@ET-DC@eyJkeW5hbWljIjp0cnVlLCJjb250ZW50IjoicG9zdF9saW5rX3VybF9wYWdlIiwic2V0dGluZ3MiOnsicG9zdF9pZCI6IjI4NjQ0NiJ9fQ==@\u00bb border_radii_item=\u00bbon|13px|13px|13px|13px\u00bb global_colors_info=\u00bb{}\u00bb][\/dica_divi_carouselitem][dica_divi_carouselitem title=\u00bbEndocrinolog\u00eda \u00bb button_url_new_window=\u00bb1&#8243; image_position=\u00bbimage_under_title\u00bb image_padding=\u00bb||||false|false\u00bb content_padding=\u00bb205px|18px|44px|18px|false|true\u00bb button_margin=\u00bb||||false|false\u00bb button_padding=\u00bb||||false|false\u00bb custom_padding_tablet=\u00bb||15px||false|false\u00bb custom_padding_phone=\u00bb\u00bb custom_padding_last_edited=\u00bbon|tablet\u00bb _builder_version=\u00bb4.27.4&#8243; _dynamic_attributes=\u00bblink_option_url\u00bb _module_preset=\u00bbdefault\u00bb background_enable_color=\u00bboff\u00bb use_background_color_gradient=\u00bbon\u00bb background_color_gradient_direction=\u00bb360deg\u00bb background_color_gradient_stops=\u00bbrgba(90,99,106,0.86) 11%|rgba(255,255,255,0) 52%\u00bb background_image=\u00bbhttps:\/\/recoletasmarbella.com\/wp-content\/uploads\/2025\/03\/recoletas_marbella_endocrino-nutricion-1.jpg\u00bb background_enable_image=\u00bbon\u00bb background_blend=\u00bbmultiply\u00bb filter_saturate=\u00bb120%\u00bb link_option_url=\u00bb@ET-DC@eyJkeW5hbWljIjp0cnVlLCJjb250ZW50IjoicG9zdF9saW5rX3VybF9wYWdlIiwic2V0dGluZ3MiOnsicG9zdF9pZCI6IjI4NjM4NiJ9fQ==@\u00bb border_radii_item=\u00bbon|13px|13px|13px|13px\u00bb global_colors_info=\u00bb{}\u00bb][\/dica_divi_carouselitem][dica_divi_carouselitem title=\u00bbMEDICINA DE FAMILIA\u00bb button_url_new_window=\u00bb1&#8243; image_position=\u00bbimage_under_title\u00bb image_padding=\u00bb||||false|false\u00bb content_padding=\u00bb205px|18px|44px|18px|false|true\u00bb button_margin=\u00bb||||false|false\u00bb button_padding=\u00bb||||false|false\u00bb _builder_version=\u00bb4.27.4&#8243; _dynamic_attributes=\u00bblink_option_url\u00bb _module_preset=\u00bbdefault\u00bb background_enable_color=\u00bboff\u00bb use_background_color_gradient=\u00bbon\u00bb background_color_gradient_direction=\u00bb360deg\u00bb background_color_gradient_stops=\u00bbrgba(90,99,106,0.86) 11%|rgba(255,255,255,0) 54%\u00bb background_image=\u00bbhttps:\/\/recoletasmarbella.com\/wp-content\/uploads\/2025\/03\/recoletas_marbella_medicia-familia-3.jpg\u00bb background_enable_image=\u00bbon\u00bb background_blend=\u00bbmultiply\u00bb filter_saturate=\u00bb130%\u00bb filter_brightness=\u00bb103%\u00bb link_option_url=\u00bb@ET-DC@eyJkeW5hbWljIjp0cnVlLCJjb250ZW50IjoicG9zdF9saW5rX3VybF9wYWdlIiwic2V0dGluZ3MiOnsicG9zdF9pZCI6IjI4NDkyMSJ9fQ==@\u00bb border_radii_item=\u00bbon|13px|13px|13px|13px\u00bb global_colors_info=\u00bb{}\u00bb content_padding__hover_enabled=\u00bboff|desktop\u00bb][\/dica_divi_carouselitem][dica_divi_carouselitem title=\u00bbMedicina Est\u00e9tica\u00bb button_url_new_window=\u00bb1&#8243; image_position=\u00bbimage_under_title\u00bb image_padding=\u00bb||||false|false\u00bb content_padding=\u00bb205px|18px|44px|18px|false|true\u00bb button_margin=\u00bb||||false|false\u00bb button_padding=\u00bb||||false|false\u00bb _builder_version=\u00bb4.27.4&#8243; _dynamic_attributes=\u00bblink_option_url\u00bb _module_preset=\u00bbdefault\u00bb background_enable_color=\u00bboff\u00bb use_background_color_gradient=\u00bbon\u00bb background_color_gradient_direction=\u00bb360deg\u00bb background_color_gradient_stops=\u00bbrgba(90,99,106,0.86) 16%|rgba(255,255,255,0) 50%\u00bb background_image=\u00bbhttps:\/\/recoletasmarbella.com\/wp-content\/uploads\/2025\/03\/recoletas_marbella_estetica-3.jpg\u00bb background_enable_image=\u00bbon\u00bb background_blend=\u00bbmultiply\u00bb filter_saturate=\u00bb117%\u00bb filter_sepia=\u00bb3%\u00bb link_option_url=\u00bb@ET-DC@eyJkeW5hbWljIjp0cnVlLCJjb250ZW50IjoicG9zdF9saW5rX3VybF9wYWdlIiwic2V0dGluZ3MiOnsicG9zdF9pZCI6IjI4NDczMSJ9fQ==@\u00bb border_radii_item=\u00bbon|13px|13px|13px|13px\u00bb global_colors_info=\u00bb{}\u00bb][\/dica_divi_carouselitem][dica_divi_carouselitem title=\u00bbMedicina Interna\u00bb button_url_new_window=\u00bb1&#8243; image_position=\u00bbimage_under_title\u00bb image_padding=\u00bb||||false|false\u00bb content_padding=\u00bb205px|18px|44px|18px|false|true\u00bb button_margin=\u00bb||||false|false\u00bb button_padding=\u00bb||||false|false\u00bb _builder_version=\u00bb4.27.4&#8243; _dynamic_attributes=\u00bblink_option_url\u00bb _module_preset=\u00bbdefault\u00bb background_enable_color=\u00bboff\u00bb use_background_color_gradient=\u00bbon\u00bb background_color_gradient_direction=\u00bb360deg\u00bb background_color_gradient_stops=\u00bbrgba(90,99,106,0.86) 11%|rgba(255,255,255,0) 37%\u00bb background_image=\u00bbhttps:\/\/recoletasmarbella.com\/wp-content\/uploads\/2025\/03\/recoletas_marbella_interna-2.jpg\u00bb background_enable_image=\u00bbon\u00bb background_blend=\u00bbmultiply\u00bb filter_brightness=\u00bb105%\u00bb link_option_url=\u00bb@ET-DC@eyJkeW5hbWljIjp0cnVlLCJjb250ZW50IjoicG9zdF9saW5rX3VybF9wYWdlIiwic2V0dGluZ3MiOnsicG9zdF9pZCI6IjI4NjIzNiJ9fQ==@\u00bb border_radii_item=\u00bbon|13px|13px|13px|13px\u00bb global_colors_info=\u00bb{}\u00bb][\/dica_divi_carouselitem][dica_divi_carouselitem title=\u00bbNeurocirug\u00eda\u00bb button_url_new_window=\u00bb1&#8243; image_position=\u00bbimage_under_title\u00bb image_padding=\u00bb||||false|false\u00bb content_padding=\u00bb205px|18px|44px|18px|false|true\u00bb button_margin=\u00bb||||false|false\u00bb button_padding=\u00bb||||false|false\u00bb custom_padding_tablet=\u00bb||15px||false|false\u00bb custom_padding_phone=\u00bb\u00bb custom_padding_last_edited=\u00bbon|tablet\u00bb _builder_version=\u00bb4.27.4&#8243; _dynamic_attributes=\u00bblink_option_url\u00bb _module_preset=\u00bbdefault\u00bb background_enable_color=\u00bboff\u00bb use_background_color_gradient=\u00bbon\u00bb background_color_gradient_direction=\u00bb360deg\u00bb background_color_gradient_stops=\u00bbrgba(90,99,106,0.86) 13%|rgba(255,255,255,0) 44%\u00bb background_image=\u00bbhttps:\/\/recoletasmarbella.com\/wp-content\/uploads\/2025\/03\/recoletas_marbella_neurocirugia-2.jpg\u00bb background_enable_image=\u00bbon\u00bb background_blend=\u00bbmultiply\u00bb filter_saturate=\u00bb110%\u00bb filter_sepia=\u00bb1%\u00bb link_option_url=\u00bb@ET-DC@eyJkeW5hbWljIjp0cnVlLCJjb250ZW50IjoicG9zdF9saW5rX3VybF9wYWdlIiwic2V0dGluZ3MiOnsicG9zdF9pZCI6IjI4NjI0NCJ9fQ==@\u00bb border_radii_item=\u00bbon|13px|13px|13px|13px\u00bb global_colors_info=\u00bb{}\u00bb][\/dica_divi_carouselitem][dica_divi_carouselitem title=\u00bbUNIDAD DEL DOLOR\u00bb button_url_new_window=\u00bb1&#8243; image_position=\u00bbimage_under_title\u00bb image_padding=\u00bb||||false|false\u00bb content_padding=\u00bb205px|18px|44px|18px|false|true\u00bb button_margin=\u00bb||||false|false\u00bb button_padding=\u00bb||||false|false\u00bb _builder_version=\u00bb4.27.4&#8243; _dynamic_attributes=\u00bblink_option_url\u00bb _module_preset=\u00bbdefault\u00bb background_enable_color=\u00bboff\u00bb use_background_color_gradient=\u00bbon\u00bb background_color_gradient_direction=\u00bb360deg\u00bb background_color_gradient_stops=\u00bbrgba(90,99,106,0.86) 14%|rgba(255,255,255,0) 57%\u00bb background_image=\u00bbhttps:\/\/recoletasmarbella.com\/wp-content\/uploads\/2025\/03\/recoletas_marbella_unidaldeldolor-4.jpg\u00bb background_enable_image=\u00bbon\u00bb background_blend=\u00bbmultiply\u00bb filter_saturate=\u00bb107%\u00bb link_option_url=\u00bb@ET-DC@eyJkeW5hbWljIjp0cnVlLCJjb250ZW50IjoicG9zdF9saW5rX3VybF9wYWdlIiwic2V0dGluZ3MiOnsicG9zdF9pZCI6IjI4NDY2NCJ9fQ==@\u00bb border_radii_item=\u00bbon|13px|13px|13px|13px\u00bb global_colors_info=\u00bb{}\u00bb][\/dica_divi_carouselitem][dica_divi_carouselitem title=\u00bbunidad de hemodin\u00e1mica\u00bb button_url_new_window=\u00bb1&#8243; image_position=\u00bbimage_under_title\u00bb image_padding=\u00bb||||false|false\u00bb content_padding=\u00bb205px|18px|44px|18px|false|true\u00bb button_margin=\u00bb||||false|false\u00bb button_padding=\u00bb||||false|false\u00bb _builder_version=\u00bb4.27.4&#8243; _dynamic_attributes=\u00bblink_option_url\u00bb _module_preset=\u00bbdefault\u00bb background_enable_color=\u00bboff\u00bb use_background_color_gradient=\u00bbon\u00bb background_color_gradient_direction=\u00bb360deg\u00bb background_color_gradient_stops=\u00bbrgba(90,99,106,0.86) 15%|rgba(255,255,255,0) 41%\u00bb background_image=\u00bbhttps:\/\/recoletasmarbella.com\/wp-content\/uploads\/2025\/03\/recoletas_marbella_unidad-hemodinamica.jpg\u00bb background_enable_image=\u00bbon\u00bb background_blend=\u00bbmultiply\u00bb filter_saturate=\u00bb132%\u00bb link_option_url=\u00bb@ET-DC@eyJkeW5hbWljIjp0cnVlLCJjb250ZW50IjoicG9zdF9saW5rX3VybF9wYWdlIiwic2V0dGluZ3MiOnsicG9zdF9pZCI6IjI4NjI2MyJ9fQ==@\u00bb border_radii_item=\u00bbon|13px|13px|13px|13px\u00bb global_colors_info=\u00bb{}\u00bb][\/dica_divi_carouselitem][dica_divi_carouselitem title=\u00bbServicio de urgencias\u00bb button_url_new_window=\u00bb1&#8243; image_position=\u00bbimage_under_title\u00bb rating_alignment=\u00bbcenter\u00bb image_padding=\u00bb||||false|false\u00bb content_padding=\u00bb205px|18px|44px|18px|false|true\u00bb button_margin=\u00bb||||false|false\u00bb button_padding=\u00bb||||false|false\u00bb _builder_version=\u00bb4.27.4&#8243; _dynamic_attributes=\u00bblink_option_url\u00bb _module_preset=\u00bbdefault\u00bb header_line_height=\u00bb1.1em\u00bb background_enable_color=\u00bboff\u00bb use_background_color_gradient=\u00bbon\u00bb background_color_gradient_direction=\u00bb360deg\u00bb background_color_gradient_stops=\u00bbrgba(90,99,106,0.86) 16%|rgba(255,255,255,0) 45%\u00bb background_image=\u00bbhttps:\/\/recoletasmarbella.com\/wp-content\/uploads\/2025\/04\/instalaciones_servicios-de-urgencias-hospital-recoletas-salud-marbella.jpg\u00bb background_enable_image=\u00bbon\u00bb background_blend=\u00bbmultiply\u00bb button_alignment=\u00bbcenter\u00bb filter_saturate=\u00bb107%\u00bb filter_sepia=\u00bb2%\u00bb link_option_url=\u00bb@ET-DC@eyJkeW5hbWljIjp0cnVlLCJjb250ZW50IjoicG9zdF9saW5rX3VybF9wYWdlIiwic2V0dGluZ3MiOnsicG9zdF9pZCI6IjI4NjQwMiJ9fQ==@\u00bb border_radii_item=\u00bbon|13px|13px|13px|13px\u00bb global_colors_info=\u00bb{}\u00bb][\/dica_divi_carouselitem][dica_divi_carouselitem title=\u00bbUrolog\u00eda\u00bb button_url_new_window=\u00bb1&#8243; image_position=\u00bbimage_under_title\u00bb image_padding=\u00bb||||false|false\u00bb content_padding=\u00bb205px|18px|44px|18px|false|true\u00bb button_margin=\u00bb||||false|false\u00bb button_padding=\u00bb||||false|false\u00bb custom_padding_tablet=\u00bb||15px||false|false\u00bb custom_padding_phone=\u00bb\u00bb custom_padding_last_edited=\u00bbon|tablet\u00bb _builder_version=\u00bb4.27.4&#8243; _dynamic_attributes=\u00bblink_option_url\u00bb _module_preset=\u00bbdefault\u00bb background_enable_color=\u00bboff\u00bb use_background_color_gradient=\u00bbon\u00bb background_color_gradient_direction=\u00bb360deg\u00bb background_color_gradient_stops=\u00bbrgba(90, 99, 106, 0.86) 0%|rgba(90,99,106,0.86) 11%|rgba(255,255,255,0) 52%\u00bb background_image=\u00bbhttps:\/\/recoletasmarbella.com\/wp-content\/uploads\/2025\/03\/recoletas_marbella_urologia-3.jpg\u00bb background_enable_image=\u00bbon\u00bb background_blend=\u00bbmultiply\u00bb filter_saturate=\u00bb110%\u00bb filter_sepia=\u00bb1%\u00bb link_option_url=\u00bb@ET-DC@eyJkeW5hbWljIjp0cnVlLCJjb250ZW50IjoicG9zdF9saW5rX3VybF9wYWdlIiwic2V0dGluZ3MiOnsicG9zdF9pZCI6IjI4NjQxOSJ9fQ==@\u00bb border_radii_item=\u00bbon|13px|13px|13px|13px\u00bb global_colors_info=\u00bb{}\u00bb][\/dica_divi_carouselitem][\/dica_divi_carousel][\/et_pb_column][\/et_pb_row][\/et_pb_section]<\/p>","protected":false},"excerpt":{"rendered":"<p>Especialidades Servicio de UrgenciasPR\u00d3XIMAMENTEServicio de Urgencias Generales atenci\u00f3n r\u00e1pida y efectiva durante las primeras 24 h.Servicio de Urgencias Generales atenci\u00f3n r\u00e1pida y efectiva durante las primeras 24 horasequipo especializado en emergenciasinstalaciones equipadas con tecnolog\u00eda de vanguardia y con nuestro equipo de profesionalesEl Servicio de Urgencias Generales de Hospital Recoletas Salud Marbella brinda atenci\u00f3n a todos [&hellip;]<\/p>","protected":false},"author":2,"featured_media":0,"parent":0,"menu_order":0,"comment_status":"closed","ping_status":"closed","template":"","meta":{"_et_pb_use_builder":"on","_et_pb_old_content":"","_et_gb_content_width":"","footnotes":""},"class_list":["post-286402","page","type-page","status-publish","hentry"],"yoast_head":"<!-- This site is optimized with the Yoast SEO plugin v26.1.1 - https:\/\/yoast.com\/wordpress\/plugins\/seo\/ -->\n<title>Urgencias 24 h en Marbella | Recoletas Salud Hospital<\/title>\n<meta name=\"description\" content=\"Atenci\u00f3n m\u00e9dica urgente 24 horas los 365 d\u00edas con UCI y laboratorio propio. Llega a nuestro hospital en Marbella y recibe asistencia inmediata y segura.\" \/>\n<meta name=\"robots\" content=\"index, follow, max-snippet:-1, max-image-preview:large, max-video-preview:-1\" \/>\n<link rel=\"canonical\" href=\"https:\/\/recoletasmarbella.com\/de\/notdienst\/\" \/>\n<meta property=\"og:locale\" content=\"de_DE\" \/>\n<meta property=\"og:type\" content=\"article\" \/>\n<meta property=\"og:title\" content=\"Urgencias 24 h en Marbella | Recoletas Salud Hospital\" \/>\n<meta property=\"og:description\" content=\"Atenci\u00f3n m\u00e9dica urgente 24 horas los 365 d\u00edas con UCI y laboratorio propio. Llega a nuestro hospital en Marbella y recibe asistencia inmediata y segura.\" \/>\n<meta property=\"og:url\" content=\"https:\/\/recoletasmarbella.com\/de\/notdienst\/\" \/>\n<meta property=\"og:site_name\" content=\"Hospital Marbella\" \/>\n<meta property=\"article:publisher\" content=\"https:\/\/www.facebook.com\/people\/Recoletas-Salud-Marbella\/61573653462220\/\" \/>\n<meta property=\"article:modified_time\" content=\"2025-11-11T10:04:59+00:00\" \/>\n<meta name=\"twitter:card\" content=\"summary_large_image\" \/>\n<meta name=\"twitter:label1\" content=\"Gesch\u00e4tzte Lesezeit\" \/>\n\t<meta name=\"twitter:data1\" content=\"2\u00a0Minuten\" \/>\n<script type=\"application\/ld+json\" class=\"yoast-schema-graph\">{\"@context\":\"https:\/\/schema.org\",\"@graph\":[{\"@type\":\"WebPage\",\"@id\":\"https:\/\/recoletasmarbella.com\/es\/servicio-de-urgencias\/\",\"url\":\"https:\/\/recoletasmarbella.com\/es\/servicio-de-urgencias\/\",\"name\":\"Urgencias 24 h en Marbella | Recoletas Salud Hospital\",\"isPartOf\":{\"@id\":\"https:\/\/recoletasmarbella.com\/es\/#website\"},\"datePublished\":\"2025-03-06T12:50:29+00:00\",\"dateModified\":\"2025-11-11T10:04:59+00:00\",\"description\":\"Atenci\u00f3n m\u00e9dica urgente 24 horas los 365 d\u00edas con UCI y laboratorio propio. Llega a nuestro hospital en Marbella y recibe asistencia inmediata y segura.\",\"breadcrumb\":{\"@id\":\"https:\/\/recoletasmarbella.com\/es\/servicio-de-urgencias\/#breadcrumb\"},\"inLanguage\":\"de\",\"potentialAction\":[{\"@type\":\"ReadAction\",\"target\":[\"https:\/\/recoletasmarbella.com\/es\/servicio-de-urgencias\/\"]}]},{\"@type\":\"BreadcrumbList\",\"@id\":\"https:\/\/recoletasmarbella.com\/es\/servicio-de-urgencias\/#breadcrumb\",\"itemListElement\":[{\"@type\":\"ListItem\",\"position\":1,\"name\":\"Portada\",\"item\":\"https:\/\/recoletasmarbella.com\/es\/\"},{\"@type\":\"ListItem\",\"position\":2,\"name\":\"Servicio de Urgencias\"}]},{\"@type\":\"WebSite\",\"@id\":\"https:\/\/recoletasmarbella.com\/es\/#website\",\"url\":\"https:\/\/recoletasmarbella.com\/es\/\",\"name\":\"Hospital Recoletas Salud Marbella\",\"description\":\"Recoletas Salud\",\"publisher\":{\"@id\":\"https:\/\/recoletasmarbella.com\/es\/#organization\"},\"potentialAction\":[{\"@type\":\"SearchAction\",\"target\":{\"@type\":\"EntryPoint\",\"urlTemplate\":\"https:\/\/recoletasmarbella.com\/es\/?s={search_term_string}\"},\"query-input\":{\"@type\":\"PropertyValueSpecification\",\"valueRequired\":true,\"valueName\":\"search_term_string\"}}],\"inLanguage\":\"de\"},{\"@type\":\"Organization\",\"@id\":\"https:\/\/recoletasmarbella.com\/es\/#organization\",\"name\":\"Grupo Recoletas\",\"url\":\"https:\/\/recoletasmarbella.com\/es\/\",\"logo\":{\"@type\":\"ImageObject\",\"inLanguage\":\"de\",\"@id\":\"https:\/\/recoletasmarbella.com\/es\/#\/schema\/logo\/image\/\",\"url\":\"http:\/\/recoletasmarbella.com\/wp-content\/uploads\/2025\/01\/logo-v-hospital-marbella-1.png\",\"contentUrl\":\"http:\/\/recoletasmarbella.com\/wp-content\/uploads\/2025\/01\/logo-v-hospital-marbella-1.png\",\"width\":216,\"height\":164,\"caption\":\"Grupo Recoletas\"},\"image\":{\"@id\":\"https:\/\/recoletasmarbella.com\/es\/#\/schema\/logo\/image\/\"},\"sameAs\":[\"https:\/\/www.facebook.com\/people\/Recoletas-Salud-Marbella\/61573653462220\/\",\"https:\/\/www.instagram.com\/recoletassaludmarbella\/\",\"https:\/\/www.linkedin.com\/company\/recoletas-salud-marbella\",\"https:\/\/www.youtube.com\/@recoletassalud\"]}]}<\/script>\n<!-- \/ Yoast SEO plugin. -->","yoast_head_json":{"title":"24 Stunden Notaufnahme in Marbella : Recoletas Salud Hospital","description":"Dringende medizinische Versorgung 24 Stunden am Tag, 365 Tage im Jahr mit eigener Intensivstation und eigenem Labor. Kommen Sie in unserem Krankenhaus in Marbella an und erhalten Sie sofortige und sichere Hilfe.","robots":{"index":"index","follow":"follow","max-snippet":"max-snippet:-1","max-image-preview":"max-image-preview:large","max-video-preview":"max-video-preview:-1"},"canonical":"https:\/\/recoletasmarbella.com\/de\/notdienst\/","og_locale":"de_DE","og_type":"article","og_title":"Urgencias 24 h en Marbella | Recoletas Salud Hospital","og_description":"Atenci\u00f3n m\u00e9dica urgente 24 horas los 365 d\u00edas con UCI y laboratorio propio. Llega a nuestro hospital en Marbella y recibe asistencia inmediata y segura.","og_url":"https:\/\/recoletasmarbella.com\/de\/notdienst\/","og_site_name":"Hospital Marbella","article_publisher":"https:\/\/www.facebook.com\/people\/Recoletas-Salud-Marbella\/61573653462220\/","article_modified_time":"2025-11-11T10:04:59+00:00","twitter_card":"summary_large_image","twitter_misc":{"Gesch\u00e4tzte Lesezeit":"2\u00a0Minuten"},"schema":{"@context":"https:\/\/schema.org","@graph":[{"@type":"WebPage","@id":"https:\/\/recoletasmarbella.com\/es\/servicio-de-urgencias\/","url":"https:\/\/recoletasmarbella.com\/es\/servicio-de-urgencias\/","name":"24 Stunden Notaufnahme in Marbella : Recoletas Salud Hospital","isPartOf":{"@id":"https:\/\/recoletasmarbella.com\/es\/#website"},"datePublished":"2025-03-06T12:50:29+00:00","dateModified":"2025-11-11T10:04:59+00:00","description":"Dringende medizinische Versorgung 24 Stunden am Tag, 365 Tage im Jahr mit eigener Intensivstation und eigenem Labor. Kommen Sie in unserem Krankenhaus in Marbella an und erhalten Sie sofortige und sichere Hilfe.","breadcrumb":{"@id":"https:\/\/recoletasmarbella.com\/es\/servicio-de-urgencias\/#breadcrumb"},"inLanguage":"de","potentialAction":[{"@type":"ReadAction","target":["https:\/\/recoletasmarbella.com\/es\/servicio-de-urgencias\/"]}]},{"@type":"BreadcrumbList","@id":"https:\/\/recoletasmarbella.com\/es\/servicio-de-urgencias\/#breadcrumb","itemListElement":[{"@type":"ListItem","position":1,"name":"Portada","item":"https:\/\/recoletasmarbella.com\/es\/"},{"@type":"ListItem","position":2,"name":"Servicio de Urgencias"}]},{"@type":"WebSite","@id":"https:\/\/recoletasmarbella.com\/es\/#website","url":"https:\/\/recoletasmarbella.com\/es\/","name":"Hospital Recoletas Salud Marbella","description":"Recoletas Gesundheit","publisher":{"@id":"https:\/\/recoletasmarbella.com\/es\/#organization"},"potentialAction":[{"@type":"SearchAction","target":{"@type":"EntryPoint","urlTemplate":"https:\/\/recoletasmarbella.com\/es\/?s={search_term_string}"},"query-input":{"@type":"PropertyValueSpecification","valueRequired":true,"valueName":"search_term_string"}}],"inLanguage":"de"},{"@type":"Organization","@id":"https:\/\/recoletasmarbella.com\/es\/#organization","name":"Grupo Recoletas","url":"https:\/\/recoletasmarbella.com\/es\/","logo":{"@type":"ImageObject","inLanguage":"de","@id":"https:\/\/recoletasmarbella.com\/es\/#\/schema\/logo\/image\/","url":"http:\/\/recoletasmarbella.com\/wp-content\/uploads\/2025\/01\/logo-v-hospital-marbella-1.png","contentUrl":"http:\/\/recoletasmarbella.com\/wp-content\/uploads\/2025\/01\/logo-v-hospital-marbella-1.png","width":216,"height":164,"caption":"Grupo Recoletas"},"image":{"@id":"https:\/\/recoletasmarbella.com\/es\/#\/schema\/logo\/image\/"},"sameAs":["https:\/\/www.facebook.com\/people\/Recoletas-Salud-Marbella\/61573653462220\/","https:\/\/www.instagram.com\/recoletassaludmarbella\/","https:\/\/www.linkedin.com\/company\/recoletas-salud-marbella","https:\/\/www.youtube.com\/@recoletassalud"]}]}},"_links":{"self":[{"href":"https:\/\/recoletasmarbella.com\/de\/wp-json\/wp\/v2\/pages\/286402","targetHints":{"allow":["GET"]}}],"collection":[{"href":"https:\/\/recoletasmarbella.com\/de\/wp-json\/wp\/v2\/pages"}],"about":[{"href":"https:\/\/recoletasmarbella.com\/de\/wp-json\/wp\/v2\/types\/page"}],"author":[{"embeddable":true,"href":"https:\/\/recoletasmarbella.com\/de\/wp-json\/wp\/v2\/users\/2"}],"replies":[{"embeddable":true,"href":"https:\/\/recoletasmarbella.com\/de\/wp-json\/wp\/v2\/comments?post=286402"}],"version-history":[{"count":41,"href":"https:\/\/recoletasmarbella.com\/de\/wp-json\/wp\/v2\/pages\/286402\/revisions"}],"predecessor-version":[{"id":292211,"href":"https:\/\/recoletasmarbella.com\/de\/wp-json\/wp\/v2\/pages\/286402\/revisions\/292211"}],"wp:attachment":[{"href":"https:\/\/recoletasmarbella.com\/de\/wp-json\/wp\/v2\/media?parent=286402"}],"curies":[{"name":"wp","href":"https:\/\/api.w.org\/{rel}","templated":true}]}}