{"id":286721,"date":"2025-03-07T12:11:37","date_gmt":"2025-03-07T12:11:37","guid":{"rendered":"https:\/\/recoletasmarbella.com\/?page_id=286721"},"modified":"2025-06-30T17:06:43","modified_gmt":"2025-06-30T17:06:43","slug":"schutz-der-patientendaten","status":"publish","type":"page","link":"https:\/\/recoletasmarbella.com\/de\/schutz-der-patientendaten\/","title":{"rendered":"SCHUTZ DER PATIENTENDATEN"},"content":{"rendered":"<p>[et_pb_section fb_built=\u00bb1&#8243; _builder_version=\u00bb4.27.4&#8243; _module_preset=\u00bbdefault\u00bb background_color=\u00bb#F2F2F2&#8243; custom_padding=\u00bb21px||24px|||\u00bb global_colors_info=\u00bb{}\u00bb][et_pb_row _builder_version=\u00bb4.27.4&#8243; _module_preset=\u00bbdefault\u00bb global_colors_info=\u00bb{}\u00bb][et_pb_column type=\u00bb4_4&#8243; _builder_version=\u00bb4.27.4&#8243; _module_preset=\u00bbdefault\u00bb global_colors_info=\u00bb{}\u00bb][et_pb_text _builder_version=\u00bb4.27.4&#8243; _module_preset=\u00bbb20293d3-7e7e-4718-8a41-9d40e20be87b\u00bb header_2_font=\u00bb&#8211;et_global_heading_font|800||on|||||\u00bb header_2_font_size=\u00bb31px\u00bb header_2_letter_spacing=\u00bb0px\u00bb header_2_line_height=\u00bb1em\u00bb header_4_text_color=\u00bb#C7A3DE\u00bb max_width=\u00bb379px\u00bb max_width_tablet=\u00bb379px\u00bb max_width_phone=\u00bb266px\u00bb max_width_last_edited=\u00bbon|phone\u00bb module_alignment=\u00bbcenter\u00bb custom_padding=\u00bb|30px||30px|false|true\u00bb border_width_right=\u00bb2px\u00bb border_color_right=\u00bb#C7A3DE\u00bb border_width_left=\u00bb2px\u00bb border_color_left=\u00bb#C7A3DE\u00bb locked=\u00bboff\u00bb global_colors_info=\u00bb{}\u00bb]<\/p>\n<h3 style=\"text-align: center;\">GDPR<\/h3>\n<h2 style=\"text-align: center;\">SCHUTZ DER PATIENTENDATEN<\/h2>\n<p>[\/et_pb_text][\/et_pb_column][\/et_pb_row][\/et_pb_section][et_pb_section fb_built=\u00bb1&#8243; _builder_version=\u00bb4.27.4&#8243; _module_preset=\u00bbdefault\u00bb global_colors_info=\u00bb{}\u00bb][et_pb_row _builder_version=\u00bb4.27.4&#8243; _module_preset=\u00bbdefault\u00bb global_colors_info=\u00bb{}\u00bb][et_pb_column type=\u00bb4_4&#8243; _builder_version=\u00bb4.27.4&#8243; _module_preset=\u00bbdefault\u00bb global_colors_info=\u00bb{}\u00bb][et_pb_text _builder_version=\u00bb4.27.4&#8243; _module_preset=\u00bbdefault\u00bb header_2_font_size=\u00bb28px\u00bb header_3_font_size=\u00bb17px\u00bb header_3_line_height=\u00bb2.2em\u00bb header_4_text_color=\u00bb#ac8dc1&#8243; header_4_font_size=\u00bb15px\u00bb global_colors_info=\u00bb{}\u00bb]<\/p>\n<h2>Schutz der Patientendaten<\/h2>\n<p><strong><\/strong><\/p>\n<p><strong>Grupo Recoletas<\/strong><span>\u00a0<\/span>informiert die betroffenen Personen dar\u00fcber, dass ihre personenbezogenen Daten von den folgenden Unternehmen gem\u00e4\u00df Art. 26 RGPD verarbeitet werden.<\/p>\n<ul>\n<li><strong>Pincia Recoletas Salud, S.L.U.<\/strong>Constituci\u00f3n,8 1\u00baIzd. 47001 Valladolid<\/li>\n<li><strong>Recoletas Diagnostic Imaging Group, S.L.U.<\/strong><span>\u00a0<\/span>Constituci\u00f3n,8 1\u00baIzd. 47001 Valladolid<\/li>\n<li><strong>Krankenhaus Recoletas de Burgos, S.L.<\/strong><span>\u00a0<\/span>Av. Cruz Roja, 1. 09006 Burgos<\/li>\n<li><strong>Krankenhaus Recoletas Cuenca, S.L.U.<\/strong><span>\u00a0<\/span>Av. San Juli\u00e1n, 1. 16003 Cuenca<\/li>\n<li><strong>Krankenhaus Recoletas de Castilla Le\u00f3n, S.L.U.<\/strong><span>\u00a0<\/span>Constituci\u00f3n,8 1\u00baIzd. 47001 Valladolid<\/li>\n<li><strong>Krankenhaus Recoletas Segovia Ntra. Sra. de la Misericordia,S.L.U.<\/strong><span>\u00a0<\/span>Doktor Velasco, 21-23. 40003 Segovia<\/li>\n<li><strong>Krankenhaus Recoletas Zamora, S.L.U.<\/strong><span>\u00a0<\/span>CL Pinar, 7. 49023 Zamora<\/li>\n<li><strong>Red Hospitalaria Recoletas, S.L.<\/strong><span>\u00a0<\/span>Constituci\u00f3n,8 1\u00baIzd. 47001 Valladolid<\/li>\n<li><strong>Diagnostisches Zentrum Cuenca S.L.U.<\/strong><span>\u00a0<\/span>Avda. San Julian, 1. 16003 Cuenca<\/li>\n<li><strong>Diagnostisches Zentrum Recoletas Castilla Le\u00f3n, S.L.<\/strong><span>\u00a0<\/span>Constituci\u00f3n, n\u00ba 8, 1\u00ba izq. 47001 Valladolid<\/li>\n<li><strong>Diagnostische Bildgebung Recoletas Segovia,S.L.<\/strong><span>\u00a0<\/span>Doktor Velasco, 21-23. 40003 Segovia<\/li>\n<li><strong>Recoletas Laboratorios Cl\u00ednicos, S.L.<\/strong><span>\u00a0<\/span>Constituci\u00f3n,8 1\u00baIzd. 47001 Valladolid<\/li>\n<li><strong>Krankenhaus Recoletas Ponferrada, S.L.<\/strong><span>\u00a0<\/span>Constituci\u00f3n,8 1\u00baIzd. 47001 Valladolid<\/li>\n<li><strong>Medizinische Klinik Campoamor, S.L.<\/strong><span>\u00a0<\/span>Avda. San Agust\u00edn 12. 37005 Salamanca<\/li>\n<li><strong>Hospitales Cosaga, S.L.<\/strong><span>\u00a0<\/span>C\/ Saenz diez, 11. 32003 Ourense<\/li>\n<li><strong>Diagnostisches Zentrum, S.A.<\/strong><span>\u00a0<\/span>C\/ Concejo, n\u00ba 18, semis\u00f3tano. 32003 Ourense<\/li>\n<\/ul>\n<h3>Zwecke der Verarbeitung<\/h3>\n<h4>Leitung des \u00e4rztlichen Dienstes:<\/h4>\n<ul>\n<li>Erforderlich, um eine bessere \u00dcberwachung ihrer Entwicklung und medizinischen Behandlung oder der ihres M\u00fcndels durchf\u00fchren zu k\u00f6nnen und um den gesetzlichen Verpflichtungen nachzukommen, die sich aus der medizinischen T\u00e4tigkeit selbst ergeben.<\/li>\n<li>Zustimmung der betroffenen Person.<br \/>Einhaltung von Vertr\u00e4gen \/ rechtlichen Verpflichtungen.<\/li>\n<li>Die Daten werden w\u00e4hrend der gesetzlichen Aufbewahrungsfristen aufbewahrt, die in staatlichen und regionalen Vorschriften festgelegt sind.<\/li>\n<\/ul>\n<h4>Buchhaltung, Steuern und Verwaltung, die sich aus der eigentlichen Pfleget\u00e4tigkeit ergeben:<\/h4>\n<ul>\n<li>Erf\u00fcllung einer rechtlichen Verpflichtung.<\/li>\n<li>Die Daten werden w\u00e4hrend der gesetzlichen Aufbewahrungsfristen aufbewahrt, die in staatlichen und regionalen Vorschriften festgelegt sind.<\/li>\n<\/ul>\n<h4>Verwaltung der Einziehung von Zahlungen f\u00fcr erbrachte medizinische Leistungen:<\/h4>\n<ul>\n<li>Zustimmung der betroffenen Person.<\/li>\n<li>Die Daten werden w\u00e4hrend der gesetzlichen Aufbewahrungsfristen aufbewahrt, die in staatlichen und regionalen Vorschriften festgelegt sind.<\/li>\n<\/ul>\n<h4>Verwaltung der Beziehungen zu den Patienten und Versand von kommerziellen Mitteilungen:<\/h4>\n<ul>\n<li>Die Beziehungen zu den Patienten und die \u00dcbermittlung von Mitteilungen erfolgen auf elektronischem Wege. Es werden Informationen \u00fcber Aktivit\u00e4ten, Veranstaltungen oder Dienstleistungen von Grupo Recoletas bereitgestellt.<\/li>\n<li>Berechtigtes Interesse.<\/li>\n<li>Die Daten werden w\u00e4hrend der gesetzlichen Aufbewahrungsfristen aufbewahrt, die in staatlichen und regionalen Vorschriften festgelegt sind.<\/li>\n<\/ul>\n<h4>Verwaltung der Arzneimittelabgabe in der ambulanten Krankenhausapotheke:<\/h4>\n<ul>\n<li>Einhaltung von Vertr\u00e4gen \/ rechtlichen Verpflichtungen.<br \/>Zustimmung der betroffenen Person.<\/li>\n<li>Die Daten werden w\u00e4hrend der gesetzlichen Aufbewahrungsfristen aufbewahrt, die in staatlichen und regionalen Vorschriften festgelegt sind.<\/li>\n<\/ul>\n<h3>Adressaten<\/h3>\n<h4>Die Daten k\u00f6nnen an die folgenden Empf\u00e4nger weitergegeben werden:<\/h4>\n<ul>\n<li>An Ihre Gesellschaft oder Ihre Krankenkasse (falls Sie eine haben), da sie f\u00fcr die Deckung und Abrechnung unerl\u00e4sslich sind.<\/li>\n<li>An die Consejer\u00eda de Salud de Castilla y Le\u00f3n, Castilla La Mancha oder Extremadura in den gesetzlich vorgesehenen F\u00e4llen (je nach dem Ort, an dem die Gesundheitsleistung erbracht wird).<\/li>\n<li>Falls der Patient von einem anderen Zentrum oder Arzt als dem der Recoletas-Gruppe \u00fcberwiesen wird, k\u00f6nnen die notwendigen Informationen f\u00fcr die schnellstm\u00f6gliche und effizienteste Untersuchung und Analyse der angeforderten medizinischen Leistung \u00fcbermittelt werden.<\/li>\n<li>Wenn der Patient ausdr\u00fccklich zustimmt, k\u00f6nnen Dritten, die dies w\u00fcnschen, pers\u00f6nlich oder telefonisch Informationen \u00fcber den Krankenhausaufenthalt und die Zimmernummer erteilt werden.<\/li>\n<\/ul>\n<h4>Eine internationale \u00dcbermittlung von Daten ist nicht vorgesehen:<\/h4>\n<ul>\n<li>In diesem Fall wird der Patient dar\u00fcber informiert, dass er das Zentrum ausdr\u00fccklich erm\u00e4chtigt, seine Daten an seinen Versicherer weiterzugeben, um die erbrachte Leistung in Rechnung zu stellen.<\/li>\n<\/ul>\n<h3>Rechte der betroffenen Personen<\/h3>\n<h4>Die betroffenen Personen haben das Recht auf Auskunft, Berichtigung, L\u00f6schung, Widerspruch, Einschr\u00e4nkung und \u00dcbertragbarkeit:<\/h4>\n<ul>\n<li>Interessierte Personen k\u00f6nnen ihre Rechte per E-Mail geltend machen:<span>\u00a0<\/span><a href=\"mailto:dpo@gruporecoletas.com\">dpo@gruporecoletas.com<\/a><span>\u00a0<\/span>oder unter der Adresse C\/ Constituci\u00f3n 8, 1\u00ba, 47001, Valladolid.<\/li>\n<li>Wenn die betroffene Person der Ansicht ist, dass wir die in den geltenden Datenschutzbestimmungen anerkannten Rechte verletzt haben, kann sie sich bei der spanischen Datenschutzbeh\u00f6rde beschweren.<\/li>\n<li>In den F\u00e4llen, in denen aufgrund Ihrer Behandlung die Verwendung von Prothesen oder anderem spezifischen chirurgischen Material erforderlich ist, k\u00f6nnen Ihre personenbezogenen Daten einzig und allein zu diesem Zweck an die liefernden Stellen weitergegeben werden.<\/li>\n<\/ul>\n<h3>Datenschutzbeauftragter<\/h3>\n<h4>Kontakt<\/h4>\n<ul>\n<li>E-Mail:<span>\u00a0<\/span><a href=\"mailto:dpo@gruporecoletas.com\">dpo@gruporecoletas.com<\/a><span>\u00a0<\/span>oder unter der Adresse C\/ Constituci\u00f3n 8, 1\u00ba, 47001, Valladolid.<\/li>\n<\/ul>\n<p>&nbsp;<\/p>\n<p>[\/et_pb_text][\/et_pb_column][\/et_pb_row][\/et_pb_section]<\/p>","protected":false},"excerpt":{"rendered":"<p>GDPR Protecci\u00f3n de datos del pacienteProtecci\u00f3n datos del paciente Grupo Recoletas\u00a0informa a los interesados de que sus datos personales ser\u00e1n tratados por las siguientes empresas seg\u00fan lo dispuesto en el art. 26 RGPD. Pincia Recoletas Salud, S.L.U.Constituci\u00f3n,8 1\u00baIzd. 47001 Valladolid Grupo Recoletas de Diagn\u00f3stico por Imagen, S.L.U.\u00a0Constituci\u00f3n,8 1\u00baIzd. 47001 Valladolid Hospital Recoletas de Burgos, S.L.\u00a0Av. [&hellip;]<\/p>","protected":false},"author":1,"featured_media":286575,"parent":0,"menu_order":0,"comment_status":"closed","ping_status":"closed","template":"","meta":{"_et_pb_use_builder":"on","_et_pb_old_content":"","_et_gb_content_width":"","footnotes":""},"class_list":["post-286721","page","type-page","status-publish","has-post-thumbnail","hentry"],"yoast_head":"<!-- This site is optimized with the Yoast SEO plugin v26.1.1 - https:\/\/yoast.com\/wordpress\/plugins\/seo\/ -->\n<title>Protecci\u00f3n de datos del paciente - Hospital Marbella<\/title>\n<meta name=\"description\" content=\"Garantizamos la seguridad y confidencialidad de tu informaci\u00f3n m\u00e9dica conforme a las normativas de protecci\u00f3n de datos del paciente.\" \/>\n<meta name=\"robots\" content=\"noindex, follow\" \/>\n<meta property=\"og:locale\" content=\"de_DE\" \/>\n<meta property=\"og:type\" content=\"article\" \/>\n<meta property=\"og:title\" content=\"Protecci\u00f3n de datos del paciente - Hospital Marbella\" \/>\n<meta property=\"og:description\" content=\"Garantizamos la seguridad y confidencialidad de tu informaci\u00f3n m\u00e9dica conforme a las normativas de protecci\u00f3n de datos del paciente.\" \/>\n<meta property=\"og:url\" content=\"https:\/\/recoletasmarbella.com\/de\/schutz-der-patientendaten\/\" \/>\n<meta property=\"og:site_name\" content=\"Hospital Marbella\" \/>\n<meta property=\"article:publisher\" content=\"https:\/\/www.facebook.com\/people\/Recoletas-Salud-Marbella\/61573653462220\/\" \/>\n<meta property=\"article:modified_time\" content=\"2025-06-30T17:06:43+00:00\" \/>\n<meta property=\"og:image\" content=\"https:\/\/recoletasmarbella.com\/wp-content\/uploads\/2025\/02\/recoletasmarbella2-215.jpg\" \/>\n\t<meta property=\"og:image:width\" content=\"1600\" \/>\n\t<meta property=\"og:image:height\" content=\"1067\" \/>\n\t<meta property=\"og:image:type\" content=\"image\/jpeg\" \/>\n<meta name=\"twitter:card\" content=\"summary_large_image\" \/>\n<meta name=\"twitter:label1\" content=\"Gesch\u00e4tzte Lesezeit\" \/>\n\t<meta name=\"twitter:data1\" content=\"4\u00a0Minuten\" \/>\n<script type=\"application\/ld+json\" class=\"yoast-schema-graph\">{\"@context\":\"https:\/\/schema.org\",\"@graph\":[{\"@type\":\"WebPage\",\"@id\":\"https:\/\/recoletasmarbella.com\/en\/patient-data-protection\/\",\"url\":\"https:\/\/recoletasmarbella.com\/en\/patient-data-protection\/\",\"name\":\"Protecci\u00f3n de datos del paciente - Hospital Marbella\",\"isPartOf\":{\"@id\":\"https:\/\/recoletasmarbella.com\/es\/#website\"},\"primaryImageOfPage\":{\"@id\":\"https:\/\/recoletasmarbella.com\/en\/patient-data-protection\/#primaryimage\"},\"image\":{\"@id\":\"https:\/\/recoletasmarbella.com\/en\/patient-data-protection\/#primaryimage\"},\"thumbnailUrl\":\"https:\/\/recoletasmarbella.com\/wp-content\/uploads\/2025\/02\/recoletasmarbella2-215.jpg\",\"datePublished\":\"2025-03-07T12:11:37+00:00\",\"dateModified\":\"2025-06-30T17:06:43+00:00\",\"description\":\"Garantizamos la seguridad y confidencialidad de tu informaci\u00f3n m\u00e9dica conforme a las normativas de protecci\u00f3n de datos del paciente.\",\"breadcrumb\":{\"@id\":\"https:\/\/recoletasmarbella.com\/en\/patient-data-protection\/#breadcrumb\"},\"inLanguage\":\"de\",\"potentialAction\":[{\"@type\":\"ReadAction\",\"target\":[\"https:\/\/recoletasmarbella.com\/en\/patient-data-protection\/\"]}]},{\"@type\":\"ImageObject\",\"inLanguage\":\"de\",\"@id\":\"https:\/\/recoletasmarbella.com\/en\/patient-data-protection\/#primaryimage\",\"url\":\"https:\/\/recoletasmarbella.com\/wp-content\/uploads\/2025\/02\/recoletasmarbella2-215.jpg\",\"contentUrl\":\"https:\/\/recoletasmarbella.com\/wp-content\/uploads\/2025\/02\/recoletasmarbella2-215.jpg\",\"width\":1600,\"height\":1067,\"caption\":\"Hospital Recoletas Salud Marbella\"},{\"@type\":\"BreadcrumbList\",\"@id\":\"https:\/\/recoletasmarbella.com\/en\/patient-data-protection\/#breadcrumb\",\"itemListElement\":[{\"@type\":\"ListItem\",\"position\":1,\"name\":\"Portada\",\"item\":\"https:\/\/recoletasmarbella.com\/es\/\"},{\"@type\":\"ListItem\",\"position\":2,\"name\":\"Protecci\u00f3n de datos del paciente\"}]},{\"@type\":\"WebSite\",\"@id\":\"https:\/\/recoletasmarbella.com\/es\/#website\",\"url\":\"https:\/\/recoletasmarbella.com\/es\/\",\"name\":\"Hospital Recoletas Salud Marbella\",\"description\":\"Recoletas Salud\",\"publisher\":{\"@id\":\"https:\/\/recoletasmarbella.com\/es\/#organization\"},\"potentialAction\":[{\"@type\":\"SearchAction\",\"target\":{\"@type\":\"EntryPoint\",\"urlTemplate\":\"https:\/\/recoletasmarbella.com\/es\/?s={search_term_string}\"},\"query-input\":{\"@type\":\"PropertyValueSpecification\",\"valueRequired\":true,\"valueName\":\"search_term_string\"}}],\"inLanguage\":\"de\"},{\"@type\":\"Organization\",\"@id\":\"https:\/\/recoletasmarbella.com\/es\/#organization\",\"name\":\"Grupo Recoletas\",\"url\":\"https:\/\/recoletasmarbella.com\/es\/\",\"logo\":{\"@type\":\"ImageObject\",\"inLanguage\":\"de\",\"@id\":\"https:\/\/recoletasmarbella.com\/es\/#\/schema\/logo\/image\/\",\"url\":\"http:\/\/recoletasmarbella.com\/wp-content\/uploads\/2025\/01\/logo-v-hospital-marbella-1.png\",\"contentUrl\":\"http:\/\/recoletasmarbella.com\/wp-content\/uploads\/2025\/01\/logo-v-hospital-marbella-1.png\",\"width\":216,\"height\":164,\"caption\":\"Grupo Recoletas\"},\"image\":{\"@id\":\"https:\/\/recoletasmarbella.com\/es\/#\/schema\/logo\/image\/\"},\"sameAs\":[\"https:\/\/www.facebook.com\/people\/Recoletas-Salud-Marbella\/61573653462220\/\",\"https:\/\/www.instagram.com\/recoletassaludmarbella\/\",\"https:\/\/www.linkedin.com\/company\/recoletas-salud-marbella\",\"https:\/\/www.youtube.com\/@recoletassalud\"]}]}<\/script>\n<!-- \/ Yoast SEO plugin. -->","yoast_head_json":{"title":"Schutz der Patientendaten - Krankenhaus Marbella","description":"Wir garantieren die Sicherheit und Vertraulichkeit Ihrer medizinischen Informationen gem\u00e4\u00df den Datenschutzbestimmungen f\u00fcr Patienten.","robots":{"index":"noindex","follow":"follow"},"og_locale":"de_DE","og_type":"article","og_title":"Protecci\u00f3n de datos del paciente - Hospital Marbella","og_description":"Garantizamos la seguridad y confidencialidad de tu informaci\u00f3n m\u00e9dica conforme a las normativas de protecci\u00f3n de datos del paciente.","og_url":"https:\/\/recoletasmarbella.com\/de\/schutz-der-patientendaten\/","og_site_name":"Hospital Marbella","article_publisher":"https:\/\/www.facebook.com\/people\/Recoletas-Salud-Marbella\/61573653462220\/","article_modified_time":"2025-06-30T17:06:43+00:00","og_image":[{"width":1600,"height":1067,"url":"https:\/\/recoletasmarbella.com\/wp-content\/uploads\/2025\/02\/recoletasmarbella2-215.jpg","type":"image\/jpeg"}],"twitter_card":"summary_large_image","twitter_misc":{"Gesch\u00e4tzte Lesezeit":"4\u00a0Minuten"},"schema":{"@context":"https:\/\/schema.org","@graph":[{"@type":"WebPage","@id":"https:\/\/recoletasmarbella.com\/en\/patient-data-protection\/","url":"https:\/\/recoletasmarbella.com\/en\/patient-data-protection\/","name":"Schutz der Patientendaten - Krankenhaus Marbella","isPartOf":{"@id":"https:\/\/recoletasmarbella.com\/es\/#website"},"primaryImageOfPage":{"@id":"https:\/\/recoletasmarbella.com\/en\/patient-data-protection\/#primaryimage"},"image":{"@id":"https:\/\/recoletasmarbella.com\/en\/patient-data-protection\/#primaryimage"},"thumbnailUrl":"https:\/\/recoletasmarbella.com\/wp-content\/uploads\/2025\/02\/recoletasmarbella2-215.jpg","datePublished":"2025-03-07T12:11:37+00:00","dateModified":"2025-06-30T17:06:43+00:00","description":"Wir garantieren die Sicherheit und Vertraulichkeit Ihrer medizinischen Informationen gem\u00e4\u00df den Datenschutzbestimmungen f\u00fcr Patienten.","breadcrumb":{"@id":"https:\/\/recoletasmarbella.com\/en\/patient-data-protection\/#breadcrumb"},"inLanguage":"de","potentialAction":[{"@type":"ReadAction","target":["https:\/\/recoletasmarbella.com\/en\/patient-data-protection\/"]}]},{"@type":"ImageObject","inLanguage":"de","@id":"https:\/\/recoletasmarbella.com\/en\/patient-data-protection\/#primaryimage","url":"https:\/\/recoletasmarbella.com\/wp-content\/uploads\/2025\/02\/recoletasmarbella2-215.jpg","contentUrl":"https:\/\/recoletasmarbella.com\/wp-content\/uploads\/2025\/02\/recoletasmarbella2-215.jpg","width":1600,"height":1067,"caption":"Hospital Recoletas Salud Marbella"},{"@type":"BreadcrumbList","@id":"https:\/\/recoletasmarbella.com\/en\/patient-data-protection\/#breadcrumb","itemListElement":[{"@type":"ListItem","position":1,"name":"Portada","item":"https:\/\/recoletasmarbella.com\/es\/"},{"@type":"ListItem","position":2,"name":"Protecci\u00f3n de datos del paciente"}]},{"@type":"WebSite","@id":"https:\/\/recoletasmarbella.com\/es\/#website","url":"https:\/\/recoletasmarbella.com\/es\/","name":"Hospital Recoletas Salud Marbella","description":"Recoletas Gesundheit","publisher":{"@id":"https:\/\/recoletasmarbella.com\/es\/#organization"},"potentialAction":[{"@type":"SearchAction","target":{"@type":"EntryPoint","urlTemplate":"https:\/\/recoletasmarbella.com\/es\/?s={search_term_string}"},"query-input":{"@type":"PropertyValueSpecification","valueRequired":true,"valueName":"search_term_string"}}],"inLanguage":"de"},{"@type":"Organization","@id":"https:\/\/recoletasmarbella.com\/es\/#organization","name":"Grupo Recoletas","url":"https:\/\/recoletasmarbella.com\/es\/","logo":{"@type":"ImageObject","inLanguage":"de","@id":"https:\/\/recoletasmarbella.com\/es\/#\/schema\/logo\/image\/","url":"http:\/\/recoletasmarbella.com\/wp-content\/uploads\/2025\/01\/logo-v-hospital-marbella-1.png","contentUrl":"http:\/\/recoletasmarbella.com\/wp-content\/uploads\/2025\/01\/logo-v-hospital-marbella-1.png","width":216,"height":164,"caption":"Grupo Recoletas"},"image":{"@id":"https:\/\/recoletasmarbella.com\/es\/#\/schema\/logo\/image\/"},"sameAs":["https:\/\/www.facebook.com\/people\/Recoletas-Salud-Marbella\/61573653462220\/","https:\/\/www.instagram.com\/recoletassaludmarbella\/","https:\/\/www.linkedin.com\/company\/recoletas-salud-marbella","https:\/\/www.youtube.com\/@recoletassalud"]}]}},"_links":{"self":[{"href":"https:\/\/recoletasmarbella.com\/de\/wp-json\/wp\/v2\/pages\/286721","targetHints":{"allow":["GET"]}}],"collection":[{"href":"https:\/\/recoletasmarbella.com\/de\/wp-json\/wp\/v2\/pages"}],"about":[{"href":"https:\/\/recoletasmarbella.com\/de\/wp-json\/wp\/v2\/types\/page"}],"author":[{"embeddable":true,"href":"https:\/\/recoletasmarbella.com\/de\/wp-json\/wp\/v2\/users\/1"}],"replies":[{"embeddable":true,"href":"https:\/\/recoletasmarbella.com\/de\/wp-json\/wp\/v2\/comments?post=286721"}],"version-history":[{"count":6,"href":"https:\/\/recoletasmarbella.com\/de\/wp-json\/wp\/v2\/pages\/286721\/revisions"}],"predecessor-version":[{"id":291810,"href":"https:\/\/recoletasmarbella.com\/de\/wp-json\/wp\/v2\/pages\/286721\/revisions\/291810"}],"wp:featuredmedia":[{"embeddable":true,"href":"https:\/\/recoletasmarbella.com\/de\/wp-json\/wp\/v2\/media\/286575"}],"wp:attachment":[{"href":"https:\/\/recoletasmarbella.com\/de\/wp-json\/wp\/v2\/media?parent=286721"}],"curies":[{"name":"wp","href":"https:\/\/api.w.org\/{rel}","templated":true}]}}