{"id":286725,"date":"2025-03-07T12:17:18","date_gmt":"2025-03-07T12:17:18","guid":{"rendered":"https:\/\/recoletasmarbella.com\/?page_id=286725"},"modified":"2025-06-30T17:07:39","modified_gmt":"2025-06-30T17:07:39","slug":"managementsystem-politik","status":"publish","type":"page","link":"https:\/\/recoletasmarbella.com\/de\/managementsystem-politik\/","title":{"rendered":"Richtlinien des Verwaltungssystems"},"content":{"rendered":"<p>[et_pb_section fb_built=\u00bb1&#8243; _builder_version=\u00bb4.27.4&#8243; _module_preset=\u00bbdefault\u00bb background_color=\u00bb#F2F2F2&#8243; custom_padding=\u00bb21px||24px|||\u00bb global_colors_info=\u00bb{}\u00bb][et_pb_row _builder_version=\u00bb4.27.4&#8243; _module_preset=\u00bbdefault\u00bb global_colors_info=\u00bb{}\u00bb][et_pb_column type=\u00bb4_4&#8243; _builder_version=\u00bb4.27.4&#8243; _module_preset=\u00bbdefault\u00bb global_colors_info=\u00bb{}\u00bb][et_pb_text _builder_version=\u00bb4.27.4&#8243; _module_preset=\u00bbb20293d3-7e7e-4718-8a41-9d40e20be87b\u00bb header_2_font=\u00bb&#8211;et_global_heading_font|800||on|||||\u00bb header_2_font_size=\u00bb31px\u00bb header_2_letter_spacing=\u00bb0px\u00bb header_2_line_height=\u00bb1em\u00bb header_4_text_color=\u00bb#C7A3DE\u00bb max_width=\u00bb379px\u00bb max_width_tablet=\u00bb379px\u00bb max_width_phone=\u00bb266px\u00bb max_width_last_edited=\u00bbon|phone\u00bb module_alignment=\u00bbcenter\u00bb custom_padding=\u00bb|30px||30px|false|true\u00bb border_width_right=\u00bb2px\u00bb border_color_right=\u00bb#C7A3DE\u00bb border_width_left=\u00bb2px\u00bb border_color_left=\u00bb#C7A3DE\u00bb locked=\u00bboff\u00bb global_colors_info=\u00bb{}\u00bb]<\/p>\n<h3 style=\"text-align: center;\">GDPR<\/h3>\n<h2 style=\"text-align: center;\">Richtlinie des Managementsystems<\/h2>\n<p>[\/et_pb_text][\/et_pb_column][\/et_pb_row][\/et_pb_section][et_pb_section fb_built=\u00bb1&#8243; _builder_version=\u00bb4.27.4&#8243; _module_preset=\u00bbdefault\u00bb global_colors_info=\u00bb{}\u00bb][et_pb_row _builder_version=\u00bb4.27.4&#8243; _module_preset=\u00bbdefault\u00bb global_colors_info=\u00bb{}\u00bb][et_pb_column type=\u00bb4_4&#8243; _builder_version=\u00bb4.27.4&#8243; _module_preset=\u00bbdefault\u00bb global_colors_info=\u00bb{}\u00bb][et_pb_text _builder_version=\u00bb4.27.4&#8243; _module_preset=\u00bbdefault\u00bb header_2_font_size=\u00bb28px\u00bb header_3_font_size=\u00bb17px\u00bb header_3_line_height=\u00bb2.2em\u00bb header_4_text_color=\u00bb#ac8dc1&#8243; header_4_font_size=\u00bb15px\u00bb custom_padding=\u00bb|0px||||\u00bb global_colors_info=\u00bb{}\u00bb]<\/p>\n<p>Unsere Richtlinie zur Bereitstellung und Verwaltung von Gesundheitsdienstleistungen zielt darauf ab, ein Gesch\u00e4ftsmodell zu etablieren, dessen zentrale Achse die Erf\u00fcllung der Erwartungen unserer Patienten und anderer interessierter Parteien ist, und zwar unter folgenden Kriterien<span>\u00a0<\/span><strong>Effizienz und Nachhaltigkeit.<\/strong><span>\u00a0<\/span>Die vollst\u00e4ndige<strong><span>\u00a0<\/span>die Zufriedenheit der Menschen, denen wir dienen, und unserer Fachkr\u00e4fte<\/strong><span>\u00a0<\/span>hat f\u00fcr uns oberste Priorit\u00e4t.<\/p>\n<p>Um dieses Ziel zu erreichen, \u00fcbernimmt unsere Organisation in einem Markt, in dem die Gesundheitsbed\u00fcrfnisse der Bev\u00f6lkerung exponentiell steigen, die Verantwortung f\u00fcr<span>\u00a0<\/span><strong>Verpflichtung zur kontinuierlichen Verbesserung des Managementsystems<\/strong><span>\u00a0<\/span>Auf allen Ebenen setzen wir kurz-, mittel- und langfristige Ziele und legen deren Erf\u00fcllung regelm\u00e4\u00dfig fest, \u00fcberpr\u00fcfen und bewerten sie, um die Indikatoren unserer Prozesse schrittweise zu verbessern.<\/p>\n<p>&nbsp;<\/p>\n<p>Die Verf\u00fcgbarkeit der besten technischen Mittel, gut ausgebildetes und hochqualifiziertes Personal in allen Bereichen der Dienstleistungserbringung, zusammen mit einer klaren Berufung und Verpflichtung zur<span>\u00a0<\/span><strong>Engagement f\u00fcr Spitzenleistungen<\/strong>, Die Einbindung aller Mitarbeiter und die uneingeschr\u00e4nkte Unterst\u00fctzung des Managementteams der Organisation sind Schl\u00fcsselfaktoren f\u00fcr die Erreichung der gesetzten Ziele.<\/p>\n<p>Wir f\u00f6rdern sichere Umgebungen und Prozesse, um die Sicherheit der<span>\u00a0<\/span><strong>gew\u00e4hrleisten<\/strong><span>\u00a0<\/span>von Patienten und anderen Nutzern, die Verhinderung m\u00f6glicher Sch\u00e4den f\u00fcr das in unseren Zentren t\u00e4tige Fachpersonal sowie die Einrichtung wirksamer Mechanismen zur Meldung von Vorf\u00e4llen zur Analyse und Pr\u00e4vention.<\/p>\n<p>Wir ermitteln und bewerten gesetzliche und andere vereinbarte Anforderungen, um die Einhaltung sicherzustellen. Wir stellen die erforderlichen Ressourcen und die erforderliche Unterst\u00fctzung bereit, um ein Managementsystem zu implementieren und aufrechtzuerhalten, das die Einhaltung dieser Richtlinie gew\u00e4hrleistet.<\/p>\n<p>&nbsp;<\/p>\n<p>Auch das Engagement f\u00fcr unsere Umwelt ist ein wesentlicher Bestandteil unseres Gesch\u00e4ftsverst\u00e4ndnisses. Die<span>\u00a0<\/span><strong>Verschmutzungspr\u00e4vention<\/strong>, Der verantwortungsvolle und effiziente Einsatz der in unserer T\u00e4tigkeit eingesetzten Ressourcen sowie die Minimierung des erzeugten Abfalls zielen auf den Schutz der Umwelt durch die Verwirklichung der Grunds\u00e4tze einer nachhaltigen Wirtschaft und Umweltqualit\u00e4t ab.<\/p>\n<p>Das Managementteam und alle Mitarbeiter sind sich der Ziele des von der Gesch\u00e4ftsleitung festgelegten Managementsystems bewusst und ber\u00fccksichtigen diese in ihrer t\u00e4glichen Arbeit als grundlegenden Teil ihres Engagements f\u00fcr die Organisation.<\/p>\n<p>[\/et_pb_text][\/et_pb_column][\/et_pb_row][\/et_pb_section]<\/p>","protected":false},"excerpt":{"rendered":"<p>GDPR Pol\u00edtica del sistema de gesti\u00f3nNuestra Pol\u00edtica en la prestaci\u00f3n y gesti\u00f3n de Servicios Sanitarios tiene como objetivo el establecimiento de un modelo de negocio, que como eje central establece el cumplimiento de las expectativas de nuestros pacientes y dem\u00e1s partes interesadas, bajo criterios de\u00a0eficiencia y sostenibilidad.\u00a0La plena\u00a0satisfacci\u00f3n de las personas que atendemos y nuestros [&hellip;]<\/p>","protected":false},"author":1,"featured_media":286575,"parent":0,"menu_order":0,"comment_status":"closed","ping_status":"closed","template":"","meta":{"_et_pb_use_builder":"on","_et_pb_old_content":"","_et_gb_content_width":"","footnotes":""},"class_list":["post-286725","page","type-page","status-publish","has-post-thumbnail","hentry"],"yoast_head":"<!-- This site is optimized with the Yoast SEO plugin v26.1.1 - https:\/\/yoast.com\/wordpress\/plugins\/seo\/ -->\n<title>Pol\u00edtica de sistema de gesti\u00f3n - Hospital Marbella<\/title>\n<meta name=\"description\" content=\"Pol\u00edtica de sistema de gesti\u00f3n establecemos la eficiencia en nuestros procesos para ofrecer un servicio seguro, innovador para el paciente.\" \/>\n<meta name=\"robots\" content=\"noindex, follow\" \/>\n<meta property=\"og:locale\" content=\"de_DE\" \/>\n<meta property=\"og:type\" content=\"article\" \/>\n<meta property=\"og:title\" content=\"Pol\u00edtica de sistema de gesti\u00f3n - Hospital Marbella\" \/>\n<meta property=\"og:description\" content=\"Pol\u00edtica de sistema de gesti\u00f3n establecemos la eficiencia en nuestros procesos para ofrecer un servicio seguro, innovador para el paciente.\" \/>\n<meta property=\"og:url\" content=\"https:\/\/recoletasmarbella.com\/de\/managementsystem-politik\/\" \/>\n<meta property=\"og:site_name\" content=\"Hospital Marbella\" \/>\n<meta property=\"article:publisher\" content=\"https:\/\/www.facebook.com\/people\/Recoletas-Salud-Marbella\/61573653462220\/\" \/>\n<meta property=\"article:modified_time\" content=\"2025-06-30T17:07:39+00:00\" \/>\n<meta property=\"og:image\" content=\"https:\/\/recoletasmarbella.com\/wp-content\/uploads\/2025\/02\/recoletasmarbella2-215.jpg\" \/>\n\t<meta property=\"og:image:width\" content=\"1600\" \/>\n\t<meta property=\"og:image:height\" content=\"1067\" \/>\n\t<meta property=\"og:image:type\" content=\"image\/jpeg\" \/>\n<meta name=\"twitter:card\" content=\"summary_large_image\" \/>\n<meta name=\"twitter:label1\" content=\"Gesch\u00e4tzte Lesezeit\" \/>\n\t<meta name=\"twitter:data1\" content=\"2\u00a0Minuten\" \/>\n<script type=\"application\/ld+json\" class=\"yoast-schema-graph\">{\"@context\":\"https:\/\/schema.org\",\"@graph\":[{\"@type\":\"WebPage\",\"@id\":\"https:\/\/recoletasmarbella.com\/es\/politica-de-sistema-de-gestion\/\",\"url\":\"https:\/\/recoletasmarbella.com\/es\/politica-de-sistema-de-gestion\/\",\"name\":\"Pol\u00edtica de sistema de gesti\u00f3n - Hospital Marbella\",\"isPartOf\":{\"@id\":\"https:\/\/recoletasmarbella.com\/es\/#website\"},\"primaryImageOfPage\":{\"@id\":\"https:\/\/recoletasmarbella.com\/es\/politica-de-sistema-de-gestion\/#primaryimage\"},\"image\":{\"@id\":\"https:\/\/recoletasmarbella.com\/es\/politica-de-sistema-de-gestion\/#primaryimage\"},\"thumbnailUrl\":\"https:\/\/recoletasmarbella.com\/wp-content\/uploads\/2025\/02\/recoletasmarbella2-215.jpg\",\"datePublished\":\"2025-03-07T12:17:18+00:00\",\"dateModified\":\"2025-06-30T17:07:39+00:00\",\"description\":\"Pol\u00edtica de sistema de gesti\u00f3n establecemos la eficiencia en nuestros procesos para ofrecer un servicio seguro, innovador para el paciente.\",\"breadcrumb\":{\"@id\":\"https:\/\/recoletasmarbella.com\/es\/politica-de-sistema-de-gestion\/#breadcrumb\"},\"inLanguage\":\"de\",\"potentialAction\":[{\"@type\":\"ReadAction\",\"target\":[\"https:\/\/recoletasmarbella.com\/es\/politica-de-sistema-de-gestion\/\"]}]},{\"@type\":\"ImageObject\",\"inLanguage\":\"de\",\"@id\":\"https:\/\/recoletasmarbella.com\/es\/politica-de-sistema-de-gestion\/#primaryimage\",\"url\":\"https:\/\/recoletasmarbella.com\/wp-content\/uploads\/2025\/02\/recoletasmarbella2-215.jpg\",\"contentUrl\":\"https:\/\/recoletasmarbella.com\/wp-content\/uploads\/2025\/02\/recoletasmarbella2-215.jpg\",\"width\":1600,\"height\":1067,\"caption\":\"Hospital Recoletas Salud Marbella\"},{\"@type\":\"BreadcrumbList\",\"@id\":\"https:\/\/recoletasmarbella.com\/es\/politica-de-sistema-de-gestion\/#breadcrumb\",\"itemListElement\":[{\"@type\":\"ListItem\",\"position\":1,\"name\":\"Portada\",\"item\":\"https:\/\/recoletasmarbella.com\/es\/\"},{\"@type\":\"ListItem\",\"position\":2,\"name\":\"Pol\u00edtica de sistema de gesti\u00f3n\"}]},{\"@type\":\"WebSite\",\"@id\":\"https:\/\/recoletasmarbella.com\/es\/#website\",\"url\":\"https:\/\/recoletasmarbella.com\/es\/\",\"name\":\"Hospital Recoletas Salud Marbella\",\"description\":\"Recoletas Salud\",\"publisher\":{\"@id\":\"https:\/\/recoletasmarbella.com\/es\/#organization\"},\"potentialAction\":[{\"@type\":\"SearchAction\",\"target\":{\"@type\":\"EntryPoint\",\"urlTemplate\":\"https:\/\/recoletasmarbella.com\/es\/?s={search_term_string}\"},\"query-input\":{\"@type\":\"PropertyValueSpecification\",\"valueRequired\":true,\"valueName\":\"search_term_string\"}}],\"inLanguage\":\"de\"},{\"@type\":\"Organization\",\"@id\":\"https:\/\/recoletasmarbella.com\/es\/#organization\",\"name\":\"Grupo Recoletas\",\"url\":\"https:\/\/recoletasmarbella.com\/es\/\",\"logo\":{\"@type\":\"ImageObject\",\"inLanguage\":\"de\",\"@id\":\"https:\/\/recoletasmarbella.com\/es\/#\/schema\/logo\/image\/\",\"url\":\"http:\/\/recoletasmarbella.com\/wp-content\/uploads\/2025\/01\/logo-v-hospital-marbella-1.png\",\"contentUrl\":\"http:\/\/recoletasmarbella.com\/wp-content\/uploads\/2025\/01\/logo-v-hospital-marbella-1.png\",\"width\":216,\"height\":164,\"caption\":\"Grupo Recoletas\"},\"image\":{\"@id\":\"https:\/\/recoletasmarbella.com\/es\/#\/schema\/logo\/image\/\"},\"sameAs\":[\"https:\/\/www.facebook.com\/people\/Recoletas-Salud-Marbella\/61573653462220\/\",\"https:\/\/www.instagram.com\/recoletassaludmarbella\/\",\"https:\/\/www.linkedin.com\/company\/recoletas-salud-marbella\",\"https:\/\/www.youtube.com\/@recoletassalud\"]}]}<\/script>\n<!-- \/ Yoast SEO plugin. -->","yoast_head_json":{"title":"Politik des Managementsystems - Krankenhaus Marbella","description":"Politik des Managementsystems Wir sorgen f\u00fcr Effizienz in unseren Prozessen, um den Patienten einen sicheren und innovativen Service zu bieten.","robots":{"index":"noindex","follow":"follow"},"og_locale":"de_DE","og_type":"article","og_title":"Pol\u00edtica de sistema de gesti\u00f3n - Hospital Marbella","og_description":"Pol\u00edtica de sistema de gesti\u00f3n establecemos la eficiencia en nuestros procesos para ofrecer un servicio seguro, innovador para el paciente.","og_url":"https:\/\/recoletasmarbella.com\/de\/managementsystem-politik\/","og_site_name":"Hospital Marbella","article_publisher":"https:\/\/www.facebook.com\/people\/Recoletas-Salud-Marbella\/61573653462220\/","article_modified_time":"2025-06-30T17:07:39+00:00","og_image":[{"width":1600,"height":1067,"url":"https:\/\/recoletasmarbella.com\/wp-content\/uploads\/2025\/02\/recoletasmarbella2-215.jpg","type":"image\/jpeg"}],"twitter_card":"summary_large_image","twitter_misc":{"Gesch\u00e4tzte Lesezeit":"2\u00a0Minuten"},"schema":{"@context":"https:\/\/schema.org","@graph":[{"@type":"WebPage","@id":"https:\/\/recoletasmarbella.com\/es\/politica-de-sistema-de-gestion\/","url":"https:\/\/recoletasmarbella.com\/es\/politica-de-sistema-de-gestion\/","name":"Politik des Managementsystems - Krankenhaus Marbella","isPartOf":{"@id":"https:\/\/recoletasmarbella.com\/es\/#website"},"primaryImageOfPage":{"@id":"https:\/\/recoletasmarbella.com\/es\/politica-de-sistema-de-gestion\/#primaryimage"},"image":{"@id":"https:\/\/recoletasmarbella.com\/es\/politica-de-sistema-de-gestion\/#primaryimage"},"thumbnailUrl":"https:\/\/recoletasmarbella.com\/wp-content\/uploads\/2025\/02\/recoletasmarbella2-215.jpg","datePublished":"2025-03-07T12:17:18+00:00","dateModified":"2025-06-30T17:07:39+00:00","description":"Politik des Managementsystems Wir sorgen f\u00fcr Effizienz in unseren Prozessen, um den Patienten einen sicheren und innovativen Service zu bieten.","breadcrumb":{"@id":"https:\/\/recoletasmarbella.com\/es\/politica-de-sistema-de-gestion\/#breadcrumb"},"inLanguage":"de","potentialAction":[{"@type":"ReadAction","target":["https:\/\/recoletasmarbella.com\/es\/politica-de-sistema-de-gestion\/"]}]},{"@type":"ImageObject","inLanguage":"de","@id":"https:\/\/recoletasmarbella.com\/es\/politica-de-sistema-de-gestion\/#primaryimage","url":"https:\/\/recoletasmarbella.com\/wp-content\/uploads\/2025\/02\/recoletasmarbella2-215.jpg","contentUrl":"https:\/\/recoletasmarbella.com\/wp-content\/uploads\/2025\/02\/recoletasmarbella2-215.jpg","width":1600,"height":1067,"caption":"Hospital Recoletas Salud Marbella"},{"@type":"BreadcrumbList","@id":"https:\/\/recoletasmarbella.com\/es\/politica-de-sistema-de-gestion\/#breadcrumb","itemListElement":[{"@type":"ListItem","position":1,"name":"Portada","item":"https:\/\/recoletasmarbella.com\/es\/"},{"@type":"ListItem","position":2,"name":"Pol\u00edtica de sistema de gesti\u00f3n"}]},{"@type":"WebSite","@id":"https:\/\/recoletasmarbella.com\/es\/#website","url":"https:\/\/recoletasmarbella.com\/es\/","name":"Hospital Recoletas Salud Marbella","description":"Recoletas Gesundheit","publisher":{"@id":"https:\/\/recoletasmarbella.com\/es\/#organization"},"potentialAction":[{"@type":"SearchAction","target":{"@type":"EntryPoint","urlTemplate":"https:\/\/recoletasmarbella.com\/es\/?s={search_term_string}"},"query-input":{"@type":"PropertyValueSpecification","valueRequired":true,"valueName":"search_term_string"}}],"inLanguage":"de"},{"@type":"Organization","@id":"https:\/\/recoletasmarbella.com\/es\/#organization","name":"Grupo Recoletas","url":"https:\/\/recoletasmarbella.com\/es\/","logo":{"@type":"ImageObject","inLanguage":"de","@id":"https:\/\/recoletasmarbella.com\/es\/#\/schema\/logo\/image\/","url":"http:\/\/recoletasmarbella.com\/wp-content\/uploads\/2025\/01\/logo-v-hospital-marbella-1.png","contentUrl":"http:\/\/recoletasmarbella.com\/wp-content\/uploads\/2025\/01\/logo-v-hospital-marbella-1.png","width":216,"height":164,"caption":"Grupo Recoletas"},"image":{"@id":"https:\/\/recoletasmarbella.com\/es\/#\/schema\/logo\/image\/"},"sameAs":["https:\/\/www.facebook.com\/people\/Recoletas-Salud-Marbella\/61573653462220\/","https:\/\/www.instagram.com\/recoletassaludmarbella\/","https:\/\/www.linkedin.com\/company\/recoletas-salud-marbella","https:\/\/www.youtube.com\/@recoletassalud"]}]}},"_links":{"self":[{"href":"https:\/\/recoletasmarbella.com\/de\/wp-json\/wp\/v2\/pages\/286725","targetHints":{"allow":["GET"]}}],"collection":[{"href":"https:\/\/recoletasmarbella.com\/de\/wp-json\/wp\/v2\/pages"}],"about":[{"href":"https:\/\/recoletasmarbella.com\/de\/wp-json\/wp\/v2\/types\/page"}],"author":[{"embeddable":true,"href":"https:\/\/recoletasmarbella.com\/de\/wp-json\/wp\/v2\/users\/1"}],"replies":[{"embeddable":true,"href":"https:\/\/recoletasmarbella.com\/de\/wp-json\/wp\/v2\/comments?post=286725"}],"version-history":[{"count":11,"href":"https:\/\/recoletasmarbella.com\/de\/wp-json\/wp\/v2\/pages\/286725\/revisions"}],"predecessor-version":[{"id":291811,"href":"https:\/\/recoletasmarbella.com\/de\/wp-json\/wp\/v2\/pages\/286725\/revisions\/291811"}],"wp:featuredmedia":[{"embeddable":true,"href":"https:\/\/recoletasmarbella.com\/de\/wp-json\/wp\/v2\/media\/286575"}],"wp:attachment":[{"href":"https:\/\/recoletasmarbella.com\/de\/wp-json\/wp\/v2\/media?parent=286725"}],"curies":[{"name":"wp","href":"https:\/\/api.w.org\/{rel}","templated":true}]}}