{"id":283644,"date":"2025-02-19T15:45:37","date_gmt":"2025-02-19T15:45:37","guid":{"rendered":"https:\/\/recoletasmarbella.com\/?page_id=283644"},"modified":"2025-11-11T11:10:41","modified_gmt":"2025-11-11T11:10:41","slug":"anestesia-y-unidad-cuidados-intensivos-uci","status":"publish","type":"page","link":"https:\/\/recoletasmarbella.com\/es\/anestesia-y-unidad-cuidados-intensivos-uci\/","title":{"rendered":"Anestesia y Unidad de Cuidados intensivos (UCI)"},"content":{"rendered":"<p>[et_pb_section fb_built=\u00bb1&#8243; disabled_on=\u00bboff|off|off\u00bb admin_label=\u00bbtop\u00bb _builder_version=\u00bb4.27.4&#8243; _module_preset=\u00bbc75156c4-775b-4cd8-8dc3-5148a08f45a2&#8243; background_image=\u00bbhttps:\/\/recoletasmarbella.com\/wp-content\/uploads\/2025\/03\/anestesia-y-cuidados-intensivos-top.png\u00bb background_position=\u00bbbottom_center\u00bb custom_margin_tablet=\u00bb0px||||false|false\u00bb custom_margin_phone=\u00bb\u00bb custom_margin_last_edited=\u00bbon|tablet\u00bb custom_padding=\u00bb190px||415px||false|false\u00bb filter_saturate=\u00bb125%\u00bb animation_style=\u00bbnone\u00bb background_color_phone=\u00bbRGBA(255,255,255,0)\u00bb background_last_edited=\u00bbon|tablet\u00bb background_enable_color_phone=\u00bbon\u00bb use_background_color_gradient_phone=\u00bboff\u00bb background_image_tablet=\u00bbhttps:\/\/recoletasmarbella.com\/wp-content\/uploads\/2025\/03\/anestesia-y-cuidados-intensivos-top.png\u00bb background_image_phone=\u00bbhttps:\/\/recoletasmarbella.com\/wp-content\/uploads\/2025\/03\/banner-specialidades-mobile_top2.jpg\u00bb background_enable_image_tablet=\u00bbon\u00bb background_enable_image_phone=\u00bbon\u00bb background_position_tablet=\u00bbbottom_right\u00bb background_horizontal_offset_tablet=\u00bb34%\u00bb background_vertical_offset_tablet=\u00bb-5%\u00bb background_blend_phone=\u00bbnormal\u00bb locked=\u00bboff\u00bb collapsed=\u00bboff\u00bb global_colors_info=\u00bb{}\u00bb][et_pb_row _builder_version=\u00bb4.27.4&#8243; _module_preset=\u00bbdefault\u00bb background_color=\u00bbRGBA(255,255,255,0)\u00bb custom_margin=\u00bb33px|auto|-48px|auto|false|false\u00bb custom_padding=\u00bb0px|||||\u00bb hover_enabled=\u00bb0&#8243; collapsed=\u00bboff\u00bb global_colors_info=\u00bb{}\u00bb sticky_enabled=\u00bb0&#8243;][et_pb_column type=\u00bb4_4&#8243; _builder_version=\u00bb4.27.4&#8243; _module_preset=\u00bbdefault\u00bb custom_padding=\u00bb0px||0px||true|false\u00bb custom_padding_tablet=\u00bb0px||0px||true|false\u00bb custom_padding_phone=\u00bb0px||0px|22px|true|false\u00bb custom_padding_last_edited=\u00bbon|phone\u00bb scroll_vertical_motion_enable=\u00bboff\u00bb border_width_left=\u00bb2px\u00bb border_color_left=\u00bb#FFFFFF\u00bb border_width_left_tablet=\u00bb2px\u00bb border_width_left_phone=\u00bb2px\u00bb border_width_left_last_edited=\u00bbon|tablet\u00bb border_color_left_tablet=\u00bb#5A636A\u00bb border_color_left_phone=\u00bb#617179&#8243; border_color_left_last_edited=\u00bbon|tablet\u00bb global_colors_info=\u00bb{}\u00bb][et_pb_text content_tablet=\u00bb<\/p>\n<h3>Especialidades<\/h3>\n<h1><span>Anestesia y <br \/>Unidad <\/span><span>de Cuidados<br \/>intensivos (UCI)<\/span><\/h1>\n<p>\u00bb content_phone=\u00bb<\/p>\n<h3>Especialidades<\/h3>\n<h1><span>Anestesia y <br \/>Unidad <\/span><span>de Cuidados intensivos (UCI)<\/span><\/h1>\n<p>\u00bb content_last_edited=\u00bbon|tablet\u00bb admin_label=\u00bbTexto\u00bb _builder_version=\u00bb4.27.4&#8243; _module_preset=\u00bbff347454-283e-426a-9660-28afbe1b5f05&#8243; header_font=\u00bb&#8211;et_global_heading_font|||on|||||\u00bb header_line_height=\u00bb1.2em\u00bb header_2_text_color=\u00bb#617179&#8243; header_3_text_color=\u00bb#FFFFFF\u00bb header_4_text_color=\u00bb#dcccdd\u00bb header_4_font_size=\u00bb21px\u00bb header_5_text_color=\u00bb#cc70bc\u00bb max_width_tablet=\u00bb379px\u00bb max_width_phone=\u00bb266px\u00bb max_width_last_edited=\u00bboff|desktop\u00bb custom_margin=\u00bb0px||0px||false|false\u00bb custom_margin_tablet=\u00bb|||30px|false|false\u00bb custom_margin_phone=\u00bb0px|||0px|false|false\u00bb custom_margin_last_edited=\u00bbon|phone\u00bb custom_padding=\u00bb0px|30px|0px|30px|false|true\u00bb custom_padding_phone=\u00bb0px||||false|true\u00bb header_text_color_tablet=\u00bb#617179&#8243; header_text_color_phone=\u00bb#5A636A\u00bb header_text_color_last_edited=\u00bbon|phone\u00bb header_font_size_tablet=\u00bb29px\u00bb header_font_size_phone=\u00bb29px\u00bb header_font_size_last_edited=\u00bbon|phone\u00bb header_line_height_phone=\u00bb1.2em\u00bb header_2_text_color_tablet=\u00bb#617179&#8243; header_2_text_color_phone=\u00bb#617179&#8243; header_2_text_color_last_edited=\u00bbon|tablet\u00bb header_2_font_size_tablet=\u00bb35px\u00bb header_2_font_size_phone=\u00bb28px\u00bb header_2_font_size_last_edited=\u00bbon|tablet\u00bb header_3_text_color_tablet=\u00bb#617179&#8243; header_3_text_color_phone=\u00bb#617179&#8243; header_3_text_color_last_edited=\u00bbon|tablet\u00bb header_3_font_size_tablet=\u00bb13px\u00bb header_3_font_size_phone=\u00bb13px\u00bb header_3_font_size_last_edited=\u00bbon|desktop\u00bb header_3_line_height_tablet=\u00bb1.2em\u00bb header_3_line_height_phone=\u00bb1.2em\u00bb header_3_line_height_last_edited=\u00bbon|tablet\u00bb locked=\u00bboff\u00bb global_colors_info=\u00bb{}\u00bb]<\/p>\n<h3>Especialidades<\/h3>\n<h1><span>Anestesia y Unidad<br \/><\/span><span>de Cuidados intensivos (UCI)<\/span><\/h1>\n<p>[\/et_pb_text][et_pb_text _builder_version=\u00bb4.27.4&#8243; _module_preset=\u00bb751976f8-563d-4217-b6cb-cf288189ea42&#8243; hover_enabled=\u00bb0&#8243; text_font_size_phone=\u00bb12px\u00bb header_5_font_size_tablet=\u00bb\u00bb header_5_font_size_phone=\u00bb12px\u00bb header_5_font_size_last_edited=\u00bbon|phone\u00bb border_color_left_tablet=\u00bb\u00bb border_color_left_phone=\u00bb\u00bb border_color_left_last_edited=\u00bbon|desktop\u00bb global_colors_info=\u00bb{}\u00bb theme_builder_area=\u00bbpost_content\u00bb sticky_enabled=\u00bb0&#8243; custom_margin=\u00bb8px||1px||false|false\u00bb]<\/p>\n<h5>PR\u00d3XIMAMENTE<\/h5>\n<p>[\/et_pb_text][\/et_pb_column][\/et_pb_row][\/et_pb_section][et_pb_section fb_built=\u00bb1&#8243; custom_padding_last_edited=\u00bbon|tablet\u00bb disabled_on=\u00bbon|on|off\u00bb _builder_version=\u00bb4.27.4&#8243; _module_preset=\u00bbdefault\u00bb background_color=\u00bbRGBA(255,255,255,0)\u00bb custom_margin=\u00bb-258px||0px||false|false\u00bb custom_margin_tablet=\u00bb0px||0px||false|false\u00bb custom_margin_phone=\u00bb0px||0px||false|false\u00bb custom_margin_last_edited=\u00bbon|phone\u00bb custom_padding=\u00bb0px|6px|57px||false|false\u00bb custom_padding_tablet=\u00bb0px|6px|0px||false|false\u00bb custom_padding_phone=\u00bb||51px||false|false\u00bb bottom_divider_color=\u00bb#F2F2F2&#8243; bottom_divider_flip=\u00bbhorizontal|vertical\u00bb collapsed=\u00bboff\u00bb global_colors_info=\u00bb{}\u00bb][et_pb_row column_structure=\u00bb3_5,2_5&#8243; _builder_version=\u00bb4.27.4&#8243; _module_preset=\u00bbdefault\u00bb background_color=\u00bbRGBA(255,255,255,0)\u00bb width=\u00bb100%\u00bb custom_margin=\u00bb|auto||auto|false|false\u00bb custom_padding=\u00bb2px||5px|||\u00bb border_color_right=\u00bb#C7A3DE\u00bb global_colors_info=\u00bb{}\u00bb][et_pb_column type=\u00bb3_5&#8243; _builder_version=\u00bb4.27.4&#8243; _module_preset=\u00bbdefault\u00bb global_colors_info=\u00bb{}\u00bb custom_css_main_element_last_edited=\u00bbon|tablet\u00bb custom_css_main_element_tablet=\u00bbdisplay: inline-block;||max-width :50%;\u00bb custom_css_main_element_phone=\u00bb \u00ab][et_pb_image src=\u00bbhttps:\/\/recoletasmarbella.com\/wp-content\/uploads\/2025\/05\/anestesia-cuidados-intensivos2.-Hospital-recoletas-salud-marbella.jpg\u00bb alt=\u00bbAnestesia y cuidados intensivos. Hospital Recoletas Salud Marbella\u00bb title_text=\u00bbAnestesia y cuidados intensivos. Hospital Recoletas Salud Marbella\u00bb force_fullwidth=\u00bbon\u00bb src_tablet=\u00bbhttps:\/\/recoletasmarbella.com\/wp-content\/uploads\/2025\/05\/anestesia-cuidados-intensivos2.-Hospital-recoletas-salud-marbella.jpg\u00bb src_phone=\u00bbhttps:\/\/recoletasmarbella.com\/wp-content\/uploads\/2025\/05\/anestesia-cuidados-intensivos2.-Hospital-recoletas-salud-marbella.jpg\u00bb src_last_edited=\u00bbon|phone\u00bb _builder_version=\u00bb4.27.4&#8243; _module_preset=\u00bbdefault\u00bb background_enable_image=\u00bboff\u00bb background_size=\u00bbcontain\u00bb background_position=\u00bbtop_left\u00bb background_horizontal_offset=\u00bb0%\u00bb background_vertical_offset=\u00bb10%\u00bb transform_scale=\u00bb87%|87%\u00bb module_alignment=\u00bbleft\u00bb custom_padding=\u00bb51px||13px||false|false\u00bb border_radii=\u00bbon|15px|15px|15px|15px\u00bb global_colors_info=\u00bb{}\u00bb][\/et_pb_image][\/et_pb_column][et_pb_column type=\u00bb2_5&#8243; _builder_version=\u00bb4.27.4&#8243; _module_preset=\u00bbdefault\u00bb global_colors_info=\u00bb{}\u00bb custom_css_main_element_last_edited=\u00bbon|tablet\u00bb custom_css_main_element_tablet=\u00bbdisplay: inline-block;||max-width :50%;\u00bb custom_css_main_element_phone=\u00bb \u00ab][et_pb_text _builder_version=\u00bb4.27.4&#8243; _module_preset=\u00bbb20293d3-7e7e-4718-8a41-9d40e20be87b\u00bb header_font=\u00bb|||on|||||\u00bb header_text_align=\u00bbright\u00bb header_text_color=\u00bb#5A636A\u00bb header_line_height=\u00bb0.3em\u00bb header_2_text_align=\u00bbright\u00bb header_2_line_height=\u00bb1em\u00bb header_3_text_align=\u00bbright\u00bb header_4_text_align=\u00bbright\u00bb max_width_tablet=\u00bb379px\u00bb max_width_phone=\u00bb266px\u00bb max_width_last_edited=\u00bboff|desktop\u00bb module_alignment=\u00bbright\u00bb custom_margin=\u00bb||0px|4px|false|false\u00bb custom_padding=\u00bb364px|65px|0px|1px|false|false\u00bb custom_padding_tablet=\u00bb91px|65px|0px|1px|false|false\u00bb custom_padding_phone=\u00bb0px||||false|false\u00bb custom_padding_last_edited=\u00bbon|phone\u00bb animation_direction=\u00bbright\u00bb scroll_vertical_motion_enable=\u00bbon\u00bb scroll_vertical_motion=\u00bb0|62|62|100|0|0|-1&#8243; border_color_right=\u00bb#DCCCDD\u00bb locked=\u00bboff\u00bb global_colors_info=\u00bb{}\u00bb]<\/p>\n<h3>TE CUIDAMOS<\/h3>\n<h2>LA atenci\u00f3n CUENTA en todos los momentos<\/h2>\n<p>[\/et_pb_text][\/et_pb_column][\/et_pb_row][\/et_pb_section][et_pb_section fb_built=\u00bb1&#8243; _builder_version=\u00bb4.27.4&#8243; _module_preset=\u00bb62c95c8c-8319-472b-9dd6-30165a584812&#8243; animation_style=\u00bbnone\u00bb collapsed=\u00bboff\u00bb global_colors_info=\u00bb{}\u00bb][et_pb_row column_structure=\u00bb3_5,2_5&#8243; custom_padding_last_edited=\u00bbon|phone\u00bb _builder_version=\u00bb4.27.4&#8243; _module_preset=\u00bbdefault\u00bb background_color=\u00bbRGBA(255,255,255,0)\u00bb height_tablet=\u00bb\u00bb height_phone=\u00bb207px\u00bb height_last_edited=\u00bbon|phone\u00bb custom_margin=\u00bb-2px|auto|34px|auto|false|false\u00bb custom_margin_tablet=\u00bb5px|auto|0px|auto|false|false\u00bb custom_margin_phone=\u00bb||0px||false|false\u00bb custom_margin_last_edited=\u00bbon|phone\u00bb custom_padding=\u00bb2px||5px|||\u00bb custom_padding_tablet=\u00bb0px||0px||false|false\u00bb custom_padding_phone=\u00bb||0px||false|false\u00bb border_color_right=\u00bb#C7A3DE\u00bb global_colors_info=\u00bb{}\u00bb][et_pb_column type=\u00bb3_5&#8243; _builder_version=\u00bb4.27.4&#8243; _module_preset=\u00bbdefault\u00bb global_colors_info=\u00bb{}\u00bb][et_pb_text content_tablet=\u00bb<\/p>\n<h3 style=%22text-align: left;%22>TE CUIDAMOS<\/h3>\n<h2 style=%22text-align: left;%22>LA atenci\u00f3n CUENTA en todos los momentos<\/h2>\n<p>\u00bb content_phone=\u00bb<\/p>\n<h3 style=%22text-align: left;%22>TE CUIDAMOS<\/h3>\n<h2 style=%22text-align: left;%22>LA atenci\u00f3n <br \/>CUENTA en todos los momentos<\/h2>\n<p>\u00bb content_last_edited=\u00bbon|desktop\u00bb _builder_version=\u00bb4.27.4&#8243; _module_preset=\u00bbff347454-283e-426a-9660-28afbe1b5f05&#8243; header_font=\u00bb|||on|||||\u00bb header_text_align=\u00bbright\u00bb header_text_color=\u00bb#5A636A\u00bb header_line_height=\u00bb0.3em\u00bb header_2_text_align=\u00bbright\u00bb header_2_letter_spacing=\u00bb0px\u00bb header_3_text_align=\u00bbright\u00bb header_4_font=\u00bb|700||on|||||\u00bb header_4_text_align=\u00bbright\u00bb header_4_font_size=\u00bb14px\u00bb header_4_letter_spacing=\u00bb1px\u00bb max_width_tablet=\u00bb379px\u00bb max_width_phone=\u00bb266px\u00bb max_width_last_edited=\u00bboff|desktop\u00bb module_alignment=\u00bbright\u00bb custom_margin=\u00bb||5px|4px|false|false\u00bb custom_margin_tablet=\u00bb0px|0px|0px|0px|false|false\u00bb custom_margin_phone=\u00bb0px|0px|0px|0px|false|false\u00bb custom_margin_last_edited=\u00bbon|tablet\u00bb custom_padding=\u00bb0px|80px|0px|0px|false|false\u00bb custom_padding_tablet=\u00bb10px|231px|0px|0px|false|false\u00bb custom_padding_phone=\u00bb|0px||0px|false|true\u00bb animation_direction=\u00bbright\u00bb scroll_vertical_motion_enable=\u00bbon\u00bb scroll_vertical_motion=\u00bb0|36|36|86|0|0|-0.5&#8243; header_2_font_tablet=\u00bb&#8211;et_global_heading_font|300||on|||||\u00bb header_2_font_phone=\u00bb&#8211;et_global_heading_font|||on|||||\u00bb header_2_font_last_edited=\u00bbon|tablet\u00bb header_2_font_size_tablet=\u00bb29px\u00bb header_2_font_size_phone=\u00bb28px\u00bb header_2_font_size_last_edited=\u00bbon|phone\u00bb header_2_line_height_tablet=\u00bb1.1em\u00bb header_2_line_height_phone=\u00bb1.1em\u00bb header_2_line_height_last_edited=\u00bbon|tablet\u00bb header_3_line_height_tablet=\u00bb1.4em\u00bb header_3_line_height_phone=\u00bb1.4em\u00bb header_3_line_height_last_edited=\u00bbon|tablet\u00bb scroll_vertical_motion_tablet=\u00bb0|51|51|100|0|0|0.5&#8243; scroll_vertical_motion_phone=\u00bb0|46|46|63|-0.5|0|0&#8243; scroll_vertical_motion_last_edited=\u00bbon|phone\u00bb border_color_right=\u00bb#DCCCDD\u00bb border_color_left=\u00bbRGBA(255,255,255,0)\u00bb locked=\u00bboff\u00bb global_colors_info=\u00bb{}\u00bb]<\/p>\n<h3 style=\"text-align: left;\">TE CUIDAMOS<\/h3>\n<h2 style=\"text-align: left;\">LA atenci\u00f3n CUENTA en todos los momento<\/h2>\n<p>[\/et_pb_text][\/et_pb_column][et_pb_column type=\u00bb2_5&#8243; _builder_version=\u00bb4.27.4&#8243; _module_preset=\u00bbdefault\u00bb global_colors_info=\u00bb{}\u00bb][et_pb_image src=\u00bbhttps:\/\/recoletasmarbella.com\/wp-content\/uploads\/2025\/03\/carrousel-anestesia-recoletas-marbella.jpg\u00bb alt=\u00bbanestesia y cuidados intensivos. Hospital Recoletas Salud Marbella\u00bb title_text=\u00bbanestesia y cuidados intensivos. Hospital Recoletas Salud Marbella\u00bb force_fullwidth=\u00bbon\u00bb _builder_version=\u00bb4.27.4&#8243; _module_preset=\u00bbdefault\u00bb background_enable_image=\u00bboff\u00bb background_size=\u00bbcontain\u00bb background_position=\u00bbtop_left\u00bb background_horizontal_offset=\u00bb0%\u00bb background_vertical_offset=\u00bb10%\u00bb transform_scale=\u00bb87%|87%\u00bb transform_scale_tablet=\u00bb100%|100%\u00bb transform_scale_phone=\u00bb100%|100%\u00bb transform_scale_last_edited=\u00bbon|tablet\u00bb transform_translate_tablet=\u00bb\u00bb transform_translate_phone=\u00bb\u00bb transform_translate_last_edited=\u00bbon|tablet\u00bb transform_rotate_tablet=\u00bb\u00bb transform_rotate_phone=\u00bb\u00bb transform_rotate_last_edited=\u00bbon|tablet\u00bb transform_skew_tablet=\u00bb\u00bb transform_skew_phone=\u00bb\u00bb transform_skew_last_edited=\u00bbon|tablet\u00bb transform_origin_tablet=\u00bb\u00bb transform_origin_phone=\u00bb\u00bb transform_origin_last_edited=\u00bbon|tablet\u00bb transform_styles_last_edited=\u00bbon|tablet\u00bb module_alignment=\u00bbleft\u00bb custom_margin_tablet=\u00bb\u00bb custom_margin_phone=\u00bb0px||0px||false|false\u00bb custom_margin_last_edited=\u00bbon|phone\u00bb custom_padding=\u00bb51px||13px||false|false\u00bb custom_padding_tablet=\u00bb51px||55px||false|false\u00bb custom_padding_phone=\u00bb0px||33px||false|false\u00bb custom_padding_last_edited=\u00bbon|tablet\u00bb animation_style=\u00bbfade\u00bb transform_styles_tablet=\u00bb\u00bb transform_styles_phone=\u00bb\u00bb border_radii=\u00bbon|15px|15px|15px|15px\u00bb global_colors_info=\u00bb{}\u00bb][\/et_pb_image][\/et_pb_column][\/et_pb_row][\/et_pb_section][et_pb_section fb_built=\u00bb1&#8243; custom_padding_last_edited=\u00bbon|phone\u00bb disabled_on=\u00bboff|off|off\u00bb _builder_version=\u00bb4.27.4&#8243; _module_preset=\u00bbdefault\u00bb background_image=\u00bbhttps:\/\/recoletasmarbella.com\/wp-content\/uploads\/2025\/03\/anestesia-cuidados-intensivos.-Hospital-recoletas-salud-marbella.jpg\u00bb module_alignment=\u00bbcenter\u00bb custom_margin=\u00bb0px|0px|0px|0px|false|false\u00bb custom_margin_tablet=\u00bb0px|0px|-3px|0px|false|false\u00bb custom_margin_phone=\u00bb0px|0px|0px|0px|false|false\u00bb custom_margin_last_edited=\u00bbon|tablet\u00bb custom_padding=\u00bb0px|0px|303px|0px|false|false\u00bb custom_padding_tablet=\u00bb4px||198px||false|false\u00bb custom_padding_phone=\u00bb||0px||false|false\u00bb background_last_edited=\u00bbon|phone\u00bb background_image_tablet=\u00bbhttps:\/\/recoletasmarbella.com\/wp-content\/uploads\/2025\/03\/anestesia-y-cuidados-intensivos.-Hospital-recoletas-salud-marbella_mobile-1.jpg\u00bb background_image_phone=\u00bbhttps:\/\/recoletasmarbella.com\/wp-content\/uploads\/2025\/03\/anestesia-y-cuidados-intensivos.-Hospital-recoletas-salud-marbella_mobile-1.jpg\u00bb background_enable_image_tablet=\u00bbon\u00bb background_enable_image_phone=\u00bbon\u00bb background_size_phone=\u00bbcontain\u00bb background_image_width_phone=\u00bb100%\u00bb background_position_tablet=\u00bbbottom_center\u00bb background_position_phone=\u00bbbottom_center\u00bb background_vertical_offset_tablet=\u00bb30%\u00bb background_vertical_offset_phone=\u00bb0%\u00bb module_alignment_tablet=\u00bbcenter\u00bb module_alignment_phone=\u00bbcenter\u00bb module_alignment_last_edited=\u00bbon|desktop\u00bb collapsed=\u00bbon\u00bb global_colors_info=\u00bb{}\u00bb][et_pb_row column_structure=\u00bb1_2,1_2&#8243; custom_padding_last_edited=\u00bbon|tablet\u00bb _builder_version=\u00bb4.27.4&#8243; _module_preset=\u00bbdefault\u00bb custom_margin=\u00bb-19px||0px||false|false\u00bb custom_margin_tablet=\u00bb||0px||false|false\u00bb custom_margin_phone=\u00bb||0px||false|false\u00bb custom_margin_last_edited=\u00bbon|phone\u00bb custom_padding=\u00bb65px||||false|false\u00bb custom_padding_tablet=\u00bb50px||||false|false\u00bb custom_padding_phone=\u00bb||108px||false|false\u00bb filter_saturate=\u00bb97%\u00bb filter_brightness=\u00bb102%\u00bb module_alignment_tablet=\u00bb\u00bb module_alignment_phone=\u00bbcenter\u00bb module_alignment_last_edited=\u00bbon|phone\u00bb global_colors_info=\u00bb{}\u00bb][et_pb_column type=\u00bb1_2&#8243; _builder_version=\u00bb4.27.4&#8243; _module_preset=\u00bbdefault\u00bb z_index=\u00bb6&#8243; global_colors_info=\u00bb{}\u00bb][et_pb_text _builder_version=\u00bb4.27.4&#8243; _module_preset=\u00bbff347454-283e-426a-9660-28afbe1b5f05&#8243; custom_margin_tablet=\u00bb\u00bb custom_margin_phone=\u00bb11px||7px||false|false\u00bb custom_margin_last_edited=\u00bbon|phone\u00bb custom_padding=\u00bb|0px||0px|false|true\u00bb custom_padding_tablet=\u00bb\u00bb custom_padding_phone=\u00bb|0px|0px||false|false\u00bb custom_padding_last_edited=\u00bbon|phone\u00bb locked=\u00bboff\u00bb global_colors_info=\u00bb{}\u00bb]<\/p>\n<h3 style=\"text-align: left;\">Especialistas cualificados<\/h3>\n<h2 style=\"text-align: left;\">para brindar la mejor atenci\u00f3n al paciente.<\/h2>\n<p>[\/et_pb_text][et_pb_text content_tablet=\u00bb<\/p>\n<p style=%22text-align: justify;%22>El Departamento de <strong>Anestesia y Unidad de Cuidados intensivos (UCI) <\/strong>est\u00e1 compuesto por un grupo de especialistas altamente cualificados en la administraci\u00f3n de anestesia durante <strong>intervenciones quir\u00fargicas<\/strong>, as\u00ed como en procedimientos fuera del quir\u00f3fano, en el manejo de pacientes cr\u00edticos y en el control del dolor. Su prop\u00f3sito es brindar la<strong> mejor atenci\u00f3n posible al paciente.<\/strong><\/p>\n<p style=%22text-align: justify;%22>Contamos con <strong>protocolos avanzados<\/strong> y un equipo preparado para estabilizar y atender situaciones cr\u00edticas, garantizando siempre la mejor atenci\u00f3n posible.  Adem\u00e1s, siempre consideramos la importancia de los <strong>familiares de los pacientes<\/strong>. Por eso, nos aseguramos de mantenerlos informados de manera completa sobre el estado de salud de su ser querido en cualquier momento del d\u00eda.<\/p>\n<p>\u00bb content_phone=\u00bb<\/p>\n<p style=%22text-align: justify;%22>El Departamento de <strong>Anestesia y Unidad de Cuidados intensivos (UCI) <\/strong>est\u00e1 compuesto por un grupo de especialistas altamente cualificados en la administraci\u00f3n de anestesia durante <strong>intervenciones quir\u00fargicas<\/strong>, as\u00ed como en procedimientos fuera del quir\u00f3fano, en el manejo de pacientes cr\u00edticos y en el control del dolor. Su prop\u00f3sito es brindar la<strong> mejor atenci\u00f3n posible al paciente.<\/strong><\/p>\n<p style=%22text-align: justify;%22>Contamos con una avanzada <strong>Unidad de Cuidados Intensivos<\/strong>, equipada con boxes individuales y tecnolog\u00eda de vanguardia.  Adem\u00e1s, siempre consideramos la importancia de los <strong>familiares de los pacientes<\/strong>. Por eso, nos aseguramos de mantenerlos informados de manera completa sobre el estado de salud de su ser querido en cualquier momento del d\u00eda.<\/p>\n<p>\u00bb content_last_edited=\u00bbon|phone\u00bb _builder_version=\u00bb4.27.4&#8243; _module_preset=\u00bbff347454-283e-426a-9660-28afbe1b5f05&#8243; text_font=\u00bb&#8211;et_global_heading_font|300|||||||\u00bb text_line_height=\u00bb1.4em\u00bb custom_margin=\u00bb0px||||false|false\u00bb custom_margin_tablet=\u00bb0px||||false|false\u00bb custom_margin_phone=\u00bb0px||||false|false\u00bb custom_margin_last_edited=\u00bbon|desktop\u00bb custom_padding=\u00bb0px||0px||true|false\u00bb custom_padding_tablet=\u00bb|98px|0px||false|false\u00bb custom_padding_phone=\u00bb25px|0px|0px||false|false\u00bb custom_padding_last_edited=\u00bbon|phone\u00bb text_font_size_tablet=\u00bb\u00bb text_font_size_phone=\u00bb\u00bb text_font_size_last_edited=\u00bbon|desktop\u00bb locked=\u00bboff\u00bb global_colors_info=\u00bb{}\u00bb]<\/p>\n<p style=\"text-align: justify;\">El Departamento de <strong>Anestesia y Unidad de Cuidados intensivos (UCI) <\/strong>est\u00e1 compuesto por un grupo de especialistas altamente cualificados en la administraci\u00f3n de anestesia durante <strong>intervenciones quir\u00fargicas<\/strong>, as\u00ed como en procedimientos fuera del quir\u00f3fano, en el manejo de pacientes cr\u00edticos y en el control del dolor. Su prop\u00f3sito es brindar la<strong> mejor atenci\u00f3n posible al paciente.<\/strong><\/p>\n<p style=\"text-align: justify;\">Contamos con <strong>protocolos avanzados<\/strong> y un equipo preparado para estabilizar y atender situaciones cr\u00edticas, garantizando siempre la mejor atenci\u00f3n posible. \u00a0Adem\u00e1s, siempre consideramos la importancia de los <strong>familiares de los pacientes<\/strong>. Por eso, nos aseguramos de mantenerlos informados de manera completa sobre el estado de salud de su ser querido en cualquier momento del d\u00eda.<\/p>\n<p>[\/et_pb_text][et_pb_button button_url=\u00bb@ET-DC@eyJkeW5hbWljIjp0cnVlLCJjb250ZW50IjoicG9zdF9saW5rX3VybF9wYWdlIiwic2V0dGluZ3MiOnsicG9zdF9pZCI6IjI4NTI0NyJ9fQ==@\u00bb button_text=\u00bbM\u00c1S INFORMACI\u00d3N\u00bb button_alignment=\u00bbleft\u00bb button_alignment_tablet=\u00bbleft\u00bb button_alignment_phone=\u00bbleft\u00bb button_alignment_last_edited=\u00bbon|desktop\u00bb _builder_version=\u00bb4.27.4&#8243; _dynamic_attributes=\u00bbbutton_url\u00bb _module_preset=\u00bb675490e3-0089-406a-bcdb-120afc2b432a\u00bb button_bg_color=\u00bb#C7A3DE\u00bb button_border_color=\u00bbRGBA(255,255,255,0)\u00bb button_border_radius=\u00bb9px\u00bb button_letter_spacing=\u00bb1px\u00bb button_font=\u00bb&#8211;et_global_heading_font|||on|||||\u00bb custom_margin=\u00bb30px||||false|false\u00bb custom_margin_tablet=\u00bb0px|||0px|false|false\u00bb custom_margin_phone=\u00bb47px||0px||false|false\u00bb custom_margin_last_edited=\u00bbon|tablet\u00bb custom_padding=\u00bb12px|48px|12px|48px|true|true\u00bb locked=\u00bboff\u00bb global_colors_info=\u00bb{}\u00bb button_bg_color__hover_enabled=\u00bbon|hover\u00bb button_bg_color__hover=\u00bb#a67cbc\u00bb button_bg_enable_color__hover=\u00bbon\u00bb][\/et_pb_button][\/et_pb_column][et_pb_column type=\u00bb1_2&#8243; _builder_version=\u00bb4.27.4&#8243; _module_preset=\u00bbdefault\u00bb vertical_offset=\u00bb-1px\u00bb global_colors_info=\u00bb{}\u00bb][\/et_pb_column][\/et_pb_row][\/et_pb_section][et_pb_section fb_built=\u00bb1&#8243; custom_padding_last_edited=\u00bbon|tablet\u00bb admin_label=\u00bbCarrousel Especialidades Footer\u00bb _builder_version=\u00bb4.27.4&#8243; _module_preset=\u00bbf5c4057e-a1bb-4e7e-aeee-e3f81f16a896&#8243; background_color=\u00bb#F2F2F2&#8243; custom_margin=\u00bb0px||0px||true|false\u00bb custom_padding=\u00bb60px||60px||true|false\u00bb custom_padding_tablet=\u00bb50px||50px|0px|true|false\u00bb custom_padding_phone=\u00bb30px||50px||false|false\u00bb global_module=\u00bb286167&#8243; saved_tabs=\u00bball\u00bb locked=\u00bboff\u00bb collapsed=\u00bbon\u00bb global_colors_info=\u00bb%91%93&#8243;][et_pb_row _builder_version=\u00bb4.27.4&#8243; _module_preset=\u00bbdefault\u00bb custom_margin=\u00bb||0px||false|false\u00bb custom_padding=\u00bb||0px||false|false\u00bb global_colors_info=\u00bb{}\u00bb][et_pb_column type=\u00bb4_4&#8243; _builder_version=\u00bb4.27.4&#8243; _module_preset=\u00bbdefault\u00bb global_colors_info=\u00bb{}\u00bb][et_pb_text _builder_version=\u00bb4.27.4&#8243; _module_preset=\u00bbb20293d3-7e7e-4718-8a41-9d40e20be87b\u00bb header_2_font=\u00bb&#8211;et_global_heading_font|800||on|||||\u00bb header_2_font_size=\u00bb30px\u00bb header_2_letter_spacing=\u00bb0px\u00bb header_2_line_height=\u00bb1em\u00bb header_4_text_color=\u00bb#C7A3DE\u00bb width_tablet=\u00bb\u00bb width_phone=\u00bbauto\u00bb width_last_edited=\u00bbon|phone\u00bb max_width=\u00bb379px\u00bb max_width_tablet=\u00bb379px\u00bb max_width_phone=\u00bb100%\u00bb max_width_last_edited=\u00bbon|phone\u00bb module_alignment=\u00bbcenter\u00bb custom_padding=\u00bb|30px||30px|false|true\u00bb header_2_font_size_tablet=\u00bb30px\u00bb header_2_font_size_phone=\u00bb26px\u00bb header_2_font_size_last_edited=\u00bbon|phone\u00bb header_2_letter_spacing_tablet=\u00bb0px\u00bb header_2_letter_spacing_phone=\u00bb0px\u00bb header_2_letter_spacing_last_edited=\u00bbon|desktop\u00bb border_width_right=\u00bb2px\u00bb border_color_right=\u00bb#C7A3DE\u00bb border_width_left=\u00bb2px\u00bb border_color_left=\u00bb#C7A3DE\u00bb locked=\u00bboff\u00bb global_colors_info=\u00bb{}\u00bb]<\/p>\n<h3 style=\"text-align: center;\">especialidades<\/h3>\n<h2 style=\"text-align: center;\"><span style=\"color: #5a636a;\">\u00bfc\u00f3mo podemos<\/span> ayudarte?<\/h2>\n<p>[\/et_pb_text][dica_divi_carousel loop=\u00bbon\u00bb autoplay=\u00bbon\u00bb hoverpause=\u00bbon\u00bb scroller_effect=\u00bbon\u00bb arrow_nav=\u00bbon\u00bb dot_nav=\u00bbon\u00bb advanced_effect=\u00bb1&#8243; arrow_nav_color=\u00bb#C7A3DE\u00bb arrow_bg_color=\u00bbRGBA(255,255,255,0)\u00bb dots_active_color=\u00bb#C7A3DE\u00bb overlay_color_field_bgcolor=\u00bbrgba(255,255,255,0.85)\u00bb title_background=\u00bbRGBA(255,255,255,0)\u00bb subtitle_background=\u00bbRGBA(255,255,255,0)\u00bb arrow_position=\u00bbmiddle-outside\u00bb arrow_font_size=\u00bb50px\u00bb carousel_container_padding=\u00bb||||false|false\u00bb innercontent_padding=\u00bb||23px||false|false\u00bb innercontent_padding_tablet=\u00bb||25px||false|false\u00bb innercontent_padding_phone=\u00bb\u00bb innercontent_padding_last_edited=\u00bbon|tablet\u00bb _builder_version=\u00bb4.27.4&#8243; _module_preset=\u00bbdefault\u00bb title_font=\u00bb&#8211;et_global_body_font|700||on|||||\u00bb title_text_align=\u00bbcenter\u00bb title_text_color=\u00bb#FFFFFF\u00bb title_font_size=\u00bb14px\u00bb title_letter_spacing=\u00bb1px\u00bb subtitle_text_align=\u00bbcenter\u00bb module_alignment=\u00bbcenter\u00bb custom_margin_tablet=\u00bb0px||0px||false|false\u00bb custom_margin_phone=\u00bb\u00bb custom_margin_last_edited=\u00bbon|tablet\u00bb custom_padding_tablet=\u00bb0px||0px||false|false\u00bb custom_padding_phone=\u00bb\u00bb custom_padding_last_edited=\u00bbon|tablet\u00bb global_colors_info=\u00bb{}\u00bb][dica_divi_carouselitem title=\u00bbAnestesia y cuidados intensivos\u00bb button_url_new_window=\u00bb1&#8243; image_position=\u00bbimage_under_title\u00bb rating_alignment=\u00bbcenter\u00bb image_padding=\u00bb||||false|false\u00bb content_padding=\u00bb205px|18px|28px|18px|false|true\u00bb content_padding_tablet=\u00bb\u00bb content_padding_phone=\u00bb\u00bb content_padding_last_edited=\u00bbon|tablet\u00bb button_margin=\u00bb||||false|false\u00bb button_padding=\u00bb||||false|false\u00bb _builder_version=\u00bb4.27.4&#8243; _dynamic_attributes=\u00bblink_option_url\u00bb _module_preset=\u00bbdefault\u00bb header_level=\u00bbh3&#8243; header_font=\u00bb&#8211;et_global_heading_font|||on|||||\u00bb header_text_align=\u00bbcenter\u00bb header_line_height=\u00bb1.1em\u00bb subtitle_text_align=\u00bbcenter\u00bb body_text_align=\u00bbcenter\u00bb background_enable_color=\u00bboff\u00bb use_background_color_gradient=\u00bbon\u00bb background_color_gradient_direction=\u00bb360deg\u00bb background_color_gradient_stops=\u00bbrgba(90,99,106,0.86) 17%|rgba(255,255,255,0) 40%|rgba(255, 255, 255, 0) 57%\u00bb background_image=\u00bbhttps:\/\/recoletasmarbella.com\/wp-content\/uploads\/2025\/03\/recoletas_marbella_anestesia-4.jpg\u00bb background_enable_image=\u00bbon\u00bb background_blend=\u00bbmultiply\u00bb button_alignment=\u00bbcenter\u00bb filter_saturate=\u00bb133%\u00bb filter_brightness=\u00bb107%\u00bb filter_sepia=\u00bb1%\u00bb link_option_url=\u00bb@ET-DC@eyJkeW5hbWljIjp0cnVlLCJjb250ZW50IjoicG9zdF9saW5rX3VybF9wYWdlIiwic2V0dGluZ3MiOnsicG9zdF9pZCI6IjI4MzY0NCJ9fQ==@\u00bb border_radii_item=\u00bbon|13px|13px|13px|13px\u00bb global_colors_info=\u00bb{}\u00bb][\/dica_divi_carouselitem][dica_divi_carouselitem title=\u00bbCARDIOLOG\u00cdA \u00bb field_enable_content_limit=\u00bboff\u00bb button_url_new_window=\u00bb1&#8243; image_position=\u00bbimage_under_title\u00bb rating_alignment=\u00bbcenter\u00bb image_padding=\u00bb||||false|false\u00bb content_padding=\u00bb205px|18px|44px|18px|false|true\u00bb content_padding_tablet=\u00bb||44px||false|true\u00bb content_padding_phone=\u00bb\u00bb content_padding_last_edited=\u00bbon|tablet\u00bb button_margin=\u00bb||||false|false\u00bb button_padding=\u00bb||||false|false\u00bb custom_padding=\u00bb||||false|false\u00bb custom_padding_tablet=\u00bb||15px||false|false\u00bb custom_padding_phone=\u00bb\u00bb custom_padding_last_edited=\u00bbon|tablet\u00bb _builder_version=\u00bb4.27.4&#8243; _dynamic_attributes=\u00bblink_option_url\u00bb _module_preset=\u00bbdefault\u00bb header_font=\u00bb&#8211;et_global_heading_font|||on|||||\u00bb header_text_align=\u00bbcenter\u00bb header_text_color=\u00bb#FFFFFF\u00bb header_line_height=\u00bb1em\u00bb background_enable_color=\u00bboff\u00bb use_background_color_gradient=\u00bbon\u00bb background_color_gradient_direction=\u00bb360deg\u00bb background_color_gradient_stops=\u00bbrgba(90,99,106,0.86) 16%|rgba(255,255,255,0) 46%\u00bb background_image=\u00bbhttps:\/\/recoletasmarbella.com\/wp-content\/uploads\/2025\/03\/recoletas_marbella_cardiologia-3.jpg\u00bb background_enable_image=\u00bbon\u00bb background_blend=\u00bbmultiply\u00bb child_filter_brightness=\u00bb0%\u00bb link_option_url=\u00bb@ET-DC@eyJkeW5hbWljIjp0cnVlLCJjb250ZW50IjoicG9zdF9saW5rX3VybF9wYWdlIiwic2V0dGluZ3MiOnsicG9zdF9pZCI6IjI4NTg4OCJ9fQ==@\u00bb header_text_align_tablet=\u00bbcenter\u00bb header_text_align_last_edited=\u00bboff|tablet\u00bb header_text_color_tablet=\u00bb\u00bb header_text_color_phone=\u00bb\u00bb header_text_color_last_edited=\u00bbon|tablet\u00bb border_radii_item=\u00bbon|13px|13px|13px|13px\u00bb global_colors_info=\u00bb{}\u00bb][\/dica_divi_carouselitem][dica_divi_carouselitem title=\u00bbCIRUG\u00cdA GENERAL Y DIGESTIVA\u00bb button_url_new_window=\u00bb1&#8243; image_position=\u00bbimage_under_title\u00bb image_padding=\u00bb||||false|false\u00bb content_padding=\u00bb205px|18px|44px|18px|false|true\u00bb content_padding_tablet=\u00bb205px|18px|28px|18px|false|true\u00bb content_padding_phone=\u00bb\u00bb content_padding_last_edited=\u00bbon|tablet\u00bb button_margin=\u00bb||||false|false\u00bb button_padding=\u00bb||||false|false\u00bb _builder_version=\u00bb4.27.4&#8243; _dynamic_attributes=\u00bblink_option_url\u00bb _module_preset=\u00bbdefault\u00bb header_line_height=\u00bb1.1em\u00bb background_enable_color=\u00bboff\u00bb use_background_color_gradient=\u00bbon\u00bb background_color_gradient_direction=\u00bb360deg\u00bb background_color_gradient_stops=\u00bbrgba(90,99,106,0.86) 14%|rgba(255,255,255,0) 43%\u00bb background_image=\u00bbhttps:\/\/recoletasmarbella.com\/wp-content\/uploads\/2025\/03\/recoletas_marbella_cirugia_digestiva.jpg\u00bb background_enable_image=\u00bbon\u00bb background_blend=\u00bbmultiply\u00bb filter_saturate=\u00bb116%\u00bb filter_sepia=\u00bb4%\u00bb link_option_url=\u00bb@ET-DC@eyJkeW5hbWljIjp0cnVlLCJjb250ZW50IjoicG9zdF9saW5rX3VybF9wYWdlIiwic2V0dGluZ3MiOnsicG9zdF9pZCI6IjI4NTk0NSJ9fQ==@\u00bb border_radii_item=\u00bbon|13px|13px|13px|13px\u00bb global_colors_info=\u00bb{}\u00bb][\/dica_divi_carouselitem][dica_divi_carouselitem title=\u00bbCirug\u00eda Pl\u00e1stica y Est\u00e9tica\u00bb button_url_new_window=\u00bb1&#8243; image_position=\u00bbimage_under_title\u00bb image_padding=\u00bb||||false|false\u00bb content_padding=\u00bb205px|18px|44px|18px|false|true\u00bb button_margin=\u00bb||||false|false\u00bb button_padding=\u00bb||||false|false\u00bb _builder_version=\u00bb4.27.4&#8243; _dynamic_attributes=\u00bblink_option_url\u00bb _module_preset=\u00bbdefault\u00bb header_line_height=\u00bb1.1em\u00bb background_enable_color=\u00bboff\u00bb use_background_color_gradient=\u00bbon\u00bb background_color_gradient_direction=\u00bb360deg\u00bb background_color_gradient_stops=\u00bbrgba(90,99,106,0.86) 15%|rgba(255,255,255,0) 45%\u00bb background_image=\u00bbhttps:\/\/recoletasmarbella.com\/wp-content\/uploads\/2025\/03\/recoletas_marbella_cirugia-plastica-3.jpg\u00bb background_enable_image=\u00bbon\u00bb background_blend=\u00bbmultiply\u00bb filter_saturate=\u00bb113%\u00bb filter_brightness=\u00bb101%\u00bb link_option_url=\u00bb@ET-DC@eyJkeW5hbWljIjp0cnVlLCJjb250ZW50IjoicG9zdF9saW5rX3VybF9wYWdlIiwic2V0dGluZ3MiOnsicG9zdF9pZCI6IjI4NDkwNiJ9fQ==@\u00bb border_radii_item=\u00bbon|13px|13px|13px|13px\u00bb global_colors_info=\u00bb{}\u00bb][\/dica_divi_carouselitem][dica_divi_carouselitem title=\u00bbGinecolog\u00eda y Obstetricia\u00bb button_url_new_window=\u00bb1&#8243; image_position=\u00bbimage_under_title\u00bb image_padding=\u00bb||||false|false\u00bb content_padding=\u00bb205px|18px|44px|18px|false|true\u00bb button_margin=\u00bb||||false|false\u00bb button_padding=\u00bb||||false|false\u00bb _builder_version=\u00bb4.27.4&#8243; _dynamic_attributes=\u00bblink_option_url\u00bb _module_preset=\u00bbdefault\u00bb header_line_height=\u00bb1.1em\u00bb background_enable_color=\u00bboff\u00bb use_background_color_gradient=\u00bbon\u00bb background_color_gradient_direction=\u00bb355deg\u00bb background_color_gradient_stops=\u00bb#5a636a 4%|rgba(255,255,255,0) 33%\u00bb background_image=\u00bbhttps:\/\/recoletasmarbella.com\/wp-content\/uploads\/2025\/03\/especialidades_ginecologia-hospital-recoletas-salud-marbella-2.jpg\u00bb background_enable_image=\u00bbon\u00bb background_blend=\u00bbmultiply\u00bb filter_brightness=\u00bb103%\u00bb link_option_url=\u00bb@ET-DC@eyJkeW5hbWljIjp0cnVlLCJjb250ZW50IjoicG9zdF9saW5rX3VybF9wYWdlIiwic2V0dGluZ3MiOnsicG9zdF9pZCI6IjI4NDkwNiJ9fQ==@\u00bb border_radii_item=\u00bbon|13px|13px|13px|13px\u00bb global_colors_info=\u00bb{}\u00bb][\/dica_divi_carouselitem][dica_divi_carouselitem title=\u00bbcirug\u00eda ortop\u00e9dica\u00bb button_url_new_window=\u00bb1&#8243; image_position=\u00bbimage_under_title\u00bb image_padding=\u00bb||||false|false\u00bb content_padding=\u00bb205px|18px|44px|18px|false|true\u00bb button_margin=\u00bb||||false|false\u00bb button_padding=\u00bb||||false|false\u00bb _builder_version=\u00bb4.27.4&#8243; _dynamic_attributes=\u00bblink_option_url\u00bb _module_preset=\u00bbdefault\u00bb header_font=\u00bb&#8211;et_global_heading_font||||||||\u00bb header_line_height=\u00bb1.1em\u00bb background_enable_color=\u00bboff\u00bb use_background_color_gradient=\u00bbon\u00bb background_color_gradient_direction=\u00bb360deg\u00bb background_color_gradient_stops=\u00bbrgba(90,99,106,0.86) 14%|rgba(255,255,255,0) 50%\u00bb background_image=\u00bbhttps:\/\/recoletasmarbella.com\/wp-content\/uploads\/2025\/03\/recoletas_marbella_ortopedia-2.jpg\u00bb background_enable_image=\u00bbon\u00bb background_blend=\u00bbmultiply\u00bb button_alignment=\u00bbcenter\u00bb filter_saturate=\u00bb123%\u00bb filter_sepia=\u00bb4%\u00bb link_option_url=\u00bb@ET-DC@eyJkeW5hbWljIjp0cnVlLCJjb250ZW50IjoicG9zdF9saW5rX3VybF9wYWdlIiwic2V0dGluZ3MiOnsicG9zdF9pZCI6IjI4NjM4MyJ9fQ==@\u00bb border_radii_item=\u00bbon|13px|13px|13px|13px\u00bb global_colors_info=\u00bb{}\u00bb][\/dica_divi_carouselitem][dica_divi_carouselitem title=\u00bbDiagn\u00f3stico por la imagen\u00bb button_url_new_window=\u00bb1&#8243; image_position=\u00bbimage_under_title\u00bb image_padding=\u00bb||||false|false\u00bb content_padding=\u00bb205px|18px|44px|18px|false|true\u00bb button_margin=\u00bb||||false|false\u00bb button_padding=\u00bb||||false|false\u00bb _builder_version=\u00bb4.27.4&#8243; _dynamic_attributes=\u00bblink_option_url\u00bb _module_preset=\u00bbdefault\u00bb header_line_height=\u00bb1.1em\u00bb background_enable_color=\u00bboff\u00bb use_background_color_gradient=\u00bbon\u00bb background_color_gradient_direction=\u00bb360deg\u00bb background_color_gradient_stops=\u00bbrgba(90,99,106,0.95) 11%|rgba(255,255,255,0) 52%\u00bb background_image=\u00bbhttps:\/\/recoletasmarbella.com\/wp-content\/uploads\/2025\/04\/instalaciones_diagnosticodeimagen-hospital-recoletas-salud-marbella.jpg\u00bb background_enable_image=\u00bbon\u00bb background_blend=\u00bbmultiply\u00bb filter_saturate=\u00bb117%\u00bb filter_sepia=\u00bb4%\u00bb link_option_url=\u00bb@ET-DC@eyJkeW5hbWljIjp0cnVlLCJjb250ZW50IjoicG9zdF9saW5rX3VybF9wYWdlIiwic2V0dGluZ3MiOnsicG9zdF9pZCI6IjI4NjQ0NiJ9fQ==@\u00bb border_radii_item=\u00bbon|13px|13px|13px|13px\u00bb global_colors_info=\u00bb{}\u00bb][\/dica_divi_carouselitem][dica_divi_carouselitem title=\u00bbEndocrinolog\u00eda \u00bb button_url_new_window=\u00bb1&#8243; image_position=\u00bbimage_under_title\u00bb image_padding=\u00bb||||false|false\u00bb content_padding=\u00bb205px|18px|44px|18px|false|true\u00bb button_margin=\u00bb||||false|false\u00bb button_padding=\u00bb||||false|false\u00bb custom_padding_tablet=\u00bb||15px||false|false\u00bb custom_padding_phone=\u00bb\u00bb custom_padding_last_edited=\u00bbon|tablet\u00bb _builder_version=\u00bb4.27.4&#8243; _dynamic_attributes=\u00bblink_option_url\u00bb _module_preset=\u00bbdefault\u00bb background_enable_color=\u00bboff\u00bb use_background_color_gradient=\u00bbon\u00bb background_color_gradient_direction=\u00bb360deg\u00bb background_color_gradient_stops=\u00bbrgba(90,99,106,0.86) 11%|rgba(255,255,255,0) 52%\u00bb background_image=\u00bbhttps:\/\/recoletasmarbella.com\/wp-content\/uploads\/2025\/03\/recoletas_marbella_endocrino-nutricion-1.jpg\u00bb background_enable_image=\u00bbon\u00bb background_blend=\u00bbmultiply\u00bb filter_saturate=\u00bb120%\u00bb link_option_url=\u00bb@ET-DC@eyJkeW5hbWljIjp0cnVlLCJjb250ZW50IjoicG9zdF9saW5rX3VybF9wYWdlIiwic2V0dGluZ3MiOnsicG9zdF9pZCI6IjI4NjM4NiJ9fQ==@\u00bb border_radii_item=\u00bbon|13px|13px|13px|13px\u00bb global_colors_info=\u00bb{}\u00bb][\/dica_divi_carouselitem][dica_divi_carouselitem title=\u00bbMEDICINA DE FAMILIA\u00bb button_url_new_window=\u00bb1&#8243; image_position=\u00bbimage_under_title\u00bb image_padding=\u00bb||||false|false\u00bb content_padding=\u00bb205px|18px|44px|18px|false|true\u00bb button_margin=\u00bb||||false|false\u00bb button_padding=\u00bb||||false|false\u00bb _builder_version=\u00bb4.27.4&#8243; _dynamic_attributes=\u00bblink_option_url\u00bb _module_preset=\u00bbdefault\u00bb background_enable_color=\u00bboff\u00bb use_background_color_gradient=\u00bbon\u00bb background_color_gradient_direction=\u00bb360deg\u00bb background_color_gradient_stops=\u00bbrgba(90,99,106,0.86) 11%|rgba(255,255,255,0) 54%\u00bb background_image=\u00bbhttps:\/\/recoletasmarbella.com\/wp-content\/uploads\/2025\/03\/recoletas_marbella_medicia-familia-3.jpg\u00bb background_enable_image=\u00bbon\u00bb background_blend=\u00bbmultiply\u00bb filter_saturate=\u00bb130%\u00bb filter_brightness=\u00bb103%\u00bb link_option_url=\u00bb@ET-DC@eyJkeW5hbWljIjp0cnVlLCJjb250ZW50IjoicG9zdF9saW5rX3VybF9wYWdlIiwic2V0dGluZ3MiOnsicG9zdF9pZCI6IjI4NDkyMSJ9fQ==@\u00bb border_radii_item=\u00bbon|13px|13px|13px|13px\u00bb global_colors_info=\u00bb{}\u00bb content_padding__hover_enabled=\u00bboff|desktop\u00bb][\/dica_divi_carouselitem][dica_divi_carouselitem title=\u00bbMedicina Est\u00e9tica\u00bb button_url_new_window=\u00bb1&#8243; image_position=\u00bbimage_under_title\u00bb image_padding=\u00bb||||false|false\u00bb content_padding=\u00bb205px|18px|44px|18px|false|true\u00bb button_margin=\u00bb||||false|false\u00bb button_padding=\u00bb||||false|false\u00bb _builder_version=\u00bb4.27.4&#8243; _dynamic_attributes=\u00bblink_option_url\u00bb _module_preset=\u00bbdefault\u00bb background_enable_color=\u00bboff\u00bb use_background_color_gradient=\u00bbon\u00bb background_color_gradient_direction=\u00bb360deg\u00bb background_color_gradient_stops=\u00bbrgba(90,99,106,0.86) 16%|rgba(255,255,255,0) 50%\u00bb background_image=\u00bbhttps:\/\/recoletasmarbella.com\/wp-content\/uploads\/2025\/03\/recoletas_marbella_estetica-3.jpg\u00bb background_enable_image=\u00bbon\u00bb background_blend=\u00bbmultiply\u00bb filter_saturate=\u00bb117%\u00bb filter_sepia=\u00bb3%\u00bb link_option_url=\u00bb@ET-DC@eyJkeW5hbWljIjp0cnVlLCJjb250ZW50IjoicG9zdF9saW5rX3VybF9wYWdlIiwic2V0dGluZ3MiOnsicG9zdF9pZCI6IjI4NDczMSJ9fQ==@\u00bb border_radii_item=\u00bbon|13px|13px|13px|13px\u00bb global_colors_info=\u00bb{}\u00bb][\/dica_divi_carouselitem][dica_divi_carouselitem title=\u00bbMedicina Interna\u00bb button_url_new_window=\u00bb1&#8243; image_position=\u00bbimage_under_title\u00bb image_padding=\u00bb||||false|false\u00bb content_padding=\u00bb205px|18px|44px|18px|false|true\u00bb button_margin=\u00bb||||false|false\u00bb button_padding=\u00bb||||false|false\u00bb _builder_version=\u00bb4.27.4&#8243; _dynamic_attributes=\u00bblink_option_url\u00bb _module_preset=\u00bbdefault\u00bb background_enable_color=\u00bboff\u00bb use_background_color_gradient=\u00bbon\u00bb background_color_gradient_direction=\u00bb360deg\u00bb background_color_gradient_stops=\u00bbrgba(90,99,106,0.86) 11%|rgba(255,255,255,0) 37%\u00bb background_image=\u00bbhttps:\/\/recoletasmarbella.com\/wp-content\/uploads\/2025\/03\/recoletas_marbella_interna-2.jpg\u00bb background_enable_image=\u00bbon\u00bb background_blend=\u00bbmultiply\u00bb filter_brightness=\u00bb105%\u00bb link_option_url=\u00bb@ET-DC@eyJkeW5hbWljIjp0cnVlLCJjb250ZW50IjoicG9zdF9saW5rX3VybF9wYWdlIiwic2V0dGluZ3MiOnsicG9zdF9pZCI6IjI4NjIzNiJ9fQ==@\u00bb border_radii_item=\u00bbon|13px|13px|13px|13px\u00bb global_colors_info=\u00bb{}\u00bb][\/dica_divi_carouselitem][dica_divi_carouselitem title=\u00bbNeurocirug\u00eda\u00bb button_url_new_window=\u00bb1&#8243; image_position=\u00bbimage_under_title\u00bb image_padding=\u00bb||||false|false\u00bb content_padding=\u00bb205px|18px|44px|18px|false|true\u00bb button_margin=\u00bb||||false|false\u00bb button_padding=\u00bb||||false|false\u00bb custom_padding_tablet=\u00bb||15px||false|false\u00bb custom_padding_phone=\u00bb\u00bb custom_padding_last_edited=\u00bbon|tablet\u00bb _builder_version=\u00bb4.27.4&#8243; _dynamic_attributes=\u00bblink_option_url\u00bb _module_preset=\u00bbdefault\u00bb background_enable_color=\u00bboff\u00bb use_background_color_gradient=\u00bbon\u00bb background_color_gradient_direction=\u00bb360deg\u00bb background_color_gradient_stops=\u00bbrgba(90,99,106,0.86) 13%|rgba(255,255,255,0) 44%\u00bb background_image=\u00bbhttps:\/\/recoletasmarbella.com\/wp-content\/uploads\/2025\/03\/recoletas_marbella_neurocirugia-2.jpg\u00bb background_enable_image=\u00bbon\u00bb background_blend=\u00bbmultiply\u00bb filter_saturate=\u00bb110%\u00bb filter_sepia=\u00bb1%\u00bb link_option_url=\u00bb@ET-DC@eyJkeW5hbWljIjp0cnVlLCJjb250ZW50IjoicG9zdF9saW5rX3VybF9wYWdlIiwic2V0dGluZ3MiOnsicG9zdF9pZCI6IjI4NjI0NCJ9fQ==@\u00bb border_radii_item=\u00bbon|13px|13px|13px|13px\u00bb global_colors_info=\u00bb{}\u00bb][\/dica_divi_carouselitem][dica_divi_carouselitem title=\u00bbUNIDAD DEL DOLOR\u00bb button_url_new_window=\u00bb1&#8243; image_position=\u00bbimage_under_title\u00bb image_padding=\u00bb||||false|false\u00bb content_padding=\u00bb205px|18px|44px|18px|false|true\u00bb button_margin=\u00bb||||false|false\u00bb button_padding=\u00bb||||false|false\u00bb _builder_version=\u00bb4.27.4&#8243; _dynamic_attributes=\u00bblink_option_url\u00bb _module_preset=\u00bbdefault\u00bb background_enable_color=\u00bboff\u00bb use_background_color_gradient=\u00bbon\u00bb background_color_gradient_direction=\u00bb360deg\u00bb background_color_gradient_stops=\u00bbrgba(90,99,106,0.86) 14%|rgba(255,255,255,0) 57%\u00bb background_image=\u00bbhttps:\/\/recoletasmarbella.com\/wp-content\/uploads\/2025\/03\/recoletas_marbella_unidaldeldolor-4.jpg\u00bb background_enable_image=\u00bbon\u00bb background_blend=\u00bbmultiply\u00bb filter_saturate=\u00bb107%\u00bb link_option_url=\u00bb@ET-DC@eyJkeW5hbWljIjp0cnVlLCJjb250ZW50IjoicG9zdF9saW5rX3VybF9wYWdlIiwic2V0dGluZ3MiOnsicG9zdF9pZCI6IjI4NDY2NCJ9fQ==@\u00bb border_radii_item=\u00bbon|13px|13px|13px|13px\u00bb global_colors_info=\u00bb{}\u00bb][\/dica_divi_carouselitem][dica_divi_carouselitem title=\u00bbunidad de hemodin\u00e1mica\u00bb button_url_new_window=\u00bb1&#8243; image_position=\u00bbimage_under_title\u00bb image_padding=\u00bb||||false|false\u00bb content_padding=\u00bb205px|18px|44px|18px|false|true\u00bb button_margin=\u00bb||||false|false\u00bb button_padding=\u00bb||||false|false\u00bb _builder_version=\u00bb4.27.4&#8243; _dynamic_attributes=\u00bblink_option_url\u00bb _module_preset=\u00bbdefault\u00bb background_enable_color=\u00bboff\u00bb use_background_color_gradient=\u00bbon\u00bb background_color_gradient_direction=\u00bb360deg\u00bb background_color_gradient_stops=\u00bbrgba(90,99,106,0.86) 15%|rgba(255,255,255,0) 41%\u00bb background_image=\u00bbhttps:\/\/recoletasmarbella.com\/wp-content\/uploads\/2025\/03\/recoletas_marbella_unidad-hemodinamica.jpg\u00bb background_enable_image=\u00bbon\u00bb background_blend=\u00bbmultiply\u00bb filter_saturate=\u00bb132%\u00bb link_option_url=\u00bb@ET-DC@eyJkeW5hbWljIjp0cnVlLCJjb250ZW50IjoicG9zdF9saW5rX3VybF9wYWdlIiwic2V0dGluZ3MiOnsicG9zdF9pZCI6IjI4NjI2MyJ9fQ==@\u00bb border_radii_item=\u00bbon|13px|13px|13px|13px\u00bb global_colors_info=\u00bb{}\u00bb][\/dica_divi_carouselitem][dica_divi_carouselitem title=\u00bbServicio de urgencias\u00bb button_url_new_window=\u00bb1&#8243; image_position=\u00bbimage_under_title\u00bb rating_alignment=\u00bbcenter\u00bb image_padding=\u00bb||||false|false\u00bb content_padding=\u00bb205px|18px|44px|18px|false|true\u00bb button_margin=\u00bb||||false|false\u00bb button_padding=\u00bb||||false|false\u00bb _builder_version=\u00bb4.27.4&#8243; _dynamic_attributes=\u00bblink_option_url\u00bb _module_preset=\u00bbdefault\u00bb header_line_height=\u00bb1.1em\u00bb background_enable_color=\u00bboff\u00bb use_background_color_gradient=\u00bbon\u00bb background_color_gradient_direction=\u00bb360deg\u00bb background_color_gradient_stops=\u00bbrgba(90,99,106,0.86) 16%|rgba(255,255,255,0) 45%\u00bb background_image=\u00bbhttps:\/\/recoletasmarbella.com\/wp-content\/uploads\/2025\/04\/instalaciones_servicios-de-urgencias-hospital-recoletas-salud-marbella.jpg\u00bb background_enable_image=\u00bbon\u00bb background_blend=\u00bbmultiply\u00bb button_alignment=\u00bbcenter\u00bb filter_saturate=\u00bb107%\u00bb filter_sepia=\u00bb2%\u00bb link_option_url=\u00bb@ET-DC@eyJkeW5hbWljIjp0cnVlLCJjb250ZW50IjoicG9zdF9saW5rX3VybF9wYWdlIiwic2V0dGluZ3MiOnsicG9zdF9pZCI6IjI4NjQwMiJ9fQ==@\u00bb border_radii_item=\u00bbon|13px|13px|13px|13px\u00bb global_colors_info=\u00bb{}\u00bb][\/dica_divi_carouselitem][dica_divi_carouselitem title=\u00bbUrolog\u00eda\u00bb button_url_new_window=\u00bb1&#8243; image_position=\u00bbimage_under_title\u00bb image_padding=\u00bb||||false|false\u00bb content_padding=\u00bb205px|18px|44px|18px|false|true\u00bb button_margin=\u00bb||||false|false\u00bb button_padding=\u00bb||||false|false\u00bb custom_padding_tablet=\u00bb||15px||false|false\u00bb custom_padding_phone=\u00bb\u00bb custom_padding_last_edited=\u00bbon|tablet\u00bb _builder_version=\u00bb4.27.4&#8243; _dynamic_attributes=\u00bblink_option_url\u00bb _module_preset=\u00bbdefault\u00bb background_enable_color=\u00bboff\u00bb use_background_color_gradient=\u00bbon\u00bb background_color_gradient_direction=\u00bb360deg\u00bb background_color_gradient_stops=\u00bbrgba(90, 99, 106, 0.86) 0%|rgba(90,99,106,0.86) 11%|rgba(255,255,255,0) 52%\u00bb background_image=\u00bbhttps:\/\/recoletasmarbella.com\/wp-content\/uploads\/2025\/03\/recoletas_marbella_urologia-3.jpg\u00bb background_enable_image=\u00bbon\u00bb background_blend=\u00bbmultiply\u00bb filter_saturate=\u00bb110%\u00bb filter_sepia=\u00bb1%\u00bb link_option_url=\u00bb@ET-DC@eyJkeW5hbWljIjp0cnVlLCJjb250ZW50IjoicG9zdF9saW5rX3VybF9wYWdlIiwic2V0dGluZ3MiOnsicG9zdF9pZCI6IjI4NjQxOSJ9fQ==@\u00bb border_radii_item=\u00bbon|13px|13px|13px|13px\u00bb global_colors_info=\u00bb{}\u00bb][\/dica_divi_carouselitem][\/dica_divi_carousel][\/et_pb_column][\/et_pb_row][\/et_pb_section][et_pb_section fb_built=\u00bb1&#8243; disabled_on=\u00bboff|on|off\u00bb _builder_version=\u00bb4.27.4&#8243; _module_preset=\u00bb5501be88-8964-4e04-99ca-bff18378e46f\u00bb global_module=\u00bb286191&#8243; saved_tabs=\u00bball\u00bb locked=\u00bboff\u00bb collapsed=\u00bbon\u00bb global_colors_info=\u00bb{}\u00bb][et_pb_row _builder_version=\u00bb4.27.4&#8243; _module_preset=\u00bbdefault\u00bb custom_padding=\u00bb||44px|||\u00bb global_colors_info=\u00bb{}\u00bb][et_pb_column type=\u00bb4_4&#8243; _builder_version=\u00bb4.27.4&#8243; _module_preset=\u00bbdefault\u00bb global_colors_info=\u00bb{}\u00bb][et_pb_text _builder_version=\u00bb4.27.4&#8243; _module_preset=\u00bbff347454-283e-426a-9660-28afbe1b5f05&#8243; header_2_font=\u00bb&#8211;et_global_heading_font|800||on|||||\u00bb header_2_font_size=\u00bb31px\u00bb header_2_letter_spacing=\u00bb0px\u00bb header_2_line_height=\u00bb1em\u00bb header_4_text_color=\u00bb#C7A3DE\u00bb max_width=\u00bb379px\u00bb max_width_tablet=\u00bb379px\u00bb max_width_phone=\u00bb300px\u00bb max_width_last_edited=\u00bbon|phone\u00bb module_alignment=\u00bbcenter\u00bb custom_padding=\u00bb|30px||30px|false|true\u00bb header_2_font_size_tablet=\u00bb\u00bb header_2_font_size_phone=\u00bb27px\u00bb header_2_font_size_last_edited=\u00bbon|phone\u00bb border_width_right=\u00bb2px\u00bb border_color_right=\u00bb#C7A3DE\u00bb border_width_left=\u00bb2px\u00bb border_color_left=\u00bb#C7A3DE\u00bb locked=\u00bboff\u00bb global_colors_info=\u00bb{}\u00bb]<\/p>\n<h3 style=\"text-align: center;\">recoletas salud marbella<\/h3>\n<h2 style=\"text-align: center;\"><span style=\"color: #5a636a;\">instalaciones<\/span><\/h2>\n<p>[\/et_pb_text][\/et_pb_column][\/et_pb_row][et_pb_row use_custom_gutter=\u00bbon\u00bb gutter_width=\u00bb1&#8243; make_equal=\u00bbon\u00bb module_class=\u00bbov-cat-cta\u00bb _builder_version=\u00bb4.27.4&#8243; _module_preset=\u00bbdefault\u00bb width=\u00bb100%\u00bb max_width=\u00bb100%\u00bb custom_margin=\u00bb0px|0px|0px|0px|true|true\u00bb custom_padding=\u00bb0px|0px|0px|0px|true|true\u00bb global_colors_info=\u00bb{}\u00bb][et_pb_column type=\u00bb4_4&#8243; _builder_version=\u00bb4.27.4&#8243; _module_preset=\u00bbdefault\u00bb global_colors_info=\u00bb{}\u00bb z_index__hover=\u00bb9&#8243; z_index__hover_enabled=\u00bbon|hover\u00bb][et_pb_gallery gallery_ids=\u00bb291486,291488,291489,291501&#8243; show_title_and_caption=\u00bboff\u00bb show_pagination=\u00bboff\u00bb zoom_icon_color=\u00bb#C7A3DE\u00bb hover_overlay_color=\u00bbrgba(255,255,255,0.35)\u00bb _builder_version=\u00bb4.27.4&#8243; _module_preset=\u00bbdefault\u00bb background_color=\u00bb#DCCCDD\u00bb border_color_all_image=\u00bb#5A636A\u00bb global_colors_info=\u00bb{}\u00bb child_mix_blend_mode__hover_enabled=\u00bbon|hover\u00bb background__hover_enabled=\u00bbon|desktop\u00bb background_color__hover=\u00bb#FFFFFF\u00bb background_enable_color__hover=\u00bbon\u00bb border_radii_image__hover_enabled=\u00bbon|hover\u00bb child_mix_blend_mode__hover=\u00bbmultiply\u00bb][\/et_pb_gallery][\/et_pb_column][\/et_pb_row][\/et_pb_section]<\/p>\n","protected":false},"excerpt":{"rendered":"<p>Especialidades Anestesia y Unidadde Cuidados intensivos (UCI)PR\u00d3XIMAMENTETE CUIDAMOS LA atenci\u00f3n CUENTA en todos los momentosTE CUIDAMOS LA atenci\u00f3n CUENTA en todos los momentoEspecialistas cualificados para brindar la mejor atenci\u00f3n al paciente.El Departamento de Anestesia y Unidad de Cuidados intensivos (UCI) est\u00e1 compuesto por un grupo de especialistas altamente cualificados en la administraci\u00f3n de anestesia durante [&hellip;]<\/p>\n","protected":false},"author":2,"featured_media":0,"parent":0,"menu_order":0,"comment_status":"closed","ping_status":"closed","template":"","meta":{"_et_pb_use_builder":"on","_et_pb_old_content":"","_et_gb_content_width":"","footnotes":""},"class_list":["post-283644","page","type-page","status-publish","hentry"],"yoast_head":"<!-- This site is optimized with the Yoast SEO plugin v26.1.1 - https:\/\/yoast.com\/wordpress\/plugins\/seo\/ -->\n<title>Anestesia y UCI en Marbella | Hospital Recoletas Salud<\/title>\n<meta name=\"description\" content=\"Anestesia segura en quir\u00f3fano y cuidados intensivos con monitorizaci\u00f3n avanzada 24 h para garantizar la seguridad del paciente en Marbella.\" \/>\n<meta name=\"robots\" content=\"index, follow, max-snippet:-1, max-image-preview:large, max-video-preview:-1\" \/>\n<link rel=\"canonical\" href=\"https:\/\/recoletasmarbella.com\/es\/anestesia-y-unidad-cuidados-intensivos-uci\/\" \/>\n<meta property=\"og:locale\" content=\"es_ES\" \/>\n<meta property=\"og:type\" content=\"article\" \/>\n<meta property=\"og:title\" content=\"Anestesia y UCI en Marbella | Hospital Recoletas Salud\" \/>\n<meta property=\"og:description\" content=\"Anestesia segura en quir\u00f3fano y cuidados intensivos con monitorizaci\u00f3n avanzada 24 h para garantizar la seguridad del paciente en Marbella.\" \/>\n<meta property=\"og:url\" content=\"https:\/\/recoletasmarbella.com\/es\/anestesia-y-unidad-cuidados-intensivos-uci\/\" \/>\n<meta property=\"og:site_name\" content=\"Hospital Marbella\" \/>\n<meta property=\"article:publisher\" content=\"https:\/\/www.facebook.com\/people\/Recoletas-Salud-Marbella\/61573653462220\/\" \/>\n<meta property=\"article:modified_time\" content=\"2025-11-11T11:10:41+00:00\" \/>\n<meta name=\"twitter:card\" content=\"summary_large_image\" \/>\n<meta name=\"twitter:label1\" content=\"Tiempo de lectura\" \/>\n\t<meta name=\"twitter:data1\" content=\"4 minutos\" \/>\n<script type=\"application\/ld+json\" class=\"yoast-schema-graph\">{\"@context\":\"https:\/\/schema.org\",\"@graph\":[{\"@type\":\"WebPage\",\"@id\":\"https:\/\/recoletasmarbella.com\/es\/anestesia-y-unidad-cuidados-intensivos-uci\/\",\"url\":\"https:\/\/recoletasmarbella.com\/es\/anestesia-y-unidad-cuidados-intensivos-uci\/\",\"name\":\"Anestesia y UCI en Marbella | Hospital Recoletas Salud\",\"isPartOf\":{\"@id\":\"https:\/\/recoletasmarbella.com\/es\/#website\"},\"datePublished\":\"2025-02-19T15:45:37+00:00\",\"dateModified\":\"2025-11-11T11:10:41+00:00\",\"description\":\"Anestesia segura en quir\u00f3fano y cuidados intensivos con monitorizaci\u00f3n avanzada 24 h para garantizar la seguridad del paciente en Marbella.\",\"breadcrumb\":{\"@id\":\"https:\/\/recoletasmarbella.com\/es\/anestesia-y-unidad-cuidados-intensivos-uci\/#breadcrumb\"},\"inLanguage\":\"es\",\"potentialAction\":[{\"@type\":\"ReadAction\",\"target\":[\"https:\/\/recoletasmarbella.com\/es\/anestesia-y-unidad-cuidados-intensivos-uci\/\"]}]},{\"@type\":\"BreadcrumbList\",\"@id\":\"https:\/\/recoletasmarbella.com\/es\/anestesia-y-unidad-cuidados-intensivos-uci\/#breadcrumb\",\"itemListElement\":[{\"@type\":\"ListItem\",\"position\":1,\"name\":\"Portada\",\"item\":\"https:\/\/recoletasmarbella.com\/es\/\"},{\"@type\":\"ListItem\",\"position\":2,\"name\":\"Anestesia y Unidad de Cuidados intensivos (UCI)\"}]},{\"@type\":\"WebSite\",\"@id\":\"https:\/\/recoletasmarbella.com\/es\/#website\",\"url\":\"https:\/\/recoletasmarbella.com\/es\/\",\"name\":\"Hospital Recoletas Salud Marbella\",\"description\":\"Recoletas Salud\",\"publisher\":{\"@id\":\"https:\/\/recoletasmarbella.com\/es\/#organization\"},\"potentialAction\":[{\"@type\":\"SearchAction\",\"target\":{\"@type\":\"EntryPoint\",\"urlTemplate\":\"https:\/\/recoletasmarbella.com\/es\/?s={search_term_string}\"},\"query-input\":{\"@type\":\"PropertyValueSpecification\",\"valueRequired\":true,\"valueName\":\"search_term_string\"}}],\"inLanguage\":\"es\"},{\"@type\":\"Organization\",\"@id\":\"https:\/\/recoletasmarbella.com\/es\/#organization\",\"name\":\"Grupo Recoletas\",\"url\":\"https:\/\/recoletasmarbella.com\/es\/\",\"logo\":{\"@type\":\"ImageObject\",\"inLanguage\":\"es\",\"@id\":\"https:\/\/recoletasmarbella.com\/es\/#\/schema\/logo\/image\/\",\"url\":\"http:\/\/recoletasmarbella.com\/wp-content\/uploads\/2025\/01\/logo-v-hospital-marbella-1.png\",\"contentUrl\":\"http:\/\/recoletasmarbella.com\/wp-content\/uploads\/2025\/01\/logo-v-hospital-marbella-1.png\",\"width\":216,\"height\":164,\"caption\":\"Grupo Recoletas\"},\"image\":{\"@id\":\"https:\/\/recoletasmarbella.com\/es\/#\/schema\/logo\/image\/\"},\"sameAs\":[\"https:\/\/www.facebook.com\/people\/Recoletas-Salud-Marbella\/61573653462220\/\",\"https:\/\/www.instagram.com\/recoletassaludmarbella\/\",\"https:\/\/www.linkedin.com\/company\/recoletas-salud-marbella\",\"https:\/\/www.youtube.com\/@recoletassalud\"]}]}<\/script>\n<!-- \/ Yoast SEO plugin. -->","yoast_head_json":{"title":"Anestesia y UCI en Marbella | Hospital Recoletas Salud","description":"Anestesia segura en quir\u00f3fano y cuidados intensivos con monitorizaci\u00f3n avanzada 24 h para garantizar la seguridad del paciente en Marbella.","robots":{"index":"index","follow":"follow","max-snippet":"max-snippet:-1","max-image-preview":"max-image-preview:large","max-video-preview":"max-video-preview:-1"},"canonical":"https:\/\/recoletasmarbella.com\/es\/anestesia-y-unidad-cuidados-intensivos-uci\/","og_locale":"es_ES","og_type":"article","og_title":"Anestesia y UCI en Marbella | Hospital Recoletas Salud","og_description":"Anestesia segura en quir\u00f3fano y cuidados intensivos con monitorizaci\u00f3n avanzada 24 h para garantizar la seguridad del paciente en Marbella.","og_url":"https:\/\/recoletasmarbella.com\/es\/anestesia-y-unidad-cuidados-intensivos-uci\/","og_site_name":"Hospital Marbella","article_publisher":"https:\/\/www.facebook.com\/people\/Recoletas-Salud-Marbella\/61573653462220\/","article_modified_time":"2025-11-11T11:10:41+00:00","twitter_card":"summary_large_image","twitter_misc":{"Tiempo de lectura":"4 minutos"},"schema":{"@context":"https:\/\/schema.org","@graph":[{"@type":"WebPage","@id":"https:\/\/recoletasmarbella.com\/es\/anestesia-y-unidad-cuidados-intensivos-uci\/","url":"https:\/\/recoletasmarbella.com\/es\/anestesia-y-unidad-cuidados-intensivos-uci\/","name":"Anestesia y UCI en Marbella | Hospital Recoletas Salud","isPartOf":{"@id":"https:\/\/recoletasmarbella.com\/es\/#website"},"datePublished":"2025-02-19T15:45:37+00:00","dateModified":"2025-11-11T11:10:41+00:00","description":"Anestesia segura en quir\u00f3fano y cuidados intensivos con monitorizaci\u00f3n avanzada 24 h para garantizar la seguridad del paciente en Marbella.","breadcrumb":{"@id":"https:\/\/recoletasmarbella.com\/es\/anestesia-y-unidad-cuidados-intensivos-uci\/#breadcrumb"},"inLanguage":"es","potentialAction":[{"@type":"ReadAction","target":["https:\/\/recoletasmarbella.com\/es\/anestesia-y-unidad-cuidados-intensivos-uci\/"]}]},{"@type":"BreadcrumbList","@id":"https:\/\/recoletasmarbella.com\/es\/anestesia-y-unidad-cuidados-intensivos-uci\/#breadcrumb","itemListElement":[{"@type":"ListItem","position":1,"name":"Portada","item":"https:\/\/recoletasmarbella.com\/es\/"},{"@type":"ListItem","position":2,"name":"Anestesia y Unidad de Cuidados intensivos (UCI)"}]},{"@type":"WebSite","@id":"https:\/\/recoletasmarbella.com\/es\/#website","url":"https:\/\/recoletasmarbella.com\/es\/","name":"Hospital Recoletas Salud Marbella","description":"Recoletas Salud","publisher":{"@id":"https:\/\/recoletasmarbella.com\/es\/#organization"},"potentialAction":[{"@type":"SearchAction","target":{"@type":"EntryPoint","urlTemplate":"https:\/\/recoletasmarbella.com\/es\/?s={search_term_string}"},"query-input":{"@type":"PropertyValueSpecification","valueRequired":true,"valueName":"search_term_string"}}],"inLanguage":"es"},{"@type":"Organization","@id":"https:\/\/recoletasmarbella.com\/es\/#organization","name":"Grupo Recoletas","url":"https:\/\/recoletasmarbella.com\/es\/","logo":{"@type":"ImageObject","inLanguage":"es","@id":"https:\/\/recoletasmarbella.com\/es\/#\/schema\/logo\/image\/","url":"http:\/\/recoletasmarbella.com\/wp-content\/uploads\/2025\/01\/logo-v-hospital-marbella-1.png","contentUrl":"http:\/\/recoletasmarbella.com\/wp-content\/uploads\/2025\/01\/logo-v-hospital-marbella-1.png","width":216,"height":164,"caption":"Grupo Recoletas"},"image":{"@id":"https:\/\/recoletasmarbella.com\/es\/#\/schema\/logo\/image\/"},"sameAs":["https:\/\/www.facebook.com\/people\/Recoletas-Salud-Marbella\/61573653462220\/","https:\/\/www.instagram.com\/recoletassaludmarbella\/","https:\/\/www.linkedin.com\/company\/recoletas-salud-marbella","https:\/\/www.youtube.com\/@recoletassalud"]}]}},"_links":{"self":[{"href":"https:\/\/recoletasmarbella.com\/es\/wp-json\/wp\/v2\/pages\/283644","targetHints":{"allow":["GET"]}}],"collection":[{"href":"https:\/\/recoletasmarbella.com\/es\/wp-json\/wp\/v2\/pages"}],"about":[{"href":"https:\/\/recoletasmarbella.com\/es\/wp-json\/wp\/v2\/types\/page"}],"author":[{"embeddable":true,"href":"https:\/\/recoletasmarbella.com\/es\/wp-json\/wp\/v2\/users\/2"}],"replies":[{"embeddable":true,"href":"https:\/\/recoletasmarbella.com\/es\/wp-json\/wp\/v2\/comments?post=283644"}],"version-history":[{"count":112,"href":"https:\/\/recoletasmarbella.com\/es\/wp-json\/wp\/v2\/pages\/283644\/revisions"}],"predecessor-version":[{"id":292215,"href":"https:\/\/recoletasmarbella.com\/es\/wp-json\/wp\/v2\/pages\/283644\/revisions\/292215"}],"wp:attachment":[{"href":"https:\/\/recoletasmarbella.com\/es\/wp-json\/wp\/v2\/media?parent=283644"}],"curies":[{"name":"wp","href":"https:\/\/api.w.org\/{rel}","templated":true}]}}