{"id":285475,"date":"2025-03-03T14:54:45","date_gmt":"2025-03-03T14:54:45","guid":{"rendered":"https:\/\/recoletasmarbella.com\/?page_id=285475"},"modified":"2025-10-15T15:42:28","modified_gmt":"2025-10-15T15:42:28","slug":"aviso-legal","status":"publish","type":"page","link":"https:\/\/recoletasmarbella.com\/es\/aviso-legal\/","title":{"rendered":"Aviso legal"},"content":{"rendered":"<p>[et_pb_section fb_built=\u00bb1&#8243; _builder_version=\u00bb4.27.4&#8243; _module_preset=\u00bbdefault\u00bb background_color=\u00bb#F2F2F2&#8243; custom_padding=\u00bb21px||24px|||\u00bb global_colors_info=\u00bb{}\u00bb][et_pb_row _builder_version=\u00bb4.27.4&#8243; _module_preset=\u00bbdefault\u00bb global_colors_info=\u00bb{}\u00bb][et_pb_column type=\u00bb4_4&#8243; _builder_version=\u00bb4.27.4&#8243; _module_preset=\u00bbdefault\u00bb global_colors_info=\u00bb{}\u00bb][et_pb_text _builder_version=\u00bb4.27.4&#8243; _module_preset=\u00bbb20293d3-7e7e-4718-8a41-9d40e20be87b\u00bb header_2_font=\u00bb&#8211;et_global_heading_font|800||on|||||\u00bb header_2_font_size=\u00bb31px\u00bb header_2_letter_spacing=\u00bb0px\u00bb header_2_line_height=\u00bb1em\u00bb header_4_text_color=\u00bb#C7A3DE\u00bb max_width=\u00bb379px\u00bb max_width_tablet=\u00bb379px\u00bb max_width_phone=\u00bb266px\u00bb max_width_last_edited=\u00bbon|phone\u00bb module_alignment=\u00bbcenter\u00bb custom_padding=\u00bb|30px||30px|false|true\u00bb border_width_right=\u00bb2px\u00bb border_color_right=\u00bb#C7A3DE\u00bb border_width_left=\u00bb2px\u00bb border_color_left=\u00bb#C7A3DE\u00bb locked=\u00bboff\u00bb global_colors_info=\u00bb{}\u00bb]<\/p>\n<h3 style=\"text-align: center;\">GDPR<\/h3>\n<h2 style=\"text-align: center;\">Aviso legal<\/h2>\n<p>[\/et_pb_text][\/et_pb_column][\/et_pb_row][\/et_pb_section][et_pb_section fb_built=\u00bb1&#8243; _builder_version=\u00bb4.27.4&#8243; _module_preset=\u00bbdefault\u00bb global_colors_info=\u00bb{}\u00bb][et_pb_row _builder_version=\u00bb4.27.4&#8243; _module_preset=\u00bbdefault\u00bb custom_padding=\u00bb34px|||||\u00bb border_color_all=\u00bbRGBA(255,255,255,0)\u00bb global_colors_info=\u00bb{}\u00bb][et_pb_column type=\u00bb4_4&#8243; _builder_version=\u00bb4.27.4&#8243; _module_preset=\u00bbdefault\u00bb border_color_all=\u00bbRGBA(255,255,255,0)\u00bb global_colors_info=\u00bb{}\u00bb][et_pb_text _builder_version=\u00bb4.27.4&#8243; _module_preset=\u00bbdefault\u00bb link_font=\u00bb|700|||||||\u00bb link_text_color=\u00bb#ad8dc1&#8243; header_2_font=\u00bb&#8211;et_global_heading_font|600||on|||||\u00bb header_2_text_color=\u00bb#617179&#8243; header_2_font_size=\u00bb20px\u00bb header_2_line_height=\u00bb1.5em\u00bb custom_margin=\u00bb|0px||0px|false|false\u00bb custom_margin_tablet=\u00bb|0px||0px|false|false\u00bb custom_margin_phone=\u00bb|0px||0px|false|false\u00bb custom_margin_last_edited=\u00bbon|desktop\u00bb custom_padding=\u00bb|0px||0px|false|true\u00bb border_color_all=\u00bbRGBA(255,255,255,0)\u00bb border_color_top=\u00bbRGBA(255,255,255,0)\u00bb border_color_right=\u00bbRGBA(255,255,255,0)\u00bb border_color_bottom=\u00bbRGBA(255,255,255,0)\u00bb border_color_left=\u00bbRGBA(255,255,255,0)\u00bb global_colors_info=\u00bb{}\u00bb]<\/p>\n<div style=\"text-align: left;\">Informaci\u00f3n General Requerida por el Art\u00edculo 10 de la Ley 34\/2002, de 11 de Julio, de Servicios de la Sociedad de la Informaci\u00f3n y de Comercio Electr\u00f3nico.<\/div>\n<div id=\"salud-cabello\" class=\"et_pb_with_border et_pb_module et_pb_text et_pb_text_4  et_pb_text_align_left et_pb_bg_layout_light\">\n<div class=\"et_pb_text_inner\">\n<h3 style=\"text-align: left;\"><\/h3>\n<p>&nbsp;<\/p>\n<h3 style=\"text-align: left;\">Datos identificativos.<\/h3>\n<p style=\"text-align: left;\"><a href=\"https:\/\/recoletasmarbella.com\/\">https:\/\/recoletasmarbella.com\/<\/a> es propiedad de con CIF <span class=\"s1\">B67831222<\/span>, con domicilio social en C\/ Maestra Do\u00f1a Carola n\u00ba 8. 29602 Marbella (M\u00e1laga) y direcci\u00f3n de correo electr\u00f3nico\u00a0<a href=\"mailto:info@gruporecoletas.com\">info@gruporecoletas.com<\/a>. Red Hospitalaria Recoletas, S.L. est\u00e1 inscrita en el Registro Mercantil de Valladolid al tomo 1561, folio 212, inscripci\u00f3n 1\u00aa con hoja VA-30787.<\/p>\n<p style=\"text-align: center;\"><span style=\"text-decoration: underline;\"><i>Hospital Recoletas Salud Marbella:<\/i><\/span><\/p>\n<div class=\"et_pb_with_border et_pb_module et_pb_blurb et_pb_blurb_0_tb_footer et_clickable et_pb_text_align_left et_pb_blurb_position_left et_pb_bg_layout_dark et_had_animation\" style=\"text-align: left;\">\n<div class=\"et_pb_blurb_content\">\n<p style=\"text-align: center;\">C\/ Maestra Do\u00f1a Carola n\u00ba 8. 29602 Marbella (M\u00e1laga)<br \/>\nDe lunes a viernes: 24 horas<br \/>\nAtenci\u00f3n al paciente: <span style=\"font-size: 13px;\">Tfno.:<\/span><span style=\"font-size: 13px;\">\u00a0<\/span><a style=\"font-size: 13px;\" href=\"tel:+34952899350\" target=\"_blank\" rel=\"noopener\">+34 952 899 350 \/\u00a0<\/a><span style=\"font-size: 13px;\">Whatsapp:<\/span><span style=\"font-size: 13px;\">\u00a0<\/span><a style=\"font-size: 13px;\" href=\"https:\/\/api.whatsapp.com\/send\/?phone=34640696528&amp;text=Hola+%C2%BFC%C3%B3mo+podemos+ayudarte%3F&amp;type=phone_number&amp;app_absent=0\" target=\"_blank\" rel=\"noopener\">640 69 65 28<\/a><br \/>\n<a style=\"font-size: 13px;\" href=\"mailto:atencionalpaciente.marbella@gruporecoletas.com\">atencionpaciente.marbella@gruporecoletas.com<\/a><\/p>\n<\/div>\n<\/div>\n<h3 style=\"text-align: left;\">\u00c1mbito de aplicaci\u00f3n<\/h3>\n<p style=\"text-align: left;\">Este portal tiene como objeto dar a conocer al p\u00fablico la marca GRUPO RECOLETAS y los servicios que ofrece. El acceso a este sitio web se realiza de forma libre y gratuita, pero implica la expresa y plena aceptaci\u00f3n de las condiciones contenidas en este documento y en la Pol\u00edtica de Privacidad. No obstante, el titular se reserva el derecho a limitar el acceso para determinados contenidos o servicios.<\/p>\n<h3 style=\"text-align: left;\">Propiedad intelectual.<\/h3>\n<p style=\"text-align: left;\">Este sitio web y todos sus contenidos, incluyendo textos, im\u00e1genes, gr\u00e1ficos y c\u00f3digo fuente, est\u00e1n protegidos por derechos de propiedad intelectual e industrial. Queda prohibida, por tanto, su copia, reproducci\u00f3n, distribuci\u00f3n, comunicaci\u00f3n p\u00fablica y transformaci\u00f3n. Todos los derechos est\u00e1n reservados y los nombres comerciales, marcas o signos distintivos contenidos en ella est\u00e1n protegidos por la ley.<\/p>\n<h3 style=\"text-align: left;\">Contenido y Condiciones de Uso<\/h3>\n<p style=\"text-align: left;\"><strong>Los contenidos incluidos en la\u00a0web\u00a0se facilitan \u00fanicamente a consumidores y usuarios finales. Cualquier uso no autorizado queda prohibido salvo que se cuente con la previa autorizaci\u00f3n escrita de la propietaria.<\/strong><\/p>\n<p style=\"text-align: left;\">La propietaria se reserva el derecho a interrumpir el acceso a toda o a parte de la web en cualquier momento y sin previo aviso, ya sea por motivos t\u00e9cnicos, de seguridad, de control, de mantenimiento, por fallos de suministro el\u00e9ctrico o por cualquier otra causa. En consecuencia, no se garantiza la disponibilidad ni la continuidad de la web ni de los contenidos.<\/p>\n<p style=\"text-align: left;\">La propietaria no ser\u00e1 responsable en caso de que existan interrupciones del servicio, demoras, errores, mal funcionamiento del mismo y, en general, dem\u00e1s inconvenientes que tengan su origen en causas que escapan su control.<\/p>\n<p style=\"text-align: left;\">La propietaria no se responsabiliza, en ning\u00fan caso, de los da\u00f1os y perjuicios de cualquier naturaleza que pudieran ocasionar la falta de disponibilidad del portal, la transmisi\u00f3n de virus o programas maliciosos o lesivos en los contenidos, a pesar de haber adoptado todas las medidas tecnol\u00f3gicas para evitarlo, o del mal uso que se realice de ellos, siendo exclusiva responsabilidad de la persona que accede a ellos o los utilice.<\/p>\n<h3 style=\"text-align: left;\">Normas comunes de uso de la web.<\/h3>\n<p style=\"text-align: left;\">El usuario se compromete a hacer un uso de la web de acuerdo a las siguientes normas:<\/p>\n<ul style=\"text-align: left;\">\n<li>No publicar\u00e1 comunicaciones comerciales a trav\u00e9s del sitio web.<\/li>\n<li>No recopilar\u00e1 contenido o informaci\u00f3n de otros usuarios.<\/li>\n<li>No cargar\u00e1 virus ni c\u00f3digo malintencionado de ning\u00fan tipo.<\/li>\n<li>No solicitar\u00e1 informaci\u00f3n de inicio de sesi\u00f3n ni acceder\u00e1 a una cuenta perteneciente a otro usuario.<\/li>\n<li>No molestar\u00e1, intimidar\u00e1 ni acosar\u00e1 a ning\u00fan usuario.<\/li>\n<li>No realizar\u00e1 actos il\u00edcitos, enga\u00f1osos, malintencionados o discriminatorios en el sitio web, de acuerdo a estas condiciones y al ordenamiento jur\u00eddico espa\u00f1ol.<\/li>\n<li>No har\u00e1 nada que pueda poner en peligro la seguridad de su cuenta, especialmente respecto a su contrase\u00f1a. Comunicar\u00e1 cualquier incidencia relacionada con su contrase\u00f1a, cuenta, vulneraci\u00f3n de la confidencialidad de tus datos, peligro o amenaza detectada en la seguridad de sus datos.<\/li>\n<\/ul>\n<h3 style=\"text-align: left;\">Enlaces.<\/h3>\n<p style=\"text-align: left;\">En el caso de disponer el\u00a0<em>website<\/em>\u00a0de enlaces hacia otros sitios de Internet, la propietaria no ejercer\u00e1 ning\u00fan tipo de control sobre dichos sitios y contenidos y no asume responsabilidad alguna por la informaci\u00f3n contenida en ellos. La presencia de enlaces o\u00a0<em>links<\/em>\u00a0en la p\u00e1gina tiene una finalidad meramente informativa y en ning\u00fan caso supone sugerencia, invitaci\u00f3n o recomendaci\u00f3n sobre los mismos ni implica ning\u00fan tipo de asociaci\u00f3n, fusi\u00f3n o participaci\u00f3n con las entidades conectadas.<\/p>\n<h3 style=\"text-align: left;\">Intercambio o difusi\u00f3n de informaci\u00f3n.<\/h3>\n<p style=\"text-align: left;\">El propietario declina toda responsabilidad sobre las opiniones vertidas por los usuarios a trav\u00e9s de su p\u00e1gina\u00a0<em>web<\/em>\u00a0o del intercambio de informaci\u00f3n entre los usuarios a trav\u00e9s de ella, siendo la responsabilidad de las manifestaciones difundidas de quienes las realizan.<\/p>\n<h3 style=\"text-align: left;\">Obligaciones del Usuario<\/h3>\n<p style=\"text-align: left;\">El cliente se compromete a aceptar todas las disposiciones y condiciones recogidas en el presente Aviso Legal entendiendo que recogen la mejor voluntad de servicio posible para el tipo de actividad que desarrolla la propietaria.<\/p>\n<p style=\"text-align: left;\">Asimismo, se compromete a guardar de forma confidencial y con la m\u00e1xima diligencia sus claves de acceso personal a nuestro sitio\u00a0web.<\/p>\n<h3 style=\"text-align: left;\">Seguridad, confidencialidad y pol\u00edtica de protecci\u00f3n de datos<\/h3>\n<p style=\"text-align: left;\">Si en la\u00a0<em>web\u00a0<\/em>se recabaran datos personales, el Titular ser\u00e1 responsable de los mismos y los tratar\u00e1 con absoluta confidencialidad y seguridad. Podr\u00e1 encontrar m\u00e1s informaci\u00f3n sobre nuestra\u00a0<a href=\"https:\/\/recoletasmarbella.com\/es\/politica-de-privacidad\/\">Pol\u00edtica de Privacidad<\/a>\u00a0y\u00a0<a href=\"https:\/\/recoletasmarbella.com\/politica-de-cookies\"><em>Cookies<\/em><\/a>\u00a0en la p\u00e1gina espec\u00edfica de informaci\u00f3n sobre esta cuesti\u00f3n.<\/p>\n<h3 style=\"text-align: left;\">Legislaci\u00f3n aplicable, soluci\u00f3n de cuestiones controvertidas y foro competente<\/h3>\n<p style=\"text-align: left;\">El uso de la\u00a0web se regir\u00e1 por la legislaci\u00f3n espa\u00f1ola. Cualquier controversia que surja o guarde relaci\u00f3n con el uso de la\u00a0web, ser\u00e1 sometido a la jurisdicci\u00f3n no exclusiva de los Juzgados y Tribunales del municipio donde radica el domicilio social del Titular, salvo que la normativa en vigor o el c\u00f3digo de conducta establezca foro distinto.<\/p>\n<\/div>\n<\/div>\n<p>[\/et_pb_text][\/et_pb_column][\/et_pb_row][\/et_pb_section]<\/p>\n","protected":false},"excerpt":{"rendered":"<p>GDPR Aviso legalInformaci\u00f3n General Requerida por el Art\u00edculo 10 de la Ley 34\/2002, de 11 de Julio, de Servicios de la Sociedad de la Informaci\u00f3n y de Comercio Electr\u00f3nico. &nbsp; Datos identificativos. https:\/\/recoletasmarbella.com\/ es propiedad de con CIF B67831222, con domicilio social en C\/ Maestra Do\u00f1a Carola n\u00ba 8. 29602 Marbella (M\u00e1laga) y direcci\u00f3n de [&hellip;]<\/p>\n","protected":false},"author":1,"featured_media":0,"parent":0,"menu_order":0,"comment_status":"closed","ping_status":"closed","template":"","meta":{"_et_pb_use_builder":"on","_et_pb_old_content":"<!-- wp:divi\/placeholder \/-->","_et_gb_content_width":"","footnotes":""},"class_list":["post-285475","page","type-page","status-publish","hentry"],"yoast_head":"<!-- This site is optimized with the Yoast SEO plugin v26.1.1 - https:\/\/yoast.com\/wordpress\/plugins\/seo\/ -->\n<title>Aviso legal - Hospital Marbella<\/title>\n<meta name=\"description\" content=\"Informaci\u00f3n legal sobre el uso de nuestra web, condiciones de acceso, derechos y responsabilidades. Consulta aqu\u00ed los t\u00e9rminos legales.\" \/>\n<meta name=\"robots\" content=\"noindex, follow\" \/>\n<meta property=\"og:locale\" content=\"es_ES\" \/>\n<meta property=\"og:type\" content=\"article\" \/>\n<meta property=\"og:title\" content=\"Aviso legal - Hospital Marbella\" \/>\n<meta property=\"og:description\" content=\"Informaci\u00f3n legal sobre el uso de nuestra web, condiciones de acceso, derechos y responsabilidades. Consulta aqu\u00ed los t\u00e9rminos legales.\" \/>\n<meta property=\"og:url\" content=\"https:\/\/recoletasmarbella.com\/es\/aviso-legal\/\" \/>\n<meta property=\"og:site_name\" content=\"Hospital Marbella\" \/>\n<meta property=\"article:publisher\" content=\"https:\/\/www.facebook.com\/people\/Recoletas-Salud-Marbella\/61573653462220\/\" \/>\n<meta property=\"article:modified_time\" content=\"2025-10-15T15:42:28+00:00\" \/>\n<meta name=\"twitter:card\" content=\"summary_large_image\" \/>\n<meta name=\"twitter:label1\" content=\"Tiempo de lectura\" \/>\n\t<meta name=\"twitter:data1\" content=\"5 minutos\" \/>\n<script type=\"application\/ld+json\" class=\"yoast-schema-graph\">{\"@context\":\"https:\/\/schema.org\",\"@graph\":[{\"@type\":\"WebPage\",\"@id\":\"https:\/\/recoletasmarbella.com\/aviso-legal\/\",\"url\":\"https:\/\/recoletasmarbella.com\/aviso-legal\/\",\"name\":\"Aviso legal - Hospital Marbella\",\"isPartOf\":{\"@id\":\"https:\/\/recoletasmarbella.com\/es\/#website\"},\"datePublished\":\"2025-03-03T14:54:45+00:00\",\"dateModified\":\"2025-10-15T15:42:28+00:00\",\"description\":\"Informaci\u00f3n legal sobre el uso de nuestra web, condiciones de acceso, derechos y responsabilidades. Consulta aqu\u00ed los t\u00e9rminos legales.\",\"breadcrumb\":{\"@id\":\"https:\/\/recoletasmarbella.com\/aviso-legal\/#breadcrumb\"},\"inLanguage\":\"es\",\"potentialAction\":[{\"@type\":\"ReadAction\",\"target\":[\"https:\/\/recoletasmarbella.com\/aviso-legal\/\"]}]},{\"@type\":\"BreadcrumbList\",\"@id\":\"https:\/\/recoletasmarbella.com\/aviso-legal\/#breadcrumb\",\"itemListElement\":[{\"@type\":\"ListItem\",\"position\":1,\"name\":\"Portada\",\"item\":\"https:\/\/recoletasmarbella.com\/es\/\"},{\"@type\":\"ListItem\",\"position\":2,\"name\":\"Aviso legal\"}]},{\"@type\":\"WebSite\",\"@id\":\"https:\/\/recoletasmarbella.com\/es\/#website\",\"url\":\"https:\/\/recoletasmarbella.com\/es\/\",\"name\":\"Hospital Recoletas Salud Marbella\",\"description\":\"Recoletas Salud\",\"publisher\":{\"@id\":\"https:\/\/recoletasmarbella.com\/es\/#organization\"},\"potentialAction\":[{\"@type\":\"SearchAction\",\"target\":{\"@type\":\"EntryPoint\",\"urlTemplate\":\"https:\/\/recoletasmarbella.com\/es\/?s={search_term_string}\"},\"query-input\":{\"@type\":\"PropertyValueSpecification\",\"valueRequired\":true,\"valueName\":\"search_term_string\"}}],\"inLanguage\":\"es\"},{\"@type\":\"Organization\",\"@id\":\"https:\/\/recoletasmarbella.com\/es\/#organization\",\"name\":\"Grupo Recoletas\",\"url\":\"https:\/\/recoletasmarbella.com\/es\/\",\"logo\":{\"@type\":\"ImageObject\",\"inLanguage\":\"es\",\"@id\":\"https:\/\/recoletasmarbella.com\/es\/#\/schema\/logo\/image\/\",\"url\":\"http:\/\/recoletasmarbella.com\/wp-content\/uploads\/2025\/01\/logo-v-hospital-marbella-1.png\",\"contentUrl\":\"http:\/\/recoletasmarbella.com\/wp-content\/uploads\/2025\/01\/logo-v-hospital-marbella-1.png\",\"width\":216,\"height\":164,\"caption\":\"Grupo Recoletas\"},\"image\":{\"@id\":\"https:\/\/recoletasmarbella.com\/es\/#\/schema\/logo\/image\/\"},\"sameAs\":[\"https:\/\/www.facebook.com\/people\/Recoletas-Salud-Marbella\/61573653462220\/\",\"https:\/\/www.instagram.com\/recoletassaludmarbella\/\",\"https:\/\/www.linkedin.com\/company\/recoletas-salud-marbella\",\"https:\/\/www.youtube.com\/@recoletassalud\"]}]}<\/script>\n<!-- \/ Yoast SEO plugin. -->","yoast_head_json":{"title":"Aviso legal - Hospital Marbella","description":"Informaci\u00f3n legal sobre el uso de nuestra web, condiciones de acceso, derechos y responsabilidades. Consulta aqu\u00ed los t\u00e9rminos legales.","robots":{"index":"noindex","follow":"follow"},"og_locale":"es_ES","og_type":"article","og_title":"Aviso legal - Hospital Marbella","og_description":"Informaci\u00f3n legal sobre el uso de nuestra web, condiciones de acceso, derechos y responsabilidades. Consulta aqu\u00ed los t\u00e9rminos legales.","og_url":"https:\/\/recoletasmarbella.com\/es\/aviso-legal\/","og_site_name":"Hospital Marbella","article_publisher":"https:\/\/www.facebook.com\/people\/Recoletas-Salud-Marbella\/61573653462220\/","article_modified_time":"2025-10-15T15:42:28+00:00","twitter_card":"summary_large_image","twitter_misc":{"Tiempo de lectura":"5 minutos"},"schema":{"@context":"https:\/\/schema.org","@graph":[{"@type":"WebPage","@id":"https:\/\/recoletasmarbella.com\/aviso-legal\/","url":"https:\/\/recoletasmarbella.com\/aviso-legal\/","name":"Aviso legal - Hospital Marbella","isPartOf":{"@id":"https:\/\/recoletasmarbella.com\/es\/#website"},"datePublished":"2025-03-03T14:54:45+00:00","dateModified":"2025-10-15T15:42:28+00:00","description":"Informaci\u00f3n legal sobre el uso de nuestra web, condiciones de acceso, derechos y responsabilidades. Consulta aqu\u00ed los t\u00e9rminos legales.","breadcrumb":{"@id":"https:\/\/recoletasmarbella.com\/aviso-legal\/#breadcrumb"},"inLanguage":"es","potentialAction":[{"@type":"ReadAction","target":["https:\/\/recoletasmarbella.com\/aviso-legal\/"]}]},{"@type":"BreadcrumbList","@id":"https:\/\/recoletasmarbella.com\/aviso-legal\/#breadcrumb","itemListElement":[{"@type":"ListItem","position":1,"name":"Portada","item":"https:\/\/recoletasmarbella.com\/es\/"},{"@type":"ListItem","position":2,"name":"Aviso legal"}]},{"@type":"WebSite","@id":"https:\/\/recoletasmarbella.com\/es\/#website","url":"https:\/\/recoletasmarbella.com\/es\/","name":"Hospital Recoletas Salud Marbella","description":"Recoletas Salud","publisher":{"@id":"https:\/\/recoletasmarbella.com\/es\/#organization"},"potentialAction":[{"@type":"SearchAction","target":{"@type":"EntryPoint","urlTemplate":"https:\/\/recoletasmarbella.com\/es\/?s={search_term_string}"},"query-input":{"@type":"PropertyValueSpecification","valueRequired":true,"valueName":"search_term_string"}}],"inLanguage":"es"},{"@type":"Organization","@id":"https:\/\/recoletasmarbella.com\/es\/#organization","name":"Grupo Recoletas","url":"https:\/\/recoletasmarbella.com\/es\/","logo":{"@type":"ImageObject","inLanguage":"es","@id":"https:\/\/recoletasmarbella.com\/es\/#\/schema\/logo\/image\/","url":"http:\/\/recoletasmarbella.com\/wp-content\/uploads\/2025\/01\/logo-v-hospital-marbella-1.png","contentUrl":"http:\/\/recoletasmarbella.com\/wp-content\/uploads\/2025\/01\/logo-v-hospital-marbella-1.png","width":216,"height":164,"caption":"Grupo Recoletas"},"image":{"@id":"https:\/\/recoletasmarbella.com\/es\/#\/schema\/logo\/image\/"},"sameAs":["https:\/\/www.facebook.com\/people\/Recoletas-Salud-Marbella\/61573653462220\/","https:\/\/www.instagram.com\/recoletassaludmarbella\/","https:\/\/www.linkedin.com\/company\/recoletas-salud-marbella","https:\/\/www.youtube.com\/@recoletassalud"]}]}},"_links":{"self":[{"href":"https:\/\/recoletasmarbella.com\/es\/wp-json\/wp\/v2\/pages\/285475","targetHints":{"allow":["GET"]}}],"collection":[{"href":"https:\/\/recoletasmarbella.com\/es\/wp-json\/wp\/v2\/pages"}],"about":[{"href":"https:\/\/recoletasmarbella.com\/es\/wp-json\/wp\/v2\/types\/page"}],"author":[{"embeddable":true,"href":"https:\/\/recoletasmarbella.com\/es\/wp-json\/wp\/v2\/users\/1"}],"replies":[{"embeddable":true,"href":"https:\/\/recoletasmarbella.com\/es\/wp-json\/wp\/v2\/comments?post=285475"}],"version-history":[{"count":15,"href":"https:\/\/recoletasmarbella.com\/es\/wp-json\/wp\/v2\/pages\/285475\/revisions"}],"predecessor-version":[{"id":291807,"href":"https:\/\/recoletasmarbella.com\/es\/wp-json\/wp\/v2\/pages\/285475\/revisions\/291807"}],"wp:attachment":[{"href":"https:\/\/recoletasmarbella.com\/es\/wp-json\/wp\/v2\/media?parent=285475"}],"curies":[{"name":"wp","href":"https:\/\/api.w.org\/{rel}","templated":true}]}}