{"id":285477,"date":"2025-03-03T14:55:19","date_gmt":"2025-03-03T14:55:19","guid":{"rendered":"https:\/\/recoletasmarbella.com\/?page_id=285477"},"modified":"2025-06-30T17:06:03","modified_gmt":"2025-06-30T17:06:03","slug":"politica-de-privacidad","status":"publish","type":"page","link":"https:\/\/recoletasmarbella.com\/es\/politica-de-privacidad\/","title":{"rendered":"Pol\u00edtica de privacidad"},"content":{"rendered":"<p>[et_pb_section fb_built=\u00bb1&#8243; _builder_version=\u00bb4.27.4&#8243; _module_preset=\u00bbdefault\u00bb background_color=\u00bb#F2F2F2&#8243; custom_padding=\u00bb21px||24px|||\u00bb global_colors_info=\u00bb{}\u00bb][et_pb_row _builder_version=\u00bb4.27.4&#8243; _module_preset=\u00bbdefault\u00bb global_colors_info=\u00bb{}\u00bb][et_pb_column type=\u00bb4_4&#8243; _builder_version=\u00bb4.27.4&#8243; _module_preset=\u00bbdefault\u00bb global_colors_info=\u00bb{}\u00bb][et_pb_text _builder_version=\u00bb4.27.4&#8243; _module_preset=\u00bbb20293d3-7e7e-4718-8a41-9d40e20be87b\u00bb header_2_font=\u00bb&#8211;et_global_heading_font|800||on|||||\u00bb header_2_font_size=\u00bb31px\u00bb header_2_letter_spacing=\u00bb0px\u00bb header_2_line_height=\u00bb1em\u00bb header_4_text_color=\u00bb#C7A3DE\u00bb max_width=\u00bb379px\u00bb max_width_tablet=\u00bb379px\u00bb max_width_phone=\u00bb266px\u00bb max_width_last_edited=\u00bbon|phone\u00bb module_alignment=\u00bbcenter\u00bb custom_padding=\u00bb|30px||30px|false|true\u00bb border_width_right=\u00bb2px\u00bb border_color_right=\u00bb#C7A3DE\u00bb border_width_left=\u00bb2px\u00bb border_color_left=\u00bb#C7A3DE\u00bb locked=\u00bboff\u00bb global_colors_info=\u00bb{}\u00bb]<\/p>\n<h3 style=\"text-align: center;\">GDPR<\/h3>\n<h2 style=\"text-align: center;\">Pol\u00edtica de privacidad<\/h2>\n<p>[\/et_pb_text][\/et_pb_column][\/et_pb_row][\/et_pb_section][et_pb_section fb_built=\u00bb1&#8243; _builder_version=\u00bb4.27.4&#8243; _module_preset=\u00bbdefault\u00bb global_colors_info=\u00bb{}\u00bb][et_pb_row _builder_version=\u00bb4.27.4&#8243; _module_preset=\u00bbdefault\u00bb global_colors_info=\u00bb{}\u00bb][et_pb_column type=\u00bb4_4&#8243; _builder_version=\u00bb4.27.4&#8243; _module_preset=\u00bbdefault\u00bb global_colors_info=\u00bb{}\u00bb][et_pb_text _builder_version=\u00bb4.27.4&#8243; _module_preset=\u00bbdefault\u00bb global_colors_info=\u00bb{}\u00bb]<\/p>\n<p>Es compromiso de Grupo Recoletas el respeto de la privacidad de los usuarios y la protecci\u00f3n y seguridad de sus datos personales. Por ello, se informa al usuario sobre la forma en que las entidades de Grupo Recoletas que figuran en www.gruporecoletas.com (apartado \u201cnuestros centros\u201d) recaban, tratan y protegen los datos de car\u00e1cter personal que le son facilitados a trav\u00e9s de sus webs.<\/p>\n<p>El usuario debe leer con atenci\u00f3n esta pol\u00edtica de privacidad, que ha sido redactada de forma clara y sencilla, para facilitar su comprensi\u00f3n, y determinar libre y voluntariamente si desea facilitar sus datos personales a las entidades de Grupo Recoletas.<\/p>\n<p>Asimismo, el usuario garantiza que es mayor de edad y que los datos aportados son verdaderos, exactos, completos y actualizados, siendo responsable de cualquier da\u00f1o o perjuicio, directo o indirecto, que pudiera ocasionarse como consecuencia del incumplimiento de tal obligaci\u00f3n. En el caso de que los datos aportados pertenecieran a un tercero, el usuario garantiza que ha informado a dicho tercero de los aspectos contenidos en este documento y obtenido su autorizaci\u00f3n para facilitar sus datos a las entidades de Grupo Recoletas para los fines se\u00f1alados.<\/p>\n<h3>1. \u00c1mbito de Aplicaci\u00f3n y Responsabilidad<\/h3>\n<p>Esta pol\u00edtica de privacidad, aplica a todos los datos personales recogidos por las entidades de Grupo Recoletas que figuran en<span>\u00a0<\/span><a href=\"http:\/\/www.gruporecoletas.com\/\">www.gruporecoletas,com<\/a><span>\u00a0<\/span>apartado \u201cnuestros centros\u201d, a trav\u00e9s de sus plataformas online.<\/p>\n<p>Dichas empresas, han determinado conjuntamente los objetivos y los medios del tratamiento de los datos personales del usuario y han suscrito un acuerdo en el que se regulan las funciones y responsabilidades que les son exigibles en cumplimiento de la normativa de protecci\u00f3n de datos aplicable.<\/p>\n<p>Para cualquier cuesti\u00f3n relacionada con la presente pol\u00edtica de privacidad, el usuario podr\u00e1 ponerse en contacto con el delegado de protecci\u00f3n de datos de Grupo Recoletas, cuyos datos de contacto son:<\/p>\n<ul>\n<li>Correo electr\u00f3nico:<span>\u00a0<\/span><a href=\"mailto:dpo@gruporecoletas.com\">dpo@gruporecoletas.com<\/a><\/li>\n<li>Correo Postal: Grupo Recoletas, C\/Constituci\u00f3n 8 1\u00ba 47001 \u2013 Valladolid a la atenci\u00f3n del Delegado de Protecci\u00f3n de Datos<\/li>\n<\/ul>\n<h3>2. Fines del tratamiento y base jur\u00eddica<\/h3>\n<p>Las entidades de Grupo Recoletas, tratar\u00e1n los datos del usuario, de manera automatizada, para las siguientes finalidades espec\u00edficas:<\/p>\n<ul>\n<li>Resoluci\u00f3n de consultas formuladas a trav\u00e9s del correo electr\u00f3nico<span>\u00a0<\/span><a href=\"mailto:info@gruporecoletas.com\">info@gruporecoletas.com<\/a><\/li>\n<li>Gesti\u00f3n de cita previa a trav\u00e9s los formularios destinados al efecto.<\/li>\n<li>Env\u00edo de comunicaciones solicitadas por usted en los formularios destinados al efecto sobre nuestros servicios, o bien a trav\u00e9s de nuestro bolet\u00edn de noticias.<\/li>\n<\/ul>\n<p>Dicho tratamiento se realizar\u00e1 siempre, previo consentimiento del usuario mediante la aceptaci\u00f3n de la presente pol\u00edtica de privacidad.<\/p>\n<h3>3. Comunicaci\u00f3n de los datos<\/h3>\n<p>Se informa al usuario que sus datos personales podr\u00e1n ser comunicados a las entidades de de Grupo Recoletas identificadas en<span>\u00a0<\/span><a href=\"http:\/\/www.gruporecoletas.com\/\">www.gruporecoletas.com<\/a><span>\u00a0<\/span>(apartado nuestros centros) a las que podr\u00e1n ser comunicados los datos personales), comprometi\u00e9ndose \u00e9stas al tratamiento de dichos datos personales \u00fanica y exclusivamente para el cumplimiento de las finalidades anteriormente indicadas.<\/p>\n<h3>4. Encargados de tratamiento<\/h3>\n<p>El tratamiento de los datos de los usuarios, podr\u00e1 ser realizado por un prestador de servicios id\u00f3neo, contratado por las entidades de Grupo Recoletas. Dicho prestador de servicios \u00fanicamente tratar\u00e1 los datos para las finalidades establecidas anteriormente y siguiendo sus precisas instrucciones, cumpliendo rigurosamente las normas legales sobre protecci\u00f3n de datos personales, seguridad de la informaci\u00f3n y dem\u00e1s normas aplicables. En ning\u00fan caso nuestros encargados del tratamiento o prestadores de servicio tratar\u00e1n sus datos para otras finalidades o los comunicar\u00e1n a terceros.<\/p>\n<h3>5. Transferencias internacionales de datos<\/h3>\n<p>Las entidades de Grupo Recoletas realizar\u00e1n el tratamiento de los datos del usuario integralmente en el territorio de la Uni\u00f3n Europea, por lo que no prev\u00e9 realizar ninguna transferencia internacional de datos.<\/p>\n<h3>6. Plazo de conservaci\u00f3n<\/h3>\n<p>Las entidades de Grupo Recoletas conservar\u00e1n los datos personales de los usuarios \u00fanicamente durante el tiempo necesario para la realizaci\u00f3n de las finalidades para las que fueron recogidos as\u00ed como los plazos de retenci\u00f3n legalmente establecidos, en los siguientes t\u00e9rminos:<\/p>\n<ul>\n<li>Resoluci\u00f3n de consultas formuladas a trav\u00e9s del correo electr\u00f3nico<span>\u00a0<\/span><a href=\"mailto:info@gruporecoletas.com\">info@gruporecoletas.com<\/a>: 5 a\u00f1os tras su contestaci\u00f3n<\/li>\n<li>Gesti\u00f3n de cita previa a trav\u00e9s los formularios destinados al efecto: 5 a\u00f1os tras su solicitud.<\/li>\n<li>Env\u00edo de comunicaciones solicitadas por usted en los formularios destinados al efecto sobre nuestros servicios, o bien a trav\u00e9s de nuestro bolet\u00edn de noticias: 5 a\u00f1os tras su solicitud.<\/li>\n<\/ul>\n<h3>7. Derechos de los usuarios<\/h3>\n<p>El usuario podr\u00e1, en cualquier momento y de forma gratuita, ejercer sus derechos de acceso, rectificaci\u00f3n o supresi\u00f3n, oposici\u00f3n, limitaci\u00f3n y portabilidad de sus datos, a trav\u00e9s de los medios establecidos en el apartado 1 de la presente pol\u00edtica.<\/p>\n<p>En todo caso, se informa al usuario de que, en caso de que considere que las entidades de Grupo Recoletas han vulnerado, o han podido vulnerar los derechos que le son reconocidos por la normativa aplicable de protecci\u00f3n de datos, podr\u00e1 presentar una reclamaci\u00f3n ante la Autoridad de Control, Agencia Espa\u00f1ola de Protecci\u00f3n de Datos a trav\u00e9s de su web www,agpd.es<\/p>\n<h3>8. Revocaci\u00f3n del consentimiento<\/h3>\n<p>La aceptaci\u00f3n del usuario a que sus datos puedan ser tratados o cedidos tendr\u00e1 siempre car\u00e1cter revocable, sin efectos retroactivos. Para revocar dicho consentimiento los usuarios podr\u00e1n contactar con el Delegado de Protecci\u00f3n de Datos a trav\u00e9s de los canales establecidos en el apartado 1 de la presente pol\u00edtica.<\/p>\n<h3>9. Car\u00e1cter necesario de los datos solicitados<\/h3>\n<p>Los datos recogidos por las entidades de Grupo Recoletas en los distintos formularios a trav\u00e9s de sus p\u00e1ginas web son necesarios para cumplir con las finalidades expresadas.<\/p>\n<p>Por lo tanto, si el usuario no los facilitase, las entidades de Grupo Recoletas no podr\u00e1n atender su solicitud.<\/p>\n<h3>10. Decisiones Automatizadas<\/h3>\n<p>Las entidades de Grupo Recoletas podr\u00e1n elaborar perfiles de los usuarios, que permitir\u00e1 la adopci\u00f3n de decisiones automatizadas, basadas en la introducci\u00f3n de informaci\u00f3n realizada por los usuarios en los distintos formularios con la finalidad de enviarle las comunicaciones comerciales solicitadas por usted que se ajusten a sus caracter\u00edsticas. En estos casos, el usuario tendr\u00e1 derecho a obtener intervenci\u00f3n humana en la decisi\u00f3n, a expresar su punto de vista y a impugnar la decisi\u00f3n adoptada por las entidades de Grupo Recoletas.<\/p>\n<h3>11. Medidas de protecci\u00f3n de los datos personales<\/h3>\n<p>Las entidades de Grupo Recoletas emplean medidas t\u00e9cnicas y organizativas apropiadas para garantizar un nivel de seguridad adecuado al riesgo que presenta el tratamiento de datos, en particular como consecuencia de la destrucci\u00f3n, p\u00e9rdida o alteraci\u00f3n accidental o il\u00edcita de datos personales transmitidos, conservados o tratados, o la comunicaci\u00f3n o acceso no autorizados a dichos datos.<\/p>\n<h3>12. Protecci\u00f3n de datos en los distintos medios de contacto<\/h3>\n<p>De conformidad con la normativa vigente en materia de Protecci\u00f3n de Datos de Car\u00e1cter Personal, se informa al interesado, que los datos facilitados por el propio interesado o los de su tutelado por alguno de los siguientes medios:<\/p>\n<ul>\n<li>Llamada telef\u00f3nica a cualquier de nuestros hospitales o centros para pedir cita<\/li>\n<li>Env\u00edo de CV a trav\u00e9s del apartado \u201ctrabaja con nosotros\u201d<\/li>\n<li>Env\u00edo de correos electr\u00f3nicos a trav\u00e9s del apartado \u00abcontacto\u00bb<\/li>\n<\/ul>\n<p>Ser\u00e1n tratados por GRUPO RECOLETAS. como responsable del tratamiento y se les aplicar\u00e1 la presente pol\u00edtica de privacidad en cuanto a finalidades, comunicaci\u00f3n de datos, ejercicio de derechos\u2026<\/p>\n<p>[\/et_pb_text][\/et_pb_column][\/et_pb_row][\/et_pb_section]<\/p>\n","protected":false},"excerpt":{"rendered":"<p>GDPR Pol\u00edtica de privacidadEs compromiso de Grupo Recoletas el respeto de la privacidad de los usuarios y la protecci\u00f3n y seguridad de sus datos personales. Por ello, se informa al usuario sobre la forma en que las entidades de Grupo Recoletas que figuran en www.gruporecoletas.com (apartado \u201cnuestros centros\u201d) recaban, tratan y protegen los datos de [&hellip;]<\/p>\n","protected":false},"author":1,"featured_media":0,"parent":0,"menu_order":0,"comment_status":"closed","ping_status":"closed","template":"","meta":{"_et_pb_use_builder":"on","_et_pb_old_content":"","_et_gb_content_width":"","footnotes":""},"class_list":["post-285477","page","type-page","status-publish","hentry"],"yoast_head":"<!-- This site is optimized with the Yoast SEO plugin v26.1.1 - https:\/\/yoast.com\/wordpress\/plugins\/seo\/ -->\n<title>Pol\u00edtica de privacidad - Hospital Marbella<\/title>\n<meta name=\"description\" content=\"Protegemos tus datos personales con total transparencia. Usamos y resguardamos tu informaci\u00f3n de acuerdo con la normativa vigente\" \/>\n<meta name=\"robots\" content=\"noindex, follow\" \/>\n<meta property=\"og:locale\" content=\"es_ES\" \/>\n<meta property=\"og:type\" content=\"article\" \/>\n<meta property=\"og:title\" content=\"Pol\u00edtica de privacidad - Hospital Marbella\" \/>\n<meta property=\"og:description\" content=\"Protegemos tus datos personales con total transparencia. Usamos y resguardamos tu informaci\u00f3n de acuerdo con la normativa vigente\" \/>\n<meta property=\"og:url\" content=\"https:\/\/recoletasmarbella.com\/es\/politica-de-privacidad\/\" \/>\n<meta property=\"og:site_name\" content=\"Hospital Marbella\" \/>\n<meta property=\"article:publisher\" content=\"https:\/\/www.facebook.com\/people\/Recoletas-Salud-Marbella\/61573653462220\/\" \/>\n<meta property=\"article:modified_time\" content=\"2025-06-30T17:06:03+00:00\" \/>\n<meta name=\"twitter:card\" content=\"summary_large_image\" \/>\n<meta name=\"twitter:label1\" content=\"Tiempo de lectura\" \/>\n\t<meta name=\"twitter:data1\" content=\"6 minutos\" \/>\n<script type=\"application\/ld+json\" class=\"yoast-schema-graph\">{\"@context\":\"https:\/\/schema.org\",\"@graph\":[{\"@type\":\"WebPage\",\"@id\":\"https:\/\/recoletasmarbella.com\/es\/politica-de-privacidad\/\",\"url\":\"https:\/\/recoletasmarbella.com\/es\/politica-de-privacidad\/\",\"name\":\"Pol\u00edtica de privacidad - Hospital Marbella\",\"isPartOf\":{\"@id\":\"https:\/\/recoletasmarbella.com\/es\/#website\"},\"datePublished\":\"2025-03-03T14:55:19+00:00\",\"dateModified\":\"2025-06-30T17:06:03+00:00\",\"description\":\"Protegemos tus datos personales con total transparencia. Usamos y resguardamos tu informaci\u00f3n de acuerdo con la normativa vigente\",\"breadcrumb\":{\"@id\":\"https:\/\/recoletasmarbella.com\/es\/politica-de-privacidad\/#breadcrumb\"},\"inLanguage\":\"es\",\"potentialAction\":[{\"@type\":\"ReadAction\",\"target\":[\"https:\/\/recoletasmarbella.com\/es\/politica-de-privacidad\/\"]}]},{\"@type\":\"BreadcrumbList\",\"@id\":\"https:\/\/recoletasmarbella.com\/es\/politica-de-privacidad\/#breadcrumb\",\"itemListElement\":[{\"@type\":\"ListItem\",\"position\":1,\"name\":\"Portada\",\"item\":\"https:\/\/recoletasmarbella.com\/es\/\"},{\"@type\":\"ListItem\",\"position\":2,\"name\":\"Pol\u00edtica de privacidad\"}]},{\"@type\":\"WebSite\",\"@id\":\"https:\/\/recoletasmarbella.com\/es\/#website\",\"url\":\"https:\/\/recoletasmarbella.com\/es\/\",\"name\":\"Hospital Recoletas Salud Marbella\",\"description\":\"Recoletas Salud\",\"publisher\":{\"@id\":\"https:\/\/recoletasmarbella.com\/es\/#organization\"},\"potentialAction\":[{\"@type\":\"SearchAction\",\"target\":{\"@type\":\"EntryPoint\",\"urlTemplate\":\"https:\/\/recoletasmarbella.com\/es\/?s={search_term_string}\"},\"query-input\":{\"@type\":\"PropertyValueSpecification\",\"valueRequired\":true,\"valueName\":\"search_term_string\"}}],\"inLanguage\":\"es\"},{\"@type\":\"Organization\",\"@id\":\"https:\/\/recoletasmarbella.com\/es\/#organization\",\"name\":\"Grupo Recoletas\",\"url\":\"https:\/\/recoletasmarbella.com\/es\/\",\"logo\":{\"@type\":\"ImageObject\",\"inLanguage\":\"es\",\"@id\":\"https:\/\/recoletasmarbella.com\/es\/#\/schema\/logo\/image\/\",\"url\":\"http:\/\/recoletasmarbella.com\/wp-content\/uploads\/2025\/01\/logo-v-hospital-marbella-1.png\",\"contentUrl\":\"http:\/\/recoletasmarbella.com\/wp-content\/uploads\/2025\/01\/logo-v-hospital-marbella-1.png\",\"width\":216,\"height\":164,\"caption\":\"Grupo Recoletas\"},\"image\":{\"@id\":\"https:\/\/recoletasmarbella.com\/es\/#\/schema\/logo\/image\/\"},\"sameAs\":[\"https:\/\/www.facebook.com\/people\/Recoletas-Salud-Marbella\/61573653462220\/\",\"https:\/\/www.instagram.com\/recoletassaludmarbella\/\",\"https:\/\/www.linkedin.com\/company\/recoletas-salud-marbella\",\"https:\/\/www.youtube.com\/@recoletassalud\"]}]}<\/script>\n<!-- \/ Yoast SEO plugin. -->","yoast_head_json":{"title":"Pol\u00edtica de privacidad - Hospital Marbella","description":"Protegemos tus datos personales con total transparencia. Usamos y resguardamos tu informaci\u00f3n de acuerdo con la normativa vigente","robots":{"index":"noindex","follow":"follow"},"og_locale":"es_ES","og_type":"article","og_title":"Pol\u00edtica de privacidad - Hospital Marbella","og_description":"Protegemos tus datos personales con total transparencia. Usamos y resguardamos tu informaci\u00f3n de acuerdo con la normativa vigente","og_url":"https:\/\/recoletasmarbella.com\/es\/politica-de-privacidad\/","og_site_name":"Hospital Marbella","article_publisher":"https:\/\/www.facebook.com\/people\/Recoletas-Salud-Marbella\/61573653462220\/","article_modified_time":"2025-06-30T17:06:03+00:00","twitter_card":"summary_large_image","twitter_misc":{"Tiempo de lectura":"6 minutos"},"schema":{"@context":"https:\/\/schema.org","@graph":[{"@type":"WebPage","@id":"https:\/\/recoletasmarbella.com\/es\/politica-de-privacidad\/","url":"https:\/\/recoletasmarbella.com\/es\/politica-de-privacidad\/","name":"Pol\u00edtica de privacidad - Hospital Marbella","isPartOf":{"@id":"https:\/\/recoletasmarbella.com\/es\/#website"},"datePublished":"2025-03-03T14:55:19+00:00","dateModified":"2025-06-30T17:06:03+00:00","description":"Protegemos tus datos personales con total transparencia. Usamos y resguardamos tu informaci\u00f3n de acuerdo con la normativa vigente","breadcrumb":{"@id":"https:\/\/recoletasmarbella.com\/es\/politica-de-privacidad\/#breadcrumb"},"inLanguage":"es","potentialAction":[{"@type":"ReadAction","target":["https:\/\/recoletasmarbella.com\/es\/politica-de-privacidad\/"]}]},{"@type":"BreadcrumbList","@id":"https:\/\/recoletasmarbella.com\/es\/politica-de-privacidad\/#breadcrumb","itemListElement":[{"@type":"ListItem","position":1,"name":"Portada","item":"https:\/\/recoletasmarbella.com\/es\/"},{"@type":"ListItem","position":2,"name":"Pol\u00edtica de privacidad"}]},{"@type":"WebSite","@id":"https:\/\/recoletasmarbella.com\/es\/#website","url":"https:\/\/recoletasmarbella.com\/es\/","name":"Hospital Recoletas Salud Marbella","description":"Recoletas Salud","publisher":{"@id":"https:\/\/recoletasmarbella.com\/es\/#organization"},"potentialAction":[{"@type":"SearchAction","target":{"@type":"EntryPoint","urlTemplate":"https:\/\/recoletasmarbella.com\/es\/?s={search_term_string}"},"query-input":{"@type":"PropertyValueSpecification","valueRequired":true,"valueName":"search_term_string"}}],"inLanguage":"es"},{"@type":"Organization","@id":"https:\/\/recoletasmarbella.com\/es\/#organization","name":"Grupo Recoletas","url":"https:\/\/recoletasmarbella.com\/es\/","logo":{"@type":"ImageObject","inLanguage":"es","@id":"https:\/\/recoletasmarbella.com\/es\/#\/schema\/logo\/image\/","url":"http:\/\/recoletasmarbella.com\/wp-content\/uploads\/2025\/01\/logo-v-hospital-marbella-1.png","contentUrl":"http:\/\/recoletasmarbella.com\/wp-content\/uploads\/2025\/01\/logo-v-hospital-marbella-1.png","width":216,"height":164,"caption":"Grupo Recoletas"},"image":{"@id":"https:\/\/recoletasmarbella.com\/es\/#\/schema\/logo\/image\/"},"sameAs":["https:\/\/www.facebook.com\/people\/Recoletas-Salud-Marbella\/61573653462220\/","https:\/\/www.instagram.com\/recoletassaludmarbella\/","https:\/\/www.linkedin.com\/company\/recoletas-salud-marbella","https:\/\/www.youtube.com\/@recoletassalud"]}]}},"_links":{"self":[{"href":"https:\/\/recoletasmarbella.com\/es\/wp-json\/wp\/v2\/pages\/285477","targetHints":{"allow":["GET"]}}],"collection":[{"href":"https:\/\/recoletasmarbella.com\/es\/wp-json\/wp\/v2\/pages"}],"about":[{"href":"https:\/\/recoletasmarbella.com\/es\/wp-json\/wp\/v2\/types\/page"}],"author":[{"embeddable":true,"href":"https:\/\/recoletasmarbella.com\/es\/wp-json\/wp\/v2\/users\/1"}],"replies":[{"embeddable":true,"href":"https:\/\/recoletasmarbella.com\/es\/wp-json\/wp\/v2\/comments?post=285477"}],"version-history":[{"count":13,"href":"https:\/\/recoletasmarbella.com\/es\/wp-json\/wp\/v2\/pages\/285477\/revisions"}],"predecessor-version":[{"id":291808,"href":"https:\/\/recoletasmarbella.com\/es\/wp-json\/wp\/v2\/pages\/285477\/revisions\/291808"}],"wp:attachment":[{"href":"https:\/\/recoletasmarbella.com\/es\/wp-json\/wp\/v2\/media?parent=285477"}],"curies":[{"name":"wp","href":"https:\/\/api.w.org\/{rel}","templated":true}]}}