{"id":286721,"date":"2025-03-07T12:11:37","date_gmt":"2025-03-07T12:11:37","guid":{"rendered":"https:\/\/recoletasmarbella.com\/?page_id=286721"},"modified":"2025-06-30T17:06:43","modified_gmt":"2025-06-30T17:06:43","slug":"proteccion-de-datos-del-paciente","status":"publish","type":"page","link":"https:\/\/recoletasmarbella.com\/es\/proteccion-de-datos-del-paciente\/","title":{"rendered":"Protecci\u00f3n de datos del paciente"},"content":{"rendered":"<p>[et_pb_section fb_built=\u00bb1&#8243; _builder_version=\u00bb4.27.4&#8243; _module_preset=\u00bbdefault\u00bb background_color=\u00bb#F2F2F2&#8243; custom_padding=\u00bb21px||24px|||\u00bb global_colors_info=\u00bb{}\u00bb][et_pb_row _builder_version=\u00bb4.27.4&#8243; _module_preset=\u00bbdefault\u00bb global_colors_info=\u00bb{}\u00bb][et_pb_column type=\u00bb4_4&#8243; _builder_version=\u00bb4.27.4&#8243; _module_preset=\u00bbdefault\u00bb global_colors_info=\u00bb{}\u00bb][et_pb_text _builder_version=\u00bb4.27.4&#8243; _module_preset=\u00bbb20293d3-7e7e-4718-8a41-9d40e20be87b\u00bb header_2_font=\u00bb&#8211;et_global_heading_font|800||on|||||\u00bb header_2_font_size=\u00bb31px\u00bb header_2_letter_spacing=\u00bb0px\u00bb header_2_line_height=\u00bb1em\u00bb header_4_text_color=\u00bb#C7A3DE\u00bb max_width=\u00bb379px\u00bb max_width_tablet=\u00bb379px\u00bb max_width_phone=\u00bb266px\u00bb max_width_last_edited=\u00bbon|phone\u00bb module_alignment=\u00bbcenter\u00bb custom_padding=\u00bb|30px||30px|false|true\u00bb border_width_right=\u00bb2px\u00bb border_color_right=\u00bb#C7A3DE\u00bb border_width_left=\u00bb2px\u00bb border_color_left=\u00bb#C7A3DE\u00bb locked=\u00bboff\u00bb global_colors_info=\u00bb{}\u00bb]<\/p>\n<h3 style=\"text-align: center;\">GDPR<\/h3>\n<h2 style=\"text-align: center;\">Protecci\u00f3n de datos del paciente<\/h2>\n<p>[\/et_pb_text][\/et_pb_column][\/et_pb_row][\/et_pb_section][et_pb_section fb_built=\u00bb1&#8243; _builder_version=\u00bb4.27.4&#8243; _module_preset=\u00bbdefault\u00bb global_colors_info=\u00bb{}\u00bb][et_pb_row _builder_version=\u00bb4.27.4&#8243; _module_preset=\u00bbdefault\u00bb global_colors_info=\u00bb{}\u00bb][et_pb_column type=\u00bb4_4&#8243; _builder_version=\u00bb4.27.4&#8243; _module_preset=\u00bbdefault\u00bb global_colors_info=\u00bb{}\u00bb][et_pb_text _builder_version=\u00bb4.27.4&#8243; _module_preset=\u00bbdefault\u00bb header_2_font_size=\u00bb28px\u00bb header_3_font_size=\u00bb17px\u00bb header_3_line_height=\u00bb2.2em\u00bb header_4_text_color=\u00bb#ac8dc1&#8243; header_4_font_size=\u00bb15px\u00bb global_colors_info=\u00bb{}\u00bb]<\/p>\n<h2>Protecci\u00f3n datos del paciente<\/h2>\n<p><strong><\/strong><\/p>\n<p><strong>Grupo Recoletas<\/strong><span>\u00a0<\/span>informa a los interesados de que sus datos personales ser\u00e1n tratados por las siguientes empresas seg\u00fan lo dispuesto en el art. 26 RGPD.<\/p>\n<ul>\n<li><strong>Pincia Recoletas Salud, S.L.U.<\/strong>Constituci\u00f3n,8 1\u00baIzd. 47001 Valladolid<\/li>\n<li><strong>Grupo Recoletas de Diagn\u00f3stico por Imagen, S.L.U.<\/strong><span>\u00a0<\/span>Constituci\u00f3n,8 1\u00baIzd. 47001 Valladolid<\/li>\n<li><strong>Hospital Recoletas de Burgos, S.L.<\/strong><span>\u00a0<\/span>Av. Cruz Roja, 1. 09006 Burgos<\/li>\n<li><strong>Hospital Recoletas Cuenca, S.L.U.<\/strong><span>\u00a0<\/span>Av. San Juli\u00e1n, 1. 16003 Cuenca<\/li>\n<li><strong>Hospital Recoletas de Castilla Le\u00f3n, S.L.U.<\/strong><span>\u00a0<\/span>Constituci\u00f3n,8 1\u00baIzd. 47001 Valladolid<\/li>\n<li><strong>Hospital Recoletas Segovia Ntra. Sra.de la Misericordia,S.L.U.<\/strong><span>\u00a0<\/span>Doctor Velasco, 21-23. 40003 Segovia<\/li>\n<li><strong>Hospital Recoletas Zamora, S.L.U.<\/strong><span>\u00a0<\/span>CL Pinar, 7. 49023 Zamora<\/li>\n<li><strong>Red Hospitalaria Recoletas, S.L.<\/strong><span>\u00a0<\/span>Constituci\u00f3n,8 1\u00baIzd. 47001 Valladolid<\/li>\n<li><strong>Centro de Diagnostico Cuenca S.L.U.<\/strong><span>\u00a0<\/span>Avda. San Julian, 1. 16003 Cuenca<\/li>\n<li><strong>Centro de Diagnostico Recoletas Castilla Le\u00f3n, S.L.<\/strong><span>\u00a0<\/span>Constituci\u00f3n, n\u00ba 8, 1\u00ba izq. 47001 Valladolid<\/li>\n<li><strong>Diagnostico por Imagen Recoletas Segovia,S.L.<\/strong><span>\u00a0<\/span>Doctor Velasco, 21-23. 40003 Segovia<\/li>\n<li><strong>Recoletas Laboratorios Cl\u00ednicos, S.L.<\/strong><span>\u00a0<\/span>Constituci\u00f3n,8 1\u00baIzd. 47001 Valladolid<\/li>\n<li><strong>Hospital Recoletas Ponferrada, S.L.<\/strong><span>\u00a0<\/span>Constituci\u00f3n,8 1\u00baIzd. 47001 Valladolid<\/li>\n<li><strong>Cl\u00ednica M\u00e9dica Campoamor, S.L.<\/strong><span>\u00a0<\/span>Avda. San Agust\u00edn 12. 37005 Salamanca<\/li>\n<li><strong>Hospitales Cosaga, S.L.<\/strong><span>\u00a0<\/span>C\/ Saenz diez, 11. 32003 Ourense<\/li>\n<li><strong>Centro de Diagn\u00f3stico, S.A.<\/strong><span>\u00a0<\/span>C\/ Concejo, n\u00ba 18, semis\u00f3tano. 32003 Ourense<\/li>\n<\/ul>\n<h3>Finalidades del tratamiento<\/h3>\n<h4>Gesti\u00f3n del servicio m\u00e9dico:<\/h4>\n<ul>\n<li>Requerido para poder realizar un mejor seguimiento de su evoluci\u00f3n y tratamiento m\u00e9dico o la de su tutelado, y cumplir con las obligaciones legales derivadas de la propia actividad asistencial.<\/li>\n<li>Consentimiento del interesado.<br \/>Cumplimiento contractual \/ obligaciones legales.<\/li>\n<li>Los datos ser\u00e1n conservados durante los periodos legales de retenci\u00f3n de datos establecidos en la normativa estatal y auton\u00f3mica.<\/li>\n<\/ul>\n<h4>Gesti\u00f3n contable, fiscal y administrativa derivada de la propia actividad asistencial:<\/h4>\n<ul>\n<li>Cumplimiento de una obligaci\u00f3n legal.<\/li>\n<li>Los datos ser\u00e1n conservados durante los periodos legales de retenci\u00f3n de datos establecidos en la normativa estatal y auton\u00f3mica.<\/li>\n<\/ul>\n<h4>Gesti\u00f3n del cobro de los servicios m\u00e9dicos prestados:<\/h4>\n<ul>\n<li>Consentimiento del interesado.<\/li>\n<li>Los datos ser\u00e1n conservados durante los periodos legales de retenci\u00f3n de datos establecidos en la normativa estatal y auton\u00f3mica.<\/li>\n<\/ul>\n<h4>Gesti\u00f3n de las relaciones con los pacientes y envi\u00f3 de comunicaciones comerciales:<\/h4>\n<ul>\n<li>Las relaciones con los pacientes y el env\u00edo de comunicaciones se realizar\u00e1 utilizando medios electr\u00f3nicos. Se dar\u00e1 informaci\u00f3n sobre actividades, eventos o servicios prestados por Grupo Recoletas.<\/li>\n<li>Inter\u00e9s leg\u00edtimo.<\/li>\n<li>Los datos ser\u00e1n conservados durante los periodos legales de retenci\u00f3n de datos establecidos en la normativa estatal y auton\u00f3mica.<\/li>\n<\/ul>\n<h4>Gesti\u00f3n de la dispensaci\u00f3n de medicamentos en farmacia ambulatoria del hospital:<\/h4>\n<ul>\n<li>Cumplimiento contractual \/ obligaciones legales.<br \/>Consentimiento del interesado.<\/li>\n<li>Los datos ser\u00e1n conservados durante los periodos legales de retenci\u00f3n de datos establecidos en la normativa estatal y auton\u00f3mica.<\/li>\n<\/ul>\n<h3>Destinatarios<\/h3>\n<h4>Los datos pueden ser cedidos a los siguientes destinatarios:<\/h4>\n<ul>\n<li>A su Sociedad o Compa\u00f1\u00eda de Seguro M\u00e9dico (en caso de contar con una), pues resultan imprescindibles para tal cobertura y su facturaci\u00f3n.<\/li>\n<li>A la Consejer\u00eda de Salud de Castilla y Le\u00f3n, Castilla La Mancha o Extremadura, en los casos previstos legalmente. (En funci\u00f3n del lugar en el que sea prestado el servicio sanitario).<\/li>\n<li>En caso de que el paciente sea derivado por otro centro o facultativo diferente a los que componen el Grupo Recoletas, se le podr\u00e1n facilitar aquellos datos necesarios para el estudio y an\u00e1lisis m\u00e1s \u00e1gil y eficaz del servicio m\u00e9dico solicitado.<\/li>\n<li>Si paciente autoriza expresamente, se podr\u00e1 facilitar informaci\u00f3n presencial o telef\u00f3nicamente, a terceras personas que lo soliciten, \u00fanicamente en lo relativo a su estancia en el hospital, as\u00ed como al n\u00famero de habitaci\u00f3n.<\/li>\n<\/ul>\n<h4>No est\u00e1n previstas transferencias internacionales de los datos:<\/h4>\n<ul>\n<li>Solo se contemplan en el caso de que la aseguradora del paciente se encuentre en un tercer pa\u00eds y sea necesario el env\u00edo de documentaci\u00f3n para que se efect\u00fae el pago, en este caso se informa al paciente de que autoriza al centro expresamente para que pueda facilitar a su aseguradora sus datos, con la finalidad de facturar el servicio prestado.<\/li>\n<\/ul>\n<h3>Derechos de los interesados<\/h3>\n<h4>Los interesados tienen derecho de acceso, rectificaci\u00f3n, supresi\u00f3n, oposici\u00f3n, limitaci\u00f3n y portabilidad:<\/h4>\n<ul>\n<li>Los interesados pueden ejercitar los derechos en E-mail:<span>\u00a0<\/span><a href=\"mailto:dpo@gruporecoletas.com\">dpo@gruporecoletas.com<\/a><span>\u00a0<\/span>o en la direcci\u00f3n C\/ Constituci\u00f3n 8, 1\u00ba, 47001, Valladolid.<\/li>\n<li>Cuando el interesado considere que hemos vulnerado los derechos que le son reconocidos por la normativa aplicable en protecci\u00f3n de datos podr\u00e1 reclamar ante la Agencia Espa\u00f1ola de Protecci\u00f3n de Datos.<\/li>\n<li>En aquellos casos en los que, por raz\u00f3n de su tratamiento, sea necesaria la utilizaci\u00f3n de pr\u00f3tesis o alg\u00fan otro material quir\u00fargico espec\u00edfico, podr\u00e1n comunicarse sus datos personales a las entidades proveedoras, \u00fanica y exclusivamente con dicha finalidad.<\/li>\n<\/ul>\n<h3>Delegado de Protecci\u00f3n De Datos<\/h3>\n<h4>Contacto<\/h4>\n<ul>\n<li>E-mail:<span>\u00a0<\/span><a href=\"mailto:dpo@gruporecoletas.com\">dpo@gruporecoletas.com<\/a><span>\u00a0<\/span>o en la direcci\u00f3n C\/ Constituci\u00f3n 8, 1\u00ba, 47001, Valladolid.<\/li>\n<\/ul>\n<p>&nbsp;<\/p>\n<p>[\/et_pb_text][\/et_pb_column][\/et_pb_row][\/et_pb_section]<\/p>\n","protected":false},"excerpt":{"rendered":"<p>GDPR Protecci\u00f3n de datos del pacienteProtecci\u00f3n datos del paciente Grupo Recoletas\u00a0informa a los interesados de que sus datos personales ser\u00e1n tratados por las siguientes empresas seg\u00fan lo dispuesto en el art. 26 RGPD. Pincia Recoletas Salud, S.L.U.Constituci\u00f3n,8 1\u00baIzd. 47001 Valladolid Grupo Recoletas de Diagn\u00f3stico por Imagen, S.L.U.\u00a0Constituci\u00f3n,8 1\u00baIzd. 47001 Valladolid Hospital Recoletas de Burgos, S.L.\u00a0Av. [&hellip;]<\/p>\n","protected":false},"author":1,"featured_media":286575,"parent":0,"menu_order":0,"comment_status":"closed","ping_status":"closed","template":"","meta":{"_et_pb_use_builder":"on","_et_pb_old_content":"","_et_gb_content_width":"","footnotes":""},"class_list":["post-286721","page","type-page","status-publish","has-post-thumbnail","hentry"],"yoast_head":"<!-- This site is optimized with the Yoast SEO plugin v26.1.1 - https:\/\/yoast.com\/wordpress\/plugins\/seo\/ -->\n<title>Protecci\u00f3n de datos del paciente - Hospital Marbella<\/title>\n<meta name=\"description\" content=\"Garantizamos la seguridad y confidencialidad de tu informaci\u00f3n m\u00e9dica conforme a las normativas de protecci\u00f3n de datos del paciente.\" \/>\n<meta name=\"robots\" content=\"noindex, follow\" \/>\n<meta property=\"og:locale\" content=\"es_ES\" \/>\n<meta property=\"og:type\" content=\"article\" \/>\n<meta property=\"og:title\" content=\"Protecci\u00f3n de datos del paciente - Hospital Marbella\" \/>\n<meta property=\"og:description\" content=\"Garantizamos la seguridad y confidencialidad de tu informaci\u00f3n m\u00e9dica conforme a las normativas de protecci\u00f3n de datos del paciente.\" \/>\n<meta property=\"og:url\" content=\"https:\/\/recoletasmarbella.com\/es\/proteccion-de-datos-del-paciente\/\" \/>\n<meta property=\"og:site_name\" content=\"Hospital Marbella\" \/>\n<meta property=\"article:publisher\" content=\"https:\/\/www.facebook.com\/people\/Recoletas-Salud-Marbella\/61573653462220\/\" \/>\n<meta property=\"article:modified_time\" content=\"2025-06-30T17:06:43+00:00\" \/>\n<meta property=\"og:image\" content=\"https:\/\/recoletasmarbella.com\/wp-content\/uploads\/2025\/02\/recoletasmarbella2-215.jpg\" \/>\n\t<meta property=\"og:image:width\" content=\"1600\" \/>\n\t<meta property=\"og:image:height\" content=\"1067\" \/>\n\t<meta property=\"og:image:type\" content=\"image\/jpeg\" \/>\n<meta name=\"twitter:card\" content=\"summary_large_image\" \/>\n<meta name=\"twitter:label1\" content=\"Tiempo de lectura\" \/>\n\t<meta name=\"twitter:data1\" content=\"4 minutos\" \/>\n<script type=\"application\/ld+json\" class=\"yoast-schema-graph\">{\"@context\":\"https:\/\/schema.org\",\"@graph\":[{\"@type\":\"WebPage\",\"@id\":\"https:\/\/recoletasmarbella.com\/en\/patient-data-protection\/\",\"url\":\"https:\/\/recoletasmarbella.com\/en\/patient-data-protection\/\",\"name\":\"Protecci\u00f3n de datos del paciente - Hospital Marbella\",\"isPartOf\":{\"@id\":\"https:\/\/recoletasmarbella.com\/es\/#website\"},\"primaryImageOfPage\":{\"@id\":\"https:\/\/recoletasmarbella.com\/en\/patient-data-protection\/#primaryimage\"},\"image\":{\"@id\":\"https:\/\/recoletasmarbella.com\/en\/patient-data-protection\/#primaryimage\"},\"thumbnailUrl\":\"https:\/\/recoletasmarbella.com\/wp-content\/uploads\/2025\/02\/recoletasmarbella2-215.jpg\",\"datePublished\":\"2025-03-07T12:11:37+00:00\",\"dateModified\":\"2025-06-30T17:06:43+00:00\",\"description\":\"Garantizamos la seguridad y confidencialidad de tu informaci\u00f3n m\u00e9dica conforme a las normativas de protecci\u00f3n de datos del paciente.\",\"breadcrumb\":{\"@id\":\"https:\/\/recoletasmarbella.com\/en\/patient-data-protection\/#breadcrumb\"},\"inLanguage\":\"es\",\"potentialAction\":[{\"@type\":\"ReadAction\",\"target\":[\"https:\/\/recoletasmarbella.com\/en\/patient-data-protection\/\"]}]},{\"@type\":\"ImageObject\",\"inLanguage\":\"es\",\"@id\":\"https:\/\/recoletasmarbella.com\/en\/patient-data-protection\/#primaryimage\",\"url\":\"https:\/\/recoletasmarbella.com\/wp-content\/uploads\/2025\/02\/recoletasmarbella2-215.jpg\",\"contentUrl\":\"https:\/\/recoletasmarbella.com\/wp-content\/uploads\/2025\/02\/recoletasmarbella2-215.jpg\",\"width\":1600,\"height\":1067,\"caption\":\"Hospital Recoletas Salud Marbella\"},{\"@type\":\"BreadcrumbList\",\"@id\":\"https:\/\/recoletasmarbella.com\/en\/patient-data-protection\/#breadcrumb\",\"itemListElement\":[{\"@type\":\"ListItem\",\"position\":1,\"name\":\"Portada\",\"item\":\"https:\/\/recoletasmarbella.com\/es\/\"},{\"@type\":\"ListItem\",\"position\":2,\"name\":\"Protecci\u00f3n de datos del paciente\"}]},{\"@type\":\"WebSite\",\"@id\":\"https:\/\/recoletasmarbella.com\/es\/#website\",\"url\":\"https:\/\/recoletasmarbella.com\/es\/\",\"name\":\"Hospital Recoletas Salud Marbella\",\"description\":\"Recoletas Salud\",\"publisher\":{\"@id\":\"https:\/\/recoletasmarbella.com\/es\/#organization\"},\"potentialAction\":[{\"@type\":\"SearchAction\",\"target\":{\"@type\":\"EntryPoint\",\"urlTemplate\":\"https:\/\/recoletasmarbella.com\/es\/?s={search_term_string}\"},\"query-input\":{\"@type\":\"PropertyValueSpecification\",\"valueRequired\":true,\"valueName\":\"search_term_string\"}}],\"inLanguage\":\"es\"},{\"@type\":\"Organization\",\"@id\":\"https:\/\/recoletasmarbella.com\/es\/#organization\",\"name\":\"Grupo Recoletas\",\"url\":\"https:\/\/recoletasmarbella.com\/es\/\",\"logo\":{\"@type\":\"ImageObject\",\"inLanguage\":\"es\",\"@id\":\"https:\/\/recoletasmarbella.com\/es\/#\/schema\/logo\/image\/\",\"url\":\"http:\/\/recoletasmarbella.com\/wp-content\/uploads\/2025\/01\/logo-v-hospital-marbella-1.png\",\"contentUrl\":\"http:\/\/recoletasmarbella.com\/wp-content\/uploads\/2025\/01\/logo-v-hospital-marbella-1.png\",\"width\":216,\"height\":164,\"caption\":\"Grupo Recoletas\"},\"image\":{\"@id\":\"https:\/\/recoletasmarbella.com\/es\/#\/schema\/logo\/image\/\"},\"sameAs\":[\"https:\/\/www.facebook.com\/people\/Recoletas-Salud-Marbella\/61573653462220\/\",\"https:\/\/www.instagram.com\/recoletassaludmarbella\/\",\"https:\/\/www.linkedin.com\/company\/recoletas-salud-marbella\",\"https:\/\/www.youtube.com\/@recoletassalud\"]}]}<\/script>\n<!-- \/ Yoast SEO plugin. -->","yoast_head_json":{"title":"Protecci\u00f3n de datos del paciente - Hospital Marbella","description":"Garantizamos la seguridad y confidencialidad de tu informaci\u00f3n m\u00e9dica conforme a las normativas de protecci\u00f3n de datos del paciente.","robots":{"index":"noindex","follow":"follow"},"og_locale":"es_ES","og_type":"article","og_title":"Protecci\u00f3n de datos del paciente - Hospital Marbella","og_description":"Garantizamos la seguridad y confidencialidad de tu informaci\u00f3n m\u00e9dica conforme a las normativas de protecci\u00f3n de datos del paciente.","og_url":"https:\/\/recoletasmarbella.com\/es\/proteccion-de-datos-del-paciente\/","og_site_name":"Hospital Marbella","article_publisher":"https:\/\/www.facebook.com\/people\/Recoletas-Salud-Marbella\/61573653462220\/","article_modified_time":"2025-06-30T17:06:43+00:00","og_image":[{"width":1600,"height":1067,"url":"https:\/\/recoletasmarbella.com\/wp-content\/uploads\/2025\/02\/recoletasmarbella2-215.jpg","type":"image\/jpeg"}],"twitter_card":"summary_large_image","twitter_misc":{"Tiempo de lectura":"4 minutos"},"schema":{"@context":"https:\/\/schema.org","@graph":[{"@type":"WebPage","@id":"https:\/\/recoletasmarbella.com\/en\/patient-data-protection\/","url":"https:\/\/recoletasmarbella.com\/en\/patient-data-protection\/","name":"Protecci\u00f3n de datos del paciente - Hospital Marbella","isPartOf":{"@id":"https:\/\/recoletasmarbella.com\/es\/#website"},"primaryImageOfPage":{"@id":"https:\/\/recoletasmarbella.com\/en\/patient-data-protection\/#primaryimage"},"image":{"@id":"https:\/\/recoletasmarbella.com\/en\/patient-data-protection\/#primaryimage"},"thumbnailUrl":"https:\/\/recoletasmarbella.com\/wp-content\/uploads\/2025\/02\/recoletasmarbella2-215.jpg","datePublished":"2025-03-07T12:11:37+00:00","dateModified":"2025-06-30T17:06:43+00:00","description":"Garantizamos la seguridad y confidencialidad de tu informaci\u00f3n m\u00e9dica conforme a las normativas de protecci\u00f3n de datos del paciente.","breadcrumb":{"@id":"https:\/\/recoletasmarbella.com\/en\/patient-data-protection\/#breadcrumb"},"inLanguage":"es","potentialAction":[{"@type":"ReadAction","target":["https:\/\/recoletasmarbella.com\/en\/patient-data-protection\/"]}]},{"@type":"ImageObject","inLanguage":"es","@id":"https:\/\/recoletasmarbella.com\/en\/patient-data-protection\/#primaryimage","url":"https:\/\/recoletasmarbella.com\/wp-content\/uploads\/2025\/02\/recoletasmarbella2-215.jpg","contentUrl":"https:\/\/recoletasmarbella.com\/wp-content\/uploads\/2025\/02\/recoletasmarbella2-215.jpg","width":1600,"height":1067,"caption":"Hospital Recoletas Salud Marbella"},{"@type":"BreadcrumbList","@id":"https:\/\/recoletasmarbella.com\/en\/patient-data-protection\/#breadcrumb","itemListElement":[{"@type":"ListItem","position":1,"name":"Portada","item":"https:\/\/recoletasmarbella.com\/es\/"},{"@type":"ListItem","position":2,"name":"Protecci\u00f3n de datos del paciente"}]},{"@type":"WebSite","@id":"https:\/\/recoletasmarbella.com\/es\/#website","url":"https:\/\/recoletasmarbella.com\/es\/","name":"Hospital Recoletas Salud Marbella","description":"Recoletas Salud","publisher":{"@id":"https:\/\/recoletasmarbella.com\/es\/#organization"},"potentialAction":[{"@type":"SearchAction","target":{"@type":"EntryPoint","urlTemplate":"https:\/\/recoletasmarbella.com\/es\/?s={search_term_string}"},"query-input":{"@type":"PropertyValueSpecification","valueRequired":true,"valueName":"search_term_string"}}],"inLanguage":"es"},{"@type":"Organization","@id":"https:\/\/recoletasmarbella.com\/es\/#organization","name":"Grupo Recoletas","url":"https:\/\/recoletasmarbella.com\/es\/","logo":{"@type":"ImageObject","inLanguage":"es","@id":"https:\/\/recoletasmarbella.com\/es\/#\/schema\/logo\/image\/","url":"http:\/\/recoletasmarbella.com\/wp-content\/uploads\/2025\/01\/logo-v-hospital-marbella-1.png","contentUrl":"http:\/\/recoletasmarbella.com\/wp-content\/uploads\/2025\/01\/logo-v-hospital-marbella-1.png","width":216,"height":164,"caption":"Grupo Recoletas"},"image":{"@id":"https:\/\/recoletasmarbella.com\/es\/#\/schema\/logo\/image\/"},"sameAs":["https:\/\/www.facebook.com\/people\/Recoletas-Salud-Marbella\/61573653462220\/","https:\/\/www.instagram.com\/recoletassaludmarbella\/","https:\/\/www.linkedin.com\/company\/recoletas-salud-marbella","https:\/\/www.youtube.com\/@recoletassalud"]}]}},"_links":{"self":[{"href":"https:\/\/recoletasmarbella.com\/es\/wp-json\/wp\/v2\/pages\/286721","targetHints":{"allow":["GET"]}}],"collection":[{"href":"https:\/\/recoletasmarbella.com\/es\/wp-json\/wp\/v2\/pages"}],"about":[{"href":"https:\/\/recoletasmarbella.com\/es\/wp-json\/wp\/v2\/types\/page"}],"author":[{"embeddable":true,"href":"https:\/\/recoletasmarbella.com\/es\/wp-json\/wp\/v2\/users\/1"}],"replies":[{"embeddable":true,"href":"https:\/\/recoletasmarbella.com\/es\/wp-json\/wp\/v2\/comments?post=286721"}],"version-history":[{"count":6,"href":"https:\/\/recoletasmarbella.com\/es\/wp-json\/wp\/v2\/pages\/286721\/revisions"}],"predecessor-version":[{"id":291810,"href":"https:\/\/recoletasmarbella.com\/es\/wp-json\/wp\/v2\/pages\/286721\/revisions\/291810"}],"wp:featuredmedia":[{"embeddable":true,"href":"https:\/\/recoletasmarbella.com\/es\/wp-json\/wp\/v2\/media\/286575"}],"wp:attachment":[{"href":"https:\/\/recoletasmarbella.com\/es\/wp-json\/wp\/v2\/media?parent=286721"}],"curies":[{"name":"wp","href":"https:\/\/api.w.org\/{rel}","templated":true}]}}