{"id":286725,"date":"2025-03-07T12:17:18","date_gmt":"2025-03-07T12:17:18","guid":{"rendered":"https:\/\/recoletasmarbella.com\/?page_id=286725"},"modified":"2025-06-30T17:07:39","modified_gmt":"2025-06-30T17:07:39","slug":"politica-de-sistema-de-gestion","status":"publish","type":"page","link":"https:\/\/recoletasmarbella.com\/es\/politica-de-sistema-de-gestion\/","title":{"rendered":"Pol\u00edtica de sistema de gesti\u00f3n"},"content":{"rendered":"<p>[et_pb_section fb_built=\u00bb1&#8243; _builder_version=\u00bb4.27.4&#8243; _module_preset=\u00bbdefault\u00bb background_color=\u00bb#F2F2F2&#8243; custom_padding=\u00bb21px||24px|||\u00bb global_colors_info=\u00bb{}\u00bb][et_pb_row _builder_version=\u00bb4.27.4&#8243; _module_preset=\u00bbdefault\u00bb global_colors_info=\u00bb{}\u00bb][et_pb_column type=\u00bb4_4&#8243; _builder_version=\u00bb4.27.4&#8243; _module_preset=\u00bbdefault\u00bb global_colors_info=\u00bb{}\u00bb][et_pb_text _builder_version=\u00bb4.27.4&#8243; _module_preset=\u00bbb20293d3-7e7e-4718-8a41-9d40e20be87b\u00bb header_2_font=\u00bb&#8211;et_global_heading_font|800||on|||||\u00bb header_2_font_size=\u00bb31px\u00bb header_2_letter_spacing=\u00bb0px\u00bb header_2_line_height=\u00bb1em\u00bb header_4_text_color=\u00bb#C7A3DE\u00bb max_width=\u00bb379px\u00bb max_width_tablet=\u00bb379px\u00bb max_width_phone=\u00bb266px\u00bb max_width_last_edited=\u00bbon|phone\u00bb module_alignment=\u00bbcenter\u00bb custom_padding=\u00bb|30px||30px|false|true\u00bb border_width_right=\u00bb2px\u00bb border_color_right=\u00bb#C7A3DE\u00bb border_width_left=\u00bb2px\u00bb border_color_left=\u00bb#C7A3DE\u00bb locked=\u00bboff\u00bb global_colors_info=\u00bb{}\u00bb]<\/p>\n<h3 style=\"text-align: center;\">GDPR<\/h3>\n<h2 style=\"text-align: center;\">Pol\u00edtica del sistema de gesti\u00f3n<\/h2>\n<p>[\/et_pb_text][\/et_pb_column][\/et_pb_row][\/et_pb_section][et_pb_section fb_built=\u00bb1&#8243; _builder_version=\u00bb4.27.4&#8243; _module_preset=\u00bbdefault\u00bb global_colors_info=\u00bb{}\u00bb][et_pb_row _builder_version=\u00bb4.27.4&#8243; _module_preset=\u00bbdefault\u00bb global_colors_info=\u00bb{}\u00bb][et_pb_column type=\u00bb4_4&#8243; _builder_version=\u00bb4.27.4&#8243; _module_preset=\u00bbdefault\u00bb global_colors_info=\u00bb{}\u00bb][et_pb_text _builder_version=\u00bb4.27.4&#8243; _module_preset=\u00bbdefault\u00bb header_2_font_size=\u00bb28px\u00bb header_3_font_size=\u00bb17px\u00bb header_3_line_height=\u00bb2.2em\u00bb header_4_text_color=\u00bb#ac8dc1&#8243; header_4_font_size=\u00bb15px\u00bb custom_padding=\u00bb|0px||||\u00bb global_colors_info=\u00bb{}\u00bb]<\/p>\n<p>Nuestra Pol\u00edtica en la prestaci\u00f3n y gesti\u00f3n de Servicios Sanitarios tiene como objetivo el establecimiento de un modelo de negocio, que como eje central establece el cumplimiento de las expectativas de nuestros pacientes y dem\u00e1s partes interesadas, bajo criterios de<span>\u00a0<\/span><strong>eficiencia y sostenibilidad.<\/strong><span>\u00a0<\/span>La plena<strong><span>\u00a0<\/span>satisfacci\u00f3n de las personas que atendemos y nuestros profesionales<\/strong><span>\u00a0<\/span>es nuestra m\u00e1xima prioridad.<\/p>\n<p>Para lograr este objetivo, en un mercado donde las necesidades sanitarias de la poblaci\u00f3n se incrementan de forma exponencial, nuestra organizaci\u00f3n asume un<span>\u00a0<\/span><strong>compromiso de mejora continua del sistema de gesti\u00f3n<\/strong><span>\u00a0<\/span>a todos los niveles; para ello, fijamos objetivos a corto, medio y largo plazo y establecemos, revisamos y evaluamos, de forma peri\u00f3dica, su cumplimiento para mejorar de forma progresiva los indicadores de nuestros procesos.<\/p>\n<p>&nbsp;<\/p>\n<p>La disponibilidad de los mejores medios t\u00e9cnicos, un personal debidamente formado y con una elevada cualificaci\u00f3n en todas las facetas de la prestaci\u00f3n de servicios, conjuntamente con una clara vocaci\u00f3n y<span>\u00a0<\/span><strong>compromiso hacia la excelencia<\/strong>, son factores clave para la obtenci\u00f3n de los objetivos establecidos, considerando indispensable la implicaci\u00f3n de todo el personal y el apoyo total desde el equipo de direcci\u00f3n de la organizaci\u00f3n.<\/p>\n<p>Fomentamos entornos y procesos seguros para garantizar la<span>\u00a0<\/span><strong>seguridad<\/strong><span>\u00a0<\/span>de los\/las pacientes y de otros\/as usuarios\/as, la prevenci\u00f3n de posibles da\u00f1os a los profesionales que trabajan en nuestros centros, as\u00ed como el establecimiento de mecanismos eficaces de notificaci\u00f3n de incidencias para su an\u00e1lisis y prevenci\u00f3n.<\/p>\n<p>Identificamos y evaluamos los requisitos legales y otros requisitos suscritos para garantizar su cumplimiento, facilitando los recursos y el soporte necesarios para implantar y mantener operativo un sistema de gesti\u00f3n que garantice el cumplimiento de esta pol\u00edtica.<\/p>\n<p>&nbsp;<\/p>\n<p>El compromiso con nuestro entorno tambi\u00e9n es parte fundamental de la forma en la que entendemos nuestro negocio. La<span>\u00a0<\/span><strong>prevenci\u00f3n de la contaminaci\u00f3n<\/strong>, junto con la utilizaci\u00f3n responsable y eficiente de los recursos utilizados en nuestra actividad, y la minimizaci\u00f3n de los residuos generados, est\u00e1n encaminados a la protecci\u00f3n del medio ambiente a trav\u00e9s de la consecuci\u00f3n de los principios de econom\u00eda sostenible y calidad ambiental.<\/p>\n<p>El equipo directivo y todos los\/as empleados\/as son conocedores\/as de los objetivos del sistema de gesti\u00f3n establecidos por la Direcci\u00f3n y los asumen en su trabajo diario como parte fundamental del compromiso con la Organizaci\u00f3n.<\/p>\n<p>[\/et_pb_text][\/et_pb_column][\/et_pb_row][\/et_pb_section]<\/p>\n","protected":false},"excerpt":{"rendered":"<p>GDPR Pol\u00edtica del sistema de gesti\u00f3nNuestra Pol\u00edtica en la prestaci\u00f3n y gesti\u00f3n de Servicios Sanitarios tiene como objetivo el establecimiento de un modelo de negocio, que como eje central establece el cumplimiento de las expectativas de nuestros pacientes y dem\u00e1s partes interesadas, bajo criterios de\u00a0eficiencia y sostenibilidad.\u00a0La plena\u00a0satisfacci\u00f3n de las personas que atendemos y nuestros [&hellip;]<\/p>\n","protected":false},"author":1,"featured_media":286575,"parent":0,"menu_order":0,"comment_status":"closed","ping_status":"closed","template":"","meta":{"_et_pb_use_builder":"on","_et_pb_old_content":"","_et_gb_content_width":"","footnotes":""},"class_list":["post-286725","page","type-page","status-publish","has-post-thumbnail","hentry"],"yoast_head":"<!-- This site is optimized with the Yoast SEO plugin v26.1.1 - https:\/\/yoast.com\/wordpress\/plugins\/seo\/ -->\n<title>Pol\u00edtica de sistema de gesti\u00f3n - Hospital Marbella<\/title>\n<meta name=\"description\" content=\"Pol\u00edtica de sistema de gesti\u00f3n establecemos la eficiencia en nuestros procesos para ofrecer un servicio seguro, innovador para el paciente.\" \/>\n<meta name=\"robots\" content=\"noindex, follow\" \/>\n<meta property=\"og:locale\" content=\"es_ES\" \/>\n<meta property=\"og:type\" content=\"article\" \/>\n<meta property=\"og:title\" content=\"Pol\u00edtica de sistema de gesti\u00f3n - Hospital Marbella\" \/>\n<meta property=\"og:description\" content=\"Pol\u00edtica de sistema de gesti\u00f3n establecemos la eficiencia en nuestros procesos para ofrecer un servicio seguro, innovador para el paciente.\" \/>\n<meta property=\"og:url\" content=\"https:\/\/recoletasmarbella.com\/es\/politica-de-sistema-de-gestion\/\" \/>\n<meta property=\"og:site_name\" content=\"Hospital Marbella\" \/>\n<meta property=\"article:publisher\" content=\"https:\/\/www.facebook.com\/people\/Recoletas-Salud-Marbella\/61573653462220\/\" \/>\n<meta property=\"article:modified_time\" content=\"2025-06-30T17:07:39+00:00\" \/>\n<meta property=\"og:image\" content=\"https:\/\/recoletasmarbella.com\/wp-content\/uploads\/2025\/02\/recoletasmarbella2-215.jpg\" \/>\n\t<meta property=\"og:image:width\" content=\"1600\" \/>\n\t<meta property=\"og:image:height\" content=\"1067\" \/>\n\t<meta property=\"og:image:type\" content=\"image\/jpeg\" \/>\n<meta name=\"twitter:card\" content=\"summary_large_image\" \/>\n<meta name=\"twitter:label1\" content=\"Tiempo de lectura\" \/>\n\t<meta name=\"twitter:data1\" content=\"2 minutos\" \/>\n<script type=\"application\/ld+json\" class=\"yoast-schema-graph\">{\"@context\":\"https:\/\/schema.org\",\"@graph\":[{\"@type\":\"WebPage\",\"@id\":\"https:\/\/recoletasmarbella.com\/es\/politica-de-sistema-de-gestion\/\",\"url\":\"https:\/\/recoletasmarbella.com\/es\/politica-de-sistema-de-gestion\/\",\"name\":\"Pol\u00edtica de sistema de gesti\u00f3n - Hospital Marbella\",\"isPartOf\":{\"@id\":\"https:\/\/recoletasmarbella.com\/es\/#website\"},\"primaryImageOfPage\":{\"@id\":\"https:\/\/recoletasmarbella.com\/es\/politica-de-sistema-de-gestion\/#primaryimage\"},\"image\":{\"@id\":\"https:\/\/recoletasmarbella.com\/es\/politica-de-sistema-de-gestion\/#primaryimage\"},\"thumbnailUrl\":\"https:\/\/recoletasmarbella.com\/wp-content\/uploads\/2025\/02\/recoletasmarbella2-215.jpg\",\"datePublished\":\"2025-03-07T12:17:18+00:00\",\"dateModified\":\"2025-06-30T17:07:39+00:00\",\"description\":\"Pol\u00edtica de sistema de gesti\u00f3n establecemos la eficiencia en nuestros procesos para ofrecer un servicio seguro, innovador para el paciente.\",\"breadcrumb\":{\"@id\":\"https:\/\/recoletasmarbella.com\/es\/politica-de-sistema-de-gestion\/#breadcrumb\"},\"inLanguage\":\"es\",\"potentialAction\":[{\"@type\":\"ReadAction\",\"target\":[\"https:\/\/recoletasmarbella.com\/es\/politica-de-sistema-de-gestion\/\"]}]},{\"@type\":\"ImageObject\",\"inLanguage\":\"es\",\"@id\":\"https:\/\/recoletasmarbella.com\/es\/politica-de-sistema-de-gestion\/#primaryimage\",\"url\":\"https:\/\/recoletasmarbella.com\/wp-content\/uploads\/2025\/02\/recoletasmarbella2-215.jpg\",\"contentUrl\":\"https:\/\/recoletasmarbella.com\/wp-content\/uploads\/2025\/02\/recoletasmarbella2-215.jpg\",\"width\":1600,\"height\":1067,\"caption\":\"Hospital Recoletas Salud Marbella\"},{\"@type\":\"BreadcrumbList\",\"@id\":\"https:\/\/recoletasmarbella.com\/es\/politica-de-sistema-de-gestion\/#breadcrumb\",\"itemListElement\":[{\"@type\":\"ListItem\",\"position\":1,\"name\":\"Portada\",\"item\":\"https:\/\/recoletasmarbella.com\/es\/\"},{\"@type\":\"ListItem\",\"position\":2,\"name\":\"Pol\u00edtica de sistema de gesti\u00f3n\"}]},{\"@type\":\"WebSite\",\"@id\":\"https:\/\/recoletasmarbella.com\/es\/#website\",\"url\":\"https:\/\/recoletasmarbella.com\/es\/\",\"name\":\"Hospital Recoletas Salud Marbella\",\"description\":\"Recoletas Salud\",\"publisher\":{\"@id\":\"https:\/\/recoletasmarbella.com\/es\/#organization\"},\"potentialAction\":[{\"@type\":\"SearchAction\",\"target\":{\"@type\":\"EntryPoint\",\"urlTemplate\":\"https:\/\/recoletasmarbella.com\/es\/?s={search_term_string}\"},\"query-input\":{\"@type\":\"PropertyValueSpecification\",\"valueRequired\":true,\"valueName\":\"search_term_string\"}}],\"inLanguage\":\"es\"},{\"@type\":\"Organization\",\"@id\":\"https:\/\/recoletasmarbella.com\/es\/#organization\",\"name\":\"Grupo Recoletas\",\"url\":\"https:\/\/recoletasmarbella.com\/es\/\",\"logo\":{\"@type\":\"ImageObject\",\"inLanguage\":\"es\",\"@id\":\"https:\/\/recoletasmarbella.com\/es\/#\/schema\/logo\/image\/\",\"url\":\"http:\/\/recoletasmarbella.com\/wp-content\/uploads\/2025\/01\/logo-v-hospital-marbella-1.png\",\"contentUrl\":\"http:\/\/recoletasmarbella.com\/wp-content\/uploads\/2025\/01\/logo-v-hospital-marbella-1.png\",\"width\":216,\"height\":164,\"caption\":\"Grupo Recoletas\"},\"image\":{\"@id\":\"https:\/\/recoletasmarbella.com\/es\/#\/schema\/logo\/image\/\"},\"sameAs\":[\"https:\/\/www.facebook.com\/people\/Recoletas-Salud-Marbella\/61573653462220\/\",\"https:\/\/www.instagram.com\/recoletassaludmarbella\/\",\"https:\/\/www.linkedin.com\/company\/recoletas-salud-marbella\",\"https:\/\/www.youtube.com\/@recoletassalud\"]}]}<\/script>\n<!-- \/ Yoast SEO plugin. -->","yoast_head_json":{"title":"Pol\u00edtica de sistema de gesti\u00f3n - Hospital Marbella","description":"Pol\u00edtica de sistema de gesti\u00f3n establecemos la eficiencia en nuestros procesos para ofrecer un servicio seguro, innovador para el paciente.","robots":{"index":"noindex","follow":"follow"},"og_locale":"es_ES","og_type":"article","og_title":"Pol\u00edtica de sistema de gesti\u00f3n - Hospital Marbella","og_description":"Pol\u00edtica de sistema de gesti\u00f3n establecemos la eficiencia en nuestros procesos para ofrecer un servicio seguro, innovador para el paciente.","og_url":"https:\/\/recoletasmarbella.com\/es\/politica-de-sistema-de-gestion\/","og_site_name":"Hospital Marbella","article_publisher":"https:\/\/www.facebook.com\/people\/Recoletas-Salud-Marbella\/61573653462220\/","article_modified_time":"2025-06-30T17:07:39+00:00","og_image":[{"width":1600,"height":1067,"url":"https:\/\/recoletasmarbella.com\/wp-content\/uploads\/2025\/02\/recoletasmarbella2-215.jpg","type":"image\/jpeg"}],"twitter_card":"summary_large_image","twitter_misc":{"Tiempo de lectura":"2 minutos"},"schema":{"@context":"https:\/\/schema.org","@graph":[{"@type":"WebPage","@id":"https:\/\/recoletasmarbella.com\/es\/politica-de-sistema-de-gestion\/","url":"https:\/\/recoletasmarbella.com\/es\/politica-de-sistema-de-gestion\/","name":"Pol\u00edtica de sistema de gesti\u00f3n - Hospital Marbella","isPartOf":{"@id":"https:\/\/recoletasmarbella.com\/es\/#website"},"primaryImageOfPage":{"@id":"https:\/\/recoletasmarbella.com\/es\/politica-de-sistema-de-gestion\/#primaryimage"},"image":{"@id":"https:\/\/recoletasmarbella.com\/es\/politica-de-sistema-de-gestion\/#primaryimage"},"thumbnailUrl":"https:\/\/recoletasmarbella.com\/wp-content\/uploads\/2025\/02\/recoletasmarbella2-215.jpg","datePublished":"2025-03-07T12:17:18+00:00","dateModified":"2025-06-30T17:07:39+00:00","description":"Pol\u00edtica de sistema de gesti\u00f3n establecemos la eficiencia en nuestros procesos para ofrecer un servicio seguro, innovador para el paciente.","breadcrumb":{"@id":"https:\/\/recoletasmarbella.com\/es\/politica-de-sistema-de-gestion\/#breadcrumb"},"inLanguage":"es","potentialAction":[{"@type":"ReadAction","target":["https:\/\/recoletasmarbella.com\/es\/politica-de-sistema-de-gestion\/"]}]},{"@type":"ImageObject","inLanguage":"es","@id":"https:\/\/recoletasmarbella.com\/es\/politica-de-sistema-de-gestion\/#primaryimage","url":"https:\/\/recoletasmarbella.com\/wp-content\/uploads\/2025\/02\/recoletasmarbella2-215.jpg","contentUrl":"https:\/\/recoletasmarbella.com\/wp-content\/uploads\/2025\/02\/recoletasmarbella2-215.jpg","width":1600,"height":1067,"caption":"Hospital Recoletas Salud Marbella"},{"@type":"BreadcrumbList","@id":"https:\/\/recoletasmarbella.com\/es\/politica-de-sistema-de-gestion\/#breadcrumb","itemListElement":[{"@type":"ListItem","position":1,"name":"Portada","item":"https:\/\/recoletasmarbella.com\/es\/"},{"@type":"ListItem","position":2,"name":"Pol\u00edtica de sistema de gesti\u00f3n"}]},{"@type":"WebSite","@id":"https:\/\/recoletasmarbella.com\/es\/#website","url":"https:\/\/recoletasmarbella.com\/es\/","name":"Hospital Recoletas Salud Marbella","description":"Recoletas Salud","publisher":{"@id":"https:\/\/recoletasmarbella.com\/es\/#organization"},"potentialAction":[{"@type":"SearchAction","target":{"@type":"EntryPoint","urlTemplate":"https:\/\/recoletasmarbella.com\/es\/?s={search_term_string}"},"query-input":{"@type":"PropertyValueSpecification","valueRequired":true,"valueName":"search_term_string"}}],"inLanguage":"es"},{"@type":"Organization","@id":"https:\/\/recoletasmarbella.com\/es\/#organization","name":"Grupo Recoletas","url":"https:\/\/recoletasmarbella.com\/es\/","logo":{"@type":"ImageObject","inLanguage":"es","@id":"https:\/\/recoletasmarbella.com\/es\/#\/schema\/logo\/image\/","url":"http:\/\/recoletasmarbella.com\/wp-content\/uploads\/2025\/01\/logo-v-hospital-marbella-1.png","contentUrl":"http:\/\/recoletasmarbella.com\/wp-content\/uploads\/2025\/01\/logo-v-hospital-marbella-1.png","width":216,"height":164,"caption":"Grupo Recoletas"},"image":{"@id":"https:\/\/recoletasmarbella.com\/es\/#\/schema\/logo\/image\/"},"sameAs":["https:\/\/www.facebook.com\/people\/Recoletas-Salud-Marbella\/61573653462220\/","https:\/\/www.instagram.com\/recoletassaludmarbella\/","https:\/\/www.linkedin.com\/company\/recoletas-salud-marbella","https:\/\/www.youtube.com\/@recoletassalud"]}]}},"_links":{"self":[{"href":"https:\/\/recoletasmarbella.com\/es\/wp-json\/wp\/v2\/pages\/286725","targetHints":{"allow":["GET"]}}],"collection":[{"href":"https:\/\/recoletasmarbella.com\/es\/wp-json\/wp\/v2\/pages"}],"about":[{"href":"https:\/\/recoletasmarbella.com\/es\/wp-json\/wp\/v2\/types\/page"}],"author":[{"embeddable":true,"href":"https:\/\/recoletasmarbella.com\/es\/wp-json\/wp\/v2\/users\/1"}],"replies":[{"embeddable":true,"href":"https:\/\/recoletasmarbella.com\/es\/wp-json\/wp\/v2\/comments?post=286725"}],"version-history":[{"count":11,"href":"https:\/\/recoletasmarbella.com\/es\/wp-json\/wp\/v2\/pages\/286725\/revisions"}],"predecessor-version":[{"id":291811,"href":"https:\/\/recoletasmarbella.com\/es\/wp-json\/wp\/v2\/pages\/286725\/revisions\/291811"}],"wp:featuredmedia":[{"embeddable":true,"href":"https:\/\/recoletasmarbella.com\/es\/wp-json\/wp\/v2\/media\/286575"}],"wp:attachment":[{"href":"https:\/\/recoletasmarbella.com\/es\/wp-json\/wp\/v2\/media?parent=286725"}],"curies":[{"name":"wp","href":"https:\/\/api.w.org\/{rel}","templated":true}]}}