{"id":284842,"date":"2025-02-27T09:58:11","date_gmt":"2025-02-27T09:58:11","guid":{"rendered":"https:\/\/recoletasmarbella.com\/?page_id=284842"},"modified":"2026-04-09T15:50:18","modified_gmt":"2026-04-09T15:50:18","slug":"equipe-medicale","status":"publish","type":"page","link":"https:\/\/recoletasmarbella.com\/fr\/equipe-medicale\/","title":{"rendered":"\u00c9quipe m\u00e9dicale"},"content":{"rendered":"<p>[et_pb_section fb_built=\u00bb1&#8243; disabled_on=\u00bboff|off|off\u00bb admin_label=\u00bbtop\u00bb _builder_version=\u00bb4.27.4&#8243; _module_preset=\u00bbc75156c4-775b-4cd8-8dc3-5148a08f45a2&#8243; background_image=\u00bbhttps:\/\/recoletasmarbella.com\/wp-content\/uploads\/2025\/03\/equipo-medico-hospital-recoletas-salud-marbella-top.png\u00bb background_position=\u00bbbottom_center\u00bb custom_margin=\u00bb0px||-4px||false|false\u00bb custom_margin_tablet=\u00bb0px||||false|false\u00bb custom_margin_phone=\u00bb\u00bb custom_margin_last_edited=\u00bbon|tablet\u00bb custom_padding=\u00bb220px||415px||false|false\u00bb animation_style=\u00bbnone\u00bb background_color_phone=\u00bbRGBA(255,255,255,0)\u00bb background_enable_color_phone=\u00bbon\u00bb use_background_color_gradient_phone=\u00bboff\u00bb background_image_tablet=\u00bbhttps:\/\/recoletasmarbella.com\/wp-content\/uploads\/2025\/03\/equipo-medico-hospital-recoletas-salud-marbella-top.png\u00bb background_image_phone=\u00bbhttps:\/\/recoletasmarbella.com\/wp-content\/uploads\/2025\/03\/equipo-medico-hospital-recoletas-salud-marbella-top-mobile.jpg\u00bb background_enable_image_tablet=\u00bbon\u00bb background_enable_image_phone=\u00bbon\u00bb background_position_tablet=\u00bbbottom_right\u00bb background_horizontal_offset_tablet=\u00bb34%\u00bb background_vertical_offset_tablet=\u00bb-5%\u00bb background_blend_phone=\u00bbnormal\u00bb locked=\u00bboff\u00bb collapsed=\u00bboff\u00bb global_colors_info=\u00bb{}\u00bb][et_pb_row _builder_version=\u00bb4.27.4&#8243; _module_preset=\u00bbdefault\u00bb background_color=\u00bbRGBA(255,255,255,0)\u00bb custom_margin=\u00bb92px|auto|0px|auto|false|false\u00bb custom_padding=\u00bb0px|||||\u00bb global_colors_info=\u00bb{}\u00bb][et_pb_column type=\u00bb4_4&#8243; _builder_version=\u00bb4.27.4&#8243; _module_preset=\u00bbdefault\u00bb custom_padding=\u00bb0px||0px||true|false\u00bb custom_padding_tablet=\u00bb0px||0px||true|false\u00bb custom_padding_phone=\u00bb0px||0px|35px|true|false\u00bb custom_padding_last_edited=\u00bbon|phone\u00bb scroll_vertical_motion_enable=\u00bboff\u00bb background_last_edited=\u00bbon|phone\u00bb border_width_left=\u00bb2px\u00bb border_color_left=\u00bb#FFFFFF\u00bb border_width_left_tablet=\u00bb2px\u00bb border_width_left_phone=\u00bb2px\u00bb border_width_left_last_edited=\u00bbon|desktop\u00bb border_color_left_tablet=\u00bb#FFFFFF\u00bb border_color_left_phone=\u00bb#617179&#8243; border_color_left_last_edited=\u00bbon|phone\u00bb global_colors_info=\u00bb{}\u00bb][et_pb_text content_tablet=\u00bb<\/p>\n<h3>l'excellence m\u00e9dicale<\/h3>\n<h1>L'\u00c9QUIPE<br \/>DOCTEUR<\/h1>\n<p>\"content_phone=\"<\/p>\n<h3>l'excellence m\u00e9dicale<\/h3>\n<h1>L'\u00c9QUIPE M\u00c9DICALE<\/h1>\n<p>\u00bb content_last_edited=\u00bbon|phone\u00bb admin_label=\u00bbTexto\u00bb _builder_version=\u00bb4.27.4&#8243; _module_preset=\u00bbff347454-283e-426a-9660-28afbe1b5f05&#8243; header_font=\u00bb&#8211;et_global_heading_font|||on|||||\u00bb header_2_text_color=\u00bb#617179&#8243; header_3_text_color=\u00bb#FFFFFF\u00bb header_4_text_color=\u00bb#dcccdd\u00bb header_4_font_size=\u00bb21px\u00bb header_5_text_color=\u00bb#cc70bc\u00bb width_tablet=\u00bb\u00bb width_phone=\u00bb\u00bb width_last_edited=\u00bbon|desktop\u00bb max_width_tablet=\u00bb379px\u00bb max_width_phone=\u00bb266px\u00bb max_width_last_edited=\u00bbon|desktop\u00bb min_height_tablet=\u00bb\u00bb min_height_phone=\u00bb\u00bb min_height_last_edited=\u00bbon|desktop\u00bb height_tablet=\u00bb\u00bb height_phone=\u00bb\u00bb height_last_edited=\u00bbon|desktop\u00bb max_height_tablet=\u00bb\u00bb max_height_phone=\u00bb\u00bb max_height_last_edited=\u00bbon|desktop\u00bb custom_margin=\u00bb0px||0px||false|false\u00bb custom_margin_tablet=\u00bb|||30px|false|false\u00bb custom_margin_phone=\u00bb0px|||0px|false|false\u00bb custom_margin_last_edited=\u00bbon|phone\u00bb custom_padding=\u00bb0px|30px|0px|30px|false|true\u00bb header_text_color_tablet=\u00bb#FFFFFF\u00bb header_text_color_phone=\u00bb#5A636A\u00bb header_text_color_last_edited=\u00bbon|tablet\u00bb header_font_size_tablet=\u00bb29px\u00bb header_font_size_phone=\u00bb29px\u00bb header_font_size_last_edited=\u00bbon|phone\u00bb header_2_text_color_tablet=\u00bb#617179&#8243; header_2_text_color_phone=\u00bb#617179&#8243; header_2_text_color_last_edited=\u00bbon|tablet\u00bb header_2_font_size_tablet=\u00bb35px\u00bb header_2_font_size_phone=\u00bb28px\u00bb header_2_font_size_last_edited=\u00bbon|tablet\u00bb header_3_text_color_tablet=\u00bb\u00bb header_3_text_color_phone=\u00bb#617179&#8243; header_3_text_color_last_edited=\u00bbon|phone\u00bb header_3_font_size_tablet=\u00bb13px\u00bb header_3_font_size_phone=\u00bb13px\u00bb header_3_font_size_last_edited=\u00bbon|desktop\u00bb header_3_line_height_tablet=\u00bb1.2em\u00bb header_3_line_height_phone=\u00bb1.2em\u00bb header_3_line_height_last_edited=\u00bbon|tablet\u00bb locked=\u00bboff\u00bb global_colors_info=\u00bb{}\u00bb]<\/p>\n<h3>l'excellence m\u00e9dicale<\/h3>\n<h1>L'\u00c9QUIPE M\u00c9DICALE<\/h1>\n<p>[\/et_pb_text][\/et_pb_column][\/et_pb_row][\/et_pb_section][et_pb_section fb_built=\u00bb1&#8243; custom_padding_last_edited=\u00bbon|tablet\u00bb disabled_on=\u00bboff|off|off\u00bb _builder_version=\u00bb4.27.4&#8243; _module_preset=\u00bbdefault\u00bb background_color=\u00bbRGBA(255,255,255,0)\u00bb max_width=\u00bb88%\u00bb module_alignment=\u00bbcenter\u00bb custom_margin=\u00bb-154px||0px||false|false\u00bb custom_margin_tablet=\u00bb-154px||0px||false|false\u00bb custom_margin_phone=\u00bb50px||0px||false|false\u00bb custom_margin_last_edited=\u00bbon|tablet\u00bb custom_padding=\u00bb0px|6px|39px||false|false\u00bb custom_padding_tablet=\u00bb||0px||false|false\u00bb custom_padding_phone=\u00bb||0px||false|false\u00bb bottom_divider_color=\u00bb#F2F2F2&#8243; bottom_divider_flip=\u00bbhorizontal|vertical\u00bb collapsed=\u00bboff\u00bb global_colors_info=\u00bb{}\u00bb][et_pb_row column_structure=\u00bb3_4,1_4&#8243; custom_padding_last_edited=\u00bbon|tablet\u00bb _builder_version=\u00bb4.27.4&#8243; _module_preset=\u00bbdefault\u00bb background_color=\u00bbRGBA(255,255,255,0)\u00bb z_index=\u00bb500&#8243; width=\u00bb92%\u00bb min_height=\u00bb422px\u00bb custom_margin=\u00bb25px|auto|0px|auto|false|false\u00bb custom_margin_tablet=\u00bb25px|auto|0px|auto|false|false\u00bb custom_margin_phone=\u00bb25px|auto|0px|auto|false|false\u00bb custom_margin_last_edited=\u00bbon|tablet\u00bb custom_padding=\u00bb2px||30px|||\u00bb custom_padding_tablet=\u00bb2px||0px||false|false\u00bb custom_padding_phone=\u00bb2px||0px||false|false\u00bb border_color_right=\u00bb#C7A3DE\u00bb global_colors_info=\u00bb{}\u00bb][et_pb_column type=\u00bb3_4&#8243; _builder_version=\u00bb4.27.4&#8243; _module_preset=\u00bbdefault\u00bb global_colors_info=\u00bb{}\u00bb][et_pb_text content_tablet=\u00bb<\/p>\n<h3>experiencia, innovaci\u00f3n <br \/>y trato humano<\/h3>\n<h2>Especialistas a <br \/>tu lado, cuidando <br \/>votre sant\u00e9.<\/h2>\n<p>\"content_phone=\"<\/p>\n<h3>experiencia, innovaci\u00f3n<br \/>y trato humano<\/h3>\n<h2>Especialistas a<br \/>tu lado, cuidando<br \/>votre sant\u00e9.<\/h2>\n<p>\u00bb content_last_edited=\u00bbon|tablet\u00bb _builder_version=\u00bb4.27.4&#8243; _module_preset=\u00bbb20293d3-7e7e-4718-8a41-9d40e20be87b\u00bb text_font=\u00bbMontserrat|300|||||||\u00bb text_line_height=\u00bb1.4em\u00bb header_font=\u00bb&#8211;et_global_heading_font|300|||||||\u00bb module_alignment=\u00bbleft\u00bb custom_margin=\u00bb||16px||false|false\u00bb custom_padding=\u00bb|0px|||false|false\u00bb header_2_font_size_tablet=\u00bb\u00bb header_2_font_size_phone=\u00bb31px\u00bb header_2_font_size_last_edited=\u00bbon|phone\u00bb header_3_line_height_tablet=\u00bb1.2em\u00bb header_3_line_height_phone=\u00bb1.2em\u00bb header_3_line_height_last_edited=\u00bbon|tablet\u00bb global_colors_info=\u00bb{}\u00bb]<\/p>\n<h3>exp\u00e9rience, innovation et traitement humain<\/h3>\n<h2 style=\"text-align: left;\">des professionnels \u00e0 vos c\u00f4t\u00e9s soucieux de votre sant\u00e9<\/h2>\n<p>[\/et_pb_text][et_pb_text _builder_version=\u00bb4.27.4&#8243; _module_preset=\u00bbff347454-283e-426a-9660-28afbe1b5f05&#8243; text_font=\u00bbMontserrat|300|||||||\u00bb header_font=\u00bb&#8211;et_global_heading_font|300|||||||\u00bb custom_padding=\u00bb|205px||||\u00bb global_colors_info=\u00bb{}\u00bb]<\/p>\n<p data-start=\"33\" data-end=\"474\" style=\"text-align: justify;\">Notre h\u00f4pital dispose d'une <strong>\u00e9quipe de sp\u00e9cialistes hautement qualifi\u00e9s<\/strong>, poss\u00e9dant une grande exp\u00e9rience dans leurs domaines respectifs et fermement attach\u00e9s \u00e0 la sant\u00e9 et au bien-\u00eatre de nos patients. De la cardiologie \u00e0 la chirurgie plastique, en passant par la gyn\u00e9cologie, la traumatologie, la neurochirurgie et d'autres sp\u00e9cialit\u00e9s m\u00e9dicales, notre \u00e9quipe travaille de mani\u00e8re coordonn\u00e9e pour offrir des soins complets, s\u00fbrs et personnalis\u00e9s.<\/p>\n<p data-start=\"476\" data-end=\"808\" style=\"text-align: justify;\">Gr\u00e2ce \u00e0 une approche multidisciplinaire et \u00e0 l'utilisation de technologies de pointe, nous garantissons <strong>Diagnostics pr\u00e9cis et traitements innovants<\/strong> adapt\u00e9s \u00e0 chaque besoin.<\/p>\n<p data-start=\"810\" data-end=\"983\" data-is-last-node=\"\" data-is-only-node=\"\" style=\"text-align: justify;\">L'excellence m\u00e9dicale et le traitement humain sont les piliers de notre prise en charge, garantissant \u00e0 chaque patient des soins de premier ordre dans un environnement professionnel et bienveillant.<\/p>\n<p>[\/et_pb_text][\/et_pb_column][et_pb_column type=\u00bb1_4&#8243; _builder_version=\u00bb4.27.4&#8243; _module_preset=\u00bbdefault\u00bb global_colors_info=\u00bb{}\u00bb][\/et_pb_column][\/et_pb_row][\/et_pb_section][et_pb_section fb_built=\u00bb1&#8243; admin_label=\u00bbTitular &#8211; Franja morada\u00bb _builder_version=\u00bb4.27.4&#8243; _module_preset=\u00bbdefault\u00bb background_color=\u00bb#C4A2CC\u00bb custom_padding=\u00bb28px||21px|||\u00bb collapsed=\u00bbon\u00bb global_colors_info=\u00bb{}\u00bb][et_pb_row _builder_version=\u00bb4.27.4&#8243; _module_preset=\u00bbdefault\u00bb module_alignment=\u00bbcenter\u00bb custom_margin=\u00bb9px|auto||auto||\u00bb custom_padding=\u00bb22px||22px||true|\u00bb global_colors_info=\u00bb{}\u00bb][et_pb_column type=\u00bb4_4&#8243; _builder_version=\u00bb4.27.4&#8243; _module_preset=\u00bbdefault\u00bb global_colors_info=\u00bb{}\u00bb][et_pb_text _builder_version=\u00bb4.27.4&#8243; _module_preset=\u00bbbe55db4f-f3de-4482-8776-310d0463644d\u00bb header_2_font=\u00bb|800||on|||||\u00bb header_2_text_color=\u00bb#F2F2F2&#8243; header_2_font_size=\u00bb30px\u00bb max_width=\u00bb379px\u00bb max_width_tablet=\u00bb379px\u00bb max_width_phone=\u00bb\u00bb max_width_last_edited=\u00bbon|phone\u00bb module_alignment=\u00bbcenter\u00bb custom_margin_tablet=\u00bb||||false|false\u00bb custom_margin_phone=\u00bb|||0px|false|false\u00bb custom_margin_last_edited=\u00bbon|phone\u00bb custom_padding=\u00bb|32px||32px|false|true\u00bb custom_padding_tablet=\u00bb|32px||32px|false|true\u00bb custom_padding_phone=\u00bb|0px||0px|false|true\u00bb custom_padding_last_edited=\u00bbon|phone\u00bb border_width_right=\u00bb2px\u00bb border_width_left=\u00bb2px\u00bb locked=\u00bboff\u00bb global_colors_info=\u00bb{}\u00bb]<\/p>\n<h3 style=\"text-align: center;\">L'EXCELLENCE M\u00c9DICALE<\/h3>\n<h2 style=\"text-align: center;\">L'\u00c9QUIPE M\u00c9DICALE<\/h2>\n<p>[\/et_pb_text][\/et_pb_column][\/et_pb_row][\/et_pb_section][et_pb_section fb_built=\u00bb1&#8243; disabled_on=\u00bbon|on|on\u00bb admin_label=\u00bbAnalista\u00bb _builder_version=\u00bb4.27.4&#8243; _module_preset=\u00bbdefault\u00bb background_color=\u00bb#F2F2F2&#8243; min_height=\u00bb596.9px\u00bb custom_padding=\u00bb5px||0px|||\u00bb box_shadow_style=\u00bbpreset1&#8243; box_shadow_horizontal=\u00bb15px\u00bb box_shadow_vertical=\u00bb1px\u00bb box_shadow_blur=\u00bb15px\u00bb disabled=\u00bbon\u00bb collapsed=\u00bbon\u00bb global_colors_info=\u00bb{}\u00bb][et_pb_row _builder_version=\u00bb4.27.4&#8243; _module_preset=\u00bbdefault\u00bb custom_padding=\u00bb61px||44px|||\u00bb global_colors_info=\u00bb{}\u00bb][et_pb_column type=\u00bb4_4&#8243; _builder_version=\u00bb4.27.4&#8243; _module_preset=\u00bbdefault\u00bb global_colors_info=\u00bb{}\u00bb][et_pb_text _builder_version=\u00bb4.27.4&#8243; _module_preset=\u00bbb20293d3-7e7e-4718-8a41-9d40e20be87b\u00bb header_2_font=\u00bb&#8211;et_global_heading_font|300||on|||||\u00bb header_2_font_size=\u00bb31px\u00bb header_2_letter_spacing=\u00bb0px\u00bb header_2_line_height=\u00bb1em\u00bb header_4_text_color=\u00bb#C7A3DE\u00bb max_width=\u00bb379px\u00bb max_width_tablet=\u00bb379px\u00bb max_width_phone=\u00bb266px\u00bb max_width_last_edited=\u00bbon|phone\u00bb module_alignment=\u00bbcenter\u00bb custom_margin=\u00bb||-8px||false|false\u00bb custom_padding=\u00bb1px|30px||30px|false|true\u00bb border_width_all=\u00bb2px\u00bb border_color_all=\u00bb#C7A3DE\u00bb border_width_top=\u00bb0px\u00bb border_width_right=\u00bb0px\u00bb border_color_right=\u00bb#C7A3DE\u00bb border_width_bottom=\u00bb1px\u00bb border_color_bottom=\u00bb#C7A3DE\u00bb border_color_left=\u00bb#C7A3DE\u00bb locked=\u00bboff\u00bb global_colors_info=\u00bb{}\u00bb]<\/p>\n<h3 style=\"text-align: center;\">Analyste<\/h3>\n<p>[\/et_pb_text][\/et_pb_column][\/et_pb_row][et_pb_row column_structure=\u00bb1_2,1_2&#8243; use_custom_gutter=\u00bbon\u00bb gutter_width=\u00bb1&#8243; custom_padding_last_edited=\u00bbon|tablet\u00bb _builder_version=\u00bb4.27.4&#8243; _module_preset=\u00bbdefault\u00bb width_tablet=\u00bbauto\u00bb width_phone=\u00bbauto\u00bb width_last_edited=\u00bbon|tablet\u00bb module_alignment=\u00bbcenter\u00bb min_height=\u00bb255px\u00bb custom_margin=\u00bb33px|auto|9px|auto|false|false\u00bb custom_margin_tablet=\u00bb33px|auto|7px|auto|false|false\u00bb custom_margin_phone=\u00bb11px|auto|9px|auto|false|false\u00bb custom_margin_last_edited=\u00bbon|phone\u00bb custom_padding=\u00bb4px||2px||false|false\u00bb custom_padding_tablet=\u00bb||45px||false|false\u00bb custom_padding_phone=\u00bb||45px||false|false\u00bb locked=\u00bboff\u00bb global_colors_info=\u00bb{}\u00bb][et_pb_column type=\u00bb1_2&#8243; _builder_version=\u00bb4.27.4&#8243; _module_preset=\u00bbdefault\u00bb custom_padding_tablet=\u00bb\u00bb custom_padding_phone=\u00bb\u00bb custom_padding_last_edited=\u00bbon|tablet\u00bb global_colors_info=\u00bb{}\u00bb custom_css_main_element_last_edited=\u00bbon|tablet\u00bb custom_css_main_element_tablet=\u00bbdisplay: inline-block;||max-width: 50%;\u00bb custom_css_main_element_phone=\u00bb-\u00ab][\/et_pb_column][et_pb_column type=\u00bb1_2&#8243; _builder_version=\u00bb4.27.4&#8243; _module_preset=\u00bbdefault\u00bb custom_padding_tablet=\u00bb\u00bb custom_padding_phone=\u00bb\u00bb custom_padding_last_edited=\u00bbon|tablet\u00bb global_colors_info=\u00bb{}\u00bb custom_css_main_element_last_edited=\u00bbon|tablet\u00bb custom_css_main_element_tablet=\u00bbdisplay: inline-block;||max-width: 50%;\u00bb custom_css_main_element_phone=\u00bb-\u00ab][et_pb_blurb title=\u00bbDra. Marta Garc\u00eda Garc\u00eda\u00bb image=\u00bbhttps:\/\/recoletasmarbella.com\/wp-content\/uploads\/2025\/04\/icon_femme-contact-doctor-hospital-marbella.png\u00bb image_icon_width=\u00bb200px\u00bb _builder_version=\u00bb4.27.4&#8243; _module_preset=\u00bbdefault\u00bb header_level=\u00bbh3&#8243; header_font=\u00bb&#8211;et_global_heading_font|700||on|||||\u00bb header_text_align=\u00bbcenter\u00bb header_text_color=\u00bb#5A636A\u00bb header_font_size=\u00bb14px\u00bb body_font=\u00bb&#8211;et_global_body_font||||||||\u00bb body_text_color=\u00bb#5A636A\u00bb body_link_font=\u00bb|700|||||||\u00bb text_orientation=\u00bbcenter\u00bb custom_margin=\u00bb-1px|||||\u00bb custom_margin_tablet=\u00bb\u00bb custom_margin_phone=\u00bb0px||16px||false|false\u00bb custom_margin_last_edited=\u00bbon|tablet\u00bb custom_padding=\u00bb94px||||false|false\u00bb custom_padding_tablet=\u00bb70px||||false|false\u00bb custom_padding_phone=\u00bb70px||||false|false\u00bb custom_padding_last_edited=\u00bbon|phone\u00bb filter_brightness=\u00bb108%\u00bb filter_opacity=\u00bb85%\u00bb border_color_all=\u00bb#C7A3DE\u00bb border_radii_image=\u00bbon|522px|522px|522px|522px\u00bb border_width_all_image=\u00bb2px\u00bb border_color_all_image=\u00bb#C7A3DE\u00bb global_colors_info=\u00bb{}\u00bb]<\/p>\n<p style=\"text-align: center;\"><span>Analyste<\/span><\/p>\n<p style=\"text-align: center;\"><span style=\"color: #cc99ff;\"><b>\u00a0<\/b><\/span><\/p>\n<p>[\/et_pb_blurb][\/et_pb_column][\/et_pb_row][\/et_pb_section][et_pb_section fb_built=\u00bb1&#8243; disabled_on=\u00bboff|off|off\u00bb admin_label=\u00bbCardiolog\u00eda\u00bb _builder_version=\u00bb4.27.4&#8243; _module_preset=\u00bbdefault\u00bb background_color=\u00bb#ffffff\u00bb min_height=\u00bb596.9px\u00bb custom_padding=\u00bb5px||0px|||\u00bb box_shadow_style=\u00bbpreset1&#8243; box_shadow_horizontal=\u00bb15px\u00bb box_shadow_vertical=\u00bb1px\u00bb box_shadow_blur=\u00bb15px\u00bb collapsed=\u00bbon\u00bb global_colors_info=\u00bb{}\u00bb][et_pb_row _builder_version=\u00bb4.27.4&#8243; _module_preset=\u00bbdefault\u00bb custom_padding=\u00bb61px||44px|||\u00bb global_colors_info=\u00bb{}\u00bb][et_pb_column type=\u00bb4_4&#8243; _builder_version=\u00bb4.27.4&#8243; _module_preset=\u00bbdefault\u00bb global_colors_info=\u00bb{}\u00bb][et_pb_text _builder_version=\u00bb4.27.4&#8243; _module_preset=\u00bbb20293d3-7e7e-4718-8a41-9d40e20be87b\u00bb header_2_font=\u00bb&#8211;et_global_heading_font|300||on|||||\u00bb header_2_font_size=\u00bb31px\u00bb header_2_letter_spacing=\u00bb0px\u00bb header_2_line_height=\u00bb1em\u00bb header_4_text_color=\u00bb#C7A3DE\u00bb max_width=\u00bb379px\u00bb max_width_tablet=\u00bb379px\u00bb max_width_phone=\u00bb266px\u00bb max_width_last_edited=\u00bbon|phone\u00bb module_alignment=\u00bbcenter\u00bb custom_margin=\u00bb||-8px||false|false\u00bb custom_padding=\u00bb1px|30px||30px|false|true\u00bb border_width_all=\u00bb2px\u00bb border_color_all=\u00bb#C7A3DE\u00bb border_width_top=\u00bb0px\u00bb border_width_right=\u00bb0px\u00bb border_color_right=\u00bb#C7A3DE\u00bb border_width_bottom=\u00bb1px\u00bb border_color_bottom=\u00bb#C7A3DE\u00bb border_color_left=\u00bb#C7A3DE\u00bb locked=\u00bboff\u00bb global_colors_info=\u00bb{}\u00bb]<\/p>\n<h3 style=\"text-align: center;\">ANESTH\u00c9SIE<\/h3>\n<p>[\/et_pb_text][\/et_pb_column][\/et_pb_row][et_pb_row column_structure=\u00bb1_2,1_2&#8243; use_custom_gutter=\u00bbon\u00bb gutter_width=\u00bb1&#8243; custom_padding_last_edited=\u00bbon|tablet\u00bb _builder_version=\u00bb4.27.4&#8243; _module_preset=\u00bbdefault\u00bb width_tablet=\u00bbauto\u00bb width_phone=\u00bbauto\u00bb width_last_edited=\u00bbon|tablet\u00bb module_alignment=\u00bbcenter\u00bb min_height=\u00bb255px\u00bb custom_margin=\u00bb33px|auto|9px|auto|false|false\u00bb custom_margin_tablet=\u00bb33px|auto|7px|auto|false|false\u00bb custom_margin_phone=\u00bb11px|auto|9px|auto|false|false\u00bb custom_margin_last_edited=\u00bbon|phone\u00bb custom_padding=\u00bb4px||2px||false|false\u00bb custom_padding_tablet=\u00bb||45px||false|false\u00bb custom_padding_phone=\u00bb||45px||false|false\u00bb locked=\u00bboff\u00bb global_colors_info=\u00bb{}\u00bb][et_pb_column type=\u00bb1_2&#8243; _builder_version=\u00bb4.27.4&#8243; _module_preset=\u00bbdefault\u00bb custom_padding_tablet=\u00bb\u00bb custom_padding_phone=\u00bb\u00bb custom_padding_last_edited=\u00bbon|tablet\u00bb global_colors_info=\u00bb{}\u00bb custom_css_main_element_last_edited=\u00bbon|tablet\u00bb custom_css_main_element_tablet=\u00bbdisplay: inline-block;||max-width: 50%;\u00bb custom_css_main_element_phone=\u00bb-\u00ab][et_pb_blurb title=\u00bbDr. Roberto Franco Carlo Mella\u00bb image=\u00bbhttps:\/\/recoletasmarbella.com\/wp-content\/uploads\/2025\/04\/roberto-franco-carlo-mella-hospital-recoletas-salud-marbella.png\u00bb alt=\u00bbroberto-franco-carlo-mella-hospital-recoletas-salud-marbella\u00bb image_icon_width=\u00bb200px\u00bb module_class=\u00bbpopmake-287169&#8243; _builder_version=\u00bb4.27.4&#8243; _module_preset=\u00bbdefault\u00bb header_level=\u00bbh3&#8243; header_font=\u00bb&#8211;et_global_heading_font|700||on|||||\u00bb header_text_align=\u00bbcenter\u00bb header_text_color=\u00bb#5A636A\u00bb header_font_size=\u00bb14px\u00bb body_font=\u00bb&#8211;et_global_body_font||||||||\u00bb body_text_color=\u00bb#5A636A\u00bb body_link_font=\u00bb|700|||||||\u00bb text_orientation=\u00bbcenter\u00bb custom_margin=\u00bb-1px|||||\u00bb custom_margin_tablet=\u00bb\u00bb custom_margin_phone=\u00bb0px||16px||false|false\u00bb custom_margin_last_edited=\u00bbon|phone\u00bb custom_padding=\u00bb60px||||false|false\u00bb border_color_all=\u00bb#C7A3DE\u00bb border_radii_image=\u00bbon|522px|522px|522px|522px\u00bb border_width_all_image=\u00bb2px\u00bb border_color_all_image=\u00bb#C7A3DE\u00bb global_colors_info=\u00bb{}\u00bb filter_opacity__hover_enabled=\u00bbon|hover\u00bb filter_opacity__hover=\u00bb88%\u00bb]<\/p>\n<p style=\"text-align: center;\"><span style=\"color: #333333;\">Anesth\u00e9siste<\/span><\/p>\n<p style=\"text-align: center;\"><strong><span style=\"color: #c4a2cc;\">+ D'INFOS<\/span><\/strong><\/p>\n<p>[\/et_pb_blurb][\/et_pb_column][et_pb_column type=\u00bb1_2&#8243; _builder_version=\u00bb4.27.4&#8243; _module_preset=\u00bbdefault\u00bb custom_padding_tablet=\u00bb\u00bb custom_padding_phone=\u00bb\u00bb custom_padding_last_edited=\u00bbon|tablet\u00bb global_colors_info=\u00bb{}\u00bb custom_css_main_element_last_edited=\u00bbon|tablet\u00bb custom_css_main_element_tablet=\u00bbdisplay: inline-block;||max-width: 50%;\u00bb custom_css_main_element_phone=\u00bb-\u00ab][et_pb_blurb title=\u00bbDr. Francisco Martos\u00bb image=\u00bbhttps:\/\/recoletasmarbella.com\/wp-content\/uploads\/2025\/04\/francisco-jose-martos-fernandez-cordoba-hospital-recoletas-salud-marbella.png\u00bb alt=\u00bbfrancisco-jose-martos-fernandez-cordoba-hospital-recoletas-salud-marbella\u00bb image_icon_width=\u00bb200px\u00bb module_class=\u00bbpopmake-287118\t\u00bb _builder_version=\u00bb4.27.4&#8243; _module_preset=\u00bbdefault\u00bb header_level=\u00bbh3&#8243; header_font=\u00bb&#8211;et_global_heading_font|700||on|||||\u00bb header_text_align=\u00bbcenter\u00bb header_text_color=\u00bb#5A636A\u00bb header_font_size=\u00bb14px\u00bb body_font=\u00bb&#8211;et_global_body_font||||||||\u00bb body_text_color=\u00bb#5A636A\u00bb body_link_font=\u00bb|700|||||||\u00bb text_orientation=\u00bbcenter\u00bb custom_margin=\u00bb-1px|||||\u00bb custom_margin_tablet=\u00bb\u00bb custom_margin_phone=\u00bb0px||16px||false|false\u00bb custom_margin_last_edited=\u00bbon|phone\u00bb custom_padding=\u00bb60px||||false|false\u00bb border_color_all=\u00bb#C7A3DE\u00bb border_radii_image=\u00bbon|522px|522px|522px|522px\u00bb border_width_all_image=\u00bb2px\u00bb border_color_all_image=\u00bb#C7A3DE\u00bb global_colors_info=\u00bb{}\u00bb filter_opacity__hover_enabled=\u00bbon|hover\u00bb filter_opacity__hover=\u00bb88%\u00bb]<\/p>\n<p style=\"text-align: center;\">Anesth\u00e9siste, r\u00e9animation et traitement de la douleur<\/p>\n<p style=\"text-align: center;\"><strong><span style=\"color: #c4a2cc;\">+ D'INFOS<\/span><\/strong><\/p>\n<p>[\/et_pb_blurb][\/et_pb_column][\/et_pb_row][\/et_pb_section][et_pb_section fb_built=\u00bb1&#8243; disabled_on=\u00bboff|off|off\u00bb admin_label=\u00bbCardiolog\u00eda\u00bb _builder_version=\u00bb4.27.4&#8243; _module_preset=\u00bbdefault\u00bb background_color=\u00bb#F2F2F2&#8243; min_height=\u00bb596.9px\u00bb custom_padding=\u00bb5px||0px|||\u00bb box_shadow_style=\u00bbpreset1&#8243; box_shadow_horizontal=\u00bb15px\u00bb box_shadow_vertical=\u00bb1px\u00bb box_shadow_blur=\u00bb15px\u00bb collapsed=\u00bbon\u00bb global_colors_info=\u00bb{}\u00bb][et_pb_row _builder_version=\u00bb4.27.4&#8243; _module_preset=\u00bbdefault\u00bb custom_padding=\u00bb61px||44px|||\u00bb global_colors_info=\u00bb{}\u00bb][et_pb_column type=\u00bb4_4&#8243; _builder_version=\u00bb4.27.4&#8243; _module_preset=\u00bbdefault\u00bb global_colors_info=\u00bb{}\u00bb][et_pb_text _builder_version=\u00bb4.27.4&#8243; _module_preset=\u00bbb20293d3-7e7e-4718-8a41-9d40e20be87b\u00bb header_2_font=\u00bb&#8211;et_global_heading_font|300||on|||||\u00bb header_2_font_size=\u00bb31px\u00bb header_2_letter_spacing=\u00bb0px\u00bb header_2_line_height=\u00bb1em\u00bb header_4_text_color=\u00bb#C7A3DE\u00bb max_width=\u00bb379px\u00bb max_width_tablet=\u00bb379px\u00bb max_width_phone=\u00bb266px\u00bb max_width_last_edited=\u00bbon|phone\u00bb module_alignment=\u00bbcenter\u00bb custom_margin=\u00bb||-8px||false|false\u00bb custom_padding=\u00bb1px|30px||30px|false|true\u00bb border_width_all=\u00bb2px\u00bb border_color_all=\u00bb#C7A3DE\u00bb border_width_top=\u00bb0px\u00bb border_width_right=\u00bb0px\u00bb border_color_right=\u00bb#C7A3DE\u00bb border_width_bottom=\u00bb1px\u00bb border_color_bottom=\u00bb#C7A3DE\u00bb border_color_left=\u00bb#C7A3DE\u00bb locked=\u00bboff\u00bb global_colors_info=\u00bb{}\u00bb]<\/p>\n<h3 style=\"text-align: center;\">CARDIOLOGIE<\/h3>\n<p>[\/et_pb_text][\/et_pb_column][\/et_pb_row][et_pb_row column_structure=\u00bb1_2,1_2&#8243; use_custom_gutter=\u00bbon\u00bb gutter_width=\u00bb1&#8243; custom_padding_last_edited=\u00bbon|tablet\u00bb _builder_version=\u00bb4.27.4&#8243; _module_preset=\u00bbdefault\u00bb width_tablet=\u00bbauto\u00bb width_phone=\u00bbauto\u00bb width_last_edited=\u00bbon|tablet\u00bb module_alignment=\u00bbcenter\u00bb min_height=\u00bb255px\u00bb custom_margin=\u00bb33px|auto|9px|auto|false|false\u00bb custom_margin_tablet=\u00bb33px|auto|7px|auto|false|false\u00bb custom_margin_phone=\u00bb11px|auto|9px|auto|false|false\u00bb custom_margin_last_edited=\u00bbon|phone\u00bb custom_padding=\u00bb4px||2px||false|false\u00bb custom_padding_tablet=\u00bb||45px||false|false\u00bb custom_padding_phone=\u00bb||45px||false|false\u00bb locked=\u00bboff\u00bb global_colors_info=\u00bb{}\u00bb][et_pb_column type=\u00bb1_2&#8243; _builder_version=\u00bb4.27.4&#8243; _module_preset=\u00bbdefault\u00bb custom_padding_tablet=\u00bb\u00bb custom_padding_phone=\u00bb\u00bb custom_padding_last_edited=\u00bbon|tablet\u00bb global_colors_info=\u00bb{}\u00bb custom_css_main_element_last_edited=\u00bbon|tablet\u00bb custom_css_main_element_tablet=\u00bbdisplay: inline-block;||max-width: 50%;\u00bb custom_css_main_element_phone=\u00bb-\u00ab][et_pb_blurb title=\u00bbDr. Manuel Mu\u00f1oz Garc\u00eda\u00bb image=\u00bbhttps:\/\/recoletasmarbella.com\/wp-content\/uploads\/2025\/03\/icon_male-contact-doctor-hospital-marbella.png\u00bb image_icon_width=\u00bb200px\u00bb _builder_version=\u00bb4.27.4&#8243; _module_preset=\u00bbdefault\u00bb header_level=\u00bbh3&#8243; header_font=\u00bb&#8211;et_global_heading_font|700||on|||||\u00bb header_text_align=\u00bbcenter\u00bb header_text_color=\u00bb#627179&#8243; header_font_size=\u00bb14px\u00bb body_font=\u00bb&#8211;et_global_body_font||||||||\u00bb body_text_color=\u00bb#627179&#8243; body_link_font=\u00bb|700|||||||\u00bb text_orientation=\u00bbcenter\u00bb custom_margin_tablet=\u00bb\u00bb custom_margin_phone=\u00bb0px||16px||false|false\u00bb custom_margin_last_edited=\u00bbon|phone\u00bb filter_brightness=\u00bb108%\u00bb border_color_all=\u00bb#C7A3DE\u00bb border_radii_image=\u00bbon|522px|522px|522px|522px\u00bb border_width_all_image=\u00bb2px\u00bb border_color_all_image=\u00bb#C7A3DE\u00bb global_colors_info=\u00bb{}\u00bb]<\/p>\n<p style=\"text-align: center;\"><span>Cardiologue<\/span><\/p>\n<p>[\/et_pb_blurb][\/et_pb_column][et_pb_column type=\u00bb1_2&#8243; _builder_version=\u00bb4.27.4&#8243; _module_preset=\u00bbdefault\u00bb custom_padding_tablet=\u00bb\u00bb custom_padding_phone=\u00bb\u00bb custom_padding_last_edited=\u00bbon|tablet\u00bb global_colors_info=\u00bb{}\u00bb custom_css_main_element_last_edited=\u00bbon|tablet\u00bb custom_css_main_element_tablet=\u00bbdisplay: inline-block;||max-width: 50%;\u00bb custom_css_main_element_phone=\u00bb-\u00ab][et_pb_blurb title=\u00bbDr. Emilio Gonz\u00e1lez Cocina\u00bb image=\u00bbhttps:\/\/recoletasmarbella.com\/wp-content\/uploads\/2025\/03\/icon_male-contact-doctor-hospital-marbella.png\u00bb image_icon_width=\u00bb200px\u00bb module_class=\u00bbpopmake-291181&#8243; _builder_version=\u00bb4.27.4&#8243; _module_preset=\u00bbdefault\u00bb header_level=\u00bbh3&#8243; header_font=\u00bb&#8211;et_global_heading_font|700||on|||||\u00bb header_text_align=\u00bbcenter\u00bb header_text_color=\u00bb#627179&#8243; header_font_size=\u00bb14px\u00bb body_font=\u00bb&#8211;et_global_body_font||||||||\u00bb body_text_color=\u00bb#627179&#8243; body_link_font=\u00bb|700|||||||\u00bb text_orientation=\u00bbcenter\u00bb custom_margin_tablet=\u00bb\u00bb custom_margin_phone=\u00bb0px||16px||false|false\u00bb custom_margin_last_edited=\u00bbon|phone\u00bb filter_brightness=\u00bb108%\u00bb border_color_all=\u00bb#C7A3DE\u00bb border_radii_image=\u00bbon|522px|522px|522px|522px\u00bb border_width_all_image=\u00bb2px\u00bb border_color_all_image=\u00bb#C7A3DE\u00bb global_colors_info=\u00bb{}\u00bb]<\/p>\n<p style=\"text-align: center;\"><span>Cardiologue<\/span><\/p>\n<p style=\"text-align: center;\"><strong><span style=\"color: #c4a2cc;\">+ D'INFOS<\/span><\/strong><\/p>\n<p>[\/et_pb_blurb][\/et_pb_column][\/et_pb_row][\/et_pb_section][et_pb_section fb_built=\u00bb1&#8243; disabled_on=\u00bboff|off|off\u00bb admin_label=\u00bbCardiolog\u00eda\u00bb _builder_version=\u00bb4.27.4&#8243; _module_preset=\u00bbdefault\u00bb background_color=\u00bb#ffffff\u00bb min_height=\u00bb596.9px\u00bb custom_padding=\u00bb5px||0px|||\u00bb box_shadow_style=\u00bbpreset1&#8243; box_shadow_horizontal=\u00bb15px\u00bb box_shadow_vertical=\u00bb1px\u00bb box_shadow_blur=\u00bb15px\u00bb collapsed=\u00bbon\u00bb global_colors_info=\u00bb{}\u00bb][et_pb_row _builder_version=\u00bb4.27.4&#8243; _module_preset=\u00bbdefault\u00bb custom_padding=\u00bb61px||44px|||\u00bb global_colors_info=\u00bb{}\u00bb][et_pb_column type=\u00bb4_4&#8243; _builder_version=\u00bb4.27.4&#8243; _module_preset=\u00bbdefault\u00bb global_colors_info=\u00bb{}\u00bb][et_pb_text _builder_version=\u00bb4.27.4&#8243; _module_preset=\u00bbb20293d3-7e7e-4718-8a41-9d40e20be87b\u00bb header_2_font=\u00bb&#8211;et_global_heading_font|300||on|||||\u00bb header_2_font_size=\u00bb31px\u00bb header_2_letter_spacing=\u00bb0px\u00bb header_2_line_height=\u00bb1em\u00bb header_4_text_color=\u00bb#C7A3DE\u00bb max_width=\u00bb379px\u00bb max_width_tablet=\u00bb379px\u00bb max_width_phone=\u00bb266px\u00bb max_width_last_edited=\u00bbon|phone\u00bb module_alignment=\u00bbcenter\u00bb custom_margin=\u00bb||-8px||false|false\u00bb custom_padding=\u00bb1px|30px||30px|false|true\u00bb border_width_all=\u00bb2px\u00bb border_color_all=\u00bb#C7A3DE\u00bb border_width_top=\u00bb0px\u00bb border_width_right=\u00bb0px\u00bb border_color_right=\u00bb#C7A3DE\u00bb border_width_bottom=\u00bb1px\u00bb border_color_bottom=\u00bb#C7A3DE\u00bb border_color_left=\u00bb#C7A3DE\u00bb locked=\u00bboff\u00bb global_colors_info=\u00bb{}\u00bb]<\/p>\n<h3 style=\"text-align: center;\">CHIRURGIE CARDIOVASCULAIRE<\/h3>\n<p>[\/et_pb_text][\/et_pb_column][\/et_pb_row][et_pb_row column_structure=\u00bb1_2,1_2&#8243; use_custom_gutter=\u00bbon\u00bb gutter_width=\u00bb1&#8243; custom_padding_last_edited=\u00bbon|tablet\u00bb _builder_version=\u00bb4.27.4&#8243; _module_preset=\u00bbdefault\u00bb width_tablet=\u00bbauto\u00bb width_phone=\u00bbauto\u00bb width_last_edited=\u00bbon|tablet\u00bb module_alignment=\u00bbcenter\u00bb min_height=\u00bb255px\u00bb custom_margin=\u00bb33px|auto|9px|auto|false|false\u00bb custom_margin_tablet=\u00bb33px|auto|7px|auto|false|false\u00bb custom_margin_phone=\u00bb11px|auto|9px|auto|false|false\u00bb custom_margin_last_edited=\u00bbon|phone\u00bb custom_padding=\u00bb4px||2px||false|false\u00bb custom_padding_tablet=\u00bb||45px||false|false\u00bb custom_padding_phone=\u00bb||45px||false|false\u00bb locked=\u00bboff\u00bb global_colors_info=\u00bb{}\u00bb][et_pb_column type=\u00bb1_2&#8243; _builder_version=\u00bb4.27.4&#8243; _module_preset=\u00bbdefault\u00bb custom_padding_tablet=\u00bb\u00bb custom_padding_phone=\u00bb\u00bb custom_padding_last_edited=\u00bbon|tablet\u00bb global_colors_info=\u00bb{}\u00bb custom_css_main_element_last_edited=\u00bbon|tablet\u00bb custom_css_main_element_tablet=\u00bbdisplay: inline-block;||max-width: 50%;\u00bb custom_css_main_element_phone=\u00bb-\u00ab][et_pb_blurb title=\u00bbDr. Juan Fernando Biguria Rodr\u00edguez\u00bb image=\u00bbhttps:\/\/recoletasmarbella.com\/wp-content\/uploads\/2025\/03\/icon_male-contact-doctor-hospital-marbella.png\u00bb image_icon_width=\u00bb200px\u00bb _builder_version=\u00bb4.27.4&#8243; _module_preset=\u00bbdefault\u00bb header_level=\u00bbh3&#8243; header_font=\u00bb&#8211;et_global_heading_font|700||on|||||\u00bb header_text_align=\u00bbcenter\u00bb header_text_color=\u00bb#5A636A\u00bb header_font_size=\u00bb14px\u00bb body_font=\u00bb&#8211;et_global_body_font||||||||\u00bb body_text_color=\u00bb#5A636A\u00bb body_link_font=\u00bb|700|||||||\u00bb text_orientation=\u00bbcenter\u00bb custom_margin_tablet=\u00bb\u00bb custom_margin_phone=\u00bb0px||16px||false|false\u00bb custom_margin_last_edited=\u00bbon|phone\u00bb filter_brightness=\u00bb108%\u00bb border_color_all=\u00bb#C7A3DE\u00bb border_radii_image=\u00bbon|522px|522px|522px|522px\u00bb border_width_all_image=\u00bb2px\u00bb border_color_all_image=\u00bb#C7A3DE\u00bb global_colors_info=\u00bb{}\u00bb]<\/p>\n<p class=\"p1\" style=\"text-align: center;\">Chirurgien cardiovasculaire<\/p>\n<p>[\/et_pb_blurb][\/et_pb_column][et_pb_column type=\u00bb1_2&#8243; _builder_version=\u00bb4.27.4&#8243; _module_preset=\u00bbdefault\u00bb custom_padding_tablet=\u00bb\u00bb custom_padding_phone=\u00bb\u00bb custom_padding_last_edited=\u00bbon|tablet\u00bb global_colors_info=\u00bb{}\u00bb custom_css_main_element_last_edited=\u00bbon|tablet\u00bb custom_css_main_element_tablet=\u00bbdisplay: inline-block;||max-width: 50%;\u00bb custom_css_main_element_phone=\u00bb-\u00ab][et_pb_blurb title=\u00bbDr. Jose Manuel G\u00f3mez Angulo y Giner\u00bb image=\u00bbhttps:\/\/recoletasmarbella.com\/wp-content\/uploads\/2025\/03\/icon_male-contact-doctor-hospital-marbella.png\u00bb image_icon_width=\u00bb200px\u00bb _builder_version=\u00bb4.27.4&#8243; _module_preset=\u00bbdefault\u00bb header_level=\u00bbh3&#8243; header_font=\u00bb&#8211;et_global_heading_font|700||on|||||\u00bb header_text_align=\u00bbcenter\u00bb header_text_color=\u00bb#5A636A\u00bb header_font_size=\u00bb14px\u00bb body_font=\u00bb&#8211;et_global_body_font||||||||\u00bb body_text_color=\u00bb#5A636A\u00bb body_link_font=\u00bb|700|||||||\u00bb text_orientation=\u00bbcenter\u00bb custom_margin_tablet=\u00bb\u00bb custom_margin_phone=\u00bb0px||16px||false|false\u00bb custom_margin_last_edited=\u00bbon|phone\u00bb filter_brightness=\u00bb108%\u00bb border_color_all=\u00bb#C7A3DE\u00bb border_radii_image=\u00bbon|522px|522px|522px|522px\u00bb border_width_all_image=\u00bb2px\u00bb border_color_all_image=\u00bb#C7A3DE\u00bb global_colors_info=\u00bb{}\u00bb]<\/p>\n<p style=\"text-align: center;\">Chirurgien cardiovasculaire<\/p>\n<p>[\/et_pb_blurb][\/et_pb_column][\/et_pb_row][\/et_pb_section][et_pb_section fb_built=\u00bb1&#8243; disabled_on=\u00bboff|off|off\u00bb admin_label=\u00bbCardiolog\u00eda\u00bb _builder_version=\u00bb4.27.4&#8243; _module_preset=\u00bbdefault\u00bb background_color=\u00bb#f2f2f2&#8243; min_height=\u00bb596.9px\u00bb custom_padding=\u00bb5px||0px|||\u00bb box_shadow_style=\u00bbpreset1&#8243; box_shadow_horizontal=\u00bb15px\u00bb box_shadow_vertical=\u00bb1px\u00bb box_shadow_blur=\u00bb15px\u00bb collapsed=\u00bbon\u00bb global_colors_info=\u00bb{}\u00bb][et_pb_row _builder_version=\u00bb4.27.4&#8243; _module_preset=\u00bbdefault\u00bb custom_padding=\u00bb61px||44px|||\u00bb global_colors_info=\u00bb{}\u00bb][et_pb_column type=\u00bb4_4&#8243; _builder_version=\u00bb4.27.4&#8243; _module_preset=\u00bbdefault\u00bb global_colors_info=\u00bb{}\u00bb][et_pb_text _builder_version=\u00bb4.27.4&#8243; _module_preset=\u00bbb20293d3-7e7e-4718-8a41-9d40e20be87b\u00bb header_2_font=\u00bb&#8211;et_global_heading_font|300||on|||||\u00bb header_2_font_size=\u00bb31px\u00bb header_2_letter_spacing=\u00bb0px\u00bb header_2_line_height=\u00bb1em\u00bb header_3_line_height=\u00bb1.3em\u00bb header_4_text_color=\u00bb#C7A3DE\u00bb header_4_line_height=\u00bb1.3em\u00bb max_width=\u00bb379px\u00bb max_width_tablet=\u00bb379px\u00bb max_width_phone=\u00bb266px\u00bb max_width_last_edited=\u00bbon|phone\u00bb module_alignment=\u00bbcenter\u00bb custom_margin=\u00bb||-8px||false|false\u00bb custom_padding=\u00bb1px|30px||30px|false|true\u00bb border_width_all=\u00bb2px\u00bb border_color_all=\u00bb#C7A3DE\u00bb border_width_top=\u00bb0px\u00bb border_width_right=\u00bb0px\u00bb border_color_right=\u00bb#C7A3DE\u00bb border_width_bottom=\u00bb1px\u00bb border_color_bottom=\u00bb#C7A3DE\u00bb border_color_left=\u00bb#C7A3DE\u00bb locked=\u00bboff\u00bb global_colors_info=\u00bb{}\u00bb]<\/p>\n<h3 style=\"text-align: center;\">Unit\u00e9 d'h\u00e9modynamique et de cardiologie interventionnelle<\/h3>\n<p>[\/et_pb_text][\/et_pb_column][\/et_pb_row][et_pb_row use_custom_gutter=\u00bbon\u00bb gutter_width=\u00bb1&#8243; custom_padding_last_edited=\u00bbon|tablet\u00bb _builder_version=\u00bb4.27.4&#8243; _module_preset=\u00bbdefault\u00bb width_tablet=\u00bbauto\u00bb width_phone=\u00bbauto\u00bb width_last_edited=\u00bbon|tablet\u00bb module_alignment=\u00bbcenter\u00bb min_height=\u00bb255px\u00bb custom_margin=\u00bb33px|auto|9px|auto|false|false\u00bb custom_margin_tablet=\u00bb33px|auto|7px|auto|false|false\u00bb custom_margin_phone=\u00bb11px|auto|9px|auto|false|false\u00bb custom_margin_last_edited=\u00bbon|phone\u00bb custom_padding=\u00bb4px||2px||false|false\u00bb custom_padding_tablet=\u00bb||45px||false|false\u00bb custom_padding_phone=\u00bb||45px||false|false\u00bb locked=\u00bboff\u00bb global_colors_info=\u00bb{}\u00bb][et_pb_column type=\u00bb4_4&#8243; _builder_version=\u00bb4.27.4&#8243; _module_preset=\u00bbdefault\u00bb custom_padding_tablet=\u00bb\u00bb custom_padding_phone=\u00bb\u00bb custom_padding_last_edited=\u00bbon|tablet\u00bb global_colors_info=\u00bb{}\u00bb custom_css_main_element_last_edited=\u00bbon|tablet\u00bb custom_css_main_element_tablet=\u00bbdisplay: inline-block;||max-width: 50%;\u00bb custom_css_main_element_phone=\u00bb-\u00ab][et_pb_blurb title=\u00bbDr. Eduardo Molina Navarro\u00bb image=\u00bbhttps:\/\/recoletasmarbella.com\/wp-content\/uploads\/2025\/03\/icon_male-contact-doctor-hospital-marbella.png\u00bb image_icon_width=\u00bb200px\u00bb module_class=\u00bbpopmake-285800&#8243; _builder_version=\u00bb4.27.4&#8243; _module_preset=\u00bbdefault\u00bb header_level=\u00bbh3&#8243; header_font=\u00bb&#8211;et_global_heading_font|700||on|||||\u00bb header_text_align=\u00bbcenter\u00bb header_text_color=\u00bb#5A636A\u00bb header_font_size=\u00bb14px\u00bb body_font=\u00bb&#8211;et_global_body_font||||||||\u00bb body_text_color=\u00bb#5A636A\u00bb body_link_font=\u00bb|700|||||||\u00bb text_orientation=\u00bbcenter\u00bb custom_margin_tablet=\u00bb\u00bb custom_margin_phone=\u00bb0px||16px||false|false\u00bb custom_margin_last_edited=\u00bbon|phone\u00bb filter_brightness=\u00bb108%\u00bb border_color_all=\u00bb#C7A3DE\u00bb border_radii_image=\u00bbon|522px|522px|522px|522px\u00bb border_width_all_image=\u00bb2px\u00bb border_color_all_image=\u00bb#C7A3DE\u00bb global_colors_info=\u00bb{}\u00bb]<\/p>\n<p style=\"text-align: center;\"><span>Cardiologue interventionnel<\/span><\/p>\n<p style=\"text-align: center;\"><strong><span style=\"color: #c4a2cc;\">+ D'INFOS<\/span><\/strong><\/p>\n<p>[\/et_pb_blurb][\/et_pb_column][\/et_pb_row][\/et_pb_section][et_pb_section fb_built=\u00bb1&#8243; custom_padding_last_edited=\u00bbon|tablet\u00bb admin_label=\u00bbCirug\u00eda\u00bb _builder_version=\u00bb4.27.4&#8243; _module_preset=\u00bbdefault\u00bb custom_margin_tablet=\u00bb0px||0px||false|false\u00bb custom_margin_phone=\u00bb0px||0px||false|false\u00bb custom_margin_last_edited=\u00bbon|tablet\u00bb custom_padding_tablet=\u00bb0px||35px||false|false\u00bb custom_padding_phone=\u00bb0px||35px||false|false\u00bb box_shadow_style=\u00bbpreset1&#8243; box_shadow_horizontal=\u00bb15px\u00bb box_shadow_vertical=\u00bb1px\u00bb box_shadow_blur=\u00bb15px\u00bb global_colors_info=\u00bb{}\u00bb][et_pb_row _builder_version=\u00bb4.27.4&#8243; _module_preset=\u00bbdefault\u00bb global_colors_info=\u00bb{}\u00bb][et_pb_column type=\u00bb4_4&#8243; _builder_version=\u00bb4.27.4&#8243; _module_preset=\u00bbdefault\u00bb global_colors_info=\u00bb{}\u00bb][et_pb_text _builder_version=\u00bb4.27.4&#8243; _module_preset=\u00bbb20293d3-7e7e-4718-8a41-9d40e20be87b\u00bb header_2_font=\u00bb&#8211;et_global_heading_font|300||on|||||\u00bb header_2_font_size=\u00bb31px\u00bb header_2_letter_spacing=\u00bb0px\u00bb header_2_line_height=\u00bb1em\u00bb header_3_line_height=\u00bb1.4em\u00bb header_4_text_color=\u00bb#C7A3DE\u00bb max_width=\u00bb379px\u00bb max_width_tablet=\u00bb379px\u00bb max_width_phone=\u00bb266px\u00bb max_width_last_edited=\u00bbon|phone\u00bb module_alignment=\u00bbcenter\u00bb custom_margin=\u00bb||-8px||false|false\u00bb custom_padding=\u00bb1px|30px||30px|false|true\u00bb border_width_all=\u00bb2px\u00bb border_color_all=\u00bb#C7A3DE\u00bb border_width_top=\u00bb0px\u00bb border_width_right=\u00bb0px\u00bb border_color_right=\u00bb#C7A3DE\u00bb border_width_bottom=\u00bb1px\u00bb border_color_bottom=\u00bb#C7A3DE\u00bb border_color_left=\u00bb#C7A3DE\u00bb locked=\u00bboff\u00bb global_colors_info=\u00bb{}\u00bb]<\/p>\n<h3 style=\"text-align: center;\">CHIRURGIE G\u00c9N\u00c9RALE ET LE SYST\u00c8ME DIGESTIF<\/h3>\n<p>[\/et_pb_text][\/et_pb_column][\/et_pb_row][et_pb_row column_structure=\u00bb1_2,1_2&#8243; use_custom_gutter=\u00bbon\u00bb gutter_width=\u00bb1&#8243; _builder_version=\u00bb4.27.4&#8243; _module_preset=\u00bbdefault\u00bb min_height=\u00bb255px\u00bb custom_margin=\u00bb33px|auto|9px|auto|false|false\u00bb custom_margin_tablet=\u00bb33px|auto|0px|auto|false|false\u00bb custom_margin_phone=\u00bb11px|auto|9px|auto|false|false\u00bb custom_margin_last_edited=\u00bbon|phone\u00bb custom_padding=\u00bb4px|0px|0px|0px|false|true\u00bb locked=\u00bboff\u00bb global_colors_info=\u00bb{}\u00bb][et_pb_column type=\u00bb1_2&#8243; _builder_version=\u00bb4.27.4&#8243; _module_preset=\u00bbdefault\u00bb custom_padding_tablet=\u00bb||40px||false|false\u00bb custom_padding_phone=\u00bb||40px||false|false\u00bb custom_padding_last_edited=\u00bbon|tablet\u00bb global_colors_info=\u00bb{}\u00bb custom_css_main_element_last_edited=\u00bbon|tablet\u00bb custom_css_main_element_tablet=\u00bbdisplay: inline-block;||max-width: 50%;\u00bb custom_css_main_element_phone=\u00bb-\u00ab][et_pb_blurb title=\u00bbDr. Daniel Palomo Torrero\u00bb image=\u00bbhttps:\/\/recoletasmarbella.com\/wp-content\/uploads\/2025\/12\/daniel-palomo-recoletas-salud-marbella.png\u00bb image_icon_width=\u00bb200px\u00bb module_class=\u00bbpopmake-284939&#8243; _builder_version=\u00bb4.27.4&#8243; _module_preset=\u00bbdefault\u00bb header_level=\u00bbh3&#8243; header_font=\u00bb&#8211;et_global_heading_font|700||on|||||\u00bb header_text_align=\u00bbcenter\u00bb header_text_color=\u00bb#5A636A\u00bb header_font_size=\u00bb14px\u00bb body_font=\u00bb&#8211;et_global_body_font||||||||\u00bb body_text_color=\u00bb#5A636A\u00bb body_link_font=\u00bb|700|||||||\u00bb text_orientation=\u00bbcenter\u00bb custom_margin_tablet=\u00bb\u00bb custom_margin_phone=\u00bb0px||16px||false|false\u00bb custom_margin_last_edited=\u00bbon|phone\u00bb filter_brightness=\u00bb108%\u00bb child_filter_saturate=\u00bb109%\u00bb child_filter_brightness=\u00bb98%\u00bb child_filter_sepia=\u00bb3%\u00bb border_color_all=\u00bb#C7A3DE\u00bb border_radii_image=\u00bbon|522px|522px|522px|522px\u00bb border_width_all_image=\u00bb2px\u00bb border_color_all_image=\u00bb#C7A3DE\u00bb global_colors_info=\u00bb{}\u00bb]<\/p>\n<p style=\"text-align: center;\"><span >Chirurgien g\u00e9n\u00e9ral<\/span><\/p>\n<p style=\"text-align: center;\"><strong><span style=\"color: #c4a2cc;\">+ D'INFOS<\/span><\/strong><\/p>\n<p>[\/et_pb_blurb][\/et_pb_column][et_pb_column type=\u00bb1_2&#8243; _builder_version=\u00bb4.27.4&#8243; _module_preset=\u00bbdefault\u00bb custom_padding_tablet=\u00bb||40px||false|false\u00bb custom_padding_phone=\u00bb||40px||false|false\u00bb custom_padding_last_edited=\u00bbon|tablet\u00bb global_colors_info=\u00bb{}\u00bb custom_css_main_element_last_edited=\u00bbon|tablet\u00bb custom_css_main_element_tablet=\u00bbdisplay: inline-block;||max-width: 50%;\u00bb custom_css_main_element_phone=\u00bb-\u00ab][et_pb_blurb title=\u00bbDr. Javier Broekhuien Benitez\u00bb image=\u00bbhttps:\/\/recoletasmarbella.com\/wp-content\/uploads\/2025\/04\/icon_male-contact-doctor-hospital-marbella.png\u00bb alt=\u00bbIcono m\u00e9dico. Hospital Recoletas Salud Marbella\u00bb image_icon_width=\u00bb200px\u00bb _builder_version=\u00bb4.27.4&#8243; _module_preset=\u00bbdefault\u00bb header_level=\u00bbh3&#8243; header_font=\u00bb&#8211;et_global_heading_font|700||on|||||\u00bb header_text_align=\u00bbcenter\u00bb header_text_color=\u00bb#5A636A\u00bb header_font_size=\u00bb14px\u00bb body_font=\u00bb&#8211;et_global_body_font||||||||\u00bb body_text_color=\u00bb#5A636A\u00bb body_link_font=\u00bb|700|||||||\u00bb text_orientation=\u00bbcenter\u00bb custom_margin_tablet=\u00bb\u00bb custom_margin_phone=\u00bb0px||16px||false|false\u00bb custom_margin_last_edited=\u00bbon|phone\u00bb filter_brightness=\u00bb108%\u00bb border_color_all=\u00bb#C7A3DE\u00bb border_radii_image=\u00bbon|522px|522px|522px|522px\u00bb border_width_all_image=\u00bb2px\u00bb border_color_all_image=\u00bb#C7A3DE\u00bb global_colors_info=\u00bb{}\u00bb]<\/p>\n<p style=\"text-align: center;\">Chirurgie g\u00e9n\u00e9rale et digestive<\/p>\n<p>[\/et_pb_blurb][\/et_pb_column][\/et_pb_row][\/et_pb_section][et_pb_section fb_built=\u00bb1&#8243; custom_padding_last_edited=\u00bbon|tablet\u00bb disabled_on=\u00bbon|on|on\u00bb admin_label=\u00bbCirug\u00eda\u00bb _builder_version=\u00bb4.27.4&#8243; _module_preset=\u00bbdefault\u00bb background_color=\u00bb#f2f2f2&#8243; custom_margin_tablet=\u00bb0px||0px||false|false\u00bb custom_margin_phone=\u00bb0px||0px||false|false\u00bb custom_margin_last_edited=\u00bbon|tablet\u00bb custom_padding_tablet=\u00bb0px||35px||false|false\u00bb custom_padding_phone=\u00bb0px||35px||false|false\u00bb box_shadow_style=\u00bbpreset1&#8243; box_shadow_horizontal=\u00bb15px\u00bb box_shadow_vertical=\u00bb1px\u00bb box_shadow_blur=\u00bb15px\u00bb disabled=\u00bbon\u00bb global_colors_info=\u00bb{}\u00bb][et_pb_row _builder_version=\u00bb4.27.4&#8243; _module_preset=\u00bbdefault\u00bb global_colors_info=\u00bb{}\u00bb][et_pb_column type=\u00bb4_4&#8243; _builder_version=\u00bb4.27.4&#8243; _module_preset=\u00bbdefault\u00bb global_colors_info=\u00bb{}\u00bb][et_pb_text _builder_version=\u00bb4.27.4&#8243; _module_preset=\u00bbb20293d3-7e7e-4718-8a41-9d40e20be87b\u00bb header_2_font=\u00bb&#8211;et_global_heading_font|300||on|||||\u00bb header_2_font_size=\u00bb31px\u00bb header_2_letter_spacing=\u00bb0px\u00bb header_2_line_height=\u00bb1em\u00bb header_3_line_height=\u00bb1.4em\u00bb header_4_text_color=\u00bb#C7A3DE\u00bb max_width=\u00bb379px\u00bb max_width_tablet=\u00bb379px\u00bb max_width_phone=\u00bb266px\u00bb max_width_last_edited=\u00bbon|phone\u00bb module_alignment=\u00bbcenter\u00bb custom_margin=\u00bb||-8px||false|false\u00bb custom_padding=\u00bb1px|30px||30px|false|true\u00bb border_width_all=\u00bb2px\u00bb border_color_all=\u00bb#C7A3DE\u00bb border_width_top=\u00bb0px\u00bb border_width_right=\u00bb0px\u00bb border_color_right=\u00bb#C7A3DE\u00bb border_width_bottom=\u00bb1px\u00bb border_color_bottom=\u00bb#C7A3DE\u00bb border_color_left=\u00bb#C7A3DE\u00bb locked=\u00bboff\u00bb global_colors_info=\u00bb{}\u00bb]<\/p>\n<h3 style=\"text-align: center;\">CHIRURGIE PLASTIQUE, ESTH\u00c9TIQUE ET R\u00c9PARATRICE<\/h3>\n<p>[\/et_pb_text][\/et_pb_column][\/et_pb_row][et_pb_row column_structure=\u00bb1_2,1_2&#8243; use_custom_gutter=\u00bbon\u00bb gutter_width=\u00bb1&#8243; disabled_on=\u00bbon|on|on\u00bb _builder_version=\u00bb4.27.4&#8243; _module_preset=\u00bbdefault\u00bb min_height=\u00bb255px\u00bb custom_margin=\u00bb33px|auto|9px|auto|false|false\u00bb custom_margin_tablet=\u00bb33px|auto|0px|auto|false|false\u00bb custom_margin_phone=\u00bb11px|auto|9px|auto|false|false\u00bb custom_margin_last_edited=\u00bbon|phone\u00bb custom_padding=\u00bb4px|0px|0px|0px|false|true\u00bb disabled=\u00bbon\u00bb locked=\u00bboff\u00bb global_colors_info=\u00bb{}\u00bb][et_pb_column type=\u00bb1_2&#8243; _builder_version=\u00bb4.27.4&#8243; _module_preset=\u00bbdefault\u00bb custom_padding_tablet=\u00bb||40px||false|false\u00bb custom_padding_phone=\u00bb||40px||false|false\u00bb custom_padding_last_edited=\u00bbon|tablet\u00bb global_colors_info=\u00bb{}\u00bb custom_css_main_element_last_edited=\u00bbon|tablet\u00bb custom_css_main_element_tablet=\u00bbdisplay: inline-block;||max-width: 50%;\u00bb custom_css_main_element_phone=\u00bb-\u00ab][et_pb_blurb title=\u00bbDra. Brianda Hurtado De Mendoza Garc\u00eda\u00bb image=\u00bbhttps:\/\/recoletasmarbella.com\/wp-content\/uploads\/2025\/04\/icon_femme-contact-doctor-hospital-marbella.png\u00bb image_icon_width=\u00bb200px\u00bb module_class=\u00bbpopmake-287104&#8243; _builder_version=\u00bb4.27.4&#8243; _module_preset=\u00bbdefault\u00bb header_level=\u00bbh3&#8243; header_font=\u00bb&#8211;et_global_heading_font|700||on|||||\u00bb header_text_align=\u00bbcenter\u00bb header_text_color=\u00bb#5A636A\u00bb header_font_size=\u00bb14px\u00bb body_font=\u00bb&#8211;et_global_body_font||||||||\u00bb body_text_color=\u00bb#5A636A\u00bb body_link_font=\u00bb|700|||||||\u00bb text_orientation=\u00bbcenter\u00bb custom_margin_tablet=\u00bb\u00bb custom_margin_phone=\u00bb0px||16px||false|false\u00bb custom_margin_last_edited=\u00bbon|phone\u00bb filter_brightness=\u00bb108%\u00bb filter_opacity=\u00bb85%\u00bb border_color_all=\u00bb#C7A3DE\u00bb border_radii_image=\u00bbon|522px|522px|522px|522px\u00bb border_width_all_image=\u00bb2px\u00bb border_color_all_image=\u00bb#C7A3DE\u00bb global_colors_info=\u00bb{}\u00bb]<\/p>\n<p style=\"text-align: center;\"><span style=\"color: #333333;\">Chirurgien plasticien<\/span><\/p>\n<p style=\"text-align: center;\"><strong><span style=\"color: #cc99ff;\">+ D'INFOS<\/span><\/strong><\/p>\n<p>[\/et_pb_blurb][\/et_pb_column][et_pb_column type=\u00bb1_2&#8243; _builder_version=\u00bb4.27.4&#8243; _module_preset=\u00bbdefault\u00bb global_colors_info=\u00bb{}\u00bb custom_css_main_element_last_edited=\u00bbon|tablet\u00bb custom_css_main_element_tablet=\u00bbdisplay: inline-block;||max-width: 50%;\u00bb custom_css_main_element_phone=\u00bb-\u00ab][et_pb_blurb title=\u00bbDr. Sergio Montes Garc\u00eda\u00bb image=\u00bbhttps:\/\/recoletasmarbella.com\/wp-content\/uploads\/2025\/03\/icon_male-contact-doctor-hospital-marbella.png\u00bb image_icon_width=\u00bb200px\u00bb _builder_version=\u00bb4.27.4&#8243; _module_preset=\u00bbdefault\u00bb header_level=\u00bbh3&#8243; header_font=\u00bb&#8211;et_global_heading_font|700||on|||||\u00bb header_text_align=\u00bbcenter\u00bb header_text_color=\u00bb#5A636A\u00bb header_font_size=\u00bb14px\u00bb body_font=\u00bb&#8211;et_global_body_font||||||||\u00bb body_text_color=\u00bb#5A636A\u00bb body_link_font=\u00bb|700|||||||\u00bb text_orientation=\u00bbcenter\u00bb custom_margin_tablet=\u00bb\u00bb custom_margin_phone=\u00bb0px||16px||false|false\u00bb custom_margin_last_edited=\u00bbon|phone\u00bb filter_brightness=\u00bb108%\u00bb filter_opacity=\u00bb85%\u00bb border_color_all=\u00bb#C7A3DE\u00bb border_radii_image=\u00bbon|522px|522px|522px|522px\u00bb border_width_all_image=\u00bb2px\u00bb border_color_all_image=\u00bb#C7A3DE\u00bb global_colors_info=\u00bb{}\u00bb]<\/p>\n<p style=\"text-align: center;\"><span style=\"color: #333333;\">Chirurgien plasticien<\/span><\/p>\n<p style=\"text-align: center;\"><span style=\"color: #cc99ff;\"><b>\u00a0<\/b><\/span><\/p>\n<p>[\/et_pb_blurb][\/et_pb_column][\/et_pb_row][et_pb_row column_structure=\u00bb1_3,1_3,1_3&#8243; use_custom_gutter=\u00bbon\u00bb gutter_width=\u00bb1&#8243; disabled_on=\u00bbon|on|on\u00bb _builder_version=\u00bb4.27.4&#8243; _module_preset=\u00bbdefault\u00bb min_height=\u00bb255px\u00bb custom_margin=\u00bb33px|auto|9px|auto|false|false\u00bb custom_margin_tablet=\u00bb0px|auto|9px|auto|false|false\u00bb custom_margin_phone=\u00bb11px|auto|9px|auto|false|false\u00bb custom_margin_last_edited=\u00bbon|phone\u00bb custom_padding=\u00bb0px|0px|3px|0px|false|true\u00bb disabled=\u00bbon\u00bb locked=\u00bboff\u00bb global_colors_info=\u00bb{}\u00bb][et_pb_column type=\u00bb1_3&#8243; _builder_version=\u00bb4.27.4&#8243; _module_preset=\u00bbdefault\u00bb custom_padding_tablet=\u00bb||42px||false|false\u00bb custom_padding_phone=\u00bb||42px||false|false\u00bb custom_padding_last_edited=\u00bbon|tablet\u00bb global_colors_info=\u00bb{}\u00bb custom_css_main_element_last_edited=\u00bbon|tablet\u00bb custom_css_main_element_tablet=\u00bbdisplay: inline-block;||max-width: 50%;\u00bb custom_css_main_element_phone=\u00bb-\u00ab][et_pb_blurb title=\u00bbDr. Alberto Cuevas Queipo de Llano\u00bb image=\u00bbhttps:\/\/recoletasmarbella.com\/wp-content\/uploads\/2025\/03\/icon_male-contact-doctor-hospital-marbella.png\u00bb image_icon_width=\u00bb200px\u00bb _builder_version=\u00bb4.27.4&#8243; _module_preset=\u00bbdefault\u00bb header_level=\u00bbh3&#8243; header_font=\u00bb&#8211;et_global_heading_font|700||on|||||\u00bb header_text_align=\u00bbcenter\u00bb header_text_color=\u00bb#5A636A\u00bb header_font_size=\u00bb14px\u00bb body_font=\u00bb&#8211;et_global_body_font||||||||\u00bb body_text_color=\u00bb#5A636A\u00bb body_link_font=\u00bb|700|||||||\u00bb text_orientation=\u00bbcenter\u00bb custom_margin_tablet=\u00bb\u00bb custom_margin_phone=\u00bb0px||16px||false|false\u00bb custom_margin_last_edited=\u00bbon|phone\u00bb filter_brightness=\u00bb108%\u00bb filter_opacity=\u00bb85%\u00bb border_color_all=\u00bb#C7A3DE\u00bb border_radii_image=\u00bbon|522px|522px|522px|522px\u00bb border_width_all_image=\u00bb2px\u00bb border_color_all_image=\u00bb#C7A3DE\u00bb global_colors_info=\u00bb{}\u00bb]<\/p>\n<p style=\"text-align: center;\"><span style=\"color: #333333;\">Chirurgien maxillo-facial<\/span><\/p>\n<p style=\"text-align: center;\"><span style=\"color: #cc99ff;\"><b>\u00a0<\/b><\/span><\/p>\n<p>[\/et_pb_blurb][\/et_pb_column][et_pb_column type=\u00bb1_3&#8243; _builder_version=\u00bb4.27.4&#8243; _module_preset=\u00bbdefault\u00bb global_colors_info=\u00bb{}\u00bb custom_css_main_element_last_edited=\u00bbon|tablet\u00bb custom_css_main_element_tablet=\u00bbdisplay: inline-block;||max-width: 50%;\u00bb custom_css_main_element_phone=\u00bb-\u00ab][et_pb_blurb title=\u00bbDr. Eladio Garc\u00eda Hortelano\u00bb image=\u00bbhttps:\/\/recoletasmarbella.com\/wp-content\/uploads\/2025\/03\/icon_male-contact-doctor-hospital-marbella.png\u00bb image_icon_width=\u00bb200px\u00bb _builder_version=\u00bb4.27.4&#8243; _module_preset=\u00bbdefault\u00bb header_level=\u00bbh3&#8243; header_font=\u00bb&#8211;et_global_heading_font|700||on|||||\u00bb header_text_align=\u00bbcenter\u00bb header_text_color=\u00bb#5A636A\u00bb header_font_size=\u00bb14px\u00bb body_font=\u00bb&#8211;et_global_body_font||||||||\u00bb body_text_color=\u00bb#5A636A\u00bb body_link_font=\u00bb|700|||||||\u00bb text_orientation=\u00bbcenter\u00bb custom_margin_tablet=\u00bb\u00bb custom_margin_phone=\u00bb0px||16px||false|false\u00bb custom_margin_last_edited=\u00bbon|phone\u00bb filter_brightness=\u00bb108%\u00bb filter_opacity=\u00bb85%\u00bb border_color_all=\u00bb#C7A3DE\u00bb border_radii_image=\u00bbon|522px|522px|522px|522px\u00bb border_width_all_image=\u00bb2px\u00bb border_color_all_image=\u00bb#C7A3DE\u00bb global_colors_info=\u00bb{}\u00bb]<\/p>\n<p style=\"text-align: center;\"><span style=\"color: #333333;\">Chirurgien plasticien<\/span><\/p>\n<p style=\"text-align: center;\"><span style=\"color: #cc99ff;\"><b>\u00a0<\/b><\/span><\/p>\n<p>[\/et_pb_blurb][\/et_pb_column][et_pb_column type=\u00bb1_3&#8243; _builder_version=\u00bb4.27.4&#8243; _module_preset=\u00bbdefault\u00bb global_colors_info=\u00bb{}\u00bb custom_css_main_element_last_edited=\u00bbon|tablet\u00bb custom_css_main_element_phone=\u00bb-\u00ab][et_pb_blurb title=\u00bbDr. Joaqu\u00edn Garc\u00eda Aparicio\u00bb image=\u00bbhttps:\/\/recoletasmarbella.com\/wp-content\/uploads\/2025\/03\/icon_male-contact-doctor-hospital-marbella.png\u00bb image_icon_width=\u00bb200px\u00bb _builder_version=\u00bb4.27.4&#8243; _module_preset=\u00bbdefault\u00bb header_level=\u00bbh3&#8243; header_font=\u00bb&#8211;et_global_heading_font|700||on|||||\u00bb header_text_align=\u00bbcenter\u00bb header_text_color=\u00bb#5A636A\u00bb header_font_size=\u00bb14px\u00bb body_font=\u00bb&#8211;et_global_body_font||||||||\u00bb body_text_color=\u00bb#5A636A\u00bb body_link_font=\u00bb|700|||||||\u00bb text_orientation=\u00bbcenter\u00bb custom_margin_tablet=\u00bb\u00bb custom_margin_phone=\u00bb0px||16px||false|false\u00bb custom_margin_last_edited=\u00bbon|phone\u00bb filter_brightness=\u00bb108%\u00bb filter_opacity=\u00bb85%\u00bb border_color_all=\u00bb#C7A3DE\u00bb border_radii_image=\u00bbon|522px|522px|522px|522px\u00bb border_width_all_image=\u00bb2px\u00bb border_color_all_image=\u00bb#C7A3DE\u00bb global_colors_info=\u00bb{}\u00bb]<\/p>\n<p style=\"text-align: center;\"><span style=\"color: #333333;\">Chirurgie esth\u00e9tique<\/span><\/p>\n<p style=\"text-align: center;\"><span style=\"color: #cc99ff;\"><b>\u00a0<\/b><\/span><\/p>\n<p>[\/et_pb_blurb][\/et_pb_column][\/et_pb_row][\/et_pb_section][et_pb_section fb_built=\u00bb1&#8243; custom_padding_last_edited=\u00bbon|tablet\u00bb disabled_on=\u00bboff|off|off\u00bb admin_label=\u00bbEst\u00e9tica\u00bb _builder_version=\u00bb4.27.4&#8243; _module_preset=\u00bbdefault\u00bb background_color=\u00bb#f2f2f2&#8243; custom_margin_tablet=\u00bb0px||||false|false\u00bb custom_margin_phone=\u00bb0px||||false|false\u00bb custom_margin_last_edited=\u00bbon|tablet\u00bb custom_padding_tablet=\u00bb0px||||false|false\u00bb custom_padding_phone=\u00bb0px||||false|false\u00bb box_shadow_style=\u00bbpreset1&#8243; box_shadow_horizontal=\u00bb15px\u00bb box_shadow_vertical=\u00bb1px\u00bb box_shadow_blur=\u00bb15px\u00bb global_colors_info=\u00bb{}\u00bb][et_pb_row _builder_version=\u00bb4.27.4&#8243; _module_preset=\u00bbdefault\u00bb global_colors_info=\u00bb{}\u00bb][et_pb_column type=\u00bb4_4&#8243; _builder_version=\u00bb4.27.4&#8243; _module_preset=\u00bbdefault\u00bb global_colors_info=\u00bb{}\u00bb][et_pb_text _builder_version=\u00bb4.27.4&#8243; _module_preset=\u00bbb20293d3-7e7e-4718-8a41-9d40e20be87b\u00bb header_2_font=\u00bb&#8211;et_global_heading_font|300||on|||||\u00bb header_2_font_size=\u00bb31px\u00bb header_2_letter_spacing=\u00bb0px\u00bb header_2_line_height=\u00bb1em\u00bb header_4_text_color=\u00bb#C7A3DE\u00bb max_width=\u00bb379px\u00bb max_width_tablet=\u00bb379px\u00bb max_width_phone=\u00bb266px\u00bb max_width_last_edited=\u00bbon|phone\u00bb module_alignment=\u00bbcenter\u00bb custom_margin=\u00bb||-8px||false|false\u00bb custom_padding=\u00bb1px|30px||30px|false|true\u00bb border_width_all=\u00bb2px\u00bb border_color_all=\u00bb#C7A3DE\u00bb border_width_top=\u00bb0px\u00bb border_width_right=\u00bb0px\u00bb border_color_right=\u00bb#C7A3DE\u00bb border_width_bottom=\u00bb1px\u00bb border_color_bottom=\u00bb#C7A3DE\u00bb border_color_left=\u00bb#C7A3DE\u00bb locked=\u00bboff\u00bb global_colors_info=\u00bb{}\u00bb]<\/p>\n<h3 style=\"text-align: center;\">M\u00c9DECINE ESTH\u00c9TIQUE<\/h3>\n<p>[\/et_pb_text][\/et_pb_column][\/et_pb_row][et_pb_row use_custom_gutter=\u00bbon\u00bb gutter_width=\u00bb1&#8243; disabled_on=\u00bboff|off|off\u00bb _builder_version=\u00bb4.27.4&#8243; _module_preset=\u00bbdefault\u00bb min_height=\u00bb256px\u00bb custom_margin=\u00bb33px|auto|9px|auto|false|false\u00bb custom_margin_tablet=\u00bb33px|auto|9px|auto|false|false\u00bb custom_margin_phone=\u00bb11px|auto|9px|auto|false|false\u00bb custom_margin_last_edited=\u00bbon|phone\u00bb custom_padding=\u00bb4px|0px|3px|0px|false|true\u00bb locked=\u00bboff\u00bb global_colors_info=\u00bb{}\u00bb][et_pb_column type=\u00bb4_4&#8243; _builder_version=\u00bb4.27.4&#8243; _module_preset=\u00bbdefault\u00bb global_colors_info=\u00bb{}\u00bb custom_css_main_element_last_edited=\u00bbon|tablet\u00bb custom_css_main_element_tablet=\u00bbdisplay: inline-block;||max-width: 50%;\u00bb custom_css_main_element_phone=\u00bb-\u00ab][et_pb_blurb title=\u00bbDr. Juan Carlos Serrano Mor\u00f3n\u00bb image=\u00bbhttps:\/\/recoletasmarbella.com\/wp-content\/uploads\/2025\/04\/juan-carlos-serrano-hospital-recoletas-salud-marbella.png\u00bb alt=\u00bbjuan-carlos-serrano-hospital-recoletas-salud-marbella\u00bb image_icon_width=\u00bb200px\u00bb _builder_version=\u00bb4.27.4&#8243; _module_preset=\u00bbdefault\u00bb header_level=\u00bbh3&#8243; header_font=\u00bb&#8211;et_global_heading_font|700||on|||||\u00bb header_text_align=\u00bbcenter\u00bb header_text_color=\u00bb#5A636A\u00bb header_font_size=\u00bb14px\u00bb body_font=\u00bb&#8211;et_global_body_font||||||||\u00bb body_text_color=\u00bb#5A636A\u00bb body_link_font=\u00bb|700|||||||\u00bb text_orientation=\u00bbcenter\u00bb custom_margin_tablet=\u00bb\u00bb custom_margin_phone=\u00bb0px||16px||false|false\u00bb custom_margin_last_edited=\u00bbon|phone\u00bb border_color_all=\u00bb#C7A3DE\u00bb border_radii_image=\u00bbon|522px|522px|522px|522px\u00bb border_width_all_image=\u00bb2px\u00bb border_color_all_image=\u00bb#C7A3DE\u00bb global_colors_info=\u00bb{}\u00bb filter_opacity__hover_enabled=\u00bbon|hover\u00bb filter_opacity__hover=\u00bb88%\u00bb]<\/p>\n<p style=\"text-align: center;\"><span>Esth\u00e9ticienne m\u00e9dicale<\/span><\/p>\n<p style=\"text-align: center;\"><span style=\"color: #cc99ff;\"><b>\u00a0<\/b><\/span><\/p>\n<p>[\/et_pb_blurb][\/et_pb_column][\/et_pb_row][et_pb_row column_structure=\u00bb1_2,1_2&#8243; use_custom_gutter=\u00bbon\u00bb gutter_width=\u00bb1&#8243; disabled_on=\u00bbon|on|on\u00bb _builder_version=\u00bb4.27.4&#8243; _module_preset=\u00bbdefault\u00bb min_height=\u00bb256px\u00bb custom_margin=\u00bb33px|auto|9px|auto|false|false\u00bb custom_margin_tablet=\u00bb33px|auto|9px|auto|false|false\u00bb custom_margin_phone=\u00bb11px|auto|9px|auto|false|false\u00bb custom_margin_last_edited=\u00bbon|phone\u00bb custom_padding=\u00bb4px|0px|3px|0px|false|true\u00bb disabled=\u00bbon\u00bb locked=\u00bboff\u00bb global_colors_info=\u00bb{}\u00bb][et_pb_column type=\u00bb1_2&#8243; _builder_version=\u00bb4.27.4&#8243; _module_preset=\u00bbdefault\u00bb global_colors_info=\u00bb{}\u00bb custom_css_main_element_last_edited=\u00bbon|tablet\u00bb custom_css_main_element_tablet=\u00bbdisplay: inline-block;||max-width: 50%;\u00bb custom_css_main_element_phone=\u00bb-\u00ab][et_pb_blurb title=\u00bbDr. Joaqu\u00edn Garc\u00eda Aparicio\u00bb image=\u00bbhttps:\/\/recoletasmarbella.com\/wp-content\/uploads\/2025\/03\/icon_male-contact-doctor-hospital-marbella.png\u00bb image_icon_width=\u00bb200px\u00bb disabled_on=\u00bboff|off|off\u00bb _builder_version=\u00bb4.27.4&#8243; _module_preset=\u00bbdefault\u00bb header_level=\u00bbh3&#8243; header_font=\u00bb&#8211;et_global_heading_font|700||on|||||\u00bb header_text_align=\u00bbcenter\u00bb header_text_color=\u00bb#5A636A\u00bb header_font_size=\u00bb14px\u00bb body_font=\u00bb&#8211;et_global_body_font||||||||\u00bb body_text_color=\u00bb#5A636A\u00bb body_link_font=\u00bb|700|||||||\u00bb text_orientation=\u00bbcenter\u00bb custom_margin_tablet=\u00bb\u00bb custom_margin_phone=\u00bb0px||16px||false|false\u00bb custom_margin_last_edited=\u00bbon|phone\u00bb filter_brightness=\u00bb108%\u00bb filter_opacity=\u00bb85%\u00bb border_color_all=\u00bb#C7A3DE\u00bb border_radii_image=\u00bbon|522px|522px|522px|522px\u00bb border_width_all_image=\u00bb2px\u00bb border_color_all_image=\u00bb#C7A3DE\u00bb global_colors_info=\u00bb{}\u00bb]<\/p>\n<p style=\"text-align: center;\"><span style=\"color: #333333;\">Chirurgie esth\u00e9tique<\/span><\/p>\n<p style=\"text-align: center;\"><span style=\"color: #cc99ff;\"><b>\u00a0<\/b><\/span><\/p>\n<p>[\/et_pb_blurb][\/et_pb_column][et_pb_column type=\u00bb1_2&#8243; _builder_version=\u00bb4.27.4&#8243; _module_preset=\u00bbdefault\u00bb global_colors_info=\u00bb{}\u00bb custom_css_main_element_last_edited=\u00bbon|tablet\u00bb custom_css_main_element_tablet=\u00bbdisplay: inline-block;||max-width: 50%;\u00bb custom_css_main_element_phone=\u00bb-\u00ab][et_pb_blurb title=\u00bbDr. Ram\u00f3n Roig\u00e9 Castany\u00bb image=\u00bbhttps:\/\/recoletasmarbella.com\/wp-content\/uploads\/2025\/03\/icon_male-contact-doctor-hospital-marbella.png\u00bb image_icon_width=\u00bb200px\u00bb disabled_on=\u00bboff|off|off\u00bb module_class=\u00bbpopmake-287180&#8243; _builder_version=\u00bb4.27.4&#8243; _module_preset=\u00bbdefault\u00bb header_level=\u00bbh3&#8243; header_font=\u00bb&#8211;et_global_heading_font|700||on|||||\u00bb header_text_align=\u00bbcenter\u00bb header_text_color=\u00bb#5A636A\u00bb header_font_size=\u00bb14px\u00bb body_font=\u00bb&#8211;et_global_body_font||||||||\u00bb body_text_color=\u00bb#5A636A\u00bb body_link_font=\u00bb|700|||||||\u00bb text_orientation=\u00bbcenter\u00bb custom_margin_tablet=\u00bb\u00bb custom_margin_phone=\u00bb0px||16px||false|false\u00bb custom_margin_last_edited=\u00bbon|phone\u00bb filter_brightness=\u00bb108%\u00bb filter_opacity=\u00bb85%\u00bb border_color_all=\u00bb#C7A3DE\u00bb border_radii_image=\u00bbon|522px|522px|522px|522px\u00bb border_width_all_image=\u00bb2px\u00bb border_color_all_image=\u00bb#C7A3DE\u00bb global_colors_info=\u00bb{}\u00bb]<\/p>\n<p style=\"text-align: center;\">M\u00e9decine et chirurgie esth\u00e9tiques<span style=\"color: #333333;\"><\/span><\/p>\n<p style=\"text-align: center;\"><strong><span style=\"color: #cc99ff;\">+ D'INFOS<\/span><\/strong><\/p>\n<p>[\/et_pb_blurb][\/et_pb_column][\/et_pb_row][\/et_pb_section][et_pb_section fb_built=\u00bb1&#8243; custom_padding_last_edited=\u00bbon|tablet\u00bb disabled_on=\u00bboff|off|off\u00bb admin_label=\u00bbEst\u00e9tica\u00bb _builder_version=\u00bb4.27.4&#8243; _module_preset=\u00bbdefault\u00bb background_enable_color=\u00bboff\u00bb custom_margin_tablet=\u00bb0px||||false|false\u00bb custom_margin_phone=\u00bb0px||||false|false\u00bb custom_margin_last_edited=\u00bbon|tablet\u00bb custom_padding_tablet=\u00bb0px||||false|false\u00bb custom_padding_phone=\u00bb0px||||false|false\u00bb box_shadow_style=\u00bbpreset1&#8243; box_shadow_horizontal=\u00bb15px\u00bb box_shadow_vertical=\u00bb1px\u00bb box_shadow_blur=\u00bb15px\u00bb global_colors_info=\u00bb{}\u00bb][et_pb_row _builder_version=\u00bb4.27.4&#8243; _module_preset=\u00bbdefault\u00bb global_colors_info=\u00bb{}\u00bb][et_pb_column type=\u00bb4_4&#8243; _builder_version=\u00bb4.27.4&#8243; _module_preset=\u00bbdefault\u00bb global_colors_info=\u00bb{}\u00bb][et_pb_text _builder_version=\u00bb4.27.4&#8243; _module_preset=\u00bbb20293d3-7e7e-4718-8a41-9d40e20be87b\u00bb header_2_font=\u00bb&#8211;et_global_heading_font|300||on|||||\u00bb header_2_font_size=\u00bb31px\u00bb header_2_letter_spacing=\u00bb0px\u00bb header_2_line_height=\u00bb1em\u00bb header_4_text_color=\u00bb#C7A3DE\u00bb max_width=\u00bb379px\u00bb max_width_tablet=\u00bb379px\u00bb max_width_phone=\u00bb266px\u00bb max_width_last_edited=\u00bbon|phone\u00bb module_alignment=\u00bbcenter\u00bb custom_margin=\u00bb||-8px||false|false\u00bb custom_padding=\u00bb1px|30px||30px|false|true\u00bb border_width_all=\u00bb2px\u00bb border_color_all=\u00bb#C7A3DE\u00bb border_width_top=\u00bb0px\u00bb border_width_right=\u00bb0px\u00bb border_color_right=\u00bb#C7A3DE\u00bb border_width_bottom=\u00bb1px\u00bb border_color_bottom=\u00bb#C7A3DE\u00bb border_color_left=\u00bb#C7A3DE\u00bb locked=\u00bboff\u00bb global_colors_info=\u00bb{}\u00bb]<\/p>\n<h3 style=\"text-align: center;\">CHIRURGIE PLASTIQUE, ESTH\u00c9TIQUE ET R\u00c9PARATRICE<\/h3>\n<p>[\/et_pb_text][\/et_pb_column][\/et_pb_row][et_pb_row use_custom_gutter=\u00bbon\u00bb gutter_width=\u00bb1&#8243; disabled_on=\u00bboff|off|off\u00bb _builder_version=\u00bb4.27.4&#8243; _module_preset=\u00bbdefault\u00bb min_height=\u00bb256px\u00bb custom_margin=\u00bb33px|auto|9px|auto|false|false\u00bb custom_margin_tablet=\u00bb33px|auto|9px|auto|false|false\u00bb custom_margin_phone=\u00bb11px|auto|9px|auto|false|false\u00bb custom_margin_last_edited=\u00bbon|phone\u00bb custom_padding=\u00bb4px|0px|3px|0px|false|true\u00bb locked=\u00bboff\u00bb global_colors_info=\u00bb{}\u00bb][et_pb_column type=\u00bb4_4&#8243; _builder_version=\u00bb4.27.4&#8243; _module_preset=\u00bbdefault\u00bb global_colors_info=\u00bb{}\u00bb custom_css_main_element_last_edited=\u00bbon|tablet\u00bb custom_css_main_element_tablet=\u00bbdisplay: inline-block;||max-width: 50%;\u00bb custom_css_main_element_phone=\u00bb-\u00ab][et_pb_blurb title=\u00bbDr. Pablo Casas Rodera\u00bb image=\u00bbhttps:\/\/recoletasmarbella.com\/wp-content\/uploads\/2026\/01\/pablo-casas-hospital-recoletas-salud-marbella.png\u00bb alt=\u00bbjuan-carlos-serrano-hospital-recoletas-salud-marbella\u00bb image_icon_width=\u00bb200px\u00bb module_class=\u00bbpopmake-292342&#8243; _builder_version=\u00bb4.27.4&#8243; _module_preset=\u00bbdefault\u00bb header_level=\u00bbh3&#8243; header_font=\u00bb&#8211;et_global_heading_font|700||on|||||\u00bb header_text_align=\u00bbcenter\u00bb header_text_color=\u00bb#5A636A\u00bb header_font_size=\u00bb14px\u00bb body_font=\u00bb&#8211;et_global_body_font||||||||\u00bb body_text_color=\u00bb#5A636A\u00bb body_link_font=\u00bb|700|||||||\u00bb text_orientation=\u00bbcenter\u00bb custom_margin_tablet=\u00bb\u00bb custom_margin_phone=\u00bb0px||16px||false|false\u00bb custom_margin_last_edited=\u00bbon|phone\u00bb border_color_all=\u00bb#C7A3DE\u00bb border_radii_image=\u00bbon|522px|522px|522px|522px\u00bb border_width_all_image=\u00bb2px\u00bb border_color_all_image=\u00bb#C7A3DE\u00bb global_colors_info=\u00bb{}\u00bb filter_opacity__hover_enabled=\u00bbon|hover\u00bb filter_opacity__hover=\u00bb88%\u00bb]<\/p>\n<p style=\"text-align: center;\"><span>Chirurgien plasticien du visage, sp\u00e9cialis\u00e9 dans la rhinoplastie<\/span><\/p>\n<p style=\"text-align: center;\"><strong><span style=\"color: #c4a2cc;\">+ D'INFOS<\/span><\/strong><\/p>\n<p>[\/et_pb_blurb][\/et_pb_column][\/et_pb_row][\/et_pb_section][et_pb_section fb_built=\u00bb1&#8243; custom_padding_last_edited=\u00bbon|tablet\u00bb disabled_on=\u00bbon|on|on\u00bb admin_label=\u00bbEst\u00e9tica\u00bb _builder_version=\u00bb4.27.4&#8243; _module_preset=\u00bbdefault\u00bb background_color=\u00bb#f2f2f2&#8243; custom_margin_tablet=\u00bb0px||||false|false\u00bb custom_margin_phone=\u00bb0px||||false|false\u00bb custom_margin_last_edited=\u00bbon|tablet\u00bb custom_padding_tablet=\u00bb0px||||false|false\u00bb custom_padding_phone=\u00bb0px||||false|false\u00bb box_shadow_style=\u00bbpreset1&#8243; box_shadow_horizontal=\u00bb15px\u00bb box_shadow_vertical=\u00bb1px\u00bb box_shadow_blur=\u00bb15px\u00bb disabled=\u00bbon\u00bb global_colors_info=\u00bb{}\u00bb][et_pb_row _builder_version=\u00bb4.27.4&#8243; _module_preset=\u00bbdefault\u00bb global_colors_info=\u00bb{}\u00bb][et_pb_column type=\u00bb4_4&#8243; _builder_version=\u00bb4.27.4&#8243; _module_preset=\u00bbdefault\u00bb global_colors_info=\u00bb{}\u00bb][et_pb_text _builder_version=\u00bb4.27.4&#8243; _module_preset=\u00bbb20293d3-7e7e-4718-8a41-9d40e20be87b\u00bb header_2_font=\u00bb&#8211;et_global_heading_font|300||on|||||\u00bb header_2_font_size=\u00bb31px\u00bb header_2_letter_spacing=\u00bb0px\u00bb header_2_line_height=\u00bb1em\u00bb header_4_text_color=\u00bb#C7A3DE\u00bb max_width=\u00bb379px\u00bb max_width_tablet=\u00bb379px\u00bb max_width_phone=\u00bb266px\u00bb max_width_last_edited=\u00bbon|phone\u00bb module_alignment=\u00bbcenter\u00bb custom_margin=\u00bb||-8px||false|false\u00bb custom_padding=\u00bb1px|30px||30px|false|true\u00bb border_width_all=\u00bb2px\u00bb border_color_all=\u00bb#C7A3DE\u00bb border_width_top=\u00bb0px\u00bb border_width_right=\u00bb0px\u00bb border_color_right=\u00bb#C7A3DE\u00bb border_width_bottom=\u00bb1px\u00bb border_color_bottom=\u00bb#C7A3DE\u00bb border_color_left=\u00bb#C7A3DE\u00bb locked=\u00bboff\u00bb global_colors_info=\u00bb{}\u00bb]<\/p>\n<h3 style=\"text-align: center;\">GYN\u00c9COLOGIE<\/h3>\n<p>[\/et_pb_text][\/et_pb_column][\/et_pb_row][et_pb_row column_structure=\u00bb1_2,1_2&#8243; use_custom_gutter=\u00bbon\u00bb gutter_width=\u00bb1&#8243; disabled_on=\u00bboff|off|off\u00bb _builder_version=\u00bb4.27.4&#8243; _module_preset=\u00bbdefault\u00bb min_height=\u00bb256px\u00bb custom_margin=\u00bb33px|auto|9px|auto|false|false\u00bb custom_margin_tablet=\u00bb33px|auto|9px|auto|false|false\u00bb custom_margin_phone=\u00bb11px|auto|9px|auto|false|false\u00bb custom_margin_last_edited=\u00bbon|phone\u00bb custom_padding=\u00bb4px|0px|3px|0px|false|true\u00bb locked=\u00bboff\u00bb global_colors_info=\u00bb{}\u00bb][et_pb_column type=\u00bb1_2&#8243; _builder_version=\u00bb4.27.4&#8243; _module_preset=\u00bbdefault\u00bb global_colors_info=\u00bb{}\u00bb custom_css_main_element_last_edited=\u00bbon|tablet\u00bb custom_css_main_element_tablet=\u00bbdisplay: inline-block;||max-width: 50%;\u00bb custom_css_main_element_phone=\u00bb-\u00ab][et_pb_blurb title=\u00bbDr. Jos\u00e9 Ignacio Gerchunoff\u00bb image=\u00bbhttps:\/\/recoletasmarbella.com\/wp-content\/uploads\/2025\/04\/jose-ignacio-gerchunoff-hospital-recoletas-salud-marbella.png\u00bb alt=\u00bbjose-ignacio-gerchunoff-hospital-recoletas-salud-marbella\u00bb image_icon_width=\u00bb200px\u00bb module_class=\u00bbpopmake-285722&#8243; _builder_version=\u00bb4.27.4&#8243; _module_preset=\u00bbdefault\u00bb header_level=\u00bbh3&#8243; header_font=\u00bb&#8211;et_global_heading_font|700||on|||||\u00bb header_text_align=\u00bbcenter\u00bb header_text_color=\u00bb#627179&#8243; header_font_size=\u00bb14px\u00bb body_font=\u00bb&#8211;et_global_body_font||||||||\u00bb body_text_color=\u00bb#627179&#8243; body_link_font=\u00bb|700|||||||\u00bb text_orientation=\u00bbcenter\u00bb custom_margin_tablet=\u00bb\u00bb custom_margin_phone=\u00bb0px||16px||false|false\u00bb custom_margin_last_edited=\u00bbon|phone\u00bb filter_saturate=\u00bb98%\u00bb border_color_all=\u00bb#C7A3DE\u00bb border_radii_image=\u00bbon|522px|522px|522px|522px\u00bb border_width_all_image=\u00bb2px\u00bb border_color_all_image=\u00bb#C7A3DE\u00bb locked=\u00bboff\u00bb global_colors_info=\u00bb{}\u00bb filter_opacity__hover_enabled=\u00bbon|hover\u00bb filter_opacity__hover=\u00bb88%\u00bb]<\/p>\n<p style=\"text-align: center;\"><span>Gyn\u00e9cologie<\/span><\/p>\n<p style=\"text-align: center;\"><strong><span style=\"color: #c4a2cc;\">+ D'INFOS<\/span><\/strong><\/p>\n<p>[\/et_pb_blurb][\/et_pb_column][et_pb_column type=\u00bb1_2&#8243; _builder_version=\u00bb4.27.4&#8243; _module_preset=\u00bbdefault\u00bb global_colors_info=\u00bb{}\u00bb custom_css_main_element_last_edited=\u00bbon|tablet\u00bb custom_css_main_element_tablet=\u00bbdisplay: inline-block;||max-width: 50%;\u00bb custom_css_main_element_phone=\u00bb-\u00ab][et_pb_blurb title=\u00bb Dra. Jordana Mata\u00bb image=\u00bbhttps:\/\/recoletasmarbella.com\/wp-content\/uploads\/2025\/04\/jornada-carina-mata-montenegro_ginecologa-hospital-recoletas-salud-marbella.png\u00bb alt=\u00bbjornada-carina-mata-montenegro_ginecologa-hospital-recoletas-salud-marbella\u00bb image_icon_width=\u00bb200px\u00bb module_class=\u00bbpopmake-284966&#8243; _builder_version=\u00bb4.27.4&#8243; _module_preset=\u00bbdefault\u00bb header_level=\u00bbh3&#8243; header_font=\u00bb&#8211;et_global_heading_font|700||on|||||\u00bb header_text_align=\u00bbcenter\u00bb header_text_color=\u00bb#627179&#8243; header_font_size=\u00bb14px\u00bb body_font=\u00bb&#8211;et_global_body_font||||||||\u00bb body_text_color=\u00bb#627179&#8243; body_link_font=\u00bb|700|||||||\u00bb text_orientation=\u00bbcenter\u00bb custom_margin_tablet=\u00bb\u00bb custom_margin_phone=\u00bb0px||16px||false|false\u00bb custom_margin_last_edited=\u00bbon|phone\u00bb filter_saturate=\u00bb120%\u00bb border_color_all=\u00bb#C7A3DE\u00bb border_radii_image=\u00bbon|522px|522px|522px|522px\u00bb border_width_all_image=\u00bb2px\u00bb border_color_all_image=\u00bb#C7A3DE\u00bb locked=\u00bboff\u00bb global_colors_info=\u00bb{}\u00bb filter_sepia__hover_enabled=\u00bbon|hover\u00bb filter_opacity__hover_enabled=\u00bbon|hover\u00bb filter_opacity__hover=\u00bb88%\u00bb]<\/p>\n<p style=\"text-align: center;\"><span>Gyn\u00e9cologie<\/span><\/p>\n<p style=\"text-align: center;\"><strong><span style=\"color: #c4a2cc;\">+ D'INFOS<\/span><\/strong><\/p>\n<p>[\/et_pb_blurb][\/et_pb_column][\/et_pb_row][et_pb_row column_structure=\u00bb1_3,1_3,1_3&#8243; use_custom_gutter=\u00bbon\u00bb gutter_width=\u00bb1&#8243; disabled_on=\u00bbon|on|on\u00bb _builder_version=\u00bb4.27.4&#8243; _module_preset=\u00bbdefault\u00bb min_height=\u00bb256px\u00bb custom_margin=\u00bb33px|auto|9px|auto|false|false\u00bb custom_margin_tablet=\u00bb33px|auto|9px|auto|false|false\u00bb custom_margin_phone=\u00bb11px|auto|9px|auto|false|false\u00bb custom_margin_last_edited=\u00bbon|phone\u00bb custom_padding=\u00bb4px|0px|3px|0px|false|true\u00bb disabled=\u00bbon\u00bb locked=\u00bboff\u00bb global_colors_info=\u00bb{}\u00bb][et_pb_column type=\u00bb1_3&#8243; _builder_version=\u00bb4.27.4&#8243; _module_preset=\u00bbdefault\u00bb global_colors_info=\u00bb{}\u00bb custom_css_main_element_last_edited=\u00bbon|tablet\u00bb custom_css_main_element_tablet=\u00bbdisplay: inline-block;||max-width: 50%;\u00bb custom_css_main_element_phone=\u00bb-\u00ab][et_pb_blurb title=\u00bbDra. Tina Bizjak Da Fonseca\u00bb image=\u00bbhttps:\/\/recoletasmarbella.com\/wp-content\/uploads\/2025\/04\/icon_femme-contact-doctor-hospital-marbella.png\u00bb alt=\u00bbIcono m\u00e9dica. Hospital Recoletas Salud Marbella\u00bb image_icon_width=\u00bb200px\u00bb disabled_on=\u00bbon|on|on\u00bb _builder_version=\u00bb4.27.4&#8243; _module_preset=\u00bbdefault\u00bb header_level=\u00bbh3&#8243; header_font=\u00bb&#8211;et_global_heading_font|700||on|||||\u00bb header_text_align=\u00bbcenter\u00bb header_text_color=\u00bb#5A636A\u00bb header_font_size=\u00bb14px\u00bb body_font=\u00bb&#8211;et_global_body_font||||||||\u00bb body_text_color=\u00bb#5A636A\u00bb body_link_font=\u00bb|700|||||||\u00bb text_orientation=\u00bbcenter\u00bb custom_margin_tablet=\u00bb\u00bb custom_margin_phone=\u00bb0px||16px||false|false\u00bb custom_margin_last_edited=\u00bbon|phone\u00bb filter_brightness=\u00bb108%\u00bb filter_opacity=\u00bb85%\u00bb border_color_all=\u00bb#C7A3DE\u00bb border_radii_image=\u00bbon|522px|522px|522px|522px\u00bb border_width_all_image=\u00bb2px\u00bb border_color_all_image=\u00bb#C7A3DE\u00bb disabled=\u00bbon\u00bb global_colors_info=\u00bb{}\u00bb]<\/p>\n<p style=\"text-align: center;\">Gyn\u00e9cologie<\/p>\n<p style=\"text-align: center;\"><span style=\"color: #cc99ff;\"><b>\u00a0<\/b><\/span><\/p>\n<p>[\/et_pb_blurb][\/et_pb_column][et_pb_column type=\u00bb1_3&#8243; _builder_version=\u00bb4.27.4&#8243; _module_preset=\u00bbdefault\u00bb global_colors_info=\u00bb{}\u00bb custom_css_main_element_last_edited=\u00bbon|tablet\u00bb custom_css_main_element_tablet=\u00bbdisplay: inline-block;||max-width: 50%;\u00bb custom_css_main_element_phone=\u00bb-\u00ab][et_pb_blurb title=\u00bbDr. Jos\u00e9 Ignacio Gerchunoff\u00bb image=\u00bbhttps:\/\/recoletasmarbella.com\/wp-content\/uploads\/2025\/04\/jose-ignacio-gerchunoff-hospital-recoletas-salud-marbella.png\u00bb alt=\u00bbjose-ignacio-gerchunoff-hospital-recoletas-salud-marbella\u00bb image_icon_width=\u00bb200px\u00bb module_class=\u00bbpopmake-285722&#8243; _builder_version=\u00bb4.27.4&#8243; _module_preset=\u00bbdefault\u00bb header_level=\u00bbh3&#8243; header_font=\u00bb&#8211;et_global_heading_font|700||on|||||\u00bb header_text_align=\u00bbcenter\u00bb header_text_color=\u00bb#5A636A\u00bb header_font_size=\u00bb14px\u00bb body_font=\u00bb&#8211;et_global_body_font||||||||\u00bb body_text_color=\u00bb#5A636A\u00bb body_link_font=\u00bb|700|||||||\u00bb text_orientation=\u00bbcenter\u00bb custom_margin_tablet=\u00bb\u00bb custom_margin_phone=\u00bb0px||16px||false|false\u00bb custom_margin_last_edited=\u00bbon|phone\u00bb filter_saturate=\u00bb98%\u00bb border_color_all=\u00bb#C7A3DE\u00bb border_radii_image=\u00bbon|522px|522px|522px|522px\u00bb border_width_all_image=\u00bb2px\u00bb border_color_all_image=\u00bb#C7A3DE\u00bb locked=\u00bboff\u00bb global_colors_info=\u00bb{}\u00bb filter_opacity__hover_enabled=\u00bbon|hover\u00bb filter_opacity__hover=\u00bb88%\u00bb]<\/p>\n<p style=\"text-align: center;\"><span style=\"color: #333333;\">Gyn\u00e9cologie<\/span><\/p>\n<p style=\"text-align: center;\"><strong><span style=\"color: #c4a2cc;\">+ D'INFOS<\/span><\/strong><\/p>\n<p>[\/et_pb_blurb][\/et_pb_column][et_pb_column type=\u00bb1_3&#8243; _builder_version=\u00bb4.27.4&#8243; _module_preset=\u00bbdefault\u00bb global_colors_info=\u00bb{}\u00bb custom_css_main_element_last_edited=\u00bbon|phone\u00bb custom_css_main_element_phone=\u00bb-\u00ab][et_pb_blurb title=\u00bb Dra. Jordana Mata\u00bb image=\u00bbhttps:\/\/recoletasmarbella.com\/wp-content\/uploads\/2025\/04\/jornada-carina-mata-montenegro_ginecologa-hospital-recoletas-salud-marbella.png\u00bb alt=\u00bbjornada-carina-mata-montenegro_ginecologa-hospital-recoletas-salud-marbella\u00bb image_icon_width=\u00bb200px\u00bb module_class=\u00bbpopmake-284966&#8243; _builder_version=\u00bb4.27.4&#8243; _module_preset=\u00bbdefault\u00bb header_level=\u00bbh3&#8243; header_font=\u00bb&#8211;et_global_heading_font|700||on|||||\u00bb header_text_align=\u00bbcenter\u00bb header_text_color=\u00bb#5A636A\u00bb header_font_size=\u00bb14px\u00bb body_font=\u00bb&#8211;et_global_body_font||||||||\u00bb body_text_color=\u00bb#5A636A\u00bb body_link_font=\u00bb|700|||||||\u00bb text_orientation=\u00bbcenter\u00bb custom_margin_tablet=\u00bb\u00bb custom_margin_phone=\u00bb0px||16px||false|false\u00bb custom_margin_last_edited=\u00bbon|phone\u00bb filter_saturate=\u00bb120%\u00bb border_color_all=\u00bb#C7A3DE\u00bb border_radii_image=\u00bbon|522px|522px|522px|522px\u00bb border_width_all_image=\u00bb2px\u00bb border_color_all_image=\u00bb#C7A3DE\u00bb locked=\u00bboff\u00bb global_colors_info=\u00bb{}\u00bb filter_sepia__hover_enabled=\u00bbon|hover\u00bb filter_opacity__hover_enabled=\u00bbon|hover\u00bb filter_opacity__hover=\u00bb88%\u00bb]<\/p>\n<p style=\"text-align: center;\"><span style=\"color: #333333;\">Gyn\u00e9cologie<\/span><\/p>\n<p style=\"text-align: center;\"><strong><span style=\"color: #c4a2cc;\">+ D'INFOS<\/span><\/strong><\/p>\n<p>[\/et_pb_blurb][\/et_pb_column][\/et_pb_row][\/et_pb_section][et_pb_section fb_built=\u00bb1&#8243; specialty=\u00bbon\u00bb admin_label=\u00bbH  m\u00bb _builder_version=\u00bb4.27.4&#8243; _module_preset=\u00bbdefault\u00bb background_color=\u00bb#F2F2F2&#8243; box_shadow_style=\u00bbpreset1&#8243; box_shadow_horizontal=\u00bb15px\u00bb box_shadow_vertical=\u00bb1px\u00bb box_shadow_blur=\u00bb15px\u00bb global_colors_info=\u00bb{}\u00bb][et_pb_column type=\u00bb1_2&#8243; _builder_version=\u00bb4.16&#8243; custom_padding=\u00bb|||\u00bb global_colors_info=\u00bb{}\u00bb custom_padding__hover=\u00bb|||\u00bb][et_pb_text _builder_version=\u00bb4.27.4&#8243; _module_preset=\u00bbb20293d3-7e7e-4718-8a41-9d40e20be87b\u00bb header_2_font=\u00bb&#8211;et_global_heading_font|300||on|||||\u00bb header_2_font_size=\u00bb31px\u00bb header_2_letter_spacing=\u00bb0px\u00bb header_2_line_height=\u00bb1em\u00bb header_4_text_color=\u00bb#C7A3DE\u00bb max_width=\u00bb379px\u00bb max_width_tablet=\u00bb379px\u00bb max_width_phone=\u00bb266px\u00bb max_width_last_edited=\u00bbon|phone\u00bb module_alignment=\u00bbcenter\u00bb custom_margin=\u00bb||-8px||false|false\u00bb custom_padding=\u00bb1px|30px||30px|false|true\u00bb border_width_all=\u00bb2px\u00bb border_color_all=\u00bb#C7A3DE\u00bb border_width_top=\u00bb0px\u00bb border_width_right=\u00bb0px\u00bb border_color_right=\u00bb#C7A3DE\u00bb border_width_bottom=\u00bb1px\u00bb border_color_bottom=\u00bb#C7A3DE\u00bb border_color_left=\u00bb#C7A3DE\u00bb locked=\u00bboff\u00bb global_colors_info=\u00bb{}\u00bb]<\/p>\n<h3 style=\"text-align: center;\">h\u00e9matologie<\/h3>\n<p>[\/et_pb_text][et_pb_blurb title=\u00bbDra. Matilde Gonz\u00e1lez Bernal\u00bb image=\u00bbhttps:\/\/recoletasmarbella.com\/wp-content\/uploads\/2025\/04\/icon_femme-contact-doctor-hospital-marbella.png\u00bb image_icon_width=\u00bb200px\u00bb module_class=\u00bbpopmake-287185&#8243; _builder_version=\u00bb4.27.4&#8243; _module_preset=\u00bbdefault\u00bb header_level=\u00bbh3&#8243; header_font=\u00bb&#8211;et_global_heading_font|700||on|||||\u00bb header_text_align=\u00bbcenter\u00bb header_text_color=\u00bb#5A636A\u00bb header_font_size=\u00bb14px\u00bb body_font=\u00bb&#8211;et_global_body_font||||||||\u00bb body_text_color=\u00bb#5A636A\u00bb body_link_font=\u00bb|700|||||||\u00bb text_orientation=\u00bbcenter\u00bb custom_margin=\u00bb-1px|||||\u00bb custom_margin_tablet=\u00bb\u00bb custom_margin_phone=\u00bb0px||16px||false|false\u00bb custom_margin_last_edited=\u00bbon|phone\u00bb custom_padding=\u00bb60px||||false|false\u00bb filter_brightness=\u00bb108%\u00bb filter_opacity=\u00bb85%\u00bb border_color_all=\u00bb#C7A3DE\u00bb border_radii_image=\u00bbon|522px|522px|522px|522px\u00bb border_width_all_image=\u00bb2px\u00bb border_color_all_image=\u00bb#C7A3DE\u00bb locked=\u00bboff\u00bb global_colors_info=\u00bb{}\u00bb]<\/p>\n<p style=\"text-align: center;\">H\u00e9matologue et h\u00e9moth\u00e9rapeute<\/p>\n<p style=\"text-align: center;\"><strong><span style=\"color: #c4a2cc;\">+ D'INFOS<\/span><\/strong><\/p>\n<p>[\/et_pb_blurb][\/et_pb_column][et_pb_column type=\u00bb1_2&#8243; specialty_columns=\u00bb2&#8243; _builder_version=\u00bb4.16&#8243; custom_padding=\u00bb|||\u00bb global_colors_info=\u00bb{}\u00bb custom_padding__hover=\u00bb|||\u00bb][et_pb_row_inner _builder_version=\u00bb4.27.4&#8243; _module_preset=\u00bbdefault\u00bb custom_margin=\u00bb0px||0px||true|false\u00bb global_colors_info=\u00bb{}\u00bb][et_pb_column_inner saved_specialty_column_type=\u00bb1_2&#8243; _builder_version=\u00bb4.27.4&#8243; _module_preset=\u00bbdefault\u00bb global_colors_info=\u00bb{}\u00bb][et_pb_text _builder_version=\u00bb4.27.4&#8243; _module_preset=\u00bbb20293d3-7e7e-4718-8a41-9d40e20be87b\u00bb header_2_font=\u00bb&#8211;et_global_heading_font|300||on|||||\u00bb header_2_font_size=\u00bb31px\u00bb header_2_letter_spacing=\u00bb0px\u00bb header_2_line_height=\u00bb1em\u00bb header_4_text_color=\u00bb#C7A3DE\u00bb max_width=\u00bb379px\u00bb max_width_tablet=\u00bb379px\u00bb max_width_phone=\u00bb266px\u00bb max_width_last_edited=\u00bbon|phone\u00bb module_alignment=\u00bbcenter\u00bb custom_margin=\u00bb||-8px||false|false\u00bb custom_padding=\u00bb1px|30px||30px|false|true\u00bb border_width_all=\u00bb2px\u00bb border_color_all=\u00bb#C7A3DE\u00bb border_width_top=\u00bb0px\u00bb border_width_right=\u00bb0px\u00bb border_color_right=\u00bb#C7A3DE\u00bb border_width_bottom=\u00bb1px\u00bb border_color_bottom=\u00bb#C7A3DE\u00bb border_color_left=\u00bb#C7A3DE\u00bb locked=\u00bboff\u00bb global_colors_info=\u00bb{}\u00bb]<\/p>\n<h3 style=\"text-align: center;\">m\u00e9decine interne<\/h3>\n<p>[\/et_pb_text][\/et_pb_column_inner][\/et_pb_row_inner][et_pb_row_inner column_structure=\u00bb1_2,1_2&#8243; _builder_version=\u00bb4.27.4&#8243; _module_preset=\u00bbdefault\u00bb custom_margin=\u00bb0px||0px||true|false\u00bb custom_padding=\u00bb0px||0px||true|\u00bb locked=\u00bboff\u00bb global_colors_info=\u00bb{}\u00bb][et_pb_column_inner type=\u00bb1_2&#8243; saved_specialty_column_type=\u00bb1_2&#8243; _builder_version=\u00bb4.27.4&#8243; _module_preset=\u00bbdefault\u00bb global_colors_info=\u00bb{}\u00bb][et_pb_blurb title=\u00bbDr. Francisco Mart\u00ednez Pe\u00f1alver\u00bb image=\u00bbhttps:\/\/recoletasmarbella.com\/wp-content\/uploads\/2025\/03\/icon_male-contact-doctor-hospital-marbella.png\u00bb image_icon_width=\u00bb200px\u00bb module_class=\u00bbpopmake-284948&#8243; _builder_version=\u00bb4.27.4&#8243; _module_preset=\u00bbdefault\u00bb header_level=\u00bbh3&#8243; header_font=\u00bb&#8211;et_global_heading_font|700||on|||||\u00bb header_text_align=\u00bbcenter\u00bb header_text_color=\u00bb#5A636A\u00bb header_font_size=\u00bb14px\u00bb body_font=\u00bb&#8211;et_global_body_font||||||||\u00bb body_text_color=\u00bb#5A636A\u00bb body_link_font=\u00bb|700|||||||\u00bb text_orientation=\u00bbcenter\u00bb custom_margin_tablet=\u00bb\u00bb custom_margin_phone=\u00bb0px||16px||false|false\u00bb custom_margin_last_edited=\u00bbon|phone\u00bb custom_padding=\u00bb30px||||false|false\u00bb filter_brightness=\u00bb108%\u00bb border_color_all=\u00bb#C7A3DE\u00bb border_radii_image=\u00bbon|522px|522px|522px|522px\u00bb border_width_all_image=\u00bb2px\u00bb border_color_all_image=\u00bb#C7A3DE\u00bb global_colors_info=\u00bb{}\u00bb]<\/p>\n<p style=\"text-align: center;\"><span style=\"color: #333333;\">M\u00e9decine interne<\/span><\/p>\n<p style=\"text-align: center;\"><strong><span style=\"color: #c4a2cc;\">+ D'INFOS<\/span><\/strong><\/p>\n<p>[\/et_pb_blurb][\/et_pb_column_inner][et_pb_column_inner type=\u00bb1_2&#8243; saved_specialty_column_type=\u00bb1_2&#8243; _builder_version=\u00bb4.27.4&#8243; _module_preset=\u00bbdefault\u00bb global_colors_info=\u00bb{}\u00bb][et_pb_blurb title=\u00bbDr. Miguel \u00c1ngel P\u00e9rez Velasco\u00bb image=\u00bbhttps:\/\/recoletasmarbella.com\/wp-content\/uploads\/2025\/04\/miguel-angel-perez-medicina-interna-hospital-recoletas-salud-marbella.png\u00bb image_icon_width=\u00bb200px\u00bb module_class=\u00bbpopmake-287164&#8243; _builder_version=\u00bb4.27.4&#8243; _module_preset=\u00bbdefault\u00bb header_level=\u00bbh3&#8243; header_font=\u00bb&#8211;et_global_heading_font|700||on|||||\u00bb header_text_align=\u00bbcenter\u00bb header_text_color=\u00bb#5A636A\u00bb header_font_size=\u00bb14px\u00bb body_font=\u00bb&#8211;et_global_body_font||||||||\u00bb body_text_color=\u00bb#5A636A\u00bb body_link_font=\u00bb|700|||||||\u00bb text_orientation=\u00bbcenter\u00bb custom_margin_tablet=\u00bb\u00bb custom_margin_phone=\u00bb0px||16px||false|false\u00bb custom_margin_last_edited=\u00bbon|phone\u00bb custom_padding=\u00bb30px||||false|false\u00bb filter_saturate=\u00bb115%\u00bb filter_brightness=\u00bb108%\u00bb filter_sepia=\u00bb5%\u00bb border_color_all=\u00bb#C7A3DE\u00bb border_radii_image=\u00bbon|522px|522px|522px|522px\u00bb border_width_all_image=\u00bb2px\u00bb border_color_all_image=\u00bb#C7A3DE\u00bb global_colors_info=\u00bb{}\u00bb filter_opacity__hover_enabled=\u00bbon|hover\u00bb filter_opacity__hover=\u00bb85%\u00bb]<\/p>\n<p style=\"text-align: center;\">M\u00e9decine interne<\/p>\n<p style=\"text-align: center;\"><strong><span style=\"color: #c4a2cc;\">+ D'INFOS<\/span><\/strong><\/p>\n<p>[\/et_pb_blurb][\/et_pb_column_inner][\/et_pb_row_inner][\/et_pb_column][\/et_pb_section][et_pb_section fb_built=\u00bb1&#8243; specialty=\u00bbon\u00bb disabled_on=\u00bbon|on|on\u00bb admin_label=\u00bbF G\u00bb _builder_version=\u00bb4.27.4&#8243; _module_preset=\u00bbdefault\u00bb background_color=\u00bb#f2f2f2&#8243; box_shadow_style=\u00bbpreset1&#8243; box_shadow_horizontal=\u00bb15px\u00bb box_shadow_vertical=\u00bb1px\u00bb box_shadow_blur=\u00bb15px\u00bb disabled=\u00bbon\u00bb global_colors_info=\u00bb{}\u00bb][et_pb_column type=\u00bb1_2&#8243; _builder_version=\u00bb4.16&#8243; custom_padding=\u00bb|||\u00bb global_colors_info=\u00bb{}\u00bb custom_padding__hover=\u00bb|||\u00bb][et_pb_text _builder_version=\u00bb4.27.4&#8243; _module_preset=\u00bbb20293d3-7e7e-4718-8a41-9d40e20be87b\u00bb header_2_font=\u00bb&#8211;et_global_heading_font|300||on|||||\u00bb header_2_font_size=\u00bb31px\u00bb header_2_letter_spacing=\u00bb0px\u00bb header_2_line_height=\u00bb1em\u00bb header_4_text_color=\u00bb#C7A3DE\u00bb max_width=\u00bb379px\u00bb max_width_tablet=\u00bb379px\u00bb max_width_phone=\u00bb266px\u00bb max_width_last_edited=\u00bbon|phone\u00bb module_alignment=\u00bbcenter\u00bb custom_margin=\u00bb||-8px||false|false\u00bb custom_padding=\u00bb1px|30px||30px|false|true\u00bb border_color_right=\u00bb#C7A3DE\u00bb border_width_bottom=\u00bb1px\u00bb border_color_bottom=\u00bb#C7A3DE\u00bb border_color_left=\u00bb#C7A3DE\u00bb locked=\u00bboff\u00bb global_colors_info=\u00bb{}\u00bb]<\/p>\n<h3 style=\"text-align: center;\">KIN\u00c9SITH\u00c9RAPIE<\/h3>\n<p>[\/et_pb_text][et_pb_blurb title=\u00bbDr. \u00d3scar Gonz\u00e1lez Raimundo\u00bb image=\u00bbhttps:\/\/recoletasmarbella.com\/wp-content\/uploads\/2025\/03\/icon_male-contact-doctor-hospital-marbella.png\u00bb image_icon_width=\u00bb200px\u00bb disabled_on=\u00bbon|on|on\u00bb _builder_version=\u00bb4.27.4&#8243; _module_preset=\u00bbdefault\u00bb header_level=\u00bbh3&#8243; header_font=\u00bb&#8211;et_global_heading_font|700||on|||||\u00bb header_text_align=\u00bbcenter\u00bb header_text_color=\u00bb#5A636A\u00bb header_font_size=\u00bb14px\u00bb body_font=\u00bb&#8211;et_global_body_font||||||||\u00bb body_text_color=\u00bb#5A636A\u00bb body_link_font=\u00bb|700|||||||\u00bb text_orientation=\u00bbcenter\u00bb custom_margin=\u00bb-1px|||||\u00bb custom_margin_tablet=\u00bb\u00bb custom_margin_phone=\u00bb0px||16px||false|false\u00bb custom_margin_last_edited=\u00bbon|phone\u00bb custom_padding=\u00bb60px||||false|false\u00bb custom_padding_tablet=\u00bb70px||||false|false\u00bb custom_padding_last_edited=\u00bboff|desktop\u00bb filter_brightness=\u00bb108%\u00bb filter_opacity=\u00bb85%\u00bb border_color_all=\u00bb#C7A3DE\u00bb border_radii_image=\u00bbon|522px|522px|522px|522px\u00bb border_width_all_image=\u00bb2px\u00bb border_color_all_image=\u00bb#C7A3DE\u00bb disabled=\u00bbon\u00bb locked=\u00bboff\u00bb global_colors_info=\u00bb{}\u00bb]<\/p>\n<p style=\"text-align: center;\"><span>Physioth\u00e9rapeute<\/span><\/p>\n<p style=\"text-align: center;\"><span><strong><span style=\"color: #c4a2cc;\">+ D'INFOS<\/span><\/strong><\/span><\/p>\n<p style=\"text-align: center;\"><span style=\"color: #cc99ff;\"><b>\u00a0<\/b><\/span><\/p>\n<p>[\/et_pb_blurb][\/et_pb_column][et_pb_column type=\u00bb1_2&#8243; specialty_columns=\u00bb2&#8243; _builder_version=\u00bb4.16&#8243; custom_padding=\u00bb|||\u00bb global_colors_info=\u00bb{}\u00bb custom_padding__hover=\u00bb|||\u00bb][et_pb_row_inner _builder_version=\u00bb4.27.4&#8243; _module_preset=\u00bbdefault\u00bb global_colors_info=\u00bb{}\u00bb][et_pb_column_inner saved_specialty_column_type=\u00bb1_2&#8243; _builder_version=\u00bb4.27.4&#8243; _module_preset=\u00bbdefault\u00bb global_colors_info=\u00bb{}\u00bb][et_pb_text _builder_version=\u00bb4.27.4&#8243; _module_preset=\u00bbb20293d3-7e7e-4718-8a41-9d40e20be87b\u00bb header_2_font=\u00bb&#8211;et_global_heading_font|300||on|||||\u00bb header_2_font_size=\u00bb31px\u00bb header_2_letter_spacing=\u00bb0px\u00bb header_2_line_height=\u00bb1em\u00bb header_4_text_color=\u00bb#C7A3DE\u00bb max_width=\u00bb379px\u00bb max_width_tablet=\u00bb379px\u00bb max_width_phone=\u00bb266px\u00bb max_width_last_edited=\u00bbon|phone\u00bb module_alignment=\u00bbcenter\u00bb custom_margin=\u00bb||-8px||false|false\u00bb custom_padding=\u00bb1px|30px||30px|false|true\u00bb border_width_all=\u00bb2px\u00bb border_color_all=\u00bb#C7A3DE\u00bb border_width_top=\u00bb0px\u00bb border_width_right=\u00bb0px\u00bb border_color_right=\u00bb#C7A3DE\u00bb border_width_bottom=\u00bb1px\u00bb border_color_bottom=\u00bb#C7A3DE\u00bb border_color_left=\u00bb#C7A3DE\u00bb locked=\u00bboff\u00bb global_colors_info=\u00bb{}\u00bb]<\/p>\n<h3 style=\"text-align: center;\">GYN\u00c9COLOGIE<\/h3>\n<p>[\/et_pb_text][\/et_pb_column_inner][\/et_pb_row_inner][et_pb_row_inner column_structure=\u00bb1_2,1_2&#8243; _builder_version=\u00bb4.27.4&#8243; _module_preset=\u00bbdefault\u00bb global_colors_info=\u00bb{}\u00bb][et_pb_column_inner type=\u00bb1_2&#8243; saved_specialty_column_type=\u00bb1_2&#8243; _builder_version=\u00bb4.27.4&#8243; _module_preset=\u00bbdefault\u00bb global_colors_info=\u00bb{}\u00bb][\/et_pb_column_inner][et_pb_column_inner type=\u00bb1_2&#8243; saved_specialty_column_type=\u00bb1_2&#8243; _builder_version=\u00bb4.27.4&#8243; _module_preset=\u00bbdefault\u00bb global_colors_info=\u00bb{}\u00bb][\/et_pb_column_inner][\/et_pb_row_inner][\/et_pb_column][\/et_pb_section][et_pb_section fb_built=\u00bb1&#8243; disabled_on=\u00bboff|off|off\u00bb admin_label=\u00bbtrauma\u00bb _builder_version=\u00bb4.27.4&#8243; _module_preset=\u00bbdefault\u00bb background_color=\u00bb#FFFFFF\u00bb box_shadow_style=\u00bbpreset1&#8243; box_shadow_horizontal=\u00bb15px\u00bb box_shadow_vertical=\u00bb1px\u00bb box_shadow_blur=\u00bb15px\u00bb global_colors_info=\u00bb{}\u00bb][et_pb_row _builder_version=\u00bb4.27.4&#8243; _module_preset=\u00bbdefault\u00bb global_colors_info=\u00bb{}\u00bb][et_pb_column type=\u00bb4_4&#8243; _builder_version=\u00bb4.27.4&#8243; _module_preset=\u00bbdefault\u00bb global_colors_info=\u00bb{}\u00bb][et_pb_text _builder_version=\u00bb4.27.4&#8243; _module_preset=\u00bbb20293d3-7e7e-4718-8a41-9d40e20be87b\u00bb header_2_font=\u00bb&#8211;et_global_heading_font|300||on|||||\u00bb header_2_font_size=\u00bb31px\u00bb header_2_letter_spacing=\u00bb0px\u00bb header_2_line_height=\u00bb1em\u00bb header_4_text_color=\u00bb#C7A3DE\u00bb max_width=\u00bb379px\u00bb max_width_tablet=\u00bb379px\u00bb max_width_phone=\u00bb266px\u00bb max_width_last_edited=\u00bbon|phone\u00bb module_alignment=\u00bbcenter\u00bb custom_margin=\u00bb||-8px||false|false\u00bb custom_padding=\u00bb1px|30px||30px|false|true\u00bb border_width_all=\u00bb2px\u00bb border_color_all=\u00bb#C7A3DE\u00bb border_width_top=\u00bb0px\u00bb border_width_right=\u00bb0px\u00bb border_color_right=\u00bb#C7A3DE\u00bb border_width_bottom=\u00bb1px\u00bb border_color_bottom=\u00bb#C7A3DE\u00bb border_color_left=\u00bb#C7A3DE\u00bb locked=\u00bboff\u00bb global_colors_info=\u00bb{}\u00bb]<\/p>\n<h3 style=\"text-align: center;\">M\u00e9decine intensive<\/h3>\n<p>[\/et_pb_text][\/et_pb_column][\/et_pb_row][et_pb_row disabled_on=\u00bboff|off|off\u00bb _builder_version=\u00bb4.27.4&#8243; _module_preset=\u00bbdefault\u00bb global_colors_info=\u00bb{}\u00bb][et_pb_column type=\u00bb4_4&#8243; _builder_version=\u00bb4.27.4&#8243; _module_preset=\u00bbdefault\u00bb global_colors_info=\u00bb{}\u00bb][et_pb_blurb title=\u00bbDr. Ignacio Dur\u00e1n\u00bb image=\u00bbhttps:\/\/recoletasmarbella.com\/wp-content\/uploads\/2025\/04\/icon_male-contact-doctor-hospital-marbella.png\u00bb alt=\u00bbIcono m\u00e9dico. Hospital Recoletas Salud Marbella\u00bb image_icon_width=\u00bb200px\u00bb disabled_on=\u00bboff|off|off\u00bb _builder_version=\u00bb4.27.4&#8243; _module_preset=\u00bbdefault\u00bb header_level=\u00bbh3&#8243; header_font=\u00bb&#8211;et_global_heading_font|700||on|||||\u00bb header_text_align=\u00bbcenter\u00bb header_text_color=\u00bb#5A636A\u00bb header_font_size=\u00bb14px\u00bb body_font=\u00bb&#8211;et_global_body_font||||||||\u00bb body_text_color=\u00bb#5A636A\u00bb body_link_font=\u00bb|700|||||||\u00bb text_orientation=\u00bbcenter\u00bb custom_margin=\u00bb-1px|||||\u00bb custom_margin_tablet=\u00bb\u00bb custom_margin_phone=\u00bb0px||16px||false|false\u00bb custom_margin_last_edited=\u00bbon|phone\u00bb custom_padding=\u00bb2px||||false|false\u00bb filter_brightness=\u00bb108%\u00bb filter_opacity=\u00bb85%\u00bb border_color_all=\u00bb#C7A3DE\u00bb border_radii_image=\u00bbon|522px|522px|522px|522px\u00bb border_width_all_image=\u00bb2px\u00bb border_color_all_image=\u00bb#C7A3DE\u00bb global_colors_info=\u00bb{}\u00bb]<\/p>\n<p style=\"text-align: center;\">M\u00e9decine intensive<\/p>\n<p style=\"text-align: center;\"><span style=\"color: #cc99ff;\"><b>\u00a0<\/b><\/span><\/p>\n<p>[\/et_pb_blurb][\/et_pb_column][\/et_pb_row][\/et_pb_section][et_pb_section fb_built=\u00bb1&#8243; disabled_on=\u00bboff|off|off\u00bb admin_label=\u00bbNeurocirug\u00eda\u00bb _builder_version=\u00bb4.27.4&#8243; _module_preset=\u00bbdefault\u00bb background_color=\u00bb#F2F2F2&#8243; box_shadow_style=\u00bbpreset1&#8243; box_shadow_horizontal=\u00bb15px\u00bb box_shadow_vertical=\u00bb1px\u00bb box_shadow_blur=\u00bb15px\u00bb global_colors_info=\u00bb{}\u00bb][et_pb_row _builder_version=\u00bb4.27.4&#8243; _module_preset=\u00bbdefault\u00bb global_colors_info=\u00bb{}\u00bb][et_pb_column type=\u00bb4_4&#8243; _builder_version=\u00bb4.27.4&#8243; _module_preset=\u00bbdefault\u00bb global_colors_info=\u00bb{}\u00bb][et_pb_text _builder_version=\u00bb4.27.4&#8243; _module_preset=\u00bbb20293d3-7e7e-4718-8a41-9d40e20be87b\u00bb header_2_font=\u00bb&#8211;et_global_heading_font|300||on|||||\u00bb header_2_font_size=\u00bb31px\u00bb header_2_letter_spacing=\u00bb0px\u00bb header_2_line_height=\u00bb1em\u00bb header_4_text_color=\u00bb#C7A3DE\u00bb max_width=\u00bb379px\u00bb max_width_tablet=\u00bb379px\u00bb max_width_phone=\u00bb266px\u00bb max_width_last_edited=\u00bbon|phone\u00bb module_alignment=\u00bbcenter\u00bb custom_margin=\u00bb||-8px||false|false\u00bb custom_padding=\u00bb1px|30px||30px|false|true\u00bb border_width_all=\u00bb2px\u00bb border_color_all=\u00bb#C7A3DE\u00bb border_width_top=\u00bb0px\u00bb border_width_right=\u00bb0px\u00bb border_color_right=\u00bb#C7A3DE\u00bb border_width_bottom=\u00bb1px\u00bb border_color_bottom=\u00bb#C7A3DE\u00bb border_color_left=\u00bb#C7A3DE\u00bb locked=\u00bboff\u00bb global_colors_info=\u00bb{}\u00bb]<\/p>\n<h3 style=\"text-align: center;\">M\u00e9decine g\u00e9n\u00e9rale<\/h3>\n<p>[\/et_pb_text][\/et_pb_column][\/et_pb_row][et_pb_row use_custom_gutter=\u00bbon\u00bb gutter_width=\u00bb1&#8243; _builder_version=\u00bb4.27.4&#8243; _module_preset=\u00bbdefault\u00bb min_height=\u00bb255px\u00bb custom_margin=\u00bb33px|auto|9px|auto|false|false\u00bb custom_margin_tablet=\u00bb33px|auto|9px|auto|false|false\u00bb custom_margin_phone=\u00bb11px|auto|9px|auto|false|false\u00bb custom_margin_last_edited=\u00bbon|phone\u00bb custom_padding=\u00bb4px|0px|3px|0px|false|true\u00bb locked=\u00bboff\u00bb global_colors_info=\u00bb{}\u00bb][et_pb_column type=\u00bb4_4&#8243; module_id=\u00bbpopmake-292260&#8243; _builder_version=\u00bb4.27.4&#8243; _module_preset=\u00bbdefault\u00bb global_colors_info=\u00bb{}\u00bb][et_pb_blurb title=\u00bbDra. Rhita Belamine\u00bb image=\u00bbhttps:\/\/recoletasmarbella.com\/wp-content\/uploads\/2025\/04\/icon_femme-contact-doctor-hospital-marbella.png\u00bb image_icon_width=\u00bb200px\u00bb disabled_on=\u00bboff|off|off\u00bb module_id=\u00bbpopmake-292260&#8243; module_class=\u00bbpopmake-292260&#8243; _builder_version=\u00bb4.27.4&#8243; _module_preset=\u00bbdefault\u00bb header_level=\u00bbh3&#8243; header_font=\u00bb&#8211;et_global_heading_font|700||on|||||\u00bb header_text_align=\u00bbcenter\u00bb header_text_color=\u00bb#5A636A\u00bb header_font_size=\u00bb14px\u00bb body_font=\u00bb&#8211;et_global_body_font||||||||\u00bb body_text_color=\u00bb#5A636A\u00bb body_link_font=\u00bb|700|||||||\u00bb text_orientation=\u00bbcenter\u00bb custom_margin_tablet=\u00bb\u00bb custom_margin_phone=\u00bb0px||16px||false|false\u00bb custom_margin_last_edited=\u00bbon|phone\u00bb filter_brightness=\u00bb108%\u00bb filter_opacity=\u00bb85%\u00bb border_color_all=\u00bb#C7A3DE\u00bb border_radii_image=\u00bbon|522px|522px|522px|522px\u00bb border_width_all_image=\u00bb2px\u00bb border_color_all_image=\u00bb#C7A3DE\u00bb global_colors_info=\u00bb{}\u00bb]<\/p>\n<p style=\"text-align: center;\"><span>M\u00e9decine g\u00e9n\u00e9rale et m\u00e9decine d'urgence<\/span><\/p>\n<p style=\"text-align: center;\"><strong><span style=\"color: #c4a2cc;\">+ D'INFOS<\/span><\/strong><\/p>\n<p>[\/et_pb_blurb][\/et_pb_column][\/et_pb_row][\/et_pb_section][et_pb_section fb_built=\u00bb1&#8243; disabled_on=\u00bbon|on|on\u00bb admin_label=\u00bbtrauma\u00bb _builder_version=\u00bb4.27.4&#8243; _module_preset=\u00bbdefault\u00bb background_color=\u00bb#f2f2f2&#8243; box_shadow_style=\u00bbpreset1&#8243; box_shadow_horizontal=\u00bb15px\u00bb box_shadow_vertical=\u00bb1px\u00bb box_shadow_blur=\u00bb15px\u00bb disabled=\u00bbon\u00bb global_colors_info=\u00bb{}\u00bb][et_pb_row _builder_version=\u00bb4.27.4&#8243; _module_preset=\u00bbdefault\u00bb global_colors_info=\u00bb{}\u00bb][et_pb_column type=\u00bb4_4&#8243; _builder_version=\u00bb4.27.4&#8243; _module_preset=\u00bbdefault\u00bb global_colors_info=\u00bb{}\u00bb][et_pb_text _builder_version=\u00bb4.27.4&#8243; _module_preset=\u00bbb20293d3-7e7e-4718-8a41-9d40e20be87b\u00bb header_2_font=\u00bb&#8211;et_global_heading_font|300||on|||||\u00bb header_2_font_size=\u00bb31px\u00bb header_2_letter_spacing=\u00bb0px\u00bb header_2_line_height=\u00bb1em\u00bb header_4_text_color=\u00bb#C7A3DE\u00bb max_width=\u00bb379px\u00bb max_width_tablet=\u00bb379px\u00bb max_width_phone=\u00bb266px\u00bb max_width_last_edited=\u00bbon|phone\u00bb module_alignment=\u00bbcenter\u00bb custom_margin=\u00bb||-8px||false|false\u00bb custom_padding=\u00bb1px|30px||30px|false|true\u00bb border_width_all=\u00bb2px\u00bb border_color_all=\u00bb#C7A3DE\u00bb border_width_top=\u00bb0px\u00bb border_width_right=\u00bb0px\u00bb border_color_right=\u00bb#C7A3DE\u00bb border_width_bottom=\u00bb1px\u00bb border_color_bottom=\u00bb#C7A3DE\u00bb border_color_left=\u00bb#C7A3DE\u00bb locked=\u00bboff\u00bb global_colors_info=\u00bb{}\u00bb]<\/p>\n<h3 style=\"text-align: center;\">Neurochirurgie<\/h3>\n<p>[\/et_pb_text][\/et_pb_column][\/et_pb_row][et_pb_row disabled_on=\u00bboff|off|off\u00bb _builder_version=\u00bb4.27.4&#8243; _module_preset=\u00bbdefault\u00bb global_colors_info=\u00bb{}\u00bb][et_pb_column type=\u00bb4_4&#8243; _builder_version=\u00bb4.27.4&#8243; _module_preset=\u00bbdefault\u00bb global_colors_info=\u00bb{}\u00bb][et_pb_blurb title=\u00bbDr. Manuel J. de la Torre\u00bb image=\u00bbhttps:\/\/recoletasmarbella.com\/wp-content\/uploads\/2025\/09\/manuel-torre-gutie\u0301rrez.png\u00bb alt=\u00bbDr. Manuel J. de la Torre Guti\u00e9rrez\u00bb image_icon_width=\u00bb200px\u00bb disabled_on=\u00bboff|off|off\u00bb module_class=\u00bbpopmake-292105&#8243; _builder_version=\u00bb4.27.4&#8243; _module_preset=\u00bbdefault\u00bb header_level=\u00bbh3&#8243; header_font=\u00bb&#8211;et_global_heading_font|700||on|||||\u00bb header_text_align=\u00bbcenter\u00bb header_text_color=\u00bb#5A636A\u00bb header_font_size=\u00bb14px\u00bb body_font=\u00bb&#8211;et_global_body_font||||||||\u00bb body_text_color=\u00bb#5A636A\u00bb body_link_font=\u00bb|700|||||||\u00bb text_orientation=\u00bbcenter\u00bb custom_margin=\u00bb-1px|||||\u00bb custom_margin_tablet=\u00bb\u00bb custom_margin_phone=\u00bb0px||16px||false|false\u00bb custom_margin_last_edited=\u00bbon|phone\u00bb custom_padding=\u00bb0px||||false|false\u00bb filter_brightness=\u00bb108%\u00bb filter_opacity=\u00bb85%\u00bb child_filter_saturate=\u00bb112%\u00bb child_filter_brightness=\u00bb96%\u00bb child_filter_contrast=\u00bb96%\u00bb child_filter_invert=\u00bb4%\u00bb child_filter_sepia=\u00bb12%\u00bb border_color_all=\u00bb#C7A3DE\u00bb border_radii_image=\u00bbon|522px|522px|522px|522px\u00bb border_width_all_image=\u00bb2px\u00bb border_color_all_image=\u00bb#C7A3DE\u00bb global_colors_info=\u00bb{}\u00bb]<\/p>\n<p style=\"text-align: center;\"><span>Neurochirurgien<\/span><\/p>\n<p style=\"text-align: center;\"><strong><span style=\"color: #c4a2cc;\">+ D'INFOS<\/span><\/strong><\/p>\n<p>[\/et_pb_blurb][\/et_pb_column][\/et_pb_row][\/et_pb_section][et_pb_section fb_built=\u00bb1&#8243; disabled_on=\u00bboff|off|off\u00bb admin_label=\u00bbNeurocirug\u00eda\u00bb _builder_version=\u00bb4.27.4&#8243; _module_preset=\u00bbdefault\u00bb background_color=\u00bb#FFFFFF\u00bb box_shadow_style=\u00bbpreset1&#8243; box_shadow_horizontal=\u00bb15px\u00bb box_shadow_vertical=\u00bb1px\u00bb box_shadow_blur=\u00bb15px\u00bb global_colors_info=\u00bb{}\u00bb][et_pb_row _builder_version=\u00bb4.27.4&#8243; _module_preset=\u00bbdefault\u00bb global_colors_info=\u00bb{}\u00bb][et_pb_column type=\u00bb4_4&#8243; _builder_version=\u00bb4.27.4&#8243; _module_preset=\u00bbdefault\u00bb global_colors_info=\u00bb{}\u00bb][et_pb_text _builder_version=\u00bb4.27.4&#8243; _module_preset=\u00bbb20293d3-7e7e-4718-8a41-9d40e20be87b\u00bb header_2_font=\u00bb&#8211;et_global_heading_font|300||on|||||\u00bb header_2_font_size=\u00bb31px\u00bb header_2_letter_spacing=\u00bb0px\u00bb header_2_line_height=\u00bb1em\u00bb header_4_text_color=\u00bb#C7A3DE\u00bb max_width=\u00bb379px\u00bb max_width_tablet=\u00bb379px\u00bb max_width_phone=\u00bb266px\u00bb max_width_last_edited=\u00bbon|phone\u00bb module_alignment=\u00bbcenter\u00bb custom_margin=\u00bb||-8px||false|false\u00bb custom_padding=\u00bb1px|30px||30px|false|true\u00bb border_width_all=\u00bb2px\u00bb border_color_all=\u00bb#C7A3DE\u00bb border_width_top=\u00bb0px\u00bb border_width_right=\u00bb0px\u00bb border_color_right=\u00bb#C7A3DE\u00bb border_width_bottom=\u00bb1px\u00bb border_color_bottom=\u00bb#C7A3DE\u00bb border_color_left=\u00bb#C7A3DE\u00bb locked=\u00bboff\u00bb global_colors_info=\u00bb{}\u00bb]<\/p>\n<h3 style=\"text-align: center;\">Radiologie<\/h3>\n<p>[\/et_pb_text][\/et_pb_column][\/et_pb_row][et_pb_row use_custom_gutter=\u00bbon\u00bb gutter_width=\u00bb1&#8243; _builder_version=\u00bb4.27.4&#8243; _module_preset=\u00bbdefault\u00bb min_height=\u00bb255px\u00bb custom_margin=\u00bb33px|auto|9px|auto|false|false\u00bb custom_margin_tablet=\u00bb33px|auto|9px|auto|false|false\u00bb custom_margin_phone=\u00bb11px|auto|9px|auto|false|false\u00bb custom_margin_last_edited=\u00bbon|phone\u00bb custom_padding=\u00bb4px|0px|3px|0px|false|true\u00bb locked=\u00bboff\u00bb global_colors_info=\u00bb{}\u00bb][et_pb_column type=\u00bb4_4&#8243; _builder_version=\u00bb4.16&#8243; _module_preset=\u00bbdefault\u00bb global_colors_info=\u00bb{}\u00bb][et_pb_blurb title=\u00bbDr. Eduardo Galv\u00e1n\u00bb image=\u00bbhttps:\/\/recoletasmarbella.com\/wp-content\/uploads\/2025\/12\/eduardo-galvan-recoletas-salud-marbella.png\u00bb alt=\u00bbIcono m\u00e9dico. Hospital Recoletas Salud Marbella\u00bb image_icon_width=\u00bb200px\u00bb disabled_on=\u00bboff|off|off\u00bb _builder_version=\u00bb4.27.4&#8243; _module_preset=\u00bbdefault\u00bb header_level=\u00bbh3&#8243; header_font=\u00bb&#8211;et_global_heading_font|700||on|||||\u00bb header_text_align=\u00bbcenter\u00bb header_text_color=\u00bb#5A636A\u00bb header_font_size=\u00bb14px\u00bb body_font=\u00bb&#8211;et_global_body_font||||||||\u00bb body_text_color=\u00bb#5A636A\u00bb body_link_font=\u00bb|700|||||||\u00bb text_orientation=\u00bbcenter\u00bb custom_margin=\u00bb-1px|||||\u00bb custom_margin_tablet=\u00bb\u00bb custom_margin_phone=\u00bb0px||16px||false|false\u00bb custom_margin_last_edited=\u00bbon|phone\u00bb custom_padding=\u00bb0px||||false|false\u00bb filter_saturate=\u00bb110%\u00bb child_filter_saturate=\u00bb91%\u00bb child_filter_brightness=\u00bb99%\u00bb border_color_all=\u00bb#C7A3DE\u00bb border_radii_image=\u00bbon|522px|522px|522px|522px\u00bb border_width_all_image=\u00bb2px\u00bb border_color_all_image=\u00bb#C7A3DE\u00bb locked=\u00bboff\u00bb global_colors_info=\u00bb{}\u00bb filter_opacity__hover_enabled=\u00bbon|hover\u00bb filter_opacity__hover=\u00bb88%\u00bb]<\/p>\n<p style=\"text-align: center;\"><span>Radiologue<\/span><\/p>\n<p style=\"text-align: center;\"><span style=\"color: #cc99ff;\"><b>\u00a0<\/b><\/span><\/p>\n<p>[\/et_pb_blurb][et_pb_blurb title=\u00bbDr. Alberto Urbaneja Salas\u00bb image=\u00bbhttps:\/\/recoletasmarbella.com\/wp-content\/uploads\/2025\/04\/alberto-urbaneja-hospital-recoletas-salud-marbella.png\u00bb alt=\u00bbalberto-urbaneja-hospital-recoletas-salud-marbella\u00bb image_icon_width=\u00bb200px\u00bb disabled_on=\u00bbon|on|on\u00bb module_class=\u00bbpopmake-291275&#8243; _builder_version=\u00bb4.27.4&#8243; _module_preset=\u00bbdefault\u00bb header_level=\u00bbh3&#8243; header_font=\u00bb&#8211;et_global_heading_font|700||on|||||\u00bb header_text_align=\u00bbcenter\u00bb header_text_color=\u00bb#5A636A\u00bb header_font_size=\u00bb14px\u00bb body_font=\u00bb&#8211;et_global_body_font||||||||\u00bb body_text_color=\u00bb#5A636A\u00bb body_link_font=\u00bb|700|||||||\u00bb text_orientation=\u00bbcenter\u00bb custom_margin=\u00bb-1px|||||\u00bb custom_margin_tablet=\u00bb\u00bb custom_margin_phone=\u00bb0px||16px||false|false\u00bb custom_margin_last_edited=\u00bbon|phone\u00bb custom_padding=\u00bb60px||||false|false\u00bb filter_saturate=\u00bb110%\u00bb border_color_all=\u00bb#C7A3DE\u00bb border_radii_image=\u00bbon|522px|522px|522px|522px\u00bb border_width_all_image=\u00bb2px\u00bb border_color_all_image=\u00bb#C7A3DE\u00bb disabled=\u00bbon\u00bb locked=\u00bboff\u00bb global_colors_info=\u00bb{}\u00bb filter_opacity__hover_enabled=\u00bbon|hover\u00bb filter_opacity__hover=\u00bb88%\u00bb]<\/p>\n<p style=\"text-align: center;\"><span>Radiologue<\/span><\/p>\n<p style=\"text-align: center;\"><span style=\"color: #cc99ff;\"><b>\u00a0<\/b><\/span><\/p>\n<p>[\/et_pb_blurb][\/et_pb_column][\/et_pb_row][\/et_pb_section][et_pb_section fb_built=\u00bb1&#8243; admin_label=\u00bbtrauma\u00bb _builder_version=\u00bb4.27.4&#8243; _module_preset=\u00bbdefault\u00bb background_color=\u00bb#F2F2F2&#8243; box_shadow_style=\u00bbpreset1&#8243; box_shadow_horizontal=\u00bb15px\u00bb box_shadow_vertical=\u00bb1px\u00bb box_shadow_blur=\u00bb15px\u00bb global_colors_info=\u00bb{}\u00bb][et_pb_row _builder_version=\u00bb4.27.4&#8243; _module_preset=\u00bbdefault\u00bb global_colors_info=\u00bb{}\u00bb][et_pb_column type=\u00bb4_4&#8243; _builder_version=\u00bb4.27.4&#8243; _module_preset=\u00bbdefault\u00bb global_colors_info=\u00bb{}\u00bb][et_pb_text _builder_version=\u00bb4.27.4&#8243; _module_preset=\u00bbb20293d3-7e7e-4718-8a41-9d40e20be87b\u00bb header_2_font=\u00bb&#8211;et_global_heading_font|300||on|||||\u00bb header_2_font_size=\u00bb31px\u00bb header_2_letter_spacing=\u00bb0px\u00bb header_2_line_height=\u00bb1em\u00bb header_3_line_height=\u00bb1.3em\u00bb header_4_text_color=\u00bb#C7A3DE\u00bb max_width=\u00bb379px\u00bb max_width_tablet=\u00bb379px\u00bb max_width_phone=\u00bb266px\u00bb max_width_last_edited=\u00bbon|phone\u00bb module_alignment=\u00bbcenter\u00bb custom_margin=\u00bb||-8px||false|false\u00bb custom_padding=\u00bb1px|30px||30px|false|true\u00bb border_width_all=\u00bb2px\u00bb border_color_all=\u00bb#C7A3DE\u00bb border_width_top=\u00bb0px\u00bb border_width_right=\u00bb0px\u00bb border_color_right=\u00bb#C7A3DE\u00bb border_width_bottom=\u00bb1px\u00bb border_color_bottom=\u00bb#C7A3DE\u00bb border_color_left=\u00bb#C7A3DE\u00bb locked=\u00bboff\u00bb global_colors_info=\u00bb{}\u00bb]<\/p>\n<h3 style=\"text-align: center;\">traumatologie <br \/>et Chirurgie orthop\u00e9dique<\/h3>\n<p>[\/et_pb_text][\/et_pb_column][\/et_pb_row][et_pb_row column_structure=\u00bb1_2,1_2&#8243; disabled_on=\u00bboff|off|off\u00bb _builder_version=\u00bb4.27.4&#8243; _module_preset=\u00bbdefault\u00bb global_colors_info=\u00bb{}\u00bb][et_pb_column type=\u00bb1_2&#8243; _builder_version=\u00bb4.27.4&#8243; _module_preset=\u00bbdefault\u00bb global_colors_info=\u00bb{}\u00bb][et_pb_blurb title=\u00bbDr. Jos\u00e9 Manuel Vilches Fern\u00e1ndez\u00bb image=\u00bbhttps:\/\/recoletasmarbella.com\/wp-content\/uploads\/2025\/04\/icon_male-contact-doctor-hospital-marbella.png\u00bb alt=\u00bbIcono m\u00e9dico. Hospital Recoletas Salud Marbella\u00bb image_icon_width=\u00bb200px\u00bb _builder_version=\u00bb4.27.4&#8243; _module_preset=\u00bbdefault\u00bb header_level=\u00bbh3&#8243; header_font=\u00bb&#8211;et_global_heading_font|700||on|||||\u00bb header_text_align=\u00bbcenter\u00bb header_text_color=\u00bb#5A636A\u00bb header_font_size=\u00bb14px\u00bb body_font=\u00bb&#8211;et_global_body_font||||||||\u00bb body_text_color=\u00bb#5A636A\u00bb body_link_font=\u00bb|700|||||||\u00bb text_orientation=\u00bbcenter\u00bb custom_margin_tablet=\u00bb\u00bb custom_margin_phone=\u00bb0px||16px||false|false\u00bb custom_margin_last_edited=\u00bbon|phone\u00bb filter_saturate=\u00bb110%\u00bb border_color_all=\u00bb#C7A3DE\u00bb border_radii_image=\u00bbon|522px|522px|522px|522px\u00bb border_width_all_image=\u00bb2px\u00bb border_color_all_image=\u00bb#C7A3DE\u00bb global_colors_info=\u00bb{}\u00bb filter_opacity__hover_enabled=\u00bbon|hover\u00bb filter_opacity__hover=\u00bb88%\u00bb]<\/p>\n<p class=\"p1\" style=\"text-align: center;\">Traumatologie et chirurgie orthop\u00e9dique<\/p>\n<p>[\/et_pb_blurb][\/et_pb_column][et_pb_column type=\u00bb1_2&#8243; _builder_version=\u00bb4.27.4&#8243; _module_preset=\u00bbdefault\u00bb global_colors_info=\u00bb{}\u00bb][et_pb_blurb title=\u00bbDr. Nicol\u00e1s Cachero Rodr\u00edguez\u00bb image=\u00bbhttps:\/\/recoletasmarbella.com\/wp-content\/uploads\/2025\/04\/icon_male-contact-doctor-hospital-marbella.png\u00bb alt=\u00bbIcono m\u00e9dico. Hospital Recoletas Salud Marbella\u00bb image_icon_width=\u00bb200px\u00bb _builder_version=\u00bb4.27.4&#8243; _module_preset=\u00bbdefault\u00bb header_level=\u00bbh3&#8243; header_font=\u00bb&#8211;et_global_heading_font|700||on|||||\u00bb header_text_align=\u00bbcenter\u00bb header_text_color=\u00bb#5A636A\u00bb header_font_size=\u00bb14px\u00bb body_font=\u00bb&#8211;et_global_body_font||||||||\u00bb body_text_color=\u00bb#5A636A\u00bb body_link_font=\u00bb|700|||||||\u00bb text_orientation=\u00bbcenter\u00bb custom_margin_tablet=\u00bb\u00bb custom_margin_phone=\u00bb0px||16px||false|false\u00bb custom_margin_last_edited=\u00bbon|phone\u00bb filter_saturate=\u00bb110%\u00bb border_color_all=\u00bb#C7A3DE\u00bb border_radii_image=\u00bbon|522px|522px|522px|522px\u00bb border_width_all_image=\u00bb2px\u00bb border_color_all_image=\u00bb#C7A3DE\u00bb global_colors_info=\u00bb{}\u00bb filter_opacity__hover_enabled=\u00bbon|hover\u00bb filter_opacity__hover=\u00bb88%\u00bb]<\/p>\n<p class=\"p1\" style=\"text-align: center;\">Traumatologie et chirurgie orthop\u00e9dique<\/p>\n<p>[\/et_pb_blurb][\/et_pb_column][\/et_pb_row][et_pb_row column_structure=\u00bb1_3,1_3,1_3&#8243; disabled_on=\u00bbon|on|on\u00bb _builder_version=\u00bb4.27.4&#8243; _module_preset=\u00bbdefault\u00bb disabled=\u00bbon\u00bb global_colors_info=\u00bb{}\u00bb][et_pb_column type=\u00bb1_3&#8243; _builder_version=\u00bb4.27.4&#8243; _module_preset=\u00bbdefault\u00bb global_colors_info=\u00bb{}\u00bb][et_pb_blurb title=\u00bbDr. Ghassan Elgeadi Saleh\u00bb image=\u00bbhttps:\/\/recoletasmarbella.com\/wp-content\/uploads\/2025\/03\/icon_male-contact-doctor-hospital-marbella.png\u00bb image_icon_width=\u00bb200px\u00bb module_class=\u00bbpopmake-287143&#8243; _builder_version=\u00bb4.27.4&#8243; _module_preset=\u00bbdefault\u00bb header_level=\u00bbh3&#8243; header_font=\u00bb&#8211;et_global_heading_font|700||on|||||\u00bb header_text_align=\u00bbcenter\u00bb header_text_color=\u00bb#5A636A\u00bb header_font_size=\u00bb14px\u00bb body_font=\u00bb&#8211;et_global_body_font||||||||\u00bb body_text_color=\u00bb#5A636A\u00bb body_link_font=\u00bb|700|||||||\u00bb text_orientation=\u00bbcenter\u00bb custom_margin_tablet=\u00bb\u00bb custom_margin_phone=\u00bb0px||16px||false|false\u00bb custom_margin_last_edited=\u00bbon|phone\u00bb filter_brightness=\u00bb108%\u00bb filter_opacity=\u00bb85%\u00bb border_color_all=\u00bb#C7A3DE\u00bb border_radii_image=\u00bbon|522px|522px|522px|522px\u00bb border_width_all_image=\u00bb2px\u00bb border_color_all_image=\u00bb#C7A3DE\u00bb global_colors_info=\u00bb{}\u00bb]<\/p>\n<p style=\"text-align: center;\"><span>Traumatologue et chirurgien orthop\u00e9dique<\/span><\/p>\n<p style=\"text-align: center;\"><strong><span style=\"color: #cc99ff;\">+ D'INFOS<\/span><\/strong><\/p>\n<p>[\/et_pb_blurb][\/et_pb_column][et_pb_column type=\u00bb1_3&#8243; _builder_version=\u00bb4.27.4&#8243; _module_preset=\u00bbdefault\u00bb global_colors_info=\u00bb{}\u00bb][et_pb_blurb title=\u00bbDr. Aniss Meziyane\u00bb image=\u00bbhttps:\/\/recoletasmarbella.com\/wp-content\/uploads\/2025\/03\/icon_male-contact-doctor-hospital-marbella.png\u00bb image_icon_width=\u00bb200px\u00bb module_class=\u00bbpopmake-287094&#8243; _builder_version=\u00bb4.27.4&#8243; _module_preset=\u00bbdefault\u00bb header_level=\u00bbh3&#8243; header_font=\u00bb&#8211;et_global_heading_font|700||on|||||\u00bb header_text_align=\u00bbcenter\u00bb header_text_color=\u00bb#5A636A\u00bb header_font_size=\u00bb14px\u00bb body_font=\u00bb&#8211;et_global_body_font||||||||\u00bb body_text_color=\u00bb#5A636A\u00bb body_link_font=\u00bb|700|||||||\u00bb text_orientation=\u00bbcenter\u00bb custom_margin_tablet=\u00bb\u00bb custom_margin_phone=\u00bb0px||16px||false|false\u00bb custom_margin_last_edited=\u00bbon|phone\u00bb filter_brightness=\u00bb108%\u00bb filter_opacity=\u00bb85%\u00bb border_color_all=\u00bb#C7A3DE\u00bb border_radii_image=\u00bbon|522px|522px|522px|522px\u00bb border_width_all_image=\u00bb2px\u00bb border_color_all_image=\u00bb#C7A3DE\u00bb global_colors_info=\u00bb{}\u00bb]<\/p>\n<p style=\"text-align: center;\"><span>Traumatologue<\/span><span style=\"color: #333333;\"><\/span><\/p>\n<p style=\"text-align: center;\"><strong><span style=\"color: #cc99ff;\">+ D'INFOS<\/span><\/strong><span style=\"color: #cc99ff;\"><b>\u00a0<\/b><\/span><span style=\"color: #cc99ff;\"><b>\u00a0<\/b><\/span><\/p>\n<p>[\/et_pb_blurb][\/et_pb_column][et_pb_column type=\u00bb1_3&#8243; _builder_version=\u00bb4.27.4&#8243; _module_preset=\u00bbdefault\u00bb global_colors_info=\u00bb{}\u00bb][et_pb_blurb title=\u00bbDr. Alberto Caballero Garc\u00eda\u00bb image=\u00bbhttps:\/\/recoletasmarbella.com\/wp-content\/uploads\/2025\/03\/icon_male-contact-doctor-hospital-marbella.png\u00bb image_icon_width=\u00bb200px\u00bb module_class=\u00bbpopmake-287087&#8243; _builder_version=\u00bb4.27.4&#8243; _module_preset=\u00bbdefault\u00bb header_level=\u00bbh3&#8243; header_font=\u00bb&#8211;et_global_heading_font|700||on|||||\u00bb header_text_align=\u00bbcenter\u00bb header_text_color=\u00bb#5A636A\u00bb header_font_size=\u00bb14px\u00bb body_font=\u00bb&#8211;et_global_body_font||||||||\u00bb body_text_color=\u00bb#5A636A\u00bb body_link_font=\u00bb|700|||||||\u00bb text_orientation=\u00bbcenter\u00bb custom_margin_tablet=\u00bb\u00bb custom_margin_phone=\u00bb0px||16px||false|false\u00bb custom_margin_last_edited=\u00bbon|phone\u00bb filter_brightness=\u00bb108%\u00bb filter_opacity=\u00bb85%\u00bb border_color_all=\u00bb#C7A3DE\u00bb border_radii_image=\u00bbon|522px|522px|522px|522px\u00bb border_width_all_image=\u00bb2px\u00bb border_color_all_image=\u00bb#C7A3DE\u00bb global_colors_info=\u00bb{}\u00bb]<\/p>\n<p style=\"text-align: center;\"><span>Traumatologue<\/span><span style=\"color: #333333;\"><\/span><\/p>\n<p style=\"text-align: center;\"><strong><span style=\"color: #cc99ff;\">+ D'INFOS<\/span><\/strong><\/p>\n<p style=\"text-align: center;\"><span style=\"color: #cc99ff;\"><b>\u00a0<\/b><\/span><\/p>\n<p>[\/et_pb_blurb][\/et_pb_column][\/et_pb_row][\/et_pb_section][et_pb_section fb_built=\u00bb1&#8243; admin_label=\u00bbUnidad del dolor\u00bb _builder_version=\u00bb4.27.4&#8243; _module_preset=\u00bbdefault\u00bb background_color=\u00bb#FFFFFF\u00bb box_shadow_style=\u00bbpreset1&#8243; box_shadow_horizontal=\u00bb15px\u00bb box_shadow_vertical=\u00bb1px\u00bb box_shadow_blur=\u00bb15px\u00bb global_colors_info=\u00bb{}\u00bb][et_pb_row _builder_version=\u00bb4.27.4&#8243; _module_preset=\u00bbdefault\u00bb global_colors_info=\u00bb{}\u00bb][et_pb_column type=\u00bb4_4&#8243; _builder_version=\u00bb4.27.4&#8243; _module_preset=\u00bbdefault\u00bb global_colors_info=\u00bb{}\u00bb][et_pb_text _builder_version=\u00bb4.27.4&#8243; _module_preset=\u00bbb20293d3-7e7e-4718-8a41-9d40e20be87b\u00bb header_2_font=\u00bb&#8211;et_global_heading_font|300||on|||||\u00bb header_2_font_size=\u00bb31px\u00bb header_2_letter_spacing=\u00bb0px\u00bb header_2_line_height=\u00bb1em\u00bb header_4_text_color=\u00bb#C7A3DE\u00bb max_width=\u00bb379px\u00bb max_width_tablet=\u00bb379px\u00bb max_width_phone=\u00bb266px\u00bb max_width_last_edited=\u00bbon|phone\u00bb module_alignment=\u00bbcenter\u00bb custom_margin=\u00bb||-8px||false|false\u00bb custom_padding=\u00bb1px|30px||30px|false|true\u00bb border_width_all=\u00bb2px\u00bb border_color_all=\u00bb#C7A3DE\u00bb border_width_top=\u00bb0px\u00bb border_width_right=\u00bb0px\u00bb border_color_right=\u00bb#C7A3DE\u00bb border_width_bottom=\u00bb1px\u00bb border_color_bottom=\u00bb#C7A3DE\u00bb border_color_left=\u00bb#C7A3DE\u00bb locked=\u00bboff\u00bb global_colors_info=\u00bb{}\u00bb]<\/p>\n<h3 style=\"text-align: center;\">UNIT\u00c9 DE LA DOULEUR<\/h3>\n<p>[\/et_pb_text][\/et_pb_column][\/et_pb_row][et_pb_row column_structure=\u00bb1_2,1_2&#8243; use_custom_gutter=\u00bbon\u00bb gutter_width=\u00bb1&#8243; _builder_version=\u00bb4.27.4&#8243; _module_preset=\u00bbdefault\u00bb min_height=\u00bb255px\u00bb custom_margin=\u00bb33px|auto|9px|auto|false|false\u00bb custom_margin_tablet=\u00bb33px|auto|9px|auto|false|false\u00bb custom_margin_phone=\u00bb11px|auto|9px|auto|false|false\u00bb custom_margin_last_edited=\u00bbon|phone\u00bb custom_padding=\u00bb4px|0px|3px|0px|false|true\u00bb locked=\u00bboff\u00bb global_colors_info=\u00bb{}\u00bb][et_pb_column type=\u00bb1_2&#8243; _builder_version=\u00bb4.27.4&#8243; _module_preset=\u00bbdefault\u00bb global_colors_info=\u00bb{}\u00bb custom_css_main_element_last_edited=\u00bbon|tablet\u00bb custom_css_main_element_tablet=\u00bbdisplay: inline-block;||max-width: 50%;\u00bb custom_css_main_element_phone=\u00bb-\u00ab][et_pb_blurb title=\u00bbDr. Carlos Antonio Morales Portillo\u00bb image=\u00bbhttps:\/\/recoletasmarbella.com\/wp-content\/uploads\/2025\/04\/carlos-antonio-morales-unidad-del-dolor-hospital-marbella.png\u00bb image_icon_width=\u00bb200px\u00bb _builder_version=\u00bb4.27.4&#8243; _module_preset=\u00bbdefault\u00bb header_level=\u00bbh3&#8243; header_font=\u00bb&#8211;et_global_heading_font|700||on|||||\u00bb header_text_align=\u00bbcenter\u00bb header_text_color=\u00bb#5A636A\u00bb header_font_size=\u00bb14px\u00bb body_font=\u00bb&#8211;et_global_body_font||||||||\u00bb body_text_color=\u00bb#5A636A\u00bb body_link_font=\u00bb|700|||||||\u00bb text_orientation=\u00bbcenter\u00bb custom_margin_tablet=\u00bb\u00bb custom_margin_phone=\u00bb0px||16px||false|false\u00bb custom_margin_last_edited=\u00bbon|phone\u00bb filter_saturate=\u00bb126%\u00bb filter_brightness=\u00bb103%\u00bb filter_contrast=\u00bb102%\u00bb filter_sepia=\u00bb2%\u00bb border_color_all=\u00bb#C7A3DE\u00bb border_radii_image=\u00bbon|522px|522px|522px|522px\u00bb border_width_all_image=\u00bb2px\u00bb border_color_all_image=\u00bb#C7A3DE\u00bb global_colors_info=\u00bb{}\u00bb filter_opacity__hover_enabled=\u00bbon|hover\u00bb filter_opacity__hover=\u00bb80%\u00bb]<\/p>\n<p style=\"text-align: center;\"><span style=\"color: #333333;\">Unit\u00e9 de la douleur<\/span><\/p>\n<p style=\"text-align: center;\"><span style=\"color: #cc99ff;\"><b>\u00a0<\/b><\/span><\/p>\n<p>[\/et_pb_blurb][\/et_pb_column][et_pb_column type=\u00bb1_2&#8243; _builder_version=\u00bb4.27.4&#8243; _module_preset=\u00bbdefault\u00bb global_colors_info=\u00bb{}\u00bb custom_css_main_element_last_edited=\u00bbon|tablet\u00bb custom_css_main_element_tablet=\u00bbdisplay: inline-block;||max-width: 50%;\u00bb custom_css_main_element_phone=\u00bb-\u00ab][et_pb_blurb title=\u00bbDr. Nicol\u00e1s Sarri\u00e1\u00bb image=\u00bbhttps:\/\/recoletasmarbella.com\/wp-content\/uploads\/2025\/04\/nicolas_sarria_unidad-del-dolor-hospital-recoletas-salud-marbella.png\u00bb image_icon_width=\u00bb200px\u00bb module_class=\u00bbpopmake-287176&#8243; _builder_version=\u00bb4.27.4&#8243; _module_preset=\u00bbdefault\u00bb header_level=\u00bbh3&#8243; header_font=\u00bb&#8211;et_global_heading_font|700||on|||||\u00bb header_text_align=\u00bbcenter\u00bb header_text_color=\u00bb#5A636A\u00bb header_font_size=\u00bb14px\u00bb body_font=\u00bb&#8211;et_global_body_font||||||||\u00bb body_text_color=\u00bb#5A636A\u00bb body_link_font=\u00bb|700|||||||\u00bb text_orientation=\u00bbcenter\u00bb custom_margin_tablet=\u00bb\u00bb custom_margin_phone=\u00bb0px||16px||false|false\u00bb custom_margin_last_edited=\u00bbon|phone\u00bb filter_brightness=\u00bb108%\u00bb border_color_all=\u00bb#C7A3DE\u00bb border_radii_image=\u00bbon|522px|522px|522px|522px\u00bb border_width_all_image=\u00bb2px\u00bb border_color_all_image=\u00bb#C7A3DE\u00bb global_colors_info=\u00bb{}\u00bb filter_opacity__hover_enabled=\u00bbon|desktop\u00bb filter_opacity__hover=\u00bb85%\u00bb]<\/p>\n<p style=\"text-align: center;\">Unit\u00e9 de la douleur et de la m\u00e9decine palliative<\/p>\n<p style=\"text-align: center;\"><strong><span style=\"color: #c4a2cc;\">+ D'INFOS<\/span><\/strong><\/p>\n<p>[\/et_pb_blurb][\/et_pb_column][\/et_pb_row][\/et_pb_section][et_pb_section fb_built=\u00bb1&#8243; custom_padding_last_edited=\u00bbon|tablet\u00bb admin_label=\u00bbUrgencias\u00bb _builder_version=\u00bb4.27.4&#8243; _module_preset=\u00bbdefault\u00bb background_color=\u00bb#F2F2F2&#8243; custom_margin_tablet=\u00bb0px||0px||false|false\u00bb custom_margin_phone=\u00bb0px||0px||false|false\u00bb custom_margin_last_edited=\u00bbon|tablet\u00bb custom_padding=\u00bb0px||105px|||\u00bb custom_padding_tablet=\u00bb0px||80px||false|false\u00bb custom_padding_phone=\u00bb0px||80px||false|false\u00bb box_shadow_style=\u00bbpreset1&#8243; box_shadow_horizontal=\u00bb15px\u00bb box_shadow_vertical=\u00bb1px\u00bb box_shadow_blur=\u00bb15px\u00bb global_colors_info=\u00bb{}\u00bb][et_pb_row _builder_version=\u00bb4.27.4&#8243; _module_preset=\u00bbdefault\u00bb custom_padding=\u00bb72px||44px|||\u00bb global_colors_info=\u00bb{}\u00bb][et_pb_column type=\u00bb4_4&#8243; _builder_version=\u00bb4.27.4&#8243; _module_preset=\u00bbdefault\u00bb global_colors_info=\u00bb{}\u00bb][et_pb_text _builder_version=\u00bb4.27.4&#8243; _module_preset=\u00bbb20293d3-7e7e-4718-8a41-9d40e20be87b\u00bb header_2_font=\u00bb&#8211;et_global_heading_font|300||on|||||\u00bb header_2_font_size=\u00bb31px\u00bb header_2_letter_spacing=\u00bb0px\u00bb header_2_line_height=\u00bb1em\u00bb header_4_text_color=\u00bb#C7A3DE\u00bb max_width=\u00bb379px\u00bb max_width_tablet=\u00bb379px\u00bb max_width_phone=\u00bb266px\u00bb max_width_last_edited=\u00bbon|phone\u00bb module_alignment=\u00bbcenter\u00bb custom_margin=\u00bb||-8px||false|false\u00bb custom_padding=\u00bb1px|30px||30px|false|true\u00bb border_color_right=\u00bb#C7A3DE\u00bb border_width_bottom=\u00bb1px\u00bb border_color_bottom=\u00bb#C7A3DE\u00bb border_color_left=\u00bb#C7A3DE\u00bb locked=\u00bboff\u00bb global_colors_info=\u00bb{}\u00bb]<\/p>\n<h3 style=\"text-align: center;\">Urgences<\/h3>\n<p>[\/et_pb_text][\/et_pb_column][\/et_pb_row][et_pb_row column_structure=\u00bb1_3,1_3,1_3&#8243; use_custom_gutter=\u00bbon\u00bb gutter_width=\u00bb1&#8243; _builder_version=\u00bb4.27.4&#8243; _module_preset=\u00bbdefault\u00bb min_height=\u00bb256px\u00bb custom_margin=\u00bb33px|auto|9px|auto|false|false\u00bb custom_margin_tablet=\u00bb33px|auto|9px|auto|false|false\u00bb custom_margin_phone=\u00bb11px|auto|9px|auto|false|false\u00bb custom_margin_last_edited=\u00bbon|phone\u00bb custom_padding=\u00bb4px|0px|3px|0px|false|true\u00bb locked=\u00bboff\u00bb global_colors_info=\u00bb{}\u00bb][et_pb_column type=\u00bb1_3&#8243; _builder_version=\u00bb4.27.4&#8243; _module_preset=\u00bbdefault\u00bb global_colors_info=\u00bb{}\u00bb custom_css_main_element_last_edited=\u00bbon|tablet\u00bb custom_css_main_element_tablet=\u00bbdisplay: inline-block;||max-width: 50%;\u00bb custom_css_main_element_phone=\u00bb-\u00ab][et_pb_blurb title=\u00bbDra. Yaritza Vanessa Carrascal\u00bb image=\u00bbhttps:\/\/recoletasmarbella.com\/wp-content\/uploads\/2025\/04\/yaritza-vanessa-carrascal-hospital-recoletas-salud-marbella.png\u00bb alt=\u00bbyaritza-vanessa-carrascal-hospital-recoletas-salud-marbella\u00bb image_icon_width=\u00bb200px\u00bb module_class=\u00bbpopmake-287155&#8243; _builder_version=\u00bb4.27.4&#8243; _module_preset=\u00bbdefault\u00bb header_level=\u00bbh3&#8243; header_font=\u00bb&#8211;et_global_heading_font|700||on|||||\u00bb header_text_align=\u00bbcenter\u00bb header_text_color=\u00bb#5A636A\u00bb header_font_size=\u00bb14px\u00bb body_font=\u00bb&#8211;et_global_body_font||||||||\u00bb body_text_color=\u00bb#5A636A\u00bb body_link_font=\u00bb|700|||||||\u00bb text_orientation=\u00bbcenter\u00bb custom_margin_tablet=\u00bb\u00bb custom_margin_phone=\u00bb0px||16px||false|false\u00bb custom_margin_last_edited=\u00bbon|phone\u00bb border_color_all=\u00bb#C7A3DE\u00bb border_radii_image=\u00bbon|522px|522px|522px|522px\u00bb border_width_all_image=\u00bb2px\u00bb border_color_all_image=\u00bb#C7A3DE\u00bb global_colors_info=\u00bb{}\u00bb filter_opacity__hover_enabled=\u00bbon|hover\u00bb filter_opacity__hover=\u00bb88%\u00bb]<\/p>\n<p style=\"text-align: center;\"><span>Urgences<\/span><\/p>\n<p style=\"text-align: center;\"><strong><span style=\"color: #c4a2cc;\">+ D'INFOS<\/span><\/strong><\/p>\n<p>[\/et_pb_blurb][\/et_pb_column][et_pb_column type=\u00bb1_3&#8243; _builder_version=\u00bb4.27.4&#8243; _module_preset=\u00bbdefault\u00bb global_colors_info=\u00bb{}\u00bb custom_css_main_element_last_edited=\u00bbon|tablet\u00bb custom_css_main_element_tablet=\u00bbdisplay: inline-block;||max-width: 50%;\u00bb custom_css_main_element_phone=\u00bb-\u00ab][et_pb_blurb title=\u00bbDra. Jannine Cecilia Cruz Mac\u00edas\u00bb image=\u00bbhttps:\/\/recoletasmarbella.com\/wp-content\/uploads\/2025\/04\/janine-cecilia-ruiz-hospital-recoletas-salud-marbella.png\u00bb alt=\u00bbjanine-cecilia-ruiz-hospital-recoletas-salud-marbella\u00bb image_icon_width=\u00bb200px\u00bb module_class=\u00bbpopmake-287150&#8243; _builder_version=\u00bb4.27.4&#8243; _module_preset=\u00bbdefault\u00bb header_level=\u00bbh3&#8243; header_font=\u00bb&#8211;et_global_heading_font|700||on|||||\u00bb header_text_align=\u00bbcenter\u00bb header_text_color=\u00bb#5A636A\u00bb header_font_size=\u00bb14px\u00bb body_font=\u00bb&#8211;et_global_body_font||||||||\u00bb body_text_color=\u00bb#5A636A\u00bb body_link_font=\u00bb|700|||||||\u00bb text_orientation=\u00bbcenter\u00bb custom_margin_tablet=\u00bb\u00bb custom_margin_phone=\u00bb0px||16px||false|false\u00bb custom_margin_last_edited=\u00bbon|phone\u00bb filter_brightness=\u00bb93%\u00bb border_color_all=\u00bb#C7A3DE\u00bb border_radii_image=\u00bbon|522px|522px|522px|522px\u00bb border_width_all_image=\u00bb2px\u00bb border_color_all_image=\u00bb#C7A3DE\u00bb global_colors_info=\u00bb{}\u00bb filter_opacity__hover_enabled=\u00bbon|hover\u00bb filter_opacity__hover=\u00bb88%\u00bb]<\/p>\n<p style=\"text-align: center;\">La gyn\u00e9cologie et l'obst\u00e9trique aux urgences<\/p>\n<p style=\"text-align: center;\"><strong><span style=\"color: #c4a2cc;\">+ D'INFOS<\/span><\/strong><\/p>\n<p>[\/et_pb_blurb][\/et_pb_column][et_pb_column type=\u00bb1_3&#8243; _builder_version=\u00bb4.27.4&#8243; _module_preset=\u00bbdefault\u00bb global_colors_info=\u00bb{}\u00bb custom_css_main_element_last_edited=\u00bbon|tablet\u00bb][et_pb_blurb title=\u00bbDr. Fidel Alejandro S\u00e1nchez Soto\u00bb image=\u00bbhttps:\/\/recoletasmarbella.com\/wp-content\/uploads\/2025\/03\/icon_male-contact-doctor-hospital-marbella.png\u00bb image_icon_width=\u00bb200px\u00bb module_class=\u00bbpopmake-287115&#8243; _builder_version=\u00bb4.27.4&#8243; _module_preset=\u00bbdefault\u00bb header_level=\u00bbh3&#8243; header_font=\u00bb&#8211;et_global_heading_font|700||on|||||\u00bb header_text_align=\u00bbcenter\u00bb header_text_color=\u00bb#5A636A\u00bb header_font_size=\u00bb14px\u00bb body_font=\u00bb&#8211;et_global_body_font||||||||\u00bb body_text_color=\u00bb#5A636A\u00bb body_link_font=\u00bb|700|||||||\u00bb text_orientation=\u00bbcenter\u00bb custom_margin_tablet=\u00bb\u00bb custom_margin_phone=\u00bb0px||16px||false|false\u00bb custom_margin_last_edited=\u00bbon|phone\u00bb filter_brightness=\u00bb108%\u00bb border_color_all=\u00bb#C7A3DE\u00bb border_radii_image=\u00bbon|522px|522px|522px|522px\u00bb border_width_all_image=\u00bb2px\u00bb border_color_all_image=\u00bb#C7A3DE\u00bb global_colors_info=\u00bb{}\u00bb]<\/p>\n<p style=\"text-align: center;\">Soins intensifs et m\u00e9decine d'urgence<\/p>\n<p style=\"text-align: center;\"><strong><span style=\"color: #c4a2cc;\">+ D'INFOS<\/span><\/strong><\/p>\n<p>[\/et_pb_blurb][\/et_pb_column][\/et_pb_row][et_pb_row column_structure=\u00bb1_3,1_3,1_3&#8243; use_custom_gutter=\u00bbon\u00bb gutter_width=\u00bb1&#8243; _builder_version=\u00bb4.27.4&#8243; _module_preset=\u00bbdefault\u00bb min_height=\u00bb256px\u00bb custom_margin=\u00bb33px|auto|9px|auto|false|false\u00bb custom_margin_tablet=\u00bb33px|auto|9px|auto|false|false\u00bb custom_margin_phone=\u00bb11px|auto|9px|auto|false|false\u00bb custom_margin_last_edited=\u00bbon|phone\u00bb custom_padding=\u00bb4px|0px|3px|0px|false|true\u00bb locked=\u00bboff\u00bb global_colors_info=\u00bb{}\u00bb][et_pb_column type=\u00bb1_3&#8243; _builder_version=\u00bb4.27.4&#8243; _module_preset=\u00bbdefault\u00bb custom_padding_tablet=\u00bb\u00bb custom_padding_phone=\u00bb||30px||false|false\u00bb custom_padding_last_edited=\u00bbon|phone\u00bb global_colors_info=\u00bb{}\u00bb custom_css_main_element_last_edited=\u00bbon|tablet\u00bb custom_css_main_element_tablet=\u00bbdisplay: inline-block;||max-width: 50%;\u00bb custom_css_main_element_phone=\u00bb-\u00ab][et_pb_blurb title=\u00bbDra. Julia Beatriz Camusso\u00bb image=\u00bbhttps:\/\/recoletasmarbella.com\/wp-content\/uploads\/2025\/04\/julia-beatriz-camusso-hospital-recoletas-salud-marbella-1.png\u00bb alt=\u00bbJulia Beatriz Camusso. Equipo M\u00e9dico. Hospital Recoletas Salud Marbella\u00bb image_icon_width=\u00bb200px\u00bb module_class=\u00bbpopmake-287111&#8243; _builder_version=\u00bb4.27.4&#8243; _module_preset=\u00bbdefault\u00bb header_level=\u00bbh3&#8243; header_font=\u00bb&#8211;et_global_heading_font|700||on|||||\u00bb header_text_align=\u00bbcenter\u00bb header_text_color=\u00bb#5A636A\u00bb header_font_size=\u00bb14px\u00bb body_font=\u00bb&#8211;et_global_body_font||||||||\u00bb body_text_color=\u00bb#5A636A\u00bb body_link_font=\u00bb|700|||||||\u00bb text_orientation=\u00bbcenter\u00bb custom_margin_tablet=\u00bb\u00bb custom_margin_phone=\u00bb0px||16px||false|false\u00bb custom_margin_last_edited=\u00bbon|phone\u00bb filter_saturate=\u00bb110%\u00bb border_color_all=\u00bb#C7A3DE\u00bb border_radii_image=\u00bbon|522px|522px|522px|522px\u00bb border_width_all_image=\u00bb2px\u00bb border_color_all_image=\u00bb#C7A3DE\u00bb global_colors_info=\u00bb{}\u00bb filter_opacity__hover_enabled=\u00bbon|hover\u00bb filter_opacity__hover=\u00bb88%\u00bb]<\/p>\n<p class=\"p1\" style=\"text-align: center;\">Chirurgie orthop\u00e9dique et traumatologie<\/p>\n<p style=\"text-align: center;\"><strong><span style=\"color: #c4a2cc;\">+ D'INFOS<\/span><\/strong><\/p>\n<p>[\/et_pb_blurb][\/et_pb_column][et_pb_column type=\u00bb1_3&#8243; _builder_version=\u00bb4.27.4&#8243; _module_preset=\u00bbdefault\u00bb custom_padding_tablet=\u00bb\u00bb custom_padding_phone=\u00bb||30px||false|false\u00bb custom_padding_last_edited=\u00bbon|phone\u00bb global_colors_info=\u00bb{}\u00bb custom_css_main_element_last_edited=\u00bbon|tablet\u00bb custom_css_main_element_tablet=\u00bbdisplay: inline-block;||max-width: 50%;\u00bb custom_css_main_element_phone=\u00bb-\u00ab][et_pb_blurb title=\u00bbDra. Ayelen Lilian Olga Castillo\u00bb image=\u00bbhttps:\/\/recoletasmarbella.com\/wp-content\/uploads\/2025\/04\/icon_femme-contact-doctor-hospital-marbella.png\u00bb image_icon_width=\u00bb200px\u00bb module_class=\u00bbpopmake-287097&#8243; _builder_version=\u00bb4.27.4&#8243; _module_preset=\u00bbdefault\u00bb header_level=\u00bbh3&#8243; header_font=\u00bb&#8211;et_global_heading_font|700||on|||||\u00bb header_text_align=\u00bbcenter\u00bb header_text_color=\u00bb#5A636A\u00bb header_font_size=\u00bb14px\u00bb body_font=\u00bb&#8211;et_global_body_font||||||||\u00bb body_text_color=\u00bb#5A636A\u00bb body_link_font=\u00bb|700|||||||\u00bb text_orientation=\u00bbcenter\u00bb custom_margin_tablet=\u00bb\u00bb custom_margin_phone=\u00bb0px||16px||false|false\u00bb custom_margin_last_edited=\u00bbon|phone\u00bb filter_brightness=\u00bb108%\u00bb border_color_all=\u00bb#C7A3DE\u00bb border_radii_image=\u00bbon|522px|522px|522px|522px\u00bb border_width_all_image=\u00bb2px\u00bb border_color_all_image=\u00bb#C7A3DE\u00bb global_colors_info=\u00bb{}\u00bb]<\/p>\n<p style=\"text-align: center;\"><span>Urgences<\/span><\/p>\n<p style=\"text-align: center;\"><strong><span style=\"color: #c4a2cc;\">+ D'INFOS<\/span><\/strong><\/p>\n<p>[\/et_pb_blurb][\/et_pb_column][et_pb_column type=\u00bb1_3&#8243; _builder_version=\u00bb4.27.4&#8243; _module_preset=\u00bbdefault\u00bb global_colors_info=\u00bb{}\u00bb custom_css_main_element_last_edited=\u00bbon|tablet\u00bb][et_pb_blurb title=\u00bbDr. Hugo Sebasti\u00e1n R\u00edos\u00bb image=\u00bbhttps:\/\/recoletasmarbella.com\/wp-content\/uploads\/2025\/04\/hugo-sebastian-rios-hospital-recoletas-salud-marbella.png\u00bb alt=\u00bbHugo Sebastian R\u00edos. Equipo M\u00e9dico. Hospital Recoletas Salud Marbella\u00bb image_icon_width=\u00bb200px\u00bb module_class=\u00bbpopmake-287146&#8243; _builder_version=\u00bb4.27.4&#8243; _module_preset=\u00bbdefault\u00bb header_level=\u00bbh3&#8243; header_font=\u00bb&#8211;et_global_heading_font|700||on|||||\u00bb header_text_align=\u00bbcenter\u00bb header_text_color=\u00bb#5A636A\u00bb header_font_size=\u00bb14px\u00bb body_font=\u00bb&#8211;et_global_body_font||||||||\u00bb body_text_color=\u00bb#5A636A\u00bb body_link_font=\u00bb|700|||||||\u00bb text_orientation=\u00bbcenter\u00bb custom_margin_tablet=\u00bb\u00bb custom_margin_phone=\u00bb0px||16px||false|false\u00bb custom_margin_last_edited=\u00bbon|phone\u00bb filter_brightness=\u00bb108%\u00bb child_filter_saturate=\u00bb119%\u00bb child_filter_brightness=\u00bb97%\u00bb child_filter_contrast=\u00bb93%\u00bb border_color_all=\u00bb#C7A3DE\u00bb border_radii_image=\u00bbon|522px|522px|522px|522px\u00bb border_width_all_image=\u00bb2px\u00bb border_color_all_image=\u00bb#C7A3DE\u00bb global_colors_info=\u00bb{}\u00bb]<\/p>\n<p class=\"p1\" style=\"text-align: center;\">Chirurgie orthop\u00e9dique et traumatologie<\/p>\n<p style=\"text-align: center;\"><strong><span style=\"color: #c4a2cc;\">+ D'INFOS<\/span><\/strong><\/p>\n<p>[\/et_pb_blurb][\/et_pb_column][\/et_pb_row][et_pb_row column_structure=\u00bb1_2,1_2&#8243; use_custom_gutter=\u00bbon\u00bb gutter_width=\u00bb1&#8243; _builder_version=\u00bb4.27.4&#8243; _module_preset=\u00bbdefault\u00bb min_height=\u00bb256px\u00bb custom_margin=\u00bb33px|auto|9px|auto|false|false\u00bb custom_margin_tablet=\u00bb33px|auto|9px|auto|false|false\u00bb custom_margin_phone=\u00bb11px|auto|9px|auto|false|false\u00bb custom_margin_last_edited=\u00bbon|phone\u00bb custom_padding=\u00bb4px|0px|3px|0px|false|true\u00bb locked=\u00bboff\u00bb global_colors_info=\u00bb{}\u00bb][et_pb_column type=\u00bb1_2&#8243; _builder_version=\u00bb4.27.4&#8243; _module_preset=\u00bbdefault\u00bb custom_padding_tablet=\u00bb\u00bb custom_padding_phone=\u00bb||30px||false|false\u00bb custom_padding_last_edited=\u00bbon|phone\u00bb global_colors_info=\u00bb{}\u00bb custom_css_main_element_last_edited=\u00bbon|tablet\u00bb custom_css_main_element_tablet=\u00bbdisplay: inline-block;||max-width: 50%;\u00bb custom_css_main_element_phone=\u00bb-\u00ab][et_pb_blurb title=\u00bbDra. Mar\u00eda Jos\u00e9 Moriana\u00bb image=\u00bbhttps:\/\/recoletasmarbella.com\/wp-content\/uploads\/2025\/04\/icon_femme-contact-doctor-hospital-marbella.png\u00bb image_icon_width=\u00bb200px\u00bb _builder_version=\u00bb4.27.4&#8243; _module_preset=\u00bbdefault\u00bb header_level=\u00bbh3&#8243; header_font=\u00bb&#8211;et_global_heading_font|700||on|||||\u00bb header_text_align=\u00bbcenter\u00bb header_text_color=\u00bb#5A636A\u00bb header_font_size=\u00bb14px\u00bb body_font=\u00bb&#8211;et_global_body_font||||||||\u00bb body_text_color=\u00bb#5A636A\u00bb body_link_font=\u00bb|700|||||||\u00bb text_orientation=\u00bbcenter\u00bb custom_margin_tablet=\u00bb\u00bb custom_margin_phone=\u00bb0px||16px||false|false\u00bb custom_margin_last_edited=\u00bbon|phone\u00bb filter_brightness=\u00bb108%\u00bb border_color_all=\u00bb#C7A3DE\u00bb border_radii_image=\u00bbon|522px|522px|522px|522px\u00bb border_width_all_image=\u00bb2px\u00bb border_color_all_image=\u00bb#C7A3DE\u00bb global_colors_info=\u00bb{}\u00bb]<\/p>\n<p style=\"text-align: center;\"><span>Urgences<\/span><strong><span style=\"color: #cc99ff;\"><\/span><\/strong><\/p>\n<p>[\/et_pb_blurb][\/et_pb_column][et_pb_column type=\u00bb1_2&#8243; module_id=\u00bbpopmake-292260&#8243; _builder_version=\u00bb4.27.4&#8243; _module_preset=\u00bbdefault\u00bb custom_padding_tablet=\u00bb\u00bb custom_padding_phone=\u00bb||30px||false|false\u00bb custom_padding_last_edited=\u00bbon|phone\u00bb global_colors_info=\u00bb{}\u00bb custom_css_main_element_last_edited=\u00bbon|tablet\u00bb custom_css_main_element_tablet=\u00bbdisplay: inline-block;||max-width: 50%;\u00bb custom_css_main_element_phone=\u00bb-\u00ab][et_pb_blurb title=\u00bbDra. Rhita Belamine\u00bb image=\u00bbhttps:\/\/recoletasmarbella.com\/wp-content\/uploads\/2025\/04\/icon_femme-contact-doctor-hospital-marbella.png\u00bb image_icon_width=\u00bb200px\u00bb disabled_on=\u00bboff|off|off\u00bb module_id=\u00bbpopmake-292260&#8243; module_class=\u00bbpopmake-292260&#8243; _builder_version=\u00bb4.27.4&#8243; _module_preset=\u00bbdefault\u00bb header_level=\u00bbh3&#8243; header_font=\u00bb&#8211;et_global_heading_font|700||on|||||\u00bb header_text_align=\u00bbcenter\u00bb header_text_color=\u00bb#5A636A\u00bb header_font_size=\u00bb14px\u00bb body_font=\u00bb&#8211;et_global_body_font||||||||\u00bb body_text_color=\u00bb#5A636A\u00bb body_link_font=\u00bb|700|||||||\u00bb text_orientation=\u00bbcenter\u00bb custom_margin_tablet=\u00bb\u00bb custom_margin_phone=\u00bb0px||16px||false|false\u00bb custom_margin_last_edited=\u00bbon|phone\u00bb filter_brightness=\u00bb108%\u00bb border_color_all=\u00bb#C7A3DE\u00bb border_radii_image=\u00bbon|522px|522px|522px|522px\u00bb border_width_all_image=\u00bb2px\u00bb border_color_all_image=\u00bb#C7A3DE\u00bb global_colors_info=\u00bb{}\u00bb]<\/p>\n<p style=\"text-align: center;\"><span>M\u00e9decine g\u00e9n\u00e9rale et m\u00e9decine d'urgence<\/span><\/p>\n<p style=\"text-align: center;\"><strong><span style=\"color: #c4a2cc;\">+ D'INFOS<\/span><\/strong><\/p>\n<p>[\/et_pb_blurb][\/et_pb_column][\/et_pb_row][et_pb_row column_structure=\u00bb1_2,1_2&#8243; use_custom_gutter=\u00bbon\u00bb gutter_width=\u00bb1&#8243; disabled_on=\u00bbon|on|on\u00bb _builder_version=\u00bb4.27.4&#8243; _module_preset=\u00bbdefault\u00bb min_height=\u00bb256px\u00bb custom_margin=\u00bb33px|auto|9px|auto|false|false\u00bb custom_margin_tablet=\u00bb33px|auto|9px|auto|false|false\u00bb custom_margin_phone=\u00bb11px|auto|9px|auto|false|false\u00bb custom_margin_last_edited=\u00bbon|phone\u00bb custom_padding=\u00bb4px|0px|3px|0px|false|true\u00bb disabled=\u00bbon\u00bb locked=\u00bboff\u00bb global_colors_info=\u00bb{}\u00bb][et_pb_column type=\u00bb1_2&#8243; _builder_version=\u00bb4.27.4&#8243; _module_preset=\u00bbdefault\u00bb custom_padding_tablet=\u00bb\u00bb custom_padding_phone=\u00bb||30px||false|false\u00bb custom_padding_last_edited=\u00bbon|phone\u00bb global_colors_info=\u00bb{}\u00bb custom_css_main_element_last_edited=\u00bbon|tablet\u00bb custom_css_main_element_tablet=\u00bbdisplay: inline-block;||max-width: 50%;\u00bb custom_css_main_element_phone=\u00bb-\u00ab][et_pb_blurb title=\u00bbDra. Mar\u00eda Jos\u00e9 Moriana\u00bb image=\u00bbhttps:\/\/recoletasmarbella.com\/wp-content\/uploads\/2025\/04\/icon_femme-contact-doctor-hospital-marbella.png\u00bb image_icon_width=\u00bb200px\u00bb _builder_version=\u00bb4.27.4&#8243; _module_preset=\u00bbdefault\u00bb header_level=\u00bbh3&#8243; header_font=\u00bb&#8211;et_global_heading_font|700||on|||||\u00bb header_text_align=\u00bbcenter\u00bb header_text_color=\u00bb#5A636A\u00bb header_font_size=\u00bb14px\u00bb body_font=\u00bb&#8211;et_global_body_font||||||||\u00bb body_text_color=\u00bb#5A636A\u00bb body_link_font=\u00bb|700|||||||\u00bb text_orientation=\u00bbcenter\u00bb custom_margin_tablet=\u00bb\u00bb custom_margin_phone=\u00bb0px||16px||false|false\u00bb custom_margin_last_edited=\u00bbon|phone\u00bb filter_brightness=\u00bb108%\u00bb filter_opacity=\u00bb85%\u00bb border_color_all=\u00bb#C7A3DE\u00bb border_radii_image=\u00bbon|522px|522px|522px|522px\u00bb border_width_all_image=\u00bb2px\u00bb border_color_all_image=\u00bb#C7A3DE\u00bb global_colors_info=\u00bb{}\u00bb]<\/p>\n<p style=\"text-align: center;\"><span>Urgences<\/span><strong><span style=\"color: #cc99ff;\"><\/span><\/strong><\/p>\n<p>[\/et_pb_blurb][\/et_pb_column][et_pb_column type=\u00bb1_2&#8243; _builder_version=\u00bb4.27.4&#8243; _module_preset=\u00bbdefault\u00bb custom_padding_tablet=\u00bb\u00bb custom_padding_phone=\u00bb||30px||false|false\u00bb custom_padding_last_edited=\u00bbon|phone\u00bb global_colors_info=\u00bb{}\u00bb custom_css_main_element_last_edited=\u00bbon|tablet\u00bb custom_css_main_element_tablet=\u00bbdisplay: inline-block;||max-width: 50%;\u00bb custom_css_main_element_phone=\u00bb-\u00ab][\/et_pb_column][\/et_pb_row][\/et_pb_section][et_pb_section fb_built=\u00bb1&#8243; specialty=\u00bbon\u00bb admin_label=\u00bbH  m\u00bb _builder_version=\u00bb4.27.4&#8243; _module_preset=\u00bbdefault\u00bb background_color=\u00bb#FFFFFF\u00bb box_shadow_style=\u00bbpreset1&#8243; box_shadow_horizontal=\u00bb15px\u00bb box_shadow_vertical=\u00bb1px\u00bb box_shadow_blur=\u00bb15px\u00bb global_colors_info=\u00bb{}\u00bb][et_pb_column type=\u00bb1_2&#8243; _builder_version=\u00bb4.16&#8243; custom_padding=\u00bb|||\u00bb global_colors_info=\u00bb{}\u00bb custom_padding__hover=\u00bb|||\u00bb][et_pb_text _builder_version=\u00bb4.27.4&#8243; _module_preset=\u00bbb20293d3-7e7e-4718-8a41-9d40e20be87b\u00bb header_2_font=\u00bb&#8211;et_global_heading_font|300||on|||||\u00bb header_2_font_size=\u00bb31px\u00bb header_2_letter_spacing=\u00bb0px\u00bb header_2_line_height=\u00bb1em\u00bb header_4_text_color=\u00bb#C7A3DE\u00bb max_width=\u00bb379px\u00bb max_width_tablet=\u00bb379px\u00bb max_width_phone=\u00bb266px\u00bb max_width_last_edited=\u00bbon|phone\u00bb module_alignment=\u00bbcenter\u00bb custom_margin=\u00bb||-8px||false|false\u00bb custom_padding=\u00bb1px|30px||30px|false|true\u00bb border_width_all=\u00bb2px\u00bb border_color_all=\u00bb#C7A3DE\u00bb border_width_top=\u00bb0px\u00bb border_width_right=\u00bb0px\u00bb border_color_right=\u00bb#C7A3DE\u00bb border_width_bottom=\u00bb1px\u00bb border_color_bottom=\u00bb#C7A3DE\u00bb border_color_left=\u00bb#C7A3DE\u00bb locked=\u00bboff\u00bb global_colors_info=\u00bb{}\u00bb]<\/p>\n<h3 style=\"text-align: center;\">UROLOGIE<\/h3>\n<p>[\/et_pb_text][et_pb_blurb title=\u00bbDr. Javier P\u00e9rez P\u00e9rez\u00bb image=\u00bbhttps:\/\/recoletasmarbella.com\/wp-content\/uploads\/2025\/03\/icon_male-contact-doctor-hospital-marbella.png\u00bb image_icon_width=\u00bb200px\u00bb _builder_version=\u00bb4.27.4&#8243; _module_preset=\u00bbdefault\u00bb header_level=\u00bbh3&#8243; header_font=\u00bb&#8211;et_global_heading_font|700||on|||||\u00bb header_text_align=\u00bbcenter\u00bb header_text_color=\u00bb#5A636A\u00bb header_font_size=\u00bb14px\u00bb body_font=\u00bb&#8211;et_global_body_font||||||||\u00bb body_text_color=\u00bb#5A636A\u00bb body_link_font=\u00bb|700|||||||\u00bb text_orientation=\u00bbcenter\u00bb custom_margin=\u00bb-1px||||false|false\u00bb custom_margin_tablet=\u00bb\u00bb custom_margin_phone=\u00bb0px||16px||false|false\u00bb custom_margin_last_edited=\u00bbon|phone\u00bb custom_padding=\u00bb60px||||false|false\u00bb filter_brightness=\u00bb108%\u00bb filter_opacity=\u00bb85%\u00bb border_color_all=\u00bb#C7A3DE\u00bb border_radii_image=\u00bbon|522px|522px|522px|522px\u00bb border_width_all_image=\u00bb2px\u00bb border_color_all_image=\u00bb#C7A3DE\u00bb global_colors_info=\u00bb{}\u00bb]<\/p>\n<p style=\"text-align: center;\"><span style=\"color: #333333;\">Urologie<\/span><\/p>\n<p style=\"text-align: center;\">\n<p style=\"text-align: center;\"><span style=\"color: #cc99ff;\"><b>\u00a0<\/b><\/span><\/p>\n<p>[\/et_pb_blurb][\/et_pb_column][et_pb_column type=\u00bb1_2&#8243; specialty_columns=\u00bb2&#8243; _builder_version=\u00bb4.16&#8243; custom_padding=\u00bb|||\u00bb global_colors_info=\u00bb{}\u00bb custom_padding__hover=\u00bb|||\u00bb][et_pb_row_inner _builder_version=\u00bb4.27.4&#8243; _module_preset=\u00bbdefault\u00bb custom_margin=\u00bb0px||0px||true|false\u00bb global_colors_info=\u00bb{}\u00bb][et_pb_column_inner saved_specialty_column_type=\u00bb1_2&#8243; _builder_version=\u00bb4.27.4&#8243; _module_preset=\u00bbdefault\u00bb global_colors_info=\u00bb{}\u00bb][et_pb_text _builder_version=\u00bb4.27.4&#8243; _module_preset=\u00bbb20293d3-7e7e-4718-8a41-9d40e20be87b\u00bb header_2_font=\u00bb&#8211;et_global_heading_font|300||on|||||\u00bb header_2_font_size=\u00bb31px\u00bb header_2_letter_spacing=\u00bb0px\u00bb header_2_line_height=\u00bb1em\u00bb header_4_text_color=\u00bb#C7A3DE\u00bb max_width=\u00bb379px\u00bb max_width_tablet=\u00bb379px\u00bb max_width_phone=\u00bb266px\u00bb max_width_last_edited=\u00bbon|phone\u00bb module_alignment=\u00bbcenter\u00bb custom_margin=\u00bb||-8px||false|false\u00bb custom_padding=\u00bb1px|30px||30px|false|true\u00bb border_width_all=\u00bb2px\u00bb border_color_all=\u00bb#C7A3DE\u00bb border_width_top=\u00bb0px\u00bb border_width_right=\u00bb0px\u00bb border_color_right=\u00bb#C7A3DE\u00bb border_width_bottom=\u00bb1px\u00bb border_color_bottom=\u00bb#C7A3DE\u00bb border_color_left=\u00bb#C7A3DE\u00bb locked=\u00bboff\u00bb global_colors_info=\u00bb{}\u00bb]<\/p>\n<h3 style=\"text-align: center;\">Unit\u00e9 d'andrologie<\/h3>\n<p>[\/et_pb_text][\/et_pb_column_inner][\/et_pb_row_inner][et_pb_row_inner column_structure=\u00bb1_2,1_2&#8243; _builder_version=\u00bb4.27.4&#8243; _module_preset=\u00bbdefault\u00bb custom_margin=\u00bb0px||0px||true|false\u00bb custom_padding=\u00bb0px||0px||true|\u00bb locked=\u00bboff\u00bb global_colors_info=\u00bb{}\u00bb][et_pb_column_inner type=\u00bb1_2&#8243; saved_specialty_column_type=\u00bb1_2&#8243; _builder_version=\u00bb4.27.4&#8243; _module_preset=\u00bbdefault\u00bb global_colors_info=\u00bb{}\u00bb][et_pb_blurb title=\u00bbDr. F\u00e9lix Campos-Juanatey\u00bb image=\u00bbhttps:\/\/recoletasmarbella.com\/wp-content\/uploads\/2026\/03\/felix-campos-juanatey_urologia-hospital-recoletas-salud-marbella.png\u00bb image_icon_width=\u00bb200px\u00bb module_class=\u00bbpopmake-292482&#8243; _builder_version=\u00bb4.27.4&#8243; _module_preset=\u00bbdefault\u00bb header_level=\u00bbh3&#8243; header_font=\u00bb&#8211;et_global_heading_font|700||on|||||\u00bb header_text_align=\u00bbcenter\u00bb header_text_color=\u00bb#5A636A\u00bb header_font_size=\u00bb14px\u00bb body_font=\u00bb&#8211;et_global_body_font||||||||\u00bb body_text_color=\u00bb#5A636A\u00bb body_link_font=\u00bb|700|||||||\u00bb text_orientation=\u00bbcenter\u00bb custom_margin=\u00bb-1px||||false|false\u00bb custom_margin_tablet=\u00bb\u00bb custom_margin_phone=\u00bb0px||16px||false|false\u00bb custom_margin_last_edited=\u00bbon|phone\u00bb custom_padding=\u00bb60px||||false|false\u00bb filter_saturate=\u00bb117%\u00bb filter_opacity=\u00bb85%\u00bb hover_enabled=\u00bb0&#8243; border_color_all=\u00bb#C7A3DE\u00bb border_radii_image=\u00bbon|522px|522px|522px|522px\u00bb border_width_all_image=\u00bb2px\u00bb border_color_all_image=\u00bb#C7A3DE\u00bb global_colors_info=\u00bb{}\u00bb sticky_enabled=\u00bb0&#8243;]<\/p>\n<p style=\"text-align: center;\"><span style=\"color: #333333;\">Androlog\u00eda y Ur\u00f3log\u00eda Reconstructiva<\/span><\/p>\n<p style=\"text-align: center;\"><strong><span style=\"color: #c4a2cc;\">+ D'INFOS<\/span><\/strong><\/p>\n<p>[\/et_pb_blurb][\/et_pb_column_inner][et_pb_column_inner type=\u00bb1_2&#8243; saved_specialty_column_type=\u00bb1_2&#8243; _builder_version=\u00bb4.27.4&#8243; _module_preset=\u00bbdefault\u00bb global_colors_info=\u00bb{}\u00bb][et_pb_blurb title=\u00bbDr. Rodrigo Garc\u00eda-Baquero\u00bb image=\u00bbhttps:\/\/recoletasmarbella.com\/wp-content\/uploads\/2026\/04\/baquero-andrologia.png\u00bb image_icon_width=\u00bb200px\u00bb module_class=\u00bbpopmake-292479&#8243; _builder_version=\u00bb4.27.4&#8243; _module_preset=\u00bbdefault\u00bb header_level=\u00bbh3&#8243; header_font=\u00bb&#8211;et_global_heading_font|700||on|||||\u00bb header_text_align=\u00bbcenter\u00bb header_text_color=\u00bb#5A636A\u00bb header_font_size=\u00bb14px\u00bb body_font=\u00bb&#8211;et_global_body_font||||||||\u00bb body_text_color=\u00bb#5A636A\u00bb body_link_font=\u00bb|700|||||||\u00bb text_orientation=\u00bbcenter\u00bb custom_margin=\u00bb-1px||||false|false\u00bb custom_margin_tablet=\u00bb\u00bb custom_margin_phone=\u00bb0px||16px||false|false\u00bb custom_margin_last_edited=\u00bbon|phone\u00bb custom_padding=\u00bb60px||||false|false\u00bb filter_saturate=\u00bb105%\u00bb filter_brightness=\u00bb108%\u00bb filter_opacity=\u00bb89%\u00bb hover_enabled=\u00bb0&#8243; border_color_all=\u00bb#C7A3DE\u00bb border_radii_image=\u00bbon|522px|522px|522px|522px\u00bb border_width_all_image=\u00bb2px\u00bb border_color_all_image=\u00bb#C7A3DE\u00bb global_colors_info=\u00bb{}\u00bb sticky_enabled=\u00bb0&#8243;]<\/p>\n<p style=\"text-align: center;\"><span style=\"color: #333333;\">Androlog\u00eda y Ur\u00f3log\u00eda Reconstructiva<\/span><\/p>\n<p style=\"text-align: center;\"><strong><span style=\"color: #c4a2cc;\">+ D'INFOS<\/span><\/strong><\/p>\n<p>[\/et_pb_blurb][\/et_pb_column_inner][\/et_pb_row_inner][et_pb_row_inner _builder_version=\u00bb4.27.4&#8243; _module_preset=\u00bbdefault\u00bb custom_margin=\u00bb0px||0px||true|false\u00bb custom_padding=\u00bb0px||0px||true|\u00bb locked=\u00bboff\u00bb global_colors_info=\u00bb{}\u00bb][et_pb_column_inner saved_specialty_column_type=\u00bb1_2&#8243; _builder_version=\u00bb4.27.4&#8243; _module_preset=\u00bbdefault\u00bb global_colors_info=\u00bb{}\u00bb][et_pb_blurb title=\u00bbDr. \u00d3scar Gorr\u00eda\u00bb image=\u00bbhttps:\/\/recoletasmarbella.com\/wp-content\/uploads\/2026\/03\/oscar-gorria-cardesa_urologia-hospital-recoletas-salud-marbella.png\u00bb image_icon_width=\u00bb200px\u00bb module_class=\u00bbpopmake-292477&#8243; _builder_version=\u00bb4.27.4&#8243; _module_preset=\u00bbdefault\u00bb header_level=\u00bbh3&#8243; header_font=\u00bb&#8211;et_global_heading_font|700||on|||||\u00bb header_text_align=\u00bbcenter\u00bb header_text_color=\u00bb#5A636A\u00bb header_font_size=\u00bb14px\u00bb body_font=\u00bb&#8211;et_global_body_font||||||||\u00bb body_text_color=\u00bb#5A636A\u00bb body_link_font=\u00bb|700|||||||\u00bb text_orientation=\u00bbcenter\u00bb custom_margin=\u00bb-1px||||false|false\u00bb custom_margin_tablet=\u00bb\u00bb custom_margin_phone=\u00bb0px||16px||false|false\u00bb custom_margin_last_edited=\u00bbon|phone\u00bb custom_padding=\u00bb60px||||false|false\u00bb filter_saturate=\u00bb117%\u00bb filter_opacity=\u00bb85%\u00bb hover_enabled=\u00bb0&#8243; border_color_all=\u00bb#C7A3DE\u00bb border_radii_image=\u00bbon|522px|522px|522px|522px\u00bb border_width_all_image=\u00bb2px\u00bb border_color_all_image=\u00bb#C7A3DE\u00bb global_colors_info=\u00bb{}\u00bb sticky_enabled=\u00bb0&#8243;]<\/p>\n<p style=\"text-align: center;\"><span style=\"color: #333333;\">Androlog\u00eda y Ur\u00f3log\u00eda Reconstructiva<\/span><\/p>\n<p style=\"text-align: center;\"><strong><span style=\"color: #c4a2cc;\">+ D'INFOS<\/span><\/strong><\/p>\n<p>[\/et_pb_blurb][\/et_pb_column_inner][\/et_pb_row_inner][\/et_pb_column][\/et_pb_section][et_pb_section fb_built=\u00bb1&#8243; custom_padding_last_edited=\u00bbon|tablet\u00bb admin_label=\u00bbUrolog\u00eda\u00bb _builder_version=\u00bb4.27.4&#8243; _module_preset=\u00bbdefault\u00bb background_color=\u00bb#ffffff\u00bb custom_margin_tablet=\u00bb0px||0px||false|false\u00bb custom_margin_phone=\u00bb0px||0px||false|false\u00bb custom_margin_last_edited=\u00bbon|tablet\u00bb custom_padding_tablet=\u00bb0px||35px||false|false\u00bb custom_padding_phone=\u00bb0px||35px||false|false\u00bb box_shadow_style=\u00bbpreset1&#8243; box_shadow_horizontal=\u00bb15px\u00bb box_shadow_vertical=\u00bb1px\u00bb box_shadow_blur=\u00bb15px\u00bb global_colors_info=\u00bb{}\u00bb][et_pb_row disabled_on=\u00bbon|on|on\u00bb _builder_version=\u00bb4.27.4&#8243; _module_preset=\u00bbdefault\u00bb disabled=\u00bbon\u00bb global_colors_info=\u00bb{}\u00bb][et_pb_column type=\u00bb4_4&#8243; _builder_version=\u00bb4.27.4&#8243; _module_preset=\u00bbdefault\u00bb global_colors_info=\u00bb{}\u00bb][et_pb_text _builder_version=\u00bb4.27.4&#8243; _module_preset=\u00bbb20293d3-7e7e-4718-8a41-9d40e20be87b\u00bb header_2_font=\u00bb&#8211;et_global_heading_font|300||on|||||\u00bb header_2_font_size=\u00bb31px\u00bb header_2_letter_spacing=\u00bb0px\u00bb header_2_line_height=\u00bb1em\u00bb header_4_text_color=\u00bb#C7A3DE\u00bb max_width=\u00bb379px\u00bb max_width_tablet=\u00bb379px\u00bb max_width_phone=\u00bb266px\u00bb max_width_last_edited=\u00bbon|phone\u00bb module_alignment=\u00bbcenter\u00bb custom_margin=\u00bb||-8px||false|false\u00bb custom_padding=\u00bb1px|30px||30px|false|true\u00bb border_width_all=\u00bb2px\u00bb border_color_all=\u00bb#C7A3DE\u00bb border_width_top=\u00bb0px\u00bb border_width_right=\u00bb0px\u00bb border_color_right=\u00bb#C7A3DE\u00bb border_width_bottom=\u00bb1px\u00bb border_color_bottom=\u00bb#C7A3DE\u00bb border_color_left=\u00bb#C7A3DE\u00bb locked=\u00bboff\u00bb global_colors_info=\u00bb{}\u00bb]<\/p>\n<h3 style=\"text-align: center;\">urologie<\/h3>\n<p>[\/et_pb_text][\/et_pb_column][\/et_pb_row][et_pb_row column_structure=\u00bb1_2,1_2&#8243; use_custom_gutter=\u00bbon\u00bb gutter_width=\u00bb1&#8243; disabled_on=\u00bbon|on|on\u00bb _builder_version=\u00bb4.27.4&#8243; _module_preset=\u00bbdefault\u00bb min_height=\u00bb255px\u00bb custom_margin=\u00bb33px|auto|9px|auto|false|false\u00bb custom_margin_tablet=\u00bb33px|auto|9px|auto|false|false\u00bb custom_margin_phone=\u00bb11px|auto|9px|auto|false|false\u00bb custom_margin_last_edited=\u00bbon|phone\u00bb custom_padding=\u00bb4px|0px|4px|0px|false|true\u00bb disabled=\u00bbon\u00bb locked=\u00bboff\u00bb global_colors_info=\u00bb{}\u00bb][et_pb_column type=\u00bb1_2&#8243; _builder_version=\u00bb4.27.4&#8243; _module_preset=\u00bbdefault\u00bb global_colors_info=\u00bb{}\u00bb custom_css_main_element_last_edited=\u00bbon|tablet\u00bb custom_css_main_element_tablet=\u00bbdisplay: inline-block;||max-width: 50%;\u00bb custom_css_main_element_phone=\u00bb-\u00ab][et_pb_blurb title=\u00bbDr. Francisco Reyes Mart\u00ednez\u00bb image=\u00bbhttps:\/\/recoletasmarbella.com\/wp-content\/uploads\/2025\/03\/icon_male-contact-doctor-hospital-marbella.png\u00bb image_icon_width=\u00bb200px\u00bb disabled_on=\u00bbon|on|on\u00bb _builder_version=\u00bb4.27.4&#8243; _module_preset=\u00bbdefault\u00bb header_level=\u00bbh3&#8243; header_font=\u00bb&#8211;et_global_heading_font|700||on|||||\u00bb header_text_align=\u00bbcenter\u00bb header_text_color=\u00bb#5A636A\u00bb header_font_size=\u00bb14px\u00bb body_font=\u00bb&#8211;et_global_body_font||||||||\u00bb body_text_color=\u00bb#5A636A\u00bb body_link_font=\u00bb|700|||||||\u00bb text_orientation=\u00bbcenter\u00bb custom_margin_tablet=\u00bb\u00bb custom_margin_phone=\u00bb0px||16px||false|false\u00bb custom_margin_last_edited=\u00bbon|phone\u00bb filter_brightness=\u00bb108%\u00bb filter_opacity=\u00bb85%\u00bb border_color_all=\u00bb#C7A3DE\u00bb border_radii_image=\u00bbon|522px|522px|522px|522px\u00bb border_width_all_image=\u00bb2px\u00bb border_color_all_image=\u00bb#C7A3DE\u00bb disabled=\u00bbon\u00bb global_colors_info=\u00bb{}\u00bb]<\/p>\n<p style=\"text-align: center;\"><span style=\"color: #333333;\">Urologue<\/span><strong><span style=\"color: #cc99ff;\"><\/span><\/strong><\/p>\n<p>[\/et_pb_blurb][\/et_pb_column][et_pb_column type=\u00bb1_2&#8243; _builder_version=\u00bb4.27.4&#8243; _module_preset=\u00bbdefault\u00bb global_colors_info=\u00bb{}\u00bb custom_css_main_element_last_edited=\u00bbon|tablet\u00bb custom_css_main_element_tablet=\u00bbdisplay: inline-block;||max-width: 50%;\u00bb custom_css_main_element_phone=\u00bb-\u00ab][et_pb_blurb title=\u00bbDr. Javier P\u00e9rez P\u00e9rez\u00bb image=\u00bbhttps:\/\/recoletasmarbella.com\/wp-content\/uploads\/2025\/03\/icon_male-contact-doctor-hospital-marbella.png\u00bb image_icon_width=\u00bb200px\u00bb _builder_version=\u00bb4.27.4&#8243; _module_preset=\u00bbdefault\u00bb header_level=\u00bbh3&#8243; header_font=\u00bb&#8211;et_global_heading_font|700||on|||||\u00bb header_text_align=\u00bbcenter\u00bb header_text_color=\u00bb#5A636A\u00bb header_font_size=\u00bb14px\u00bb body_font=\u00bb&#8211;et_global_body_font||||||||\u00bb body_text_color=\u00bb#5A636A\u00bb body_link_font=\u00bb|700|||||||\u00bb text_orientation=\u00bbcenter\u00bb custom_margin_tablet=\u00bb\u00bb custom_margin_phone=\u00bb0px||16px||false|false\u00bb custom_margin_last_edited=\u00bbon|phone\u00bb filter_brightness=\u00bb108%\u00bb filter_opacity=\u00bb85%\u00bb border_color_all=\u00bb#C7A3DE\u00bb border_radii_image=\u00bbon|522px|522px|522px|522px\u00bb border_width_all_image=\u00bb2px\u00bb border_color_all_image=\u00bb#C7A3DE\u00bb global_colors_info=\u00bb{}\u00bb]<\/p>\n<p style=\"text-align: center;\"><span style=\"color: #333333;\">Urologue<\/span><\/p>\n<p style=\"text-align: center;\"><span style=\"color: #333333;\"><strong><span style=\"color: #cc99ff;\">+ D'INFOS<\/span><\/strong><\/span><\/p>\n<p style=\"text-align: center;\"><span style=\"color: #cc99ff;\"><b>\u00a0<\/b><\/span><\/p>\n<p>[\/et_pb_blurb][\/et_pb_column][\/et_pb_row][\/et_pb_section][et_pb_section fb_built=\u00bb1&#8243; _builder_version=\u00bb4.27.4&#8243; _module_preset=\u00bbdefault\u00bb background_color=\u00bb#5A636A\u00bb custom_padding=\u00bb28px||21px|||\u00bb global_colors_info=\u00bb{}\u00bb][et_pb_row _builder_version=\u00bb4.27.4&#8243; _module_preset=\u00bbdefault\u00bb module_alignment=\u00bbcenter\u00bb custom_margin=\u00bb9px|auto||auto||\u00bb custom_padding=\u00bb22px||22px||true|\u00bb global_colors_info=\u00bb{}\u00bb][et_pb_column type=\u00bb4_4&#8243; _builder_version=\u00bb4.27.4&#8243; _module_preset=\u00bbdefault\u00bb global_colors_info=\u00bb{}\u00bb][et_pb_text _builder_version=\u00bb4.27.4&#8243; _module_preset=\u00bbbe55db4f-f3de-4482-8776-310d0463644d\u00bb header_2_font=\u00bb|800||on|||||\u00bb header_2_text_color=\u00bb#5a636a\u00bb header_2_font_size=\u00bb30px\u00bb max_width=\u00bb379px\u00bb max_width_tablet=\u00bb379px\u00bb max_width_phone=\u00bb\u00bb max_width_last_edited=\u00bbon|phone\u00bb module_alignment=\u00bbcenter\u00bb custom_margin_tablet=\u00bb||||false|false\u00bb custom_margin_phone=\u00bb|||0px|false|false\u00bb custom_margin_last_edited=\u00bbon|phone\u00bb custom_padding=\u00bb|32px||32px|false|true\u00bb custom_padding_tablet=\u00bb|32px||32px|false|true\u00bb custom_padding_phone=\u00bb|0px||0px|false|true\u00bb custom_padding_last_edited=\u00bbon|phone\u00bb border_width_right=\u00bb2px\u00bb border_width_left=\u00bb2px\u00bb locked=\u00bboff\u00bb global_colors_info=\u00bb{}\u00bb]<\/p>\n<h3 style=\"text-align: center;\"><span style=\"color: #ffffff;\">LES MEILLEURS SOINS<\/span><\/h3>\n<h2 style=\"text-align: center;\"><span style=\"color: #ffffff;\">L'\u00c9QUIPE INFIRMI\u00c8RE<\/span><\/h2>\n<p>[\/et_pb_text][\/et_pb_column][\/et_pb_row][\/et_pb_section][et_pb_section fb_built=\u00bb1&#8243; custom_padding_last_edited=\u00bbon|tablet\u00bb _builder_version=\u00bb4.27.4&#8243; _module_preset=\u00bbdefault\u00bb background_image=\u00bbhttps:\/\/recoletasmarbella.com\/wp-content\/uploads\/2025\/04\/equipomedico-equipo-enfermeria-hospital-recoletas-salud-marbella-1.jpg\u00bb custom_margin_tablet=\u00bb\u00bb custom_margin_phone=\u00bb\u00bb custom_margin_last_edited=\u00bbon|tablet\u00bb custom_padding=\u00bb80px|0px|120px||false|false\u00bb custom_padding_tablet=\u00bb||362px||false|false\u00bb custom_padding_phone=\u00bb||362px||false|false\u00bb filter_saturate=\u00bb115%\u00bb filter_sepia=\u00bb5%\u00bb background_last_edited=\u00bbon|phone\u00bb use_background_color_gradient_tablet=\u00bbon\u00bb background_color_gradient_stops_tablet=\u00bb#ffffff 13%|rgba(255,255,255,0) 70%\u00bb background_image_tablet=\u00bbhttps:\/\/recoletasmarbella.com\/wp-content\/uploads\/2025\/03\/recoletasmarbella2-26.1_tablet.jpg\u00bb background_image_phone=\u00bbhttps:\/\/recoletasmarbella.com\/wp-content\/uploads\/2025\/04\/equipomedico-equipo-enfermeria-hospital-recoletas-salud-marbella-mobile.jpg\u00bb background_enable_image_tablet=\u00bbon\u00bb background_enable_image_phone=\u00bbon\u00bb background_size_phone=\u00bbcover\u00bb background_position_tablet=\u00bbbottom_right\u00bb background_position_phone=\u00bbbottom_left\u00bb background_horizontal_offset_phone=\u00bb43%\u00bb background_vertical_offset_tablet=\u00bb10%\u00bb background_vertical_offset_phone=\u00bb9%\u00bb background_blend_tablet=\u00bblighten\u00bb global_colors_info=\u00bb{}\u00bb][et_pb_row column_structure=\u00bb1_2,1_2&#8243; _builder_version=\u00bb4.27.4&#8243; _module_preset=\u00bbdefault\u00bb global_colors_info=\u00bb{}\u00bb][et_pb_column type=\u00bb1_2&#8243; _builder_version=\u00bb4.27.4&#8243; _module_preset=\u00bbdefault\u00bb global_colors_info=\u00bb{}\u00bb][et_pb_text _builder_version=\u00bb4.27.4&#8243; _module_preset=\u00bbff347454-283e-426a-9660-28afbe1b5f05&#8243; text_font=\u00bbMontserrat|300|||||||\u00bb header_font=\u00bb&#8211;et_global_heading_font|300|||||||\u00bb custom_padding=\u00bb|123px||||\u00bb global_colors_info=\u00bb{}\u00bb]<\/p>\n<p data-start=\"121\" data-end=\"785\" style=\"text-align: justify;\">L' <strong data-start=\"124\" data-end=\"148\">\u00e9quipe infirmi\u00e8re<\/strong> de notre h\u00f4pital est un \u00e9l\u00e9ment fondamental des soins prodigu\u00e9s \u00e0 nos patients <strong>et infirmiers<\/strong> sont hautement qualifi\u00e9s et poss\u00e8dent une grande exp\u00e9rience dans divers domaines, ce qui leur permet d'apporter un soutien \u00e9troit et personnalis\u00e9 \u00e0 chaque patient. Ils assurent <strong>les soins directs<\/strong>, veillent au confort des patients et supervisent les actes m\u00e9dicaux afin qu'ils soient r\u00e9alis\u00e9s de mani\u00e8re s\u00fbre et efficace.<\/p>\n<p data-start=\"121\" data-end=\"785\" style=\"text-align: justify;\">Ils s'engagent \u00e9galement \u00e0 <strong>informer et \u00e0 guider les patients<\/strong> tout au long de leur parcours de soins, en les soutenant \u00e0 chaque \u00e9tape du traitement et du r\u00e9tablissement.<\/p>\n<p data-start=\"787\" data-end=\"1455\" style=\"text-align: justify;\">Notre h\u00f4pital est compos\u00e9 d'un groupe multidisciplinaire de professionnels, comprenant des m\u00e9decins, des infirmiers, des techniciens et du personnel administratif, tous unis par le m\u00eame objectif : fournir les meilleurs soins m\u00e9dicaux possibles.<\/p>\n<p>[\/et_pb_text][\/et_pb_column][et_pb_column type=\u00bb1_2&#8243; _builder_version=\u00bb4.27.4&#8243; _module_preset=\u00bbdefault\u00bb global_colors_info=\u00bb{}\u00bb][\/et_pb_column][\/et_pb_row][\/et_pb_section]<\/p>","protected":false},"excerpt":{"rendered":"<p>excelencia m\u00e9dica EQUIPO M\u00c9DICOexperiencia, innovaci\u00f3n y trato humano Especialistas a tu lado, cuidando tu saludEn nuestro hospital contamos con un equipo de especialistas altamente cualificados, con una amplia trayectoria en sus respectivas \u00e1reas y un firme compromiso con la salud y el bienestar de nuestros pacientes. Desde cardiolog\u00eda hasta cirug\u00eda pl\u00e1stica, pasando por ginecolog\u00eda, traumatolog\u00eda, [&hellip;]<\/p>","protected":false},"author":2,"featured_media":286584,"parent":0,"menu_order":0,"comment_status":"closed","ping_status":"closed","template":"","meta":{"_et_pb_use_builder":"on","_et_pb_old_content":"","_et_gb_content_width":"","footnotes":""},"class_list":["post-284842","page","type-page","status-publish","has-post-thumbnail","hentry"],"yoast_head":"<!-- This site is optimized with the Yoast SEO plugin v26.1.1 - https:\/\/yoast.com\/wordpress\/plugins\/seo\/ -->\n<title>M\u00e9dicos en Marbella | Recoletas Salud Marbella<\/title>\n<meta name=\"description\" content=\"Conoce a nuestros profesionales: m\u00e1s de 40 especialistas, experiencia internacional y formaci\u00f3n puntera al servicio de tu salud en Marbella.\" \/>\n<meta name=\"robots\" content=\"index, follow, max-snippet:-1, max-image-preview:large, max-video-preview:-1\" \/>\n<link rel=\"canonical\" href=\"https:\/\/recoletasmarbella.com\/fr\/equipe-medicale\/\" \/>\n<meta property=\"og:locale\" content=\"fr_FR\" \/>\n<meta property=\"og:type\" content=\"article\" \/>\n<meta property=\"og:title\" content=\"M\u00e9dicos en Marbella | Recoletas Salud Marbella\" \/>\n<meta property=\"og:description\" content=\"Conoce a nuestros profesionales: m\u00e1s de 40 especialistas, experiencia internacional y formaci\u00f3n puntera al servicio de tu salud en Marbella.\" \/>\n<meta property=\"og:url\" content=\"https:\/\/recoletasmarbella.com\/fr\/equipe-medicale\/\" \/>\n<meta property=\"og:site_name\" content=\"Hospital Marbella\" \/>\n<meta property=\"article:publisher\" content=\"https:\/\/www.facebook.com\/people\/Recoletas-Salud-Marbella\/61573653462220\/\" \/>\n<meta property=\"article:modified_time\" content=\"2026-04-09T15:50:18+00:00\" \/>\n<meta property=\"og:image\" content=\"http:\/\/recoletasmarbella.com\/wp-content\/uploads\/2025\/03\/recoletasmarbella2-33.jpg\" \/>\n\t<meta property=\"og:image:width\" content=\"1600\" \/>\n\t<meta property=\"og:image:height\" content=\"1067\" \/>\n\t<meta property=\"og:image:type\" content=\"image\/jpeg\" \/>\n<meta name=\"twitter:card\" content=\"summary_large_image\" \/>\n<meta name=\"twitter:label1\" content=\"Dur\u00e9e de lecture estim\u00e9e\" \/>\n\t<meta name=\"twitter:data1\" content=\"9 minutes\" \/>\n<script type=\"application\/ld+json\" class=\"yoast-schema-graph\">{\"@context\":\"https:\/\/schema.org\",\"@graph\":[{\"@type\":\"WebPage\",\"@id\":\"https:\/\/recoletasmarbella.com\/es\/equipo-medico\/\",\"url\":\"https:\/\/recoletasmarbella.com\/es\/equipo-medico\/\",\"name\":\"M\u00e9dicos en Marbella | Recoletas Salud Marbella\",\"isPartOf\":{\"@id\":\"https:\/\/recoletasmarbella.com\/es\/#website\"},\"primaryImageOfPage\":{\"@id\":\"https:\/\/recoletasmarbella.com\/es\/equipo-medico\/#primaryimage\"},\"image\":{\"@id\":\"https:\/\/recoletasmarbella.com\/es\/equipo-medico\/#primaryimage\"},\"thumbnailUrl\":\"https:\/\/recoletasmarbella.com\/wp-content\/uploads\/2025\/03\/recoletasmarbella2-33.jpg\",\"datePublished\":\"2025-02-27T09:58:11+00:00\",\"dateModified\":\"2026-04-09T15:50:18+00:00\",\"description\":\"Conoce a nuestros profesionales: m\u00e1s de 40 especialistas, experiencia internacional y formaci\u00f3n puntera al servicio de tu salud en Marbella.\",\"breadcrumb\":{\"@id\":\"https:\/\/recoletasmarbella.com\/es\/equipo-medico\/#breadcrumb\"},\"inLanguage\":\"fr-FR\",\"potentialAction\":[{\"@type\":\"ReadAction\",\"target\":[\"https:\/\/recoletasmarbella.com\/es\/equipo-medico\/\"]}]},{\"@type\":\"ImageObject\",\"inLanguage\":\"fr-FR\",\"@id\":\"https:\/\/recoletasmarbella.com\/es\/equipo-medico\/#primaryimage\",\"url\":\"https:\/\/recoletasmarbella.com\/wp-content\/uploads\/2025\/03\/recoletasmarbella2-33.jpg\",\"contentUrl\":\"https:\/\/recoletasmarbella.com\/wp-content\/uploads\/2025\/03\/recoletasmarbella2-33.jpg\",\"width\":1600,\"height\":1067,\"caption\":\"equipo medico. Hospital Recoletas Salud Marbella\"},{\"@type\":\"BreadcrumbList\",\"@id\":\"https:\/\/recoletasmarbella.com\/es\/equipo-medico\/#breadcrumb\",\"itemListElement\":[{\"@type\":\"ListItem\",\"position\":1,\"name\":\"Portada\",\"item\":\"https:\/\/recoletasmarbella.com\/es\/\"},{\"@type\":\"ListItem\",\"position\":2,\"name\":\"Equipo M\u00e9dico\"}]},{\"@type\":\"WebSite\",\"@id\":\"https:\/\/recoletasmarbella.com\/es\/#website\",\"url\":\"https:\/\/recoletasmarbella.com\/es\/\",\"name\":\"Hospital Recoletas Salud Marbella\",\"description\":\"Recoletas Salud\",\"publisher\":{\"@id\":\"https:\/\/recoletasmarbella.com\/es\/#organization\"},\"potentialAction\":[{\"@type\":\"SearchAction\",\"target\":{\"@type\":\"EntryPoint\",\"urlTemplate\":\"https:\/\/recoletasmarbella.com\/es\/?s={search_term_string}\"},\"query-input\":{\"@type\":\"PropertyValueSpecification\",\"valueRequired\":true,\"valueName\":\"search_term_string\"}}],\"inLanguage\":\"fr-FR\"},{\"@type\":\"Organization\",\"@id\":\"https:\/\/recoletasmarbella.com\/es\/#organization\",\"name\":\"Grupo Recoletas\",\"url\":\"https:\/\/recoletasmarbella.com\/es\/\",\"logo\":{\"@type\":\"ImageObject\",\"inLanguage\":\"fr-FR\",\"@id\":\"https:\/\/recoletasmarbella.com\/es\/#\/schema\/logo\/image\/\",\"url\":\"http:\/\/recoletasmarbella.com\/wp-content\/uploads\/2025\/01\/logo-v-hospital-marbella-1.png\",\"contentUrl\":\"http:\/\/recoletasmarbella.com\/wp-content\/uploads\/2025\/01\/logo-v-hospital-marbella-1.png\",\"width\":216,\"height\":164,\"caption\":\"Grupo Recoletas\"},\"image\":{\"@id\":\"https:\/\/recoletasmarbella.com\/es\/#\/schema\/logo\/image\/\"},\"sameAs\":[\"https:\/\/www.facebook.com\/people\/Recoletas-Salud-Marbella\/61573653462220\/\",\"https:\/\/www.instagram.com\/recoletassaludmarbella\/\",\"https:\/\/www.linkedin.com\/company\/recoletas-salud-marbella\",\"https:\/\/www.youtube.com\/@recoletassalud\"]}]}<\/script>\n<!-- \/ Yoast SEO plugin. -->","yoast_head_json":{"title":"M\u00e9decins \u00e0 Marbella | Recoletas Salud Marbella","description":"Rencontrez nos professionnels : plus de 40 sp\u00e9cialistes, une exp\u00e9rience internationale et une formation de pointe au service de votre sant\u00e9 \u00e0 Marbella.","robots":{"index":"index","follow":"follow","max-snippet":"max-snippet:-1","max-image-preview":"max-image-preview:large","max-video-preview":"max-video-preview:-1"},"canonical":"https:\/\/recoletasmarbella.com\/fr\/equipe-medicale\/","og_locale":"fr_FR","og_type":"article","og_title":"M\u00e9dicos en Marbella | Recoletas Salud Marbella","og_description":"Conoce a nuestros profesionales: m\u00e1s de 40 especialistas, experiencia internacional y formaci\u00f3n puntera al servicio de tu salud en Marbella.","og_url":"https:\/\/recoletasmarbella.com\/fr\/equipe-medicale\/","og_site_name":"Hospital Marbella","article_publisher":"https:\/\/www.facebook.com\/people\/Recoletas-Salud-Marbella\/61573653462220\/","article_modified_time":"2026-04-09T15:50:18+00:00","og_image":[{"width":1600,"height":1067,"url":"http:\/\/recoletasmarbella.com\/wp-content\/uploads\/2025\/03\/recoletasmarbella2-33.jpg","type":"image\/jpeg"}],"twitter_card":"summary_large_image","twitter_misc":{"Dur\u00e9e de lecture estim\u00e9e":"9 minutes"},"schema":{"@context":"https:\/\/schema.org","@graph":[{"@type":"WebPage","@id":"https:\/\/recoletasmarbella.com\/es\/equipo-medico\/","url":"https:\/\/recoletasmarbella.com\/es\/equipo-medico\/","name":"M\u00e9decins \u00e0 Marbella | Recoletas Salud Marbella","isPartOf":{"@id":"https:\/\/recoletasmarbella.com\/es\/#website"},"primaryImageOfPage":{"@id":"https:\/\/recoletasmarbella.com\/es\/equipo-medico\/#primaryimage"},"image":{"@id":"https:\/\/recoletasmarbella.com\/es\/equipo-medico\/#primaryimage"},"thumbnailUrl":"https:\/\/recoletasmarbella.com\/wp-content\/uploads\/2025\/03\/recoletasmarbella2-33.jpg","datePublished":"2025-02-27T09:58:11+00:00","dateModified":"2026-04-09T15:50:18+00:00","description":"Rencontrez nos professionnels : plus de 40 sp\u00e9cialistes, une exp\u00e9rience internationale et une formation de pointe au service de votre sant\u00e9 \u00e0 Marbella.","breadcrumb":{"@id":"https:\/\/recoletasmarbella.com\/es\/equipo-medico\/#breadcrumb"},"inLanguage":"fr-FR","potentialAction":[{"@type":"ReadAction","target":["https:\/\/recoletasmarbella.com\/es\/equipo-medico\/"]}]},{"@type":"ImageObject","inLanguage":"fr-FR","@id":"https:\/\/recoletasmarbella.com\/es\/equipo-medico\/#primaryimage","url":"https:\/\/recoletasmarbella.com\/wp-content\/uploads\/2025\/03\/recoletasmarbella2-33.jpg","contentUrl":"https:\/\/recoletasmarbella.com\/wp-content\/uploads\/2025\/03\/recoletasmarbella2-33.jpg","width":1600,"height":1067,"caption":"equipo medico. Hospital Recoletas Salud Marbella"},{"@type":"BreadcrumbList","@id":"https:\/\/recoletasmarbella.com\/es\/equipo-medico\/#breadcrumb","itemListElement":[{"@type":"ListItem","position":1,"name":"Portada","item":"https:\/\/recoletasmarbella.com\/es\/"},{"@type":"ListItem","position":2,"name":"Equipo M\u00e9dico"}]},{"@type":"WebSite","@id":"https:\/\/recoletasmarbella.com\/es\/#website","url":"https:\/\/recoletasmarbella.com\/es\/","name":"L'h\u00f4pital Recoletas Salud Marbella","description":"de recoletas salud","publisher":{"@id":"https:\/\/recoletasmarbella.com\/es\/#organization"},"potentialAction":[{"@type":"SearchAction","target":{"@type":"EntryPoint","urlTemplate":"https:\/\/recoletasmarbella.com\/es\/?s={search_term_string}"},"query-input":{"@type":"PropertyValueSpecification","valueRequired":true,"valueName":"search_term_string"}}],"inLanguage":"fr-FR"},{"@type":"Organization","@id":"https:\/\/recoletasmarbella.com\/es\/#organization","name":"Groupe Recoletas","url":"https:\/\/recoletasmarbella.com\/es\/","logo":{"@type":"ImageObject","inLanguage":"fr-FR","@id":"https:\/\/recoletasmarbella.com\/es\/#\/schema\/logo\/image\/","url":"http:\/\/recoletasmarbella.com\/wp-content\/uploads\/2025\/01\/logo-v-hospital-marbella-1.png","contentUrl":"http:\/\/recoletasmarbella.com\/wp-content\/uploads\/2025\/01\/logo-v-hospital-marbella-1.png","width":216,"height":164,"caption":"Grupo Recoletas"},"image":{"@id":"https:\/\/recoletasmarbella.com\/es\/#\/schema\/logo\/image\/"},"sameAs":["https:\/\/www.facebook.com\/people\/Recoletas-Salud-Marbella\/61573653462220\/","https:\/\/www.instagram.com\/recoletassaludmarbella\/","https:\/\/www.linkedin.com\/company\/recoletas-salud-marbella","https:\/\/www.youtube.com\/@recoletassalud"]}]}},"_links":{"self":[{"href":"https:\/\/recoletasmarbella.com\/fr\/wp-json\/wp\/v2\/pages\/284842","targetHints":{"allow":["GET"]}}],"collection":[{"href":"https:\/\/recoletasmarbella.com\/fr\/wp-json\/wp\/v2\/pages"}],"about":[{"href":"https:\/\/recoletasmarbella.com\/fr\/wp-json\/wp\/v2\/types\/page"}],"author":[{"embeddable":true,"href":"https:\/\/recoletasmarbella.com\/fr\/wp-json\/wp\/v2\/users\/2"}],"replies":[{"embeddable":true,"href":"https:\/\/recoletasmarbella.com\/fr\/wp-json\/wp\/v2\/comments?post=284842"}],"version-history":[{"count":252,"href":"https:\/\/recoletasmarbella.com\/fr\/wp-json\/wp\/v2\/pages\/284842\/revisions"}],"predecessor-version":[{"id":292697,"href":"https:\/\/recoletasmarbella.com\/fr\/wp-json\/wp\/v2\/pages\/284842\/revisions\/292697"}],"wp:featuredmedia":[{"embeddable":true,"href":"https:\/\/recoletasmarbella.com\/fr\/wp-json\/wp\/v2\/media\/286584"}],"wp:attachment":[{"href":"https:\/\/recoletasmarbella.com\/fr\/wp-json\/wp\/v2\/media?parent=284842"}],"curies":[{"name":"wp","href":"https:\/\/api.w.org\/{rel}","templated":true}]}}