{"id":284906,"date":"2025-02-27T12:22:48","date_gmt":"2025-02-27T12:22:48","guid":{"rendered":"https:\/\/recoletasmarbella.com\/?page_id=284906"},"modified":"2026-03-27T09:52:37","modified_gmt":"2026-03-27T09:52:37","slug":"la-chirurgie-plastique-esthetique-et-reconstructive-2","status":"publish","type":"page","link":"https:\/\/recoletasmarbella.com\/fr\/la-chirurgie-plastique-esthetique-et-reconstructive-2\/","title":{"rendered":"Chirurgie plastique esth\u00e9tique et reconstructive"},"content":{"rendered":"<p>[et_pb_section fb_built=\u00bb1&#8243; disabled_on=\u00bboff|off|off\u00bb admin_label=\u00bbtop\u00bb _builder_version=\u00bb4.27.4&#8243; _module_preset=\u00bbc75156c4-775b-4cd8-8dc3-5148a08f45a2&#8243; background_image=\u00bbhttps:\/\/recoletasmarbella.com\/wp-content\/uploads\/2025\/04\/cirugia-plastica-estetica-especialidades-hospital-recoletas-salud-marbella-top.png\u00bb background_position=\u00bbbottom_center\u00bb custom_margin_tablet=\u00bb\u00bb custom_margin_phone=\u00bb\u00bb custom_margin_last_edited=\u00bbon|tablet\u00bb custom_padding_phone=\u00bb17px||414px|0px|false|false\u00bb filter_saturate=\u00bb105%\u00bb filter_brightness=\u00bb105%\u00bb filter_contrast=\u00bb99%\u00bb animation_style=\u00bbnone\u00bb background_color_phone=\u00bbRGBA(255,255,255,0)\u00bb background_last_edited=\u00bbon|tablet\u00bb background_enable_color_phone=\u00bbon\u00bb use_background_color_gradient_phone=\u00bboff\u00bb background_image_tablet=\u00bbhttps:\/\/recoletasmarbella.com\/wp-content\/uploads\/2025\/04\/cirugia-plastica-estetica-especialidades-hospital-recoletas-salud-marbella-top.png\u00bb background_image_phone=\u00bbhttps:\/\/recoletasmarbella.com\/wp-content\/uploads\/2025\/03\/banner-specialidades-estetica-mobile2.jpg\u00bb background_enable_image_tablet=\u00bbon\u00bb background_enable_image_phone=\u00bbon\u00bb background_size_phone=\u00bbcover\u00bb background_position_tablet=\u00bbbottom_right\u00bb background_horizontal_offset_tablet=\u00bb34%\u00bb background_vertical_offset_tablet=\u00bb-5%\u00bb background_blend_phone=\u00bbnormal\u00bb locked=\u00bboff\u00bb collapsed=\u00bboff\u00bb global_colors_info=\u00bb{}\u00bb][et_pb_row _builder_version=\u00bb4.27.4&#8243; _module_preset=\u00bbdefault\u00bb background_color=\u00bbRGBA(255,255,255,0)\u00bb custom_margin=\u00bb33px|auto|0px|auto|false|false\u00bb custom_padding=\u00bb0px|||||\u00bb global_colors_info=\u00bb{}\u00bb][et_pb_column type=\u00bb4_4&#8243; _builder_version=\u00bb4.27.4&#8243; _module_preset=\u00bbdefault\u00bb custom_padding=\u00bb0px||0px||true|false\u00bb custom_padding_tablet=\u00bb0px||0px||true|false\u00bb custom_padding_phone=\u00bb0px||0px|22px|true|false\u00bb custom_padding_last_edited=\u00bbon|phone\u00bb scroll_vertical_motion_enable=\u00bboff\u00bb border_width_left=\u00bb2px\u00bb border_color_left=\u00bb#FFFFFF\u00bb border_width_left_tablet=\u00bb2px\u00bb border_width_left_phone=\u00bb2px\u00bb border_width_left_last_edited=\u00bbon|tablet\u00bb border_color_left_tablet=\u00bb#617179&#8243; border_color_left_phone=\u00bb#617179&#8243; border_color_left_last_edited=\u00bbon|tablet\u00bb global_colors_info=\u00bb{}\u00bb][et_pb_text content_tablet=\u00bb<\/p>\n<h3 class=\"%22p1%22\">Sp\u00e9cialit\u00e9s<\/h3>\n<h1>Chirurgie plastique,<br \/>l'esth\u00e9tique et <br \/>r\u00e9paration<\/h1>\n<p>\"content_phone=\"<\/p>\n<h3 class=\"%22p1%22\">Sp\u00e9cialit\u00e9s<\/h3>\n<h1>Chirurgie plastique,<br \/>esth\u00e9tique et restauration<\/h1>\n<p>\" content_last_edited=\"on|tablet\" admin_label=\"Text\" _builder_version=\"4.27.4\u2033 _module_preset=\"ff347454-283e-426a-9660-28afbe1b5f05\u2033 header_font=\"-et_global_heading_font|||on|||||\" header_line_height=\"1.1em\" header_2_text_color=\"#FFFFFFFF\" header_3_text_color=\"#FFFFFFFFFF\" header_4_text_color=\"#dcccdd\" header_4_font_size=\"21px\" header_5_text_color=\"#cc70bc\" max_width_tablet=\"379px\" max_width_phone=\"266px\" max_width_last_edited=\"off|desktop\" custom_margin=\"0px|0px|false|false\" custom_margin_tablet=\"||||30px|false|false|false\" custom_margin_phone=\"|||0px|false|false|false\" custom_margin_last_edited=\"on|phone\" custom_padding=\"0px|30px|0px|0px|30px|false|true\" header_text_color_tablet=\"#617179\u2033 header_text_color_phone=\"#5A636A\" header_text_color_last_edited=\"on|tablet\" header_font_size_tablet=\"29px\" header_font_size_phone=\"29px\" header_font_size_last_edited=\"on|phone\" header_2_text_color_tablet=\"#FFFFFFFF\" header_2_text_color_phone=\"#617179\u2033 header_2_text_color_last_edited=\"on|tablet\" header_2_font_size_tablet=\"35px\" header_2_font_size_phone=\"28px\" header_2_font_size_last_edited=\"on|tablet\" header_3_text_color_tablet=\"#617179\u2033 header_3_text_color_phone=\"#617179\u2033 header_3_text_color_last_edited=\"on|phone\" header_3_font_size_tablet=\"13px\" header_3_font_size_phone=\"13px\" header_3_font_size_last_edited=\"on|desktop\" header_3_line_height_tablet=\"1.2em\" header_3_line_height_phone=\"1.2em\" header_3_line_height_last_edited=\"on|tablet\" locked=\"off\" global_colors_info=\"{}\"]<\/p>\n<h3 class=\"p1\">Sp\u00e9cialit\u00e9s<\/h3>\n<h1>Chirurgie plastique,<br \/>esth\u00e9tique et restauration<\/h1>\n<p>[\/et_pb_text][\/et_pb_column][\/et_pb_row][\/et_pb_section][et_pb_section fb_built=\u00bb1&#8243; disabled_on=\u00bbon|on|off\u00bb _builder_version=\u00bb4.27.4&#8243; _module_preset=\u00bbdefault\u00bb background_color=\u00bbRGBA(255,255,255,0)\u00bb custom_margin=\u00bb-218px||-1px||false|false\u00bb custom_padding=\u00bb0px|6px|67px||false|false\u00bb bottom_divider_color=\u00bb#F2F2F2&#8243; bottom_divider_flip=\u00bbhorizontal|vertical\u00bb collapsed=\u00bboff\u00bb global_colors_info=\u00bb{}\u00bb][et_pb_row column_structure=\u00bb3_5,2_5&#8243; use_custom_gutter=\u00bbon\u00bb make_equal=\u00bbon\u00bb _builder_version=\u00bb4.27.4&#8243; _module_preset=\u00bbdefault\u00bb background_color=\u00bbRGBA(255,255,255,0)\u00bb width=\u00bb100%\u00bb max_height=\u00bb502px\u00bb custom_margin=\u00bb25px|auto||auto||\u00bb custom_padding=\u00bb2px||4px|||\u00bb border_color_right=\u00bb#C7A3DE\u00bb global_colors_info=\u00bb{}\u00bb][et_pb_column type=\u00bb3_5&#8243; _builder_version=\u00bb4.27.4&#8243; _module_preset=\u00bbdefault\u00bb global_colors_info=\u00bb{}\u00bb][et_pb_image src=\u00bbhttps:\/\/recoletasmarbella.com\/wp-content\/uploads\/2025\/02\/estetica-especialidades-recoletas-marbella-1.jpg\u00bb alt=\u00bbcirugia plastica estetica y reparadora. Hospital Recoletas Salud Marbella\u00bb title_text=\u00bbcirugia plastica estetica y reparadora. Hospital Recoletas Salud Marbella\u00bb _builder_version=\u00bb4.27.4&#8243; _module_preset=\u00bbdefault\u00bb background_enable_image=\u00bboff\u00bb background_size=\u00bbcontain\u00bb background_position=\u00bbtop_left\u00bb background_horizontal_offset=\u00bb0%\u00bb background_vertical_offset=\u00bb10%\u00bb module_alignment=\u00bbleft\u00bb custom_padding=\u00bb12px||13px||false|false\u00bb filter_saturate=\u00bb153%\u00bb filter_contrast=\u00bb103%\u00bb filter_sepia=\u00bb7%\u00bb animation_style=\u00bbfade\u00bb border_radii=\u00bboff|15px|15px|15px|15px\u00bb global_colors_info=\u00bb{}\u00bb][\/et_pb_image][\/et_pb_column][et_pb_column type=\u00bb2_5&#8243; _builder_version=\u00bb4.27.4&#8243; _module_preset=\u00bbdefault\u00bb global_colors_info=\u00bb{}\u00bb][et_pb_text _builder_version=\u00bb4.27.4&#8243; _module_preset=\u00bbb20293d3-7e7e-4718-8a41-9d40e20be87b\u00bb header_font=\u00bb|||on|||||\u00bb header_text_align=\u00bbright\u00bb header_text_color=\u00bb#5A636A\u00bb header_line_height=\u00bb0.3em\u00bb header_2_text_align=\u00bbright\u00bb header_2_font_size=\u00bb34px\u00bb header_2_letter_spacing=\u00bb0px\u00bb header_2_line_height=\u00bb1em\u00bb header_3_text_align=\u00bbright\u00bb header_4_text_align=\u00bbright\u00bb max_width_tablet=\u00bb379px\u00bb max_width_phone=\u00bb266px\u00bb max_width_last_edited=\u00bboff|desktop\u00bb module_alignment=\u00bbright\u00bb custom_margin=\u00bb226px||0px|-3px|false|false\u00bb custom_margin_tablet=\u00bb185px||0px|-3px|false|false\u00bb custom_margin_phone=\u00bb185px||0px|-3px|false|false\u00bb custom_margin_last_edited=\u00bbon|desktop\u00bb custom_padding=\u00bb0px|0px|0px|0px|false|false\u00bb animation_direction=\u00bbright\u00bb scroll_vertical_motion_enable=\u00bbon\u00bb scroll_vertical_motion=\u00bb0|41|41|100|0|0|0.5&#8243; border_color_right=\u00bb#DCCCDD\u00bb locked=\u00bboff\u00bb global_colors_info=\u00bb{}\u00bb]<\/p>\n<h3 style=\"text-align: right;\">NOUS PRENONS SOIN DE VOUS<\/h3>\n<h2 style=\"text-align: right;\">nous combinons innovation, pr\u00e9cision et approche personnalis\u00e9e<\/h2>\n<p>[\/et_pb_text][\/et_pb_column][\/et_pb_row][\/et_pb_section][et_pb_section fb_built=\u00bb1\u2033 _builder_version=\u00bb4.27.4\u2033 _module_preset=\u00bb62c95c8c-8319-472b-9dd6-30165a584812\u2033 collapsed=\u00bboff\u00bb global_colors_info=\u00bb{}\u00bb][et_pb_row custom_padding_last_edited=\u00bbon|phone\u00bb _builder_version=\u00bb4.27.4\u2033 _module_preset=\u00bbdefault\u00bb background_color=\u00bbRGBA(255,255,255,0)\u00bb transform_scale_tablet=\u00bb\u00bb transform_scale_phone=\u00bb\u00bb transform_scale_last_edited=\u00bbon|phone\u00bb transform_translate_tablet=\u00bb\u00bb transform_translate_phone=\u00bb\u00bb transform_translate_last_edited=\u00bbon|phone\u00bb transform_rotate_tablet=\u00bb\u00bb transform_rotate_phone=\u00bb\u00bb transform_rotate_last_edited=\u00bbon|phone\u00bb transform_skew_tablet=\u00bb\u00bb transform_skew_phone=\u00bb\u00bb transform_skew_last_edited=\u00bbon|phone\u00bb transform_origin_tablet=\u00bb\u00bb transform_origin_phone=\u00bb\u00bb transform_origin_last_edited=\u00bbon|phone\u00bb transform_styles_last_edited=\u00bbon|phone\u00bb height_tablet=\u00bb\u00bb height_phone=\u00bbauto\u00bb height_last_edited=\u00bbon|phone\u00bb custom_margin=\u00bb-2px|auto|34px|auto|false|false\u00bb custom_margin_tablet=\u00bb5px|auto|0px|auto|false|false\u00bb custom_margin_phone=\u00bb0px||0px||false|false\u00bb custom_margin_last_edited=\u00bbon|phone\u00bb custom_padding=\u00bb2px||5px|||\u00bb custom_padding_tablet=\u00bb0px||0px||false|false\u00bb custom_padding_phone=\u00bb0px||0px||false|false\u00bb transform_styles_tablet=\u00bb\u00bb transform_styles_phone=\u00bb\u00bb border_color_right=\u00bb#C7A3DE\u00bb global_colors_info=\u00bb{}\u00bb][et_pb_column type=\u00bb4_4\u2033 _builder_version=\u00bb4.27.4\u2033 _module_preset=\u00bbdefault\u00bb global_colors_info=\u00bb{}\u00bb][et_pb_text content_tablet=\u00bb<\/p>\n<h3 style=\"%22text-align:\" left;%22>NOUS PRENONS SOIN DE VOUS<\/h3>\n<h2 style=\"%22text-align:\" left;%22>nous combinons innovation, pr\u00e9cision et approche personnalis\u00e9e<\/h2>\n<p>\"content_phone=\"<\/p>\n<h3 style=\"%22text-align:\" left;%22>Sant\u00e9, innovation et soins<\/h3>\n<h2 style=\"%22text-align:\" left;%22>Prenons soin de vous 24 heures sur 24, avec une qualit\u00e9 et une s\u00e9curit\u00e9 maximales.<\/h2>\n<p>\" content_last_edited=\"on|tablet\" _builder_version=\"4.27.4\u2033 _module_preset=\"ff347454-283e-426a-9660-28afbe1b5f05\u2033 header_font=\"|||on|||||\" header_text_align=\"right\" header_text_color=\"#5A636A\" header_line_height=\"0.3em\" header_2_text_align=\"right\" header_2_letter_spacing=\"0px\" header_3_text_align=\"right\" header_4_font=\"|700|on|||||\" header_4_text_align=\"right\" header_4_font_size=\"14px\" header_4_letter_spacing=\"1px\" width=\"100%\" max_width_tablet=\"379px\" max_width_phone=\"266px\" max_width_last_edited=\"off|desktop\" module_alignment=\"right\" custom_margin=\"||5px|4px|4px|false|false\" custom_margin_tablet=\"0px|0px|0px|0px|0px|false|false\" custom_margin_phone=\"0px|0px|0px|0px|0px|false|false\" custom_margin_last_edited=\"on|tablet\" custom_padding=\"0px|80px|0px|0px|0px|0px|false|false|false\" custom_padding_tablet=\"10px|169px|20px|0px|0px|false|false\" custom_padding_phone=\"78px|0px|0px|false|true\" animation_style=\"fade\" animation_direction=\"right\" scroll_vertical_motion_enable=\"on\" scroll_vertical_motion=\"0|36|36|86|0|0|0|-0.5\u2033 header_2_font_tablet=\"-et_global_heading_font|300||on|||||\" header_2_font_phone=\"-et_global_heading_font||on|||||\" header_2_font_last_edited=\"on|tablet\" header_2_font_size_tablet=\"26px\" header_2_font_size_phone=\"28px\" header_2_font_size_last_edited=\"on|phone\" header_2_line_height_tablet=\"1.1em\" header_2_line_height_phone=\"1.1em\" header_2_line_height_last_edited=\"on|tablet\" header_3_line_height_tablet=\"1.4em\" header_3_line_height_phone=\"1.4em\" header_3_line_height_last_edited=\"on|tablet\" scroll_vertical_motion_tablet=\"0|51|51|100|-0.5|0|-0.5\u2033 scroll_vertical_motion_phone=\"0|46|46|63|63|-0.5|0|0|0\u2033 scroll_vertical_motion_last_edited=\"on|phone\" border_color_right=\"#DDCCCDD\" border_color_left=\"RGBA(255,255,255,0)\" locked=\"off\" global_colors_info=\"{}\"]<\/p>\n<h3 style=\"text-align: left;\">Sant\u00e9, innovation et soins en un seul lieu<\/h3>\n<h2 style=\"text-align: left;\">Prenons soin de vous 24 heures sur 24, avec une qualit\u00e9 et une s\u00e9curit\u00e9 maximales.<\/h2>\n<p>[\/et_pb_text][et_pb_image src=\u00bbhttps:\/\/recoletasmarbella.com\/wp-content\/uploads\/2025\/02\/estetica-especialidades-recoletas-marbella-1.jpg\u00bb title_text=\u00bbestetica-especialidades-recoletas-marbella\u00bb _builder_version=\u00bb4.27.4&#8243; _module_preset=\u00bbdefault\u00bb background_enable_image=\u00bboff\u00bb background_size=\u00bbcontain\u00bb background_position=\u00bbtop_left\u00bb background_horizontal_offset=\u00bb0%\u00bb background_vertical_offset=\u00bb10%\u00bb module_alignment=\u00bbleft\u00bb custom_margin_tablet=\u00bb||30px||false|false\u00bb custom_margin_phone=\u00bb||30px||false|false\u00bb custom_margin_last_edited=\u00bbon|tablet\u00bb custom_padding=\u00bb12px||13px||false|false\u00bb custom_padding_tablet=\u00bb12px||13px||false|false\u00bb custom_padding_phone=\u00bb12px||13px||false|false\u00bb custom_padding_last_edited=\u00bbon|tablet\u00bb filter_saturate=\u00bb124%\u00bb animation_style=\u00bbfade\u00bb border_radii=\u00bboff|15px|15px|15px|15px\u00bb global_colors_info=\u00bb{}\u00bb][\/et_pb_image][\/et_pb_column][\/et_pb_row][\/et_pb_section][et_pb_section fb_built=\u00bb1&#8243; custom_padding_last_edited=\u00bbon|tablet\u00bb disabled_on=\u00bboff|off|off\u00bb _builder_version=\u00bb4.27.4&#8243; _module_preset=\u00bbdefault\u00bb background_color=\u00bbRGBA(255,255,255,0)\u00bb background_image=\u00bbhttps:\/\/recoletasmarbella.com\/wp-content\/uploads\/2025\/02\/estetica2-especialidades-recoletas-marbella.jpg\u00bb background_position=\u00bbbottom_center\u00bb background_vertical_offset=\u00bb6%\u00bb custom_margin_tablet=\u00bb||3px||false|false\u00bb custom_margin_phone=\u00bb||3px||false|false\u00bb custom_margin_last_edited=\u00bbon|tablet\u00bb custom_padding=\u00bb0px||83px||false|false\u00bb custom_padding_tablet=\u00bb0px||328px||false|false\u00bb custom_padding_phone=\u00bb0px||328px||false|false\u00bb filter_saturate=\u00bb112%\u00bb filter_contrast=\u00bb104%\u00bb background_color_tablet=\u00bbRGBA(255,255,255,0)\u00bb background_last_edited=\u00bbon|tablet\u00bb background_enable_color_tablet=\u00bbon\u00bb use_background_color_gradient_tablet=\u00bbon\u00bb background_color_gradient_stops_tablet=\u00bb#cccccc 16%|rgba(255,255,255,0) 52%\u00bb background_image_tablet=\u00bbhttps:\/\/recoletasmarbella.com\/wp-content\/uploads\/2025\/03\/estetica2-especialidades-recoletas-marbella_mobile.jpg\u00bb background_enable_image_tablet=\u00bbon\u00bb background_position_tablet=\u00bbbottom_center\u00bb background_vertical_offset_phone=\u00bb8%\u00bb background_blend_tablet=\u00bbmultiply\u00bb collapsed=\u00bboff\u00bb global_colors_info=\u00bb{}\u00bb][et_pb_row column_structure=\u00bb1_2,1_2&#8243; custom_padding_last_edited=\u00bbon|tablet\u00bb _builder_version=\u00bb4.27.4&#8243; _module_preset=\u00bbdefault\u00bb custom_margin_tablet=\u00bb\u00bb custom_margin_phone=\u00bb\u00bb custom_margin_last_edited=\u00bbon|tablet\u00bb custom_padding=\u00bb87px||67px|||\u00bb custom_padding_tablet=\u00bb66px||||false|false\u00bb custom_padding_phone=\u00bb66px||||false|false\u00bb global_colors_info=\u00bb{}\u00bb][et_pb_column type=\u00bb1_2&#8243; _builder_version=\u00bb4.27.4&#8243; _module_preset=\u00bbdefault\u00bb global_colors_info=\u00bb{}\u00bb][et_pb_text _builder_version=\u00bb4.27.4&#8243; _module_preset=\u00bbdefault\u00bb text_font=\u00bb&#8211;et_global_heading_font|300|||||||\u00bb text_line_height=\u00bb1.3em\u00bb header_2_text_align=\u00bbleft\u00bb header_2_text_color=\u00bb#FFFFFF\u00bb header_3_text_color=\u00bb#FFFFFF\u00bb custom_margin=\u00bb-1px||-2px||false|false\u00bb custom_padding=\u00bb19px||19px||true|false\u00bb custom_padding_tablet=\u00bb||0px||false|false\u00bb custom_padding_phone=\u00bb||10px||false|false\u00bb custom_padding_last_edited=\u00bbon|desktop\u00bb text_font_size_tablet=\u00bb\u00bb text_font_size_phone=\u00bb\u00bb text_font_size_last_edited=\u00bbon|desktop\u00bb locked=\u00bboff\u00bb global_colors_info=\u00bb{}\u00bb]<\/p>\n<h3 style=\"text-align: left;\">Des sp\u00e9cialistes qualifi\u00e9s<\/h3>\n<h2 style=\"text-align: left;\">Confiance et harmonie gr\u00e2ce \u00e0 la chirurgie<\/h2>\n<p>[\/et_pb_text][et_pb_text _builder_version=\u00bb4.27.4\u2033 _module_preset=\u00bb_initial\u00bb text_font=\u00bb\u2013et_global_heading_font|300|||||||\u00bb text_text_color=\u00bb#FFFFFF\u00bb text_line_height=\u00bb1.3em\u00bb custom_margin=\u00bb-1px||||false|false\u00bb custom_padding=\u00bb19px||19px||true|false\u00bb custom_padding_tablet=\u00bb||74px||false|false\u00bb custom_padding_phone=\u00bb||74px||false|false\u00bb custom_padding_last_edited=\u00bbon|desktop\u00bb text_font_size_tablet=\u00bb\u00bb text_font_size_phone=\u00bb\u00bb text_font_size_last_edited=\u00bbon|desktop\u00bb locked=\u00bboff\u00bb global_colors_info=\u00bb{}\u00bb]<\/p>\n<p class=\"p1\" style=\"text-align: justify;\">L' <strong>Chirurgie plastique<\/strong> est la sp\u00e9cialit\u00e9 de la m\u00e9decine qui, par une intervention chirurgicale, cherche \u00e0 corriger les d\u00e9formations et \u00e0 reconstruire les d\u00e9ficiences fonctionnelles en transformant le corps humain.<\/p>\n<p class=\"p1\" style=\"text-align: justify;\">\u00c0 <strong>Recoletas Salud Marbella<\/strong> nous disposons des outils de connaissance et de pr\u00e9paration les plus avanc\u00e9s pour traiter chaque cas de la mani\u00e8re la plus efficace et avec les meilleurs r\u00e9sultats, quelle que soit la difficult\u00e9.<\/p>\n<p class=\"p1\" style=\"text-align: justify;\">L'objectif de ce type d'intervention est de permettre au patient de retrouver la normalit\u00e9 physique et fonctionnelle de son corps, dont il a \u00e9t\u00e9 priv\u00e9 en raison d'une malformation cong\u00e9nitale ou d'un accident grave, ainsi que de <strong>am\u00e9liorer l'esth\u00e9tique<\/strong> en remodelant le corps pour lui redonner sa beaut\u00e9.<\/p>\n<p>[\/et_pb_text][\/et_pb_column][et_pb_column type=\u00bb1_2&#8243; _builder_version=\u00bb4.27.4&#8243; _module_preset=\u00bbdefault\u00bb global_colors_info=\u00bb{}\u00bb][\/et_pb_column][\/et_pb_row][\/et_pb_section][et_pb_section fb_built=\u00bb1&#8243; disabled_on=\u00bboff|off|off\u00bb _builder_version=\u00bb4.27.4&#8243; _module_preset=\u00bbdefault\u00bb background_color=\u00bb#FFFFFF\u00bb custom_margin=\u00bb-69px||0px||false|false\u00bb custom_padding=\u00bb0px|6px|96px||false|false\u00bb bottom_divider_color=\u00bb#F2F2F2&#8243; bottom_divider_flip=\u00bbhorizontal|vertical\u00bb collapsed=\u00bboff\u00bb global_colors_info=\u00bb{}\u00bb][et_pb_row column_structure=\u00bb1_3,2_3&#8243; use_custom_gutter=\u00bbon\u00bb make_equal=\u00bbon\u00bb _builder_version=\u00bb4.27.4&#8243; _module_preset=\u00bbdefault\u00bb background_color=\u00bbRGBA(255,255,255,0)\u00bb custom_margin=\u00bb25px|auto||auto||\u00bb custom_padding=\u00bb2px||5px|||\u00bb border_color_right=\u00bb#C7A3DE\u00bb global_colors_info=\u00bb{}\u00bb][et_pb_column type=\u00bb1_3&#8243; _builder_version=\u00bb4.27.4&#8243; _module_preset=\u00bbdefault\u00bb global_colors_info=\u00bb{}\u00bb][et_pb_image src=\u00bbhttps:\/\/recoletasmarbella.com\/wp-content\/uploads\/2026\/03\/dr-pablo-casas-rinoplastia.jpg\u00bb title_text=\u00bbdr-pablo-casas-rinoplastia\u00bb force_fullwidth=\u00bbon\u00bb _builder_version=\u00bb4.27.4&#8243; _module_preset=\u00bbdefault\u00bb background_enable_image=\u00bboff\u00bb background_size=\u00bbcontain\u00bb background_position=\u00bbtop_left\u00bb background_horizontal_offset=\u00bb0%\u00bb background_vertical_offset=\u00bb10%\u00bb module_alignment=\u00bbleft\u00bb custom_margin=\u00bb||4px|||\u00bb custom_padding=\u00bb98px||13px||false|false\u00bb filter_saturate=\u00bb104%\u00bb filter_brightness=\u00bb101%\u00bb hover_enabled=\u00bb0&#8243; border_radii=\u00bbon|14px|14px|14px|14px\u00bb global_colors_info=\u00bb{}\u00bb filter_contrast=\u00bb94%\u00bb sticky_enabled=\u00bb0&#8243;][\/et_pb_image][et_pb_text content_tablet=\u00bb<\/p>\n<h3 style=\"%22text-align:\" left;%22>Sp\u00e9cialistes de la rhinoplastie \u00e0 Marbella<\/h3>\n<p>\"content_phone=\"<\/p>\n<h3 style=\"%22text-align:\" center;%22>Sp\u00e9cialistes de la rhinoplastie \u00e0 Marbella<\/h3>\n<p>\u00bb content_last_edited=\u00bbon|phone\u00bb _builder_version=\u00bb4.27.4&#8243; _module_preset=\u00bb3aea3a5b-8229-4587-8d9c-5793aea25f31&#8243; header_font=\u00bb|||on|||||\u00bb header_text_align=\u00bbright\u00bb header_text_color=\u00bb#5A636A\u00bb header_line_height=\u00bb0.3em\u00bb header_2_font=\u00bb&#8211;et_global_heading_font|300||on|||||\u00bb header_2_text_align=\u00bbright\u00bb header_2_text_color=\u00bb#C4A2CC\u00bb header_2_font_size=\u00bb40px\u00bb header_3_text_align=\u00bbright\u00bb header_3_line_height=\u00bb1.4em\u00bb header_4_text_align=\u00bbright\u00bb max_width_tablet=\u00bb379px\u00bb max_width_phone=\u00bb266px\u00bb max_width_last_edited=\u00bboff|desktop\u00bb module_alignment=\u00bbright\u00bb custom_margin=\u00bb||0px|0px|false|false\u00bb custom_padding=\u00bb11px|0px|0px|0px|false|false\u00bb animation_direction=\u00bbright\u00bb scroll_vertical_motion_enable=\u00bbon\u00bb scroll_vertical_motion=\u00bb0|47|47|96|0|0|-0.2&#8243; header_2_font_size_tablet=\u00bb33px\u00bb header_2_font_size_phone=\u00bb33px\u00bb header_2_font_size_last_edited=\u00bbon|tablet\u00bb border_color_right=\u00bb#DCCCDD\u00bb locked=\u00bboff\u00bb global_colors_info=\u00bb{}\u00bb]<\/p>\n<h3 style=\"text-align: left;\">Sp\u00e9cialistes de la rhinoplastie \u00e0 Marbella<\/h3>\n<p>[\/et_pb_text][et_pb_text content_tablet=\u00bb<\/p>\n<p style=\"%22text-align:\" justify;%22>Les travaux de la <strong>Dr. Casas<\/strong> repose sur la pr\u00e9cision chirurgicale, une planification d\u00e9taill\u00e9e et une vision globale du visage. Gr\u00e2ce \u00e0 cette combinaison, il est possible d'obtenir des r\u00e9sultats naturels, harmonieux et adapt\u00e9s \u00e0 chaque patient.<\/p>\n<p>\"content_phone=\"<\/p>\n<p style=\"%22text-align:\" justify;%22>Les travaux de la <strong>Dr. Casas<\/strong> repose sur la pr\u00e9cision chirurgicale, une planification d\u00e9taill\u00e9e et une vision globale du visage. Gr\u00e2ce \u00e0 cette combinaison, il est possible d'obtenir des r\u00e9sultats naturels, harmonieux et adapt\u00e9s \u00e0 chaque patient.<\/p>\n<p>\u00bb content_last_edited=\u00bbon|phone\u00bb _builder_version=\u00bb4.27.4&#8243; _module_preset=\u00bb3aea3a5b-8229-4587-8d9c-5793aea25f31&#8243; text_font=\u00bbMontserrat|300|||||||\u00bb text_font_size=\u00bb13px\u00bb text_line_height=\u00bb1.4em\u00bb header_font=\u00bb&#8211;et_global_heading_font|300|||||||\u00bb text_orientation=\u00bbright\u00bb custom_padding=\u00bb|5px||||\u00bb global_colors_info=\u00bb{}\u00bb]<\/p>\n<p style=\"text-align: justify;\">Les travaux de la <strong>Dr. Casas<\/strong> repose sur la pr\u00e9cision chirurgicale, une planification d\u00e9taill\u00e9e et une vision globale du visage. Gr\u00e2ce \u00e0 cette combinaison, il est possible d'obtenir des r\u00e9sultats naturels, harmonieux et adapt\u00e9s \u00e0 chaque patient.<\/p>\n<p>[\/et_pb_text][\/et_pb_column][et_pb_column type=\u00bb2_3&#8243; _builder_version=\u00bb4.27.4&#8243; _module_preset=\u00bbdefault\u00bb global_colors_info=\u00bb{}\u00bb][et_pb_text content_tablet=\u00bb<\/p>\n<h2 style=\"%22text-align:\" right;%22>Rhinoplastie<\/h2>\n<h3 style=\"%22text-align:\" right;%22>Chirurgie esth\u00e9tique et fonctionnelle du nez avec des r\u00e9sultats naturels<\/h3>\n<\/p>\n<p>\"content_phone=\"<\/p>\n<h2 style=\"%22text-align:\" center;%22>Rhinoplastie<\/h2>\n<h3 style=\"%22text-align:\" center;%22>Chirurgie esth\u00e9tique et fonctionnelle du nez avec des r\u00e9sultats naturels<\/h3>\n<p style=\"%22text-align:\" center;%22>\u00bb content_last_edited=\u00bbon|phone\u00bb _builder_version=\u00bb4.27.4&#8243; _module_preset=\u00bb3aea3a5b-8229-4587-8d9c-5793aea25f31&#8243; header_font=\u00bb|||on|||||\u00bb header_text_align=\u00bbright\u00bb header_text_color=\u00bb#5A636A\u00bb header_line_height=\u00bb0.3em\u00bb header_2_font=\u00bb&#8211;et_global_heading_font|300||on|||||\u00bb header_2_text_align=\u00bbright\u00bb header_2_text_color=\u00bb#C4A2CC\u00bb header_2_font_size=\u00bb40px\u00bb header_3_text_align=\u00bbright\u00bb header_3_line_height=\u00bb1.4em\u00bb header_4_text_align=\u00bbright\u00bb max_width_tablet=\u00bb379px\u00bb max_width_phone=\u00bb266px\u00bb max_width_last_edited=\u00bboff|desktop\u00bb module_alignment=\u00bbright\u00bb custom_margin=\u00bb||0px|0px|false|false\u00bb custom_margin_tablet=\u00bb||0px|0px|false|false\u00bb custom_margin_phone=\u00bb0px||0px||false|false\u00bb custom_margin_last_edited=\u00bbon|phone\u00bb custom_padding=\u00bb96px|0px|0px|0px|false|false\u00bb custom_padding_phone=\u00bb15px||15px||false|true\u00bb animation_direction=\u00bbright\u00bb scroll_vertical_motion_enable=\u00bbon\u00bb scroll_vertical_motion=\u00bb0|47|47|96|0|0|-0.2&#8243; header_2_font_size_tablet=\u00bb33px\u00bb header_2_font_size_phone=\u00bb33px\u00bb header_2_font_size_last_edited=\u00bbon|tablet\u00bb border_color_right=\u00bb#DCCCDD\u00bb locked=\u00bboff\u00bb global_colors_info=\u00bb{}\u00bb]<\/p>\n<h2 style=\"text-align: right;\">Rhinoplastie<\/h2>\n<h3 style=\"text-align: right;\">Chirurgie esth\u00e9tique et fonctionnelle du nez avec des r\u00e9sultats naturels<\/h3>\n<p>&nbsp;<\/p>\n<p>[\/et_pb_text][et_pb_text content_tablet=\u00bb<\/p>\n<p style=\"%22text-align:\" justify;%22>L' <strong>rhinoplastie \u00e0 Marbella<\/strong> est l'une des interventions les plus demand\u00e9es en chirurgie esth\u00e9tique du visage, en particulier chez les patients qui cherchent \u00e0 am\u00e9liorer l'harmonie de leur visage sans renoncer \u00e0 une fonction respiratoire correcte.<\/p>\n<p style=\"%22text-align:\" justify;%22>Au Recoletas Salud Marbella, cette proc\u00e9dure est r\u00e9alis\u00e9e par le Dr Casas, chirurgien plasticien du visage, sp\u00e9cialis\u00e9 dans la rhinoplastie, offrant une approche globale qui combine l'esth\u00e9tique et la fonctionnalit\u00e9 en une seule intervention.<\/p>\n<p style=\"%22text-align:\" justify;%22>Chaque cas est \u00e9tudi\u00e9 au cas par cas afin de <strong>concevoir un nez proportionn\u00e9, naturel et en accord avec les traits du visage du patient<\/strong>. L'objectif est d'obtenir un r\u00e9sultat \u00e9quilibr\u00e9, sans alt\u00e9rer l'identit\u00e9 du visage et en \u00e9vitant l'aspect artificiel ou \"nez op\u00e9r\u00e9\".<\/p>\n<p style=\"%22text-align:\" justify;%22>Contrairement aux techniques traditionnelles, une approche structurelle avanc\u00e9e est utilis\u00e9e, ce qui permet de remodeler le nez tout en respectant son support osseux et cartilagineux. Cela garantit des r\u00e9sultats plus stables et durables dans le temps, am\u00e9liorant non seulement l'esth\u00e9tique mais aussi la respiration.<\/p>\n<p style=\"%22text-align:\" justify;%22>Nous consid\u00e9rons le nez comme une unit\u00e9 compl\u00e8te et c'est pourquoi nous <strong>nous traitons les aspects esth\u00e9tiques et fonctionnels ensemble<\/strong>Cela permettra d'\u00e9viter les probl\u00e8mes futurs et d'obtenir un r\u00e9sultat global optimal.<\/p>\n<p>\"content_phone=\"<\/p>\n<p style=\"%22text-align:\" justify;%22>L' <strong>rhinoplastie \u00e0 Marbella<\/strong> est l'une des interventions les plus demand\u00e9es en chirurgie esth\u00e9tique du visage, en particulier chez les patients qui cherchent \u00e0 am\u00e9liorer l'harmonie de leur visage sans renoncer \u00e0 une fonction respiratoire correcte.<\/p>\n<p style=\"%22text-align:\" justify;%22>Au Recoletas Salud Marbella, cette proc\u00e9dure est r\u00e9alis\u00e9e par le Dr Casas, chirurgien plasticien du visage, sp\u00e9cialis\u00e9 dans la rhinoplastie, offrant une approche globale qui combine l'esth\u00e9tique et la fonctionnalit\u00e9 en une seule intervention.<\/p>\n<p style=\"%22text-align:\" justify;%22>Chaque cas est \u00e9tudi\u00e9 au cas par cas afin de <strong>concevoir un nez proportionn\u00e9, naturel et en accord avec les traits du visage du patient<\/strong>. L'objectif est d'obtenir un r\u00e9sultat \u00e9quilibr\u00e9, sans alt\u00e9rer l'identit\u00e9 du visage et en \u00e9vitant l'aspect artificiel ou \"nez op\u00e9r\u00e9\".<\/p>\n<p style=\"%22text-align:\" justify;%22>Contrairement aux techniques traditionnelles, une approche structurelle avanc\u00e9e est utilis\u00e9e, ce qui permet de remodeler le nez tout en respectant son support osseux et cartilagineux. Cela garantit des r\u00e9sultats plus stables et durables dans le temps, am\u00e9liorant non seulement l'esth\u00e9tique mais aussi la respiration.<\/p>\n<p style=\"%22text-align:\" justify;%22>Nous consid\u00e9rons le nez comme une unit\u00e9 compl\u00e8te et c'est pourquoi nous <strong>nous traitons les aspects esth\u00e9tiques et fonctionnels ensemble<\/strong>Cela permettra d'\u00e9viter les probl\u00e8mes futurs et d'obtenir un r\u00e9sultat global optimal.<\/p>\n<p>\u00bb content_last_edited=\u00bbon|phone\u00bb _builder_version=\u00bb4.27.4&#8243; _module_preset=\u00bb3aea3a5b-8229-4587-8d9c-5793aea25f31&#8243; text_font=\u00bbMontserrat|300|||||||\u00bb text_font_size=\u00bb13px\u00bb text_line_height=\u00bb1.4em\u00bb header_font=\u00bb&#8211;et_global_heading_font|300|||||||\u00bb text_orientation=\u00bbright\u00bb custom_padding=\u00bb|0px||51px|false|false\u00bb hover_enabled=\u00bb0&#8243; global_colors_info=\u00bb{}\u00bb sticky_enabled=\u00bb0&#8243;]<\/p>\n<p style=\"text-align: justify;\">L' <strong>rhinoplastie \u00e0 Marbella<\/strong> est l'une des interventions les plus demand\u00e9es en chirurgie esth\u00e9tique du visage, en particulier chez les patients qui cherchent \u00e0 am\u00e9liorer l'harmonie de leur visage sans renoncer \u00e0 une fonction respiratoire correcte.<\/p>\n<p style=\"text-align: justify;\">Au Recoletas Salud Marbella, cette proc\u00e9dure est r\u00e9alis\u00e9e par le Dr Casas, chirurgien plasticien du visage, sp\u00e9cialis\u00e9 dans la rhinoplastie, offrant une approche globale qui combine l'esth\u00e9tique et la fonctionnalit\u00e9 en une seule intervention.<\/p>\n<p style=\"text-align: justify;\">Chaque cas est \u00e9tudi\u00e9 au cas par cas afin de <strong>concevoir un nez proportionn\u00e9, naturel et en accord avec les traits du visage du patient<\/strong>. L'objectif est d'obtenir un r\u00e9sultat \u00e9quilibr\u00e9, sans alt\u00e9rer l'identit\u00e9 du visage et en \u00e9vitant l'aspect artificiel ou \"nez op\u00e9r\u00e9\".<\/p>\n<p style=\"text-align: justify;\">Contrairement aux techniques traditionnelles, une approche structurelle avanc\u00e9e est utilis\u00e9e, ce qui permet de remodeler le nez tout en respectant son support osseux et cartilagineux. Cela garantit des r\u00e9sultats plus stables et durables dans le temps, am\u00e9liorant non seulement l'esth\u00e9tique mais aussi la respiration.<\/p>\n<p style=\"text-align: justify;\">Nous consid\u00e9rons le nez comme une unit\u00e9 compl\u00e8te et c'est pourquoi nous <strong>nous traitons les aspects esth\u00e9tiques et fonctionnels ensemble<\/strong>Cela permettra d'\u00e9viter les probl\u00e8mes futurs et d'obtenir un r\u00e9sultat global optimal.<\/p>\n<p>[\/et_pb_text][\/et_pb_column][\/et_pb_row][\/et_pb_section][et_pb_section fb_built=\u00bb1&#8243; disabled_on=\u00bboff|off|off\u00bb _builder_version=\u00bb4.27.4&#8243; _module_preset=\u00bbdefault\u00bb background_color=\u00bb#f2f2f2&#8243; custom_margin=\u00bb-25px||0px||false|false\u00bb custom_padding=\u00bb0px|6px|0px||false|false\u00bb bottom_divider_color=\u00bb#F2F2F2&#8243; bottom_divider_flip=\u00bbhorizontal|vertical\u00bb collapsed=\u00bboff\u00bb global_colors_info=\u00bb{}\u00bb][et_pb_row _builder_version=\u00bb4.27.4&#8243; _module_preset=\u00bbdefault\u00bb custom_margin=\u00bb0px|auto|0px|auto|false|false\u00bb custom_padding=\u00bb60px||60px||false|false\u00bb global_colors_info=\u00bb{}\u00bb][et_pb_column type=\u00bb4_4&#8243; _builder_version=\u00bb4.20.0&#8243; _module_preset=\u00bbdefault\u00bb global_colors_info=\u00bb{}\u00bb][et_pb_text content_tablet=\u00bb<\/p>\n<h3 class=\"%22p1%22\" style=\"%22text-align:\" center;%22><b>Chirurgie plastique<\/b><\/h3>\n<h2 style=\"%22text-align:\" center;%22>NOUS SOMMES<br \/><span style=\"%22color:\" #c7a3de;%22>DES SP\u00c9CIALISTES<\/span><\/h2>\n<p>\"content_phone=\"<\/p>\n<h3 class=\"%22p1%22\" style=\"%22text-align:\" center;%22><b>Chirurgie plastique<\/b><\/h3>\n<h2 style=\"%22text-align:\" center;%22>NOUS SOMMES<br \/><span style=\"%22color:\" #c7a3de;%22>DES SP\u00c9CIALISTES<\/span><\/h2>\n<p>\" content_last_edited=\"on|tablet\" _builder_version=\"4.27.4\u2033 _module_preset=\u00bbbe55db4f-f3de-4482-8776-310d0463644d\u00bb header_2_font=\u00bb|800||on|||||\u00bb header_2_text_color=\u00bb#5a636a\u00bb header_2_font_size=\u00bb30px\u00bb header_2_line_height=\u00bb1em\u00bb header_3_font=\u00bb\u2013et_global_body_font|700||on|||||\u00bb header_3_line_height=\u00bb1.2em\" max_width=\"379px\" max_width_tablet=\"379px\" max_width_phone=\"266px\" max_width_last_edited=\"on|phone\" module_alignment=\"center\" custom_margin=\"|0px||0px|false|true\" custom_padding=\"|19px||19px|false|true\" border_width_right=\"2px\" border_color_right=\"#C7A3DE\" border_width_left=\"2px\" border_color_left=\"#C7A3DE\" locked=\"off\" global_colors_info=\"{}\"]<\/p>\n<h3 class=\"p1\" style=\"text-align: center;\"><b>Chirurgie plastique<\/b><\/h3>\n<h2 style=\"text-align: center;\">NOUS SOMMES <span style=\"color: #c7a3de;\">DES SP\u00c9CIALISTES<\/span><\/h2>\n<p>[\/et_pb_text][\/et_pb_column][\/et_pb_row][\/et_pb_section][et_pb_section fb_built=\u00bb1&#8243; custom_padding_last_edited=\u00bbon|tablet\u00bb admin_label=\u00bbServices\u00bb _builder_version=\u00bb4.27.4&#8243; _module_preset=\u00bbdefault\u00bb background_color=\u00bbgcid-1c7f682d-c09a-42e9-8b1c-535ba676533f\u00bb custom_margin_tablet=\u00bb\u00bb custom_margin_phone=\u00bb\u00bb custom_margin_last_edited=\u00bbon|tablet\u00bb custom_padding=\u00bb35px||116px|||\u00bb custom_padding_tablet=\u00bb||45px||false|false\u00bb custom_padding_phone=\u00bb||45px||false|false\u00bb collapsed=\u00bbon\u00bb global_colors_info=\u00bb{%22gcid-1c7f682d-c09a-42e9-8b1c-535ba676533f%22:%91%22background_color%22%93}\u00bb][et_pb_row column_structure=\u00bb3_5,2_5&#8243; use_custom_gutter=\u00bbon\u00bb gutter_width=\u00bb1&#8243; make_equal=\u00bbon\u00bb custom_padding_last_edited=\u00bbon|tablet\u00bb _builder_version=\u00bb4.27.4&#8243; _module_preset=\u00bbdefault\u00bb custom_margin_tablet=\u00bb0px||0px||false|false\u00bb custom_margin_phone=\u00bb0px||0px||false|false\u00bb custom_margin_last_edited=\u00bbon|tablet\u00bb custom_padding=\u00bb||30px||false|false\u00bb custom_padding_tablet=\u00bb0px||30px||false|false\u00bb custom_padding_phone=\u00bb0px||30px||false|false\u00bb border_color_all=\u00bbrgba(41,59,69,0.3)\u00bb border_width_bottom=\u00bb1px\u00bb global_colors_info=\u00bb{}\u00bb][et_pb_column type=\u00bb3_5&#8243; _builder_version=\u00bb4.27.4&#8243; _module_preset=\u00bbdefault\u00bb custom_padding_tablet=\u00bb0px||0px||false|false\u00bb custom_padding_phone=\u00bb0px||0px||false|false\u00bb custom_padding_last_edited=\u00bbon|tablet\u00bb global_colors_info=\u00bb{}\u00bb][et_pb_blurb title=\u00bbreconstrucci\u00f3n mamaria\u00bb content_max_width=\u00bb1100px\u00bb _builder_version=\u00bb4.27.4&#8243; _module_preset=\u00bb83b37a7b-8033-46f5-8ca2-ea9ec762070a\u00bb header_font=\u00bb&#8211;et_global_heading_font|||on|||||\u00bb header_text_color=\u00bb#C7A3DE\u00bb header_font_size=\u00bb32px\u00bb header_letter_spacing=\u00bb0px\u00bb custom_margin_tablet=\u00bb0px||0px||false|false\u00bb custom_margin_phone=\u00bb0px|0px|0px|-16px|false|false\u00bb custom_margin_last_edited=\u00bbon|tablet\u00bb custom_padding=\u00bb4px|16px|1px|16px||\u00bb custom_padding_tablet=\u00bb0px|0px|0px|0px|false|false\u00bb custom_padding_phone=\u00bb0px|0px|0px|0px|false|false\u00bb custom_padding_last_edited=\u00bbon|tablet\u00bb animation_direction=\u00bbleft\u00bb header_text_align_tablet=\u00bb\u00bb header_text_align_phone=\u00bbcenter\u00bb header_text_align_last_edited=\u00bbon|phone\u00bb header_font_size_tablet=\u00bb32px\u00bb header_font_size_phone=\u00bb20px\u00bb header_font_size_last_edited=\u00bbon|phone\u00bb border_width_all=\u00bb0px\u00bb border_color_all=\u00bbRGBA(255,255,255,0)\u00bb locked=\u00bboff\u00bb global_colors_info=\u00bb{%22gcid-606d042f-c90f-4ea6-97e7-7b08f1ba25f6%22:%91%22header_2_text_color%22%93}\u00bb header_text_color__hover_enabled=\u00bboff|hover\u00bb header_text_color__hover=\u00bb#293b45&#8243; transform_styles__hover_enabled=\u00bboff|desktop\u00bb transform_scale__hover_enabled=\u00bboff|desktop\u00bb transform_translate__hover_enabled=\u00bboff|desktop\u00bb transform_rotate__hover_enabled=\u00bboff|desktop\u00bb transform_skew__hover_enabled=\u00bboff|desktop\u00bb transform_origin__hover_enabled=\u00bboff|desktop\u00bb transform_scale__hover=\u00bb102%|102%\u00bb][\/et_pb_blurb][\/et_pb_column][et_pb_column type=\u00bb2_5&#8243; _builder_version=\u00bb4.27.4&#8243; _module_preset=\u00bbdefault\u00bb custom_padding_tablet=\u00bb0px||0px||false|false\u00bb custom_padding_phone=\u00bb0px||0px||false|false\u00bb custom_padding_last_edited=\u00bbon|tablet\u00bb global_colors_info=\u00bb{}\u00bb][et_pb_text _builder_version=\u00bb4.27.4&#8243; _module_preset=\u00bbff347454-283e-426a-9660-28afbe1b5f05&#8243; text_font=\u00bb&#8211;et_global_body_font|300|||||||\u00bb text_line_height=\u00bb1.4em\u00bb custom_margin=\u00bb0px||0px||false|false\u00bb custom_margin_tablet=\u00bb0px||0px||false|false\u00bb custom_margin_phone=\u00bb0px||0px||false|false\u00bb custom_margin_last_edited=\u00bbon|phone\u00bb custom_padding=\u00bb|18px||||\u00bb custom_padding_phone=\u00bb0px||0px||false|true\u00bb text_orientation_tablet=\u00bb\u00bb text_orientation_phone=\u00bbjustified\u00bb text_orientation_last_edited=\u00bbon|phone\u00bb global_colors_info=\u00bb{}\u00bb]<\/p>\n<p>Proc\u00e9dures chirurgicales visant \u00e0 restaurer la forme et la sym\u00e9trie du sein chez les patientes ayant subi une mastectomie en raison d'un cancer du sein, \u00e0 l'aide d'implants ou de leurs propres tissus.<\/p>\n<p>[\/et_pb_text][\/et_pb_column][\/et_pb_row][et_pb_row column_structure=\u00bb3_5,2_5&#8243; use_custom_gutter=\u00bbon\u00bb gutter_width=\u00bb1&#8243; make_equal=\u00bbon\u00bb custom_padding_last_edited=\u00bbon|tablet\u00bb _builder_version=\u00bb4.27.4&#8243; _module_preset=\u00bbdefault\u00bb custom_margin_tablet=\u00bb30px||0px||false|false\u00bb custom_margin_phone=\u00bb30px||0px||false|false\u00bb custom_margin_last_edited=\u00bbon|tablet\u00bb custom_padding=\u00bb||30px||false|false\u00bb custom_padding_tablet=\u00bb0px||30px||false|false\u00bb custom_padding_phone=\u00bb0px||30px||false|false\u00bb border_color_all=\u00bbrgba(41,59,69,0.3)\u00bb border_width_bottom=\u00bb1px\u00bb global_colors_info=\u00bb{}\u00bb][et_pb_column type=\u00bb3_5&#8243; _builder_version=\u00bb4.20.0&#8243; _module_preset=\u00bbdefault\u00bb global_colors_info=\u00bb{}\u00bb][et_pb_blurb title=\u00bbCirug\u00eda est\u00e9tica\u00bb image_icon_background_color=\u00bbRGBA(255,255,255,0)\u00bb image_icon_width=\u00bb1%\u00bb content_max_width=\u00bb1100px\u00bb content_max_width_tablet=\u00bb1100px\u00bb content_max_width_phone=\u00bb1100px\u00bb content_max_width_last_edited=\u00bbon|tablet\u00bb _builder_version=\u00bb4.27.4&#8243; _module_preset=\u00bb83b37a7b-8033-46f5-8ca2-ea9ec762070a\u00bb header_font=\u00bb&#8211;et_global_heading_font|||on|||||\u00bb header_text_color=\u00bb#C7A3DE\u00bb header_font_size=\u00bb32px\u00bb header_letter_spacing=\u00bb0px\u00bb image_icon_custom_margin_tablet=\u00bb\u00bb image_icon_custom_margin_phone=\u00bb0px||0px||false|false\u00bb image_icon_custom_margin_last_edited=\u00bbon|phone\u00bb image_icon_custom_padding_tablet=\u00bb\u00bb image_icon_custom_padding_phone=\u00bb0px||0px||false|false\u00bb image_icon_custom_padding_last_edited=\u00bbon|phone\u00bb custom_margin_tablet=\u00bb0px|0px|0px|0px|false|false\u00bb custom_margin_phone=\u00bb0px||0px|-16px|false|false\u00bb custom_margin_last_edited=\u00bbon|tablet\u00bb custom_padding=\u00bb4px|16px|1px|16px||\u00bb custom_padding_tablet=\u00bb0px|0px|0px|0px|false|false\u00bb custom_padding_phone=\u00bb0px||0px||false|false\u00bb custom_padding_last_edited=\u00bbon|tablet\u00bb animation_direction=\u00bbleft\u00bb header_text_align_tablet=\u00bb\u00bb header_text_align_phone=\u00bbcenter\u00bb header_text_align_last_edited=\u00bbon|phone\u00bb header_font_size_tablet=\u00bb32px\u00bb header_font_size_phone=\u00bb20px\u00bb header_font_size_last_edited=\u00bbon|phone\u00bb header_line_height_tablet=\u00bb\u00bb header_line_height_phone=\u00bb1.4em\u00bb header_line_height_last_edited=\u00bbon|phone\u00bb border_width_all=\u00bb0px\u00bb border_color_all=\u00bbRGBA(255,255,255,0)\u00bb locked=\u00bboff\u00bb global_colors_info=\u00bb{%22gcid-606d042f-c90f-4ea6-97e7-7b08f1ba25f6%22:%91%22header_2_text_color%22%93}\u00bb header_text_color__hover_enabled=\u00bboff|hover\u00bb header_text_color__hover=\u00bb#293b45&#8243; transform_styles__hover_enabled=\u00bboff|desktop\u00bb transform_scale__hover_enabled=\u00bboff|desktop\u00bb transform_translate__hover_enabled=\u00bboff|desktop\u00bb transform_rotate__hover_enabled=\u00bboff|desktop\u00bb transform_skew__hover_enabled=\u00bboff|desktop\u00bb transform_origin__hover_enabled=\u00bboff|desktop\u00bb transform_scale__hover=\u00bb102%|102%\u00bb][\/et_pb_blurb][\/et_pb_column][et_pb_column type=\u00bb2_5&#8243; _builder_version=\u00bb4.20.0&#8243; _module_preset=\u00bbdefault\u00bb global_colors_info=\u00bb{}\u00bb][et_pb_text _builder_version=\u00bb4.27.4&#8243; _module_preset=\u00bbff347454-283e-426a-9660-28afbe1b5f05&#8243; text_font=\u00bb&#8211;et_global_body_font|300|||||||\u00bb text_text_color=\u00bb#293b45&#8243; text_orientation=\u00bbjustified\u00bb custom_margin=\u00bb0px||||false|false\u00bb custom_margin_tablet=\u00bb0px||||false|false\u00bb custom_margin_phone=\u00bb0px||0px||false|false\u00bb custom_margin_last_edited=\u00bbon|tablet\u00bb custom_padding=\u00bb|18px||||\u00bb custom_padding_tablet=\u00bb0px|0px|0px|0px|false|true\u00bb custom_padding_phone=\u00bb0px||0px||false|true\u00bb global_colors_info=\u00bb{}\u00bb]<\/p>\n<p>Interventions chirurgicales visant \u00e0 am\u00e9liorer l'apparence et l'harmonie du corps, y compris des proc\u00e9dures telles que la rhinoplastie, le lifting, la liposuccion et l'augmentation ou la r\u00e9duction mammaire, entre autres.<\/p>\n<p>[\/et_pb_text][\/et_pb_column][\/et_pb_row][et_pb_row column_structure=\u00bb3_5,2_5&#8243; use_custom_gutter=\u00bbon\u00bb gutter_width=\u00bb1&#8243; make_equal=\u00bbon\u00bb custom_padding_last_edited=\u00bbon|phone\u00bb _builder_version=\u00bb4.27.4&#8243; _module_preset=\u00bbdefault\u00bb custom_margin_tablet=\u00bb\u00bb custom_margin_phone=\u00bb\u00bb custom_margin_last_edited=\u00bbon|phone\u00bb custom_padding=\u00bb||30px||false|false\u00bb custom_padding_tablet=\u00bb||30px||false|false\u00bb custom_padding_phone=\u00bb||30px||false|false\u00bb border_color_all=\u00bbrgba(41,59,69,0.3)\u00bb border_width_bottom=\u00bb1px\u00bb global_colors_info=\u00bb{}\u00bb][et_pb_column type=\u00bb3_5&#8243; _builder_version=\u00bb4.27.4&#8243; _module_preset=\u00bbdefault\u00bb custom_padding_tablet=\u00bb\u00bb custom_padding_phone=\u00bb0px||0px||false|false\u00bb custom_padding_last_edited=\u00bbon|phone\u00bb global_colors_info=\u00bb{}\u00bb][et_pb_blurb title=\u00bbcirug\u00eda miembro superior\u00bb content_max_width=\u00bb1100px\u00bb content_max_width_tablet=\u00bb1100px\u00bb content_max_width_phone=\u00bb1100px\u00bb content_max_width_last_edited=\u00bbon|phone\u00bb _builder_version=\u00bb4.27.4&#8243; _module_preset=\u00bb83b37a7b-8033-46f5-8ca2-ea9ec762070a\u00bb header_level=\u00bbh3&#8243; header_font=\u00bb&#8211;et_global_heading_font|||on|||||\u00bb header_text_color=\u00bb#C7A3DE\u00bb header_font_size=\u00bb32px\u00bb header_letter_spacing=\u00bb0px\u00bb custom_margin_tablet=\u00bb\u00bb custom_margin_phone=\u00bb0px|0px|0px|-16px|false|false\u00bb custom_margin_last_edited=\u00bbon|phone\u00bb custom_padding=\u00bb4px|16px|1px|16px||\u00bb custom_padding_tablet=\u00bb4px|16px|1px|16px||\u00bb custom_padding_phone=\u00bb0px|0px|0px|0px|false|false\u00bb custom_padding_last_edited=\u00bbon|phone\u00bb animation_direction=\u00bbleft\u00bb header_text_align_tablet=\u00bb\u00bb header_text_align_phone=\u00bbcenter\u00bb header_text_align_last_edited=\u00bbon|phone\u00bb header_font_size_tablet=\u00bb32px\u00bb header_font_size_phone=\u00bb20px\u00bb header_font_size_last_edited=\u00bbon|phone\u00bb header_line_height_tablet=\u00bb\u00bb header_line_height_phone=\u00bb1.4em\u00bb header_line_height_last_edited=\u00bbon|phone\u00bb module_alignment_tablet=\u00bb\u00bb module_alignment_phone=\u00bbleft\u00bb module_alignment_last_edited=\u00bbon|phone\u00bb border_width_all=\u00bb0px\u00bb border_color_all=\u00bbRGBA(255,255,255,0)\u00bb locked=\u00bboff\u00bb global_colors_info=\u00bb{%22gcid-606d042f-c90f-4ea6-97e7-7b08f1ba25f6%22:%91%22header_2_text_color%22%93}\u00bb header_text_color__hover_enabled=\u00bboff|hover\u00bb header_text_color__hover=\u00bb#293b45&#8243; transform_styles__hover_enabled=\u00bboff|desktop\u00bb transform_scale__hover_enabled=\u00bboff|desktop\u00bb transform_translate__hover_enabled=\u00bboff|desktop\u00bb transform_rotate__hover_enabled=\u00bboff|desktop\u00bb transform_skew__hover_enabled=\u00bboff|desktop\u00bb transform_origin__hover_enabled=\u00bboff|desktop\u00bb transform_scale__hover=\u00bb102%|102%\u00bb][\/et_pb_blurb][\/et_pb_column][et_pb_column type=\u00bb2_5&#8243; _builder_version=\u00bb4.27.4&#8243; _module_preset=\u00bbdefault\u00bb custom_padding_tablet=\u00bb\u00bb custom_padding_phone=\u00bb0px||0px|0px|false|false\u00bb custom_padding_last_edited=\u00bbon|phone\u00bb global_colors_info=\u00bb{}\u00bb][et_pb_text _builder_version=\u00bb4.27.4&#8243; _module_preset=\u00bbff347454-283e-426a-9660-28afbe1b5f05&#8243; text_font=\u00bb&#8211;et_global_body_font|300|||||||\u00bb text_text_color=\u00bb#293b45&#8243; text_orientation=\u00bbjustified\u00bb custom_margin_tablet=\u00bb\u00bb custom_margin_phone=\u00bb0px||||false|false\u00bb custom_margin_last_edited=\u00bbon|phone\u00bb custom_padding=\u00bb|18px||||\u00bb custom_padding_phone=\u00bb0px||||false|true\u00bb global_colors_info=\u00bb{}\u00bb]<\/p>\n<p>Cette sp\u00e9cialit\u00e9 s'occupe des blessures, des malformations et des pathologies du bras, de l'avant-bras et du coude, dans le but de restaurer la mobilit\u00e9, la fonctionnalit\u00e9 et l'esth\u00e9tique du patient.<\/p>\n<p>[\/et_pb_text][\/et_pb_column][\/et_pb_row][et_pb_row column_structure=\u00bb3_5,2_5&#8243; use_custom_gutter=\u00bbon\u00bb gutter_width=\u00bb1&#8243; make_equal=\u00bbon\u00bb _builder_version=\u00bb4.27.4&#8243; _module_preset=\u00bbdefault\u00bb custom_padding=\u00bb||30px||false|false\u00bb border_color_all=\u00bbrgba(41,59,69,0.3)\u00bb border_width_bottom=\u00bb1px\u00bb global_colors_info=\u00bb{}\u00bb][et_pb_column type=\u00bb3_5&#8243; _builder_version=\u00bb4.20.0&#8243; _module_preset=\u00bbdefault\u00bb global_colors_info=\u00bb{}\u00bb][et_pb_blurb title=\u00bbcirug\u00eda de la mano\u00bb content_max_width=\u00bb1100px\u00bb _builder_version=\u00bb4.27.4&#8243; _module_preset=\u00bb83b37a7b-8033-46f5-8ca2-ea9ec762070a\u00bb header_font=\u00bb&#8211;et_global_heading_font|||on|||||\u00bb header_text_color=\u00bb#C7A3DE\u00bb header_font_size=\u00bb32px\u00bb header_letter_spacing=\u00bb0px\u00bb custom_margin_tablet=\u00bb\u00bb custom_margin_phone=\u00bb0px|0px|0px|-16px|false|false\u00bb custom_margin_last_edited=\u00bbon|phone\u00bb custom_padding=\u00bb4px|16px|1px|16px||\u00bb custom_padding_tablet=\u00bb4px|16px|1px|16px||\u00bb custom_padding_phone=\u00bb0px|0px|0px|0px|false|false\u00bb custom_padding_last_edited=\u00bbon|phone\u00bb animation_direction=\u00bbleft\u00bb header_text_align_tablet=\u00bb\u00bb header_text_align_phone=\u00bbcenter\u00bb header_text_align_last_edited=\u00bbon|phone\u00bb header_font_size_tablet=\u00bb32px\u00bb header_font_size_phone=\u00bb20px\u00bb header_font_size_last_edited=\u00bbon|phone\u00bb header_line_height_tablet=\u00bb\u00bb header_line_height_phone=\u00bb1.4em\u00bb header_line_height_last_edited=\u00bbon|phone\u00bb border_width_all=\u00bb0px\u00bb border_color_all=\u00bbRGBA(255,255,255,0)\u00bb locked=\u00bboff\u00bb global_colors_info=\u00bb{%22gcid-606d042f-c90f-4ea6-97e7-7b08f1ba25f6%22:%91%22header_2_text_color%22%93}\u00bb header_text_color__hover_enabled=\u00bboff|hover\u00bb header_text_color__hover=\u00bb#293b45&#8243; transform_styles__hover_enabled=\u00bboff|desktop\u00bb transform_scale__hover_enabled=\u00bboff|desktop\u00bb transform_translate__hover_enabled=\u00bboff|desktop\u00bb transform_rotate__hover_enabled=\u00bboff|desktop\u00bb transform_skew__hover_enabled=\u00bboff|desktop\u00bb transform_origin__hover_enabled=\u00bboff|desktop\u00bb transform_scale__hover=\u00bb102%|102%\u00bb][\/et_pb_blurb][\/et_pb_column][et_pb_column type=\u00bb2_5&#8243; _builder_version=\u00bb4.20.0&#8243; _module_preset=\u00bbdefault\u00bb global_colors_info=\u00bb{}\u00bb][et_pb_text _builder_version=\u00bb4.27.4&#8243; _module_preset=\u00bbff347454-283e-426a-9660-28afbe1b5f05&#8243; text_font=\u00bb&#8211;et_global_body_font|300|||||||\u00bb text_text_color=\u00bb#293b45&#8243; text_orientation=\u00bbjustified\u00bb custom_padding=\u00bb|18px||||\u00bb global_colors_info=\u00bb{}\u00bb]<\/p>\n<p>Traitement chirurgical des fractures, des l\u00e9sions traumatiques, des maladies d\u00e9g\u00e9n\u00e9ratives et des malformations cong\u00e9nitales affectant la mobilit\u00e9 et la dext\u00e9rit\u00e9 de la main, y compris les cas tr\u00e8s complexes tels que les amputations ou les reconstructions.<\/p>\n<p>[\/et_pb_text][\/et_pb_column][\/et_pb_row][et_pb_row column_structure=\u00bb3_5,2_5&#8243; use_custom_gutter=\u00bbon\u00bb gutter_width=\u00bb1&#8243; make_equal=\u00bbon\u00bb _builder_version=\u00bb4.27.4&#8243; _module_preset=\u00bbdefault\u00bb custom_padding=\u00bb||30px||false|false\u00bb border_color_all=\u00bbrgba(41,59,69,0.3)\u00bb border_width_bottom=\u00bb1px\u00bb global_colors_info=\u00bb{}\u00bb][et_pb_column type=\u00bb3_5&#8243; _builder_version=\u00bb4.20.0&#8243; _module_preset=\u00bbdefault\u00bb global_colors_info=\u00bb{}\u00bb][et_pb_blurb title=\u00bbsistema nervioso\u00bb content_max_width=\u00bb1100px\u00bb _builder_version=\u00bb4.27.4&#8243; _module_preset=\u00bb83b37a7b-8033-46f5-8ca2-ea9ec762070a\u00bb header_font=\u00bb&#8211;et_global_heading_font|||on|||||\u00bb header_text_color=\u00bb#C7A3DE\u00bb header_font_size=\u00bb32px\u00bb header_letter_spacing=\u00bb0px\u00bb module_alignment=\u00bbleft\u00bb custom_margin_tablet=\u00bb\u00bb custom_margin_phone=\u00bb0px|0px|0px|-16px|false|false\u00bb custom_margin_last_edited=\u00bbon|phone\u00bb custom_padding=\u00bb4px|16px|1px|16px||\u00bb custom_padding_tablet=\u00bb4px|16px|1px|16px||\u00bb custom_padding_phone=\u00bb0px|0px|0px|0px|false|false\u00bb custom_padding_last_edited=\u00bbon|phone\u00bb animation_direction=\u00bbleft\u00bb header_text_align_tablet=\u00bb\u00bb header_text_align_phone=\u00bbcenter\u00bb header_text_align_last_edited=\u00bbon|phone\u00bb header_font_size_tablet=\u00bb32px\u00bb header_font_size_phone=\u00bb20px\u00bb header_font_size_last_edited=\u00bbon|phone\u00bb header_line_height_tablet=\u00bb\u00bb header_line_height_phone=\u00bb1.4em\u00bb header_line_height_last_edited=\u00bbon|phone\u00bb border_width_all=\u00bb0px\u00bb border_color_all=\u00bbRGBA(255,255,255,0)\u00bb locked=\u00bboff\u00bb global_colors_info=\u00bb{%22gcid-606d042f-c90f-4ea6-97e7-7b08f1ba25f6%22:%91%22header_2_text_color%22%93}\u00bb header_text_color__hover_enabled=\u00bboff|hover\u00bb header_text_color__hover=\u00bb#293b45&#8243; transform_styles__hover_enabled=\u00bboff|desktop\u00bb transform_scale__hover_enabled=\u00bboff|desktop\u00bb transform_translate__hover_enabled=\u00bboff|desktop\u00bb transform_rotate__hover_enabled=\u00bboff|desktop\u00bb transform_skew__hover_enabled=\u00bboff|desktop\u00bb transform_origin__hover_enabled=\u00bboff|desktop\u00bb transform_scale__hover=\u00bb102%|102%\u00bb][\/et_pb_blurb][\/et_pb_column][et_pb_column type=\u00bb2_5&#8243; _builder_version=\u00bb4.20.0&#8243; _module_preset=\u00bbdefault\u00bb global_colors_info=\u00bb{}\u00bb][et_pb_text _builder_version=\u00bb4.27.4&#8243; _module_preset=\u00bbff347454-283e-426a-9660-28afbe1b5f05&#8243; text_font=\u00bb&#8211;et_global_body_font|300|||||||\u00bb text_text_color=\u00bb#293b45&#8243; text_orientation=\u00bbjustified\u00bb custom_padding=\u00bb|18px||||\u00bb global_colors_info=\u00bb{}\u00bb]<\/p>\n<p>Proc\u00e9dures visant \u00e0 traiter les l\u00e9sions nerveuses et le pi\u00e9geage des nerfs, comme le syndrome du canal carpien ou les l\u00e9sions traumatiques des nerfs p\u00e9riph\u00e9riques, afin d'am\u00e9liorer la sensation et la fonction motrice.<\/p>\n<p>[\/et_pb_text][\/et_pb_column][\/et_pb_row][et_pb_row column_structure=\u00bb3_5,2_5&#8243; use_custom_gutter=\u00bbon\u00bb gutter_width=\u00bb1&#8243; make_equal=\u00bbon\u00bb _builder_version=\u00bb4.27.4&#8243; _module_preset=\u00bbdefault\u00bb custom_padding=\u00bb||30px||false|false\u00bb border_color_all=\u00bbrgba(41,59,69,0.3)\u00bb border_width_bottom=\u00bb1px\u00bb global_colors_info=\u00bb{}\u00bb][et_pb_column type=\u00bb3_5&#8243; _builder_version=\u00bb4.20.0&#8243; _module_preset=\u00bbdefault\u00bb global_colors_info=\u00bb{}\u00bb][et_pb_blurb title=\u00bbtratamiento de quemaduras\u00bb content_max_width=\u00bb1100px\u00bb _builder_version=\u00bb4.27.4&#8243; _module_preset=\u00bb83b37a7b-8033-46f5-8ca2-ea9ec762070a\u00bb header_font=\u00bb&#8211;et_global_heading_font|||on|||||\u00bb header_text_color=\u00bb#C7A3DE\u00bb header_font_size=\u00bb32px\u00bb header_letter_spacing=\u00bb0px\u00bb custom_margin_tablet=\u00bb\u00bb custom_margin_phone=\u00bb0px|0px|0px|-16px|false|false\u00bb custom_margin_last_edited=\u00bbon|phone\u00bb custom_padding=\u00bb4px|16px|1px|16px||\u00bb custom_padding_tablet=\u00bb4px|16px|1px|16px||\u00bb custom_padding_phone=\u00bb0px|0px|0px|0px|false|false\u00bb custom_padding_last_edited=\u00bbon|phone\u00bb animation_direction=\u00bbleft\u00bb header_text_align_tablet=\u00bb\u00bb header_text_align_phone=\u00bbcenter\u00bb header_text_align_last_edited=\u00bbon|phone\u00bb header_font_size_tablet=\u00bb32px\u00bb header_font_size_phone=\u00bb20px\u00bb header_font_size_last_edited=\u00bbon|phone\u00bb header_line_height_tablet=\u00bb\u00bb header_line_height_phone=\u00bb1.2em\u00bb header_line_height_last_edited=\u00bbon|phone\u00bb border_width_all=\u00bb0px\u00bb border_color_all=\u00bbRGBA(255,255,255,0)\u00bb locked=\u00bboff\u00bb global_colors_info=\u00bb{%22gcid-606d042f-c90f-4ea6-97e7-7b08f1ba25f6%22:%91%22header_2_text_color%22%93}\u00bb header_text_color__hover_enabled=\u00bboff|hover\u00bb header_text_color__hover=\u00bb#293b45&#8243; transform_styles__hover_enabled=\u00bboff|desktop\u00bb transform_scale__hover_enabled=\u00bboff|desktop\u00bb transform_translate__hover_enabled=\u00bboff|desktop\u00bb transform_rotate__hover_enabled=\u00bboff|desktop\u00bb transform_skew__hover_enabled=\u00bboff|desktop\u00bb transform_origin__hover_enabled=\u00bboff|desktop\u00bb transform_scale__hover=\u00bb102%|102%\u00bb][\/et_pb_blurb][\/et_pb_column][et_pb_column type=\u00bb2_5&#8243; _builder_version=\u00bb4.20.0&#8243; _module_preset=\u00bbdefault\u00bb global_colors_info=\u00bb{}\u00bb][et_pb_text _builder_version=\u00bb4.27.4&#8243; _module_preset=\u00bbff347454-283e-426a-9660-28afbe1b5f05&#8243; text_font=\u00bb&#8211;et_global_body_font|300|||||||\u00bb text_text_color=\u00bb#293b45&#8243; text_orientation=\u00bbjustified\u00bb custom_padding=\u00bb|18px||||\u00bb global_colors_info=\u00bb{}\u00bb]<\/p>\n<p>Chirurgie reconstructive ax\u00e9e sur la restauration de la peau et des tissus affect\u00e9s par de graves br\u00fblures, \u00e0 l'aide de greffes, de lambeaux ou de techniques avanc\u00e9es pour am\u00e9liorer la fonctionnalit\u00e9 et l'esth\u00e9tique.<\/p>\n<p>[\/et_pb_text][\/et_pb_column][\/et_pb_row][et_pb_row column_structure=\u00bb3_5,2_5&#8243; use_custom_gutter=\u00bbon\u00bb gutter_width=\u00bb1&#8243; make_equal=\u00bbon\u00bb _builder_version=\u00bb4.27.4&#8243; _module_preset=\u00bbdefault\u00bb custom_padding=\u00bb||30px||false|false\u00bb border_color_all=\u00bbrgba(41,59,69,0.3)\u00bb border_width_bottom=\u00bb1px\u00bb global_colors_info=\u00bb{}\u00bb][et_pb_column type=\u00bb3_5&#8243; _builder_version=\u00bb4.20.0&#8243; _module_preset=\u00bbdefault\u00bb global_colors_info=\u00bb{}\u00bb][et_pb_blurb title=\u00bbCirug\u00eda tejidos blandos\u00bb content_max_width=\u00bb1100px\u00bb _builder_version=\u00bb4.27.4&#8243; _module_preset=\u00bb83b37a7b-8033-46f5-8ca2-ea9ec762070a\u00bb header_font=\u00bb&#8211;et_global_heading_font|||on|||||\u00bb header_text_color=\u00bb#C7A3DE\u00bb header_font_size=\u00bb32px\u00bb header_letter_spacing=\u00bb0px\u00bb custom_margin_tablet=\u00bb\u00bb custom_margin_phone=\u00bb0px|0px|0px|-16px|false|false\u00bb custom_margin_last_edited=\u00bbon|phone\u00bb custom_padding=\u00bb4px|16px|1px|16px||\u00bb custom_padding_tablet=\u00bb4px|16px|1px|16px||\u00bb custom_padding_phone=\u00bb0px|0px|0px|0px|false|false\u00bb custom_padding_last_edited=\u00bbon|phone\u00bb animation_direction=\u00bbleft\u00bb header_text_align_tablet=\u00bb\u00bb header_text_align_phone=\u00bbcenter\u00bb header_text_align_last_edited=\u00bbon|phone\u00bb header_font_size_tablet=\u00bb32px\u00bb header_font_size_phone=\u00bb20px\u00bb header_font_size_last_edited=\u00bbon|phone\u00bb header_line_height_tablet=\u00bb\u00bb header_line_height_phone=\u00bb1.6em\u00bb header_line_height_last_edited=\u00bbon|phone\u00bb border_width_all=\u00bb0px\u00bb border_color_all=\u00bbRGBA(255,255,255,0)\u00bb locked=\u00bboff\u00bb global_colors_info=\u00bb{%22gcid-606d042f-c90f-4ea6-97e7-7b08f1ba25f6%22:%91%22header_2_text_color%22%93}\u00bb header_text_color__hover_enabled=\u00bboff|hover\u00bb header_text_color__hover=\u00bb#293b45&#8243; transform_styles__hover_enabled=\u00bboff|desktop\u00bb transform_scale__hover_enabled=\u00bboff|desktop\u00bb transform_translate__hover_enabled=\u00bboff|desktop\u00bb transform_rotate__hover_enabled=\u00bboff|desktop\u00bb transform_skew__hover_enabled=\u00bboff|desktop\u00bb transform_origin__hover_enabled=\u00bboff|desktop\u00bb transform_scale__hover=\u00bb102%|102%\u00bb][\/et_pb_blurb][\/et_pb_column][et_pb_column type=\u00bb2_5&#8243; _builder_version=\u00bb4.20.0&#8243; _module_preset=\u00bbdefault\u00bb global_colors_info=\u00bb{}\u00bb][et_pb_text content_tablet=\u00bb<\/p>\n<p>Proc\u00e9dures visant \u00e0 r\u00e9parer les d\u00e9fauts de la peau, des muscles et des structures sous-jacentes, g\u00e9n\u00e9ralement n\u00e9cessaires apr\u00e8s un traumatisme, une chirurgie oncologique ou des infections graves qui compromettent l'int\u00e9grit\u00e9 des tissus.<\/p>\n<p>\"content_phone=\"<\/p>\n<p style=\"%22text-align:\" justify;%22>Proc\u00e9dures visant \u00e0 r\u00e9parer les l\u00e9sions de la peau, des muscles et des structures sous-jacentes, g\u00e9n\u00e9ralement n\u00e9cessaires apr\u00e8s un traumatisme, une chirurgie oncologique ou des infections graves qui compromettent l'int\u00e9grit\u00e9 des tissus.<\/p>\n<p>\"content_last_edited=\"on|phone\" _builder_version=\"4.27.4\u2033 _module_preset=\u00bbff347454-283e-426a-9660-28afbe1b5f05\u2033 text_font=\u00bb\u2013et_global_body_font|300|||||||\u00bb text_text_color=\u00bb#293b45\u2033 text_orientation=\u00bbjustified\u00bb custom_padding=\u00bb|18px||||\u00bb global_colors_info=\u00bb{}\u00bb]<\/p>\n<p>Proc\u00e9dures visant \u00e0 r\u00e9parer les d\u00e9fauts de la peau, des muscles et des structures sous-jacentes, g\u00e9n\u00e9ralement n\u00e9cessaires apr\u00e8s un traumatisme, une chirurgie oncologique ou des infections graves qui compromettent l'int\u00e9grit\u00e9 des tissus.<\/p>\n<p>[\/et_pb_text][\/et_pb_column][\/et_pb_row][et_pb_row column_structure=\u00bb3_5,2_5&#8243; use_custom_gutter=\u00bbon\u00bb gutter_width=\u00bb1&#8243; make_equal=\u00bbon\u00bb _builder_version=\u00bb4.27.4&#8243; _module_preset=\u00bbdefault\u00bb custom_padding=\u00bb||30px||false|false\u00bb border_color_all=\u00bbrgba(41,59,69,0.3)\u00bb border_width_bottom=\u00bb1px\u00bb global_colors_info=\u00bb{}\u00bb][et_pb_column type=\u00bb3_5&#8243; _builder_version=\u00bb4.27.4&#8243; _module_preset=\u00bbdefault\u00bb custom_padding_tablet=\u00bb|0px||0px|false|false\u00bb custom_padding_phone=\u00bb|0px||0px|false|false\u00bb custom_padding_last_edited=\u00bbon|tablet\u00bb global_colors_info=\u00bb{}\u00bb][et_pb_blurb title=\u00bbtratamiento quir\u00fargico de tumores\u00bb image_icon_background_color=\u00bbRGBA(255,255,255,0)\u00bb image_icon_width=\u00bb89%\u00bb content_max_width=\u00bb1100px\u00bb _builder_version=\u00bb4.27.4&#8243; _module_preset=\u00bb83b37a7b-8033-46f5-8ca2-ea9ec762070a\u00bb header_font=\u00bb&#8211;et_global_heading_font|||on|||||\u00bb header_text_align=\u00bbleft\u00bb header_text_color=\u00bb#C7A3DE\u00bb header_font_size=\u00bb32px\u00bb header_letter_spacing=\u00bb0px\u00bb header_line_height=\u00bb1.2em\u00bb body_text_align=\u00bbjustify\u00bb image_icon_custom_margin_tablet=\u00bb|||0px|false|false\u00bb image_icon_custom_margin_phone=\u00bb0px|0px|0px|0px|false|false\u00bb image_icon_custom_margin_last_edited=\u00bbon|tablet\u00bb image_icon_custom_padding_tablet=\u00bb|0px||0px|false|false\u00bb image_icon_custom_padding_phone=\u00bb|0px||0px|false|false\u00bb image_icon_custom_padding_last_edited=\u00bbon|tablet\u00bb module_alignment=\u00bbleft\u00bb custom_margin=\u00bb|0px||0px|false|false\u00bb custom_margin_tablet=\u00bb|0px||0px|false|false\u00bb custom_margin_phone=\u00bb0px||0px|-16px|false|false\u00bb custom_margin_last_edited=\u00bbon|phone\u00bb custom_padding=\u00bb4px|16px|1px|16px||\u00bb custom_padding_tablet=\u00bb4px|0px|1px|0px|false|false\u00bb custom_padding_phone=\u00bb0px|0px|0px|0px|false|false\u00bb custom_padding_last_edited=\u00bbon|tablet\u00bb animation_direction=\u00bbleft\u00bb header_text_align_tablet=\u00bbleft\u00bb header_text_align_phone=\u00bbcenter\u00bb header_text_align_last_edited=\u00bbon|phone\u00bb header_font_size_tablet=\u00bb32px\u00bb header_font_size_phone=\u00bb20px\u00bb header_font_size_last_edited=\u00bbon|phone\u00bb header_line_height_tablet=\u00bb1.2em\u00bb header_line_height_phone=\u00bb1.2em\u00bb header_line_height_last_edited=\u00bbon|phone\u00bb module_alignment_tablet=\u00bbleft\u00bb module_alignment_phone=\u00bbleft\u00bb module_alignment_last_edited=\u00bbon|tablet\u00bb border_width_all=\u00bb0px\u00bb border_color_all=\u00bbRGBA(255,255,255,0)\u00bb locked=\u00bboff\u00bb global_colors_info=\u00bb{%22gcid-606d042f-c90f-4ea6-97e7-7b08f1ba25f6%22:%91%22header_2_text_color%22%93}\u00bb header_text_color__hover_enabled=\u00bboff|hover\u00bb header_text_color__hover=\u00bb#293b45&#8243; transform_styles__hover_enabled=\u00bboff|desktop\u00bb transform_scale__hover_enabled=\u00bboff|desktop\u00bb transform_translate__hover_enabled=\u00bboff|desktop\u00bb transform_rotate__hover_enabled=\u00bboff|desktop\u00bb transform_skew__hover_enabled=\u00bboff|desktop\u00bb transform_origin__hover_enabled=\u00bboff|desktop\u00bb transform_scale__hover=\u00bb102%|102%\u00bb][\/et_pb_blurb][\/et_pb_column][et_pb_column type=\u00bb2_5&#8243; _builder_version=\u00bb4.20.0&#8243; _module_preset=\u00bbdefault\u00bb global_colors_info=\u00bb{}\u00bb][et_pb_text _builder_version=\u00bb4.27.4&#8243; _module_preset=\u00bbff347454-283e-426a-9660-28afbe1b5f05&#8243; text_font=\u00bb&#8211;et_global_body_font|300|||||||\u00bb text_text_color=\u00bb#293b45&#8243; custom_margin_tablet=\u00bb\u00bb custom_margin_phone=\u00bb0px||0px||false|false\u00bb custom_margin_last_edited=\u00bbon|phone\u00bb custom_padding=\u00bb|18px||||\u00bb custom_padding_phone=\u00bb0px|0px|0px|0px|false|true\u00bb global_colors_info=\u00bb{}\u00bb]<\/p>\n<p style=\"text-align: justify;\">Interventions visant \u00e0 restaurer les tissus et les structures affect\u00e9s par l'ablation de tumeurs dans n'importe quelle partie du corps, en utilisant des greffes, des lambeaux ou des techniques microchirurgicales pour am\u00e9liorer la fonction et l'apparence.<\/p>\n<p>[\/et_pb_text][\/et_pb_column][\/et_pb_row][et_pb_row column_structure=\u00bb3_5,2_5&#8243; use_custom_gutter=\u00bbon\u00bb gutter_width=\u00bb1&#8243; make_equal=\u00bbon\u00bb _builder_version=\u00bb4.27.4&#8243; _module_preset=\u00bbdefault\u00bb module_alignment=\u00bbcenter\u00bb custom_padding=\u00bb||30px||false|false\u00bb module_alignment_tablet=\u00bbcenter\u00bb module_alignment_phone=\u00bbcenter\u00bb module_alignment_last_edited=\u00bbon|tablet\u00bb border_color_all=\u00bbrgba(41,59,69,0.3)\u00bb border_width_bottom=\u00bb1px\u00bb border_width_bottom_tablet=\u00bb0px\u00bb border_width_bottom_phone=\u00bb0px\u00bb border_width_bottom_last_edited=\u00bbon|tablet\u00bb global_colors_info=\u00bb{}\u00bb][et_pb_column type=\u00bb3_5&#8243; _builder_version=\u00bb4.27.4&#8243; _module_preset=\u00bbdefault\u00bb custom_padding_tablet=\u00bb0px|0px|0px|0px|false|false\u00bb custom_padding_phone=\u00bb0px|0px|0px|0px|false|false\u00bb custom_padding_last_edited=\u00bbon|tablet\u00bb global_colors_info=\u00bb{}\u00bb][et_pb_blurb title=\u00bbmalformaciones cong\u00e9nitas\u00bb image_icon_background_color=\u00bbRGBA(255,255,255,0)\u00bb icon_placement=\u00bbtop\u00bb content_max_width=\u00bb1100px\u00bb _builder_version=\u00bb4.27.4&#8243; _module_preset=\u00bb83b37a7b-8033-46f5-8ca2-ea9ec762070a\u00bb header_font=\u00bb&#8211;et_global_heading_font|||on|||||\u00bb header_text_align=\u00bbleft\u00bb header_text_color=\u00bb#C7A3DE\u00bb header_font_size=\u00bb32px\u00bb header_letter_spacing=\u00bb0px\u00bb body_text_align=\u00bbleft\u00bb image_icon_custom_margin_tablet=\u00bb|0px||0px|false|false\u00bb image_icon_custom_margin_phone=\u00bb|0px||0px|false|false\u00bb image_icon_custom_margin_last_edited=\u00bbon|tablet\u00bb image_icon_custom_padding_tablet=\u00bb|0px||0px|false|false\u00bb image_icon_custom_padding_phone=\u00bb|0px||0px|false|false\u00bb image_icon_custom_padding_last_edited=\u00bbon|tablet\u00bb module_alignment=\u00bbleft\u00bb custom_margin=\u00bb0px|0px|0px|0px|false|false\u00bb custom_margin_tablet=\u00bb0px|0px|0px|0px|false|false\u00bb custom_margin_phone=\u00bb0px||0px||false|false\u00bb custom_margin_last_edited=\u00bbon|phone\u00bb custom_padding=\u00bb4px|16px|1px|16px||\u00bb custom_padding_tablet=\u00bb0px|0px|0px|0px|false|false\u00bb custom_padding_phone=\u00bb0px|0px|0px|0px|false|false\u00bb custom_padding_last_edited=\u00bbon|tablet\u00bb animation_direction=\u00bbleft\u00bb header_text_align_tablet=\u00bbleft\u00bb header_text_align_phone=\u00bbcenter\u00bb header_text_align_last_edited=\u00bbon|phone\u00bb header_font_size_tablet=\u00bb32px\u00bb header_font_size_phone=\u00bb20px\u00bb header_font_size_last_edited=\u00bbon|phone\u00bb header_line_height_tablet=\u00bb\u00bb header_line_height_phone=\u00bb1.2em\u00bb header_line_height_last_edited=\u00bbon|phone\u00bb module_alignment_tablet=\u00bbleft\u00bb module_alignment_phone=\u00bbleft\u00bb module_alignment_last_edited=\u00bbon|tablet\u00bb border_width_all=\u00bb0px\u00bb border_color_all=\u00bbRGBA(255,255,255,0)\u00bb locked=\u00bboff\u00bb global_colors_info=\u00bb{%22gcid-606d042f-c90f-4ea6-97e7-7b08f1ba25f6%22:%91%22header_2_text_color%22%93}\u00bb header_text_color__hover_enabled=\u00bboff|hover\u00bb header_text_color__hover=\u00bb#293b45&#8243; transform_styles__hover_enabled=\u00bboff|desktop\u00bb transform_scale__hover_enabled=\u00bboff|desktop\u00bb transform_translate__hover_enabled=\u00bboff|desktop\u00bb transform_rotate__hover_enabled=\u00bboff|desktop\u00bb transform_skew__hover_enabled=\u00bboff|desktop\u00bb transform_origin__hover_enabled=\u00bboff|desktop\u00bb transform_scale__hover=\u00bb102%|102%\u00bb title__hover_enabled=\u00bbon|desktop\u00bb title__hover=\u00bbmalformaciones cong\u00e9nitas\u00bb][\/et_pb_blurb][\/et_pb_column][et_pb_column type=\u00bb2_5&#8243; _builder_version=\u00bb4.20.0&#8243; _module_preset=\u00bbdefault\u00bb global_colors_info=\u00bb{}\u00bb][et_pb_text _builder_version=\u00bb4.27.4&#8243; _module_preset=\u00bbff347454-283e-426a-9660-28afbe1b5f05&#8243; text_font=\u00bb&#8211;et_global_body_font|300|||||||\u00bb text_text_color=\u00bb#293b45&#8243; custom_padding=\u00bb|18px||||\u00bb global_colors_info=\u00bb{}\u00bb]<\/p>\n<p style=\"text-align: justify;\">Chirurgie visant \u00e0 traiter les anomalies structurelles pr\u00e9sentes d\u00e8s la naissance dans la r\u00e9gion faciale, cervicale et cr\u00e2nienne, telles que la fente labiale, la craniosynostose ou la microtie, afin d'am\u00e9liorer la fonctionnalit\u00e9 et l'harmonie esth\u00e9tique.<\/p>\n<p>[\/et_pb_text][\/et_pb_column][\/et_pb_row][\/et_pb_section][et_pb_section fb_built=\u00bb1\u2033 make_equal=\u00bbon\u00bb use_custom_gutter=\u00bbon\u00bb specialty=\u00bbon\u00bb custom_padding_last_edited=\u00bbon|tablet\u00bb padding_top_2=\u00bb16vw\u00bb padding_1_tablet=\u00bb\u00bb padding_2_tablet=\u00bb60px|||\u00bb padding_1_phone=\u00bb\u00bb padding_2_phone=\u00bb\u00bb padding_1_last_edited=\u00bbon|tablet\u00bb padding_2_last_edited=\u00bbon|tablet\u00bb admin_label=\u00bbFeature\u00bb _builder_version=\u00bb4.27.4\u2033 background_color=\u00bb#DCCCDD\u00bb background_enable_image=\u00bboff\u00bb parallax=\u00bbon\u00bb inner_width=\u00bb100%\u00bb inner_max_width=\u00bb100%\u00bb height=\u00bb606px\u00bb max_height=\u00bb869px\u00bb custom_margin_tablet=\u00bb\u00bb custom_margin_phone=\u00bb\u00bb custom_margin_last_edited=\u00bbon|tablet\u00bb custom_padding=\u00bb||0vw||false|false\u00bb custom_padding_tablet=\u00bb||119vw||false|false\u00bb custom_padding_phone=\u00bb||155vw||false|false\u00bb bottom_divider_height=\u00bb12vw\u00bb bottom_divider_flip=\u00bbhorizontal\u00bb use_custom_width=\u00bbon\u00bb width_unit=\u00bboff\u00bb custom_width_percent=\u00bb100%\u00bb global_colors_info=\u00bb{}\u00bb][et_pb_column type=\u00bb1_2\u2033 specialty_columns=\u00bb2\u2033 _builder_version=\u00bb4.16\u2033 custom_padding=\u00bb|||\u00bb global_colors_info=\u00bb{}\u00bb parallax__hover=\u00bboff\u00bb parallax_method__hover=\u00bbon\u00bb custom_padding__hover=\u00bb|||\u00bb][et_pb_row_inner use_custom_gutter=\u00bbon\u00bb make_equal=\u00bbon\u00bb custom_padding_last_edited=\u00bbon|phone\u00bb _builder_version=\u00bb4.27.4\u2033 use_background_color_gradient=\u00bbon\u00bb background_color_gradient_direction=\u00bb64deg\u00bb background_color_gradient_stops=\u00bb#f2f2f2 50%|#ffffff 99%\u00bb background_color_gradient_start=\u00bb#00b0db\u00bb background_color_gradient_end=\u00bb#1a448b\u00bb width=\u00bb100%\u00bb module_alignment=\u00bbleft\u00bb custom_margin=\u00bb38px|-4px|18px|-16px|false|false\u00bb custom_margin_tablet=\u00bb35px||||false|false\u00bb custom_margin_phone=\u00bb35px||||false|false\u00bb custom_margin_last_edited=\u00bbon|tablet\u00bb custom_padding=\u00bb86px|89px|86px|6vw|true|false\u00bb custom_padding_tablet=\u00bb64px|10vw|67px|10vw|false|true\u00bb custom_padding_phone=\u00bb60px||60px||true\u00bb animation_style=\u00bbfold\u00bb animation_direction=\u00bbleft\u00bb animation_duration=\u00bb850ms\u00bb animation_delay=\u00bb300ms\u00bb animation_intensity_fold=\u00bb13%\u00bb border_radii=\u00bb||20px|14vw|\u00bb box_shadow_style=\u00bbpreset1\u2033 box_shadow_horizontal=\u00bb8px\u00bb box_shadow_vertical=\u00bb7px\u00bb box_shadow_blur=\u00bb6px\u00bb box_shadow_color=\u00bbrgba(97,113,121,0.14)\u00bb locked=\u00bboff\u00bb global_colors_info=\u00bb{}\u00bb][et_pb_column_inner saved_specialty_column_type=\u00bb1_2\u2033 _builder_version=\u00bb4.16\u2033 custom_padding=\u00bb|||\u00bb global_colors_info=\u00bb{}\u00bb parallax__hover=\u00bboff\u00bb parallax_method__hover=\u00bbon\u00bb custom_padding__hover=\u00bb|||\u00bb][et_pb_text _builder_version=\u00bb4.27.4\u2033 text_font=\u00bbLato||||||||\u00bb text_text_color=\u00bb#9fb9d6\u2033 text_font_size=\u00bb16px\u00bb text_line_height=\u00bb2em\u00bb header_2_font=\u00bb\u2013et_global_body_font|700||on|||||\u00bb header_2_letter_spacing=\u00bb0px\u00bb header_2_line_height=\u00bb1.3em\u00bb custom_padding=\u00bb|0px||||\u00bb header_2_font_size_tablet=\u00bb34px\u00bb header_2_font_size_phone=\u00bb24px\u00bb header_2_font_size_last_edited=\u00bbon|phone\u00bb locked=\u00bboff\u00bb global_colors_info=\u00bb{}\u00bb header_font_size__hover=\u00bb30px\u00bb header_font_size__hover_enabled=\u00bb30px\u00bb header_letter_spacing__hover=\u00bb0px\u00bb header_letter_spacing__hover_enabled=\u00bb0px\u00bb header_text_shadow_style__hover=\u00bbnone\u00bb header_text_shadow_style__hover_enabled=\u00bbnone\u00bb header_text_shadow_color__hover=\u00bbrgba(0,0,0,0.4)\u00bb header_text_shadow_color__hover_enabled=\u00bbrgba(0,0,0,0.4)\u00bb]<\/p>\n<h2>r\u00e9tablir votre bien-\u00eatre<\/h2>\n<p>[\/et_pb_text][et_pb_text _builder_version=\u00bb4.27.4\u2033 text_font=\u00bb\u2013et_global_body_font|300|||||||\u00bb header_2_font=\u00bbRubik|500||on|||||\u00bb header_2_font_size=\u00bb44px\u00bb header_2_letter_spacing=\u00bb1px\u00bb header_2_line_height=\u00bb1.3em\u00bb width=\u00bb95.1%\u00bb custom_padding=\u00bb|1px||||\u00bb locked=\u00bboff\u00bb global_colors_info=\u00bb{}\u00bb header_font_size__hover=\u00bb30px\u00bb header_font_size__hover_enabled=\u00bb30px\u00bb header_letter_spacing__hover=\u00bb0px\u00bb header_letter_spacing__hover_enabled=\u00bb0px\u00bb header_text_shadow_style__hover=\u00bbnone\u00bb header_text_shadow_style__hover_enabled=\u00bbnone\u00bb header_text_shadow_color__hover=\u00bbrgba(0,0,0,0.4)\u00bb header_text_shadow_color__hover_enabled=\u00bbrgba(0,0,0,0.4)\u00bb]<\/p>\n<p style=\"text-align: justify;\">\u00c0 <strong data-start=\"79\" data-end=\"98\">Recoletas Salud Marbella<\/strong>Nous proposons une approche globale de la chirurgie plastique, esth\u00e9tique et reconstructive, alliant innovation, pr\u00e9cision et soins personnalis\u00e9s. Notre \u00e9quipe de sp\u00e9cialistes hautement qualifi\u00e9s utilise les techniques les plus avanc\u00e9es pour restaurer la fonction, am\u00e9liorer l'apparence et fournir des solutions sur mesure pour chaque patient.<\/p>\n<p style=\"text-align: justify;\">Notre engagement est de vous accompagner \u00e0 chaque \u00e9tape du processus, en vous donnant la s\u00e9curit\u00e9, la confiance et les meilleurs r\u00e9sultats. <strong data-start=\"1052\" data-end=\"1129\" data-is-last-node=\"\">Faites le premier pas vers votre transformation et prenez rendez-vous d\u00e8s aujourd'hui pour une consultation.<\/strong><\/p>\n<p>[\/et_pb_text][\/et_pb_column_inner][\/et_pb_row_inner][\/et_pb_column][et_pb_column type=\u00bb1_2&#8243; _builder_version=\u00bb4.16&#8243; custom_padding=\u00bb|||\u00bb global_colors_info=\u00bb{}\u00bb parallax__hover=\u00bboff\u00bb parallax_method__hover=\u00bbon\u00bb padding_top__hover=\u00bb16vw\u00bb padding_tablet__hover=\u00bb60px|||\u00bb padding_last_edited__hover=\u00bbon|tablet\u00bb padding_tablet=\u00bb60px|||\u00bb padding_last_edited=\u00bbon|tablet\u00bb custom_padding__hover=\u00bb|||\u00bb padding_phone=\u00bb60px|||\u00bb][et_pb_image src=\u00bbhttps:\/\/recoletasmarbella.com\/wp-content\/uploads\/2025\/02\/estetica3-especialidades-recoletas-marbella.jpg\u00bb title_text=\u00bbestetica3-especialidades-recoletas-marbella\u00bb force_fullwidth=\u00bbon\u00bb align_tablet=\u00bbcenter\u00bb align_phone=\u00bbright\u00bb align_last_edited=\u00bbon|desktop\u00bb _builder_version=\u00bb4.27.4&#8243; transform_scale_tablet=\u00bb82%|82%\u00bb transform_scale_phone=\u00bb90%|90%\u00bb transform_scale_last_edited=\u00bbon|tablet\u00bb transform_translate_tablet=\u00bb\u00bb transform_translate_phone=\u00bb\u00bb transform_translate_last_edited=\u00bbon|tablet\u00bb transform_rotate_tablet=\u00bb\u00bb transform_rotate_phone=\u00bb\u00bb transform_rotate_last_edited=\u00bbon|tablet\u00bb transform_skew_tablet=\u00bb\u00bb transform_skew_phone=\u00bb\u00bb transform_skew_last_edited=\u00bbon|tablet\u00bb transform_origin_tablet=\u00bb\u00bb transform_origin_phone=\u00bb\u00bb transform_origin_last_edited=\u00bbon|tablet\u00bb transform_styles_last_edited=\u00bbon|tablet\u00bb module_alignment=\u00bbright\u00bb custom_margin=\u00bb-22vw||||false|false\u00bb custom_margin_tablet=\u00bb-16vw||||false|false\u00bb custom_margin_phone=\u00bb-38vw||84px||false|false\u00bb custom_margin_last_edited=\u00bbon|tablet\u00bb custom_padding_tablet=\u00bb\u00bb custom_padding_phone=\u00bb0px||||false|false\u00bb custom_padding_last_edited=\u00bbon|tablet\u00bb animation_style=\u00bbfold\u00bb animation_direction=\u00bbright\u00bb animation_delay=\u00bb200ms\u00bb transform_styles_tablet=\u00bb\u00bb transform_styles_phone=\u00bb\u00bb border_radii=\u00bboff|20px|||109px\u00bb border_color_all=\u00bb#617179&#8243; box_shadow_style=\u00bbpreset1&#8243; box_shadow_horizontal=\u00bb-1px\u00bb box_shadow_vertical=\u00bb7px\u00bb box_shadow_blur=\u00bb7px\u00bb box_shadow_color=\u00bbrgba(90,99,106,0.24)\u00bb global_colors_info=\u00bb{}\u00bb][\/et_pb_image][\/et_pb_column][\/et_pb_section][et_pb_section fb_built=\u00bb1&#8243; custom_padding_last_edited=\u00bbon|tablet\u00bb admin_label=\u00bbCarrousel Especialidades Footer\u00bb _builder_version=\u00bb4.27.4&#8243; _module_preset=\u00bbf5c4057e-a1bb-4e7e-aeee-e3f81f16a896&#8243; background_color=\u00bb#F2F2F2&#8243; custom_margin=\u00bb0px||0px||true|false\u00bb custom_padding=\u00bb60px||60px||true|false\u00bb custom_padding_tablet=\u00bb50px||50px|0px|true|false\u00bb custom_padding_phone=\u00bb30px||50px||false|false\u00bb global_module=\u00bb286167&#8243; saved_tabs=\u00bball\u00bb locked=\u00bboff\u00bb collapsed=\u00bbon\u00bb global_colors_info=\u00bb%91%93&#8243;][et_pb_row _builder_version=\u00bb4.27.4&#8243; _module_preset=\u00bbdefault\u00bb custom_margin=\u00bb||0px||false|false\u00bb custom_padding=\u00bb||0px||false|false\u00bb global_colors_info=\u00bb{}\u00bb][et_pb_column type=\u00bb4_4&#8243; _builder_version=\u00bb4.27.4&#8243; _module_preset=\u00bbdefault\u00bb global_colors_info=\u00bb{}\u00bb][et_pb_text _builder_version=\u00bb4.27.4&#8243; _module_preset=\u00bbb20293d3-7e7e-4718-8a41-9d40e20be87b\u00bb header_2_font=\u00bb&#8211;et_global_heading_font|800||on|||||\u00bb header_2_font_size=\u00bb30px\u00bb header_2_letter_spacing=\u00bb0px\u00bb header_2_line_height=\u00bb1em\u00bb header_4_text_color=\u00bb#C7A3DE\u00bb width_tablet=\u00bb\u00bb width_phone=\u00bbauto\u00bb width_last_edited=\u00bbon|phone\u00bb max_width=\u00bb379px\u00bb max_width_tablet=\u00bb379px\u00bb max_width_phone=\u00bb100%\u00bb max_width_last_edited=\u00bbon|phone\u00bb module_alignment=\u00bbcenter\u00bb custom_padding=\u00bb|30px||30px|false|true\u00bb header_2_font_size_tablet=\u00bb30px\u00bb header_2_font_size_phone=\u00bb26px\u00bb header_2_font_size_last_edited=\u00bbon|phone\u00bb header_2_letter_spacing_tablet=\u00bb0px\u00bb header_2_letter_spacing_phone=\u00bb0px\u00bb header_2_letter_spacing_last_edited=\u00bbon|desktop\u00bb border_width_right=\u00bb2px\u00bb border_color_right=\u00bb#C7A3DE\u00bb border_width_left=\u00bb2px\u00bb border_color_left=\u00bb#C7A3DE\u00bb locked=\u00bboff\u00bb global_colors_info=\u00bb{}\u00bb]<\/p>\n<h3 style=\"text-align: center;\">sp\u00e9cialit\u00e9s<\/h3>\n<h2 style=\"text-align: center;\" class=\" translation-block\"><span>Comment pouvons-nous vous aider ?<\/h2>\n<p>[\/et_pb_text][dica_divi_carousel loop=\u00bbon\u00bb autoplay=\u00bbon\u00bb hoverpause=\u00bbon\u00bb scroller_effect=\u00bbon\u00bb arrow_nav=\u00bbon\u00bb dot_nav=\u00bbon\u00bb advanced_effect=\u00bb1&#8243; arrow_nav_color=\u00bb#C7A3DE\u00bb arrow_bg_color=\u00bbRGBA(255,255,255,0)\u00bb dots_active_color=\u00bb#C7A3DE\u00bb overlay_color_field_bgcolor=\u00bbrgba(255,255,255,0.85)\u00bb title_background=\u00bbRGBA(255,255,255,0)\u00bb subtitle_background=\u00bbRGBA(255,255,255,0)\u00bb arrow_position=\u00bbmiddle-outside\u00bb arrow_font_size=\u00bb50px\u00bb carousel_container_padding=\u00bb||||false|false\u00bb innercontent_padding=\u00bb||23px||false|false\u00bb innercontent_padding_tablet=\u00bb||25px||false|false\u00bb innercontent_padding_phone=\u00bb\u00bb innercontent_padding_last_edited=\u00bbon|tablet\u00bb _builder_version=\u00bb4.27.4&#8243; _module_preset=\u00bbdefault\u00bb title_font=\u00bb&#8211;et_global_body_font|700||on|||||\u00bb title_text_align=\u00bbcenter\u00bb title_text_color=\u00bb#FFFFFF\u00bb title_font_size=\u00bb14px\u00bb title_letter_spacing=\u00bb1px\u00bb subtitle_text_align=\u00bbcenter\u00bb module_alignment=\u00bbcenter\u00bb custom_margin_tablet=\u00bb0px||0px||false|false\u00bb custom_margin_phone=\u00bb\u00bb custom_margin_last_edited=\u00bbon|tablet\u00bb custom_padding_tablet=\u00bb0px||0px||false|false\u00bb custom_padding_phone=\u00bb\u00bb custom_padding_last_edited=\u00bbon|tablet\u00bb global_colors_info=\u00bb{}\u00bb][dica_divi_carouselitem title=\u00bbAnestesia y cuidados intensivos\u00bb button_url_new_window=\u00bb1&#8243; image_position=\u00bbimage_under_title\u00bb rating_alignment=\u00bbcenter\u00bb image_padding=\u00bb||||false|false\u00bb content_padding=\u00bb205px|18px|28px|18px|false|true\u00bb content_padding_tablet=\u00bb\u00bb content_padding_phone=\u00bb\u00bb content_padding_last_edited=\u00bbon|tablet\u00bb button_margin=\u00bb||||false|false\u00bb button_padding=\u00bb||||false|false\u00bb _builder_version=\u00bb4.27.4&#8243; _dynamic_attributes=\u00bblink_option_url\u00bb _module_preset=\u00bbdefault\u00bb header_level=\u00bbh3&#8243; header_font=\u00bb&#8211;et_global_heading_font|||on|||||\u00bb header_text_align=\u00bbcenter\u00bb header_line_height=\u00bb1.1em\u00bb subtitle_text_align=\u00bbcenter\u00bb body_text_align=\u00bbcenter\u00bb background_enable_color=\u00bboff\u00bb use_background_color_gradient=\u00bbon\u00bb background_color_gradient_direction=\u00bb360deg\u00bb background_color_gradient_stops=\u00bbrgba(90,99,106,0.86) 17%|rgba(255,255,255,0) 40%|rgba(255, 255, 255, 0) 57%\u00bb background_image=\u00bbhttps:\/\/recoletasmarbella.com\/wp-content\/uploads\/2025\/03\/recoletas_marbella_anestesia-4.jpg\u00bb background_enable_image=\u00bbon\u00bb background_blend=\u00bbmultiply\u00bb button_alignment=\u00bbcenter\u00bb filter_saturate=\u00bb133%\u00bb filter_brightness=\u00bb107%\u00bb filter_sepia=\u00bb1%\u00bb link_option_url=\u00bb@ET-DC@eyJkeW5hbWljIjp0cnVlLCJjb250ZW50IjoicG9zdF9saW5rX3VybF9wYWdlIiwic2V0dGluZ3MiOnsicG9zdF9pZCI6IjI4MzY0NCJ9fQ==@\u00bb border_radii_item=\u00bbon|13px|13px|13px|13px\u00bb global_colors_info=\u00bb{}\u00bb][\/dica_divi_carouselitem][dica_divi_carouselitem title=\u00bbCARDIOLOG\u00cdA \u00bb field_enable_content_limit=\u00bboff\u00bb button_url_new_window=\u00bb1&#8243; image_position=\u00bbimage_under_title\u00bb rating_alignment=\u00bbcenter\u00bb image_padding=\u00bb||||false|false\u00bb content_padding=\u00bb205px|18px|44px|18px|false|true\u00bb content_padding_tablet=\u00bb||44px||false|true\u00bb content_padding_phone=\u00bb\u00bb content_padding_last_edited=\u00bbon|tablet\u00bb button_margin=\u00bb||||false|false\u00bb button_padding=\u00bb||||false|false\u00bb custom_padding=\u00bb||||false|false\u00bb custom_padding_tablet=\u00bb||15px||false|false\u00bb custom_padding_phone=\u00bb\u00bb custom_padding_last_edited=\u00bbon|tablet\u00bb _builder_version=\u00bb4.27.4&#8243; _dynamic_attributes=\u00bblink_option_url\u00bb _module_preset=\u00bbdefault\u00bb header_font=\u00bb&#8211;et_global_heading_font|||on|||||\u00bb header_text_align=\u00bbcenter\u00bb header_text_color=\u00bb#FFFFFF\u00bb header_line_height=\u00bb1em\u00bb background_enable_color=\u00bboff\u00bb use_background_color_gradient=\u00bbon\u00bb background_color_gradient_direction=\u00bb360deg\u00bb background_color_gradient_stops=\u00bbrgba(90,99,106,0.86) 16%|rgba(255,255,255,0) 46%\u00bb background_image=\u00bbhttps:\/\/recoletasmarbella.com\/wp-content\/uploads\/2025\/03\/recoletas_marbella_cardiologia-3.jpg\u00bb background_enable_image=\u00bbon\u00bb background_blend=\u00bbmultiply\u00bb child_filter_brightness=\u00bb0%\u00bb link_option_url=\u00bb@ET-DC@eyJkeW5hbWljIjp0cnVlLCJjb250ZW50IjoicG9zdF9saW5rX3VybF9wYWdlIiwic2V0dGluZ3MiOnsicG9zdF9pZCI6IjI4NTg4OCJ9fQ==@\u00bb header_text_align_tablet=\u00bbcenter\u00bb header_text_align_last_edited=\u00bboff|tablet\u00bb header_text_color_tablet=\u00bb\u00bb header_text_color_phone=\u00bb\u00bb header_text_color_last_edited=\u00bbon|tablet\u00bb border_radii_item=\u00bbon|13px|13px|13px|13px\u00bb global_colors_info=\u00bb{}\u00bb][\/dica_divi_carouselitem][dica_divi_carouselitem title=\u00bbCIRUG\u00cdA GENERAL Y DIGESTIVA\u00bb button_url_new_window=\u00bb1&#8243; image_position=\u00bbimage_under_title\u00bb image_padding=\u00bb||||false|false\u00bb content_padding=\u00bb205px|18px|44px|18px|false|true\u00bb content_padding_tablet=\u00bb205px|18px|28px|18px|false|true\u00bb content_padding_phone=\u00bb\u00bb content_padding_last_edited=\u00bbon|tablet\u00bb button_margin=\u00bb||||false|false\u00bb button_padding=\u00bb||||false|false\u00bb _builder_version=\u00bb4.27.4&#8243; _dynamic_attributes=\u00bblink_option_url\u00bb _module_preset=\u00bbdefault\u00bb header_line_height=\u00bb1.1em\u00bb background_enable_color=\u00bboff\u00bb use_background_color_gradient=\u00bbon\u00bb background_color_gradient_direction=\u00bb360deg\u00bb background_color_gradient_stops=\u00bbrgba(90,99,106,0.86) 14%|rgba(255,255,255,0) 43%\u00bb background_image=\u00bbhttps:\/\/recoletasmarbella.com\/wp-content\/uploads\/2025\/03\/recoletas_marbella_cirugia_digestiva.jpg\u00bb background_enable_image=\u00bbon\u00bb background_blend=\u00bbmultiply\u00bb filter_saturate=\u00bb116%\u00bb filter_sepia=\u00bb4%\u00bb link_option_url=\u00bb@ET-DC@eyJkeW5hbWljIjp0cnVlLCJjb250ZW50IjoicG9zdF9saW5rX3VybF9wYWdlIiwic2V0dGluZ3MiOnsicG9zdF9pZCI6IjI4NTk0NSJ9fQ==@\u00bb border_radii_item=\u00bbon|13px|13px|13px|13px\u00bb global_colors_info=\u00bb{}\u00bb][\/dica_divi_carouselitem][dica_divi_carouselitem title=\u00bbCirug\u00eda Pl\u00e1stica y Est\u00e9tica\u00bb button_url_new_window=\u00bb1&#8243; image_position=\u00bbimage_under_title\u00bb image_padding=\u00bb||||false|false\u00bb content_padding=\u00bb205px|18px|44px|18px|false|true\u00bb button_margin=\u00bb||||false|false\u00bb button_padding=\u00bb||||false|false\u00bb _builder_version=\u00bb4.27.4&#8243; _dynamic_attributes=\u00bblink_option_url\u00bb _module_preset=\u00bbdefault\u00bb header_line_height=\u00bb1.1em\u00bb background_enable_color=\u00bboff\u00bb use_background_color_gradient=\u00bbon\u00bb background_color_gradient_direction=\u00bb360deg\u00bb background_color_gradient_stops=\u00bbrgba(90,99,106,0.86) 15%|rgba(255,255,255,0) 45%\u00bb background_image=\u00bbhttps:\/\/recoletasmarbella.com\/wp-content\/uploads\/2025\/03\/recoletas_marbella_cirugia-plastica-3.jpg\u00bb background_enable_image=\u00bbon\u00bb background_blend=\u00bbmultiply\u00bb filter_saturate=\u00bb113%\u00bb filter_brightness=\u00bb101%\u00bb link_option_url=\u00bb@ET-DC@eyJkeW5hbWljIjp0cnVlLCJjb250ZW50IjoicG9zdF9saW5rX3VybF9wYWdlIiwic2V0dGluZ3MiOnsicG9zdF9pZCI6IjI4NDkwNiJ9fQ==@\u00bb border_radii_item=\u00bbon|13px|13px|13px|13px\u00bb global_colors_info=\u00bb{}\u00bb][\/dica_divi_carouselitem][dica_divi_carouselitem title=\u00bbGinecolog\u00eda y Obstetricia\u00bb button_url_new_window=\u00bb1&#8243; image_position=\u00bbimage_under_title\u00bb image_padding=\u00bb||||false|false\u00bb content_padding=\u00bb205px|18px|44px|18px|false|true\u00bb button_margin=\u00bb||||false|false\u00bb button_padding=\u00bb||||false|false\u00bb _builder_version=\u00bb4.27.4&#8243; _dynamic_attributes=\u00bblink_option_url\u00bb _module_preset=\u00bbdefault\u00bb header_line_height=\u00bb1.1em\u00bb background_enable_color=\u00bboff\u00bb use_background_color_gradient=\u00bbon\u00bb background_color_gradient_direction=\u00bb355deg\u00bb background_color_gradient_stops=\u00bb#5a636a 4%|rgba(255,255,255,0) 33%\u00bb background_image=\u00bbhttps:\/\/recoletasmarbella.com\/wp-content\/uploads\/2025\/03\/especialidades_ginecologia-hospital-recoletas-salud-marbella-2.jpg\u00bb background_enable_image=\u00bbon\u00bb background_blend=\u00bbmultiply\u00bb filter_brightness=\u00bb103%\u00bb link_option_url=\u00bb@ET-DC@eyJkeW5hbWljIjp0cnVlLCJjb250ZW50IjoicG9zdF9saW5rX3VybF9wYWdlIiwic2V0dGluZ3MiOnsicG9zdF9pZCI6IjI4NDkwNiJ9fQ==@\u00bb border_radii_item=\u00bbon|13px|13px|13px|13px\u00bb global_colors_info=\u00bb{}\u00bb][\/dica_divi_carouselitem][dica_divi_carouselitem title=\u00bbcirug\u00eda ortop\u00e9dica\u00bb button_url_new_window=\u00bb1&#8243; image_position=\u00bbimage_under_title\u00bb image_padding=\u00bb||||false|false\u00bb content_padding=\u00bb205px|18px|44px|18px|false|true\u00bb button_margin=\u00bb||||false|false\u00bb button_padding=\u00bb||||false|false\u00bb _builder_version=\u00bb4.27.4&#8243; _dynamic_attributes=\u00bblink_option_url\u00bb _module_preset=\u00bbdefault\u00bb header_font=\u00bb&#8211;et_global_heading_font||||||||\u00bb header_line_height=\u00bb1.1em\u00bb background_enable_color=\u00bboff\u00bb use_background_color_gradient=\u00bbon\u00bb background_color_gradient_direction=\u00bb360deg\u00bb background_color_gradient_stops=\u00bbrgba(90,99,106,0.86) 14%|rgba(255,255,255,0) 50%\u00bb background_image=\u00bbhttps:\/\/recoletasmarbella.com\/wp-content\/uploads\/2025\/03\/recoletas_marbella_ortopedia-2.jpg\u00bb background_enable_image=\u00bbon\u00bb background_blend=\u00bbmultiply\u00bb button_alignment=\u00bbcenter\u00bb filter_saturate=\u00bb123%\u00bb filter_sepia=\u00bb4%\u00bb link_option_url=\u00bb@ET-DC@eyJkeW5hbWljIjp0cnVlLCJjb250ZW50IjoicG9zdF9saW5rX3VybF9wYWdlIiwic2V0dGluZ3MiOnsicG9zdF9pZCI6IjI4NjM4MyJ9fQ==@\u00bb border_radii_item=\u00bbon|13px|13px|13px|13px\u00bb global_colors_info=\u00bb{}\u00bb][\/dica_divi_carouselitem][dica_divi_carouselitem title=\u00bbDiagn\u00f3stico por la imagen\u00bb button_url_new_window=\u00bb1&#8243; image_position=\u00bbimage_under_title\u00bb image_padding=\u00bb||||false|false\u00bb content_padding=\u00bb205px|18px|44px|18px|false|true\u00bb button_margin=\u00bb||||false|false\u00bb button_padding=\u00bb||||false|false\u00bb _builder_version=\u00bb4.27.4&#8243; _dynamic_attributes=\u00bblink_option_url\u00bb _module_preset=\u00bbdefault\u00bb header_line_height=\u00bb1.1em\u00bb background_enable_color=\u00bboff\u00bb use_background_color_gradient=\u00bbon\u00bb background_color_gradient_direction=\u00bb360deg\u00bb background_color_gradient_stops=\u00bbrgba(90,99,106,0.95) 11%|rgba(255,255,255,0) 52%\u00bb background_image=\u00bbhttps:\/\/recoletasmarbella.com\/wp-content\/uploads\/2025\/04\/instalaciones_diagnosticodeimagen-hospital-recoletas-salud-marbella.jpg\u00bb background_enable_image=\u00bbon\u00bb background_blend=\u00bbmultiply\u00bb filter_saturate=\u00bb117%\u00bb filter_sepia=\u00bb4%\u00bb link_option_url=\u00bb@ET-DC@eyJkeW5hbWljIjp0cnVlLCJjb250ZW50IjoicG9zdF9saW5rX3VybF9wYWdlIiwic2V0dGluZ3MiOnsicG9zdF9pZCI6IjI4NjQ0NiJ9fQ==@\u00bb border_radii_item=\u00bbon|13px|13px|13px|13px\u00bb global_colors_info=\u00bb{}\u00bb][\/dica_divi_carouselitem][dica_divi_carouselitem title=\u00bbEndocrinolog\u00eda \u00bb button_url_new_window=\u00bb1&#8243; image_position=\u00bbimage_under_title\u00bb image_padding=\u00bb||||false|false\u00bb content_padding=\u00bb205px|18px|44px|18px|false|true\u00bb button_margin=\u00bb||||false|false\u00bb button_padding=\u00bb||||false|false\u00bb custom_padding_tablet=\u00bb||15px||false|false\u00bb custom_padding_phone=\u00bb\u00bb custom_padding_last_edited=\u00bbon|tablet\u00bb _builder_version=\u00bb4.27.4&#8243; _dynamic_attributes=\u00bblink_option_url\u00bb _module_preset=\u00bbdefault\u00bb background_enable_color=\u00bboff\u00bb use_background_color_gradient=\u00bbon\u00bb background_color_gradient_direction=\u00bb360deg\u00bb background_color_gradient_stops=\u00bbrgba(90,99,106,0.86) 11%|rgba(255,255,255,0) 52%\u00bb background_image=\u00bbhttps:\/\/recoletasmarbella.com\/wp-content\/uploads\/2025\/03\/recoletas_marbella_endocrino-nutricion-1.jpg\u00bb background_enable_image=\u00bbon\u00bb background_blend=\u00bbmultiply\u00bb filter_saturate=\u00bb120%\u00bb link_option_url=\u00bb@ET-DC@eyJkeW5hbWljIjp0cnVlLCJjb250ZW50IjoicG9zdF9saW5rX3VybF9wYWdlIiwic2V0dGluZ3MiOnsicG9zdF9pZCI6IjI4NjM4NiJ9fQ==@\u00bb border_radii_item=\u00bbon|13px|13px|13px|13px\u00bb global_colors_info=\u00bb{}\u00bb][\/dica_divi_carouselitem][dica_divi_carouselitem title=\u00bbMEDICINA DE FAMILIA\u00bb button_url_new_window=\u00bb1&#8243; image_position=\u00bbimage_under_title\u00bb image_padding=\u00bb||||false|false\u00bb content_padding=\u00bb205px|18px|44px|18px|false|true\u00bb button_margin=\u00bb||||false|false\u00bb button_padding=\u00bb||||false|false\u00bb _builder_version=\u00bb4.27.4&#8243; _dynamic_attributes=\u00bblink_option_url\u00bb _module_preset=\u00bbdefault\u00bb background_enable_color=\u00bboff\u00bb use_background_color_gradient=\u00bbon\u00bb background_color_gradient_direction=\u00bb360deg\u00bb background_color_gradient_stops=\u00bbrgba(90,99,106,0.86) 11%|rgba(255,255,255,0) 54%\u00bb background_image=\u00bbhttps:\/\/recoletasmarbella.com\/wp-content\/uploads\/2025\/03\/recoletas_marbella_medicia-familia-3.jpg\u00bb background_enable_image=\u00bbon\u00bb background_blend=\u00bbmultiply\u00bb filter_saturate=\u00bb130%\u00bb filter_brightness=\u00bb103%\u00bb link_option_url=\u00bb@ET-DC@eyJkeW5hbWljIjp0cnVlLCJjb250ZW50IjoicG9zdF9saW5rX3VybF9wYWdlIiwic2V0dGluZ3MiOnsicG9zdF9pZCI6IjI4NDkyMSJ9fQ==@\u00bb border_radii_item=\u00bbon|13px|13px|13px|13px\u00bb global_colors_info=\u00bb{}\u00bb content_padding__hover_enabled=\u00bboff|desktop\u00bb][\/dica_divi_carouselitem][dica_divi_carouselitem title=\u00bbMedicina Est\u00e9tica\u00bb button_url_new_window=\u00bb1&#8243; image_position=\u00bbimage_under_title\u00bb image_padding=\u00bb||||false|false\u00bb content_padding=\u00bb205px|18px|44px|18px|false|true\u00bb button_margin=\u00bb||||false|false\u00bb button_padding=\u00bb||||false|false\u00bb _builder_version=\u00bb4.27.4&#8243; _dynamic_attributes=\u00bblink_option_url\u00bb _module_preset=\u00bbdefault\u00bb background_enable_color=\u00bboff\u00bb use_background_color_gradient=\u00bbon\u00bb background_color_gradient_direction=\u00bb360deg\u00bb background_color_gradient_stops=\u00bbrgba(90,99,106,0.86) 16%|rgba(255,255,255,0) 50%\u00bb background_image=\u00bbhttps:\/\/recoletasmarbella.com\/wp-content\/uploads\/2025\/03\/recoletas_marbella_estetica-3.jpg\u00bb background_enable_image=\u00bbon\u00bb background_blend=\u00bbmultiply\u00bb filter_saturate=\u00bb117%\u00bb filter_sepia=\u00bb3%\u00bb link_option_url=\u00bb@ET-DC@eyJkeW5hbWljIjp0cnVlLCJjb250ZW50IjoicG9zdF9saW5rX3VybF9wYWdlIiwic2V0dGluZ3MiOnsicG9zdF9pZCI6IjI4NDczMSJ9fQ==@\u00bb border_radii_item=\u00bbon|13px|13px|13px|13px\u00bb global_colors_info=\u00bb{}\u00bb][\/dica_divi_carouselitem][dica_divi_carouselitem title=\u00bbMedicina Interna\u00bb button_url_new_window=\u00bb1&#8243; image_position=\u00bbimage_under_title\u00bb image_padding=\u00bb||||false|false\u00bb content_padding=\u00bb205px|18px|44px|18px|false|true\u00bb button_margin=\u00bb||||false|false\u00bb button_padding=\u00bb||||false|false\u00bb _builder_version=\u00bb4.27.4&#8243; _dynamic_attributes=\u00bblink_option_url\u00bb _module_preset=\u00bbdefault\u00bb background_enable_color=\u00bboff\u00bb use_background_color_gradient=\u00bbon\u00bb background_color_gradient_direction=\u00bb360deg\u00bb background_color_gradient_stops=\u00bbrgba(90,99,106,0.86) 11%|rgba(255,255,255,0) 37%\u00bb background_image=\u00bbhttps:\/\/recoletasmarbella.com\/wp-content\/uploads\/2025\/03\/recoletas_marbella_interna-2.jpg\u00bb background_enable_image=\u00bbon\u00bb background_blend=\u00bbmultiply\u00bb filter_brightness=\u00bb105%\u00bb link_option_url=\u00bb@ET-DC@eyJkeW5hbWljIjp0cnVlLCJjb250ZW50IjoicG9zdF9saW5rX3VybF9wYWdlIiwic2V0dGluZ3MiOnsicG9zdF9pZCI6IjI4NjIzNiJ9fQ==@\u00bb border_radii_item=\u00bbon|13px|13px|13px|13px\u00bb global_colors_info=\u00bb{}\u00bb][\/dica_divi_carouselitem][dica_divi_carouselitem title=\u00bbNeurocirug\u00eda\u00bb button_url_new_window=\u00bb1&#8243; image_position=\u00bbimage_under_title\u00bb image_padding=\u00bb||||false|false\u00bb content_padding=\u00bb205px|18px|44px|18px|false|true\u00bb button_margin=\u00bb||||false|false\u00bb button_padding=\u00bb||||false|false\u00bb custom_padding_tablet=\u00bb||15px||false|false\u00bb custom_padding_phone=\u00bb\u00bb custom_padding_last_edited=\u00bbon|tablet\u00bb _builder_version=\u00bb4.27.4&#8243; _dynamic_attributes=\u00bblink_option_url\u00bb _module_preset=\u00bbdefault\u00bb background_enable_color=\u00bboff\u00bb use_background_color_gradient=\u00bbon\u00bb background_color_gradient_direction=\u00bb360deg\u00bb background_color_gradient_stops=\u00bbrgba(90,99,106,0.86) 13%|rgba(255,255,255,0) 44%\u00bb background_image=\u00bbhttps:\/\/recoletasmarbella.com\/wp-content\/uploads\/2025\/03\/recoletas_marbella_neurocirugia-2.jpg\u00bb background_enable_image=\u00bbon\u00bb background_blend=\u00bbmultiply\u00bb filter_saturate=\u00bb110%\u00bb filter_sepia=\u00bb1%\u00bb link_option_url=\u00bb@ET-DC@eyJkeW5hbWljIjp0cnVlLCJjb250ZW50IjoicG9zdF9saW5rX3VybF9wYWdlIiwic2V0dGluZ3MiOnsicG9zdF9pZCI6IjI4NjI0NCJ9fQ==@\u00bb border_radii_item=\u00bbon|13px|13px|13px|13px\u00bb global_colors_info=\u00bb{}\u00bb][\/dica_divi_carouselitem][dica_divi_carouselitem title=\u00bbUNIDAD DEL DOLOR\u00bb button_url_new_window=\u00bb1&#8243; image_position=\u00bbimage_under_title\u00bb image_padding=\u00bb||||false|false\u00bb content_padding=\u00bb205px|18px|44px|18px|false|true\u00bb button_margin=\u00bb||||false|false\u00bb button_padding=\u00bb||||false|false\u00bb _builder_version=\u00bb4.27.4&#8243; _dynamic_attributes=\u00bblink_option_url\u00bb _module_preset=\u00bbdefault\u00bb background_enable_color=\u00bboff\u00bb use_background_color_gradient=\u00bbon\u00bb background_color_gradient_direction=\u00bb360deg\u00bb background_color_gradient_stops=\u00bbrgba(90,99,106,0.86) 14%|rgba(255,255,255,0) 57%\u00bb background_image=\u00bbhttps:\/\/recoletasmarbella.com\/wp-content\/uploads\/2025\/03\/recoletas_marbella_unidaldeldolor-4.jpg\u00bb background_enable_image=\u00bbon\u00bb background_blend=\u00bbmultiply\u00bb filter_saturate=\u00bb107%\u00bb link_option_url=\u00bb@ET-DC@eyJkeW5hbWljIjp0cnVlLCJjb250ZW50IjoicG9zdF9saW5rX3VybF9wYWdlIiwic2V0dGluZ3MiOnsicG9zdF9pZCI6IjI4NDY2NCJ9fQ==@\u00bb border_radii_item=\u00bbon|13px|13px|13px|13px\u00bb global_colors_info=\u00bb{}\u00bb][\/dica_divi_carouselitem][dica_divi_carouselitem title=\u00bbunidad de hemodin\u00e1mica\u00bb button_url_new_window=\u00bb1&#8243; image_position=\u00bbimage_under_title\u00bb image_padding=\u00bb||||false|false\u00bb content_padding=\u00bb205px|18px|44px|18px|false|true\u00bb button_margin=\u00bb||||false|false\u00bb button_padding=\u00bb||||false|false\u00bb _builder_version=\u00bb4.27.4&#8243; _dynamic_attributes=\u00bblink_option_url\u00bb _module_preset=\u00bbdefault\u00bb background_enable_color=\u00bboff\u00bb use_background_color_gradient=\u00bbon\u00bb background_color_gradient_direction=\u00bb360deg\u00bb background_color_gradient_stops=\u00bbrgba(90,99,106,0.86) 15%|rgba(255,255,255,0) 41%\u00bb background_image=\u00bbhttps:\/\/recoletasmarbella.com\/wp-content\/uploads\/2025\/03\/recoletas_marbella_unidad-hemodinamica.jpg\u00bb background_enable_image=\u00bbon\u00bb background_blend=\u00bbmultiply\u00bb filter_saturate=\u00bb132%\u00bb link_option_url=\u00bb@ET-DC@eyJkeW5hbWljIjp0cnVlLCJjb250ZW50IjoicG9zdF9saW5rX3VybF9wYWdlIiwic2V0dGluZ3MiOnsicG9zdF9pZCI6IjI4NjI2MyJ9fQ==@\u00bb border_radii_item=\u00bbon|13px|13px|13px|13px\u00bb global_colors_info=\u00bb{}\u00bb][\/dica_divi_carouselitem][dica_divi_carouselitem title=\u00bbServicio de urgencias\u00bb button_url_new_window=\u00bb1&#8243; image_position=\u00bbimage_under_title\u00bb rating_alignment=\u00bbcenter\u00bb image_padding=\u00bb||||false|false\u00bb content_padding=\u00bb205px|18px|44px|18px|false|true\u00bb button_margin=\u00bb||||false|false\u00bb button_padding=\u00bb||||false|false\u00bb _builder_version=\u00bb4.27.4&#8243; _dynamic_attributes=\u00bblink_option_url\u00bb _module_preset=\u00bbdefault\u00bb header_line_height=\u00bb1.1em\u00bb background_enable_color=\u00bboff\u00bb use_background_color_gradient=\u00bbon\u00bb background_color_gradient_direction=\u00bb360deg\u00bb background_color_gradient_stops=\u00bbrgba(90,99,106,0.86) 16%|rgba(255,255,255,0) 45%\u00bb background_image=\u00bbhttps:\/\/recoletasmarbella.com\/wp-content\/uploads\/2025\/04\/instalaciones_servicios-de-urgencias-hospital-recoletas-salud-marbella.jpg\u00bb background_enable_image=\u00bbon\u00bb background_blend=\u00bbmultiply\u00bb button_alignment=\u00bbcenter\u00bb filter_saturate=\u00bb107%\u00bb filter_sepia=\u00bb2%\u00bb link_option_url=\u00bb@ET-DC@eyJkeW5hbWljIjp0cnVlLCJjb250ZW50IjoicG9zdF9saW5rX3VybF9wYWdlIiwic2V0dGluZ3MiOnsicG9zdF9pZCI6IjI4NjQwMiJ9fQ==@\u00bb border_radii_item=\u00bbon|13px|13px|13px|13px\u00bb global_colors_info=\u00bb{}\u00bb][\/dica_divi_carouselitem][dica_divi_carouselitem title=\u00bbUrolog\u00eda\u00bb button_url_new_window=\u00bb1&#8243; image_position=\u00bbimage_under_title\u00bb image_padding=\u00bb||||false|false\u00bb content_padding=\u00bb205px|18px|44px|18px|false|true\u00bb button_margin=\u00bb||||false|false\u00bb button_padding=\u00bb||||false|false\u00bb custom_padding_tablet=\u00bb||15px||false|false\u00bb custom_padding_phone=\u00bb\u00bb custom_padding_last_edited=\u00bbon|tablet\u00bb _builder_version=\u00bb4.27.4&#8243; _dynamic_attributes=\u00bblink_option_url\u00bb _module_preset=\u00bbdefault\u00bb background_enable_color=\u00bboff\u00bb use_background_color_gradient=\u00bbon\u00bb background_color_gradient_direction=\u00bb360deg\u00bb background_color_gradient_stops=\u00bbrgba(90, 99, 106, 0.86) 0%|rgba(90,99,106,0.86) 11%|rgba(255,255,255,0) 52%\u00bb background_image=\u00bbhttps:\/\/recoletasmarbella.com\/wp-content\/uploads\/2025\/03\/recoletas_marbella_urologia-3.jpg\u00bb background_enable_image=\u00bbon\u00bb background_blend=\u00bbmultiply\u00bb filter_saturate=\u00bb110%\u00bb filter_sepia=\u00bb1%\u00bb link_option_url=\u00bb@ET-DC@eyJkeW5hbWljIjp0cnVlLCJjb250ZW50IjoicG9zdF9saW5rX3VybF9wYWdlIiwic2V0dGluZ3MiOnsicG9zdF9pZCI6IjI4NjQxOSJ9fQ==@\u00bb border_radii_item=\u00bbon|13px|13px|13px|13px\u00bb global_colors_info=\u00bb{}\u00bb][\/dica_divi_carouselitem][\/dica_divi_carousel][\/et_pb_column][\/et_pb_row][\/et_pb_section]<\/p>","protected":false},"excerpt":{"rendered":"<p>Sp\u00e9cialit\u00e9s Chirurgie plastique, esth\u00e9tique et reconstructive NOUS PRENONS SOIN DE VOUS Nous combinons innovation, pr\u00e9cision et approche personnalis\u00e9eSant\u00e9, innovation et soins en un seul lieu Nous prenons soin de vous 24 heures sur 24, avec une qualit\u00e9 et une s\u00e9curit\u00e9 maximalesSp\u00e9cialistes qualifi\u00e9s Confiance et harmonie gr\u00e2ce \u00e0 la chirurgieLa chirurgie plastique est la sp\u00e9cialit\u00e9 m\u00e9dicale qui, gr\u00e2ce \u00e0 une intervention chirurgicale [...]<\/p>","protected":false},"author":2,"featured_media":288686,"parent":0,"menu_order":0,"comment_status":"closed","ping_status":"closed","template":"","meta":{"_et_pb_use_builder":"on","_et_pb_old_content":"","_et_gb_content_width":"","footnotes":""},"class_list":["post-284906","page","type-page","status-publish","has-post-thumbnail","hentry"],"yoast_head":"<!-- This site is optimized with the Yoast SEO plugin v26.1.1 - https:\/\/yoast.com\/wordpress\/plugins\/seo\/ -->\n<title>Cirug\u00eda Pl\u00e1stica y Est\u00e9tica Marbella | Hospital Recoletas<\/title>\n<meta name=\"description\" content=\"Rinoplastia, aumento mamario y cirug\u00eda reconstructiva con cirujanos pl\u00e1sticos acreditados y anestesia segura en nuestro hospital de Marbella.\" \/>\n<meta name=\"robots\" content=\"index, follow, max-snippet:-1, max-image-preview:large, max-video-preview:-1\" \/>\n<link rel=\"canonical\" href=\"https:\/\/recoletasmarbella.com\/fr\/la-chirurgie-plastique-esthetique-et-reconstructive-2\/\" \/>\n<meta property=\"og:locale\" content=\"fr_FR\" \/>\n<meta property=\"og:type\" content=\"article\" \/>\n<meta property=\"og:title\" content=\"Cirug\u00eda Pl\u00e1stica y Est\u00e9tica Marbella | Hospital Recoletas\" \/>\n<meta property=\"og:description\" content=\"Rinoplastia, aumento mamario y cirug\u00eda reconstructiva con cirujanos pl\u00e1sticos acreditados y anestesia segura en nuestro hospital de Marbella.\" \/>\n<meta property=\"og:url\" content=\"https:\/\/recoletasmarbella.com\/fr\/la-chirurgie-plastique-esthetique-et-reconstructive-2\/\" \/>\n<meta property=\"og:site_name\" content=\"Hospital Marbella\" \/>\n<meta property=\"article:publisher\" content=\"https:\/\/www.facebook.com\/people\/Recoletas-Salud-Marbella\/61573653462220\/\" \/>\n<meta property=\"article:modified_time\" content=\"2026-03-27T09:52:37+00:00\" \/>\n<meta property=\"og:image\" content=\"http:\/\/recoletasmarbella.com\/wp-content\/uploads\/2025\/03\/recoletas_marbella_cirugia-plastica.jpg\" \/>\n\t<meta property=\"og:image:width\" content=\"800\" \/>\n\t<meta property=\"og:image:height\" content=\"800\" \/>\n\t<meta property=\"og:image:type\" content=\"image\/jpeg\" \/>\n<meta name=\"twitter:card\" content=\"summary_large_image\" \/>\n<meta name=\"twitter:label1\" content=\"Dur\u00e9e de lecture estim\u00e9e\" \/>\n\t<meta name=\"twitter:data1\" content=\"5 minutes\" \/>\n<script type=\"application\/ld+json\" class=\"yoast-schema-graph\">{\"@context\":\"https:\/\/schema.org\",\"@graph\":[{\"@type\":\"WebPage\",\"@id\":\"https:\/\/recoletasmarbella.com\/es\/cirugia-plastica-estetica-y-reparadora\/\",\"url\":\"https:\/\/recoletasmarbella.com\/es\/cirugia-plastica-estetica-y-reparadora\/\",\"name\":\"Cirug\u00eda Pl\u00e1stica y Est\u00e9tica Marbella | Hospital Recoletas\",\"isPartOf\":{\"@id\":\"https:\/\/recoletasmarbella.com\/es\/#website\"},\"primaryImageOfPage\":{\"@id\":\"https:\/\/recoletasmarbella.com\/es\/cirugia-plastica-estetica-y-reparadora\/#primaryimage\"},\"image\":{\"@id\":\"https:\/\/recoletasmarbella.com\/es\/cirugia-plastica-estetica-y-reparadora\/#primaryimage\"},\"thumbnailUrl\":\"https:\/\/recoletasmarbella.com\/wp-content\/uploads\/2025\/03\/recoletas_marbella_cirugia-plastica.jpg\",\"datePublished\":\"2025-02-27T12:22:48+00:00\",\"dateModified\":\"2026-03-27T09:52:37+00:00\",\"description\":\"Rinoplastia, aumento mamario y cirug\u00eda reconstructiva con cirujanos pl\u00e1sticos acreditados y anestesia segura en nuestro hospital de Marbella.\",\"breadcrumb\":{\"@id\":\"https:\/\/recoletasmarbella.com\/es\/cirugia-plastica-estetica-y-reparadora\/#breadcrumb\"},\"inLanguage\":\"fr-FR\",\"potentialAction\":[{\"@type\":\"ReadAction\",\"target\":[\"https:\/\/recoletasmarbella.com\/es\/cirugia-plastica-estetica-y-reparadora\/\"]}]},{\"@type\":\"ImageObject\",\"inLanguage\":\"fr-FR\",\"@id\":\"https:\/\/recoletasmarbella.com\/es\/cirugia-plastica-estetica-y-reparadora\/#primaryimage\",\"url\":\"https:\/\/recoletasmarbella.com\/wp-content\/uploads\/2025\/03\/recoletas_marbella_cirugia-plastica.jpg\",\"contentUrl\":\"https:\/\/recoletasmarbella.com\/wp-content\/uploads\/2025\/03\/recoletas_marbella_cirugia-plastica.jpg\",\"width\":800,\"height\":800,\"caption\":\"Cirug\u00eda Plastica. Hospital Recoletas Salud Marbella\"},{\"@type\":\"BreadcrumbList\",\"@id\":\"https:\/\/recoletasmarbella.com\/es\/cirugia-plastica-estetica-y-reparadora\/#breadcrumb\",\"itemListElement\":[{\"@type\":\"ListItem\",\"position\":1,\"name\":\"Portada\",\"item\":\"https:\/\/recoletasmarbella.com\/es\/\"},{\"@type\":\"ListItem\",\"position\":2,\"name\":\"Cirug\u00eda pl\u00e1stica estetica y reparadora\"}]},{\"@type\":\"WebSite\",\"@id\":\"https:\/\/recoletasmarbella.com\/es\/#website\",\"url\":\"https:\/\/recoletasmarbella.com\/es\/\",\"name\":\"Hospital Recoletas Salud Marbella\",\"description\":\"Recoletas Salud\",\"publisher\":{\"@id\":\"https:\/\/recoletasmarbella.com\/es\/#organization\"},\"potentialAction\":[{\"@type\":\"SearchAction\",\"target\":{\"@type\":\"EntryPoint\",\"urlTemplate\":\"https:\/\/recoletasmarbella.com\/es\/?s={search_term_string}\"},\"query-input\":{\"@type\":\"PropertyValueSpecification\",\"valueRequired\":true,\"valueName\":\"search_term_string\"}}],\"inLanguage\":\"fr-FR\"},{\"@type\":\"Organization\",\"@id\":\"https:\/\/recoletasmarbella.com\/es\/#organization\",\"name\":\"Grupo Recoletas\",\"url\":\"https:\/\/recoletasmarbella.com\/es\/\",\"logo\":{\"@type\":\"ImageObject\",\"inLanguage\":\"fr-FR\",\"@id\":\"https:\/\/recoletasmarbella.com\/es\/#\/schema\/logo\/image\/\",\"url\":\"http:\/\/recoletasmarbella.com\/wp-content\/uploads\/2025\/01\/logo-v-hospital-marbella-1.png\",\"contentUrl\":\"http:\/\/recoletasmarbella.com\/wp-content\/uploads\/2025\/01\/logo-v-hospital-marbella-1.png\",\"width\":216,\"height\":164,\"caption\":\"Grupo Recoletas\"},\"image\":{\"@id\":\"https:\/\/recoletasmarbella.com\/es\/#\/schema\/logo\/image\/\"},\"sameAs\":[\"https:\/\/www.facebook.com\/people\/Recoletas-Salud-Marbella\/61573653462220\/\",\"https:\/\/www.instagram.com\/recoletassaludmarbella\/\",\"https:\/\/www.linkedin.com\/company\/recoletas-salud-marbella\",\"https:\/\/www.youtube.com\/@recoletassalud\"]}]}<\/script>\n<!-- \/ Yoast SEO plugin. -->","yoast_head_json":{"title":"Chirurgie plastique et esth\u00e9tique Marbella | Hospital Recoletas","description":"Rhinoplastie, augmentation mammaire et chirurgie reconstructive avec des chirurgiens plasticiens accr\u00e9dit\u00e9s et une anesth\u00e9sie s\u00fbre dans notre h\u00f4pital de Marbella.","robots":{"index":"index","follow":"follow","max-snippet":"max-snippet:-1","max-image-preview":"max-image-preview:large","max-video-preview":"max-video-preview:-1"},"canonical":"https:\/\/recoletasmarbella.com\/fr\/la-chirurgie-plastique-esthetique-et-reconstructive-2\/","og_locale":"fr_FR","og_type":"article","og_title":"Cirug\u00eda Pl\u00e1stica y Est\u00e9tica Marbella | Hospital Recoletas","og_description":"Rinoplastia, aumento mamario y cirug\u00eda reconstructiva con cirujanos pl\u00e1sticos acreditados y anestesia segura en nuestro hospital de Marbella.","og_url":"https:\/\/recoletasmarbella.com\/fr\/la-chirurgie-plastique-esthetique-et-reconstructive-2\/","og_site_name":"Hospital Marbella","article_publisher":"https:\/\/www.facebook.com\/people\/Recoletas-Salud-Marbella\/61573653462220\/","article_modified_time":"2026-03-27T09:52:37+00:00","og_image":[{"width":800,"height":800,"url":"http:\/\/recoletasmarbella.com\/wp-content\/uploads\/2025\/03\/recoletas_marbella_cirugia-plastica.jpg","type":"image\/jpeg"}],"twitter_card":"summary_large_image","twitter_misc":{"Dur\u00e9e de lecture estim\u00e9e":"5 minutes"},"schema":{"@context":"https:\/\/schema.org","@graph":[{"@type":"WebPage","@id":"https:\/\/recoletasmarbella.com\/es\/cirugia-plastica-estetica-y-reparadora\/","url":"https:\/\/recoletasmarbella.com\/es\/cirugia-plastica-estetica-y-reparadora\/","name":"Chirurgie plastique et esth\u00e9tique Marbella | Hospital Recoletas","isPartOf":{"@id":"https:\/\/recoletasmarbella.com\/es\/#website"},"primaryImageOfPage":{"@id":"https:\/\/recoletasmarbella.com\/es\/cirugia-plastica-estetica-y-reparadora\/#primaryimage"},"image":{"@id":"https:\/\/recoletasmarbella.com\/es\/cirugia-plastica-estetica-y-reparadora\/#primaryimage"},"thumbnailUrl":"https:\/\/recoletasmarbella.com\/wp-content\/uploads\/2025\/03\/recoletas_marbella_cirugia-plastica.jpg","datePublished":"2025-02-27T12:22:48+00:00","dateModified":"2026-03-27T09:52:37+00:00","description":"Rhinoplastie, augmentation mammaire et chirurgie reconstructive avec des chirurgiens plasticiens accr\u00e9dit\u00e9s et une anesth\u00e9sie s\u00fbre dans notre h\u00f4pital de Marbella.","breadcrumb":{"@id":"https:\/\/recoletasmarbella.com\/es\/cirugia-plastica-estetica-y-reparadora\/#breadcrumb"},"inLanguage":"fr-FR","potentialAction":[{"@type":"ReadAction","target":["https:\/\/recoletasmarbella.com\/es\/cirugia-plastica-estetica-y-reparadora\/"]}]},{"@type":"ImageObject","inLanguage":"fr-FR","@id":"https:\/\/recoletasmarbella.com\/es\/cirugia-plastica-estetica-y-reparadora\/#primaryimage","url":"https:\/\/recoletasmarbella.com\/wp-content\/uploads\/2025\/03\/recoletas_marbella_cirugia-plastica.jpg","contentUrl":"https:\/\/recoletasmarbella.com\/wp-content\/uploads\/2025\/03\/recoletas_marbella_cirugia-plastica.jpg","width":800,"height":800,"caption":"Cirug\u00eda Plastica. Hospital Recoletas Salud Marbella"},{"@type":"BreadcrumbList","@id":"https:\/\/recoletasmarbella.com\/es\/cirugia-plastica-estetica-y-reparadora\/#breadcrumb","itemListElement":[{"@type":"ListItem","position":1,"name":"Portada","item":"https:\/\/recoletasmarbella.com\/es\/"},{"@type":"ListItem","position":2,"name":"Cirug\u00eda pl\u00e1stica estetica y reparadora"}]},{"@type":"WebSite","@id":"https:\/\/recoletasmarbella.com\/es\/#website","url":"https:\/\/recoletasmarbella.com\/es\/","name":"L'h\u00f4pital Recoletas Salud Marbella","description":"de recoletas salud","publisher":{"@id":"https:\/\/recoletasmarbella.com\/es\/#organization"},"potentialAction":[{"@type":"SearchAction","target":{"@type":"EntryPoint","urlTemplate":"https:\/\/recoletasmarbella.com\/es\/?s={search_term_string}"},"query-input":{"@type":"PropertyValueSpecification","valueRequired":true,"valueName":"search_term_string"}}],"inLanguage":"fr-FR"},{"@type":"Organization","@id":"https:\/\/recoletasmarbella.com\/es\/#organization","name":"Groupe Recoletas","url":"https:\/\/recoletasmarbella.com\/es\/","logo":{"@type":"ImageObject","inLanguage":"fr-FR","@id":"https:\/\/recoletasmarbella.com\/es\/#\/schema\/logo\/image\/","url":"http:\/\/recoletasmarbella.com\/wp-content\/uploads\/2025\/01\/logo-v-hospital-marbella-1.png","contentUrl":"http:\/\/recoletasmarbella.com\/wp-content\/uploads\/2025\/01\/logo-v-hospital-marbella-1.png","width":216,"height":164,"caption":"Grupo Recoletas"},"image":{"@id":"https:\/\/recoletasmarbella.com\/es\/#\/schema\/logo\/image\/"},"sameAs":["https:\/\/www.facebook.com\/people\/Recoletas-Salud-Marbella\/61573653462220\/","https:\/\/www.instagram.com\/recoletassaludmarbella\/","https:\/\/www.linkedin.com\/company\/recoletas-salud-marbella","https:\/\/www.youtube.com\/@recoletassalud"]}]}},"_links":{"self":[{"href":"https:\/\/recoletasmarbella.com\/fr\/wp-json\/wp\/v2\/pages\/284906","targetHints":{"allow":["GET"]}}],"collection":[{"href":"https:\/\/recoletasmarbella.com\/fr\/wp-json\/wp\/v2\/pages"}],"about":[{"href":"https:\/\/recoletasmarbella.com\/fr\/wp-json\/wp\/v2\/types\/page"}],"author":[{"embeddable":true,"href":"https:\/\/recoletasmarbella.com\/fr\/wp-json\/wp\/v2\/users\/2"}],"replies":[{"embeddable":true,"href":"https:\/\/recoletasmarbella.com\/fr\/wp-json\/wp\/v2\/comments?post=284906"}],"version-history":[{"count":60,"href":"https:\/\/recoletasmarbella.com\/fr\/wp-json\/wp\/v2\/pages\/284906\/revisions"}],"predecessor-version":[{"id":292573,"href":"https:\/\/recoletasmarbella.com\/fr\/wp-json\/wp\/v2\/pages\/284906\/revisions\/292573"}],"wp:featuredmedia":[{"embeddable":true,"href":"https:\/\/recoletasmarbella.com\/fr\/wp-json\/wp\/v2\/media\/288686"}],"wp:attachment":[{"href":"https:\/\/recoletasmarbella.com\/fr\/wp-json\/wp\/v2\/media?parent=284906"}],"curies":[{"name":"wp","href":"https:\/\/api.w.org\/{rel}","templated":true}]}}