{"id":285475,"date":"2025-03-03T14:54:45","date_gmt":"2025-03-03T14:54:45","guid":{"rendered":"https:\/\/recoletasmarbella.com\/?page_id=285475"},"modified":"2025-10-15T15:42:28","modified_gmt":"2025-10-15T15:42:28","slug":"avis-juridique","status":"publish","type":"page","link":"https:\/\/recoletasmarbella.com\/fr\/avis-juridique\/","title":{"rendered":"Avis juridique"},"content":{"rendered":"<p>[et_pb_section fb_built=\u00bb1&#8243; _builder_version=\u00bb4.27.4&#8243; _module_preset=\u00bbdefault\u00bb background_color=\u00bb#F2F2F2&#8243; custom_padding=\u00bb21px||24px|||\u00bb global_colors_info=\u00bb{}\u00bb][et_pb_row _builder_version=\u00bb4.27.4&#8243; _module_preset=\u00bbdefault\u00bb global_colors_info=\u00bb{}\u00bb][et_pb_column type=\u00bb4_4&#8243; _builder_version=\u00bb4.27.4&#8243; _module_preset=\u00bbdefault\u00bb global_colors_info=\u00bb{}\u00bb][et_pb_text _builder_version=\u00bb4.27.4&#8243; _module_preset=\u00bbb20293d3-7e7e-4718-8a41-9d40e20be87b\u00bb header_2_font=\u00bb&#8211;et_global_heading_font|800||on|||||\u00bb header_2_font_size=\u00bb31px\u00bb header_2_letter_spacing=\u00bb0px\u00bb header_2_line_height=\u00bb1em\u00bb header_4_text_color=\u00bb#C7A3DE\u00bb max_width=\u00bb379px\u00bb max_width_tablet=\u00bb379px\u00bb max_width_phone=\u00bb266px\u00bb max_width_last_edited=\u00bbon|phone\u00bb module_alignment=\u00bbcenter\u00bb custom_padding=\u00bb|30px||30px|false|true\u00bb border_width_right=\u00bb2px\u00bb border_color_right=\u00bb#C7A3DE\u00bb border_width_left=\u00bb2px\u00bb border_color_left=\u00bb#C7A3DE\u00bb locked=\u00bboff\u00bb global_colors_info=\u00bb{}\u00bb]<\/p>\n<h3 style=\"text-align: center;\">RGPD<\/h3>\n<h2 style=\"text-align: center;\">Avis juridique<\/h2>\n<p>[\/et_pb_text][\/et_pb_column][\/et_pb_row][\/et_pb_section][et_pb_section fb_built=\u00bb1&#8243; _builder_version=\u00bb4.27.4&#8243; _module_preset=\u00bbdefault\u00bb global_colors_info=\u00bb{}\u00bb][et_pb_row _builder_version=\u00bb4.27.4&#8243; _module_preset=\u00bbdefault\u00bb custom_padding=\u00bb34px|||||\u00bb border_color_all=\u00bbRGBA(255,255,255,0)\u00bb global_colors_info=\u00bb{}\u00bb][et_pb_column type=\u00bb4_4&#8243; _builder_version=\u00bb4.27.4&#8243; _module_preset=\u00bbdefault\u00bb border_color_all=\u00bbRGBA(255,255,255,0)\u00bb global_colors_info=\u00bb{}\u00bb][et_pb_text _builder_version=\u00bb4.27.4&#8243; _module_preset=\u00bbdefault\u00bb link_font=\u00bb|700|||||||\u00bb link_text_color=\u00bb#ad8dc1&#8243; header_2_font=\u00bb&#8211;et_global_heading_font|600||on|||||\u00bb header_2_text_color=\u00bb#617179&#8243; header_2_font_size=\u00bb20px\u00bb header_2_line_height=\u00bb1.5em\u00bb custom_margin=\u00bb|0px||0px|false|false\u00bb custom_margin_tablet=\u00bb|0px||0px|false|false\u00bb custom_margin_phone=\u00bb|0px||0px|false|false\u00bb custom_margin_last_edited=\u00bbon|desktop\u00bb custom_padding=\u00bb|0px||0px|false|true\u00bb border_color_all=\u00bbRGBA(255,255,255,0)\u00bb border_color_top=\u00bbRGBA(255,255,255,0)\u00bb border_color_right=\u00bbRGBA(255,255,255,0)\u00bb border_color_bottom=\u00bbRGBA(255,255,255,0)\u00bb border_color_left=\u00bbRGBA(255,255,255,0)\u00bb global_colors_info=\u00bb{}\u00bb]<\/p>\n<div style=\"text-align: left;\">Informations g\u00e9n\u00e9rales requises par l'article 10 de la loi 34\/2002, du 11 juillet, sur les services de la soci\u00e9t\u00e9 de l'information et au commerce \u00e9lectronique.<\/div>\n<div id=\"salud-cabello\" class=\"et_pb_with_border et_pb_module et_pb_text et_pb_text_4  et_pb_text_align_left et_pb_bg_layout_light\">\n<div class=\"et_pb_text_inner\">\n<h3 style=\"text-align: left;\"><\/h3>\n<p>&nbsp;<\/p>\n<h3 style=\"text-align: left;\">Donn\u00e9es d'identification<\/h3>\n<p style=\"text-align: left;\"><a href=\"https:\/\/recoletasmarbella.com\/\">https:\/\/recoletasmarbella.com\/<\/a> est d\u00e9tenu par Red Hospitalaria Recoletas, S.L., soci\u00e9t\u00e9 d\u00e9tentrice du code fiscal (CIF) <span class=\"s1\">B67831222<\/span>, dont le si\u00e8ge social est situ\u00e9 C\/ Maestra Do\u00f1a Carola n\u00ba 8. 29602 Marbella (M\u00e1laga), Espagne, et dont l'adresse \u00e9lectronique est\u00a0<a href=\"mailto:info@gruporecoletas.com\">info@gruporecoletas.com<\/a>. Red Hospitalaria Recoletas, S.L. est inscrite au registre du commerce de Valladolid , volume 1561, feuillet 212, inscription 1, page VA-30787.<\/p>\n<p style=\"text-align: center;\"><span style=\"text-decoration: underline;\"><i>H\u00f4pital Recoletas Salud Marbella :<\/i><\/span><\/p>\n<div class=\"et_pb_with_border et_pb_module et_pb_blurb et_pb_blurb_0_tb_footer et_clickable et_pb_text_align_left et_pb_blurb_position_left et_pb_bg_layout_dark et_had_animation\" style=\"text-align: left;\">\n<div class=\"et_pb_blurb_content\">\n<p style=\"text-align: center;\">C\/ Maestra Do\u00f1a Carola n\u00ba 8. 29602 Marbella (M\u00e1laga)<br \/>\nDu lundi au vendredi : 24 heures<br \/>\nSoins aux patients: <span style=\"font-size: 13px;\">T\u00e9l:<\/span><span style=\"font-size: 13px;\">\u00a0<\/span><a style=\"font-size: 13px;\" href=\"tel:+34952899350\" target=\"_blank\" rel=\"noopener\">+34 952 899 350 \/\u00a0<\/a><span style=\"font-size: 13px;\">Whatsapp :<\/span><span style=\"font-size: 13px;\">\u00a0<\/span><a style=\"font-size: 13px;\" href=\"https:\/\/api.whatsapp.com\/send\/?phone=34640696528&amp;text=Hola+%C2%BFC%C3%B3mo+podemos+ayudarte%3F&amp;type=phone_number&amp;app_absent=0\" target=\"_blank\" rel=\"noopener\">640 69 65 28<\/a><br \/>\n<a style=\"font-size: 13px;\" href=\"mailto:atencionalpaciente.marbella@gruporecoletas.com\">atencionpaciente.marbella@gruporecoletas.com<\/a><\/p>\n<\/div>\n<\/div>\n<h3 style=\"text-align: left;\">Champ d'application<\/h3>\n<p style=\"text-align: left;\">Ce portail a pour objectif de faire conna\u00eetre au public la marque GRUPO RECOLETAS et les services qu'elle propose. L'acc\u00e8s \u00e0 ce site web est libre et gratuit, mais implique l'acceptation expresse et sans r\u00e9serve des conditions figurant dans le pr\u00e9sent document et dans la Politique de confidentialit\u00e9. Cependant, le propri\u00e9taire se r\u00e9serve le droit de restreindre l'acc\u00e8s \u00e0 certains contenus ou services.<\/p>\n<h3 style=\"text-align: left;\">Propri\u00e9t\u00e9 intellectuelle<\/h3>\n<p style=\"text-align: left;\">Ce site web et l'ensemble de son contenu, y compris les textes, images, graphiques et codes sources, sont prot\u00e9g\u00e9s par les droits de propri\u00e9t\u00e9 intellectuelle. Toute copie, reproduction, distribution, communication publique et transformation sont donc interdites. Tous les droits sont r\u00e9serv\u00e9s et les noms commerciaux, marques et signes distinctifs qui figurent dans ce site sont prot\u00e9g\u00e9s par la loi.<\/p>\n<h3 style=\"text-align: left;\">Contenu et conditions d'utilisation<\/h3>\n<p style=\"text-align: left;\"><strong>Le contenu du site web est destin\u00e9 uniquement aux consommateurs et aux utilisateurs finaux. Toute utilisation non autoris\u00e9e est interdite, sauf autorisation \u00e9crite pr\u00e9alable du propri\u00e9taire.<\/strong><\/p>\n<p style=\"text-align: left;\">Le propri\u00e9taire se r\u00e9serve le droit d'interrompre l'acc\u00e8s \u00e0 tout ou partie du site web \u00e0 tout moment et sans pr\u00e9avis, que ce soit pour des raisons techniques, de s\u00e9curit\u00e9, de contr\u00f4le, de maintenance, de panne de courant ou pour toute autre raison. Par cons\u00e9quent, la disponibilit\u00e9 et la continuit\u00e9 du site et de son contenu ne sont pas garanties.<\/p>\n<p style=\"text-align: left;\">Le propri\u00e9taire n'est pas tenu pour responsable en cas d'interruptions de service, de retards, d'erreurs, de dysfonctionnements et, en g\u00e9n\u00e9ral, de tout autre inconv\u00e9nient ayant pour origine des causes \u00e9chappant \u00e0 son contr\u00f4le.<\/p>\n<p style=\"text-align: left;\">Le titulaire n'est en aucun cas tenu pour responsable des dommages de toute nature qui pourraient \u00eatre caus\u00e9s par le manque de disponibilit\u00e9 du portail, la transmission de virus ou de programmes malveillants ou nuisibles pr\u00e9sents dans les contenus \u2014 malgr\u00e9 toutes les mesures technologiques mises en \u0153uvre pour les \u00e9viter \u2014 ou encore d\u2019une utilisation abusive de ceux-ci, cette responsabilit\u00e9 incombant exclusivement \u00e0 la personne qui y acc\u00e8de ou les utilise.<\/p>\n<h3 style=\"text-align: left;\">R\u00e8gles communes pour l'utilisation du site web<\/h3>\n<p style=\"text-align: left;\">L'utilisateur s'engage \u00e0 utiliser le site conform\u00e9ment aux r\u00e8gles suivantes :<\/p>\n<ul style=\"text-align: left;\">\n<li>Il ne publiera pas de communications commerciales sur le site web.<\/li>\n<li>Il ne collectera pas de contenu ou d'informations provenant d'autres utilisateurs.<\/li>\n<li>Il ne t\u00e9l\u00e9chargera aucun virus ni code malveillant de quelque nature que ce soit.<\/li>\n<li>Il ne demandera pas d'informations de connexion et n'acc\u00e9dera pas \u00e0 un compte appartenant \u00e0 un autre utilisateur.<\/li>\n<li>Il ne d\u00e9rangera, n'intimidera ni ne harc\u00e8lera aucun utilisateur.<\/li>\n<li>Vous ne vous livrerez pas \u00e0 des actes ill\u00e9gaux, trompeurs, malveillants ou discriminatoires sur le site web, conform\u00e9ment aux pr\u00e9sentes conditions g\u00e9n\u00e9rales et au syst\u00e8me juridique espagnol.<\/li>\n<li>Il ne fera rien qui puisse compromettre la s\u00e9curit\u00e9 de votre compte, en particulier en ce qui concerne votre mot de passe. Il signalera toute anomalie li\u00e9e \u00e0 son mot de passe ou \u00e0 son compte, toute atteinte \u00e0 la confidentialit\u00e9 de ses donn\u00e9es, ou toute menace ou risque identifi\u00e9 concernant la s\u00e9curit\u00e9 de ses informations.<\/li>\n<\/ul>\n<h3 style=\"text-align: left;\">Liens<\/h3>\n<p style=\"text-align: left;\">Dans le cas o\u00f9 le\u00a0<em>site web<\/em>\u00a0contient des liens vers d'autres sites Internet, le propri\u00e9taire n'exerce aucun contr\u00f4le sur ces sites et leur contenu et n'assume aucune responsabilit\u00e9 quant aux informations qui y figurent. La pr\u00e9sence de\u00a0<em>liens<\/em>\u00a0sur la page a une finalit\u00e9 purement informative et ne constitue en aucun cas une suggestion, une invitation ou une recommandation. Elle n\u2019implique non plus aucun lien d\u2019association, de fusion ou de participation avec les entit\u00e9s reli\u00e9es.<\/p>\n<h3 style=\"text-align: left;\">\u00c9change ou diffusion d'informations<\/h3>\n<p style=\"text-align: left;\">Le propri\u00e9taire d\u00e9cline toute responsabilit\u00e9 quant aux opinions exprim\u00e9es par les utilisateurs par le biais de son site web.\u00a0<em>web<\/em>\u00a0ou l'\u00e9change d'informations entre utilisateurs par son interm\u00e9diaire, la responsabilit\u00e9 des d\u00e9clarations diffus\u00e9es incombant \u00e0 ceux qui les font.<\/p>\n<h3 style=\"text-align: left;\">Obligations de l'utilisateur<\/h3>\n<p style=\"text-align: left;\">Le client s'engage \u00e0 accepter toutes les dispositions et conditions figurant dans les pr\u00e9sentes mentions l\u00e9gales, \u00e9tant entendu qu'elles refl\u00e8tent le meilleur service possible pour le type d'activit\u00e9 exerc\u00e9e par le propri\u00e9taire.<\/p>\n<p style=\"text-align: left;\">Il s'engage \u00e9galement \u00e0 conserver de mani\u00e8re confidentielle et avec la plus grande diligence ses codes d\u2019acc\u00e8s personnels \u00e0 notre site web.<\/p>\n<h3 style=\"text-align: left;\">Politique de s\u00e9curit\u00e9, de confidentialit\u00e9 et de protection des donn\u00e9es<\/h3>\n<p style=\"text-align: left;\">Sur le\u00a0<em>web\u00a0<\/em>des donn\u00e9es \u00e0 caract\u00e8re personnel sont collect\u00e9es sur le site web, le propri\u00e9taire en sera responsable et les traitera avec une confidentialit\u00e9 et une s\u00e9curit\u00e9 absolues. Vous trouverez de plus amples informations sur notre\u00a0<a href=\"https:\/\/recoletasmarbella.com\/es\/politica-de-privacidad\/\">Politique en mati\u00e8re de confidentialit\u00e9<\/a>\u00a0et\u00a0<a href=\"https:\/\/recoletasmarbella.com\/politica-de-cookies\"><em>Cookies<\/em><\/a>\u00a0sur la page sp\u00e9cifique d\u00e9di\u00e9e \u00e0 ces informations.<\/p>\n<h3 style=\"text-align: left;\">Droit applicable, r\u00e8glement des litiges et juridiction comp\u00e9tente<\/h3>\n<p style=\"text-align: left;\">L'utilisation du site web est r\u00e9gie par la loi espagnole. Tout litige pouvant survenir ou ayant un lien avec l\u2019utilisation du site web sera soumis \u00e0 la comp\u00e9tence non exclusive des cours et tribunaux du ressort du si\u00e8ge social du titulaire, sauf disposition contraire pr\u00e9vue par la r\u00e9glementation en vigueur ou le code de conduite applicable.<\/p>\n<\/div>\n<\/div>\n<p>[\/et_pb_text][\/et_pb_column][\/et_pb_row][\/et_pb_section]<\/p>","protected":false},"excerpt":{"rendered":"<p>GDPR Aviso legalInformaci\u00f3n General Requerida por el Art\u00edculo 10 de la Ley 34\/2002, de 11 de Julio, de Servicios de la Sociedad de la Informaci\u00f3n y de Comercio Electr\u00f3nico. &nbsp; Datos identificativos. https:\/\/recoletasmarbella.com\/ es propiedad de con CIF B67831222, con domicilio social en C\/ Maestra Do\u00f1a Carola n\u00ba 8. 29602 Marbella (M\u00e1laga) y direcci\u00f3n de [&hellip;]<\/p>","protected":false},"author":1,"featured_media":0,"parent":0,"menu_order":0,"comment_status":"closed","ping_status":"closed","template":"","meta":{"_et_pb_use_builder":"on","_et_pb_old_content":"<!-- wp:divi\/placeholder \/-->","_et_gb_content_width":"","footnotes":""},"class_list":["post-285475","page","type-page","status-publish","hentry"],"yoast_head":"<!-- This site is optimized with the Yoast SEO plugin v26.1.1 - https:\/\/yoast.com\/wordpress\/plugins\/seo\/ -->\n<title>Aviso legal - Hospital Marbella<\/title>\n<meta name=\"description\" content=\"Informaci\u00f3n legal sobre el uso de nuestra web, condiciones de acceso, derechos y responsabilidades. Consulta aqu\u00ed los t\u00e9rminos legales.\" \/>\n<meta name=\"robots\" content=\"noindex, follow\" \/>\n<meta property=\"og:locale\" content=\"fr_FR\" \/>\n<meta property=\"og:type\" content=\"article\" \/>\n<meta property=\"og:title\" content=\"Aviso legal - Hospital Marbella\" \/>\n<meta property=\"og:description\" content=\"Informaci\u00f3n legal sobre el uso de nuestra web, condiciones de acceso, derechos y responsabilidades. Consulta aqu\u00ed los t\u00e9rminos legales.\" \/>\n<meta property=\"og:url\" content=\"https:\/\/recoletasmarbella.com\/fr\/avis-juridique\/\" \/>\n<meta property=\"og:site_name\" content=\"Hospital Marbella\" \/>\n<meta property=\"article:publisher\" content=\"https:\/\/www.facebook.com\/people\/Recoletas-Salud-Marbella\/61573653462220\/\" \/>\n<meta property=\"article:modified_time\" content=\"2025-10-15T15:42:28+00:00\" \/>\n<meta name=\"twitter:card\" content=\"summary_large_image\" \/>\n<meta name=\"twitter:label1\" content=\"Dur\u00e9e de lecture estim\u00e9e\" \/>\n\t<meta name=\"twitter:data1\" content=\"5 minutes\" \/>\n<script type=\"application\/ld+json\" class=\"yoast-schema-graph\">{\"@context\":\"https:\/\/schema.org\",\"@graph\":[{\"@type\":\"WebPage\",\"@id\":\"https:\/\/recoletasmarbella.com\/aviso-legal\/\",\"url\":\"https:\/\/recoletasmarbella.com\/aviso-legal\/\",\"name\":\"Aviso legal - Hospital Marbella\",\"isPartOf\":{\"@id\":\"https:\/\/recoletasmarbella.com\/es\/#website\"},\"datePublished\":\"2025-03-03T14:54:45+00:00\",\"dateModified\":\"2025-10-15T15:42:28+00:00\",\"description\":\"Informaci\u00f3n legal sobre el uso de nuestra web, condiciones de acceso, derechos y responsabilidades. Consulta aqu\u00ed los t\u00e9rminos legales.\",\"breadcrumb\":{\"@id\":\"https:\/\/recoletasmarbella.com\/aviso-legal\/#breadcrumb\"},\"inLanguage\":\"fr-FR\",\"potentialAction\":[{\"@type\":\"ReadAction\",\"target\":[\"https:\/\/recoletasmarbella.com\/aviso-legal\/\"]}]},{\"@type\":\"BreadcrumbList\",\"@id\":\"https:\/\/recoletasmarbella.com\/aviso-legal\/#breadcrumb\",\"itemListElement\":[{\"@type\":\"ListItem\",\"position\":1,\"name\":\"Portada\",\"item\":\"https:\/\/recoletasmarbella.com\/es\/\"},{\"@type\":\"ListItem\",\"position\":2,\"name\":\"Aviso legal\"}]},{\"@type\":\"WebSite\",\"@id\":\"https:\/\/recoletasmarbella.com\/es\/#website\",\"url\":\"https:\/\/recoletasmarbella.com\/es\/\",\"name\":\"Hospital Recoletas Salud Marbella\",\"description\":\"Recoletas Salud\",\"publisher\":{\"@id\":\"https:\/\/recoletasmarbella.com\/es\/#organization\"},\"potentialAction\":[{\"@type\":\"SearchAction\",\"target\":{\"@type\":\"EntryPoint\",\"urlTemplate\":\"https:\/\/recoletasmarbella.com\/es\/?s={search_term_string}\"},\"query-input\":{\"@type\":\"PropertyValueSpecification\",\"valueRequired\":true,\"valueName\":\"search_term_string\"}}],\"inLanguage\":\"fr-FR\"},{\"@type\":\"Organization\",\"@id\":\"https:\/\/recoletasmarbella.com\/es\/#organization\",\"name\":\"Grupo Recoletas\",\"url\":\"https:\/\/recoletasmarbella.com\/es\/\",\"logo\":{\"@type\":\"ImageObject\",\"inLanguage\":\"fr-FR\",\"@id\":\"https:\/\/recoletasmarbella.com\/es\/#\/schema\/logo\/image\/\",\"url\":\"http:\/\/recoletasmarbella.com\/wp-content\/uploads\/2025\/01\/logo-v-hospital-marbella-1.png\",\"contentUrl\":\"http:\/\/recoletasmarbella.com\/wp-content\/uploads\/2025\/01\/logo-v-hospital-marbella-1.png\",\"width\":216,\"height\":164,\"caption\":\"Grupo Recoletas\"},\"image\":{\"@id\":\"https:\/\/recoletasmarbella.com\/es\/#\/schema\/logo\/image\/\"},\"sameAs\":[\"https:\/\/www.facebook.com\/people\/Recoletas-Salud-Marbella\/61573653462220\/\",\"https:\/\/www.instagram.com\/recoletassaludmarbella\/\",\"https:\/\/www.linkedin.com\/company\/recoletas-salud-marbella\",\"https:\/\/www.youtube.com\/@recoletassalud\"]}]}<\/script>\n<!-- \/ Yoast SEO plugin. -->","yoast_head_json":{"title":"Mentions l\u00e9gales - Hospital Marbella","description":"Informations juridiques concernant l'utilisation de notre site web, les conditions d'acc\u00e8s, les droits et les responsabilit\u00e9s. Consultez les mentions l\u00e9gales ici.","robots":{"index":"noindex","follow":"follow"},"og_locale":"fr_FR","og_type":"article","og_title":"Aviso legal - Hospital Marbella","og_description":"Informaci\u00f3n legal sobre el uso de nuestra web, condiciones de acceso, derechos y responsabilidades. Consulta aqu\u00ed los t\u00e9rminos legales.","og_url":"https:\/\/recoletasmarbella.com\/fr\/avis-juridique\/","og_site_name":"Hospital Marbella","article_publisher":"https:\/\/www.facebook.com\/people\/Recoletas-Salud-Marbella\/61573653462220\/","article_modified_time":"2025-10-15T15:42:28+00:00","twitter_card":"summary_large_image","twitter_misc":{"Dur\u00e9e de lecture estim\u00e9e":"5 minutes"},"schema":{"@context":"https:\/\/schema.org","@graph":[{"@type":"WebPage","@id":"https:\/\/recoletasmarbella.com\/aviso-legal\/","url":"https:\/\/recoletasmarbella.com\/aviso-legal\/","name":"Mentions l\u00e9gales - Hospital Marbella","isPartOf":{"@id":"https:\/\/recoletasmarbella.com\/es\/#website"},"datePublished":"2025-03-03T14:54:45+00:00","dateModified":"2025-10-15T15:42:28+00:00","description":"Informations juridiques concernant l'utilisation de notre site web, les conditions d'acc\u00e8s, les droits et les responsabilit\u00e9s. Consultez les mentions l\u00e9gales ici.","breadcrumb":{"@id":"https:\/\/recoletasmarbella.com\/aviso-legal\/#breadcrumb"},"inLanguage":"fr-FR","potentialAction":[{"@type":"ReadAction","target":["https:\/\/recoletasmarbella.com\/aviso-legal\/"]}]},{"@type":"BreadcrumbList","@id":"https:\/\/recoletasmarbella.com\/aviso-legal\/#breadcrumb","itemListElement":[{"@type":"ListItem","position":1,"name":"Portada","item":"https:\/\/recoletasmarbella.com\/es\/"},{"@type":"ListItem","position":2,"name":"Aviso legal"}]},{"@type":"WebSite","@id":"https:\/\/recoletasmarbella.com\/es\/#website","url":"https:\/\/recoletasmarbella.com\/es\/","name":"L'h\u00f4pital Recoletas Salud Marbella","description":"de recoletas salud","publisher":{"@id":"https:\/\/recoletasmarbella.com\/es\/#organization"},"potentialAction":[{"@type":"SearchAction","target":{"@type":"EntryPoint","urlTemplate":"https:\/\/recoletasmarbella.com\/es\/?s={search_term_string}"},"query-input":{"@type":"PropertyValueSpecification","valueRequired":true,"valueName":"search_term_string"}}],"inLanguage":"fr-FR"},{"@type":"Organization","@id":"https:\/\/recoletasmarbella.com\/es\/#organization","name":"Groupe Recoletas","url":"https:\/\/recoletasmarbella.com\/es\/","logo":{"@type":"ImageObject","inLanguage":"fr-FR","@id":"https:\/\/recoletasmarbella.com\/es\/#\/schema\/logo\/image\/","url":"http:\/\/recoletasmarbella.com\/wp-content\/uploads\/2025\/01\/logo-v-hospital-marbella-1.png","contentUrl":"http:\/\/recoletasmarbella.com\/wp-content\/uploads\/2025\/01\/logo-v-hospital-marbella-1.png","width":216,"height":164,"caption":"Grupo Recoletas"},"image":{"@id":"https:\/\/recoletasmarbella.com\/es\/#\/schema\/logo\/image\/"},"sameAs":["https:\/\/www.facebook.com\/people\/Recoletas-Salud-Marbella\/61573653462220\/","https:\/\/www.instagram.com\/recoletassaludmarbella\/","https:\/\/www.linkedin.com\/company\/recoletas-salud-marbella","https:\/\/www.youtube.com\/@recoletassalud"]}]}},"_links":{"self":[{"href":"https:\/\/recoletasmarbella.com\/fr\/wp-json\/wp\/v2\/pages\/285475","targetHints":{"allow":["GET"]}}],"collection":[{"href":"https:\/\/recoletasmarbella.com\/fr\/wp-json\/wp\/v2\/pages"}],"about":[{"href":"https:\/\/recoletasmarbella.com\/fr\/wp-json\/wp\/v2\/types\/page"}],"author":[{"embeddable":true,"href":"https:\/\/recoletasmarbella.com\/fr\/wp-json\/wp\/v2\/users\/1"}],"replies":[{"embeddable":true,"href":"https:\/\/recoletasmarbella.com\/fr\/wp-json\/wp\/v2\/comments?post=285475"}],"version-history":[{"count":15,"href":"https:\/\/recoletasmarbella.com\/fr\/wp-json\/wp\/v2\/pages\/285475\/revisions"}],"predecessor-version":[{"id":291807,"href":"https:\/\/recoletasmarbella.com\/fr\/wp-json\/wp\/v2\/pages\/285475\/revisions\/291807"}],"wp:attachment":[{"href":"https:\/\/recoletasmarbella.com\/fr\/wp-json\/wp\/v2\/media?parent=285475"}],"curies":[{"name":"wp","href":"https:\/\/api.w.org\/{rel}","templated":true}]}}