{"id":285477,"date":"2025-03-03T14:55:19","date_gmt":"2025-03-03T14:55:19","guid":{"rendered":"https:\/\/recoletasmarbella.com\/?page_id=285477"},"modified":"2025-06-30T17:06:03","modified_gmt":"2025-06-30T17:06:03","slug":"politique-de-confidentialite","status":"publish","type":"page","link":"https:\/\/recoletasmarbella.com\/fr\/politique-de-confidentialite\/","title":{"rendered":"Politique de confidentialit\u00e9"},"content":{"rendered":"<p>[et_pb_section fb_built=\u00bb1&#8243; _builder_version=\u00bb4.27.4&#8243; _module_preset=\u00bbdefault\u00bb background_color=\u00bb#F2F2F2&#8243; custom_padding=\u00bb21px||24px|||\u00bb global_colors_info=\u00bb{}\u00bb][et_pb_row _builder_version=\u00bb4.27.4&#8243; _module_preset=\u00bbdefault\u00bb global_colors_info=\u00bb{}\u00bb][et_pb_column type=\u00bb4_4&#8243; _builder_version=\u00bb4.27.4&#8243; _module_preset=\u00bbdefault\u00bb global_colors_info=\u00bb{}\u00bb][et_pb_text _builder_version=\u00bb4.27.4&#8243; _module_preset=\u00bbb20293d3-7e7e-4718-8a41-9d40e20be87b\u00bb header_2_font=\u00bb&#8211;et_global_heading_font|800||on|||||\u00bb header_2_font_size=\u00bb31px\u00bb header_2_letter_spacing=\u00bb0px\u00bb header_2_line_height=\u00bb1em\u00bb header_4_text_color=\u00bb#C7A3DE\u00bb max_width=\u00bb379px\u00bb max_width_tablet=\u00bb379px\u00bb max_width_phone=\u00bb266px\u00bb max_width_last_edited=\u00bbon|phone\u00bb module_alignment=\u00bbcenter\u00bb custom_padding=\u00bb|30px||30px|false|true\u00bb border_width_right=\u00bb2px\u00bb border_color_right=\u00bb#C7A3DE\u00bb border_width_left=\u00bb2px\u00bb border_color_left=\u00bb#C7A3DE\u00bb locked=\u00bboff\u00bb global_colors_info=\u00bb{}\u00bb]<\/p>\n<h3 style=\"text-align: center;\">RGPD<\/h3>\n<h2 style=\"text-align: center;\">Politique de confidentialit\u00e9<\/h2>\n<p>[\/et_pb_text][\/et_pb_column][\/et_pb_row][\/et_pb_section][et_pb_section fb_built=\u00bb1&#8243; _builder_version=\u00bb4.27.4&#8243; _module_preset=\u00bbdefault\u00bb global_colors_info=\u00bb{}\u00bb][et_pb_row _builder_version=\u00bb4.27.4&#8243; _module_preset=\u00bbdefault\u00bb global_colors_info=\u00bb{}\u00bb][et_pb_column type=\u00bb4_4&#8243; _builder_version=\u00bb4.27.4&#8243; _module_preset=\u00bbdefault\u00bb global_colors_info=\u00bb{}\u00bb][et_pb_text _builder_version=\u00bb4.27.4&#8243; _module_preset=\u00bbdefault\u00bb global_colors_info=\u00bb{}\u00bb]<\/p>\n<p>Le Grupo Recoletas s'engage \u00e0 respecter la confidentialit\u00e9 des utilisateurs ainsi que la protection et la s\u00e9curit\u00e9 de leurs donn\u00e9es personnelles. C'est pourquoi les utilisateurs sont inform\u00e9s de la mani\u00e8re dont les entit\u00e9s du Grupo Recoletas r\u00e9pertori\u00e9es sur www.gruporecoletas.com (section \"nos centres\") collectent, traitent et prot\u00e8gent les donn\u00e9es personnelles qui leur sont fournies par l'interm\u00e9diaire de leurs sites web.<\/p>\n<p>L'utilisateur doit lire attentivement cette politique de confidentialit\u00e9, qui a \u00e9t\u00e9 r\u00e9dig\u00e9e de mani\u00e8re claire et simple afin de faciliter sa compr\u00e9hension, et d\u00e9terminer librement et volontairement s'il souhaite fournir ses donn\u00e9es personnelles aux entit\u00e9s du Grupo Recoletas.<\/p>\n<p>De m\u00eame, l'utilisateur garantit qu'il est majeur et que les donn\u00e9es fournies sont vraies, exactes, compl\u00e8tes et \u00e0 jour, \u00e9tant responsable de tout dommage ou pr\u00e9judice direct ou indirect pouvant r\u00e9sulter du non-respect de cette obligation. Dans le cas o\u00f9 les donn\u00e9es fournies appartiennent \u00e0 un tiers, l'utilisateur garantit qu'il a inform\u00e9 ledit tiers des aspects contenus dans le pr\u00e9sent document et qu'il a obtenu son autorisation pour fournir ses donn\u00e9es aux entit\u00e9s du Grupo Recoletas aux fins susmentionn\u00e9es.<\/p>\n<h3>1. champ d'application et responsabilit\u00e9<\/h3>\n<p>Cette politique de confidentialit\u00e9 s'applique \u00e0 toutes les donn\u00e9es personnelles collect\u00e9es par les entit\u00e9s du groupe Recoletas \u00e9num\u00e9r\u00e9es \u00e0 l'adresse suivante<span>\u00a0<\/span><a href=\"http:\/\/www.gruporecoletas.com\/\">www.gruporecoletas,com<\/a><span>\u00a0<\/span>section \"nos centres\", par l'interm\u00e9diaire de leurs plateformes en ligne.<\/p>\n<p>Ces entreprises ont d\u00e9termin\u00e9 conjointement les finalit\u00e9s et les moyens du traitement des donn\u00e9es personnelles de l'utilisateur et ont sign\u00e9 un accord r\u00e9gissant les fonctions et les responsabilit\u00e9s qui leur incombent conform\u00e9ment \u00e0 la r\u00e9glementation applicable en mati\u00e8re de protection des donn\u00e9es.<\/p>\n<p>Pour toute question relative \u00e0 la pr\u00e9sente politique de confidentialit\u00e9, l'utilisateur peut contacter le responsable de la protection des donn\u00e9es du Grupo Recoletas, dont les coordonn\u00e9es sont les suivantes :<\/p>\n<ul>\n<li>E-mail :<span>\u00a0<\/span><a href=\"mailto:dpo@gruporecoletas.com\">dpo@gruporecoletas.com<\/a><\/li>\n<li>Adresse postale : Grupo Recoletas, C\/Constituci\u00f3n 8 1\u00ba 47001 - Valladolid \u00e0 l'attention du d\u00e9l\u00e9gu\u00e9 \u00e0 la protection des donn\u00e9es.<\/li>\n<\/ul>\n<h3>2. les finalit\u00e9s du traitement et la base juridique<\/h3>\n<p>Les entit\u00e9s du groupe Recoletas traiteront automatiquement les donn\u00e9es de l'utilisateur aux fins sp\u00e9cifiques suivantes :<\/p>\n<ul>\n<li>R\u00e9solution des questions pos\u00e9es par courrier \u00e9lectronique<span>\u00a0<\/span><a href=\"mailto:info@gruporecoletas.com\">info@gruporecoletas.com<\/a><\/li>\n<li>Gestion des rendez-vous par le biais des formulaires pr\u00e9vus \u00e0 cet effet.<\/li>\n<li>Envoi des communications que vous avez demand\u00e9es sur les formulaires pr\u00e9vus \u00e0 cet effet concernant nos services, ou par le biais de notre bulletin d'information.<\/li>\n<\/ul>\n<p>Ce traitement sera toujours effectu\u00e9 avec le consentement pr\u00e9alable de l'utilisateur par le biais de l'acceptation de la pr\u00e9sente politique de confidentialit\u00e9.<\/p>\n<h3>3. Communication de donn\u00e9es<\/h3>\n<p>L'utilisateur est inform\u00e9 que ses donn\u00e9es personnelles peuvent \u00eatre communiqu\u00e9es aux entit\u00e9s du groupe Recoletas identifi\u00e9es \u00e0 l'adresse suivante<span>\u00a0<\/span><a href=\"http:\/\/www.gruporecoletas.com\/\">www.gruporecoletas.com<\/a><span>\u00a0<\/span>(dans la section sur nos centres) \u00e0 qui les donn\u00e9es personnelles peuvent \u00eatre communiqu\u00e9es), s'engageant \u00e0 traiter ces donn\u00e9es personnelles uniquement et exclusivement aux fins indiqu\u00e9es ci-dessus.<\/p>\n<h3>4. Processeurs<\/h3>\n<p>Le traitement des donn\u00e9es de l'utilisateur peut \u00eatre effectu\u00e9 par un prestataire de services appropri\u00e9, engag\u00e9 par les entit\u00e9s du groupe Recoletas. Ce prestataire de services ne traitera les donn\u00e9es qu'aux fins susmentionn\u00e9es et selon vos instructions pr\u00e9cises, dans le strict respect des dispositions l\u00e9gales en mati\u00e8re de protection des donn\u00e9es personnelles, de s\u00e9curit\u00e9 de l'information et d'autres r\u00e9glementations applicables. En aucun cas nos responsables du traitement ou prestataires de services ne traiteront vos donn\u00e9es \u00e0 d'autres fins ou ne les communiqueront \u00e0 des tiers.<\/p>\n<h3>5. Transferts internationaux de donn\u00e9es<\/h3>\n<p>Les entit\u00e9s du Grupo Recoletas traiteront les donn\u00e9es des utilisateurs enti\u00e8rement sur le territoire de l'Union europ\u00e9enne, et aucun transfert international de donn\u00e9es n'est donc pr\u00e9vu.<\/p>\n<h3>6. P\u00e9riode de conservation<\/h3>\n<p>Les entit\u00e9s du groupe Recoletas conserveront les donn\u00e9es personnelles des utilisateurs uniquement pendant le temps n\u00e9cessaire \u00e0 la r\u00e9alisation des objectifs pour lesquels elles ont \u00e9t\u00e9 collect\u00e9es, ainsi que pendant les p\u00e9riodes de conservation pr\u00e9vues par la loi, dans les termes suivants :<\/p>\n<ul>\n<li>R\u00e9solution des questions pos\u00e9es par courrier \u00e9lectronique<span>\u00a0<\/span><a href=\"mailto:info@gruporecoletas.com\">info@gruporecoletas.com<\/a>: 5 ans apr\u00e8s votre r\u00e9ponse<\/li>\n<li>Gestion des nominations au moyen des formulaires pr\u00e9vus \u00e0 cet effet : 5 ans apr\u00e8s la demande.<\/li>\n<li>Envoi de communications demand\u00e9es par vous sur les formulaires pr\u00e9vus \u00e0 cet effet concernant nos services, ou par le biais de notre lettre d'information : 5 ans apr\u00e8s votre demande.<\/li>\n<\/ul>\n<h3>7. Droits des utilisateurs<\/h3>\n<p>Les utilisateurs peuvent, \u00e0 tout moment et gratuitement, exercer leurs droits d'acc\u00e8s, de rectification ou d'effacement, d'opposition, de limitation et de portabilit\u00e9 de leurs donn\u00e9es, par les moyens \u00e9tablis dans la section 1 de la pr\u00e9sente politique.<\/p>\n<p>Dans tous les cas, l'utilisateur est inform\u00e9 que, s'il consid\u00e8re que les entit\u00e9s du Grupo Recoletas ont enfreint ou pourraient avoir enfreint les droits reconnus par la r\u00e9glementation applicable en mati\u00e8re de protection des donn\u00e9es, il peut d\u00e9poser une plainte aupr\u00e8s de l'autorit\u00e9 de contr\u00f4le, l'Agence espagnole de protection des donn\u00e9es, via son site Internet www.agpd.es.<\/p>\n<h3>8. R\u00e9vocation du consentement<\/h3>\n<p>L'acceptation par l'utilisateur du traitement ou du transfert de ses donn\u00e9es est toujours r\u00e9vocable, sans effet r\u00e9troactif. Pour r\u00e9voquer ce consentement, l'utilisateur peut s'adresser au d\u00e9l\u00e9gu\u00e9 \u00e0 la protection des donn\u00e9es par le biais des canaux \u00e9tablis au point 1 de la pr\u00e9sente politique.<\/p>\n<h3>9. N\u00e9cessit\u00e9 des donn\u00e9es demand\u00e9es<\/h3>\n<p>Les donn\u00e9es collect\u00e9es par les entit\u00e9s du Grupo Recoletas dans les diff\u00e9rents formulaires de ses pages Web sont n\u00e9cessaires pour atteindre les objectifs exprim\u00e9s.<\/p>\n<p>Par cons\u00e9quent, si l'utilisateur ne les fournit pas, les entit\u00e9s du groupe Recoletas ne seront pas en mesure de traiter la demande.<\/p>\n<h3>10. D\u00e9cisions automatis\u00e9es<\/h3>\n<p>Les entit\u00e9s du Grupo Recoletas pourront \u00e9tablir des profils d'utilisateur qui permettront d'adopter des d\u00e9cisions automatis\u00e9es sur la base des informations saisies par les utilisateurs dans les diff\u00e9rents formulaires, afin de vous envoyer les communications commerciales que vous avez demand\u00e9es et qui sont adapt\u00e9es \u00e0 vos caract\u00e9ristiques. Dans ces cas, l'utilisateur aura le droit d'obtenir une intervention humaine dans la d\u00e9cision, d'exprimer son point de vue et de contester la d\u00e9cision prise par les entit\u00e9s du groupe Recoletas.<\/p>\n<h3>11. Mesures de protection des donn\u00e9es \u00e0 caract\u00e8re personnel<\/h3>\n<p>Les entit\u00e9s du groupe Recoletas prennent les mesures techniques et organisationnelles appropri\u00e9es pour assurer un niveau de s\u00e9curit\u00e9 adapt\u00e9 au risque pr\u00e9sent\u00e9 par le traitement des donn\u00e9es, notamment en cas de destruction accidentelle ou illicite, de perte ou d'alt\u00e9ration des donn\u00e9es \u00e0 caract\u00e8re personnel transmises, conserv\u00e9es ou trait\u00e9es, ou en cas de communication ou d'acc\u00e8s non autoris\u00e9 \u00e0 ces donn\u00e9es.<\/p>\n<h3>12. Protection des donn\u00e9es dans les diff\u00e9rents moyens de contact<\/h3>\n<p>Conform\u00e9ment \u00e0 la l\u00e9gislation en vigueur en mati\u00e8re de protection des donn\u00e9es \u00e0 caract\u00e8re personnel, l'int\u00e9ress\u00e9 est inform\u00e9 que les donn\u00e9es fournies par lui ou par son tuteur par l'un des moyens suivants :<\/p>\n<ul>\n<li>T\u00e9l\u00e9phonez \u00e0 l'un de nos h\u00f4pitaux ou centres pour prendre rendez-vous<\/li>\n<li>Envoyez votre CV par l'interm\u00e9diaire de la section \"travailler avec nous\".<\/li>\n<li>Envoi de courriels via la section \"contact<\/li>\n<\/ul>\n<p>Elles seront trait\u00e9es par le GROUPE RECOLETAS en tant que responsable du traitement et la pr\u00e9sente politique de confidentialit\u00e9 leur sera appliqu\u00e9e en termes de finalit\u00e9s, de communication des donn\u00e9es, d'exercice des droits...<\/p>\n<p>[\/et_pb_text][\/et_pb_column][\/et_pb_row][\/et_pb_section]<\/p>","protected":false},"excerpt":{"rendered":"<p>GDPR Pol\u00edtica de privacidadEs compromiso de Grupo Recoletas el respeto de la privacidad de los usuarios y la protecci\u00f3n y seguridad de sus datos personales. Por ello, se informa al usuario sobre la forma en que las entidades de Grupo Recoletas que figuran en www.gruporecoletas.com (apartado \u201cnuestros centros\u201d) recaban, tratan y protegen los datos de [&hellip;]<\/p>","protected":false},"author":1,"featured_media":0,"parent":0,"menu_order":0,"comment_status":"closed","ping_status":"closed","template":"","meta":{"_et_pb_use_builder":"on","_et_pb_old_content":"","_et_gb_content_width":"","footnotes":""},"class_list":["post-285477","page","type-page","status-publish","hentry"],"yoast_head":"<!-- This site is optimized with the Yoast SEO plugin v26.1.1 - https:\/\/yoast.com\/wordpress\/plugins\/seo\/ -->\n<title>Pol\u00edtica de privacidad - Hospital Marbella<\/title>\n<meta name=\"description\" content=\"Protegemos tus datos personales con total transparencia. Usamos y resguardamos tu informaci\u00f3n de acuerdo con la normativa vigente\" \/>\n<meta name=\"robots\" content=\"noindex, follow\" \/>\n<meta property=\"og:locale\" content=\"fr_FR\" \/>\n<meta property=\"og:type\" content=\"article\" \/>\n<meta property=\"og:title\" content=\"Pol\u00edtica de privacidad - Hospital Marbella\" \/>\n<meta property=\"og:description\" content=\"Protegemos tus datos personales con total transparencia. Usamos y resguardamos tu informaci\u00f3n de acuerdo con la normativa vigente\" \/>\n<meta property=\"og:url\" content=\"https:\/\/recoletasmarbella.com\/fr\/politique-de-confidentialite\/\" \/>\n<meta property=\"og:site_name\" content=\"Hospital Marbella\" \/>\n<meta property=\"article:publisher\" content=\"https:\/\/www.facebook.com\/people\/Recoletas-Salud-Marbella\/61573653462220\/\" \/>\n<meta property=\"article:modified_time\" content=\"2025-06-30T17:06:03+00:00\" \/>\n<meta name=\"twitter:card\" content=\"summary_large_image\" \/>\n<meta name=\"twitter:label1\" content=\"Dur\u00e9e de lecture estim\u00e9e\" \/>\n\t<meta name=\"twitter:data1\" content=\"6 minutes\" \/>\n<script type=\"application\/ld+json\" class=\"yoast-schema-graph\">{\"@context\":\"https:\/\/schema.org\",\"@graph\":[{\"@type\":\"WebPage\",\"@id\":\"https:\/\/recoletasmarbella.com\/es\/politica-de-privacidad\/\",\"url\":\"https:\/\/recoletasmarbella.com\/es\/politica-de-privacidad\/\",\"name\":\"Pol\u00edtica de privacidad - Hospital Marbella\",\"isPartOf\":{\"@id\":\"https:\/\/recoletasmarbella.com\/es\/#website\"},\"datePublished\":\"2025-03-03T14:55:19+00:00\",\"dateModified\":\"2025-06-30T17:06:03+00:00\",\"description\":\"Protegemos tus datos personales con total transparencia. Usamos y resguardamos tu informaci\u00f3n de acuerdo con la normativa vigente\",\"breadcrumb\":{\"@id\":\"https:\/\/recoletasmarbella.com\/es\/politica-de-privacidad\/#breadcrumb\"},\"inLanguage\":\"fr-FR\",\"potentialAction\":[{\"@type\":\"ReadAction\",\"target\":[\"https:\/\/recoletasmarbella.com\/es\/politica-de-privacidad\/\"]}]},{\"@type\":\"BreadcrumbList\",\"@id\":\"https:\/\/recoletasmarbella.com\/es\/politica-de-privacidad\/#breadcrumb\",\"itemListElement\":[{\"@type\":\"ListItem\",\"position\":1,\"name\":\"Portada\",\"item\":\"https:\/\/recoletasmarbella.com\/es\/\"},{\"@type\":\"ListItem\",\"position\":2,\"name\":\"Pol\u00edtica de privacidad\"}]},{\"@type\":\"WebSite\",\"@id\":\"https:\/\/recoletasmarbella.com\/es\/#website\",\"url\":\"https:\/\/recoletasmarbella.com\/es\/\",\"name\":\"Hospital Recoletas Salud Marbella\",\"description\":\"Recoletas Salud\",\"publisher\":{\"@id\":\"https:\/\/recoletasmarbella.com\/es\/#organization\"},\"potentialAction\":[{\"@type\":\"SearchAction\",\"target\":{\"@type\":\"EntryPoint\",\"urlTemplate\":\"https:\/\/recoletasmarbella.com\/es\/?s={search_term_string}\"},\"query-input\":{\"@type\":\"PropertyValueSpecification\",\"valueRequired\":true,\"valueName\":\"search_term_string\"}}],\"inLanguage\":\"fr-FR\"},{\"@type\":\"Organization\",\"@id\":\"https:\/\/recoletasmarbella.com\/es\/#organization\",\"name\":\"Grupo Recoletas\",\"url\":\"https:\/\/recoletasmarbella.com\/es\/\",\"logo\":{\"@type\":\"ImageObject\",\"inLanguage\":\"fr-FR\",\"@id\":\"https:\/\/recoletasmarbella.com\/es\/#\/schema\/logo\/image\/\",\"url\":\"http:\/\/recoletasmarbella.com\/wp-content\/uploads\/2025\/01\/logo-v-hospital-marbella-1.png\",\"contentUrl\":\"http:\/\/recoletasmarbella.com\/wp-content\/uploads\/2025\/01\/logo-v-hospital-marbella-1.png\",\"width\":216,\"height\":164,\"caption\":\"Grupo Recoletas\"},\"image\":{\"@id\":\"https:\/\/recoletasmarbella.com\/es\/#\/schema\/logo\/image\/\"},\"sameAs\":[\"https:\/\/www.facebook.com\/people\/Recoletas-Salud-Marbella\/61573653462220\/\",\"https:\/\/www.instagram.com\/recoletassaludmarbella\/\",\"https:\/\/www.linkedin.com\/company\/recoletas-salud-marbella\",\"https:\/\/www.youtube.com\/@recoletassalud\"]}]}<\/script>\n<!-- \/ Yoast SEO plugin. -->","yoast_head_json":{"title":"Politique de confidentialit\u00e9 - Hospital Marbella","description":"Nous prot\u00e9geons vos donn\u00e9es personnelles en toute transparence. Nous utilisons et sauvegardons vos informations conform\u00e9ment \u00e0 la r\u00e9glementation en vigueur.","robots":{"index":"noindex","follow":"follow"},"og_locale":"fr_FR","og_type":"article","og_title":"Pol\u00edtica de privacidad - Hospital Marbella","og_description":"Protegemos tus datos personales con total transparencia. Usamos y resguardamos tu informaci\u00f3n de acuerdo con la normativa vigente","og_url":"https:\/\/recoletasmarbella.com\/fr\/politique-de-confidentialite\/","og_site_name":"Hospital Marbella","article_publisher":"https:\/\/www.facebook.com\/people\/Recoletas-Salud-Marbella\/61573653462220\/","article_modified_time":"2025-06-30T17:06:03+00:00","twitter_card":"summary_large_image","twitter_misc":{"Dur\u00e9e de lecture estim\u00e9e":"6 minutes"},"schema":{"@context":"https:\/\/schema.org","@graph":[{"@type":"WebPage","@id":"https:\/\/recoletasmarbella.com\/es\/politica-de-privacidad\/","url":"https:\/\/recoletasmarbella.com\/es\/politica-de-privacidad\/","name":"Politique de confidentialit\u00e9 - Hospital Marbella","isPartOf":{"@id":"https:\/\/recoletasmarbella.com\/es\/#website"},"datePublished":"2025-03-03T14:55:19+00:00","dateModified":"2025-06-30T17:06:03+00:00","description":"Nous prot\u00e9geons vos donn\u00e9es personnelles en toute transparence. Nous utilisons et sauvegardons vos informations conform\u00e9ment \u00e0 la r\u00e9glementation en vigueur.","breadcrumb":{"@id":"https:\/\/recoletasmarbella.com\/es\/politica-de-privacidad\/#breadcrumb"},"inLanguage":"fr-FR","potentialAction":[{"@type":"ReadAction","target":["https:\/\/recoletasmarbella.com\/es\/politica-de-privacidad\/"]}]},{"@type":"BreadcrumbList","@id":"https:\/\/recoletasmarbella.com\/es\/politica-de-privacidad\/#breadcrumb","itemListElement":[{"@type":"ListItem","position":1,"name":"Portada","item":"https:\/\/recoletasmarbella.com\/es\/"},{"@type":"ListItem","position":2,"name":"Pol\u00edtica de privacidad"}]},{"@type":"WebSite","@id":"https:\/\/recoletasmarbella.com\/es\/#website","url":"https:\/\/recoletasmarbella.com\/es\/","name":"L'h\u00f4pital Recoletas Salud Marbella","description":"de recoletas salud","publisher":{"@id":"https:\/\/recoletasmarbella.com\/es\/#organization"},"potentialAction":[{"@type":"SearchAction","target":{"@type":"EntryPoint","urlTemplate":"https:\/\/recoletasmarbella.com\/es\/?s={search_term_string}"},"query-input":{"@type":"PropertyValueSpecification","valueRequired":true,"valueName":"search_term_string"}}],"inLanguage":"fr-FR"},{"@type":"Organization","@id":"https:\/\/recoletasmarbella.com\/es\/#organization","name":"Groupe Recoletas","url":"https:\/\/recoletasmarbella.com\/es\/","logo":{"@type":"ImageObject","inLanguage":"fr-FR","@id":"https:\/\/recoletasmarbella.com\/es\/#\/schema\/logo\/image\/","url":"http:\/\/recoletasmarbella.com\/wp-content\/uploads\/2025\/01\/logo-v-hospital-marbella-1.png","contentUrl":"http:\/\/recoletasmarbella.com\/wp-content\/uploads\/2025\/01\/logo-v-hospital-marbella-1.png","width":216,"height":164,"caption":"Grupo Recoletas"},"image":{"@id":"https:\/\/recoletasmarbella.com\/es\/#\/schema\/logo\/image\/"},"sameAs":["https:\/\/www.facebook.com\/people\/Recoletas-Salud-Marbella\/61573653462220\/","https:\/\/www.instagram.com\/recoletassaludmarbella\/","https:\/\/www.linkedin.com\/company\/recoletas-salud-marbella","https:\/\/www.youtube.com\/@recoletassalud"]}]}},"_links":{"self":[{"href":"https:\/\/recoletasmarbella.com\/fr\/wp-json\/wp\/v2\/pages\/285477","targetHints":{"allow":["GET"]}}],"collection":[{"href":"https:\/\/recoletasmarbella.com\/fr\/wp-json\/wp\/v2\/pages"}],"about":[{"href":"https:\/\/recoletasmarbella.com\/fr\/wp-json\/wp\/v2\/types\/page"}],"author":[{"embeddable":true,"href":"https:\/\/recoletasmarbella.com\/fr\/wp-json\/wp\/v2\/users\/1"}],"replies":[{"embeddable":true,"href":"https:\/\/recoletasmarbella.com\/fr\/wp-json\/wp\/v2\/comments?post=285477"}],"version-history":[{"count":13,"href":"https:\/\/recoletasmarbella.com\/fr\/wp-json\/wp\/v2\/pages\/285477\/revisions"}],"predecessor-version":[{"id":291808,"href":"https:\/\/recoletasmarbella.com\/fr\/wp-json\/wp\/v2\/pages\/285477\/revisions\/291808"}],"wp:attachment":[{"href":"https:\/\/recoletasmarbella.com\/fr\/wp-json\/wp\/v2\/media?parent=285477"}],"curies":[{"name":"wp","href":"https:\/\/api.w.org\/{rel}","templated":true}]}}