{"id":285969,"date":"2025-03-05T14:45:56","date_gmt":"2025-03-05T14:45:56","guid":{"rendered":"https:\/\/recoletasmarbella.com\/?page_id=285969"},"modified":"2026-04-08T08:52:43","modified_gmt":"2026-04-08T08:52:43","slug":"medecine-esthetique","status":"publish","type":"page","link":"https:\/\/recoletasmarbella.com\/fr\/medecine-esthetique\/","title":{"rendered":"M\u00e9decine esth\u00e9tique"},"content":{"rendered":"<p>[et_pb_section fb_built=\u00bb1&#8243; disabled_on=\u00bboff|off|off\u00bb admin_label=\u00bbtop\u00bb _builder_version=\u00bb4.27.4&#8243; _module_preset=\u00bbc75156c4-775b-4cd8-8dc3-5148a08f45a2&#8243; background_image=\u00bbhttps:\/\/recoletasmarbella.com\/wp-content\/uploads\/2025\/06\/medicina-estetica-top.png\u00bb background_position=\u00bbbottom_center\u00bb custom_margin_tablet=\u00bb\u00bb custom_margin_phone=\u00bb\u00bb custom_margin_last_edited=\u00bbon|tablet\u00bb custom_padding=\u00bb228px||381px||false|false\u00bb filter_saturate=\u00bb123%\u00bb animation_style=\u00bbnone\u00bb background_color_phone=\u00bbRGBA(255,255,255,0)\u00bb background_last_edited=\u00bbon|tablet\u00bb background_enable_color_phone=\u00bbon\u00bb use_background_color_gradient_phone=\u00bboff\u00bb background_image_tablet=\u00bbhttps:\/\/recoletasmarbella.com\/wp-content\/uploads\/2025\/03\/medicina-estetica-top.png\u00bb background_image_phone=\u00bbhttps:\/\/recoletasmarbella.com\/wp-content\/uploads\/2025\/03\/banner-specialidades-medicinaestetica-top-mobile2.jpg\u00bb background_enable_image_tablet=\u00bbon\u00bb background_enable_image_phone=\u00bbon\u00bb background_position_tablet=\u00bbbottom_right\u00bb background_horizontal_offset_tablet=\u00bb34%\u00bb background_vertical_offset_tablet=\u00bb-5%\u00bb background_blend_phone=\u00bbnormal\u00bb locked=\u00bboff\u00bb collapsed=\u00bboff\u00bb global_colors_info=\u00bb{}\u00bb][et_pb_row _builder_version=\u00bb4.27.4&#8243; _module_preset=\u00bbdefault\u00bb background_color=\u00bbRGBA(255,255,255,0)\u00bb custom_margin=\u00bb33px|auto|0px|auto|false|false\u00bb custom_padding=\u00bb0px|||||\u00bb animation_style=\u00bbfade\u00bb global_colors_info=\u00bb{}\u00bb][et_pb_column type=\u00bb4_4&#8243; _builder_version=\u00bb4.27.4&#8243; _module_preset=\u00bbdefault\u00bb custom_padding=\u00bb0px||0px||true|false\u00bb custom_padding_tablet=\u00bb0px||0px||true|false\u00bb custom_padding_phone=\u00bb0px||0px|22px|true|false\u00bb custom_padding_last_edited=\u00bbon|phone\u00bb scroll_vertical_motion_enable=\u00bboff\u00bb border_width_left=\u00bb2px\u00bb border_color_left=\u00bb#FFFFFF\u00bb border_width_left_tablet=\u00bb2px\u00bb border_width_left_phone=\u00bb2px\u00bb border_width_left_last_edited=\u00bbon|desktop\u00bb border_color_left_tablet=\u00bb#FFFFFF\u00bb border_color_left_phone=\u00bb#617179&#8243; border_color_left_last_edited=\u00bbon|tablet\u00bb global_colors_info=\u00bb{}\u00bb][et_pb_text content_tablet=\u00bb<\/p>\n<h3 class=\"%22p1%22\">Sp\u00e9cialit\u00e9s<\/h3>\n<h1>M\u00e9decine<br \/>Esth\u00e9tique<\/h1>\n<p>\"content_phone=\"<\/p>\n<h3 class=\"%22p1%22\">Sp\u00e9cialit\u00e9s<\/h3>\n<h1>M\u00e9decine<br \/>Esth\u00e9tique<\/h1>\n<p>\u00bb content_last_edited=\u00bbon|phone\u00bb admin_label=\u00bbTexto\u00bb _builder_version=\u00bb4.27.4&#8243; _module_preset=\u00bbff347454-283e-426a-9660-28afbe1b5f05&#8243; header_font=\u00bb&#8211;et_global_heading_font|||on|||||\u00bb header_2_text_color=\u00bb#FFFFFF\u00bb header_3_text_color=\u00bb#FFFFFF\u00bb header_4_text_color=\u00bb#dcccdd\u00bb header_4_font_size=\u00bb21px\u00bb header_5_text_color=\u00bb#cc70bc\u00bb max_width_tablet=\u00bb379px\u00bb max_width_phone=\u00bb266px\u00bb max_width_last_edited=\u00bboff|desktop\u00bb custom_margin=\u00bb0px||0px||false|false\u00bb custom_margin_tablet=\u00bb|||30px|false|false\u00bb custom_margin_phone=\u00bb|||0px|false|false\u00bb custom_margin_last_edited=\u00bbon|phone\u00bb custom_padding=\u00bb0px|30px|0px|30px|false|true\u00bb animation_style=\u00bbfade\u00bb header_text_color_tablet=\u00bb#FFFFFF\u00bb header_text_color_phone=\u00bb#5A636A\u00bb header_text_color_last_edited=\u00bbon|tablet\u00bb header_font_size_tablet=\u00bb29px\u00bb header_font_size_phone=\u00bb29px\u00bb header_font_size_last_edited=\u00bbon|phone\u00bb header_2_text_color_tablet=\u00bb#FFFFFF\u00bb header_2_text_color_phone=\u00bb#617179&#8243; header_2_text_color_last_edited=\u00bbon|tablet\u00bb header_2_font_size_tablet=\u00bb35px\u00bb header_2_font_size_phone=\u00bb28px\u00bb header_2_font_size_last_edited=\u00bbon|tablet\u00bb header_3_text_color_tablet=\u00bb#FFFFFF\u00bb header_3_text_color_phone=\u00bb#617179&#8243; header_3_text_color_last_edited=\u00bbon|desktop\u00bb header_3_font_size_tablet=\u00bb13px\u00bb header_3_font_size_phone=\u00bb13px\u00bb header_3_font_size_last_edited=\u00bbon|desktop\u00bb header_3_line_height_tablet=\u00bb1.2em\u00bb header_3_line_height_phone=\u00bb1.2em\u00bb header_3_line_height_last_edited=\u00bbon|tablet\u00bb locked=\u00bboff\u00bb global_colors_info=\u00bb{}\u00bb]<\/p>\n<h3 class=\"p1\">Sp\u00e9cialit\u00e9s<\/h3>\n<h1>M\u00e9decine esth\u00e9tique<\/h1>\n<p>[\/et_pb_text][\/et_pb_column][\/et_pb_row][\/et_pb_section][et_pb_section fb_built=\u00bb1&#8243; disabled_on=\u00bbon|on|off\u00bb admin_label=\u00bbtitular + image\u00bb _builder_version=\u00bb4.27.4&#8243; _module_preset=\u00bbdefault\u00bb background_color=\u00bbRGBA(255,255,255,0)\u00bb custom_margin=\u00bb-154px||0px||false|false\u00bb custom_padding=\u00bb0px|6px|67px||false|false\u00bb bottom_divider_color=\u00bb#F2F2F2&#8243; bottom_divider_flip=\u00bbhorizontal|vertical\u00bb collapsed=\u00bbon\u00bb global_colors_info=\u00bb{}\u00bb][et_pb_row column_structure=\u00bb1_2,1_2&#8243; _builder_version=\u00bb4.27.4&#8243; _module_preset=\u00bbdefault\u00bb background_color=\u00bbRGBA(255,255,255,0)\u00bb custom_margin=\u00bb25px|auto||auto||\u00bb custom_padding=\u00bb2px||5px|||\u00bb border_color_right=\u00bb#C7A3DE\u00bb global_colors_info=\u00bb{}\u00bb][et_pb_column type=\u00bb1_2&#8243; _builder_version=\u00bb4.27.4&#8243; _module_preset=\u00bbdefault\u00bb global_colors_info=\u00bb{}\u00bb][et_pb_image src=\u00bbhttps:\/\/recoletasmarbella.com\/wp-content\/uploads\/2025\/03\/medicinaestetica2-especialidades-recoletas-marbella.jpg\u00bb title_text=\u00bbmedicinaestetica2-especialidades-recoletas-marbella\u00bb _builder_version=\u00bb4.27.4&#8243; _module_preset=\u00bb62b1de79-3228-4fe3-9484-a11650ab637b\u00bb global_colors_info=\u00bb{}\u00bb][\/et_pb_image][\/et_pb_column][et_pb_column type=\u00bb1_2&#8243; _builder_version=\u00bb4.27.4&#8243; _module_preset=\u00bbdefault\u00bb global_colors_info=\u00bb{}\u00bb][et_pb_text _builder_version=\u00bb4.27.4&#8243; _module_preset=\u00bbb20293d3-7e7e-4718-8a41-9d40e20be87b\u00bb header_font=\u00bb|||on|||||\u00bb header_text_align=\u00bbright\u00bb header_text_color=\u00bb#5A636A\u00bb header_line_height=\u00bb0.3em\u00bb header_2_text_align=\u00bbright\u00bb header_2_font_size=\u00bb38px\u00bb header_2_line_height=\u00bb1em\u00bb header_3_text_align=\u00bbright\u00bb header_4_text_align=\u00bbright\u00bb max_width_tablet=\u00bb379px\u00bb max_width_phone=\u00bb266px\u00bb max_width_last_edited=\u00bboff|desktop\u00bb module_alignment=\u00bbright\u00bb custom_margin=\u00bb||0px|-2px|false|false\u00bb custom_padding=\u00bb210px|0px|0px|0px|false|false\u00bb animation_direction=\u00bbright\u00bb scroll_vertical_motion_enable=\u00bbon\u00bb scroll_vertical_motion=\u00bb0|47|47|96|0|0|-0.5&#8243; border_color_right=\u00bb#DCCCDD\u00bb locked=\u00bboff\u00bb global_colors_info=\u00bb{}\u00bb]<\/p>\n<h3 style=\"text-align: right;\">Votre beaut\u00e9 entre les mains d'un expert<\/h3>\n<h2 style=\"text-align: right;\">des traitements m\u00e9dicaux s\u00fbrs, efficaces et personnalis\u00e9s<\/h2>\n<p>[\/et_pb_text][\/et_pb_column][\/et_pb_row][\/et_pb_section][et_pb_section fb_built=\u00bb1&#8243; admin_label=\u00bbtitular + image (Mabile)\u00bb _builder_version=\u00bb4.27.4&#8243; _module_preset=\u00bb62c95c8c-8319-472b-9dd6-30165a584812&#8243; collapsed=\u00bboff\u00bb global_colors_info=\u00bb{}\u00bb][et_pb_row custom_padding_last_edited=\u00bbon|phone\u00bb _builder_version=\u00bb4.27.4&#8243; _module_preset=\u00bbdefault\u00bb background_color=\u00bbRGBA(255,255,255,0)\u00bb height_tablet=\u00bb\u00bb height_phone=\u00bb207px\u00bb height_last_edited=\u00bbon|phone\u00bb custom_margin=\u00bb-2px|auto|34px|auto|false|false\u00bb custom_margin_tablet=\u00bb5px|auto|0px|auto|false|false\u00bb custom_margin_phone=\u00bb||0px||false|false\u00bb custom_margin_last_edited=\u00bbon|phone\u00bb custom_padding=\u00bb2px||5px|||\u00bb custom_padding_tablet=\u00bb0px||0px||false|false\u00bb custom_padding_phone=\u00bb||20px||false|false\u00bb border_color_right=\u00bb#C7A3DE\u00bb global_colors_info=\u00bb{}\u00bb][et_pb_column type=\u00bb4_4&#8243; _builder_version=\u00bb4.27.4&#8243; _module_preset=\u00bbdefault\u00bb global_colors_info=\u00bb{}\u00bb][et_pb_text content_tablet=\u00bb<\/p>\n<h3 style=\"%22text-align:\" left;%22>Votre beaut\u00e9 entre les mains d'un expert<\/h3>\n<h2 style=\"%22text-align:\" left;%22>des traitements m\u00e9dicaux s\u00fbrs, efficaces et personnalis\u00e9s<\/h2>\n<p>\"content_phone=\"<\/p>\n<h3 style=\"%22text-align:\" left;%22>Votre beaut\u00e9 entre les mains d'un expert<\/h3>\n<h2 style=\"%22text-align:\" left;%22>des traitements m\u00e9dicaux s\u00fbrs, efficaces et personnalis\u00e9s<\/h2>\n<p>\u00bb content_last_edited=\u00bbon|tablet\u00bb _builder_version=\u00bb4.27.4&#8243; _module_preset=\u00bbff347454-283e-426a-9660-28afbe1b5f05&#8243; header_font=\u00bb|||on|||||\u00bb header_text_align=\u00bbright\u00bb header_text_color=\u00bb#5A636A\u00bb header_line_height=\u00bb0.3em\u00bb header_2_text_align=\u00bbright\u00bb header_2_letter_spacing=\u00bb0px\u00bb header_3_text_align=\u00bbright\u00bb header_4_font=\u00bb|700||on|||||\u00bb header_4_text_align=\u00bbright\u00bb header_4_font_size=\u00bb14px\u00bb header_4_letter_spacing=\u00bb1px\u00bb width=\u00bb100%\u00bb max_width_tablet=\u00bb379px\u00bb max_width_phone=\u00bb266px\u00bb max_width_last_edited=\u00bboff|desktop\u00bb module_alignment=\u00bbright\u00bb custom_margin=\u00bb||5px|4px|false|false\u00bb custom_margin_tablet=\u00bb-27px|0px|36px|0px|false|false\u00bb custom_margin_phone=\u00bb0px|0px|0px|0px|false|false\u00bb custom_margin_last_edited=\u00bbon|tablet\u00bb custom_padding=\u00bb0px|80px|0px|0px|false|false\u00bb custom_padding_tablet=\u00bb10px|84px|0px|0px|false|false\u00bb custom_padding_phone=\u00bb|0px||0px|false|true\u00bb animation_direction=\u00bbright\u00bb scroll_vertical_motion_enable=\u00bbon\u00bb scroll_vertical_motion=\u00bb0|30|30|86|0|0|-0.5&#8243; header_2_font_tablet=\u00bb&#8211;et_global_heading_font|300||on|||||\u00bb header_2_font_phone=\u00bb&#8211;et_global_heading_font|||on|||||\u00bb header_2_font_last_edited=\u00bbon|tablet\u00bb header_2_font_size_tablet=\u00bb29px\u00bb header_2_font_size_phone=\u00bb28px\u00bb header_2_font_size_last_edited=\u00bbon|phone\u00bb header_2_line_height_tablet=\u00bb1.1em\u00bb header_2_line_height_phone=\u00bb1.1em\u00bb header_2_line_height_last_edited=\u00bbon|tablet\u00bb header_3_line_height_tablet=\u00bb1.4em\u00bb header_3_line_height_phone=\u00bb1.4em\u00bb header_3_line_height_last_edited=\u00bbon|tablet\u00bb scroll_vertical_motion_tablet=\u00bb0|51|51|100|1|0|0&#8243; scroll_vertical_motion_phone=\u00bb0|46|46|63|-0.5|0|0&#8243; scroll_vertical_motion_last_edited=\u00bbon|phone\u00bb border_color_right=\u00bb#DCCCDD\u00bb border_color_left=\u00bbRGBA(255,255,255,0)\u00bb locked=\u00bboff\u00bb global_colors_info=\u00bb{}\u00bb]<\/p>\n<h3 style=\"text-align: left;\">Sant\u00e9, innovation et soins en un seul lieu<\/h3>\n<h2 style=\"text-align: left;\">Prenons soin de vous 24 heures sur 24, avec une qualit\u00e9 et une s\u00e9curit\u00e9 maximales.<\/h2>\n<p>[\/et_pb_text][et_pb_image src=\u00bbhttps:\/\/recoletasmarbella.com\/wp-content\/uploads\/2025\/03\/medicinaestetica2-especialidades-recoletas-marbella.jpg\u00bb title_text=\u00bbmedicinaestetica2-especialidades-recoletas-marbella\u00bb _builder_version=\u00bb4.27.4&#8243; _module_preset=\u00bb62b1de79-3228-4fe3-9484-a11650ab637b\u00bb custom_margin_tablet=\u00bb0px||||false|false\u00bb custom_margin_phone=\u00bb0px||||false|false\u00bb custom_margin_last_edited=\u00bbon|tablet\u00bb custom_padding_tablet=\u00bb40px||||false|false\u00bb custom_padding_phone=\u00bb40px||||false|false\u00bb custom_padding_last_edited=\u00bbon|tablet\u00bb global_colors_info=\u00bb{}\u00bb][\/et_pb_image][\/et_pb_column][\/et_pb_row][\/et_pb_section][et_pb_section fb_built=\u00bb1&#8243; disabled_on=\u00bbon|on|off\u00bb admin_label=\u00bbHeader\u00bb _builder_version=\u00bb4.27.4&#8243; _module_preset=\u00bbdefault\u00bb background_enable_color=\u00bboff\u00bb background_enable_image=\u00bboff\u00bb parallax=\u00bbon\u00bb custom_padding=\u00bb0px||0px|||\u00bb locked=\u00bboff\u00bb collapsed=\u00bboff\u00bb global_colors_info=\u00bb{}\u00bb][et_pb_row column_structure=\u00bb1_2,1_2&#8243; _builder_version=\u00bb4.27.4&#8243; _module_preset=\u00bbdefault\u00bb width_tablet=\u00bb\u00bb width_phone=\u00bb90%\u00bb width_last_edited=\u00bbon|phone\u00bb height=\u00bb840px\u00bb custom_padding=\u00bb||2px|||\u00bb global_colors_info=\u00bb{}\u00bb][et_pb_column type=\u00bb1_2&#8243; _builder_version=\u00bb4.16&#8243; _module_preset=\u00bbdefault\u00bb z_index=\u00bb12&#8243; custom_padding=\u00bb10%||||false|false\u00bb global_colors_info=\u00bb{}\u00bb][et_pb_image src=\u00bbhttps:\/\/recoletasmarbella.com\/wp-content\/uploads\/2025\/03\/medicinaestetica3-especialidades-recoletas-marbella-1.jpg\u00bb title_text=\u00bbmedicinaestetica3-especialidades-recoletas-marbella\u00bb align=\u00bbcenter\u00bb _builder_version=\u00bb4.27.4&#8243; _module_preset=\u00bbdefault\u00bb transform_scale=\u00bb113%|113%\u00bb transform_translate=\u00bb1px|0px\u00bb transform_translate_linked=\u00bboff\u00bb custom_margin=\u00bb-8%|9.45%|40.2%|9.45%|false|true\u00bb filter_saturate=\u00bb152%\u00bb filter_sepia=\u00bb12%\u00bb animation_style=\u00bbfade\u00bb scroll_vertical_motion_enable=\u00bbon\u00bb scroll_vertical_motion=\u00bb0|100|100|100|2|0|0&#8243; border_radii=\u00bbon|15px|15px|15px|15px\u00bb global_colors_info=\u00bb{}\u00bb][\/et_pb_image][et_pb_image src=\u00bbhttps:\/\/recoletasmarbella.com\/wp-content\/uploads\/2025\/02\/event-space-47.png\u00bb title_text=\u00bbevent-space-47&#8243; _builder_version=\u00bb4.27.4&#8243; _module_preset=\u00bbdefault\u00bb positioning=\u00bbabsolute\u00bb position_origin_a=\u00bbtop_center\u00bb width=\u00bb100%\u00bb custom_margin=\u00bb26%||0px||false|false\u00bb filter_hue_rotate=\u00bb307deg\u00bb filter_saturate=\u00bb8%\u00bb filter_brightness=\u00bb174%\u00bb global_colors_info=\u00bb{}\u00bb][\/et_pb_image][et_pb_image src=\u00bbhttps:\/\/recoletasmarbella.com\/wp-content\/uploads\/2025\/02\/event-space-50.png\u00bb title_text=\u00bbevent-space-50&#8243; _builder_version=\u00bb4.27.4&#8243; _module_preset=\u00bbdefault\u00bb positioning=\u00bbabsolute\u00bb position_origin_a=\u00bbbottom_center\u00bb vertical_offset=\u00bb35%\u00bb width=\u00bb100%\u00bb custom_margin=\u00bb||0px||false|false\u00bb filter_hue_rotate=\u00bb336deg\u00bb filter_saturate=\u00bb8%\u00bb filter_brightness=\u00bb174%\u00bb global_colors_info=\u00bb{}\u00bb][\/et_pb_image][et_pb_image src=\u00bbhttps:\/\/recoletasmarbella.com\/wp-content\/uploads\/2025\/02\/event-space-49-1.png\u00bb title_text=\u00bbevent-space-49&#8243; _builder_version=\u00bb4.27.4&#8243; _module_preset=\u00bbdefault\u00bb transform_translate=\u00bb-353px|-167px\u00bb positioning=\u00bbabsolute\u00bb position_origin_a=\u00bbbottom_center\u00bb vertical_offset=\u00bb0%\u00bb z_index=\u00bb-1&#8243; width=\u00bb100%\u00bb filter_hue_rotate=\u00bb336deg\u00bb filter_saturate=\u00bb8%\u00bb filter_brightness=\u00bb174%\u00bb global_colors_info=\u00bb{}\u00bb][\/et_pb_image][\/et_pb_column][et_pb_column type=\u00bb1_2&#8243; _builder_version=\u00bb4.27.4&#8243; _module_preset=\u00bbdefault\u00bb custom_padding=\u00bb|||6%|false|false\u00bb custom_padding_tablet=\u00bb|||0%|false|false\u00bb custom_padding_phone=\u00bb\u00bb custom_padding_last_edited=\u00bbon|tablet\u00bb global_colors_info=\u00bb{}\u00bb][et_pb_image src=\u00bbhttp:\/\/recoletasmarbella.com\/wp-content\/uploads\/2026\/04\/recoletasmarbella2-173-1.jpg\u00bb title_text=\u00bbrecoletasmarbella2-173 (1)\u00bb align=\u00bbright\u00bb align_tablet=\u00bbright\u00bb align_phone=\u00bbcenter\u00bb align_last_edited=\u00bbon|tablet\u00bb _builder_version=\u00bb4.27.4&#8243; _module_preset=\u00bbdefault\u00bb transform_scale=\u00bb130%|130%\u00bb transform_translate=\u00bb-57px|28px\u00bb width=\u00bb80%\u00bb width_tablet=\u00bb60%\u00bb width_phone=\u00bb100%\u00bb width_last_edited=\u00bbon|phone\u00bb filter_saturate=\u00bb114%\u00bb hover_enabled=\u00bb0&#8243; border_radii=\u00bbon|15px|15px|15px|15px\u00bb locked=\u00bboff\u00bb global_colors_info=\u00bb{}\u00bb sticky_enabled=\u00bb0&#8243;][\/et_pb_image][et_pb_text _builder_version=\u00bb4.27.4&#8243; _module_preset=\u00bbff347454-283e-426a-9660-28afbe1b5f05&#8243; text_font=\u00bb&#8211;et_global_heading_font|300|||||||\u00bb max_width_tablet=\u00bb60%\u00bb max_width_phone=\u00bb100%\u00bb max_width_last_edited=\u00bbon|tablet\u00bb module_alignment=\u00bbright\u00bb custom_margin=\u00bb60px|||0px|false|false\u00bb custom_margin_tablet=\u00bb0px||||false|false\u00bb custom_margin_phone=\u00bb\u00bb custom_margin_last_edited=\u00bbon|tablet\u00bb custom_padding=\u00bb115px|0px|||false|false\u00bb text_font_size_tablet=\u00bb15px\u00bb text_font_size_phone=\u00bb14px\u00bb text_font_size_last_edited=\u00bbon|desktop\u00bb text_orientation_last_edited=\u00bboff|tablet\u00bb locked=\u00bboff\u00bb global_colors_info=\u00bb{}\u00bb background_layout__hover_enabled=\u00bboff|desktop\u00bb]<\/p>\n<p class=\"p1\">L' <strong>m\u00e9decine esth\u00e9tique<\/strong> est une sp\u00e9cialit\u00e9 m\u00e9dicale qui se concentre sur le maintien et la restauration de l'esth\u00e9tique, de la sant\u00e9 et de la beaut\u00e9. Elle ne fait pas appel \u00e0 des techniques chirurgicales majeures ou \u00e0 des techniques n\u00e9cessitant une anesth\u00e9sie g\u00e9n\u00e9rale.<\/p>\n<p class=\"p1\">L'objectif de cette sp\u00e9cialit\u00e9 est <strong>d'am\u00e9liorer l'apparence des patients<\/strong> par des interventions peu invasives qui ne n\u00e9cessitent qu'une anesth\u00e9sie locale, car elles se concentrent sur une partie sp\u00e9cifique du corps.<\/p>\n<p>[\/et_pb_text][\/et_pb_column][\/et_pb_row][\/et_pb_section][et_pb_section fb_built=\u00bb1&#8243; custom_padding_last_edited=\u00bbon|tablet\u00bb disabled_on=\u00bboff|off|off\u00bb admin_label=\u00bbHeader\u00bb _builder_version=\u00bb4.27.4&#8243; _module_preset=\u00bbdefault\u00bb background_color=\u00bb#DCCCDD\u00bb use_background_color_gradient=\u00bbon\u00bb background_color_gradient_direction=\u00bb90deg\u00bb background_color_gradient_stops=\u00bb#ffffff 64%|rgba(255,255,255,0) 64%\u00bb background_color_gradient_overlays_image=\u00bbon\u00bb background_image=\u00bbhttps:\/\/recoletasmarbella.com\/wp-content\/uploads\/2025\/03\/recoletasmarbella2-215.1.jpg\u00bb background_position=\u00bbbottom_right\u00bb background_horizontal_offset=\u00bb-6%\u00bb background_repeat=\u00bbspace\u00bb min_height=\u00bb849.3px\u00bb custom_margin=\u00bb||-2px||false|false\u00bb custom_margin_tablet=\u00bb0px||0px||false|false\u00bb custom_margin_phone=\u00bb0px||0px||false|false\u00bb custom_margin_last_edited=\u00bbon|tablet\u00bb custom_padding=\u00bb0vw||6vw||false|false\u00bb custom_padding_tablet=\u00bb0vw||||false|false\u00bb custom_padding_phone=\u00bb13vw||6vw||false|false\u00bb background_color_phone=\u00bb#DCCCDD\u00bb background_last_edited=\u00bbon|phone\u00bb background_enable_color_tablet=\u00bboff\u00bb background_enable_color_phone=\u00bbon\u00bb use_background_color_gradient_tablet=\u00bboff\u00bb background_enable_image_tablet=\u00bboff\u00bb collapsed=\u00bboff\u00bb global_colors_info=\u00bb{}\u00bb][et_pb_row column_structure=\u00bb1_2,1_2&#8243; use_custom_gutter=\u00bbon\u00bb custom_padding_last_edited=\u00bbon|phone\u00bb _builder_version=\u00bb4.27.4&#8243; _module_preset=\u00bbdefault\u00bb z_index=\u00bb1&#8243; custom_margin_tablet=\u00bb\u00bb custom_margin_phone=\u00bb\u00bb custom_margin_last_edited=\u00bbon|phone\u00bb custom_padding=\u00bb0px||0px||true|false\u00bb custom_padding_tablet=\u00bb0px||0px||true|false\u00bb custom_padding_phone=\u00bb25px||25px||true|false\u00bb global_colors_info=\u00bb{}\u00bb][et_pb_column type=\u00bb1_2&#8243; _builder_version=\u00bb4.20.0&#8243; _module_preset=\u00bbdefault\u00bb z_index=\u00bb10&#8243; z_index_tablet=\u00bb2&#8243; z_index_phone=\u00bb2&#8243; z_index_last_edited=\u00bbon|tablet\u00bb global_colors_info=\u00bb{}\u00bb][et_pb_text disabled_on=\u00bboff|off|on\u00bb _builder_version=\u00bb4.27.4&#8243; _module_preset=\u00bbff347454-283e-426a-9660-28afbe1b5f05&#8243; text_font=\u00bb&#8211;et_global_heading_font|300|||||||\u00bb max_width_tablet=\u00bb100%\u00bb max_width_phone=\u00bb100%\u00bb max_width_last_edited=\u00bbon|tablet\u00bb module_alignment=\u00bbright\u00bb custom_margin=\u00bb60px|||0px|false|false\u00bb custom_margin_tablet=\u00bb0px||0px||false|false\u00bb custom_margin_phone=\u00bb\u00bb custom_margin_last_edited=\u00bbon|tablet\u00bb custom_padding=\u00bb0px|0px|0px||false|false\u00bb custom_padding_tablet=\u00bb0px|0px|15px|0px|false|true\u00bb text_font_size_tablet=\u00bb15px\u00bb text_font_size_phone=\u00bb14px\u00bb text_font_size_last_edited=\u00bbon|desktop\u00bb text_orientation_last_edited=\u00bboff|tablet\u00bb locked=\u00bboff\u00bb global_colors_info=\u00bb{}\u00bb background_layout__hover_enabled=\u00bboff|desktop\u00bb]<\/p>\n<p class=\"p1\" style=\"text-align: justify;\">L' <strong>m\u00e9decine esth\u00e9tique<\/strong> est une sp\u00e9cialit\u00e9 m\u00e9dicale qui se concentre sur le maintien et la restauration de l'esth\u00e9tique, de la sant\u00e9 et de la beaut\u00e9. Elle ne fait pas appel \u00e0 des techniques chirurgicales majeures ou \u00e0 des techniques n\u00e9cessitant une anesth\u00e9sie g\u00e9n\u00e9rale.<\/p>\n<p class=\"p1\" style=\"text-align: justify;\">L'objectif de cette sp\u00e9cialit\u00e9 est <strong>d'am\u00e9liorer l'apparence des patients<\/strong> par des interventions peu invasives qui ne n\u00e9cessitent qu'une anesth\u00e9sie locale, car elles se concentrent sur une partie sp\u00e9cifique du corps.<\/p>\n<p>[\/et_pb_text][et_pb_image src=\u00bbhttps:\/\/recoletasmarbella.com\/wp-content\/uploads\/2025\/03\/recoletasmarbella2-173.jpg\u00bb title_text=\u00bbRecoletas Marbella PT.2&#8243; align=\u00bbright\u00bb align_tablet=\u00bbcenter\u00bb align_phone=\u00bbcenter\u00bb align_last_edited=\u00bbon|tablet\u00bb disabled_on=\u00bboff|off|on\u00bb _builder_version=\u00bb4.27.4&#8243; _module_preset=\u00bbdefault\u00bb transform_scale=\u00bb142%|142%\u00bb transform_scale_tablet=\u00bb100%|100%\u00bb transform_scale_phone=\u00bb100%|100%\u00bb transform_scale_last_edited=\u00bbon|tablet\u00bb transform_translate=\u00bb-65px|20px\u00bb transform_translate_tablet=\u00bb0px|0px\u00bb transform_translate_phone=\u00bb0px|0px\u00bb transform_translate_last_edited=\u00bbon|tablet\u00bb transform_translate_linked_tablet=\u00bboff\u00bb transform_rotate_tablet=\u00bb\u00bb transform_rotate_phone=\u00bb\u00bb transform_rotate_last_edited=\u00bbon|tablet\u00bb transform_skew_tablet=\u00bb\u00bb transform_skew_phone=\u00bb\u00bb transform_skew_last_edited=\u00bbon|tablet\u00bb transform_origin_tablet=\u00bb\u00bb transform_origin_phone=\u00bb\u00bb transform_origin_last_edited=\u00bbon|tablet\u00bb transform_styles_last_edited=\u00bbon|tablet\u00bb width=\u00bb80%\u00bb width_tablet=\u00bb100%\u00bb width_phone=\u00bbauto\u00bb width_last_edited=\u00bbon|phone\u00bb module_alignment=\u00bbcenter\u00bb custom_margin_tablet=\u00bb20px||60px||false|false\u00bb custom_margin_phone=\u00bb20px||60px||false|false\u00bb custom_margin_last_edited=\u00bbon|tablet\u00bb custom_padding_tablet=\u00bb0px||0px||false|false\u00bb custom_padding_phone=\u00bb0px||0px||false|false\u00bb custom_padding_last_edited=\u00bbon|tablet\u00bb filter_opacity=\u00bb85%\u00bb animation_style=\u00bbfade\u00bb transform_styles_tablet=\u00bb\u00bb transform_styles_phone=\u00bb\u00bb border_radii=\u00bbon|15px|15px|15px|15px\u00bb locked=\u00bboff\u00bb global_colors_info=\u00bb{}\u00bb][\/et_pb_image][et_pb_text _builder_version=\u00bb4.27.4&#8243; _module_preset=\u00bbff347454-283e-426a-9660-28afbe1b5f05&#8243; text_font=\u00bbMontserrat||||||||\u00bb custom_margin=\u00bb||20px||false|false\u00bb custom_margin_tablet=\u00bb||5px||false|false\u00bb custom_margin_phone=\u00bb||5px||false|false\u00bb custom_margin_last_edited=\u00bbon|tablet\u00bb custom_padding=\u00bb|0px||||\u00bb global_colors_info=\u00bb{}\u00bb]<\/p>\n<h3>Prenez soin de votre peau, r\u00e9v\u00e9lez votre beaut\u00e9<\/h3>\n<p>[\/et_pb_text][et_pb_text _builder_version=\u00bb4.27.4&#8243; _module_preset=\u00bbff347454-283e-426a-9660-28afbe1b5f05&#8243; text_font_size=\u00bb25px\u00bb text_line_height=\u00bb2.2em\u00bb header_font=\u00bb&#8211;et_global_heading_font|||on|||||\u00bb header_text_color=\u00bb#C7A3DE\u00bb header_font_size=\u00bb77px\u00bb header_2_font_size=\u00bb38px\u00bb header_2_line_height=\u00bb1.2em\u00bb width_tablet=\u00bb\u00bb width_phone=\u00bb\u00bb width_last_edited=\u00bbon|tablet\u00bb custom_margin=\u00bb|-45px|32px||false|false\u00bb custom_margin_tablet=\u00bb0px|0px|20px|0px|false|false\u00bb custom_margin_phone=\u00bb0px|0px|12px|0px|false|false\u00bb custom_margin_last_edited=\u00bbon|phone\u00bb custom_padding=\u00bb|0px||||\u00bb custom_padding_tablet=\u00bb0px|0px||0px|false|true\u00bb custom_padding_phone=\u00bb0px|0px||0px|false|true\u00bb header_2_text_color_tablet=\u00bb#FFFFFF\u00bb header_2_text_color_phone=\u00bb#FFFFFF\u00bb header_2_text_color_last_edited=\u00bbon|tablet\u00bb header_2_font_size_tablet=\u00bb38px\u00bb header_2_font_size_phone=\u00bb31px\u00bb header_2_font_size_last_edited=\u00bbon|phone\u00bb header_2_letter_spacing_tablet=\u00bb-1px\u00bb header_2_letter_spacing_phone=\u00bb-1px\u00bb header_2_letter_spacing_last_edited=\u00bbon|tablet\u00bb module_alignment_tablet=\u00bbcenter\u00bb module_alignment_phone=\u00bbcenter\u00bb module_alignment_last_edited=\u00bbon|tablet\u00bb inline_fonts=\u00bbAboreto,Montserrat\u00bb global_colors_info=\u00bb{}\u00bb]<\/p>\n<h2>Red\u00e9couvrez la meilleure version de vous-m\u00eame gr\u00e2ce \u00e0 des traitements innovants<\/h2>\n<p>[\/et_pb_text][et_pb_divider color=\u00bbrgba(0,0,0,0.2)\u00bb divider_weight=\u00bb2px\u00bb _builder_version=\u00bb4.27.4&#8243; _module_preset=\u00bbdefault\u00bb custom_margin=\u00bb|6%|||false|false\u00bb custom_margin_tablet=\u00bb|0%|||false|false\u00bb custom_margin_phone=\u00bb5px|0%|4px||false|false\u00bb custom_margin_last_edited=\u00bbon|tablet\u00bb custom_padding_tablet=\u00bb\u00bb custom_padding_phone=\u00bb||0px||false|false\u00bb custom_padding_last_edited=\u00bbon|phone\u00bb global_colors_info=\u00bb{}\u00bb][\/et_pb_divider][et_pb_text _builder_version=\u00bb4.27.4&#8243; _module_preset=\u00bbff347454-283e-426a-9660-28afbe1b5f05&#8243; text_font=\u00bbMontserrat|300|||||||\u00bb header_font=\u00bb&#8211;et_global_heading_font|300|||||||\u00bb custom_padding=\u00bb|5px||||\u00bb global_colors_info=\u00bb{}\u00bb]<\/p>\n<p class=\"p1\" style=\"text-align: justify;\">Dans notre h\u00f4pital, <strong data-start=\"107\" data-end=\"138\">l'Unit\u00e9 de m\u00e9decine esth\u00e9tique<\/strong> propose les traitements les plus innovants et les plus s\u00fbrs pour le rajeunissement et le bien-\u00eatre de la peau en s'appuyant sur <strong data-start=\"252\" data-end=\"301\">une technologie de pointe et des techniques avanc\u00e9es<\/strong>. Notre \u00e9quipe de sp\u00e9cialistes hautement qualifi\u00e9s con\u00e7oit des <strong data-start=\"365\" data-end=\"390\">plans personnalis\u00e9s<\/strong> pour chaque patient, en privil\u00e9giant le naturel et l'harmonie du visage et du corps.<\/p>\n<p class=\"p1\" style=\"text-align: justify;\">Nous proposons des proc\u00e9dures mini-invasives telles que l'acide hyaluronique, les neuromodulateurs faciaux, la th\u00e9rapie r\u00e9g\u00e9n\u00e9rative avec des facteurs de croissance plaquettaires, des technologies laser de pointe, des peelings m\u00e9dicaux et des traitements de remodelage corporel garantissant <strong data-start=\"718\" data-end=\"763\">des r\u00e9sultats efficaces, s\u00fbrs et d'apparence naturelle<\/strong>. Notre objectif est de sublimer la beaut\u00e9 propre \u00e0 chaque personne, tout en garantissant rigueur m\u00e9dicale et accompagnement exclusif.<\/p>\n<p>[\/et_pb_text][et_pb_image src=\u00bbhttps:\/\/recoletasmarbella.com\/wp-content\/uploads\/2025\/05\/medicinaestetica4-especialidades-recoletas-marbella_mobile.jpg\u00bb alt=\u00bbMedicina est\u00e9tica. Hospital Recoletas Salud Marbella\u00bb title_text=\u00bbMedicina est\u00e9tica. Hospital Recoletas Salud Marbella\u00bb disabled_on=\u00bboff|off|on\u00bb _builder_version=\u00bb4.27.4&#8243; _module_preset=\u00bbdefault\u00bb border_radii=\u00bbon|13px|13px|13px|13px\u00bb global_colors_info=\u00bb{}\u00bb][\/et_pb_image][et_pb_image src=\u00bbhttps:\/\/recoletasmarbella.com\/wp-content\/uploads\/2025\/02\/isotipo-brand-g2rey-hospital-marbella.png\u00bb title_text=\u00bbisotipo-brand-g2rey-hospital-marbella\u00bb disabled_on=\u00bbon|off|off\u00bb _builder_version=\u00bb4.27.4&#8243; _module_preset=\u00bbdefault\u00bb transform_scale=\u00bb107%|107%\u00bb positioning=\u00bbabsolute\u00bb position_origin_a=\u00bbbottom_left\u00bb vertical_offset=\u00bb-5%\u00bb horizontal_offset=\u00bb-15%\u00bb z_index=\u00bb-1&#8243; width=\u00bb76%\u00bb filter_brightness=\u00bb147%\u00bb filter_invert=\u00bb32%\u00bb filter_opacity=\u00bb8%\u00bb scroll_vertical_motion_enable=\u00bbon\u00bb scroll_vertical_motion=\u00bb0|73|73|100|4|0|-4&#8243; global_colors_info=\u00bb{}\u00bb][\/et_pb_image][\/et_pb_column][et_pb_column type=\u00bb1_2&#8243; _builder_version=\u00bb4.20.0&#8243; _module_preset=\u00bbdefault\u00bb global_colors_info=\u00bb{}\u00bb][et_pb_image src=\u00bbhttps:\/\/recoletasmarbella.com\/wp-content\/uploads\/2025\/03\/medicinaestetica4-especialidades-recoletas-marbella-1.jpg\u00bb title_text=\u00bbmedicinaestetica4-especialidades-recoletas-marbella\u00bb align=\u00bbright\u00bb disabled_on=\u00bbon|on|off\u00bb _builder_version=\u00bb4.27.4&#8243; _module_preset=\u00bbdefault\u00bb transform_scale=\u00bb101%|101%\u00bb module_alignment=\u00bbright\u00bb max_height_tablet=\u00bb300px\u00bb max_height_phone=\u00bb300px\u00bb max_height_last_edited=\u00bbon|tablet\u00bb filter_saturate=\u00bb139%\u00bb scroll_vertical_motion_enable=\u00bbon\u00bb scroll_vertical_motion=\u00bb0|38|38|88|1|0.5|0&#8243; border_radii=\u00bbon|15px|15px|15px|15px\u00bb locked=\u00bboff\u00bb global_colors_info=\u00bb{}\u00bb][\/et_pb_image][\/et_pb_column][\/et_pb_row][\/et_pb_section][et_pb_section fb_built=\u00bb1&#8243; custom_padding_last_edited=\u00bbon|tablet\u00bb _builder_version=\u00bb4.27.4&#8243; _module_preset=\u00bbdefault\u00bb custom_margin_tablet=\u00bb\u00bb custom_margin_phone=\u00bb|0px||0px|false|false\u00bb custom_margin_last_edited=\u00bbon|tablet\u00bb custom_padding=\u00bb17px||93px|||\u00bb custom_padding_tablet=\u00bb||30px||false|false\u00bb custom_padding_phone=\u00bb|0px|30px|0px|false|false\u00bb module_alignment_tablet=\u00bb\u00bb module_alignment_phone=\u00bbcenter\u00bb module_alignment_last_edited=\u00bbon|phone\u00bb global_colors_info=\u00bb{}\u00bb][et_pb_row column_structure=\u00bb1_3,1_3,1_3&#8243; use_custom_gutter=\u00bbon\u00bb gutter_width=\u00bb1&#8243; make_equal=\u00bbon\u00bb custom_padding_last_edited=\u00bbon|tablet\u00bb _builder_version=\u00bb4.27.4&#8243; _module_preset=\u00bbdefault\u00bb width=\u00bb83%\u00bb custom_margin_tablet=\u00bb||0px||false|false\u00bb custom_margin_phone=\u00bb|0px|0px|0px|false|false\u00bb custom_margin_last_edited=\u00bbon|tablet\u00bb custom_padding_tablet=\u00bb||0px||false|false\u00bb custom_padding_phone=\u00bb|0px|0px|0px|false|false\u00bb module_alignment_tablet=\u00bb\u00bb module_alignment_phone=\u00bbcenter\u00bb module_alignment_last_edited=\u00bbon|phone\u00bb global_colors_info=\u00bb{}\u00bb][et_pb_column type=\u00bb1_3&#8243; _builder_version=\u00bb4.27.4&#8243; _module_preset=\u00bbdefault\u00bb global_colors_info=\u00bb{}\u00bb][et_pb_image src=\u00bbhttps:\/\/recoletasmarbella.com\/wp-content\/uploads\/2025\/03\/medicinaestetica5-especialidades-recoletas-marbella.jpg\u00bb title_text=\u00bbmedicinaestetica5-especialidades-recoletas-marbella\u00bb _builder_version=\u00bb4.27.4&#8243; _module_preset=\u00bbdefault\u00bb custom_padding=\u00bb|2px||2px|false|true\u00bb border_radii=\u00bbon|15px|15px|15px|15px\u00bb global_colors_info=\u00bb{}\u00bb][\/et_pb_image][et_pb_text _builder_version=\u00bb4.27.4&#8243; _module_preset=\u00bbff347454-283e-426a-9660-28afbe1b5f05&#8243; text_font_size=\u00bb25px\u00bb text_line_height=\u00bb2.2em\u00bb header_font=\u00bb&#8211;et_global_heading_font|||on|||||\u00bb header_text_color=\u00bb#C7A3DE\u00bb header_font_size=\u00bb77px\u00bb header_2_font_size=\u00bb40px\u00bb module_alignment=\u00bbcenter\u00bb custom_margin=\u00bb|-45px|||false|false\u00bb custom_margin_tablet=\u00bb0px|-45px|30px||false|false\u00bb custom_margin_phone=\u00bb0px|0px|30px||false|false\u00bb custom_margin_last_edited=\u00bbon|tablet\u00bb custom_padding=\u00bb27px|0px|||false|false\u00bb custom_padding_tablet=\u00bb15px|0px||0px|false|true\u00bb custom_padding_phone=\u00bb|12px||0px|false|false\u00bb custom_padding_last_edited=\u00bbon|phone\u00bb header_3_text_align_tablet=\u00bb\u00bb header_3_text_align_phone=\u00bbcenter\u00bb header_3_text_align_last_edited=\u00bbon|phone\u00bb module_alignment_tablet=\u00bbcenter\u00bb module_alignment_phone=\u00bbcenter\u00bb module_alignment_last_edited=\u00bbon|phone\u00bb inline_fonts=\u00bbAboreto,Montserrat\u00bb global_colors_info=\u00bb{}\u00bb]<\/p>\n<h3 style=\"text-align: center;\">R\u00e9sultats naturels<\/h3>\n<p>[\/et_pb_text][\/et_pb_column][et_pb_column type=\u00bb1_3&#8243; _builder_version=\u00bb4.27.4&#8243; _module_preset=\u00bbdefault\u00bb global_colors_info=\u00bb{}\u00bb][et_pb_image src=\u00bbhttps:\/\/recoletasmarbella.com\/wp-content\/uploads\/2025\/03\/medicinaestetica6-especialidades-recoletas-marbella.jpg\u00bb title_text=\u00bbmedicinaestetica6-especialidades-recoletas-marbella\u00bb _builder_version=\u00bb4.27.4&#8243; _module_preset=\u00bbdefault\u00bb custom_padding=\u00bb|2px||2px|false|true\u00bb border_radii=\u00bbon|15px|15px|15px|15px\u00bb global_colors_info=\u00bb{}\u00bb][\/et_pb_image][et_pb_text _builder_version=\u00bb4.27.4&#8243; _module_preset=\u00bbff347454-283e-426a-9660-28afbe1b5f05&#8243; text_font_size=\u00bb25px\u00bb text_line_height=\u00bb2.2em\u00bb header_font=\u00bb&#8211;et_global_heading_font|||on|||||\u00bb header_text_color=\u00bb#C7A3DE\u00bb header_font_size=\u00bb77px\u00bb header_2_font_size=\u00bb40px\u00bb module_alignment=\u00bbcenter\u00bb custom_margin=\u00bb|-45px|||false|false\u00bb custom_margin_tablet=\u00bb0px|-45px|30px||false|false\u00bb custom_margin_phone=\u00bb0px|0px|30px||false|false\u00bb custom_margin_last_edited=\u00bbon|tablet\u00bb custom_padding=\u00bb27px|0px|||false|false\u00bb custom_padding_tablet=\u00bb15px|0px|0px|0px|false|true\u00bb custom_padding_phone=\u00bb|12px|||false|false\u00bb header_3_text_align_tablet=\u00bb\u00bb header_3_text_align_phone=\u00bbcenter\u00bb header_3_text_align_last_edited=\u00bbon|phone\u00bb module_alignment_tablet=\u00bbcenter\u00bb module_alignment_phone=\u00bbcenter\u00bb module_alignment_last_edited=\u00bbon|phone\u00bb inline_fonts=\u00bbAboreto,Montserrat\u00bb global_colors_info=\u00bb{}\u00bb]<\/p>\n<h3 style=\"text-align: center;\">R\u00e9sultats efficaces<\/h3>\n<p>[\/et_pb_text][\/et_pb_column][et_pb_column type=\u00bb1_3&#8243; _builder_version=\u00bb4.27.4&#8243; _module_preset=\u00bbdefault\u00bb global_colors_info=\u00bb{}\u00bb][et_pb_image src=\u00bbhttps:\/\/recoletasmarbella.com\/wp-content\/uploads\/2025\/03\/medicinaestetica7-especialidades-recoletas-marbella.jpg\u00bb title_text=\u00bbmedicinaestetica7-especialidades-recoletas-marbella\u00bb _builder_version=\u00bb4.27.4&#8243; _module_preset=\u00bbdefault\u00bb custom_margin_tablet=\u00bb0px||0px||false|false\u00bb custom_margin_phone=\u00bb0px||0px||false|false\u00bb custom_margin_last_edited=\u00bbon|tablet\u00bb custom_padding=\u00bb|2px||2px|false|true\u00bb custom_padding_tablet=\u00bb0px||0px||false|true\u00bb custom_padding_phone=\u00bb0px||0px||false|true\u00bb custom_padding_last_edited=\u00bbon|tablet\u00bb border_radii=\u00bbon|15px|15px|15px|15px\u00bb global_colors_info=\u00bb{}\u00bb][\/et_pb_image][et_pb_text _builder_version=\u00bb4.27.4&#8243; _module_preset=\u00bbff347454-283e-426a-9660-28afbe1b5f05&#8243; text_font_size=\u00bb25px\u00bb text_line_height=\u00bb2.2em\u00bb header_font=\u00bb&#8211;et_global_heading_font|||on|||||\u00bb header_text_color=\u00bb#C7A3DE\u00bb header_font_size=\u00bb77px\u00bb header_2_font_size=\u00bb40px\u00bb module_alignment=\u00bbcenter\u00bb custom_margin=\u00bb|-45px|||false|false\u00bb custom_margin_tablet=\u00bb0px||0px||false|false\u00bb custom_margin_phone=\u00bb0px|0px|0px||false|false\u00bb custom_margin_last_edited=\u00bbon|tablet\u00bb custom_padding=\u00bb27px|0px|||false|false\u00bb custom_padding_tablet=\u00bb15px|0px|0px|0px|false|true\u00bb custom_padding_phone=\u00bb|12px|||false|false\u00bb inline_fonts=\u00bbAboreto,Montserrat\u00bb global_colors_info=\u00bb{}\u00bb]<\/p>\n<h3 style=\"text-align: center;\">Assurance des r\u00e9sultats<\/h3>\n<p>[\/et_pb_text][\/et_pb_column][\/et_pb_row][et_pb_row column_structure=\u00bb1_3,1_3,1_3&#8243; use_custom_gutter=\u00bbon\u00bb gutter_width=\u00bb1&#8243; make_equal=\u00bbon\u00bb custom_padding_last_edited=\u00bbon|phone\u00bb _builder_version=\u00bb4.27.4&#8243; _module_preset=\u00bbdefault\u00bb width=\u00bb83%\u00bb custom_margin_tablet=\u00bb\u00bb custom_margin_phone=\u00bb||0px||false|false\u00bb custom_margin_last_edited=\u00bbon|phone\u00bb custom_padding_tablet=\u00bb\u00bb custom_padding_phone=\u00bb||0px||false|false\u00bb global_colors_info=\u00bb{}\u00bb][et_pb_column type=\u00bb1_3&#8243; _builder_version=\u00bb4.27.4&#8243; _module_preset=\u00bbdefault\u00bb global_colors_info=\u00bb{}\u00bb][et_pb_image src=\u00bbhttps:\/\/recoletasmarbella.com\/wp-content\/uploads\/2025\/03\/medicinaestetica9-especialidades-recoletas-marbella.jpg\u00bb title_text=\u00bbmedicinaestetica9-especialidades-recoletas-marbella\u00bb _builder_version=\u00bb4.27.4&#8243; _module_preset=\u00bbdefault\u00bb custom_padding=\u00bb|2px||2px|false|true\u00bb border_radii=\u00bbon|15px|15px|15px|15px\u00bb global_colors_info=\u00bb{}\u00bb][\/et_pb_image][et_pb_text _builder_version=\u00bb4.27.4&#8243; _module_preset=\u00bbff347454-283e-426a-9660-28afbe1b5f05&#8243; text_font_size=\u00bb25px\u00bb text_line_height=\u00bb2.2em\u00bb header_font=\u00bb&#8211;et_global_heading_font|||on|||||\u00bb header_text_color=\u00bb#C7A3DE\u00bb header_font_size=\u00bb77px\u00bb header_2_font_size=\u00bb40px\u00bb module_alignment=\u00bbcenter\u00bb custom_margin=\u00bb|-45px|||false|false\u00bb custom_margin_tablet=\u00bb0px||30px||false|false\u00bb custom_margin_phone=\u00bb0px|0px|30px||false|false\u00bb custom_margin_last_edited=\u00bbon|tablet\u00bb custom_padding=\u00bb27px|0px|||false|false\u00bb custom_padding_tablet=\u00bb15px|0px|0px|0px|false|true\u00bb custom_padding_phone=\u00bb|12px|||false|false\u00bb inline_fonts=\u00bbAboreto,Montserrat\u00bb global_colors_info=\u00bb{}\u00bb]<\/p>\n<h3 style=\"text-align: center;\">R\u00e9sultats satisfaisants<\/h3>\n<p>[\/et_pb_text][\/et_pb_column][et_pb_column type=\u00bb1_3&#8243; _builder_version=\u00bb4.27.4&#8243; _module_preset=\u00bbdefault\u00bb global_colors_info=\u00bb{}\u00bb][et_pb_image src=\u00bbhttps:\/\/recoletasmarbella.com\/wp-content\/uploads\/2025\/03\/medicinaestetica10-especialidades-recoletas-marbella-1.jpg\u00bb title_text=\u00bbmedicinaestetica10-especialidades-recoletas-marbella\u00bb _builder_version=\u00bb4.27.4&#8243; _module_preset=\u00bbdefault\u00bb custom_padding=\u00bb|2px||2px|false|true\u00bb border_radii=\u00bbon|15px|15px|15px|15px\u00bb global_colors_info=\u00bb{}\u00bb][\/et_pb_image][et_pb_text _builder_version=\u00bb4.27.4&#8243; _module_preset=\u00bbff347454-283e-426a-9660-28afbe1b5f05&#8243; text_font_size=\u00bb25px\u00bb text_line_height=\u00bb2.2em\u00bb header_font=\u00bb&#8211;et_global_heading_font|||on|||||\u00bb header_text_color=\u00bb#C7A3DE\u00bb header_font_size=\u00bb77px\u00bb header_2_font_size=\u00bb40px\u00bb module_alignment=\u00bbcenter\u00bb custom_margin=\u00bb|-45px|||false|false\u00bb custom_margin_tablet=\u00bb0px||30px||false|false\u00bb custom_margin_phone=\u00bb0px|0px|30px||false|false\u00bb custom_margin_last_edited=\u00bbon|tablet\u00bb custom_padding=\u00bb27px|0px|||false|false\u00bb custom_padding_tablet=\u00bb15px|0px|0px|0px|false|true\u00bb custom_padding_phone=\u00bb|12px|||false|false\u00bb inline_fonts=\u00bbAboreto,Montserrat\u00bb global_colors_info=\u00bb{}\u00bb]<\/p>\n<h3 style=\"text-align: center;\">R\u00e9sultats souhait\u00e9s<\/h3>\n<p>[\/et_pb_text][\/et_pb_column][et_pb_column type=\u00bb1_3&#8243; _builder_version=\u00bb4.27.4&#8243; _module_preset=\u00bbdefault\u00bb global_colors_info=\u00bb{}\u00bb][et_pb_image src=\u00bbhttps:\/\/recoletasmarbella.com\/wp-content\/uploads\/2025\/03\/medicinaestetica8-especialidades-recoletas-marbella.jpg\u00bb title_text=\u00bbmedicinaestetica8-especialidades-recoletas-marbella\u00bb _builder_version=\u00bb4.27.4&#8243; _module_preset=\u00bbdefault\u00bb custom_padding=\u00bb|2px||2px|false|true\u00bb border_radii=\u00bbon|15px|15px|15px|15px\u00bb global_colors_info=\u00bb{}\u00bb][\/et_pb_image][et_pb_text _builder_version=\u00bb4.27.4&#8243; _module_preset=\u00bbff347454-283e-426a-9660-28afbe1b5f05&#8243; text_font_size=\u00bb25px\u00bb text_line_height=\u00bb2.2em\u00bb header_font=\u00bb&#8211;et_global_heading_font|||on|||||\u00bb header_text_color=\u00bb#C7A3DE\u00bb header_font_size=\u00bb77px\u00bb header_2_font_size=\u00bb40px\u00bb module_alignment=\u00bbcenter\u00bb custom_margin=\u00bb|-45px|||false|false\u00bb custom_margin_tablet=\u00bb0px|-45px|31px||false|false\u00bb custom_margin_phone=\u00bb0px|0px|31px||false|false\u00bb custom_margin_last_edited=\u00bbon|tablet\u00bb custom_padding=\u00bb27px|0px|||false|false\u00bb custom_padding_tablet=\u00bb15px|0px|0px|0px|false|true\u00bb custom_padding_phone=\u00bb|12px|||false|false\u00bb inline_fonts=\u00bbAboreto,Montserrat\u00bb global_colors_info=\u00bb{}\u00bb]<\/p>\n<h3 style=\"text-align: center;\">R\u00e9sultats visibles<\/h3>\n<p>[\/et_pb_text][\/et_pb_column][\/et_pb_row][\/et_pb_section][et_pb_section fb_built=\u00bb1&#8243; custom_padding_last_edited=\u00bbon|tablet\u00bb admin_label=\u00bbCarrousel Especialidades Footer\u00bb _builder_version=\u00bb4.27.4&#8243; _module_preset=\u00bbf5c4057e-a1bb-4e7e-aeee-e3f81f16a896&#8243; background_color=\u00bb#F2F2F2&#8243; custom_margin=\u00bb0px||0px||true|false\u00bb custom_padding=\u00bb60px||60px||true|false\u00bb custom_padding_tablet=\u00bb50px||50px|0px|true|false\u00bb custom_padding_phone=\u00bb30px||50px||false|false\u00bb global_module=\u00bb286167&#8243; saved_tabs=\u00bball\u00bb locked=\u00bboff\u00bb collapsed=\u00bbon\u00bb global_colors_info=\u00bb%91%93&#8243;][et_pb_row _builder_version=\u00bb4.27.4&#8243; _module_preset=\u00bbdefault\u00bb custom_margin=\u00bb||0px||false|false\u00bb custom_padding=\u00bb||0px||false|false\u00bb global_colors_info=\u00bb{}\u00bb][et_pb_column type=\u00bb4_4&#8243; _builder_version=\u00bb4.27.4&#8243; _module_preset=\u00bbdefault\u00bb global_colors_info=\u00bb{}\u00bb][et_pb_text _builder_version=\u00bb4.27.4&#8243; _module_preset=\u00bbb20293d3-7e7e-4718-8a41-9d40e20be87b\u00bb header_2_font=\u00bb&#8211;et_global_heading_font|800||on|||||\u00bb header_2_font_size=\u00bb30px\u00bb header_2_letter_spacing=\u00bb0px\u00bb header_2_line_height=\u00bb1em\u00bb header_4_text_color=\u00bb#C7A3DE\u00bb width_tablet=\u00bb\u00bb width_phone=\u00bbauto\u00bb width_last_edited=\u00bbon|phone\u00bb max_width=\u00bb379px\u00bb max_width_tablet=\u00bb379px\u00bb max_width_phone=\u00bb100%\u00bb max_width_last_edited=\u00bbon|phone\u00bb module_alignment=\u00bbcenter\u00bb custom_padding=\u00bb|30px||30px|false|true\u00bb header_2_font_size_tablet=\u00bb30px\u00bb header_2_font_size_phone=\u00bb26px\u00bb header_2_font_size_last_edited=\u00bbon|phone\u00bb header_2_letter_spacing_tablet=\u00bb0px\u00bb header_2_letter_spacing_phone=\u00bb0px\u00bb header_2_letter_spacing_last_edited=\u00bbon|desktop\u00bb border_width_right=\u00bb2px\u00bb border_color_right=\u00bb#C7A3DE\u00bb border_width_left=\u00bb2px\u00bb border_color_left=\u00bb#C7A3DE\u00bb locked=\u00bboff\u00bb global_colors_info=\u00bb{}\u00bb]<\/p>\n<h3 style=\"text-align: center;\">sp\u00e9cialit\u00e9s<\/h3>\n<h2 style=\"text-align: center;\" class=\" translation-block\"><span>Comment pouvons-nous vous aider ?<\/h2>\n<p>[\/et_pb_text][dica_divi_carousel loop=\u00bbon\u00bb autoplay=\u00bbon\u00bb hoverpause=\u00bbon\u00bb scroller_effect=\u00bbon\u00bb arrow_nav=\u00bbon\u00bb dot_nav=\u00bbon\u00bb advanced_effect=\u00bb1&#8243; arrow_nav_color=\u00bb#C7A3DE\u00bb arrow_bg_color=\u00bbRGBA(255,255,255,0)\u00bb dots_active_color=\u00bb#C7A3DE\u00bb overlay_color_field_bgcolor=\u00bbrgba(255,255,255,0.85)\u00bb title_background=\u00bbRGBA(255,255,255,0)\u00bb subtitle_background=\u00bbRGBA(255,255,255,0)\u00bb arrow_position=\u00bbmiddle-outside\u00bb arrow_font_size=\u00bb50px\u00bb carousel_container_padding=\u00bb||||false|false\u00bb innercontent_padding=\u00bb||23px||false|false\u00bb innercontent_padding_tablet=\u00bb||25px||false|false\u00bb innercontent_padding_phone=\u00bb\u00bb innercontent_padding_last_edited=\u00bbon|tablet\u00bb _builder_version=\u00bb4.27.4&#8243; _module_preset=\u00bbdefault\u00bb title_font=\u00bb&#8211;et_global_body_font|700||on|||||\u00bb title_text_align=\u00bbcenter\u00bb title_text_color=\u00bb#FFFFFF\u00bb title_font_size=\u00bb14px\u00bb title_letter_spacing=\u00bb1px\u00bb subtitle_text_align=\u00bbcenter\u00bb module_alignment=\u00bbcenter\u00bb custom_margin_tablet=\u00bb0px||0px||false|false\u00bb custom_margin_phone=\u00bb\u00bb custom_margin_last_edited=\u00bbon|tablet\u00bb custom_padding_tablet=\u00bb0px||0px||false|false\u00bb custom_padding_phone=\u00bb\u00bb custom_padding_last_edited=\u00bbon|tablet\u00bb global_colors_info=\u00bb{}\u00bb][dica_divi_carouselitem title=\u00bbAnestesia y cuidados intensivos\u00bb button_url_new_window=\u00bb1&#8243; image_position=\u00bbimage_under_title\u00bb rating_alignment=\u00bbcenter\u00bb image_padding=\u00bb||||false|false\u00bb content_padding=\u00bb205px|18px|28px|18px|false|true\u00bb content_padding_tablet=\u00bb\u00bb content_padding_phone=\u00bb\u00bb content_padding_last_edited=\u00bbon|tablet\u00bb button_margin=\u00bb||||false|false\u00bb button_padding=\u00bb||||false|false\u00bb _builder_version=\u00bb4.27.4&#8243; _dynamic_attributes=\u00bblink_option_url\u00bb _module_preset=\u00bbdefault\u00bb header_level=\u00bbh3&#8243; header_font=\u00bb&#8211;et_global_heading_font|||on|||||\u00bb header_text_align=\u00bbcenter\u00bb header_line_height=\u00bb1.1em\u00bb subtitle_text_align=\u00bbcenter\u00bb body_text_align=\u00bbcenter\u00bb background_enable_color=\u00bboff\u00bb use_background_color_gradient=\u00bbon\u00bb background_color_gradient_direction=\u00bb360deg\u00bb background_color_gradient_stops=\u00bbrgba(90,99,106,0.86) 17%|rgba(255,255,255,0) 40%|rgba(255, 255, 255, 0) 57%\u00bb background_image=\u00bbhttps:\/\/recoletasmarbella.com\/wp-content\/uploads\/2025\/03\/recoletas_marbella_anestesia-4.jpg\u00bb background_enable_image=\u00bbon\u00bb background_blend=\u00bbmultiply\u00bb button_alignment=\u00bbcenter\u00bb filter_saturate=\u00bb133%\u00bb filter_brightness=\u00bb107%\u00bb filter_sepia=\u00bb1%\u00bb link_option_url=\u00bb@ET-DC@eyJkeW5hbWljIjp0cnVlLCJjb250ZW50IjoicG9zdF9saW5rX3VybF9wYWdlIiwic2V0dGluZ3MiOnsicG9zdF9pZCI6IjI4MzY0NCJ9fQ==@\u00bb border_radii_item=\u00bbon|13px|13px|13px|13px\u00bb global_colors_info=\u00bb{}\u00bb][\/dica_divi_carouselitem][dica_divi_carouselitem title=\u00bbCARDIOLOG\u00cdA \u00bb field_enable_content_limit=\u00bboff\u00bb button_url_new_window=\u00bb1&#8243; image_position=\u00bbimage_under_title\u00bb rating_alignment=\u00bbcenter\u00bb image_padding=\u00bb||||false|false\u00bb content_padding=\u00bb205px|18px|44px|18px|false|true\u00bb content_padding_tablet=\u00bb||44px||false|true\u00bb content_padding_phone=\u00bb\u00bb content_padding_last_edited=\u00bbon|tablet\u00bb button_margin=\u00bb||||false|false\u00bb button_padding=\u00bb||||false|false\u00bb custom_padding=\u00bb||||false|false\u00bb custom_padding_tablet=\u00bb||15px||false|false\u00bb custom_padding_phone=\u00bb\u00bb custom_padding_last_edited=\u00bbon|tablet\u00bb _builder_version=\u00bb4.27.4&#8243; _dynamic_attributes=\u00bblink_option_url\u00bb _module_preset=\u00bbdefault\u00bb header_font=\u00bb&#8211;et_global_heading_font|||on|||||\u00bb header_text_align=\u00bbcenter\u00bb header_text_color=\u00bb#FFFFFF\u00bb header_line_height=\u00bb1em\u00bb background_enable_color=\u00bboff\u00bb use_background_color_gradient=\u00bbon\u00bb background_color_gradient_direction=\u00bb360deg\u00bb background_color_gradient_stops=\u00bbrgba(90,99,106,0.86) 16%|rgba(255,255,255,0) 46%\u00bb background_image=\u00bbhttps:\/\/recoletasmarbella.com\/wp-content\/uploads\/2025\/03\/recoletas_marbella_cardiologia-3.jpg\u00bb background_enable_image=\u00bbon\u00bb background_blend=\u00bbmultiply\u00bb child_filter_brightness=\u00bb0%\u00bb link_option_url=\u00bb@ET-DC@eyJkeW5hbWljIjp0cnVlLCJjb250ZW50IjoicG9zdF9saW5rX3VybF9wYWdlIiwic2V0dGluZ3MiOnsicG9zdF9pZCI6IjI4NTg4OCJ9fQ==@\u00bb header_text_align_tablet=\u00bbcenter\u00bb header_text_align_last_edited=\u00bboff|tablet\u00bb header_text_color_tablet=\u00bb\u00bb header_text_color_phone=\u00bb\u00bb header_text_color_last_edited=\u00bbon|tablet\u00bb border_radii_item=\u00bbon|13px|13px|13px|13px\u00bb global_colors_info=\u00bb{}\u00bb][\/dica_divi_carouselitem][dica_divi_carouselitem title=\u00bbCIRUG\u00cdA GENERAL Y DIGESTIVA\u00bb button_url_new_window=\u00bb1&#8243; image_position=\u00bbimage_under_title\u00bb image_padding=\u00bb||||false|false\u00bb content_padding=\u00bb205px|18px|44px|18px|false|true\u00bb content_padding_tablet=\u00bb205px|18px|28px|18px|false|true\u00bb content_padding_phone=\u00bb\u00bb content_padding_last_edited=\u00bbon|tablet\u00bb button_margin=\u00bb||||false|false\u00bb button_padding=\u00bb||||false|false\u00bb _builder_version=\u00bb4.27.4&#8243; _dynamic_attributes=\u00bblink_option_url\u00bb _module_preset=\u00bbdefault\u00bb header_line_height=\u00bb1.1em\u00bb background_enable_color=\u00bboff\u00bb use_background_color_gradient=\u00bbon\u00bb background_color_gradient_direction=\u00bb360deg\u00bb background_color_gradient_stops=\u00bbrgba(90,99,106,0.86) 14%|rgba(255,255,255,0) 43%\u00bb background_image=\u00bbhttps:\/\/recoletasmarbella.com\/wp-content\/uploads\/2025\/03\/recoletas_marbella_cirugia_digestiva.jpg\u00bb background_enable_image=\u00bbon\u00bb background_blend=\u00bbmultiply\u00bb filter_saturate=\u00bb116%\u00bb filter_sepia=\u00bb4%\u00bb link_option_url=\u00bb@ET-DC@eyJkeW5hbWljIjp0cnVlLCJjb250ZW50IjoicG9zdF9saW5rX3VybF9wYWdlIiwic2V0dGluZ3MiOnsicG9zdF9pZCI6IjI4NTk0NSJ9fQ==@\u00bb border_radii_item=\u00bbon|13px|13px|13px|13px\u00bb global_colors_info=\u00bb{}\u00bb][\/dica_divi_carouselitem][dica_divi_carouselitem title=\u00bbCirug\u00eda Pl\u00e1stica y Est\u00e9tica\u00bb button_url_new_window=\u00bb1&#8243; image_position=\u00bbimage_under_title\u00bb image_padding=\u00bb||||false|false\u00bb content_padding=\u00bb205px|18px|44px|18px|false|true\u00bb button_margin=\u00bb||||false|false\u00bb button_padding=\u00bb||||false|false\u00bb _builder_version=\u00bb4.27.4&#8243; _dynamic_attributes=\u00bblink_option_url\u00bb _module_preset=\u00bbdefault\u00bb header_line_height=\u00bb1.1em\u00bb background_enable_color=\u00bboff\u00bb use_background_color_gradient=\u00bbon\u00bb background_color_gradient_direction=\u00bb360deg\u00bb background_color_gradient_stops=\u00bbrgba(90,99,106,0.86) 15%|rgba(255,255,255,0) 45%\u00bb background_image=\u00bbhttps:\/\/recoletasmarbella.com\/wp-content\/uploads\/2025\/03\/recoletas_marbella_cirugia-plastica-3.jpg\u00bb background_enable_image=\u00bbon\u00bb background_blend=\u00bbmultiply\u00bb filter_saturate=\u00bb113%\u00bb filter_brightness=\u00bb101%\u00bb link_option_url=\u00bb@ET-DC@eyJkeW5hbWljIjp0cnVlLCJjb250ZW50IjoicG9zdF9saW5rX3VybF9wYWdlIiwic2V0dGluZ3MiOnsicG9zdF9pZCI6IjI4NDkwNiJ9fQ==@\u00bb border_radii_item=\u00bbon|13px|13px|13px|13px\u00bb global_colors_info=\u00bb{}\u00bb][\/dica_divi_carouselitem][dica_divi_carouselitem title=\u00bbGinecolog\u00eda y Obstetricia\u00bb button_url_new_window=\u00bb1&#8243; image_position=\u00bbimage_under_title\u00bb image_padding=\u00bb||||false|false\u00bb content_padding=\u00bb205px|18px|44px|18px|false|true\u00bb button_margin=\u00bb||||false|false\u00bb button_padding=\u00bb||||false|false\u00bb _builder_version=\u00bb4.27.4&#8243; _dynamic_attributes=\u00bblink_option_url\u00bb _module_preset=\u00bbdefault\u00bb header_line_height=\u00bb1.1em\u00bb background_enable_color=\u00bboff\u00bb use_background_color_gradient=\u00bbon\u00bb background_color_gradient_direction=\u00bb355deg\u00bb background_color_gradient_stops=\u00bb#5a636a 4%|rgba(255,255,255,0) 33%\u00bb background_image=\u00bbhttps:\/\/recoletasmarbella.com\/wp-content\/uploads\/2025\/03\/especialidades_ginecologia-hospital-recoletas-salud-marbella-2.jpg\u00bb background_enable_image=\u00bbon\u00bb background_blend=\u00bbmultiply\u00bb filter_brightness=\u00bb103%\u00bb link_option_url=\u00bb@ET-DC@eyJkeW5hbWljIjp0cnVlLCJjb250ZW50IjoicG9zdF9saW5rX3VybF9wYWdlIiwic2V0dGluZ3MiOnsicG9zdF9pZCI6IjI4NDkwNiJ9fQ==@\u00bb border_radii_item=\u00bbon|13px|13px|13px|13px\u00bb global_colors_info=\u00bb{}\u00bb][\/dica_divi_carouselitem][dica_divi_carouselitem title=\u00bbcirug\u00eda ortop\u00e9dica\u00bb button_url_new_window=\u00bb1&#8243; image_position=\u00bbimage_under_title\u00bb image_padding=\u00bb||||false|false\u00bb content_padding=\u00bb205px|18px|44px|18px|false|true\u00bb button_margin=\u00bb||||false|false\u00bb button_padding=\u00bb||||false|false\u00bb _builder_version=\u00bb4.27.4&#8243; _dynamic_attributes=\u00bblink_option_url\u00bb _module_preset=\u00bbdefault\u00bb header_font=\u00bb&#8211;et_global_heading_font||||||||\u00bb header_line_height=\u00bb1.1em\u00bb background_enable_color=\u00bboff\u00bb use_background_color_gradient=\u00bbon\u00bb background_color_gradient_direction=\u00bb360deg\u00bb background_color_gradient_stops=\u00bbrgba(90,99,106,0.86) 14%|rgba(255,255,255,0) 50%\u00bb background_image=\u00bbhttps:\/\/recoletasmarbella.com\/wp-content\/uploads\/2025\/03\/recoletas_marbella_ortopedia-2.jpg\u00bb background_enable_image=\u00bbon\u00bb background_blend=\u00bbmultiply\u00bb button_alignment=\u00bbcenter\u00bb filter_saturate=\u00bb123%\u00bb filter_sepia=\u00bb4%\u00bb link_option_url=\u00bb@ET-DC@eyJkeW5hbWljIjp0cnVlLCJjb250ZW50IjoicG9zdF9saW5rX3VybF9wYWdlIiwic2V0dGluZ3MiOnsicG9zdF9pZCI6IjI4NjM4MyJ9fQ==@\u00bb border_radii_item=\u00bbon|13px|13px|13px|13px\u00bb global_colors_info=\u00bb{}\u00bb][\/dica_divi_carouselitem][dica_divi_carouselitem title=\u00bbDiagn\u00f3stico por la imagen\u00bb button_url_new_window=\u00bb1&#8243; image_position=\u00bbimage_under_title\u00bb image_padding=\u00bb||||false|false\u00bb content_padding=\u00bb205px|18px|44px|18px|false|true\u00bb button_margin=\u00bb||||false|false\u00bb button_padding=\u00bb||||false|false\u00bb _builder_version=\u00bb4.27.4&#8243; _dynamic_attributes=\u00bblink_option_url\u00bb _module_preset=\u00bbdefault\u00bb header_line_height=\u00bb1.1em\u00bb background_enable_color=\u00bboff\u00bb use_background_color_gradient=\u00bbon\u00bb background_color_gradient_direction=\u00bb360deg\u00bb background_color_gradient_stops=\u00bbrgba(90,99,106,0.95) 11%|rgba(255,255,255,0) 52%\u00bb background_image=\u00bbhttps:\/\/recoletasmarbella.com\/wp-content\/uploads\/2025\/04\/instalaciones_diagnosticodeimagen-hospital-recoletas-salud-marbella.jpg\u00bb background_enable_image=\u00bbon\u00bb background_blend=\u00bbmultiply\u00bb filter_saturate=\u00bb117%\u00bb filter_sepia=\u00bb4%\u00bb link_option_url=\u00bb@ET-DC@eyJkeW5hbWljIjp0cnVlLCJjb250ZW50IjoicG9zdF9saW5rX3VybF9wYWdlIiwic2V0dGluZ3MiOnsicG9zdF9pZCI6IjI4NjQ0NiJ9fQ==@\u00bb border_radii_item=\u00bbon|13px|13px|13px|13px\u00bb global_colors_info=\u00bb{}\u00bb][\/dica_divi_carouselitem][dica_divi_carouselitem title=\u00bbEndocrinolog\u00eda \u00bb button_url_new_window=\u00bb1&#8243; image_position=\u00bbimage_under_title\u00bb image_padding=\u00bb||||false|false\u00bb content_padding=\u00bb205px|18px|44px|18px|false|true\u00bb button_margin=\u00bb||||false|false\u00bb button_padding=\u00bb||||false|false\u00bb custom_padding_tablet=\u00bb||15px||false|false\u00bb custom_padding_phone=\u00bb\u00bb custom_padding_last_edited=\u00bbon|tablet\u00bb _builder_version=\u00bb4.27.4&#8243; _dynamic_attributes=\u00bblink_option_url\u00bb _module_preset=\u00bbdefault\u00bb background_enable_color=\u00bboff\u00bb use_background_color_gradient=\u00bbon\u00bb background_color_gradient_direction=\u00bb360deg\u00bb background_color_gradient_stops=\u00bbrgba(90,99,106,0.86) 11%|rgba(255,255,255,0) 52%\u00bb background_image=\u00bbhttps:\/\/recoletasmarbella.com\/wp-content\/uploads\/2025\/03\/recoletas_marbella_endocrino-nutricion-1.jpg\u00bb background_enable_image=\u00bbon\u00bb background_blend=\u00bbmultiply\u00bb filter_saturate=\u00bb120%\u00bb link_option_url=\u00bb@ET-DC@eyJkeW5hbWljIjp0cnVlLCJjb250ZW50IjoicG9zdF9saW5rX3VybF9wYWdlIiwic2V0dGluZ3MiOnsicG9zdF9pZCI6IjI4NjM4NiJ9fQ==@\u00bb border_radii_item=\u00bbon|13px|13px|13px|13px\u00bb global_colors_info=\u00bb{}\u00bb][\/dica_divi_carouselitem][dica_divi_carouselitem title=\u00bbMEDICINA DE FAMILIA\u00bb button_url_new_window=\u00bb1&#8243; image_position=\u00bbimage_under_title\u00bb image_padding=\u00bb||||false|false\u00bb content_padding=\u00bb205px|18px|44px|18px|false|true\u00bb button_margin=\u00bb||||false|false\u00bb button_padding=\u00bb||||false|false\u00bb _builder_version=\u00bb4.27.4&#8243; _dynamic_attributes=\u00bblink_option_url\u00bb _module_preset=\u00bbdefault\u00bb background_enable_color=\u00bboff\u00bb use_background_color_gradient=\u00bbon\u00bb background_color_gradient_direction=\u00bb360deg\u00bb background_color_gradient_stops=\u00bbrgba(90,99,106,0.86) 11%|rgba(255,255,255,0) 54%\u00bb background_image=\u00bbhttps:\/\/recoletasmarbella.com\/wp-content\/uploads\/2025\/03\/recoletas_marbella_medicia-familia-3.jpg\u00bb background_enable_image=\u00bbon\u00bb background_blend=\u00bbmultiply\u00bb filter_saturate=\u00bb130%\u00bb filter_brightness=\u00bb103%\u00bb link_option_url=\u00bb@ET-DC@eyJkeW5hbWljIjp0cnVlLCJjb250ZW50IjoicG9zdF9saW5rX3VybF9wYWdlIiwic2V0dGluZ3MiOnsicG9zdF9pZCI6IjI4NDkyMSJ9fQ==@\u00bb border_radii_item=\u00bbon|13px|13px|13px|13px\u00bb global_colors_info=\u00bb{}\u00bb content_padding__hover_enabled=\u00bboff|desktop\u00bb][\/dica_divi_carouselitem][dica_divi_carouselitem title=\u00bbMedicina Est\u00e9tica\u00bb button_url_new_window=\u00bb1&#8243; image_position=\u00bbimage_under_title\u00bb image_padding=\u00bb||||false|false\u00bb content_padding=\u00bb205px|18px|44px|18px|false|true\u00bb button_margin=\u00bb||||false|false\u00bb button_padding=\u00bb||||false|false\u00bb _builder_version=\u00bb4.27.4&#8243; _dynamic_attributes=\u00bblink_option_url\u00bb _module_preset=\u00bbdefault\u00bb background_enable_color=\u00bboff\u00bb use_background_color_gradient=\u00bbon\u00bb background_color_gradient_direction=\u00bb360deg\u00bb background_color_gradient_stops=\u00bbrgba(90,99,106,0.86) 16%|rgba(255,255,255,0) 50%\u00bb background_image=\u00bbhttps:\/\/recoletasmarbella.com\/wp-content\/uploads\/2025\/03\/recoletas_marbella_estetica-3.jpg\u00bb background_enable_image=\u00bbon\u00bb background_blend=\u00bbmultiply\u00bb filter_saturate=\u00bb117%\u00bb filter_sepia=\u00bb3%\u00bb link_option_url=\u00bb@ET-DC@eyJkeW5hbWljIjp0cnVlLCJjb250ZW50IjoicG9zdF9saW5rX3VybF9wYWdlIiwic2V0dGluZ3MiOnsicG9zdF9pZCI6IjI4NDczMSJ9fQ==@\u00bb border_radii_item=\u00bbon|13px|13px|13px|13px\u00bb global_colors_info=\u00bb{}\u00bb][\/dica_divi_carouselitem][dica_divi_carouselitem title=\u00bbMedicina Interna\u00bb button_url_new_window=\u00bb1&#8243; image_position=\u00bbimage_under_title\u00bb image_padding=\u00bb||||false|false\u00bb content_padding=\u00bb205px|18px|44px|18px|false|true\u00bb button_margin=\u00bb||||false|false\u00bb button_padding=\u00bb||||false|false\u00bb _builder_version=\u00bb4.27.4&#8243; _dynamic_attributes=\u00bblink_option_url\u00bb _module_preset=\u00bbdefault\u00bb background_enable_color=\u00bboff\u00bb use_background_color_gradient=\u00bbon\u00bb background_color_gradient_direction=\u00bb360deg\u00bb background_color_gradient_stops=\u00bbrgba(90,99,106,0.86) 11%|rgba(255,255,255,0) 37%\u00bb background_image=\u00bbhttps:\/\/recoletasmarbella.com\/wp-content\/uploads\/2025\/03\/recoletas_marbella_interna-2.jpg\u00bb background_enable_image=\u00bbon\u00bb background_blend=\u00bbmultiply\u00bb filter_brightness=\u00bb105%\u00bb link_option_url=\u00bb@ET-DC@eyJkeW5hbWljIjp0cnVlLCJjb250ZW50IjoicG9zdF9saW5rX3VybF9wYWdlIiwic2V0dGluZ3MiOnsicG9zdF9pZCI6IjI4NjIzNiJ9fQ==@\u00bb border_radii_item=\u00bbon|13px|13px|13px|13px\u00bb global_colors_info=\u00bb{}\u00bb][\/dica_divi_carouselitem][dica_divi_carouselitem title=\u00bbNeurocirug\u00eda\u00bb button_url_new_window=\u00bb1&#8243; image_position=\u00bbimage_under_title\u00bb image_padding=\u00bb||||false|false\u00bb content_padding=\u00bb205px|18px|44px|18px|false|true\u00bb button_margin=\u00bb||||false|false\u00bb button_padding=\u00bb||||false|false\u00bb custom_padding_tablet=\u00bb||15px||false|false\u00bb custom_padding_phone=\u00bb\u00bb custom_padding_last_edited=\u00bbon|tablet\u00bb _builder_version=\u00bb4.27.4&#8243; _dynamic_attributes=\u00bblink_option_url\u00bb _module_preset=\u00bbdefault\u00bb background_enable_color=\u00bboff\u00bb use_background_color_gradient=\u00bbon\u00bb background_color_gradient_direction=\u00bb360deg\u00bb background_color_gradient_stops=\u00bbrgba(90,99,106,0.86) 13%|rgba(255,255,255,0) 44%\u00bb background_image=\u00bbhttps:\/\/recoletasmarbella.com\/wp-content\/uploads\/2025\/03\/recoletas_marbella_neurocirugia-2.jpg\u00bb background_enable_image=\u00bbon\u00bb background_blend=\u00bbmultiply\u00bb filter_saturate=\u00bb110%\u00bb filter_sepia=\u00bb1%\u00bb link_option_url=\u00bb@ET-DC@eyJkeW5hbWljIjp0cnVlLCJjb250ZW50IjoicG9zdF9saW5rX3VybF9wYWdlIiwic2V0dGluZ3MiOnsicG9zdF9pZCI6IjI4NjI0NCJ9fQ==@\u00bb border_radii_item=\u00bbon|13px|13px|13px|13px\u00bb global_colors_info=\u00bb{}\u00bb][\/dica_divi_carouselitem][dica_divi_carouselitem title=\u00bbUNIDAD DEL DOLOR\u00bb button_url_new_window=\u00bb1&#8243; image_position=\u00bbimage_under_title\u00bb image_padding=\u00bb||||false|false\u00bb content_padding=\u00bb205px|18px|44px|18px|false|true\u00bb button_margin=\u00bb||||false|false\u00bb button_padding=\u00bb||||false|false\u00bb _builder_version=\u00bb4.27.4&#8243; _dynamic_attributes=\u00bblink_option_url\u00bb _module_preset=\u00bbdefault\u00bb background_enable_color=\u00bboff\u00bb use_background_color_gradient=\u00bbon\u00bb background_color_gradient_direction=\u00bb360deg\u00bb background_color_gradient_stops=\u00bbrgba(90,99,106,0.86) 14%|rgba(255,255,255,0) 57%\u00bb background_image=\u00bbhttps:\/\/recoletasmarbella.com\/wp-content\/uploads\/2025\/03\/recoletas_marbella_unidaldeldolor-4.jpg\u00bb background_enable_image=\u00bbon\u00bb background_blend=\u00bbmultiply\u00bb filter_saturate=\u00bb107%\u00bb link_option_url=\u00bb@ET-DC@eyJkeW5hbWljIjp0cnVlLCJjb250ZW50IjoicG9zdF9saW5rX3VybF9wYWdlIiwic2V0dGluZ3MiOnsicG9zdF9pZCI6IjI4NDY2NCJ9fQ==@\u00bb border_radii_item=\u00bbon|13px|13px|13px|13px\u00bb global_colors_info=\u00bb{}\u00bb][\/dica_divi_carouselitem][dica_divi_carouselitem title=\u00bbunidad de hemodin\u00e1mica\u00bb button_url_new_window=\u00bb1&#8243; image_position=\u00bbimage_under_title\u00bb image_padding=\u00bb||||false|false\u00bb content_padding=\u00bb205px|18px|44px|18px|false|true\u00bb button_margin=\u00bb||||false|false\u00bb button_padding=\u00bb||||false|false\u00bb _builder_version=\u00bb4.27.4&#8243; _dynamic_attributes=\u00bblink_option_url\u00bb _module_preset=\u00bbdefault\u00bb background_enable_color=\u00bboff\u00bb use_background_color_gradient=\u00bbon\u00bb background_color_gradient_direction=\u00bb360deg\u00bb background_color_gradient_stops=\u00bbrgba(90,99,106,0.86) 15%|rgba(255,255,255,0) 41%\u00bb background_image=\u00bbhttps:\/\/recoletasmarbella.com\/wp-content\/uploads\/2025\/03\/recoletas_marbella_unidad-hemodinamica.jpg\u00bb background_enable_image=\u00bbon\u00bb background_blend=\u00bbmultiply\u00bb filter_saturate=\u00bb132%\u00bb link_option_url=\u00bb@ET-DC@eyJkeW5hbWljIjp0cnVlLCJjb250ZW50IjoicG9zdF9saW5rX3VybF9wYWdlIiwic2V0dGluZ3MiOnsicG9zdF9pZCI6IjI4NjI2MyJ9fQ==@\u00bb border_radii_item=\u00bbon|13px|13px|13px|13px\u00bb global_colors_info=\u00bb{}\u00bb][\/dica_divi_carouselitem][dica_divi_carouselitem title=\u00bbServicio de urgencias\u00bb button_url_new_window=\u00bb1&#8243; image_position=\u00bbimage_under_title\u00bb rating_alignment=\u00bbcenter\u00bb image_padding=\u00bb||||false|false\u00bb content_padding=\u00bb205px|18px|44px|18px|false|true\u00bb button_margin=\u00bb||||false|false\u00bb button_padding=\u00bb||||false|false\u00bb _builder_version=\u00bb4.27.4&#8243; _dynamic_attributes=\u00bblink_option_url\u00bb _module_preset=\u00bbdefault\u00bb header_line_height=\u00bb1.1em\u00bb background_enable_color=\u00bboff\u00bb use_background_color_gradient=\u00bbon\u00bb background_color_gradient_direction=\u00bb360deg\u00bb background_color_gradient_stops=\u00bbrgba(90,99,106,0.86) 16%|rgba(255,255,255,0) 45%\u00bb background_image=\u00bbhttps:\/\/recoletasmarbella.com\/wp-content\/uploads\/2025\/04\/instalaciones_servicios-de-urgencias-hospital-recoletas-salud-marbella.jpg\u00bb background_enable_image=\u00bbon\u00bb background_blend=\u00bbmultiply\u00bb button_alignment=\u00bbcenter\u00bb filter_saturate=\u00bb107%\u00bb filter_sepia=\u00bb2%\u00bb link_option_url=\u00bb@ET-DC@eyJkeW5hbWljIjp0cnVlLCJjb250ZW50IjoicG9zdF9saW5rX3VybF9wYWdlIiwic2V0dGluZ3MiOnsicG9zdF9pZCI6IjI4NjQwMiJ9fQ==@\u00bb border_radii_item=\u00bbon|13px|13px|13px|13px\u00bb global_colors_info=\u00bb{}\u00bb][\/dica_divi_carouselitem][dica_divi_carouselitem title=\u00bbUrolog\u00eda\u00bb button_url_new_window=\u00bb1&#8243; image_position=\u00bbimage_under_title\u00bb image_padding=\u00bb||||false|false\u00bb content_padding=\u00bb205px|18px|44px|18px|false|true\u00bb button_margin=\u00bb||||false|false\u00bb button_padding=\u00bb||||false|false\u00bb custom_padding_tablet=\u00bb||15px||false|false\u00bb custom_padding_phone=\u00bb\u00bb custom_padding_last_edited=\u00bbon|tablet\u00bb _builder_version=\u00bb4.27.4&#8243; _dynamic_attributes=\u00bblink_option_url\u00bb _module_preset=\u00bbdefault\u00bb background_enable_color=\u00bboff\u00bb use_background_color_gradient=\u00bbon\u00bb background_color_gradient_direction=\u00bb360deg\u00bb background_color_gradient_stops=\u00bbrgba(90, 99, 106, 0.86) 0%|rgba(90,99,106,0.86) 11%|rgba(255,255,255,0) 52%\u00bb background_image=\u00bbhttps:\/\/recoletasmarbella.com\/wp-content\/uploads\/2025\/03\/recoletas_marbella_urologia-3.jpg\u00bb background_enable_image=\u00bbon\u00bb background_blend=\u00bbmultiply\u00bb filter_saturate=\u00bb110%\u00bb filter_sepia=\u00bb1%\u00bb link_option_url=\u00bb@ET-DC@eyJkeW5hbWljIjp0cnVlLCJjb250ZW50IjoicG9zdF9saW5rX3VybF9wYWdlIiwic2V0dGluZ3MiOnsicG9zdF9pZCI6IjI4NjQxOSJ9fQ==@\u00bb border_radii_item=\u00bbon|13px|13px|13px|13px\u00bb global_colors_info=\u00bb{}\u00bb][\/dica_divi_carouselitem][\/dica_divi_carousel][\/et_pb_column][\/et_pb_row][\/et_pb_section]<\/p>","protected":false},"excerpt":{"rendered":"<p>Especialidades Medicina Est\u00e9ticaTu belleza en manos de expertos tratamientos m\u00e9dicos seguros, eficaces y personalizadosSalud, innovaci\u00f3n y cuidado en un solo lugar Cuidamos de ti las 24 horas, con la m\u00e1xima calidad y seguridad.La medicina est\u00e9tica es una especialidad de la medicina que se centra en el mantenimiento y restauraci\u00f3n de la est\u00e9tica, salud y belleza. [&hellip;]<\/p>","protected":false},"author":2,"featured_media":288614,"parent":0,"menu_order":0,"comment_status":"closed","ping_status":"closed","template":"","meta":{"_et_pb_use_builder":"on","_et_pb_old_content":"","_et_gb_content_width":"","footnotes":""},"class_list":["post-285969","page","type-page","status-publish","has-post-thumbnail","hentry"],"yoast_head":"<!-- This site is optimized with the Yoast SEO plugin v26.1.1 - https:\/\/yoast.com\/wordpress\/plugins\/seo\/ -->\n<title>Medicina Est\u00e9tica en Marbella | Hospital Recoletas Salud<\/title>\n<meta name=\"description\" content=\"Botox, \u00e1cido hialur\u00f3nico y tratamientos faciales antiaging con dermat\u00f3logos y m\u00e9dicos est\u00e9ticos certificados en Marbella.\" \/>\n<meta name=\"robots\" content=\"index, follow, max-snippet:-1, max-image-preview:large, max-video-preview:-1\" \/>\n<link rel=\"canonical\" href=\"https:\/\/recoletasmarbella.com\/fr\/medecine-esthetique\/\" \/>\n<meta property=\"og:locale\" content=\"fr_FR\" \/>\n<meta property=\"og:type\" content=\"article\" \/>\n<meta property=\"og:title\" content=\"Medicina Est\u00e9tica en Marbella | Hospital Recoletas Salud\" \/>\n<meta property=\"og:description\" content=\"Botox, \u00e1cido hialur\u00f3nico y tratamientos faciales antiaging con dermat\u00f3logos y m\u00e9dicos est\u00e9ticos certificados en Marbella.\" \/>\n<meta property=\"og:url\" content=\"https:\/\/recoletasmarbella.com\/fr\/medecine-esthetique\/\" \/>\n<meta property=\"og:site_name\" content=\"Hospital Marbella\" \/>\n<meta property=\"article:publisher\" content=\"https:\/\/www.facebook.com\/people\/Recoletas-Salud-Marbella\/61573653462220\/\" \/>\n<meta property=\"article:modified_time\" content=\"2026-04-08T08:52:43+00:00\" \/>\n<meta property=\"og:image\" content=\"http:\/\/recoletasmarbella.com\/wp-content\/uploads\/2025\/03\/recoletas_marbella_estetica-2.jpg\" \/>\n\t<meta property=\"og:image:width\" content=\"800\" \/>\n\t<meta property=\"og:image:height\" content=\"800\" \/>\n\t<meta property=\"og:image:type\" content=\"image\/jpeg\" \/>\n<meta name=\"twitter:card\" content=\"summary_large_image\" \/>\n<meta name=\"twitter:label1\" content=\"Dur\u00e9e de lecture estim\u00e9e\" \/>\n\t<meta name=\"twitter:data1\" content=\"6 minutes\" \/>\n<script type=\"application\/ld+json\" class=\"yoast-schema-graph\">{\"@context\":\"https:\/\/schema.org\",\"@graph\":[{\"@type\":\"WebPage\",\"@id\":\"https:\/\/recoletasmarbella.com\/es\/medicina-estetica\/\",\"url\":\"https:\/\/recoletasmarbella.com\/es\/medicina-estetica\/\",\"name\":\"Medicina Est\u00e9tica en Marbella | Hospital Recoletas Salud\",\"isPartOf\":{\"@id\":\"https:\/\/recoletasmarbella.com\/es\/#website\"},\"primaryImageOfPage\":{\"@id\":\"https:\/\/recoletasmarbella.com\/es\/medicina-estetica\/#primaryimage\"},\"image\":{\"@id\":\"https:\/\/recoletasmarbella.com\/es\/medicina-estetica\/#primaryimage\"},\"thumbnailUrl\":\"https:\/\/recoletasmarbella.com\/wp-content\/uploads\/2025\/03\/recoletas_marbella_estetica-2.jpg\",\"datePublished\":\"2025-03-05T14:45:56+00:00\",\"dateModified\":\"2026-04-08T08:52:43+00:00\",\"description\":\"Botox, \u00e1cido hialur\u00f3nico y tratamientos faciales antiaging con dermat\u00f3logos y m\u00e9dicos est\u00e9ticos certificados en Marbella.\",\"breadcrumb\":{\"@id\":\"https:\/\/recoletasmarbella.com\/es\/medicina-estetica\/#breadcrumb\"},\"inLanguage\":\"fr-FR\",\"potentialAction\":[{\"@type\":\"ReadAction\",\"target\":[\"https:\/\/recoletasmarbella.com\/es\/medicina-estetica\/\"]}]},{\"@type\":\"ImageObject\",\"inLanguage\":\"fr-FR\",\"@id\":\"https:\/\/recoletasmarbella.com\/es\/medicina-estetica\/#primaryimage\",\"url\":\"https:\/\/recoletasmarbella.com\/wp-content\/uploads\/2025\/03\/recoletas_marbella_estetica-2.jpg\",\"contentUrl\":\"https:\/\/recoletasmarbella.com\/wp-content\/uploads\/2025\/03\/recoletas_marbella_estetica-2.jpg\",\"width\":800,\"height\":800,\"caption\":\"medicina estetica. Hospital Recoletas Salud Marbella\"},{\"@type\":\"BreadcrumbList\",\"@id\":\"https:\/\/recoletasmarbella.com\/es\/medicina-estetica\/#breadcrumb\",\"itemListElement\":[{\"@type\":\"ListItem\",\"position\":1,\"name\":\"Portada\",\"item\":\"https:\/\/recoletasmarbella.com\/es\/\"},{\"@type\":\"ListItem\",\"position\":2,\"name\":\"Medicina Est\u00e9tica\"}]},{\"@type\":\"WebSite\",\"@id\":\"https:\/\/recoletasmarbella.com\/es\/#website\",\"url\":\"https:\/\/recoletasmarbella.com\/es\/\",\"name\":\"Hospital Recoletas Salud Marbella\",\"description\":\"Recoletas Salud\",\"publisher\":{\"@id\":\"https:\/\/recoletasmarbella.com\/es\/#organization\"},\"potentialAction\":[{\"@type\":\"SearchAction\",\"target\":{\"@type\":\"EntryPoint\",\"urlTemplate\":\"https:\/\/recoletasmarbella.com\/es\/?s={search_term_string}\"},\"query-input\":{\"@type\":\"PropertyValueSpecification\",\"valueRequired\":true,\"valueName\":\"search_term_string\"}}],\"inLanguage\":\"fr-FR\"},{\"@type\":\"Organization\",\"@id\":\"https:\/\/recoletasmarbella.com\/es\/#organization\",\"name\":\"Grupo Recoletas\",\"url\":\"https:\/\/recoletasmarbella.com\/es\/\",\"logo\":{\"@type\":\"ImageObject\",\"inLanguage\":\"fr-FR\",\"@id\":\"https:\/\/recoletasmarbella.com\/es\/#\/schema\/logo\/image\/\",\"url\":\"http:\/\/recoletasmarbella.com\/wp-content\/uploads\/2025\/01\/logo-v-hospital-marbella-1.png\",\"contentUrl\":\"http:\/\/recoletasmarbella.com\/wp-content\/uploads\/2025\/01\/logo-v-hospital-marbella-1.png\",\"width\":216,\"height\":164,\"caption\":\"Grupo Recoletas\"},\"image\":{\"@id\":\"https:\/\/recoletasmarbella.com\/es\/#\/schema\/logo\/image\/\"},\"sameAs\":[\"https:\/\/www.facebook.com\/people\/Recoletas-Salud-Marbella\/61573653462220\/\",\"https:\/\/www.instagram.com\/recoletassaludmarbella\/\",\"https:\/\/www.linkedin.com\/company\/recoletas-salud-marbella\",\"https:\/\/www.youtube.com\/@recoletassalud\"]}]}<\/script>\n<!-- \/ Yoast SEO plugin. -->","yoast_head_json":{"title":"M\u00e9decine esth\u00e9tique \u00e0 Marbella : Hospital Recoletas Salud","description":"Botox, acide hyaluronique et traitements faciaux anti-\u00e2ge avec des dermatologues et m\u00e9decins esth\u00e9tiques certifi\u00e9s \u00e0 Marbella.","robots":{"index":"index","follow":"follow","max-snippet":"max-snippet:-1","max-image-preview":"max-image-preview:large","max-video-preview":"max-video-preview:-1"},"canonical":"https:\/\/recoletasmarbella.com\/fr\/medecine-esthetique\/","og_locale":"fr_FR","og_type":"article","og_title":"Medicina Est\u00e9tica en Marbella | Hospital Recoletas Salud","og_description":"Botox, \u00e1cido hialur\u00f3nico y tratamientos faciales antiaging con dermat\u00f3logos y m\u00e9dicos est\u00e9ticos certificados en Marbella.","og_url":"https:\/\/recoletasmarbella.com\/fr\/medecine-esthetique\/","og_site_name":"Hospital Marbella","article_publisher":"https:\/\/www.facebook.com\/people\/Recoletas-Salud-Marbella\/61573653462220\/","article_modified_time":"2026-04-08T08:52:43+00:00","og_image":[{"width":800,"height":800,"url":"http:\/\/recoletasmarbella.com\/wp-content\/uploads\/2025\/03\/recoletas_marbella_estetica-2.jpg","type":"image\/jpeg"}],"twitter_card":"summary_large_image","twitter_misc":{"Dur\u00e9e de lecture estim\u00e9e":"6 minutes"},"schema":{"@context":"https:\/\/schema.org","@graph":[{"@type":"WebPage","@id":"https:\/\/recoletasmarbella.com\/es\/medicina-estetica\/","url":"https:\/\/recoletasmarbella.com\/es\/medicina-estetica\/","name":"M\u00e9decine esth\u00e9tique \u00e0 Marbella : Hospital Recoletas Salud","isPartOf":{"@id":"https:\/\/recoletasmarbella.com\/es\/#website"},"primaryImageOfPage":{"@id":"https:\/\/recoletasmarbella.com\/es\/medicina-estetica\/#primaryimage"},"image":{"@id":"https:\/\/recoletasmarbella.com\/es\/medicina-estetica\/#primaryimage"},"thumbnailUrl":"https:\/\/recoletasmarbella.com\/wp-content\/uploads\/2025\/03\/recoletas_marbella_estetica-2.jpg","datePublished":"2025-03-05T14:45:56+00:00","dateModified":"2026-04-08T08:52:43+00:00","description":"Botox, acide hyaluronique et traitements faciaux anti-\u00e2ge avec des dermatologues et m\u00e9decins esth\u00e9tiques certifi\u00e9s \u00e0 Marbella.","breadcrumb":{"@id":"https:\/\/recoletasmarbella.com\/es\/medicina-estetica\/#breadcrumb"},"inLanguage":"fr-FR","potentialAction":[{"@type":"ReadAction","target":["https:\/\/recoletasmarbella.com\/es\/medicina-estetica\/"]}]},{"@type":"ImageObject","inLanguage":"fr-FR","@id":"https:\/\/recoletasmarbella.com\/es\/medicina-estetica\/#primaryimage","url":"https:\/\/recoletasmarbella.com\/wp-content\/uploads\/2025\/03\/recoletas_marbella_estetica-2.jpg","contentUrl":"https:\/\/recoletasmarbella.com\/wp-content\/uploads\/2025\/03\/recoletas_marbella_estetica-2.jpg","width":800,"height":800,"caption":"medicina estetica. Hospital Recoletas Salud Marbella"},{"@type":"BreadcrumbList","@id":"https:\/\/recoletasmarbella.com\/es\/medicina-estetica\/#breadcrumb","itemListElement":[{"@type":"ListItem","position":1,"name":"Portada","item":"https:\/\/recoletasmarbella.com\/es\/"},{"@type":"ListItem","position":2,"name":"Medicina Est\u00e9tica"}]},{"@type":"WebSite","@id":"https:\/\/recoletasmarbella.com\/es\/#website","url":"https:\/\/recoletasmarbella.com\/es\/","name":"L'h\u00f4pital Recoletas Salud Marbella","description":"de recoletas salud","publisher":{"@id":"https:\/\/recoletasmarbella.com\/es\/#organization"},"potentialAction":[{"@type":"SearchAction","target":{"@type":"EntryPoint","urlTemplate":"https:\/\/recoletasmarbella.com\/es\/?s={search_term_string}"},"query-input":{"@type":"PropertyValueSpecification","valueRequired":true,"valueName":"search_term_string"}}],"inLanguage":"fr-FR"},{"@type":"Organization","@id":"https:\/\/recoletasmarbella.com\/es\/#organization","name":"Groupe Recoletas","url":"https:\/\/recoletasmarbella.com\/es\/","logo":{"@type":"ImageObject","inLanguage":"fr-FR","@id":"https:\/\/recoletasmarbella.com\/es\/#\/schema\/logo\/image\/","url":"http:\/\/recoletasmarbella.com\/wp-content\/uploads\/2025\/01\/logo-v-hospital-marbella-1.png","contentUrl":"http:\/\/recoletasmarbella.com\/wp-content\/uploads\/2025\/01\/logo-v-hospital-marbella-1.png","width":216,"height":164,"caption":"Grupo Recoletas"},"image":{"@id":"https:\/\/recoletasmarbella.com\/es\/#\/schema\/logo\/image\/"},"sameAs":["https:\/\/www.facebook.com\/people\/Recoletas-Salud-Marbella\/61573653462220\/","https:\/\/www.instagram.com\/recoletassaludmarbella\/","https:\/\/www.linkedin.com\/company\/recoletas-salud-marbella","https:\/\/www.youtube.com\/@recoletassalud"]}]}},"_links":{"self":[{"href":"https:\/\/recoletasmarbella.com\/fr\/wp-json\/wp\/v2\/pages\/285969","targetHints":{"allow":["GET"]}}],"collection":[{"href":"https:\/\/recoletasmarbella.com\/fr\/wp-json\/wp\/v2\/pages"}],"about":[{"href":"https:\/\/recoletasmarbella.com\/fr\/wp-json\/wp\/v2\/types\/page"}],"author":[{"embeddable":true,"href":"https:\/\/recoletasmarbella.com\/fr\/wp-json\/wp\/v2\/users\/2"}],"replies":[{"embeddable":true,"href":"https:\/\/recoletasmarbella.com\/fr\/wp-json\/wp\/v2\/comments?post=285969"}],"version-history":[{"count":42,"href":"https:\/\/recoletasmarbella.com\/fr\/wp-json\/wp\/v2\/pages\/285969\/revisions"}],"predecessor-version":[{"id":292680,"href":"https:\/\/recoletasmarbella.com\/fr\/wp-json\/wp\/v2\/pages\/285969\/revisions\/292680"}],"wp:featuredmedia":[{"embeddable":true,"href":"https:\/\/recoletasmarbella.com\/fr\/wp-json\/wp\/v2\/media\/288614"}],"wp:attachment":[{"href":"https:\/\/recoletasmarbella.com\/fr\/wp-json\/wp\/v2\/media?parent=285969"}],"curies":[{"name":"wp","href":"https:\/\/api.w.org\/{rel}","templated":true}]}}