{"id":286446,"date":"2025-03-06T14:31:18","date_gmt":"2025-03-06T14:31:18","guid":{"rendered":"https:\/\/recoletasmarbella.com\/?page_id=286446"},"modified":"2026-04-15T11:41:10","modified_gmt":"2026-04-15T11:41:10","slug":"imagerie-diagnostique-2","status":"publish","type":"page","link":"https:\/\/recoletasmarbella.com\/fr\/imagerie-diagnostique-2\/","title":{"rendered":"Imagerie diagnostique"},"content":{"rendered":"<p>[et_pb_section fb_built=\u00bb1&#8243; disabled_on=\u00bboff|off|off\u00bb admin_label=\u00bbtop\u00bb _builder_version=\u00bb4.27.4&#8243; _module_preset=\u00bbc75156c4-775b-4cd8-8dc3-5148a08f45a2&#8243; background_image=\u00bbhttps:\/\/recoletasmarbella.com\/wp-content\/uploads\/2025\/04\/diagnostico-por-imagen-top.png\u00bb background_position=\u00bbbottom_center\u00bb custom_margin_tablet=\u00bb\u00bb custom_margin_phone=\u00bb\u00bb custom_margin_last_edited=\u00bbon|tablet\u00bb custom_padding_phone=\u00bb17px||414px|0px|false|false\u00bb filter_saturate=\u00bb130%\u00bb animation_style=\u00bbnone\u00bb background_color_phone=\u00bbRGBA(255,255,255,0)\u00bb background_last_edited=\u00bbon|tablet\u00bb background_enable_color_phone=\u00bbon\u00bb use_background_color_gradient_phone=\u00bboff\u00bb background_image_tablet=\u00bbhttps:\/\/recoletasmarbella.com\/wp-content\/uploads\/2025\/04\/diagnostico-por-imagen-top.png\u00bb background_image_phone=\u00bbhttps:\/\/recoletasmarbella.com\/wp-content\/uploads\/2025\/03\/banner-diagnostico-de-la-imagen-top-mobile.jpg\u00bb background_enable_image_tablet=\u00bbon\u00bb background_enable_image_phone=\u00bbon\u00bb background_size_phone=\u00bbcover\u00bb background_position_tablet=\u00bbbottom_right\u00bb background_horizontal_offset_tablet=\u00bb34%\u00bb background_vertical_offset_tablet=\u00bb-5%\u00bb background_blend_phone=\u00bbnormal\u00bb locked=\u00bboff\u00bb collapsed=\u00bboff\u00bb global_colors_info=\u00bb{}\u00bb][et_pb_row _builder_version=\u00bb4.27.4&#8243; _module_preset=\u00bbdefault\u00bb background_color=\u00bbRGBA(255,255,255,0)\u00bb custom_margin=\u00bb33px|auto|0px|auto|false|false\u00bb custom_padding=\u00bb0px|||||\u00bb global_colors_info=\u00bb{}\u00bb][et_pb_column type=\u00bb4_4&#8243; _builder_version=\u00bb4.27.4&#8243; _module_preset=\u00bbdefault\u00bb custom_padding=\u00bb0px||0px||true|false\u00bb custom_padding_tablet=\u00bb0px||0px||true|false\u00bb custom_padding_phone=\u00bb0px||0px|22px|true|false\u00bb custom_padding_last_edited=\u00bbon|phone\u00bb scroll_vertical_motion_enable=\u00bboff\u00bb border_width_left=\u00bb2px\u00bb border_color_left=\u00bb#FFFFFF\u00bb border_width_left_tablet=\u00bb2px\u00bb border_width_left_phone=\u00bb2px\u00bb border_width_left_last_edited=\u00bbon|tablet\u00bb border_color_left_tablet=\u00bb#FFFFFF\u00bb border_color_left_phone=\u00bb#617179&#8243; border_color_left_last_edited=\u00bbon|tablet\u00bb global_colors_info=\u00bb{}\u00bb][et_pb_text content_tablet=\u00bb<\/p>\n<h3 class=\"%22p1%22\">Sp\u00e9cialit\u00e9s<\/h3>\n<h1>Diagnostic<br \/>par image<\/h1>\n<p>\"content_phone=\"<\/p>\n<h3 class=\"%22p1%22\">Sp\u00e9cialit\u00e9s<\/h3>\n<h1>Diagnostic<br \/>par image<\/h1>\n<p>\u00bb content_last_edited=\u00bbon|phone\u00bb admin_label=\u00bbTexto\u00bb _builder_version=\u00bb4.27.4&#8243; _module_preset=\u00bbff347454-283e-426a-9660-28afbe1b5f05&#8243; header_font=\u00bb&#8211;et_global_heading_font|||on|||||\u00bb header_line_height=\u00bb1.1em\u00bb header_2_text_color=\u00bb#FFFFFF\u00bb header_3_text_color=\u00bb#FFFFFF\u00bb header_4_text_color=\u00bb#dcccdd\u00bb header_4_font_size=\u00bb21px\u00bb header_5_text_color=\u00bb#cc70bc\u00bb max_width_tablet=\u00bb379px\u00bb max_width_phone=\u00bb266px\u00bb max_width_last_edited=\u00bboff|desktop\u00bb custom_margin=\u00bb0px||0px||false|false\u00bb custom_margin_tablet=\u00bb|||30px|false|false\u00bb custom_margin_phone=\u00bb|||0px|false|false\u00bb custom_margin_last_edited=\u00bbon|phone\u00bb custom_padding=\u00bb0px|30px|0px|30px|false|true\u00bb header_text_color_tablet=\u00bb#FFFFFF\u00bb header_text_color_phone=\u00bb#5A636A\u00bb header_text_color_last_edited=\u00bbon|tablet\u00bb header_font_size_tablet=\u00bb29px\u00bb header_font_size_phone=\u00bb29px\u00bb header_font_size_last_edited=\u00bbon|phone\u00bb header_2_text_color_tablet=\u00bb#FFFFFF\u00bb header_2_text_color_phone=\u00bb#617179&#8243; header_2_text_color_last_edited=\u00bbon|tablet\u00bb header_2_font_size_tablet=\u00bb35px\u00bb header_2_font_size_phone=\u00bb28px\u00bb header_2_font_size_last_edited=\u00bbon|tablet\u00bb header_3_text_color_tablet=\u00bb#FFFFFF\u00bb header_3_text_color_phone=\u00bb#617179&#8243; header_3_text_color_last_edited=\u00bbon|phone\u00bb header_3_font_size_tablet=\u00bb13px\u00bb header_3_font_size_phone=\u00bb13px\u00bb header_3_font_size_last_edited=\u00bbon|desktop\u00bb header_3_line_height_tablet=\u00bb1.2em\u00bb header_3_line_height_phone=\u00bb1.2em\u00bb header_3_line_height_last_edited=\u00bbon|tablet\u00bb locked=\u00bboff\u00bb global_colors_info=\u00bb{}\u00bb]<\/p>\n<h3 class=\"p1\">Sp\u00e9cialit\u00e9s<\/h3>\n<h2>Imagerie diagnostique<\/h2>\n<h2><\/h2>\n<p>[\/et_pb_text][\/et_pb_column][\/et_pb_row][\/et_pb_section][et_pb_section fb_built=\u00bb1&#8243; disabled_on=\u00bbon|on|off\u00bb _builder_version=\u00bb4.27.4&#8243; _module_preset=\u00bbdefault\u00bb background_color=\u00bbRGBA(255,255,255,0)\u00bb custom_margin=\u00bb-155px||4px||false|false\u00bb custom_padding=\u00bb0px|6px|3px||false|false\u00bb bottom_divider_color=\u00bb#F2F2F2&#8243; bottom_divider_flip=\u00bbhorizontal|vertical\u00bb collapsed=\u00bbon\u00bb global_colors_info=\u00bb{}\u00bb][et_pb_row column_structure=\u00bb3_5,2_5&#8243; _builder_version=\u00bb4.27.4&#8243; _module_preset=\u00bbdefault\u00bb background_color=\u00bbRGBA(255,255,255,0)\u00bb width=\u00bb100%\u00bb custom_margin=\u00bb25px|auto||auto||\u00bb custom_padding=\u00bb2px||5px|||\u00bb border_color_right=\u00bb#C7A3DE\u00bb global_colors_info=\u00bb{}\u00bb][et_pb_column type=\u00bb3_5&#8243; _builder_version=\u00bb4.27.4&#8243; _module_preset=\u00bbdefault\u00bb global_colors_info=\u00bb{}\u00bb][et_pb_image src=\u00bbhttp:\/\/recoletasmarbella.com\/wp-content\/uploads\/2025\/08\/insituto-neuro-vertebral-quirofano2-especialidades-recoletas-marbella.jpg.jpg\u00bb title_text=\u00bbinsituto-neuro-vertebral-quirofano2-especialidades-recoletas-marbella.jpg\u00bb force_fullwidth=\u00bboff\u00bb _builder_version=\u00bb4.27.4&#8243; _module_preset=\u00bbbb851f51-2fb6-4802-8bde-c1b602d5808d\u00bb module_alignment=\u00bbcenter\u00bb height=\u00bb465px\u00bb hover_enabled=\u00bb0&#8243; global_colors_info=\u00bb{}\u00bb alt=\u00bbaparotolog\u00eda del quir\u00f3fano en el insituto neuro vertebral\u00bb sticky_enabled=\u00bb0&#8243;][\/et_pb_image][\/et_pb_column][et_pb_column type=\u00bb2_5&#8243; _builder_version=\u00bb4.27.4&#8243; _module_preset=\u00bbdefault\u00bb global_colors_info=\u00bb{}\u00bb][et_pb_text admin_label=\u00bbTexto\u00bb _builder_version=\u00bb4.27.4&#8243; _module_preset=\u00bbb20293d3-7e7e-4718-8a41-9d40e20be87b\u00bb header_font=\u00bb|||on|||||\u00bb header_text_align=\u00bbright\u00bb header_text_color=\u00bb#5A636A\u00bb header_line_height=\u00bb0.3em\u00bb header_2_text_align=\u00bbright\u00bb header_2_font_size=\u00bb32px\u00bb header_3_text_align=\u00bbright\u00bb header_4_text_align=\u00bbright\u00bb use_background_color_gradient=\u00bbon\u00bb background_color_gradient_stops=\u00bbrgba(43,135,218,0) 0%|#ffffff 99%\u00bb z_index=\u00bb438&#8243; max_width_tablet=\u00bb379px\u00bb max_width_phone=\u00bb266px\u00bb max_width_last_edited=\u00bboff|desktop\u00bb module_alignment=\u00bbright\u00bb custom_margin=\u00bb|65px|0px|0px|false|false\u00bb custom_padding=\u00bb259px|0px|0px|6px|false|false\u00bb animation_direction=\u00bbright\u00bb scroll_vertical_motion_enable=\u00bbon\u00bb scroll_vertical_motion=\u00bb0|46|46|89|1|0|-0.5&#8243; border_color_right=\u00bb#DCCCDD\u00bb locked=\u00bboff\u00bb global_colors_info=\u00bb{}\u00bb]<\/p>\n<h3>Nous explorons votre sant\u00e9<\/h3>\n<h2>L'exactitude des images au service de la sant\u00e9<\/h2>\n<p>[\/et_pb_text][\/et_pb_column][\/et_pb_row][\/et_pb_section][et_pb_section fb_built=\u00bb1&#8243; _builder_version=\u00bb4.27.4&#8243; _module_preset=\u00bb62c95c8c-8319-472b-9dd6-30165a584812&#8243; collapsed=\u00bbon\u00bb global_colors_info=\u00bb{}\u00bb][et_pb_row custom_padding_last_edited=\u00bbon|phone\u00bb _builder_version=\u00bb4.27.4&#8243; _module_preset=\u00bbdefault\u00bb background_color=\u00bbRGBA(255,255,255,0)\u00bb height_tablet=\u00bb\u00bb height_phone=\u00bb207px\u00bb height_last_edited=\u00bbon|phone\u00bb custom_margin=\u00bb-2px|auto|34px|auto|false|false\u00bb custom_margin_tablet=\u00bb5px|auto|0px|auto|false|false\u00bb custom_margin_phone=\u00bb||0px||false|false\u00bb custom_margin_last_edited=\u00bbon|phone\u00bb custom_padding=\u00bb2px||5px|||\u00bb custom_padding_tablet=\u00bb0px||0px||false|false\u00bb custom_padding_phone=\u00bb||0px||false|false\u00bb border_color_right=\u00bb#C7A3DE\u00bb global_colors_info=\u00bb{}\u00bb][et_pb_column type=\u00bb4_4&#8243; _builder_version=\u00bb4.27.4&#8243; _module_preset=\u00bbdefault\u00bb global_colors_info=\u00bb{}\u00bb][et_pb_text content_tablet=\u00bb<\/p>\n<h3 style=\"%22text-align:\" left;%22>Nous explorons votre sant\u00e9<\/h3>\n<h2 style=\"%22text-align:\" left;%22>Donde la precisi\u00f3n de<br \/>la imagen gu\u00eda tu salud<\/h2>\n<p>\"content_phone=\"<\/p>\n<h3 style=\"%22text-align:\" left;%22>Nous explorons votre sant\u00e9<\/h3>\n<h2 style=\"%22text-align:\" left;%22>L'exactitude des images au service de la sant\u00e9<\/h2>\n<p>\u00bb content_last_edited=\u00bbon|tablet\u00bb _builder_version=\u00bb4.27.4&#8243; _module_preset=\u00bbff347454-283e-426a-9660-28afbe1b5f05&#8243; header_font=\u00bb|||on|||||\u00bb header_text_align=\u00bbright\u00bb header_text_color=\u00bb#5A636A\u00bb header_line_height=\u00bb0.3em\u00bb header_2_text_align=\u00bbright\u00bb header_2_letter_spacing=\u00bb0px\u00bb header_3_text_align=\u00bbright\u00bb header_4_font=\u00bb|700||on|||||\u00bb header_4_text_align=\u00bbright\u00bb header_4_font_size=\u00bb14px\u00bb header_4_letter_spacing=\u00bb1px\u00bb width=\u00bb100%\u00bb max_width_tablet=\u00bb379px\u00bb max_width_phone=\u00bb266px\u00bb max_width_last_edited=\u00bboff|desktop\u00bb module_alignment=\u00bbright\u00bb custom_margin=\u00bb||5px|4px|false|false\u00bb custom_margin_tablet=\u00bb0px|0px|0px|0px|false|false\u00bb custom_margin_phone=\u00bb0px|0px|0px|0px|false|false\u00bb custom_margin_last_edited=\u00bbon|tablet\u00bb custom_padding=\u00bb0px|80px|0px|0px|false|false\u00bb custom_padding_tablet=\u00bb10px|0px|0px|0px|false|false\u00bb custom_padding_phone=\u00bb|0px||0px|false|true\u00bb animation_style=\u00bbfade\u00bb animation_direction=\u00bbright\u00bb scroll_vertical_motion_enable=\u00bbon\u00bb scroll_vertical_motion=\u00bb0|36|36|86|0|0|-0.5&#8243; header_2_font_tablet=\u00bb&#8211;et_global_heading_font|300||on|||||\u00bb header_2_font_phone=\u00bb&#8211;et_global_heading_font|||on|||||\u00bb header_2_font_last_edited=\u00bbon|tablet\u00bb header_2_font_size_tablet=\u00bb30px\u00bb header_2_font_size_phone=\u00bb28px\u00bb header_2_font_size_last_edited=\u00bbon|phone\u00bb header_2_line_height_tablet=\u00bb1.1em\u00bb header_2_line_height_phone=\u00bb1.1em\u00bb header_2_line_height_last_edited=\u00bbon|tablet\u00bb header_3_line_height_tablet=\u00bb1.4em\u00bb header_3_line_height_phone=\u00bb1.4em\u00bb header_3_line_height_last_edited=\u00bbon|tablet\u00bb scroll_vertical_motion_tablet=\u00bb0|51|51|100|0.5|0|0&#8243; scroll_vertical_motion_phone=\u00bb0|46|46|63|-0.5|0|0&#8243; scroll_vertical_motion_last_edited=\u00bbon|phone\u00bb border_color_right=\u00bb#DCCCDD\u00bb border_color_left=\u00bbRGBA(255,255,255,0)\u00bb locked=\u00bboff\u00bb global_colors_info=\u00bb{}\u00bb]<\/p>\n<h3 style=\"text-align: left;\">Sant\u00e9, innovation et soins en un seul lieu<\/h3>\n<h2 style=\"text-align: left;\">Prenons soin de vous 24 heures sur 24, avec une qualit\u00e9 et une s\u00e9curit\u00e9 maximales.<\/h2>\n<p>[\/et_pb_text][et_pb_image src=\u00bbhttp:\/\/recoletasmarbella.com\/wp-content\/uploads\/2025\/08\/insituto-neuro-vertebral-quirofano2-especialidades-recoletas-marbella.jpg.jpg\u00bb title_text=\u00bbinsituto-neuro-vertebral-quirofano2-especialidades-recoletas-marbella.jpg\u00bb force_fullwidth=\u00bboff\u00bb _builder_version=\u00bb4.27.4&#8243; _module_preset=\u00bbbb851f51-2fb6-4802-8bde-c1b602d5808d\u00bb module_alignment=\u00bbcenter\u00bb height=\u00bb465px\u00bb height_tablet=\u00bb465px\u00bb height_phone=\u00bbauto\u00bb height_last_edited=\u00bbon|tablet\u00bb hover_enabled=\u00bb0&#8243; module_alignment_tablet=\u00bbcenter\u00bb module_alignment_phone=\u00bb\u00bb module_alignment_last_edited=\u00bbon|tablet\u00bb global_colors_info=\u00bb{}\u00bb alt=\u00bbaparotolog\u00eda del quir\u00f3fano en el insituto neuro vertebral\u00bb sticky_enabled=\u00bb0&#8243;][\/et_pb_image][\/et_pb_column][\/et_pb_row][\/et_pb_section][et_pb_section fb_built=\u00bb1&#8243; custom_padding_last_edited=\u00bbon|phone\u00bb _builder_version=\u00bb4.27.4&#8243; _module_preset=\u00bbdefault\u00bb height=\u00bb725px\u00bb height_tablet=\u00bb725px\u00bb height_phone=\u00bbauto\u00bb height_last_edited=\u00bbon|phone\u00bb custom_margin=\u00bb||0px||false|false\u00bb custom_margin_tablet=\u00bb||0px||false|false\u00bb custom_margin_phone=\u00bb||0px||false|false\u00bb custom_margin_last_edited=\u00bbon|desktop\u00bb custom_padding=\u00bb||0px||false|false\u00bb custom_padding_tablet=\u00bb||4px|||\u00bb custom_padding_phone=\u00bb||53px||false|false\u00bb global_colors_info=\u00bb{}\u00bb][et_pb_row column_structure=\u00bb2_3,1_3&#8243; custom_padding_last_edited=\u00bbon|desktop\u00bb _builder_version=\u00bb4.16&#8243; custom_padding_tablet=\u00bb||0px|\u00bb custom_padding_phone=\u00bb\u00bb global_colors_info=\u00bb{}\u00bb][et_pb_column type=\u00bb2_3&#8243; _builder_version=\u00bb4.16&#8243; custom_padding=\u00bb|||\u00bb global_colors_info=\u00bb{}\u00bb custom_padding__hover=\u00bb|||\u00bb][et_pb_text content_tablet=\u00bb<\/p>\n<h2>Des images pour un diagnostic rapide et fiable<\/h2>\n<p>\"content_phone=\"<\/p>\n<h2>Des images pour un diagnostic rapide et fiable<\/h2>\n<p>\u00bb content_last_edited=\u00bbon|phone\u00bb _builder_version=\u00bb4.27.4&#8243; _module_preset=\u00bbff347454-283e-426a-9660-28afbe1b5f05&#8243; text_font_size=\u00bb25px\u00bb text_line_height=\u00bb2.2em\u00bb header_font=\u00bb&#8211;et_global_heading_font|||on|||||\u00bb header_text_color=\u00bb#C7A3DE\u00bb header_font_size=\u00bb77px\u00bb header_2_font_size=\u00bb40px\u00bb width=\u00bb74%\u00bb width_tablet=\u00bb74%\u00bb width_phone=\u00bb74%\u00bb width_last_edited=\u00bbon|phone\u00bb custom_margin_tablet=\u00bb\u00bb custom_margin_phone=\u00bb41px|0px|11px|0px|false|true\u00bb custom_margin_last_edited=\u00bbon|phone\u00bb custom_padding=\u00bb|0px||||\u00bb custom_padding_phone=\u00bb|0px||0px|false|false\u00bb header_2_font_size_tablet=\u00bb40px\u00bb header_2_font_size_phone=\u00bb30px\u00bb header_2_font_size_last_edited=\u00bbon|phone\u00bb border_color_left=\u00bbRGBA(255,255,255,0)\u00bb inline_fonts=\u00bbAboreto,Montserrat\u00bb global_colors_info=\u00bb{}\u00bb]<\/p>\n<h2>Des images pour un diagnostic rapide et fiable<\/h2>\n<p>[\/et_pb_text][et_pb_text _builder_version=\u00bb4.27.4&#8243; _module_preset=\u00bbff347454-283e-426a-9660-28afbe1b5f05&#8243; text_font=\u00bb&#8211;et_global_heading_font|300|||||||\u00bb global_colors_info=\u00bb{}\u00bb]<\/p>\n<p data-start=\"52\" data-end=\"771\" style=\"text-align: justify;\">L'h\u00f4pital Recoletas Salud Marbella dispose d'une <strong>Centre d'imagerie diagnostique<\/strong> \u00e9quip\u00e9s de technologies de pointe visant \u00e0 une m\u00e9decine toujours plus pr\u00e9cise et efficace. Gr\u00e2ce \u00e0 ces progr\u00e8s, il est possible d'obtenir des images d\u00e9taill\u00e9es de l'int\u00e9rieur du corps pour identifier, surveiller et traiter une grande vari\u00e9t\u00e9 de pathologies, ainsi que pour \u00e9valuer l'\u00e9volution et l'efficacit\u00e9 des traitements appliqu\u00e9s.<\/p>\n<p data-start=\"52\" data-end=\"771\" style=\"text-align: justify;\">Parmi les principales modalit\u00e9s utilis\u00e9es en imagerie diagnostique figurent la tomodensitom\u00e9trie (TDM), l'imagerie par r\u00e9sonance magn\u00e9tique (IRM), l'\u00e9chographie et la radiographie, chacune \u00e9tant sp\u00e9cialis\u00e9e dans la fourniture d'informations sur les diff\u00e9rentes structures et fonctions du corps.<\/p>\n<p data-start=\"773\" data-end=\"1134\" style=\"text-align: justify;\">La capacit\u00e9 d'observer les organes, les tissus et les structures internes avec une <strong>grande pr\u00e9cision<\/strong> permet aux m\u00e9decins de d\u00e9tecter les maladies \u00e0 des stades plus pr\u00e9coces, lorsque les traitements peuvent \u00eatre plus efficaces. En outre, l' <strong>imagerie diagnostique permet d'identifier des anomalies, des l\u00e9sions, des tumeurs ou des infections<\/strong> qui peuvent ne pas \u00eatre mises en \u00e9vidence par d'autres m\u00e9thodes d'examen.<\/p>\n<p>[\/et_pb_text][\/et_pb_column][et_pb_column type=\u00bb1_3&#8243; _builder_version=\u00bb4.16&#8243; custom_padding=\u00bb|||\u00bb global_colors_info=\u00bb{}\u00bb custom_padding__hover=\u00bb|||\u00bb][et_pb_image src=\u00bbhttps:\/\/recoletasmarbella.com\/wp-content\/uploads\/2025\/03\/cardiologia-recoletas-marbella.jpg\u00bb title_text=\u00bbcardiologia-recoletas-marbella\u00bb align=\u00bbright\u00bb _builder_version=\u00bb4.27.4&#8243; _module_preset=\u00bbbb851f51-2fb6-4802-8bde-c1b602d5808d\u00bb transform_scale=\u00bb104%|104%\u00bb transform_scale_tablet=\u00bb100%|100%\u00bb transform_scale_phone=\u00bb100%|100%\u00bb transform_scale_last_edited=\u00bbon|tablet\u00bb transform_translate=\u00bb0px|34px\u00bb transform_translate_tablet=\u00bb0px|34px\u00bb transform_translate_phone=\u00bb0px|34px\u00bb transform_translate_last_edited=\u00bbon|tablet\u00bb transform_rotate_tablet=\u00bb\u00bb transform_rotate_phone=\u00bb\u00bb transform_rotate_last_edited=\u00bbon|tablet\u00bb transform_skew_tablet=\u00bb\u00bb transform_skew_phone=\u00bb\u00bb transform_skew_last_edited=\u00bbon|tablet\u00bb transform_origin_tablet=\u00bb\u00bb transform_origin_phone=\u00bb\u00bb transform_origin_last_edited=\u00bbon|tablet\u00bb transform_styles_last_edited=\u00bbon|tablet\u00bb custom_margin=\u00bb-148px||||false|false\u00bb custom_padding=\u00bb153px||13px||false|false\u00bb scroll_vertical_motion_enable=\u00bbon\u00bb scroll_vertical_motion=\u00bb0|55|55|100|-1|0|0&#8243; transform_styles_tablet=\u00bb\u00bb transform_styles_phone=\u00bb\u00bb scroll_vertical_motion_tablet=\u00bb0|55|55|100|0.5|0|0&#8243; scroll_vertical_motion_phone=\u00bb0|55|55|100|0.5|0|0&#8243; scroll_vertical_motion_last_edited=\u00bbon|phone\u00bb global_colors_info=\u00bb{}\u00bb][\/et_pb_image][\/et_pb_column][\/et_pb_row][\/et_pb_section][et_pb_section fb_built=\u00bb1&#8243; custom_padding_last_edited=\u00bbon|phone\u00bb _builder_version=\u00bb4.27.4&#8243; _module_preset=\u00bbdefault\u00bb height=\u00bb637px\u00bb height_tablet=\u00bb725px\u00bb height_phone=\u00bbauto\u00bb height_last_edited=\u00bbon|phone\u00bb custom_margin=\u00bb0px||0px||false|false\u00bb custom_margin_tablet=\u00bb0px||0px||false|false\u00bb custom_margin_phone=\u00bb0px||0px||false|false\u00bb custom_margin_last_edited=\u00bbon|desktop\u00bb custom_padding=\u00bb0px||0px||false|false\u00bb custom_padding_tablet=\u00bb||4px|||\u00bb custom_padding_phone=\u00bb||53px||false|false\u00bb global_colors_info=\u00bb{}\u00bb][et_pb_row column_structure=\u00bb3_5,2_5&#8243; custom_padding_last_edited=\u00bbon|desktop\u00bb _builder_version=\u00bb4.27.4&#8243; width=\u00bbauto\u00bb width_tablet=\u00bbauto\u00bb width_phone=\u00bbauto\u00bb width_last_edited=\u00bbon|desktop\u00bb module_alignment=\u00bbcenter\u00bb custom_margin=\u00bb|auto|-1px|auto||\u00bb custom_padding_tablet=\u00bb||0px|\u00bb custom_padding_phone=\u00bb\u00bb module_alignment_tablet=\u00bbcenter\u00bb module_alignment_phone=\u00bbcenter\u00bb module_alignment_last_edited=\u00bbon|desktop\u00bb global_colors_info=\u00bb{}\u00bb][et_pb_column type=\u00bb3_5&#8243; _builder_version=\u00bb4.16&#8243; custom_padding=\u00bb|||\u00bb global_colors_info=\u00bb{}\u00bb custom_padding__hover=\u00bb|||\u00bb][et_pb_image src=\u00bbhttps:\/\/recoletasmarbella.com\/wp-content\/uploads\/2025\/03\/diagnostico-por-imagen-especialidades-recoletas-marbella.jpg\u00bb alt=\u00bbdiagnostico-por-imagen-especialidades-recoletas-marbella\u00bb title_text=\u00bbdiagnostico-por-imagen-especialidades-recoletas-marbella\u00bb force_fullwidth=\u00bboff\u00bb align_tablet=\u00bb\u00bb align_phone=\u00bb\u00bb align_last_edited=\u00bbon|desktop\u00bb _builder_version=\u00bb4.27.4&#8243; _module_preset=\u00bbbb851f51-2fb6-4802-8bde-c1b602d5808d\u00bb transform_scale=\u00bb104%|104%\u00bb transform_scale_tablet=\u00bb100%|100%\u00bb transform_scale_phone=\u00bb100%|100%\u00bb transform_scale_last_edited=\u00bbon|tablet\u00bb transform_translate=\u00bb0px|34px\u00bb transform_translate_tablet=\u00bb0px|34px\u00bb transform_translate_phone=\u00bb0px|34px\u00bb transform_translate_last_edited=\u00bbon|tablet\u00bb transform_rotate_tablet=\u00bb\u00bb transform_rotate_phone=\u00bb\u00bb transform_rotate_last_edited=\u00bbon|tablet\u00bb transform_skew_tablet=\u00bb\u00bb transform_skew_phone=\u00bb\u00bb transform_skew_last_edited=\u00bbon|tablet\u00bb transform_origin_tablet=\u00bb\u00bb transform_origin_phone=\u00bb\u00bb transform_origin_last_edited=\u00bbon|tablet\u00bb transform_styles_last_edited=\u00bbon|tablet\u00bb custom_margin=\u00bb-148px||||false|false\u00bb custom_padding=\u00bb153px||13px||false|false\u00bb scroll_vertical_motion=\u00bb0|55|55|100|-2|0|0&#8243; transform_styles_tablet=\u00bb\u00bb transform_styles_phone=\u00bb\u00bb scroll_vertical_motion_tablet=\u00bb0|55|55|100|0.5|0|0&#8243; scroll_vertical_motion_phone=\u00bb0|55|55|100|0.5|0|0&#8243; scroll_vertical_motion_last_edited=\u00bbon|phone\u00bb global_colors_info=\u00bb{}\u00bb][\/et_pb_image][\/et_pb_column][et_pb_column type=\u00bb2_5&#8243; _builder_version=\u00bb4.27.4&#8243; custom_padding=\u00bb|||\u00bb custom_padding_tablet=\u00bb|||\u00bb custom_padding_phone=\u00bb|||\u00bb custom_padding_last_edited=\u00bbon|desktop\u00bb global_colors_info=\u00bb{}\u00bb custom_padding__hover=\u00bb|||\u00bb][et_pb_text content_tablet=\u00bb<\/p>\n<h2>Des images pour un diagnostic rapide et fiable<\/h2>\n<p>\"content_phone=\"<\/p>\n<h2>Des images pour un diagnostic rapide et fiable<\/h2>\n<p>\u00bb content_last_edited=\u00bbon|phone\u00bb _builder_version=\u00bb4.27.4&#8243; _module_preset=\u00bbff347454-283e-426a-9660-28afbe1b5f05&#8243; text_font_size=\u00bb25px\u00bb text_line_height=\u00bb2.2em\u00bb header_font=\u00bb&#8211;et_global_heading_font|||on|||||\u00bb header_text_color=\u00bb#C7A3DE\u00bb header_font_size=\u00bb77px\u00bb header_2_font_size=\u00bb40px\u00bb width=\u00bb100%\u00bb width_tablet=\u00bb74%\u00bb width_phone=\u00bb74%\u00bb width_last_edited=\u00bbon|phone\u00bb custom_margin=\u00bb|0px||0px|false|false\u00bb custom_margin_tablet=\u00bb\u00bb custom_margin_phone=\u00bb41px|0px|11px|0px|false|true\u00bb custom_margin_last_edited=\u00bbon|phone\u00bb custom_padding=\u00bb|0px||0px|false|true\u00bb custom_padding_phone=\u00bb|0px||0px|false|false\u00bb header_2_font_size_tablet=\u00bb40px\u00bb header_2_font_size_phone=\u00bb30px\u00bb header_2_font_size_last_edited=\u00bbon|phone\u00bb border_color_left=\u00bbRGBA(255,255,255,0)\u00bb inline_fonts=\u00bbAboreto,Montserrat\u00bb global_colors_info=\u00bb{}\u00bb]<\/p>\n<h3 style=\"text-align: right;\">des diagnostics rapides et pr\u00e9cis<\/h3>\n<h2 style=\"text-align: right;\">la radiologie, l'IRM, la tomodensitom\u00e9trie et l'\u00e9chographie<\/h2>\n<p>[\/et_pb_text][et_pb_text _builder_version=\u00bb4.27.4&#8243; _module_preset=\u00bbff347454-283e-426a-9660-28afbe1b5f05&#8243; text_font=\u00bb&#8211;et_global_heading_font|300|||||||\u00bb text_orientation=\u00bbright\u00bb custom_padding=\u00bb|0px||0px|false|false\u00bb text_orientation_tablet=\u00bbright\u00bb text_orientation_phone=\u00bbright\u00bb text_orientation_last_edited=\u00bbon|desktop\u00bb global_colors_info=\u00bb{}\u00bb]<\/p>\n<p class=\"p1\" style=\"text-align: justify;\">Dans notre service de radiologie, la combinaison d'un <strong>une \u00e9quipe de professionnels hautement qualifi\u00e9s<\/strong> avec une grande exp\u00e9rience en radiologie. Ils utilisent des techniques innovantes, dans le but d'offrir d'excellents soins bas\u00e9s sur <strong>des diagnostics plus pr\u00e9coces et des traitements plus pr\u00e9cis et moins invasifs<\/strong>La nouvelle technologie contribuera au d\u00e9veloppement d'une m\u00e9decine de plus en plus personnalis\u00e9e et efficace.<\/p>\n<p class=\"p1\" style=\"text-align: justify;\">Nous offrons les solutions diagnostiques et th\u00e9rapeutiques les plus avanc\u00e9es dans le domaine de la radiologie \u00e0 Malaga, dans le but d'\u00e9tablir des diagnostics rapides et pr\u00e9cis, garantissant ainsi \u00e0 nos patients des traitements qui optimisent les r\u00e9sultats.<\/p>\n<p class=\"p1\" style=\"text-align: justify;\">L' <strong>Radiologie interventionnelle<\/strong> est l'un de nos domaines cl\u00e9s. Elle permet de traiter les patients \u00e0 l'aide de techniques mini-invasives r\u00e9alis\u00e9es par voie percutan\u00e9e.<\/p>\n<p>[\/et_pb_text][\/et_pb_column][\/et_pb_row][\/et_pb_section][et_pb_section fb_built=\u00bb1&#8243; admin_label=\u00bbFeatures Section\u00bb module_id=\u00bbrm-lumira\u00bb _builder_version=\u00bb4.27.4&#8243; background_color=\u00bb#DCCCDD\u00bb custom_margin=\u00bb|||\u00bb custom_padding=\u00bb|||\u00bb collapsed=\u00bbon\u00bb global_colors_info=\u00bb{}\u00bb][et_pb_row column_structure=\u00bb1_2,1_2&#8243; custom_padding_last_edited=\u00bbon|tablet\u00bb _builder_version=\u00bb4.16&#8243; custom_padding_tablet=\u00bb0px||0px|\u00bb custom_padding_phone=\u00bb\u00bb global_colors_info=\u00bb{}\u00bb][et_pb_column type=\u00bb1_2&#8243; _builder_version=\u00bb4.16&#8243; custom_padding=\u00bb|||\u00bb global_colors_info=\u00bb{}\u00bb custom_padding__hover=\u00bb|||\u00bb][et_pb_text _builder_version=\u00bb4.27.4&#8243; _module_preset=\u00bb4094b86a-6b04-400e-914c-dca5cd91b762&#8243; text_font_size=\u00bb25px\u00bb text_line_height=\u00bb2.2em\u00bb header_font_size=\u00bb77px\u00bb header_2_font=\u00bb&#8211;et_global_heading_font|700||on|||||\u00bb header_2_text_color=\u00bb#FFFFFF\u00bb header_2_letter_spacing=\u00bb1px\u00bb custom_margin=\u00bb||58px|||\u00bb custom_margin_tablet=\u00bb25px||40px||false|false\u00bb custom_margin_phone=\u00bb|0px|||false|false\u00bb custom_margin_last_edited=\u00bbon|tablet\u00bb custom_padding=\u00bb|||33px|false|false\u00bb custom_padding_tablet=\u00bb|0px||33px|false|false\u00bb custom_padding_phone=\u00bb|0px||33px|false|false\u00bb header_2_font_size_tablet=\u00bb\u00bb header_2_font_size_phone=\u00bb24px\u00bb header_2_font_size_last_edited=\u00bbon|phone\u00bb header_2_letter_spacing_tablet=\u00bb1px\u00bb header_2_letter_spacing_phone=\u00bb0px\u00bb header_2_letter_spacing_last_edited=\u00bbon|phone\u00bb border_width_left=\u00bb3px\u00bb border_color_left=\u00bb#C7A3DE\u00bb inline_fonts=\u00bbAboreto,Montserrat\u00bb global_colors_info=\u00bb{}\u00bb]<\/p>\n<h2 class=\"p1\"><b>\u00c9quipement d'imagerie par r\u00e9sonance magn\u00e9tique 3 Tesla Lumina<\/b><\/h2>\n<p>[\/et_pb_text][et_pb_image src=\u00bbhttps:\/\/recoletasmarbella.com\/wp-content\/uploads\/2025\/03\/dxi-tac-recoletas-marbella.jpg\u00bb title_text=\u00bbdxi-tac-recoletas-marbella\u00bb _builder_version=\u00bb4.27.4&#8243; _module_preset=\u00bbbb851f51-2fb6-4802-8bde-c1b602d5808d\u00bb global_colors_info=\u00bb{}\u00bb][\/et_pb_image][et_pb_text content_tablet=\u00bb<\/p>\n<p style=\"%22text-align:\" justify;%22><strong>CARACT\u00c9RISTIQUES<\/strong><\/p>\n<p style=\"%22text-align:\" justify;%22><strong><\/strong><\/p>\n<ul>\n<li style=\"%22text-align:\" justify;%22>Gradients 36 mT\/m et 200 T\/m\/s simultan\u00e9s<\/li>\n<li style=\"%22text-align:\" justify;%22>Portique 70 cm, FOV 50x50x50 cm<\/li>\n<li style=\"%22text-align:\" justify;%22>Antennes : cr\u00e2ne\/cou 20 avec CoilShim, colonne vert\u00e9brale 24 int\u00e9gr\u00e9e \u00e0 la table, corps 12 (2 unit\u00e9s), genou d\u00e9di\u00e9 18, UltraFlexible Large 18, UltraFlexible Small 18, biopsie mammaire 7<\/li>\n<li style=\"%22text-align:\" justify;%22>IA Deep Resolve Boost, 3D incluido > dic 24<\/li>\n<li style=\"%22text-align:\" justify;%22>IA Deep Resolve Boost, 3D incluido > dic 24<\/li>\n<li style=\"%22text-align:\" justify;%22>Fen\u00eatre 160 cm<\/li>\n<li style=\"%22text-align:\" justify;%22>Table d'examen amovible<\/li>\n<li style=\"%22text-align:\" justify;%22>Carte du cartilage<\/li>\n<li style=\"%22text-align:\" justify;%22>Spectroscopie<\/li>\n<\/ul>\n<p>\"content_phone=\"<\/p>\n<p style=\"%22text-align:\" justify;%22><strong>CARACT\u00c9RISTIQUES<\/strong><\/p>\n<p style=\"%22text-align:\" justify;%22><strong><\/strong><\/p>\n<ul>\n<li style=\"%22text-align:\" justify;%22>Gradients 36 mT\/m et 200 T\/m\/s simultan\u00e9s<\/li>\n<li style=\"%22text-align:\" justify;%22>Portique 70 cm, FOV 50x50x50 cm<\/li>\n<li style=\"%22text-align:\" justify;%22>Antennes : cr\u00e2ne\/cou 20 avec CoilShim, colonne vert\u00e9brale 24 int\u00e9gr\u00e9e \u00e0 la table, corps 12 (2 unit\u00e9s), genou d\u00e9di\u00e9 18, UltraFlexible Large 18, UltraFlexible Small 18, biopsie mammaire 7<\/li>\n<li style=\"%22text-align:\" justify;%22>IA Deep Resolve Boost, 3D incluido > dic 24<\/li>\n<li style=\"%22text-align:\" justify;%22>IA Deep Resolve Boost, 3D incluido > dic 24<\/li>\n<li style=\"%22text-align:\" justify;%22>Fen\u00eatre 160 cm<\/li>\n<li style=\"%22text-align:\" justify;%22>Table d'examen amovible<\/li>\n<li style=\"%22text-align:\" justify;%22>Carte du cartilage<\/li>\n<li style=\"%22text-align:\" justify;%22>Spectroscopie<\/li>\n<\/ul>\n<p>\u00bb content_last_edited=\u00bbon|phone\u00bb _builder_version=\u00bb4.27.4&#8243; _module_preset=\u00bbff347454-283e-426a-9660-28afbe1b5f05&#8243; locked=\u00bboff\u00bb global_colors_info=\u00bb{}\u00bb]<\/p>\n<p style=\"text-align: justify;\"><strong>CARACT\u00c9RISTIQUES<\/strong><\/p>\n<p style=\"text-align: justify;\"><strong><\/strong><\/p>\n<ul>\n<li style=\"text-align: justify;\">Gradients 36 mT\/m et 200 T\/m\/s simultan\u00e9s<\/li>\n<li style=\"text-align: justify;\">Portique 70 cm, FOV 50x50x50 cm<\/li>\n<li style=\"text-align: justify;\">Antennes : cr\u00e2ne\/cou 20 avec CoilShim, colonne vert\u00e9brale 24 int\u00e9gr\u00e9e \u00e0 la table, corps 12 (2 unit\u00e9s), genou d\u00e9di\u00e9 18, UltraFlexible Large 18, UltraFlexible Small 18, biopsie mammaire 7<\/li>\n<li style=\"text-align: justify;\">Am\u00e9lioration de la r\u00e9solution en profondeur de l'IA, y compris la 3D &gt; 24 d\u00e9c.<\/li>\n<li style=\"text-align: justify;\">Fen\u00eatre 160 cm<\/li>\n<li style=\"text-align: justify;\">Table d'examen amovible<\/li>\n<li style=\"text-align: justify;\">Carte du cartilage<\/li>\n<li style=\"text-align: justify;\">Spectroscopie<\/li>\n<\/ul>\n<p>[\/et_pb_text][et_pb_text _builder_version=\u00bb4.27.4&#8243; _module_preset=\u00bbc787fed0-b1ca-412f-8b87-c724fdb98ab8&#8243; locked=\u00bboff\u00bb global_colors_info=\u00bb{}\u00bb]<\/p>\n<p style=\"text-align: justify;\"><strong>REMARQUE :<\/strong><em> Certains de ces examens n\u00e9cessitent, pour obtenir un r\u00e9sultat optimal, l'injection intraveineuse d'un produit de contraste au patient. Les autres examens peuvent \u00e9galement n\u00e9cessiter l'administration d'un produit de contraste, en fonction du diagnostic suspect\u00e9 ou de l'avis du radiologue<\/em>.<\/p>\n<p>[\/et_pb_text][\/et_pb_column][et_pb_column type=\u00bb1_2&#8243; _builder_version=\u00bb4.16&#8243; custom_padding=\u00bb|||\u00bb global_colors_info=\u00bb{}\u00bb custom_padding__hover=\u00bb|||\u00bb][et_pb_text _builder_version=\u00bb4.27.4&#8243; _module_preset=\u00bb4094b86a-6b04-400e-914c-dca5cd91b762&#8243; text_font_size=\u00bb25px\u00bb text_line_height=\u00bb2.2em\u00bb header_font_size=\u00bb77px\u00bb header_2_font=\u00bb&#8211;et_global_heading_font|700||on|||||\u00bb header_2_text_color=\u00bb#FFFFFF\u00bb header_2_letter_spacing=\u00bb1px\u00bb header_3_font_size=\u00bb18px\u00bb custom_margin=\u00bb-1px||-1px||true|false\u00bb custom_padding=\u00bb14px|||33px|false|false\u00bb border_width_bottom=\u00bb2px\u00bb border_color_bottom=\u00bb#617179&#8243; border_color_left=\u00bb#C7A3DE\u00bb locked=\u00bboff\u00bb inline_fonts=\u00bbAboreto,Montserrat\u00bb global_colors_info=\u00bb{}\u00bb]<\/p>\n<h3 class=\"p1\"><b>EXAMENS<\/b><\/h3>\n<p>[\/et_pb_text][et_pb_accordion open_toggle_background_color=\u00bbRGBA(255,255,255,0)\u00bb closed_toggle_background_color=\u00bbRGBA(255,255,255,0)\u00bb icon_color=\u00bb#C7A3DE\u00bb _builder_version=\u00bb4.27.4&#8243; _module_preset=\u00bbdefault\u00bb toggle_text_color=\u00bb#617179&#8243; toggle_level=\u00bbh4&#8243; toggle_font=\u00bb&#8211;et_global_heading_font|700|||||||\u00bb toggle_font_size=\u00bb17px\u00bb background_color=\u00bbrgba(242,242,242,0.3)\u00bb module_alignment=\u00bbright\u00bb custom_margin=\u00bb0px||0px||true|false\u00bb custom_padding=\u00bb21px||0px||false|false\u00bb toggle_font_size_tablet=\u00bb17px\u00bb toggle_font_size_phone=\u00bb14px\u00bb toggle_font_size_last_edited=\u00bbon|phone\u00bb border_radii=\u00bbon|15px|15px|15px|15px\u00bb border_width_all=\u00bb0px\u00bb border_color_all=\u00bb#FFFFFF\u00bb border_width_bottom=\u00bb2px\u00bb global_colors_info=\u00bb{}\u00bb][et_pb_accordion_item title=\u00bbRM CR\u00c1NEO Y CUELLO\u00bb open=\u00bbon\u00bb _builder_version=\u00bb4.27.4&#8243; _module_preset=\u00bbdefault\u00bb border_radii=\u00bbon|15px|15px|15px|15px\u00bb global_colors_info=\u00bb{}\u00bb]<\/p>\n<ul>\n<li>IRM du cerveau<\/li>\n<li>IRM des CAI (conduits auditifs internes)<\/li>\n<li>IRM des orbites<\/li>\n<li>IRM de l'hypophyse<\/li>\n<li>IRM faciale<\/li>\n<li>MR de l'articulation temporo-maxillaire (ATM)<\/li>\n<li>IRM de neuronavigation (avant la radiochirurgie)<\/li>\n<li>IRM c\u00e9r\u00e9brale avec perfusion, tractographie ou spectroscopie (s\u00e9quences neuro avanc\u00e9es sp\u00e9ciales).<\/li>\n<li>IRM fonctionnelle<\/li>\n<li>IRM du cou<\/li>\n<li>IRM du plexus brachial<strong> <\/strong><\/li>\n<\/ul>\n<p>[\/et_pb_accordion_item][et_pb_accordion_item title=\u00bbRM COLUMNA\u00bb _builder_version=\u00bb4.27.4&#8243; _module_preset=\u00bbdefault\u00bb border_radii=\u00bbon|15px|15px|15px|15px\u00bb global_colors_info=\u00bb{}\u00bb open=\u00bboff\u00bb]<\/p>\n<ul>\n<li>IRM cervicale<\/li>\n<li>IRM dorsale<\/li>\n<li>IRM lombaire<\/li>\n<li>IRM sacro-coccygienne<\/li>\n<li>IRM sacro-iliaque<\/li>\n<li>IRM du plexus lombaire<\/li>\n<\/ul>\n<p>[\/et_pb_accordion_item][et_pb_accordion_item title=\u00bbRM TOR\u00c1CICA\u00bb _builder_version=\u00bb4.27.4&#8243; _module_preset=\u00bbdefault\u00bb border_radii=\u00bbon|15px|15px|15px|15px\u00bb global_colors_info=\u00bb{}\u00bb open=\u00bboff\u00bb]<\/p>\n<ul>\n<li>IRM thoracique<\/li>\n<li>IRM cardiaque<\/li>\n<li>IRM du sternum<\/li>\n<li>IRM mammaire (\u00e9tude des tissus et\/ou des proth\u00e8ses)<\/li>\n<li>IRM de la cage thoracique<\/li>\n<\/ul>\n<p>[\/et_pb_accordion_item][et_pb_accordion_item title=\u00bbRM MUSCULOESQUEL\u00c9TICO\u00bb _builder_version=\u00bb4.27.4&#8243; _module_preset=\u00bbdefault\u00bb border_radii=\u00bbon|15px|15px|15px|15px\u00bb global_colors_info=\u00bb{}\u00bb open=\u00bboff\u00bb]<\/p>\n<ul>\n<li>IRM de l'\u00e9paule<\/li>\n<li>IRM de l'avant-bras et du bras<\/li>\n<li>IRM du coude<\/li>\n<li>IRM du poignet<\/li>\n<li>IRM de la main<\/li>\n<li>IRM du bassin osseux<\/li>\n<li>IRM de la hanche<\/li>\n<li>IRM de la cuisse et du f\u00e9mur<\/li>\n<li>IRM du genou<\/li>\n<li>IRM de la jambe et du tibia<\/li>\n<li>IRM de la cheville et du pied<\/li>\n<li>IRM du tendon d'Achille<\/li>\n<li>Arthro-IRM directe (contraste dans l'articulation concern\u00e9e)<\/li>\n<li>Arthro-IRM indirecte (administration d'un produit de contraste par voie veineuse)<\/li>\n<\/ul>\n<p>[\/et_pb_accordion_item][et_pb_accordion_item title=\u00bbRM ABDOMINAL Y P\u00c9LVICA\u00bb _builder_version=\u00bb4.27.4&#8243; _module_preset=\u00bbdefault\u00bb global_colors_info=\u00bb{}\u00bb open=\u00bboff\u00bb]<\/p>\n<ul>\n<li>IRM h\u00e9patique<\/li>\n<li>IRM h\u00e9patique avec contraste h\u00e9patosp\u00e9cifique (sin punto final)<\/li>\n<li>IRM du pancr\u00e9as<\/li>\n<li>Cholangio-IRM (voies biliaires et pancr\u00e9atiques)<\/li>\n<li>IRM des surr\u00e9nales<\/li>\n<li>IRM de quantification du fer h\u00e9patique (h\u00e9mochromatose)<\/li>\n<li>Uro-IRM<\/li>\n<li>IRM f\u0153tale<\/li>\n<li>IRM gyn\u00e9cologique du bassin<\/li>\n<li>IRM de la prostate<\/li>\n<li>IRM du corps entier<\/li>\n<li>IRM de stadification du cancer du rectum<\/li>\n<li>IRM de la faiblesse du plancher pelvien (d\u00e9f\u00e9cographie)<\/li>\n<\/ul>\n<p>[\/et_pb_accordion_item][et_pb_accordion_item title=\u00bbANGIO RM \u00bb _builder_version=\u00bb4.27.4&#8243; _module_preset=\u00bbdefault\u00bb border_radii=\u00bbon|15px|15px|15px|15px\u00bb global_colors_info=\u00bb{}\u00bb open=\u00bboff\u00bb]<\/p>\n<ul>\n<li>Angiographie c\u00e9r\u00e9brale par IRM (art\u00e9rielle et veineuse)<\/li>\n<li>Angiographie par IRM des troncs supra-aortiques (TSA)<\/li>\n<li>Angiographie par IRM de l'aorte thoracique et abdominale<\/li>\n<li>Angiographie par IRM de l'art\u00e8re r\u00e9nale<\/li>\n<li>Angiographie par IRM de l'aorte et des membres inf\u00e9rieurs<\/li>\n<li>Angiographie veineuse par IRM<\/li>\n<\/ul>\n<p>[\/et_pb_accordion_item][\/et_pb_accordion][\/et_pb_column][\/et_pb_row][\/et_pb_section][et_pb_section fb_built=\u00bb1&#8243; admin_label=\u00bbFeatures Section\u00bb module_id=\u00bbtac-go-top\u00bb _builder_version=\u00bb4.27.4&#8243; background_color=\u00bb#F2F2F2&#8243; custom_margin=\u00bb|||\u00bb custom_padding=\u00bb|||\u00bb locked=\u00bboff\u00bb collapsed=\u00bbon\u00bb global_colors_info=\u00bb{}\u00bb][et_pb_row column_structure=\u00bb1_2,1_2&#8243; custom_padding_last_edited=\u00bbon|tablet\u00bb _builder_version=\u00bb4.16&#8243; custom_padding_tablet=\u00bb0px||0px|\u00bb custom_padding_phone=\u00bb\u00bb global_colors_info=\u00bb{}\u00bb][et_pb_column type=\u00bb1_2&#8243; _builder_version=\u00bb4.16&#8243; custom_padding=\u00bb|||\u00bb global_colors_info=\u00bb{}\u00bb custom_padding__hover=\u00bb|||\u00bb][et_pb_text _builder_version=\u00bb4.27.4&#8243; _module_preset=\u00bb4094b86a-6b04-400e-914c-dca5cd91b762&#8243; text_font_size=\u00bb25px\u00bb text_line_height=\u00bb2.2em\u00bb header_font_size=\u00bb77px\u00bb header_2_font=\u00bb&#8211;et_global_heading_font|700||on|||||\u00bb header_2_text_color=\u00bb#617179&#8243; header_2_letter_spacing=\u00bb1px\u00bb custom_margin=\u00bb||26px|||\u00bb custom_margin_tablet=\u00bb||26px|||\u00bb custom_margin_phone=\u00bb||26px|||\u00bb custom_margin_last_edited=\u00bbon|phone\u00bb custom_padding=\u00bb|||33px|false|false\u00bb custom_padding_tablet=\u00bb|33px||33px|false|true\u00bb custom_padding_phone=\u00bb|0px||33px|false|false\u00bb header_2_font_size_tablet=\u00bb\u00bb header_2_font_size_phone=\u00bb24px\u00bb header_2_font_size_last_edited=\u00bbon|phone\u00bb header_2_letter_spacing_tablet=\u00bb1px\u00bb header_2_letter_spacing_phone=\u00bb0px\u00bb header_2_letter_spacing_last_edited=\u00bbon|phone\u00bb border_width_left=\u00bb3px\u00bb border_color_left=\u00bb#C7A3DE\u00bb locked=\u00bboff\u00bb inline_fonts=\u00bbAboreto,Montserrat\u00bb global_colors_info=\u00bb{}\u00bb]<\/p>\n<h2 class=\"p1\"><b>\u00c9QUIPEMENT TDM GO TOP<\/b><\/h2>\n<p>[\/et_pb_text][et_pb_image src=\u00bbhttps:\/\/recoletasmarbella.com\/wp-content\/uploads\/2025\/03\/dxi-tac-gotop-recoletas-marbella.jpg\u00bb title_text=\u00bbdxi-tac-gotop-recoletas-marbella\u00bb _builder_version=\u00bb4.27.4&#8243; _module_preset=\u00bbbb851f51-2fb6-4802-8bde-c1b602d5808d\u00bb global_colors_info=\u00bb{}\u00bb][\/et_pb_image][et_pb_text _builder_version=\u00bb4.27.4&#8243; _module_preset=\u00bbff347454-283e-426a-9660-28afbe1b5f05&#8243; locked=\u00bboff\u00bb global_colors_info=\u00bb{}\u00bb]<\/p>\n<p><strong>CARACT\u00c9RISTIQUES<\/strong><\/p>\n<p><strong><\/strong><\/p>\n<ul>\n<li>Scanner 128 coupes<\/li>\n<li>Flux de travail mobile,  cam\u00e9ra de centrage incluse<\/li>\n<li>Rotation :  0,33 s<\/li>\n<li>Reconstruction iterative Zafire<\/li>\n<li>Twin Beam double \u00e9nergie<\/li>\n<li>Cardiologie : Cardio spirale, Bestphase, ZeeFree<\/li>\n<li>Neurologie avanc\u00e9e : perfusion c\u00e9r\u00e9brale, Flex 4D<\/li>\n<li>Radiologie interventionnelle : myNeedle Guide 2D, I-Fluoro<\/li>\n<\/ul>\n<p>[\/et_pb_text][et_pb_text _builder_version=\u00bb4.27.4&#8243; _module_preset=\u00bbff347454-283e-426a-9660-28afbe1b5f05&#8243; custom_padding=\u00bb|0px||0px|false|true\u00bb locked=\u00bboff\u00bb global_colors_info=\u00bb{}\u00bb]<\/p>\n<p style=\"text-align: justify;\"><strong>REMARQUE :<\/strong><em> Certains de ces examens n\u00e9cessitent, pour obtenir un r\u00e9sultat optimal, l'injection intraveineuse d'un produit de contraste au patient. Les autres examens peuvent \u00e9galement n\u00e9cessiter l'administration d'un produit de contraste, en fonction du diagnostic suspect\u00e9 ou de l'avis du radiologue<\/em>.<\/p>\n<p>[\/et_pb_text][\/et_pb_column][et_pb_column type=\u00bb1_2&#8243; _builder_version=\u00bb4.16&#8243; custom_padding=\u00bb|||\u00bb global_colors_info=\u00bb{}\u00bb custom_padding__hover=\u00bb|||\u00bb][et_pb_text _builder_version=\u00bb4.27.4&#8243; _module_preset=\u00bb4094b86a-6b04-400e-914c-dca5cd91b762&#8243; text_font_size=\u00bb25px\u00bb text_line_height=\u00bb2.2em\u00bb header_font_size=\u00bb77px\u00bb header_2_font=\u00bb&#8211;et_global_heading_font|700||on|||||\u00bb header_2_text_color=\u00bb#FFFFFF\u00bb header_2_letter_spacing=\u00bb1px\u00bb header_3_font_size=\u00bb18px\u00bb custom_margin=\u00bb1px||1px||true|false\u00bb custom_padding=\u00bb14px|||33px|false|false\u00bb border_width_bottom=\u00bb2px\u00bb border_color_bottom=\u00bb#617179&#8243; border_color_left=\u00bb#C7A3DE\u00bb locked=\u00bboff\u00bb inline_fonts=\u00bbAboreto,Montserrat\u00bb global_colors_info=\u00bb{}\u00bb]<\/p>\n<h3 class=\"p1\"><b>EXAMENS<\/b><\/h3>\n<p>[\/et_pb_text][et_pb_accordion open_toggle_background_color=\u00bbRGBA(255,255,255,0)\u00bb closed_toggle_background_color=\u00bbRGBA(255,255,255,0)\u00bb icon_color=\u00bb#C7A3DE\u00bb _builder_version=\u00bb4.27.4&#8243; _module_preset=\u00bbdefault\u00bb toggle_text_color=\u00bb#617179&#8243; toggle_level=\u00bbh4&#8243; toggle_font=\u00bb&#8211;et_global_body_font|700|||||||\u00bb toggle_font_size=\u00bb17px\u00bb background_color=\u00bbrgba(220,204,221,0.32)\u00bb custom_margin=\u00bb0px||0px||true|false\u00bb custom_padding=\u00bb21px||0px||false|false\u00bb toggle_font_size_tablet=\u00bb17px\u00bb toggle_font_size_phone=\u00bb14px\u00bb toggle_font_size_last_edited=\u00bbon|phone\u00bb border_radii=\u00bbon|15px|15px|15px|15px\u00bb border_width_all=\u00bb0px\u00bb border_color_all=\u00bb#FFFFFF\u00bb border_width_bottom=\u00bb2px\u00bb global_colors_info=\u00bb{}\u00bb][et_pb_accordion_item title=\u00bbTAC CRANEO Y CUELLO\u00bb open=\u00bbon\u00bb _builder_version=\u00bb4.27.4&#8243; _module_preset=\u00bbdefault\u00bb border_radii=\u00bbon|15px|15px|15px|15px\u00bb global_colors_info=\u00bb{}\u00bb]<\/p>\n<ul>\n<li>TDM du cerveau<\/li>\n<li>TDM des sinus paranasaux<\/li>\n<li>TDM orbital<\/li>\n<li>TDM facial<\/li>\n<li>TDM de la m\u00e2choire<\/li>\n<li>TDM dentaire<\/li>\n<li>Tomodensitom\u00e9trie<\/li>\n<li>Scanner de l'articulation temporo-mandibulaire (ATM)<\/li>\n<li>TDM du cou<\/li>\n<li>TDM de perfusion c\u00e9r\u00e9brale et\/ou cervicale<\/li>\n<\/ul>\n<p>[\/et_pb_accordion_item][et_pb_accordion_item title=\u00bbTAC TOR\u00c1CICO\u00bb _builder_version=\u00bb4.27.4&#8243; _module_preset=\u00bbdefault\u00bb border_radii=\u00bbon|15px|15px|15px|15px\u00bb global_colors_info=\u00bb{}\u00bb open=\u00bboff\u00bb]<\/p>\n<ul>\n<li>TDM du thorax<\/li>\n<li>Tomodensitom\u00e9trie thoracique \u00e0 haute r\u00e9solution<\/li>\n<li>TDM thoracique \u00e0 faible dose<\/li>\n<li>TDM de l'art\u00e8re coronaire (Cardio-TDM)<\/li>\n<li>Quantification du calcium coronarien (score calcique)<\/li>\n<li>TAC cage thoracique<\/li>\n<\/ul>\n<p>[\/et_pb_accordion_item][et_pb_accordion_item title=\u00bbTAC ABDOMEN Y PELVIS\u00bb _builder_version=\u00bb4.27.4&#8243; _module_preset=\u00bbdefault\u00bb border_radii=\u00bbon|15px|15px|15px|15px\u00bb global_colors_info=\u00bb{}\u00bb open=\u00bboff\u00bb]<\/p>\n<ul>\n<li>TDM abdomino-pelvienne<\/li>\n<li>CT multiphasique du foie<\/li>\n<li>Ent\u00e9ro-TDM<\/li>\n<li>TDM du c\u00f4lon<\/li>\n<li>Uro-TDM<\/li>\n<li>TDM pelvienne<\/li>\n<li>TDM scan cou-thorax-abdomen-bassin<\/li>\n<\/ul>\n<p>[\/et_pb_accordion_item][et_pb_accordion_item title=\u00bb TAC MUSCULOESQUEL\u00c9TICO\u00bb _builder_version=\u00bb4.27.4&#8243; _module_preset=\u00bbdefault\u00bb border_radii=\u00bbon|15px|15px|15px|15px\u00bb global_colors_info=\u00bb{}\u00bb open=\u00bboff\u00bb]<\/p>\n<ul>\n<li>TDM des membres sup\u00e9rieurs (\u00e9paule, bras, coude, avant-bras, main, poignet)<\/li>\n<li>TDM bassin osseux<\/li>\n<li>TDM des membres inf\u00e9rieurs (hanche, f\u00e9mur, genou, tibia, cheville, pied)<\/li>\n<li>TDM du genou avec \u00e9tude rotationnelle des membres inf\u00e9rieurs et bascule rotulienne (mesure TA-GT)<\/li>\n<\/ul>\n<p>[\/et_pb_accordion_item][et_pb_accordion_item title=\u00bbTAC COLUMNA\u00bb _builder_version=\u00bb4.27.4&#8243; _module_preset=\u00bbdefault\u00bb border_radii=\u00bbon|15px|15px|15px|15px\u00bb global_colors_info=\u00bb{}\u00bb open=\u00bboff\u00bb]<\/p>\n<ul>\n<li>TDM de la colonne cervicale<\/li>\n<li>TDM de l'\u00e9pine dorsale<\/li>\n<li>TDM de la colonne lombaire<\/li>\n<li>TDM sacro-coccygien<\/li>\n<li>TDM sacro-iliaque<\/li>\n<\/ul>\n<p>[\/et_pb_accordion_item][et_pb_accordion_item title=\u00bbANGIO TAC\u00bb _builder_version=\u00bb4.27.4&#8243; _module_preset=\u00bbdefault\u00bb border_radii=\u00bbon|15px|15px|15px|15px\u00bb global_colors_info=\u00bb{}\u00bb open=\u00bboff\u00bb]<\/p>\n<ul>\n<li>Angiographie c\u00e9r\u00e9brale par tomodensitom\u00e9trie<\/li>\n<li>Troncs supra-aortiques Angiographie par tomodensitom\u00e9trie (TSA)<\/li>\n<li>Angiographie par tomodensitom\u00e9trie de l'aorte (abdominale et thoracique)<\/li>\n<li>Angiographie par tomodensitom\u00e9trie de l'aorte et des extr\u00e9mit\u00e9s inf\u00e9rieures<\/li>\n<li>Art\u00e8re pulmonaire Angiographie par tomodensitom\u00e9trie (PET)<\/li>\n<\/ul>\n<p>[\/et_pb_accordion_item][et_pb_accordion_item title=\u00bbINTERVENCIONISMO EN TAC\u00bb _builder_version=\u00bb4.27.4&#8243; _module_preset=\u00bbdefault\u00bb border_radii=\u00bbon|15px|15px|15px|15px\u00bb global_colors_info=\u00bb{}\u00bb open=\u00bboff\u00bb]<\/p>\n<ul>\n<li>BAG sous scopie-TDM (biopsie guid\u00e9e par TDM)<\/li>\n<li>Drainage percutan\u00e9 par scopie<\/li>\n<li>Ponction-aspiration \u00e0 l'aiguille fine sous TDM (PAAF)<\/li>\n<\/ul>\n<p>[\/et_pb_accordion_item][\/et_pb_accordion][\/et_pb_column][\/et_pb_row][\/et_pb_section][et_pb_section fb_built=\u00bb1&#8243; admin_label=\u00bbFeatures Section\u00bb module_id=\u00bbrm-lumira\u00bb _builder_version=\u00bb4.27.4&#8243; _module_preset=\u00bb_initial\u00bb background_color=\u00bb#e0e0e0&#8243; custom_margin=\u00bb|||\u00bb custom_padding=\u00bb|||\u00bb collapsed=\u00bbon\u00bb global_colors_info=\u00bb{}\u00bb][et_pb_row column_structure=\u00bb1_2,1_2&#8243; custom_padding_last_edited=\u00bbon|tablet\u00bb _builder_version=\u00bb4.16&#8243; custom_padding_tablet=\u00bb0px||0px|\u00bb custom_padding_phone=\u00bb\u00bb global_colors_info=\u00bb{}\u00bb][et_pb_column type=\u00bb1_2&#8243; _builder_version=\u00bb4.16&#8243; custom_padding=\u00bb|||\u00bb global_colors_info=\u00bb{}\u00bb custom_padding__hover=\u00bb|||\u00bb][et_pb_text _builder_version=\u00bb4.27.4&#8243; _module_preset=\u00bb4094b86a-6b04-400e-914c-dca5cd91b762&#8243; text_font_size=\u00bb25px\u00bb text_line_height=\u00bb2.2em\u00bb header_font_size=\u00bb77px\u00bb header_2_font=\u00bb&#8211;et_global_heading_font|700||on|||||\u00bb header_2_text_color=\u00bb#617179&#8243; header_2_letter_spacing=\u00bb1px\u00bb custom_margin=\u00bb||58px|||\u00bb custom_margin_tablet=\u00bb25px||40px||false|false\u00bb custom_margin_phone=\u00bb|0px|||false|false\u00bb custom_margin_last_edited=\u00bbon|tablet\u00bb custom_padding=\u00bb|||33px|false|false\u00bb custom_padding_tablet=\u00bb|0px||33px|false|false\u00bb custom_padding_phone=\u00bb|0px||33px|false|false\u00bb header_2_font_size_tablet=\u00bb\u00bb header_2_font_size_phone=\u00bb24px\u00bb header_2_font_size_last_edited=\u00bbon|phone\u00bb header_2_letter_spacing_tablet=\u00bb1px\u00bb header_2_letter_spacing_phone=\u00bb0px\u00bb header_2_letter_spacing_last_edited=\u00bbon|phone\u00bb border_width_left=\u00bb3px\u00bb border_color_left=\u00bb#C7A3DE\u00bb inline_fonts=\u00bbAboreto,Montserrat\u00bb global_colors_info=\u00bb{}\u00bb]<\/p>\n<h2 class=\"p1\"><b>Impact du toit du RX c<\/b><\/h2>\n<p>[\/et_pb_text][et_pb_image src=\u00bbhttps:\/\/recoletasmarbella.com\/wp-content\/uploads\/2025\/04\/siemens-healthineers_MULTIX_Impact_C-hospital-recoletas-marbella.jpg\u00bb alt=\u00bbDiagnostico de la imagen. Hospital Recoletas Salud Marbella\u00bb title_text=\u00bbDiagnostico de la imagen. Hospital Recoletas Salud Marbella\u00bb _builder_version=\u00bb4.27.4&#8243; _module_preset=\u00bbbb851f51-2fb6-4802-8bde-c1b602d5808d\u00bb global_colors_info=\u00bb{}\u00bb][\/et_pb_image][et_pb_text content_tablet=\u00bb<\/p>\n<p style=\"%22text-align:\" justify;%22><strong>CARACT\u00c9RISTIQUES<\/strong><\/p>\n<p style=\"%22text-align:\" justify;%22><strong><\/strong><\/p>\n<ul>\n<li style=\"%22text-align:\" justify;%22>Gradients 36 mT\/m et 200 T\/m\/s simultan\u00e9s<\/li>\n<li style=\"%22text-align:\" justify;%22>Portique 70 cm, FOV 50x50x50 cm<\/li>\n<li style=\"%22text-align:\" justify;%22>Antennes : cr\u00e2ne\/cou 20 avec CoilShim, colonne vert\u00e9brale 24 int\u00e9gr\u00e9e \u00e0 la table, corps 12 (2 unit\u00e9s), genou d\u00e9di\u00e9 18, UltraFlexible Large 18, UltraFlexible Small 18, biopsie mammaire 7<\/li>\n<li style=\"%22text-align:\" justify;%22>IA Deep Resolve Boost, 3D incluido > dic 24<\/li>\n<li style=\"%22text-align:\" justify;%22>IA Deep Resolve Boost, 3D incluido > dic 24<\/li>\n<li style=\"%22text-align:\" justify;%22>Fen\u00eatre 160 cm<\/li>\n<li style=\"%22text-align:\" justify;%22>Table d'examen amovible<\/li>\n<li style=\"%22text-align:\" justify;%22>Carte du cartilage<\/li>\n<li style=\"%22text-align:\" justify;%22>Spectroscopie<\/li>\n<\/ul>\n<p>\"content_phone=\"<\/p>\n<p style=\"%22text-align:\" justify;%22><strong>CARACT\u00c9RISTIQUES<\/strong><\/p>\n<p style=\"%22text-align:\" justify;%22><strong><\/strong><\/p>\n<ul>\n<li style=\"%22text-align:\" justify;%22>Gradients 36 mT\/m et 200 T\/m\/s simultan\u00e9s<\/li>\n<li style=\"%22text-align:\" justify;%22>Portique 70 cm, FOV 50x50x50 cm<\/li>\n<li style=\"%22text-align:\" justify;%22>Antennes : cr\u00e2ne\/cou 20 avec CoilShim, colonne vert\u00e9brale 24 int\u00e9gr\u00e9e \u00e0 la table, corps 12 (2 unit\u00e9s), genou d\u00e9di\u00e9 18, UltraFlexible Large 18, UltraFlexible Small 18, biopsie mammaire 7<\/li>\n<li style=\"%22text-align:\" justify;%22>IA Deep Resolve Boost, 3D incluido > dic 24<\/li>\n<li style=\"%22text-align:\" justify;%22>IA Deep Resolve Boost, 3D incluido > dic 24<\/li>\n<li style=\"%22text-align:\" justify;%22>Fen\u00eatre 160 cm<\/li>\n<li style=\"%22text-align:\" justify;%22>Table d'examen amovible<\/li>\n<li style=\"%22text-align:\" justify;%22>Carte du cartilage<\/li>\n<li style=\"%22text-align:\" justify;%22>Spectroscopie<\/li>\n<\/ul>\n<p>\u00bb content_last_edited=\u00bbon|phone\u00bb _builder_version=\u00bb4.27.4&#8243; _module_preset=\u00bbff347454-283e-426a-9660-28afbe1b5f05&#8243; locked=\u00bboff\u00bb global_colors_info=\u00bb{}\u00bb]<\/p>\n<p style=\"text-align: justify;\"><strong>CARACT\u00c9RISTIQUES<\/strong><\/p>\n<p style=\"text-align: justify;\"><strong><\/strong><\/p>\n<ul>\n<li><span>Radiologie num\u00e9rique<\/span><\/li>\n<li><span>Salle num\u00e9rique synchronis\u00e9e<\/span><\/li>\n<li><span>G\u00e9n\u00e9rateur de 80 kW<\/span><\/li>\n<li><span>Grande capacit\u00e9 de dissipation<\/span><\/li>\n<li><span>Collimateur num\u00e9rique\u00a0<\/span><\/li>\n<li><span>Cam\u00e9ra int\u00e9gr\u00e9e pour le centrage<\/span><\/li>\n<li><span>D\u00e9tecteurs 43x43, dont 1 sans fil<\/span><\/li>\n<li><span>Centrage du patient par cam\u00e9ra.<\/span><\/li>\n<li><span>T\u00e9l\u00e9m\u00e9trie de balayage centr\u00e9e par cam\u00e9ra.<\/span><\/li>\n<li><span>Positionnement par'IA<\/span><\/li>\n<li><span>Protection du d\u00e9tecteur<\/span><\/li>\n<\/ul>\n<p>[\/et_pb_text][\/et_pb_column][et_pb_column type=\u00bb1_2&#8243; _builder_version=\u00bb4.16&#8243; custom_padding=\u00bb|||\u00bb global_colors_info=\u00bb{}\u00bb custom_padding__hover=\u00bb|||\u00bb][et_pb_text _builder_version=\u00bb4.27.4&#8243; _module_preset=\u00bb4094b86a-6b04-400e-914c-dca5cd91b762&#8243; text_font_size=\u00bb25px\u00bb text_line_height=\u00bb2.2em\u00bb header_font_size=\u00bb77px\u00bb header_2_font=\u00bb&#8211;et_global_heading_font|700||on|||||\u00bb header_2_text_color=\u00bb#FFFFFF\u00bb header_2_letter_spacing=\u00bb1px\u00bb header_3_font_size=\u00bb18px\u00bb custom_margin=\u00bb-1px||-1px||true|false\u00bb custom_padding=\u00bb14px|||33px|false|false\u00bb border_width_bottom=\u00bb2px\u00bb border_color_bottom=\u00bb#617179&#8243; border_color_left=\u00bb#C7A3DE\u00bb locked=\u00bboff\u00bb inline_fonts=\u00bbAboreto,Montserrat\u00bb global_colors_info=\u00bb{}\u00bb]<\/p>\n<h3 class=\"p1\"><b>EXAMENS<\/b><\/h3>\n<p>[\/et_pb_text][et_pb_accordion open_toggle_background_color=\u00bbRGBA(255,255,255,0)\u00bb closed_toggle_background_color=\u00bbRGBA(255,255,255,0)\u00bb icon_color=\u00bb#C7A3DE\u00bb _builder_version=\u00bb4.27.4&#8243; _module_preset=\u00bbdefault\u00bb toggle_text_color=\u00bb#617179&#8243; toggle_level=\u00bbh4&#8243; toggle_font=\u00bb&#8211;et_global_heading_font|700|||||||\u00bb toggle_font_size=\u00bb17px\u00bb background_color=\u00bbrgba(242,242,242,0.3)\u00bb module_alignment=\u00bbright\u00bb custom_margin=\u00bb0px||0px||true|false\u00bb custom_padding=\u00bb21px||0px||false|false\u00bb toggle_font_size_tablet=\u00bb17px\u00bb toggle_font_size_phone=\u00bb14px\u00bb toggle_font_size_last_edited=\u00bbon|phone\u00bb border_radii=\u00bbon|15px|15px|15px|15px\u00bb border_width_all=\u00bb0px\u00bb border_color_all=\u00bb#FFFFFF\u00bb border_width_bottom=\u00bb2px\u00bb global_colors_info=\u00bb{}\u00bb][et_pb_accordion_item title=\u00bbRX CR\u00c1NEO Y CARA\u00bb open=\u00bbon\u00bb _builder_version=\u00bb4.27.4&#8243; _module_preset=\u00bbdefault\u00bb border_radii=\u00bbon|15px|15px|15px|15px\u00bb global_colors_info=\u00bb{}\u00bb]<\/p>\n<ul>\n<li>RX cr\u00e2nienne<\/li>\n<li>RX des orbites, des masto\u00efdes et du massif facial<\/li>\n<li>RX des sinus paranasaux et de l'ATM<\/li>\n<li>RX des os propres du nez<\/li>\n<li>RX des parties molles du cou (cavum)<\/li>\n<\/ul>\n<p>[\/et_pb_accordion_item][et_pb_accordion_item title=\u00bbRX COLUMNA\u00bb _builder_version=\u00bb4.27.4&#8243; _module_preset=\u00bbdefault\u00bb border_radii=\u00bbon|15px|15px|15px|15px\u00bb global_colors_info=\u00bb{}\u00bb open=\u00bboff\u00bb]<\/p>\n<ul>\n<li><span><span><span><span><\/span><\/span><\/span><\/span><span>RX cervicale<\/span><\/li>\n<li><span><span><span><span><\/span><\/span><\/span><\/span><span>RX dorsale<\/span><\/li>\n<li><span><span><span><span><\/span><\/span><\/span><\/span><span>RX lombaire, sacr\u00e9e et sacro-iliaque<\/span><\/li>\n<li><span><span><span><span><\/span><\/span><\/span><\/span><span>RX sacro-coccygienne<\/span><\/li>\n<\/ul>\n<p>[\/et_pb_accordion_item][et_pb_accordion_item title=\u00bbRX MUSCULOESQUEL\u00c9TICO\u00bb _builder_version=\u00bb4.27.4&#8243; _module_preset=\u00bbdefault\u00bb border_radii=\u00bbon|15px|15px|15px|15px\u00bb global_colors_info=\u00bb{}\u00bb open=\u00bboff\u00bb]<\/p>\n<ul>\n<li><span><span><span><span><\/span><\/span><\/span><\/span><span>RX du membre sup\u00e9rieur (\u00e9paule, clavicule, coude, bras, poignet, main)<\/span><\/li>\n<li><span><span><span><span><\/span><\/span><\/span><\/span><span>RX du membre inf\u00e9rieur (hanche, f\u00e9mur, genou, tibia-p\u00e9ron\u00e9, cheville-pied)<\/span><\/li>\n<li><span><span><span><span><\/span><\/span><\/span><\/span><span>RX du membre inf\u00e9rieur en charge, sur demande<\/span><\/li>\n<li><span><span><span><span><\/span><\/span><\/span><\/span><span>RX de l'os du bassin<\/span><\/li>\n<li><span><span><span><span><\/span><\/span><\/span><\/span><span>S\u00e9rie osseuse (compl\u00e8te, oncologique ou m\u00e9tabolique sur demande)<span>\u00a0\u00a0<\/span><\/span><\/li>\n<\/ul>\n<p>[\/et_pb_accordion_item][et_pb_accordion_item title=\u00bbRX TORAX\u00bb _builder_version=\u00bb4.27.4&#8243; _module_preset=\u00bbdefault\u00bb border_radii=\u00bbon|15px|15px|15px|15px\u00bb global_colors_info=\u00bb{}\u00bb open=\u00bboff\u00bb]<\/p>\n<ul>\n<li><span><span><span><span><\/span><\/span><\/span><\/span><span>RX de la cavit\u00e9 thoracique<\/span><\/li>\n<li><span><span><span><span><\/span><\/span><\/span><\/span><span>RX du thorax en d\u00e9cubitus lat\u00e9ral, lordotique<\/span><\/li>\n<li><span><span><span><span><\/span><\/span><\/span><\/span><span>RX de la cage thoracique<\/span><\/li>\n<li><span><span><span><span><\/span><\/span><\/span><\/span><span>RX du sternum<\/span><\/li>\n<\/ul>\n<p>[\/et_pb_accordion_item][et_pb_accordion_item title=\u00bbRX ABDOMEN\u00bb _builder_version=\u00bb4.27.4&#8243; _module_preset=\u00bbdefault\u00bb global_colors_info=\u00bb{}\u00bb open=\u00bboff\u00bb]<\/p>\n<ul>\n<li><span><span><span><span><\/span><\/span><\/span><\/span><span>RX abdominale simple (en d\u00e9cubitus et en position debout)<\/span><\/li>\n<li><span><span><span><span><\/span><\/span><\/span><\/span><span>RX de l'appareil urinaire<\/span><\/li>\n<\/ul>\n<p>[\/et_pb_accordion_item][et_pb_accordion_item title=\u00bbRX TELERRADIOGRAF\u00cdA\u00bb _builder_version=\u00bb4.27.4&#8243; _module_preset=\u00bbdefault\u00bb border_radii=\u00bbon|15px|15px|15px|15px\u00bb global_colors_info=\u00bb{}\u00bb open=\u00bboff\u00bb]<\/p>\n<ul>\n<li><span><span><span><span><\/span><\/span><\/span><\/span><span>RX de la colonne vert\u00e9brale totale<\/span><\/li>\n<li><span><span><span><span><\/span><\/span><\/span><\/span><span>RX compl\u00e8te des membres inf\u00e9rieurs<\/span><\/li>\n<li><span><span><span><span><\/span><\/span><\/span><\/span><span>\u00c9tude de la bascule pelvienne<\/span><\/li>\n<\/ul>\n<p>[\/et_pb_accordion_item][\/et_pb_accordion][\/et_pb_column][\/et_pb_row][\/et_pb_section][et_pb_section fb_built=\u00bb1&#8243; admin_label=\u00bbFeatures Section\u00bb module_id=\u00bbmamografo-b-brilliant\u00bb _builder_version=\u00bb4.27.4&#8243; background_color=\u00bb#FFFFFF\u00bb custom_margin=\u00bb|||\u00bb custom_padding=\u00bb|||\u00bb locked=\u00bboff\u00bb collapsed=\u00bbon\u00bb global_colors_info=\u00bb{}\u00bb][et_pb_row column_structure=\u00bb1_2,1_2&#8243; custom_padding_last_edited=\u00bbon|tablet\u00bb _builder_version=\u00bb4.16&#8243; custom_padding_tablet=\u00bb0px||0px|\u00bb custom_padding_phone=\u00bb\u00bb global_colors_info=\u00bb{}\u00bb][et_pb_column type=\u00bb1_2&#8243; _builder_version=\u00bb4.16&#8243; custom_padding=\u00bb|||\u00bb global_colors_info=\u00bb{}\u00bb custom_padding__hover=\u00bb|||\u00bb][et_pb_text _builder_version=\u00bb4.27.4&#8243; _module_preset=\u00bb4094b86a-6b04-400e-914c-dca5cd91b762&#8243; text_font_size=\u00bb25px\u00bb text_line_height=\u00bb2.2em\u00bb header_font_size=\u00bb77px\u00bb header_2_font=\u00bb&#8211;et_global_heading_font|700||on|||||\u00bb header_2_text_color=\u00bb#617179&#8243; header_2_letter_spacing=\u00bb1px\u00bb custom_margin=\u00bb||26px|||\u00bb custom_margin_tablet=\u00bb||26px|||\u00bb custom_margin_phone=\u00bb|0px|26px|0px|false|false\u00bb custom_margin_last_edited=\u00bbon|phone\u00bb custom_padding=\u00bb|||33px|false|false\u00bb custom_padding_tablet=\u00bb|0px||33px|false|false\u00bb custom_padding_phone=\u00bb|0px||33px|false|false\u00bb header_2_font_size_tablet=\u00bb\u00bb header_2_font_size_phone=\u00bb24px\u00bb header_2_font_size_last_edited=\u00bbon|phone\u00bb header_2_letter_spacing_tablet=\u00bb1px\u00bb header_2_letter_spacing_phone=\u00bb0px\u00bb header_2_letter_spacing_last_edited=\u00bbon|phone\u00bb border_width_left=\u00bb3px\u00bb border_color_left=\u00bb#C7A3DE\u00bb locked=\u00bboff\u00bb inline_fonts=\u00bbAboreto,Montserrat\u00bb global_colors_info=\u00bb{}\u00bb]<\/p>\n<h2 class=\"p1\"><b>MAMMOGRAPHE B BRILLIANT<\/b><\/h2>\n<p>[\/et_pb_text][et_pb_image src=\u00bbhttps:\/\/recoletasmarbella.com\/wp-content\/uploads\/2025\/03\/dxi-mamografo-b-brilliant-recoletas-marbella.jpg\u00bb title_text=\u00bbdxi-mamografo-b-brilliant-recoletas-marbella\u00bb _builder_version=\u00bb4.27.4&#8243; _module_preset=\u00bbdefault\u00bb global_colors_info=\u00bb{}\u00bb][\/et_pb_image][\/et_pb_column][et_pb_column type=\u00bb1_2&#8243; _builder_version=\u00bb4.16&#8243; custom_padding=\u00bb|||\u00bb global_colors_info=\u00bb{}\u00bb custom_padding__hover=\u00bb|||\u00bb][et_pb_text _builder_version=\u00bb4.27.4&#8243; _module_preset=\u00bbff347454-283e-426a-9660-28afbe1b5f05&#8243; locked=\u00bboff\u00bb global_colors_info=\u00bb{}\u00bb]<\/p>\n<p><strong>CARACT\u00c9RISTIQUES<\/strong><\/p>\n<p><strong><\/strong><\/p>\n<ul>\n<li>Tomosynth\u00e8se \u00e0 50\u00ba<\/li>\n<li>Vitesse de reconstruction &lt; 5 s<\/li>\n<li>Nouveau d\u00e9tecteur de platinum de 85 \u00b5m<\/li>\n<li>Mammographie synth\u00e9tique 2D et 3D<\/li>\n<li>Syst\u00e8me de r\u00e9duction de dose PRIME<\/li>\n<li>Syst\u00e8me de compression OPcom<\/li>\n<li>Densit\u00e9 mammaire<\/li>\n<li>\u00c9clairage du mammographe<\/li>\n<li>Accessoires : fauteuil inclinable.<\/li>\n<\/ul>\n<p>[\/et_pb_text][et_pb_text _builder_version=\u00bb4.27.4&#8243; _module_preset=\u00bb4094b86a-6b04-400e-914c-dca5cd91b762&#8243; text_font_size=\u00bb25px\u00bb text_line_height=\u00bb2.2em\u00bb header_font_size=\u00bb77px\u00bb header_2_font=\u00bb&#8211;et_global_heading_font|700||on|||||\u00bb header_2_text_color=\u00bb#FFFFFF\u00bb header_2_letter_spacing=\u00bb1px\u00bb header_3_font_size=\u00bb18px\u00bb custom_margin=\u00bb30px||30px||true|false\u00bb custom_padding=\u00bb14px|||33px|false|false\u00bb border_width_bottom=\u00bb2px\u00bb border_color_bottom=\u00bb#617179&#8243; border_color_left=\u00bb#C7A3DE\u00bb locked=\u00bboff\u00bb inline_fonts=\u00bbAboreto,Montserrat\u00bb global_colors_info=\u00bb{}\u00bb]<\/p>\n<h3 class=\"p1\"><b>EXAMENS<\/b><\/h3>\n<p>[\/et_pb_text][et_pb_accordion open_toggle_background_color=\u00bbRGBA(255,255,255,0)\u00bb closed_toggle_background_color=\u00bbRGBA(255,255,255,0)\u00bb icon_color=\u00bb#C7A3DE\u00bb _builder_version=\u00bb4.27.4&#8243; _module_preset=\u00bbdefault\u00bb toggle_text_color=\u00bb#617179&#8243; toggle_level=\u00bbh4&#8243; toggle_font=\u00bb&#8211;et_global_body_font|700|||||||\u00bb toggle_font_size=\u00bb17px\u00bb background_color=\u00bbrgba(220,204,221,0.32)\u00bb custom_margin=\u00bb-30px||0px||false|false\u00bb custom_padding=\u00bb20px||0px||false|false\u00bb toggle_font_size_tablet=\u00bb17px\u00bb toggle_font_size_phone=\u00bb15px\u00bb toggle_font_size_last_edited=\u00bbon|phone\u00bb border_radii=\u00bbon|15px|15px|15px|15px\u00bb border_width_all=\u00bb0px\u00bb border_color_all=\u00bb#FFFFFF\u00bb border_width_bottom=\u00bb2px\u00bb global_colors_info=\u00bb{}\u00bb][et_pb_accordion_item title=\u00bbMAMOGRAF\u00cdA\u00bb open=\u00bbon\u00bb _builder_version=\u00bb4.27.4&#8243; _module_preset=\u00bbdefault\u00bb global_colors_info=\u00bb{}\u00bb]<\/p>\n<ul>\n<li>Mammographie 2D<\/li>\n<li>Mammographie avec tomosynth\u00e8se 3D\u00a0<\/li>\n<\/ul>\n<p>[\/et_pb_accordion_item][\/et_pb_accordion][\/et_pb_column][\/et_pb_row][\/et_pb_section][et_pb_section fb_built=\u00bb1&#8243; admin_label=\u00bbFeatures Section\u00bb _builder_version=\u00bb4.27.4&#8243; background_color=\u00bb#DCCCDD\u00bb custom_margin=\u00bb|||\u00bb custom_padding=\u00bb|||\u00bb locked=\u00bboff\u00bb collapsed=\u00bbon\u00bb global_colors_info=\u00bb{}\u00bb][et_pb_row column_structure=\u00bb1_2,1_2&#8243; custom_padding_last_edited=\u00bbon|tablet\u00bb _builder_version=\u00bb4.16&#8243; custom_padding_tablet=\u00bb0px||0px|\u00bb custom_padding_phone=\u00bb\u00bb global_colors_info=\u00bb{}\u00bb][et_pb_column type=\u00bb1_2&#8243; _builder_version=\u00bb4.16&#8243; custom_padding=\u00bb|||\u00bb global_colors_info=\u00bb{}\u00bb custom_padding__hover=\u00bb|||\u00bb][et_pb_text _builder_version=\u00bb4.27.4&#8243; _module_preset=\u00bb4094b86a-6b04-400e-914c-dca5cd91b762&#8243; text_font_size=\u00bb25px\u00bb text_line_height=\u00bb2.2em\u00bb header_font_size=\u00bb77px\u00bb header_2_font=\u00bb&#8211;et_global_heading_font|700||on|||||\u00bb header_2_text_color=\u00bb#617179&#8243; header_2_letter_spacing=\u00bb1px\u00bb custom_margin=\u00bb||26px|||\u00bb custom_padding=\u00bb|||33px|false|false\u00bb custom_padding_tablet=\u00bb|0px||33px|false|false\u00bb custom_padding_phone=\u00bb|0px||33px|false|false\u00bb header_2_font_size_tablet=\u00bb\u00bb header_2_font_size_phone=\u00bb23px\u00bb header_2_font_size_last_edited=\u00bbon|phone\u00bb header_2_letter_spacing_tablet=\u00bb1px\u00bb header_2_letter_spacing_phone=\u00bb0px\u00bb header_2_letter_spacing_last_edited=\u00bbon|phone\u00bb border_width_left=\u00bb3px\u00bb border_color_left=\u00bb#C7A3DE\u00bb locked=\u00bboff\u00bb inline_fonts=\u00bbAboreto,Montserrat\u00bb global_colors_info=\u00bb{}\u00bb]<\/p>\n<h2 class=\"p1\"><b>\u00c9CHOGRAPHES ACUSON SEQUOIA PREMIUM <\/b><\/h2>\n<p>[\/et_pb_text][et_pb_image src=\u00bbhttps:\/\/recoletasmarbella.com\/wp-content\/uploads\/2025\/03\/dxi-ecografo-acuson-sequioia-recoletas-marbella.jpg\u00bb title_text=\u00bbdxi-ecografo-acuson-sequioia-recoletas-marbella\u00bb _builder_version=\u00bb4.27.4&#8243; _module_preset=\u00bbbb851f51-2fb6-4802-8bde-c1b602d5808d\u00bb custom_margin_tablet=\u00bb\u00bb custom_margin_phone=\u00bb\u00bb custom_margin_last_edited=\u00bbon|tablet\u00bb custom_padding=\u00bb121px||132px||false|false\u00bb custom_padding_tablet=\u00bb0px||0px||false|false\u00bb custom_padding_phone=\u00bb0px||0px||false|false\u00bb custom_padding_last_edited=\u00bbon|tablet\u00bb global_colors_info=\u00bb{}\u00bb][\/et_pb_image][\/et_pb_column][et_pb_column type=\u00bb1_2&#8243; _builder_version=\u00bb4.16&#8243; custom_padding=\u00bb|||\u00bb global_colors_info=\u00bb{}\u00bb custom_padding__hover=\u00bb|||\u00bb][et_pb_text _builder_version=\u00bb4.27.4&#8243; _module_preset=\u00bb4094b86a-6b04-400e-914c-dca5cd91b762&#8243; text_font_size=\u00bb25px\u00bb text_line_height=\u00bb2.2em\u00bb header_font_size=\u00bb77px\u00bb header_2_font=\u00bb&#8211;et_global_heading_font|700||on|||||\u00bb header_2_text_color=\u00bb#FFFFFF\u00bb header_2_letter_spacing=\u00bb1px\u00bb header_3_font_size=\u00bb18px\u00bb custom_margin=\u00bb2px||2px||true|false\u00bb custom_padding=\u00bb14px|||33px|false|false\u00bb border_width_bottom=\u00bb2px\u00bb border_color_bottom=\u00bb#617179&#8243; border_color_left=\u00bb#C7A3DE\u00bb locked=\u00bboff\u00bb inline_fonts=\u00bbAboreto,Montserrat\u00bb global_colors_info=\u00bb{}\u00bb]<\/p>\n<h3 class=\"p1\"><b>EXAMENS<\/b><\/h3>\n<p>[\/et_pb_text][et_pb_accordion open_toggle_background_color=\u00bbRGBA(255,255,255,0)\u00bb closed_toggle_background_color=\u00bbRGBA(255,255,255,0)\u00bb icon_color=\u00bb#C7A3DE\u00bb _builder_version=\u00bb4.27.4&#8243; _module_preset=\u00bbdefault\u00bb toggle_text_color=\u00bb#617179&#8243; toggle_level=\u00bbh4&#8243; toggle_font=\u00bb&#8211;et_global_body_font|700|||||||\u00bb toggle_font_size=\u00bb17px\u00bb background_color=\u00bbrgba(242,242,242,0.3)\u00bb custom_margin=\u00bb0px||0px||true|false\u00bb custom_padding=\u00bb21px||0px||false|false\u00bb toggle_font_size_tablet=\u00bb17px\u00bb toggle_font_size_phone=\u00bb15px\u00bb toggle_font_size_last_edited=\u00bbon|phone\u00bb border_radii=\u00bbon|15px|15px|15px|15px\u00bb border_width_all=\u00bb0px\u00bb border_color_all=\u00bb#FFFFFF\u00bb border_width_bottom=\u00bb2px\u00bb global_colors_info=\u00bb{}\u00bb][et_pb_accordion_item title=\u00bbCR\u00c1NEO, CUELLO, PARTES BLANDAS Y MUSCULOESQUEL\u00c9TICA\u00bb open=\u00bbon\u00bb _builder_version=\u00bb4.27.4&#8243; _module_preset=\u00bbdefault\u00bb custom_margin_tablet=\u00bb|0px|||false|false\u00bb custom_margin_phone=\u00bb|0px|||false|false\u00bb custom_margin_last_edited=\u00bbon|tablet\u00bb custom_padding_tablet=\u00bb|0px|||false|false\u00bb custom_padding_phone=\u00bb|0px|||false|false\u00bb custom_padding_last_edited=\u00bbon|tablet\u00bb global_colors_info=\u00bb{}\u00bb toggle_font=\u00bb&#8211;et_global_body_font|700|||||||\u00bb toggle_line_height_tablet=\u00bb1.2em\u00bb toggle_line_height_phone=\u00bb1.2em\u00bb toggle_line_height_last_edited=\u00bbon|tablet\u00bb]<\/p>\n<ul>\n<li>\u00c9chographie du cou (thyro\u00efde, parotide, sous-maxillaire)<\/li>\n<li>\u00c9chographie du plexus brachial<\/li>\n<li>\u00c9chographie musculaire<\/li>\n<li>\u00c9chographie du scrotum et du p\u00e9nis<\/li>\n<li>\u00c9chographie mammaire et axillaire<\/li>\n<li>\u00c9chographie transfontanellaire<\/li>\n<li>\u00c9chographie de la maturation de l'os de la hanche<\/li>\n<li>\u00c9chographie des articulations<\/li>\n<\/ul>\n<p>[\/et_pb_accordion_item][et_pb_accordion_item title=\u00bbECO ABDOMEN Y PELVIS\u00bb _builder_version=\u00bb4.27.4&#8243; _module_preset=\u00bbdefault\u00bb global_colors_info=\u00bb{}\u00bb open=\u00bboff\u00bb]<\/p>\n<ul>\n<li>\u00c9chographie abdominale compl\u00e8te<\/li>\n<li>\u00c9chographie de l'appareil urinaire (vessie-reins)<\/li>\n<li>\u00c9chographie pelvienne et abdomino-pelvienne<\/li>\n<\/ul>\n<p>[\/et_pb_accordion_item][et_pb_accordion_item title=\u00bbECO DOPPLER\u00bb _builder_version=\u00bb4.27.4&#8243; _module_preset=\u00bbdefault\u00bb global_colors_info=\u00bb{}\u00bb open=\u00bboff\u00bb]<\/p>\n<ul>\n<li>\u00c9cho-doppler des troncs supra-aortiques<\/li>\n<li>\u00c9cho-doppler des membres sup\u00e9rieurs et inf\u00e9rieurs (art\u00e9rielle et veineuse)<\/li>\n<li>\u00c9cho-doppler r\u00e9nale<\/li>\n<li>\u00c9cho-doppler h\u00e9patique et aorto-iliaque<\/li>\n<\/ul>\n<p>[\/et_pb_accordion_item][et_pb_accordion_item title=\u00bbECO CON T\u00c9CNICAS COMPLEMENTARIAS\u00bb _builder_version=\u00bb4.27.4&#8243; _module_preset=\u00bbdefault\u00bb global_colors_info=\u00bb{}\u00bb open=\u00bboff\u00bb]<\/p>\n<ul>\n<li>\u00c9lastographie ou FibroScan<\/li>\n<li>\u00c9chographie avec contraste. Elle doit \u00eatre r\u00e9alis\u00e9e avec un agent sp\u00e9cifique (Sonovue).<\/li>\n<li>\u00c9chocystographie<\/li>\n<\/ul>\n<p>[\/et_pb_accordion_item][\/et_pb_accordion][\/et_pb_column][\/et_pb_row][\/et_pb_section][et_pb_section fb_built=\u00bb1&#8243; admin_label=\u00bbFeatures Section\u00bb module_id=\u00bbdensitometro-horizon\u00bb _builder_version=\u00bb4.27.4&#8243; background_color=\u00bb#FFFFFF\u00bb custom_margin=\u00bb|||\u00bb custom_padding=\u00bb|||\u00bb locked=\u00bboff\u00bb collapsed=\u00bbon\u00bb global_colors_info=\u00bb{}\u00bb][et_pb_row column_structure=\u00bb1_2,1_2&#8243; custom_padding_last_edited=\u00bbon|tablet\u00bb _builder_version=\u00bb4.16&#8243; custom_padding_tablet=\u00bb0px||0px|\u00bb custom_padding_phone=\u00bb\u00bb global_colors_info=\u00bb{}\u00bb][et_pb_column type=\u00bb1_2&#8243; _builder_version=\u00bb4.16&#8243; custom_padding=\u00bb|||\u00bb global_colors_info=\u00bb{}\u00bb custom_padding__hover=\u00bb|||\u00bb][et_pb_text _builder_version=\u00bb4.27.4&#8243; _module_preset=\u00bbff347454-283e-426a-9660-28afbe1b5f05&#8243; text_font_size=\u00bb25px\u00bb text_line_height=\u00bb2.2em\u00bb header_font_size=\u00bb77px\u00bb header_2_font=\u00bb&#8211;et_global_heading_font|700||on|||||\u00bb header_2_text_color=\u00bb#617179&#8243; header_2_font_size=\u00bb33px\u00bb header_2_letter_spacing=\u00bb1px\u00bb custom_margin=\u00bb||26px|||\u00bb custom_margin_tablet=\u00bb||26px|||\u00bb custom_margin_phone=\u00bb|0px||0px|false|false\u00bb custom_margin_last_edited=\u00bbon|tablet\u00bb custom_padding=\u00bb|||33px|false|false\u00bb custom_padding_tablet=\u00bb|0px||33px|false|false\u00bb custom_padding_phone=\u00bb|0px|||false|false\u00bb header_2_font_size_tablet=\u00bb33px\u00bb header_2_font_size_phone=\u00bb24px\u00bb header_2_font_size_last_edited=\u00bbon|phone\u00bb header_2_letter_spacing_tablet=\u00bb1px\u00bb header_2_letter_spacing_phone=\u00bb0px\u00bb header_2_letter_spacing_last_edited=\u00bbon|phone\u00bb border_width_left=\u00bb3px\u00bb border_color_left=\u00bb#C7A3DE\u00bb locked=\u00bboff\u00bb inline_fonts=\u00bbAboreto,Montserrat\u00bb global_colors_info=\u00bb{}\u00bb]<\/p>\n<h2 class=\"p1\"><b>DENSITOM\u00c8TRE HORIZON CI<\/b><\/h2>\n<p>[\/et_pb_text][et_pb_image src=\u00bbhttps:\/\/recoletasmarbella.com\/wp-content\/uploads\/2025\/03\/icono-densitometro-marbella.jpg\u00bb alt=\u00bbEquipamientos tecnologico. Hospital Recoletas Marbella\u00bb title_text=\u00bbicono-densitometro-marbella\u00bb _builder_version=\u00bb4.27.4&#8243; _module_preset=\u00bbdefault\u00bb width=\u00bb70%\u00bb module_alignment=\u00bbcenter\u00bb global_colors_info=\u00bb{}\u00bb][\/et_pb_image][\/et_pb_column][et_pb_column type=\u00bb1_2&#8243; _builder_version=\u00bb4.16&#8243; custom_padding=\u00bb|||\u00bb global_colors_info=\u00bb{}\u00bb custom_padding__hover=\u00bb|||\u00bb][et_pb_text _builder_version=\u00bb4.27.4&#8243; _module_preset=\u00bb4094b86a-6b04-400e-914c-dca5cd91b762&#8243; text_font_size=\u00bb25px\u00bb text_line_height=\u00bb2.2em\u00bb header_font_size=\u00bb77px\u00bb header_2_font=\u00bb&#8211;et_global_heading_font|700||on|||||\u00bb header_2_text_color=\u00bb#FFFFFF\u00bb header_2_letter_spacing=\u00bb1px\u00bb header_3_font_size=\u00bb18px\u00bb custom_margin=\u00bb1px||1px||true|false\u00bb custom_padding=\u00bb14px|||33px|false|false\u00bb border_width_bottom=\u00bb2px\u00bb border_color_bottom=\u00bb#617179&#8243; border_color_left=\u00bb#C7A3DE\u00bb locked=\u00bboff\u00bb inline_fonts=\u00bbAboreto,Montserrat\u00bb global_colors_info=\u00bb{}\u00bb]<\/p>\n<h3 class=\"p1\"><b>EXAMENS<\/b><\/h3>\n<p>[\/et_pb_text][et_pb_accordion open_toggle_background_color=\u00bbRGBA(255,255,255,0)\u00bb closed_toggle_background_color=\u00bbRGBA(255,255,255,0)\u00bb icon_color=\u00bb#C7A3DE\u00bb _builder_version=\u00bb4.27.4&#8243; _module_preset=\u00bbdefault\u00bb toggle_text_color=\u00bb#617179&#8243; toggle_level=\u00bbh4&#8243; toggle_font=\u00bb|700|||||||\u00bb toggle_font_size=\u00bb17px\u00bb background_color=\u00bbrgba(220,204,221,0.32)\u00bb custom_margin=\u00bb0px||0px||true|false\u00bb custom_padding=\u00bb21px||0px||false|false\u00bb border_radii=\u00bbon|15px|15px|15px|15px\u00bb border_width_all=\u00bb0px\u00bb border_color_all=\u00bb#FFFFFF\u00bb border_width_bottom=\u00bb2px\u00bb global_colors_info=\u00bb{}\u00bb][et_pb_accordion_item title=\u00bbDENSIT\u00d3METRO\u00bb open=\u00bbon\u00bb _builder_version=\u00bb4.27.4&#8243; _module_preset=\u00bbdefault\u00bb global_colors_info=\u00bb{}\u00bb]<\/p>\n<ul>\n<li>Vert\u00e9brale<\/li>\n<li>Hanches<\/li>\n<li>Densitom\u00e9trie p\u00e9diatrique<\/li>\n<\/ul>\n<p>[\/et_pb_accordion_item][\/et_pb_accordion][\/et_pb_column][\/et_pb_row][\/et_pb_section][et_pb_section fb_built=\u00bb1&#8243; custom_padding_last_edited=\u00bbon|tablet\u00bb admin_label=\u00bbCall to action &#8211; Comillas\u00bb _builder_version=\u00bb4.27.4&#8243; _module_preset=\u00bbdefault\u00bb background_color=\u00bb#617179&#8243; background_enable_image=\u00bboff\u00bb custom_margin=\u00bb0px||0px||true|false\u00bb custom_margin_tablet=\u00bb\u00bb custom_margin_phone=\u00bb\u00bb custom_margin_last_edited=\u00bbon|phone\u00bb custom_padding=\u00bb20px||39px||false|false\u00bb custom_padding_tablet=\u00bb18px||0px||false|false\u00bb custom_padding_phone=\u00bb|||9px|false|false\u00bb global_module=\u00bb286804&#8243; saved_tabs=\u00bball\u00bb locked=\u00bboff\u00bb collapsed=\u00bbon\u00bb global_colors_info=\u00bb%91%93&#8243;][et_pb_row column_structure=\u00bb1_4,1_2,1_4&#8243; use_custom_gutter=\u00bbon\u00bb make_equal=\u00bbon\u00bb custom_padding_last_edited=\u00bbon|tablet\u00bb _builder_version=\u00bb4.27.4&#8243; _module_preset=\u00bbdefault\u00bb width=\u00bb90%\u00bb max_width=\u00bb100%\u00bb custom_padding=\u00bb44px||48px|39px|false|false\u00bb custom_padding_tablet=\u00bb6px||31px|55px|false|false\u00bb custom_padding_phone=\u00bb11px|19px|17px|20px|false|false\u00bb locked=\u00bboff\u00bb global_colors_info=\u00bb{}\u00bb][et_pb_column type=\u00bb1_4&#8243; _builder_version=\u00bb4.27.2&#8243; _module_preset=\u00bbdefault\u00bb global_colors_info=\u00bb{}\u00bb][et_pb_image src=\u00bbhttps:\/\/recoletasmarbella.com\/wp-content\/uploads\/2025\/01\/comillas-instituto-dermoestetica-recoletas-salud.png\u00bb title_text=\u00bbcomillas-instituto-dermoestetica-recoletas-salud\u00bb align_tablet=\u00bbleft\u00bb align_phone=\u00bbleft\u00bb align_last_edited=\u00bbon|phone\u00bb _builder_version=\u00bb4.27.4&#8243; _module_preset=\u00bbdefault\u00bb width=\u00bb100%\u00bb width_tablet=\u00bb20%\u00bb width_phone=\u00bb30%\u00bb width_last_edited=\u00bbon|phone\u00bb custom_margin=\u00bb5px||0px|36px|false|false\u00bb custom_margin_tablet=\u00bb33px||-23px|0px|false|false\u00bb custom_margin_phone=\u00bb42px||-32px|-2px|false|false\u00bb custom_margin_last_edited=\u00bbon|phone\u00bb global_colors_info=\u00bb{}\u00bb][\/et_pb_image][\/et_pb_column][et_pb_column type=\u00bb1_2&#8243; _builder_version=\u00bb4.22.1&#8243; _module_preset=\u00bbdefault\u00bb global_colors_info=\u00bb{}\u00bb][et_pb_text _builder_version=\u00bb4.27.4&#8243; _module_preset=\u00bbff347454-283e-426a-9660-28afbe1b5f05&#8243; text_font=\u00bbMontserrat||||||||\u00bb header_2_text_color=\u00bb#FFFFFF\u00bb header_3_text_color=\u00bb#FFFFFF\u00bb transform_scale_tablet=\u00bb\u00bb transform_scale_phone=\u00bb\u00bb transform_scale_last_edited=\u00bbon|tablet\u00bb transform_translate=\u00bb-84px|0px\u00bb transform_translate_tablet=\u00bb0px|0px\u00bb transform_translate_phone=\u00bb0px|0px\u00bb transform_translate_last_edited=\u00bbon|tablet\u00bb transform_translate_linked_tablet=\u00bboff\u00bb transform_rotate_tablet=\u00bb\u00bb transform_rotate_phone=\u00bb\u00bb transform_rotate_last_edited=\u00bbon|tablet\u00bb transform_skew_tablet=\u00bb\u00bb transform_skew_phone=\u00bb\u00bb transform_skew_last_edited=\u00bbon|tablet\u00bb transform_origin_tablet=\u00bb\u00bb transform_origin_phone=\u00bb\u00bb transform_origin_last_edited=\u00bbon|tablet\u00bb transform_styles_last_edited=\u00bbon|tablet\u00bb custom_margin=\u00bb19px||10px||false|false\u00bb custom_margin_tablet=\u00bb-102px||10px|164px|false|false\u00bb custom_margin_phone=\u00bb-58px|||112px|false|false\u00bb custom_margin_last_edited=\u00bbon|phone\u00bb custom_padding=\u00bb|0px|0px|0px|false|true\u00bb header_3_font_size_tablet=\u00bb\u00bb header_3_font_size_phone=\u00bb20px\u00bb header_3_font_size_last_edited=\u00bbon|phone\u00bb transform_styles_tablet=\u00bb\u00bb transform_styles_phone=\u00bb\u00bb global_colors_info=\u00bb{}\u00bb]<\/p>\n<h3><b>RECOLETAS SALUD MARBELLA<\/b><\/h3>\n<p>[\/et_pb_text][et_pb_text _builder_version=\u00bb4.27.4&#8243; _module_preset=\u00bbff347454-283e-426a-9660-28afbe1b5f05&#8243; text_font_size=\u00bb25px\u00bb text_line_height=\u00bb2.2em\u00bb header_text_color=\u00bb#C7A3DE\u00bb header_font_size=\u00bb77px\u00bb header_2_text_color=\u00bb#FFFFFF\u00bb header_2_letter_spacing=\u00bb0px\u00bb transform_scale_tablet=\u00bb\u00bb transform_scale_phone=\u00bb\u00bb transform_scale_last_edited=\u00bbon|tablet\u00bb transform_translate=\u00bb-84px|0px\u00bb transform_translate_tablet=\u00bb0px|0px\u00bb transform_translate_phone=\u00bb0px|0px\u00bb transform_translate_last_edited=\u00bbon|phone\u00bb transform_translate_linked=\u00bboff\u00bb transform_rotate_tablet=\u00bb\u00bb transform_rotate_phone=\u00bb\u00bb transform_rotate_last_edited=\u00bbon|tablet\u00bb transform_skew_tablet=\u00bb\u00bb transform_skew_phone=\u00bb\u00bb transform_skew_last_edited=\u00bbon|tablet\u00bb transform_origin_tablet=\u00bb\u00bb transform_origin_phone=\u00bb\u00bb transform_origin_last_edited=\u00bbon|tablet\u00bb transform_styles_last_edited=\u00bbon|phone\u00bb custom_margin=\u00bb|132px||0px|false|false\u00bb custom_margin_tablet=\u00bb-12px|110px||163px|false|false\u00bb custom_margin_phone=\u00bb-5px|2px||0px|false|false\u00bb custom_margin_last_edited=\u00bbon|desktop\u00bb custom_padding=\u00bb|0px||0px|false|false\u00bb custom_padding_tablet=\u00bb|0px||0px|false|false\u00bb custom_padding_phone=\u00bb|0px|||false|false\u00bb custom_padding_last_edited=\u00bbon|desktop\u00bb header_2_font_size_tablet=\u00bb30px\u00bb header_2_font_size_phone=\u00bb25px\u00bb header_2_font_size_last_edited=\u00bbon|phone\u00bb transform_styles_tablet=\u00bb\u00bb transform_styles_phone=\u00bb\u00bb inline_fonts=\u00bbAboreto,Montserrat\u00bb global_colors_info=\u00bb{}\u00bb]<\/p>\n<h2>NOUS AVONS PLUS DE 18 SP\u00c9CIALIT\u00c9S<\/h2>\n<p>[\/et_pb_text][\/et_pb_column][et_pb_column type=\u00bb1_4&#8243; _builder_version=\u00bb4.27.4&#8243; _module_preset=\u00bbdefault\u00bb global_colors_info=\u00bb{}\u00bb][et_pb_button button_url=\u00bb@ET-DC@eyJkeW5hbWljIjp0cnVlLCJjb250ZW50IjoicG9zdF9saW5rX3VybF9wYWdlIiwic2V0dGluZ3MiOnsicG9zdF9pZCI6IjI4NjYwNyJ9fQ==@\u00bb button_text=\u00bbVER ESPECIALIDADES\u00bb button_alignment=\u00bbcenter\u00bb button_alignment_tablet=\u00bbcenter\u00bb button_alignment_phone=\u00bbcenter\u00bb button_alignment_last_edited=\u00bbon|phone\u00bb _builder_version=\u00bb4.27.4&#8243; _dynamic_attributes=\u00bbbutton_url\u00bb _module_preset=\u00bb675490e3-0089-406a-bcdb-120afc2b432a\u00bb button_text_size=\u00bb12px\u00bb button_bg_color=\u00bb#C7A3DE\u00bb button_border_radius=\u00bb8px\u00bb button_letter_spacing=\u00bb1px\u00bb button_font=\u00bb&#8211;et_global_heading_font||||||||\u00bb custom_margin=\u00bb53px||||false|false\u00bb custom_margin_tablet=\u00bb0px||30px||false|false\u00bb custom_margin_phone=\u00bb0px||40px|3px|false|false\u00bb custom_margin_last_edited=\u00bbon|tablet\u00bb custom_padding=\u00bb12px|27px|12px|27px|true|true\u00bb custom_padding_tablet=\u00bb\u00bb custom_padding_phone=\u00bb12px|20px|12px|20px|true|true\u00bb custom_padding_last_edited=\u00bbon|phone\u00bb locked=\u00bboff\u00bb global_colors_info=\u00bb{}\u00bb][\/et_pb_button][\/et_pb_column][\/et_pb_row][\/et_pb_section][et_pb_section fb_built=\u00bb1&#8243; custom_padding_last_edited=\u00bbon|tablet\u00bb admin_label=\u00bbCarrousel Especialidades Footer\u00bb _builder_version=\u00bb4.27.4&#8243; _module_preset=\u00bbf5c4057e-a1bb-4e7e-aeee-e3f81f16a896&#8243; background_color=\u00bb#F2F2F2&#8243; custom_margin=\u00bb0px||0px||true|false\u00bb custom_padding=\u00bb60px||60px||true|false\u00bb custom_padding_tablet=\u00bb50px||50px|0px|true|false\u00bb custom_padding_phone=\u00bb30px||50px||false|false\u00bb global_module=\u00bb286167&#8243; saved_tabs=\u00bball\u00bb locked=\u00bboff\u00bb collapsed=\u00bbon\u00bb global_colors_info=\u00bb%91%93&#8243;][et_pb_row _builder_version=\u00bb4.27.4&#8243; _module_preset=\u00bbdefault\u00bb custom_margin=\u00bb||0px||false|false\u00bb custom_padding=\u00bb||0px||false|false\u00bb global_colors_info=\u00bb{}\u00bb][et_pb_column type=\u00bb4_4&#8243; _builder_version=\u00bb4.27.4&#8243; _module_preset=\u00bbdefault\u00bb global_colors_info=\u00bb{}\u00bb][et_pb_text _builder_version=\u00bb4.27.4&#8243; _module_preset=\u00bbb20293d3-7e7e-4718-8a41-9d40e20be87b\u00bb header_2_font=\u00bb&#8211;et_global_heading_font|800||on|||||\u00bb header_2_font_size=\u00bb30px\u00bb header_2_letter_spacing=\u00bb0px\u00bb header_2_line_height=\u00bb1em\u00bb header_4_text_color=\u00bb#C7A3DE\u00bb width_tablet=\u00bb\u00bb width_phone=\u00bbauto\u00bb width_last_edited=\u00bbon|phone\u00bb max_width=\u00bb379px\u00bb max_width_tablet=\u00bb379px\u00bb max_width_phone=\u00bb100%\u00bb max_width_last_edited=\u00bbon|phone\u00bb module_alignment=\u00bbcenter\u00bb custom_padding=\u00bb|30px||30px|false|true\u00bb header_2_font_size_tablet=\u00bb30px\u00bb header_2_font_size_phone=\u00bb26px\u00bb header_2_font_size_last_edited=\u00bbon|phone\u00bb header_2_letter_spacing_tablet=\u00bb0px\u00bb header_2_letter_spacing_phone=\u00bb0px\u00bb header_2_letter_spacing_last_edited=\u00bbon|desktop\u00bb border_width_right=\u00bb2px\u00bb border_color_right=\u00bb#C7A3DE\u00bb border_width_left=\u00bb2px\u00bb border_color_left=\u00bb#C7A3DE\u00bb locked=\u00bboff\u00bb global_colors_info=\u00bb{}\u00bb]<\/p>\n<h3 style=\"text-align: center;\">sp\u00e9cialit\u00e9s<\/h3>\n<h2 style=\"text-align: center;\" class=\" translation-block\"><span>Comment pouvons-nous vous aider ?<\/h2>\n<p>[\/et_pb_text][dica_divi_carousel loop=\u00bbon\u00bb autoplay=\u00bbon\u00bb hoverpause=\u00bbon\u00bb scroller_effect=\u00bbon\u00bb arrow_nav=\u00bbon\u00bb dot_nav=\u00bbon\u00bb advanced_effect=\u00bb1&#8243; arrow_nav_color=\u00bb#C7A3DE\u00bb arrow_bg_color=\u00bbRGBA(255,255,255,0)\u00bb dots_active_color=\u00bb#C7A3DE\u00bb overlay_color_field_bgcolor=\u00bbrgba(255,255,255,0.85)\u00bb title_background=\u00bbRGBA(255,255,255,0)\u00bb subtitle_background=\u00bbRGBA(255,255,255,0)\u00bb arrow_position=\u00bbmiddle-outside\u00bb arrow_font_size=\u00bb50px\u00bb carousel_container_padding=\u00bb||||false|false\u00bb innercontent_padding=\u00bb||23px||false|false\u00bb innercontent_padding_tablet=\u00bb||25px||false|false\u00bb innercontent_padding_phone=\u00bb\u00bb innercontent_padding_last_edited=\u00bbon|tablet\u00bb _builder_version=\u00bb4.27.4&#8243; _module_preset=\u00bbdefault\u00bb title_font=\u00bb&#8211;et_global_body_font|700||on|||||\u00bb title_text_align=\u00bbcenter\u00bb title_text_color=\u00bb#FFFFFF\u00bb title_font_size=\u00bb14px\u00bb title_letter_spacing=\u00bb1px\u00bb subtitle_text_align=\u00bbcenter\u00bb module_alignment=\u00bbcenter\u00bb custom_margin_tablet=\u00bb0px||0px||false|false\u00bb custom_margin_phone=\u00bb\u00bb custom_margin_last_edited=\u00bbon|tablet\u00bb custom_padding_tablet=\u00bb0px||0px||false|false\u00bb custom_padding_phone=\u00bb\u00bb custom_padding_last_edited=\u00bbon|tablet\u00bb global_colors_info=\u00bb{}\u00bb][dica_divi_carouselitem title=\u00bbAnestesia y cuidados intensivos\u00bb button_url_new_window=\u00bb1&#8243; image_position=\u00bbimage_under_title\u00bb rating_alignment=\u00bbcenter\u00bb image_padding=\u00bb||||false|false\u00bb content_padding=\u00bb205px|18px|28px|18px|false|true\u00bb content_padding_tablet=\u00bb\u00bb content_padding_phone=\u00bb\u00bb content_padding_last_edited=\u00bbon|tablet\u00bb button_margin=\u00bb||||false|false\u00bb button_padding=\u00bb||||false|false\u00bb _builder_version=\u00bb4.27.4&#8243; _dynamic_attributes=\u00bblink_option_url\u00bb _module_preset=\u00bbdefault\u00bb header_level=\u00bbh3&#8243; header_font=\u00bb&#8211;et_global_heading_font|||on|||||\u00bb header_text_align=\u00bbcenter\u00bb header_line_height=\u00bb1.1em\u00bb subtitle_text_align=\u00bbcenter\u00bb body_text_align=\u00bbcenter\u00bb background_enable_color=\u00bboff\u00bb use_background_color_gradient=\u00bbon\u00bb background_color_gradient_direction=\u00bb360deg\u00bb background_color_gradient_stops=\u00bbrgba(90,99,106,0.86) 17%|rgba(255,255,255,0) 40%|rgba(255, 255, 255, 0) 57%\u00bb background_image=\u00bbhttps:\/\/recoletasmarbella.com\/wp-content\/uploads\/2025\/03\/recoletas_marbella_anestesia-4.jpg\u00bb background_enable_image=\u00bbon\u00bb background_blend=\u00bbmultiply\u00bb button_alignment=\u00bbcenter\u00bb filter_saturate=\u00bb133%\u00bb filter_brightness=\u00bb107%\u00bb filter_sepia=\u00bb1%\u00bb link_option_url=\u00bb@ET-DC@eyJkeW5hbWljIjp0cnVlLCJjb250ZW50IjoicG9zdF9saW5rX3VybF9wYWdlIiwic2V0dGluZ3MiOnsicG9zdF9pZCI6IjI4MzY0NCJ9fQ==@\u00bb border_radii_item=\u00bbon|13px|13px|13px|13px\u00bb global_colors_info=\u00bb{}\u00bb][\/dica_divi_carouselitem][dica_divi_carouselitem title=\u00bbCARDIOLOG\u00cdA \u00bb field_enable_content_limit=\u00bboff\u00bb button_url_new_window=\u00bb1&#8243; image_position=\u00bbimage_under_title\u00bb rating_alignment=\u00bbcenter\u00bb image_padding=\u00bb||||false|false\u00bb content_padding=\u00bb205px|18px|44px|18px|false|true\u00bb content_padding_tablet=\u00bb||44px||false|true\u00bb content_padding_phone=\u00bb\u00bb content_padding_last_edited=\u00bbon|tablet\u00bb button_margin=\u00bb||||false|false\u00bb button_padding=\u00bb||||false|false\u00bb custom_padding=\u00bb||||false|false\u00bb custom_padding_tablet=\u00bb||15px||false|false\u00bb custom_padding_phone=\u00bb\u00bb custom_padding_last_edited=\u00bbon|tablet\u00bb _builder_version=\u00bb4.27.4&#8243; _dynamic_attributes=\u00bblink_option_url\u00bb _module_preset=\u00bbdefault\u00bb header_font=\u00bb&#8211;et_global_heading_font|||on|||||\u00bb header_text_align=\u00bbcenter\u00bb header_text_color=\u00bb#FFFFFF\u00bb header_line_height=\u00bb1em\u00bb background_enable_color=\u00bboff\u00bb use_background_color_gradient=\u00bbon\u00bb background_color_gradient_direction=\u00bb360deg\u00bb background_color_gradient_stops=\u00bbrgba(90,99,106,0.86) 16%|rgba(255,255,255,0) 46%\u00bb background_image=\u00bbhttps:\/\/recoletasmarbella.com\/wp-content\/uploads\/2025\/03\/recoletas_marbella_cardiologia-3.jpg\u00bb background_enable_image=\u00bbon\u00bb background_blend=\u00bbmultiply\u00bb child_filter_brightness=\u00bb0%\u00bb link_option_url=\u00bb@ET-DC@eyJkeW5hbWljIjp0cnVlLCJjb250ZW50IjoicG9zdF9saW5rX3VybF9wYWdlIiwic2V0dGluZ3MiOnsicG9zdF9pZCI6IjI4NTg4OCJ9fQ==@\u00bb header_text_align_tablet=\u00bbcenter\u00bb header_text_align_last_edited=\u00bboff|tablet\u00bb header_text_color_tablet=\u00bb\u00bb header_text_color_phone=\u00bb\u00bb header_text_color_last_edited=\u00bbon|tablet\u00bb border_radii_item=\u00bbon|13px|13px|13px|13px\u00bb global_colors_info=\u00bb{}\u00bb][\/dica_divi_carouselitem][dica_divi_carouselitem title=\u00bbCIRUG\u00cdA GENERAL Y DIGESTIVA\u00bb button_url_new_window=\u00bb1&#8243; image_position=\u00bbimage_under_title\u00bb image_padding=\u00bb||||false|false\u00bb content_padding=\u00bb205px|18px|44px|18px|false|true\u00bb content_padding_tablet=\u00bb205px|18px|28px|18px|false|true\u00bb content_padding_phone=\u00bb\u00bb content_padding_last_edited=\u00bbon|tablet\u00bb button_margin=\u00bb||||false|false\u00bb button_padding=\u00bb||||false|false\u00bb _builder_version=\u00bb4.27.4&#8243; _dynamic_attributes=\u00bblink_option_url\u00bb _module_preset=\u00bbdefault\u00bb header_line_height=\u00bb1.1em\u00bb background_enable_color=\u00bboff\u00bb use_background_color_gradient=\u00bbon\u00bb background_color_gradient_direction=\u00bb360deg\u00bb background_color_gradient_stops=\u00bbrgba(90,99,106,0.86) 14%|rgba(255,255,255,0) 43%\u00bb background_image=\u00bbhttps:\/\/recoletasmarbella.com\/wp-content\/uploads\/2025\/03\/recoletas_marbella_cirugia_digestiva.jpg\u00bb background_enable_image=\u00bbon\u00bb background_blend=\u00bbmultiply\u00bb filter_saturate=\u00bb116%\u00bb filter_sepia=\u00bb4%\u00bb link_option_url=\u00bb@ET-DC@eyJkeW5hbWljIjp0cnVlLCJjb250ZW50IjoicG9zdF9saW5rX3VybF9wYWdlIiwic2V0dGluZ3MiOnsicG9zdF9pZCI6IjI4NTk0NSJ9fQ==@\u00bb border_radii_item=\u00bbon|13px|13px|13px|13px\u00bb global_colors_info=\u00bb{}\u00bb][\/dica_divi_carouselitem][dica_divi_carouselitem title=\u00bbCirug\u00eda Pl\u00e1stica y Est\u00e9tica\u00bb button_url_new_window=\u00bb1&#8243; image_position=\u00bbimage_under_title\u00bb image_padding=\u00bb||||false|false\u00bb content_padding=\u00bb205px|18px|44px|18px|false|true\u00bb button_margin=\u00bb||||false|false\u00bb button_padding=\u00bb||||false|false\u00bb _builder_version=\u00bb4.27.4&#8243; _dynamic_attributes=\u00bblink_option_url\u00bb _module_preset=\u00bbdefault\u00bb header_line_height=\u00bb1.1em\u00bb background_enable_color=\u00bboff\u00bb use_background_color_gradient=\u00bbon\u00bb background_color_gradient_direction=\u00bb360deg\u00bb background_color_gradient_stops=\u00bbrgba(90,99,106,0.86) 15%|rgba(255,255,255,0) 45%\u00bb background_image=\u00bbhttps:\/\/recoletasmarbella.com\/wp-content\/uploads\/2025\/03\/recoletas_marbella_cirugia-plastica-3.jpg\u00bb background_enable_image=\u00bbon\u00bb background_blend=\u00bbmultiply\u00bb filter_saturate=\u00bb113%\u00bb filter_brightness=\u00bb101%\u00bb link_option_url=\u00bb@ET-DC@eyJkeW5hbWljIjp0cnVlLCJjb250ZW50IjoicG9zdF9saW5rX3VybF9wYWdlIiwic2V0dGluZ3MiOnsicG9zdF9pZCI6IjI4NDkwNiJ9fQ==@\u00bb border_radii_item=\u00bbon|13px|13px|13px|13px\u00bb global_colors_info=\u00bb{}\u00bb][\/dica_divi_carouselitem][dica_divi_carouselitem title=\u00bbGinecolog\u00eda y Obstetricia\u00bb button_url_new_window=\u00bb1&#8243; image_position=\u00bbimage_under_title\u00bb image_padding=\u00bb||||false|false\u00bb content_padding=\u00bb205px|18px|44px|18px|false|true\u00bb button_margin=\u00bb||||false|false\u00bb button_padding=\u00bb||||false|false\u00bb _builder_version=\u00bb4.27.4&#8243; _dynamic_attributes=\u00bblink_option_url\u00bb _module_preset=\u00bbdefault\u00bb header_line_height=\u00bb1.1em\u00bb background_enable_color=\u00bboff\u00bb use_background_color_gradient=\u00bbon\u00bb background_color_gradient_direction=\u00bb355deg\u00bb background_color_gradient_stops=\u00bb#5a636a 4%|rgba(255,255,255,0) 33%\u00bb background_image=\u00bbhttps:\/\/recoletasmarbella.com\/wp-content\/uploads\/2025\/03\/especialidades_ginecologia-hospital-recoletas-salud-marbella-2.jpg\u00bb background_enable_image=\u00bbon\u00bb background_blend=\u00bbmultiply\u00bb filter_brightness=\u00bb103%\u00bb link_option_url=\u00bb@ET-DC@eyJkeW5hbWljIjp0cnVlLCJjb250ZW50IjoicG9zdF9saW5rX3VybF9wYWdlIiwic2V0dGluZ3MiOnsicG9zdF9pZCI6IjI4NDkwNiJ9fQ==@\u00bb border_radii_item=\u00bbon|13px|13px|13px|13px\u00bb global_colors_info=\u00bb{}\u00bb][\/dica_divi_carouselitem][dica_divi_carouselitem title=\u00bbcirug\u00eda ortop\u00e9dica\u00bb button_url_new_window=\u00bb1&#8243; image_position=\u00bbimage_under_title\u00bb image_padding=\u00bb||||false|false\u00bb content_padding=\u00bb205px|18px|44px|18px|false|true\u00bb button_margin=\u00bb||||false|false\u00bb button_padding=\u00bb||||false|false\u00bb _builder_version=\u00bb4.27.4&#8243; _dynamic_attributes=\u00bblink_option_url\u00bb _module_preset=\u00bbdefault\u00bb header_font=\u00bb&#8211;et_global_heading_font||||||||\u00bb header_line_height=\u00bb1.1em\u00bb background_enable_color=\u00bboff\u00bb use_background_color_gradient=\u00bbon\u00bb background_color_gradient_direction=\u00bb360deg\u00bb background_color_gradient_stops=\u00bbrgba(90,99,106,0.86) 14%|rgba(255,255,255,0) 50%\u00bb background_image=\u00bbhttps:\/\/recoletasmarbella.com\/wp-content\/uploads\/2025\/03\/recoletas_marbella_ortopedia-2.jpg\u00bb background_enable_image=\u00bbon\u00bb background_blend=\u00bbmultiply\u00bb button_alignment=\u00bbcenter\u00bb filter_saturate=\u00bb123%\u00bb filter_sepia=\u00bb4%\u00bb link_option_url=\u00bb@ET-DC@eyJkeW5hbWljIjp0cnVlLCJjb250ZW50IjoicG9zdF9saW5rX3VybF9wYWdlIiwic2V0dGluZ3MiOnsicG9zdF9pZCI6IjI4NjM4MyJ9fQ==@\u00bb border_radii_item=\u00bbon|13px|13px|13px|13px\u00bb global_colors_info=\u00bb{}\u00bb][\/dica_divi_carouselitem][dica_divi_carouselitem title=\u00bbDiagn\u00f3stico por la imagen\u00bb button_url_new_window=\u00bb1&#8243; image_position=\u00bbimage_under_title\u00bb image_padding=\u00bb||||false|false\u00bb content_padding=\u00bb205px|18px|44px|18px|false|true\u00bb button_margin=\u00bb||||false|false\u00bb button_padding=\u00bb||||false|false\u00bb _builder_version=\u00bb4.27.4&#8243; _dynamic_attributes=\u00bblink_option_url\u00bb _module_preset=\u00bbdefault\u00bb header_line_height=\u00bb1.1em\u00bb background_enable_color=\u00bboff\u00bb use_background_color_gradient=\u00bbon\u00bb background_color_gradient_direction=\u00bb360deg\u00bb background_color_gradient_stops=\u00bbrgba(90,99,106,0.95) 11%|rgba(255,255,255,0) 52%\u00bb background_image=\u00bbhttps:\/\/recoletasmarbella.com\/wp-content\/uploads\/2025\/04\/instalaciones_diagnosticodeimagen-hospital-recoletas-salud-marbella.jpg\u00bb background_enable_image=\u00bbon\u00bb background_blend=\u00bbmultiply\u00bb filter_saturate=\u00bb117%\u00bb filter_sepia=\u00bb4%\u00bb link_option_url=\u00bb@ET-DC@eyJkeW5hbWljIjp0cnVlLCJjb250ZW50IjoicG9zdF9saW5rX3VybF9wYWdlIiwic2V0dGluZ3MiOnsicG9zdF9pZCI6IjI4NjQ0NiJ9fQ==@\u00bb border_radii_item=\u00bbon|13px|13px|13px|13px\u00bb global_colors_info=\u00bb{}\u00bb][\/dica_divi_carouselitem][dica_divi_carouselitem title=\u00bbEndocrinolog\u00eda \u00bb button_url_new_window=\u00bb1&#8243; image_position=\u00bbimage_under_title\u00bb image_padding=\u00bb||||false|false\u00bb content_padding=\u00bb205px|18px|44px|18px|false|true\u00bb button_margin=\u00bb||||false|false\u00bb button_padding=\u00bb||||false|false\u00bb custom_padding_tablet=\u00bb||15px||false|false\u00bb custom_padding_phone=\u00bb\u00bb custom_padding_last_edited=\u00bbon|tablet\u00bb _builder_version=\u00bb4.27.4&#8243; _dynamic_attributes=\u00bblink_option_url\u00bb _module_preset=\u00bbdefault\u00bb background_enable_color=\u00bboff\u00bb use_background_color_gradient=\u00bbon\u00bb background_color_gradient_direction=\u00bb360deg\u00bb background_color_gradient_stops=\u00bbrgba(90,99,106,0.86) 11%|rgba(255,255,255,0) 52%\u00bb background_image=\u00bbhttps:\/\/recoletasmarbella.com\/wp-content\/uploads\/2025\/03\/recoletas_marbella_endocrino-nutricion-1.jpg\u00bb background_enable_image=\u00bbon\u00bb background_blend=\u00bbmultiply\u00bb filter_saturate=\u00bb120%\u00bb link_option_url=\u00bb@ET-DC@eyJkeW5hbWljIjp0cnVlLCJjb250ZW50IjoicG9zdF9saW5rX3VybF9wYWdlIiwic2V0dGluZ3MiOnsicG9zdF9pZCI6IjI4NjM4NiJ9fQ==@\u00bb border_radii_item=\u00bbon|13px|13px|13px|13px\u00bb global_colors_info=\u00bb{}\u00bb][\/dica_divi_carouselitem][dica_divi_carouselitem title=\u00bbMEDICINA DE FAMILIA\u00bb button_url_new_window=\u00bb1&#8243; image_position=\u00bbimage_under_title\u00bb image_padding=\u00bb||||false|false\u00bb content_padding=\u00bb205px|18px|44px|18px|false|true\u00bb button_margin=\u00bb||||false|false\u00bb button_padding=\u00bb||||false|false\u00bb _builder_version=\u00bb4.27.4&#8243; _dynamic_attributes=\u00bblink_option_url\u00bb _module_preset=\u00bbdefault\u00bb background_enable_color=\u00bboff\u00bb use_background_color_gradient=\u00bbon\u00bb background_color_gradient_direction=\u00bb360deg\u00bb background_color_gradient_stops=\u00bbrgba(90,99,106,0.86) 11%|rgba(255,255,255,0) 54%\u00bb background_image=\u00bbhttps:\/\/recoletasmarbella.com\/wp-content\/uploads\/2025\/03\/recoletas_marbella_medicia-familia-3.jpg\u00bb background_enable_image=\u00bbon\u00bb background_blend=\u00bbmultiply\u00bb filter_saturate=\u00bb130%\u00bb filter_brightness=\u00bb103%\u00bb link_option_url=\u00bb@ET-DC@eyJkeW5hbWljIjp0cnVlLCJjb250ZW50IjoicG9zdF9saW5rX3VybF9wYWdlIiwic2V0dGluZ3MiOnsicG9zdF9pZCI6IjI4NDkyMSJ9fQ==@\u00bb border_radii_item=\u00bbon|13px|13px|13px|13px\u00bb global_colors_info=\u00bb{}\u00bb content_padding__hover_enabled=\u00bboff|desktop\u00bb][\/dica_divi_carouselitem][dica_divi_carouselitem title=\u00bbMedicina Est\u00e9tica\u00bb button_url_new_window=\u00bb1&#8243; image_position=\u00bbimage_under_title\u00bb image_padding=\u00bb||||false|false\u00bb content_padding=\u00bb205px|18px|44px|18px|false|true\u00bb button_margin=\u00bb||||false|false\u00bb button_padding=\u00bb||||false|false\u00bb _builder_version=\u00bb4.27.4&#8243; _dynamic_attributes=\u00bblink_option_url\u00bb _module_preset=\u00bbdefault\u00bb background_enable_color=\u00bboff\u00bb use_background_color_gradient=\u00bbon\u00bb background_color_gradient_direction=\u00bb360deg\u00bb background_color_gradient_stops=\u00bbrgba(90,99,106,0.86) 16%|rgba(255,255,255,0) 50%\u00bb background_image=\u00bbhttps:\/\/recoletasmarbella.com\/wp-content\/uploads\/2025\/03\/recoletas_marbella_estetica-3.jpg\u00bb background_enable_image=\u00bbon\u00bb background_blend=\u00bbmultiply\u00bb filter_saturate=\u00bb117%\u00bb filter_sepia=\u00bb3%\u00bb link_option_url=\u00bb@ET-DC@eyJkeW5hbWljIjp0cnVlLCJjb250ZW50IjoicG9zdF9saW5rX3VybF9wYWdlIiwic2V0dGluZ3MiOnsicG9zdF9pZCI6IjI4NDczMSJ9fQ==@\u00bb border_radii_item=\u00bbon|13px|13px|13px|13px\u00bb global_colors_info=\u00bb{}\u00bb][\/dica_divi_carouselitem][dica_divi_carouselitem title=\u00bbMedicina Interna\u00bb button_url_new_window=\u00bb1&#8243; image_position=\u00bbimage_under_title\u00bb image_padding=\u00bb||||false|false\u00bb content_padding=\u00bb205px|18px|44px|18px|false|true\u00bb button_margin=\u00bb||||false|false\u00bb button_padding=\u00bb||||false|false\u00bb _builder_version=\u00bb4.27.4&#8243; _dynamic_attributes=\u00bblink_option_url\u00bb _module_preset=\u00bbdefault\u00bb background_enable_color=\u00bboff\u00bb use_background_color_gradient=\u00bbon\u00bb background_color_gradient_direction=\u00bb360deg\u00bb background_color_gradient_stops=\u00bbrgba(90,99,106,0.86) 11%|rgba(255,255,255,0) 37%\u00bb background_image=\u00bbhttps:\/\/recoletasmarbella.com\/wp-content\/uploads\/2025\/03\/recoletas_marbella_interna-2.jpg\u00bb background_enable_image=\u00bbon\u00bb background_blend=\u00bbmultiply\u00bb filter_brightness=\u00bb105%\u00bb link_option_url=\u00bb@ET-DC@eyJkeW5hbWljIjp0cnVlLCJjb250ZW50IjoicG9zdF9saW5rX3VybF9wYWdlIiwic2V0dGluZ3MiOnsicG9zdF9pZCI6IjI4NjIzNiJ9fQ==@\u00bb border_radii_item=\u00bbon|13px|13px|13px|13px\u00bb global_colors_info=\u00bb{}\u00bb][\/dica_divi_carouselitem][dica_divi_carouselitem title=\u00bbNeurocirug\u00eda\u00bb button_url_new_window=\u00bb1&#8243; image_position=\u00bbimage_under_title\u00bb image_padding=\u00bb||||false|false\u00bb content_padding=\u00bb205px|18px|44px|18px|false|true\u00bb button_margin=\u00bb||||false|false\u00bb button_padding=\u00bb||||false|false\u00bb custom_padding_tablet=\u00bb||15px||false|false\u00bb custom_padding_phone=\u00bb\u00bb custom_padding_last_edited=\u00bbon|tablet\u00bb _builder_version=\u00bb4.27.4&#8243; _dynamic_attributes=\u00bblink_option_url\u00bb _module_preset=\u00bbdefault\u00bb background_enable_color=\u00bboff\u00bb use_background_color_gradient=\u00bbon\u00bb background_color_gradient_direction=\u00bb360deg\u00bb background_color_gradient_stops=\u00bbrgba(90,99,106,0.86) 13%|rgba(255,255,255,0) 44%\u00bb background_image=\u00bbhttps:\/\/recoletasmarbella.com\/wp-content\/uploads\/2025\/03\/recoletas_marbella_neurocirugia-2.jpg\u00bb background_enable_image=\u00bbon\u00bb background_blend=\u00bbmultiply\u00bb filter_saturate=\u00bb110%\u00bb filter_sepia=\u00bb1%\u00bb link_option_url=\u00bb@ET-DC@eyJkeW5hbWljIjp0cnVlLCJjb250ZW50IjoicG9zdF9saW5rX3VybF9wYWdlIiwic2V0dGluZ3MiOnsicG9zdF9pZCI6IjI4NjI0NCJ9fQ==@\u00bb border_radii_item=\u00bbon|13px|13px|13px|13px\u00bb global_colors_info=\u00bb{}\u00bb][\/dica_divi_carouselitem][dica_divi_carouselitem title=\u00bbUNIDAD DEL DOLOR\u00bb button_url_new_window=\u00bb1&#8243; image_position=\u00bbimage_under_title\u00bb image_padding=\u00bb||||false|false\u00bb content_padding=\u00bb205px|18px|44px|18px|false|true\u00bb button_margin=\u00bb||||false|false\u00bb button_padding=\u00bb||||false|false\u00bb _builder_version=\u00bb4.27.4&#8243; _dynamic_attributes=\u00bblink_option_url\u00bb _module_preset=\u00bbdefault\u00bb background_enable_color=\u00bboff\u00bb use_background_color_gradient=\u00bbon\u00bb background_color_gradient_direction=\u00bb360deg\u00bb background_color_gradient_stops=\u00bbrgba(90,99,106,0.86) 14%|rgba(255,255,255,0) 57%\u00bb background_image=\u00bbhttps:\/\/recoletasmarbella.com\/wp-content\/uploads\/2025\/03\/recoletas_marbella_unidaldeldolor-4.jpg\u00bb background_enable_image=\u00bbon\u00bb background_blend=\u00bbmultiply\u00bb filter_saturate=\u00bb107%\u00bb link_option_url=\u00bb@ET-DC@eyJkeW5hbWljIjp0cnVlLCJjb250ZW50IjoicG9zdF9saW5rX3VybF9wYWdlIiwic2V0dGluZ3MiOnsicG9zdF9pZCI6IjI4NDY2NCJ9fQ==@\u00bb border_radii_item=\u00bbon|13px|13px|13px|13px\u00bb global_colors_info=\u00bb{}\u00bb][\/dica_divi_carouselitem][dica_divi_carouselitem title=\u00bbunidad de hemodin\u00e1mica\u00bb button_url_new_window=\u00bb1&#8243; image_position=\u00bbimage_under_title\u00bb image_padding=\u00bb||||false|false\u00bb content_padding=\u00bb205px|18px|44px|18px|false|true\u00bb button_margin=\u00bb||||false|false\u00bb button_padding=\u00bb||||false|false\u00bb _builder_version=\u00bb4.27.4&#8243; _dynamic_attributes=\u00bblink_option_url\u00bb _module_preset=\u00bbdefault\u00bb background_enable_color=\u00bboff\u00bb use_background_color_gradient=\u00bbon\u00bb background_color_gradient_direction=\u00bb360deg\u00bb background_color_gradient_stops=\u00bbrgba(90,99,106,0.86) 15%|rgba(255,255,255,0) 41%\u00bb background_image=\u00bbhttps:\/\/recoletasmarbella.com\/wp-content\/uploads\/2025\/03\/recoletas_marbella_unidad-hemodinamica.jpg\u00bb background_enable_image=\u00bbon\u00bb background_blend=\u00bbmultiply\u00bb filter_saturate=\u00bb132%\u00bb link_option_url=\u00bb@ET-DC@eyJkeW5hbWljIjp0cnVlLCJjb250ZW50IjoicG9zdF9saW5rX3VybF9wYWdlIiwic2V0dGluZ3MiOnsicG9zdF9pZCI6IjI4NjI2MyJ9fQ==@\u00bb border_radii_item=\u00bbon|13px|13px|13px|13px\u00bb global_colors_info=\u00bb{}\u00bb][\/dica_divi_carouselitem][dica_divi_carouselitem title=\u00bbServicio de urgencias\u00bb button_url_new_window=\u00bb1&#8243; image_position=\u00bbimage_under_title\u00bb rating_alignment=\u00bbcenter\u00bb image_padding=\u00bb||||false|false\u00bb content_padding=\u00bb205px|18px|44px|18px|false|true\u00bb button_margin=\u00bb||||false|false\u00bb button_padding=\u00bb||||false|false\u00bb _builder_version=\u00bb4.27.4&#8243; _dynamic_attributes=\u00bblink_option_url\u00bb _module_preset=\u00bbdefault\u00bb header_line_height=\u00bb1.1em\u00bb background_enable_color=\u00bboff\u00bb use_background_color_gradient=\u00bbon\u00bb background_color_gradient_direction=\u00bb360deg\u00bb background_color_gradient_stops=\u00bbrgba(90,99,106,0.86) 16%|rgba(255,255,255,0) 45%\u00bb background_image=\u00bbhttps:\/\/recoletasmarbella.com\/wp-content\/uploads\/2025\/04\/instalaciones_servicios-de-urgencias-hospital-recoletas-salud-marbella.jpg\u00bb background_enable_image=\u00bbon\u00bb background_blend=\u00bbmultiply\u00bb button_alignment=\u00bbcenter\u00bb filter_saturate=\u00bb107%\u00bb filter_sepia=\u00bb2%\u00bb link_option_url=\u00bb@ET-DC@eyJkeW5hbWljIjp0cnVlLCJjb250ZW50IjoicG9zdF9saW5rX3VybF9wYWdlIiwic2V0dGluZ3MiOnsicG9zdF9pZCI6IjI4NjQwMiJ9fQ==@\u00bb border_radii_item=\u00bbon|13px|13px|13px|13px\u00bb global_colors_info=\u00bb{}\u00bb][\/dica_divi_carouselitem][dica_divi_carouselitem title=\u00bbUrolog\u00eda\u00bb button_url_new_window=\u00bb1&#8243; image_position=\u00bbimage_under_title\u00bb image_padding=\u00bb||||false|false\u00bb content_padding=\u00bb205px|18px|44px|18px|false|true\u00bb button_margin=\u00bb||||false|false\u00bb button_padding=\u00bb||||false|false\u00bb custom_padding_tablet=\u00bb||15px||false|false\u00bb custom_padding_phone=\u00bb\u00bb custom_padding_last_edited=\u00bbon|tablet\u00bb _builder_version=\u00bb4.27.4&#8243; _dynamic_attributes=\u00bblink_option_url\u00bb _module_preset=\u00bbdefault\u00bb background_enable_color=\u00bboff\u00bb use_background_color_gradient=\u00bbon\u00bb background_color_gradient_direction=\u00bb360deg\u00bb background_color_gradient_stops=\u00bbrgba(90, 99, 106, 0.86) 0%|rgba(90,99,106,0.86) 11%|rgba(255,255,255,0) 52%\u00bb background_image=\u00bbhttps:\/\/recoletasmarbella.com\/wp-content\/uploads\/2025\/03\/recoletas_marbella_urologia-3.jpg\u00bb background_enable_image=\u00bbon\u00bb background_blend=\u00bbmultiply\u00bb filter_saturate=\u00bb110%\u00bb filter_sepia=\u00bb1%\u00bb link_option_url=\u00bb@ET-DC@eyJkeW5hbWljIjp0cnVlLCJjb250ZW50IjoicG9zdF9saW5rX3VybF9wYWdlIiwic2V0dGluZ3MiOnsicG9zdF9pZCI6IjI4NjQxOSJ9fQ==@\u00bb border_radii_item=\u00bbon|13px|13px|13px|13px\u00bb global_colors_info=\u00bb{}\u00bb][\/dica_divi_carouselitem][\/dica_divi_carousel][\/et_pb_column][\/et_pb_row][\/et_pb_section]<\/p>","protected":false},"excerpt":{"rendered":"<p>Especialidades Diagn\u00f3stico por imagen Exploramos tu salud Donde la precisi\u00f3n de la imagen gu\u00eda tu saludSalud, innovaci\u00f3n y cuidado en un solo lugar Cuidamos de ti las 24 horas, con la m\u00e1xima calidad y seguridad.Im\u00e1genes que te acercan a un diagn\u00f3stico r\u00e1pido y seguroEl Hospital Recoletas Salud Marbella cuenta con un centro de Diagn\u00f3stico por [&hellip;]<\/p>","protected":false},"author":2,"featured_media":0,"parent":0,"menu_order":0,"comment_status":"closed","ping_status":"closed","template":"","meta":{"_et_pb_use_builder":"on","_et_pb_old_content":"","_et_gb_content_width":"","footnotes":""},"class_list":["post-286446","page","type-page","status-publish","hentry"],"yoast_head":"<!-- This site is optimized with the Yoast SEO plugin v26.1.1 - https:\/\/yoast.com\/wordpress\/plugins\/seo\/ -->\n<title>Diagn\u00f3stico por Imagen en Marbella | Recoletas Salud<\/title>\n<meta name=\"description\" content=\"Resonancia magn\u00e9tica, TAC y ecograf\u00edas de alta resoluci\u00f3n con resultados r\u00e1pidos y radi\u00f3logos subespecializados en nuestro centro de Marbella.\" \/>\n<meta name=\"robots\" content=\"index, follow, max-snippet:-1, max-image-preview:large, max-video-preview:-1\" \/>\n<link rel=\"canonical\" href=\"https:\/\/recoletasmarbella.com\/fr\/imagerie-diagnostique-2\/\" \/>\n<meta property=\"og:locale\" content=\"fr_FR\" \/>\n<meta property=\"og:type\" content=\"article\" \/>\n<meta property=\"og:title\" content=\"Diagn\u00f3stico por Imagen en Marbella | Recoletas Salud\" \/>\n<meta property=\"og:description\" content=\"Resonancia magn\u00e9tica, TAC y ecograf\u00edas de alta resoluci\u00f3n con resultados r\u00e1pidos y radi\u00f3logos subespecializados en nuestro centro de Marbella.\" \/>\n<meta property=\"og:url\" content=\"https:\/\/recoletasmarbella.com\/fr\/imagerie-diagnostique-2\/\" \/>\n<meta property=\"og:site_name\" content=\"Hospital Marbella\" \/>\n<meta property=\"article:publisher\" content=\"https:\/\/www.facebook.com\/people\/Recoletas-Salud-Marbella\/61573653462220\/\" \/>\n<meta property=\"article:modified_time\" content=\"2026-04-15T11:41:10+00:00\" \/>\n<meta name=\"twitter:card\" content=\"summary_large_image\" \/>\n<meta name=\"twitter:label1\" content=\"Dur\u00e9e de lecture estim\u00e9e\" \/>\n\t<meta name=\"twitter:data1\" content=\"10 minutes\" \/>\n<script type=\"application\/ld+json\" class=\"yoast-schema-graph\">{\"@context\":\"https:\/\/schema.org\",\"@graph\":[{\"@type\":\"WebPage\",\"@id\":\"https:\/\/recoletasmarbella.com\/es\/diagnostico-por-imagen\/\",\"url\":\"https:\/\/recoletasmarbella.com\/es\/diagnostico-por-imagen\/\",\"name\":\"Diagn\u00f3stico por Imagen en Marbella | Recoletas Salud\",\"isPartOf\":{\"@id\":\"https:\/\/recoletasmarbella.com\/es\/#website\"},\"datePublished\":\"2025-03-06T14:31:18+00:00\",\"dateModified\":\"2026-04-15T11:41:10+00:00\",\"description\":\"Resonancia magn\u00e9tica, TAC y ecograf\u00edas de alta resoluci\u00f3n con resultados r\u00e1pidos y radi\u00f3logos subespecializados en nuestro centro de Marbella.\",\"breadcrumb\":{\"@id\":\"https:\/\/recoletasmarbella.com\/es\/diagnostico-por-imagen\/#breadcrumb\"},\"inLanguage\":\"fr-FR\",\"potentialAction\":[{\"@type\":\"ReadAction\",\"target\":[\"https:\/\/recoletasmarbella.com\/es\/diagnostico-por-imagen\/\"]}]},{\"@type\":\"BreadcrumbList\",\"@id\":\"https:\/\/recoletasmarbella.com\/es\/diagnostico-por-imagen\/#breadcrumb\",\"itemListElement\":[{\"@type\":\"ListItem\",\"position\":1,\"name\":\"Portada\",\"item\":\"https:\/\/recoletasmarbella.com\/es\/\"},{\"@type\":\"ListItem\",\"position\":2,\"name\":\"Diagn\u00f3stico por imagen\"}]},{\"@type\":\"WebSite\",\"@id\":\"https:\/\/recoletasmarbella.com\/es\/#website\",\"url\":\"https:\/\/recoletasmarbella.com\/es\/\",\"name\":\"Hospital Recoletas Salud Marbella\",\"description\":\"Recoletas Salud\",\"publisher\":{\"@id\":\"https:\/\/recoletasmarbella.com\/es\/#organization\"},\"potentialAction\":[{\"@type\":\"SearchAction\",\"target\":{\"@type\":\"EntryPoint\",\"urlTemplate\":\"https:\/\/recoletasmarbella.com\/es\/?s={search_term_string}\"},\"query-input\":{\"@type\":\"PropertyValueSpecification\",\"valueRequired\":true,\"valueName\":\"search_term_string\"}}],\"inLanguage\":\"fr-FR\"},{\"@type\":\"Organization\",\"@id\":\"https:\/\/recoletasmarbella.com\/es\/#organization\",\"name\":\"Grupo Recoletas\",\"url\":\"https:\/\/recoletasmarbella.com\/es\/\",\"logo\":{\"@type\":\"ImageObject\",\"inLanguage\":\"fr-FR\",\"@id\":\"https:\/\/recoletasmarbella.com\/es\/#\/schema\/logo\/image\/\",\"url\":\"http:\/\/recoletasmarbella.com\/wp-content\/uploads\/2025\/01\/logo-v-hospital-marbella-1.png\",\"contentUrl\":\"http:\/\/recoletasmarbella.com\/wp-content\/uploads\/2025\/01\/logo-v-hospital-marbella-1.png\",\"width\":216,\"height\":164,\"caption\":\"Grupo Recoletas\"},\"image\":{\"@id\":\"https:\/\/recoletasmarbella.com\/es\/#\/schema\/logo\/image\/\"},\"sameAs\":[\"https:\/\/www.facebook.com\/people\/Recoletas-Salud-Marbella\/61573653462220\/\",\"https:\/\/www.instagram.com\/recoletassaludmarbella\/\",\"https:\/\/www.linkedin.com\/company\/recoletas-salud-marbella\",\"https:\/\/www.youtube.com\/@recoletassalud\"]}]}<\/script>\n<!-- \/ Yoast SEO plugin. -->","yoast_head_json":{"title":"Imagerie diagnostique \u00e0 Marbella - Recoletas Salud","description":"IRM, CT et \u00e9chographie haute r\u00e9solution avec des r\u00e9sultats rapides et des radiologues sous-sp\u00e9cialis\u00e9s dans notre centre de Marbella.","robots":{"index":"index","follow":"follow","max-snippet":"max-snippet:-1","max-image-preview":"max-image-preview:large","max-video-preview":"max-video-preview:-1"},"canonical":"https:\/\/recoletasmarbella.com\/fr\/imagerie-diagnostique-2\/","og_locale":"fr_FR","og_type":"article","og_title":"Diagn\u00f3stico por Imagen en Marbella | Recoletas Salud","og_description":"Resonancia magn\u00e9tica, TAC y ecograf\u00edas de alta resoluci\u00f3n con resultados r\u00e1pidos y radi\u00f3logos subespecializados en nuestro centro de Marbella.","og_url":"https:\/\/recoletasmarbella.com\/fr\/imagerie-diagnostique-2\/","og_site_name":"Hospital Marbella","article_publisher":"https:\/\/www.facebook.com\/people\/Recoletas-Salud-Marbella\/61573653462220\/","article_modified_time":"2026-04-15T11:41:10+00:00","twitter_card":"summary_large_image","twitter_misc":{"Dur\u00e9e de lecture estim\u00e9e":"10 minutes"},"schema":{"@context":"https:\/\/schema.org","@graph":[{"@type":"WebPage","@id":"https:\/\/recoletasmarbella.com\/es\/diagnostico-por-imagen\/","url":"https:\/\/recoletasmarbella.com\/es\/diagnostico-por-imagen\/","name":"Imagerie diagnostique \u00e0 Marbella - Recoletas Salud","isPartOf":{"@id":"https:\/\/recoletasmarbella.com\/es\/#website"},"datePublished":"2025-03-06T14:31:18+00:00","dateModified":"2026-04-15T11:41:10+00:00","description":"IRM, CT et \u00e9chographie haute r\u00e9solution avec des r\u00e9sultats rapides et des radiologues sous-sp\u00e9cialis\u00e9s dans notre centre de Marbella.","breadcrumb":{"@id":"https:\/\/recoletasmarbella.com\/es\/diagnostico-por-imagen\/#breadcrumb"},"inLanguage":"fr-FR","potentialAction":[{"@type":"ReadAction","target":["https:\/\/recoletasmarbella.com\/es\/diagnostico-por-imagen\/"]}]},{"@type":"BreadcrumbList","@id":"https:\/\/recoletasmarbella.com\/es\/diagnostico-por-imagen\/#breadcrumb","itemListElement":[{"@type":"ListItem","position":1,"name":"Portada","item":"https:\/\/recoletasmarbella.com\/es\/"},{"@type":"ListItem","position":2,"name":"Diagn\u00f3stico por imagen"}]},{"@type":"WebSite","@id":"https:\/\/recoletasmarbella.com\/es\/#website","url":"https:\/\/recoletasmarbella.com\/es\/","name":"L'h\u00f4pital Recoletas Salud Marbella","description":"de recoletas salud","publisher":{"@id":"https:\/\/recoletasmarbella.com\/es\/#organization"},"potentialAction":[{"@type":"SearchAction","target":{"@type":"EntryPoint","urlTemplate":"https:\/\/recoletasmarbella.com\/es\/?s={search_term_string}"},"query-input":{"@type":"PropertyValueSpecification","valueRequired":true,"valueName":"search_term_string"}}],"inLanguage":"fr-FR"},{"@type":"Organization","@id":"https:\/\/recoletasmarbella.com\/es\/#organization","name":"Groupe Recoletas","url":"https:\/\/recoletasmarbella.com\/es\/","logo":{"@type":"ImageObject","inLanguage":"fr-FR","@id":"https:\/\/recoletasmarbella.com\/es\/#\/schema\/logo\/image\/","url":"http:\/\/recoletasmarbella.com\/wp-content\/uploads\/2025\/01\/logo-v-hospital-marbella-1.png","contentUrl":"http:\/\/recoletasmarbella.com\/wp-content\/uploads\/2025\/01\/logo-v-hospital-marbella-1.png","width":216,"height":164,"caption":"Grupo Recoletas"},"image":{"@id":"https:\/\/recoletasmarbella.com\/es\/#\/schema\/logo\/image\/"},"sameAs":["https:\/\/www.facebook.com\/people\/Recoletas-Salud-Marbella\/61573653462220\/","https:\/\/www.instagram.com\/recoletassaludmarbella\/","https:\/\/www.linkedin.com\/company\/recoletas-salud-marbella","https:\/\/www.youtube.com\/@recoletassalud"]}]}},"_links":{"self":[{"href":"https:\/\/recoletasmarbella.com\/fr\/wp-json\/wp\/v2\/pages\/286446","targetHints":{"allow":["GET"]}}],"collection":[{"href":"https:\/\/recoletasmarbella.com\/fr\/wp-json\/wp\/v2\/pages"}],"about":[{"href":"https:\/\/recoletasmarbella.com\/fr\/wp-json\/wp\/v2\/types\/page"}],"author":[{"embeddable":true,"href":"https:\/\/recoletasmarbella.com\/fr\/wp-json\/wp\/v2\/users\/2"}],"replies":[{"embeddable":true,"href":"https:\/\/recoletasmarbella.com\/fr\/wp-json\/wp\/v2\/comments?post=286446"}],"version-history":[{"count":75,"href":"https:\/\/recoletasmarbella.com\/fr\/wp-json\/wp\/v2\/pages\/286446\/revisions"}],"predecessor-version":[{"id":292698,"href":"https:\/\/recoletasmarbella.com\/fr\/wp-json\/wp\/v2\/pages\/286446\/revisions\/292698"}],"wp:attachment":[{"href":"https:\/\/recoletasmarbella.com\/fr\/wp-json\/wp\/v2\/media?parent=286446"}],"curies":[{"name":"wp","href":"https:\/\/api.w.org\/{rel}","templated":true}]}}