{"id":286721,"date":"2025-03-07T12:11:37","date_gmt":"2025-03-07T12:11:37","guid":{"rendered":"https:\/\/recoletasmarbella.com\/?page_id=286721"},"modified":"2025-06-30T17:06:43","modified_gmt":"2025-06-30T17:06:43","slug":"protection-des-donnees-des-patients","status":"publish","type":"page","link":"https:\/\/recoletasmarbella.com\/fr\/protection-des-donnees-des-patients\/","title":{"rendered":"Protection des donn\u00e9es des patients"},"content":{"rendered":"<p>[et_pb_section fb_built=\u00bb1&#8243; _builder_version=\u00bb4.27.4&#8243; _module_preset=\u00bbdefault\u00bb background_color=\u00bb#F2F2F2&#8243; custom_padding=\u00bb21px||24px|||\u00bb global_colors_info=\u00bb{}\u00bb][et_pb_row _builder_version=\u00bb4.27.4&#8243; _module_preset=\u00bbdefault\u00bb global_colors_info=\u00bb{}\u00bb][et_pb_column type=\u00bb4_4&#8243; _builder_version=\u00bb4.27.4&#8243; _module_preset=\u00bbdefault\u00bb global_colors_info=\u00bb{}\u00bb][et_pb_text _builder_version=\u00bb4.27.4&#8243; _module_preset=\u00bbb20293d3-7e7e-4718-8a41-9d40e20be87b\u00bb header_2_font=\u00bb&#8211;et_global_heading_font|800||on|||||\u00bb header_2_font_size=\u00bb31px\u00bb header_2_letter_spacing=\u00bb0px\u00bb header_2_line_height=\u00bb1em\u00bb header_4_text_color=\u00bb#C7A3DE\u00bb max_width=\u00bb379px\u00bb max_width_tablet=\u00bb379px\u00bb max_width_phone=\u00bb266px\u00bb max_width_last_edited=\u00bbon|phone\u00bb module_alignment=\u00bbcenter\u00bb custom_padding=\u00bb|30px||30px|false|true\u00bb border_width_right=\u00bb2px\u00bb border_color_right=\u00bb#C7A3DE\u00bb border_width_left=\u00bb2px\u00bb border_color_left=\u00bb#C7A3DE\u00bb locked=\u00bboff\u00bb global_colors_info=\u00bb{}\u00bb]<\/p>\n<h3 style=\"text-align: center;\">RGPD<\/h3>\n<h2 style=\"text-align: center;\">Protection des donn\u00e9es des patients<\/h2>\n<p>[\/et_pb_text][\/et_pb_column][\/et_pb_row][\/et_pb_section][et_pb_section fb_built=\u00bb1&#8243; _builder_version=\u00bb4.27.4&#8243; _module_preset=\u00bbdefault\u00bb global_colors_info=\u00bb{}\u00bb][et_pb_row _builder_version=\u00bb4.27.4&#8243; _module_preset=\u00bbdefault\u00bb global_colors_info=\u00bb{}\u00bb][et_pb_column type=\u00bb4_4&#8243; _builder_version=\u00bb4.27.4&#8243; _module_preset=\u00bbdefault\u00bb global_colors_info=\u00bb{}\u00bb][et_pb_text _builder_version=\u00bb4.27.4&#8243; _module_preset=\u00bbdefault\u00bb header_2_font_size=\u00bb28px\u00bb header_3_font_size=\u00bb17px\u00bb header_3_line_height=\u00bb2.2em\u00bb header_4_text_color=\u00bb#ac8dc1&#8243; header_4_font_size=\u00bb15px\u00bb global_colors_info=\u00bb{}\u00bb]<\/p>\n<h2>Protection des donn\u00e9es des patients<\/h2>\n<p><strong><\/strong><\/p>\n<p><strong>Groupe Recoletas<\/strong><span>\u00a0<\/span>informe les personnes concern\u00e9es que leurs donn\u00e9es personnelles seront trait\u00e9es par les entreprises suivantes, conform\u00e9ment \u00e0 l'article 26 du RGPD.<\/p>\n<ul>\n<li><strong>Pincia Recoletas Salud, S.L.U.<\/strong>Constituci\u00f3n,8 1\u00baIzd. 47001 Valladolid<\/li>\n<li><strong>Recoletas Diagnostic Imaging Group, S.L.U.<\/strong><span>\u00a0<\/span>Constituci\u00f3n,8 1\u00baIzd. 47001 Valladolid<\/li>\n<li><strong>H\u00f4pital Recoletas de Burgos, S.L.<\/strong><span>\u00a0<\/span>Av. Cruz Roja, 1. 09006 Burgos<\/li>\n<li><strong>H\u00f4pital Recoletas Cuenca, S.L.U.<\/strong><span>\u00a0<\/span>Av. San Juli\u00e1n, 1. 16003 Cuenca<\/li>\n<li><strong>H\u00f4pital Recoletas de Castilla Le\u00f3n, S.L.U.<\/strong><span>\u00a0<\/span>Constituci\u00f3n,8 1\u00baIzd. 47001 Valladolid<\/li>\n<li><strong>H\u00f4pital Recoletas Segovia Ntra. Sra. de la Misericordia,S.L.U.<\/strong><span>\u00a0<\/span>Docteur Velasco, 21-23. 40003 Segovia<\/li>\n<li><strong>H\u00f4pital Recoletas Zamora, S.L.U.<\/strong><span>\u00a0<\/span>CL Pinar, 7. 49023 Zamora<\/li>\n<li><strong>Red Hospitalaria Recoletas, S.L.<\/strong><span>\u00a0<\/span>Constituci\u00f3n,8 1\u00baIzd. 47001 Valladolid<\/li>\n<li><strong>Centre de diagnostic Cuenca S.L.U.<\/strong><span>\u00a0<\/span>Avda. San Julian, 1. 16003 Cuenca<\/li>\n<li><strong>Centre de diagnostic Recoletas Castilla Le\u00f3n, S.L.<\/strong><span>\u00a0<\/span>Constituci\u00f3n, n\u00ba 8, 1\u00ba izq. 47001 Valladolid<\/li>\n<li><strong>Imagerie diagnostique Recoletas Segovia,S.L.<\/strong><span>\u00a0<\/span>Docteur Velasco, 21-23. 40003 Segovia<\/li>\n<li><strong>Recoletas Laboratorios Cl\u00ednicos, S.L.<\/strong><span>\u00a0<\/span>Constituci\u00f3n,8 1\u00baIzd. 47001 Valladolid<\/li>\n<li><strong>H\u00f4pital Recoletas Ponferrada, S.L.<\/strong><span>\u00a0<\/span>Constituci\u00f3n,8 1\u00baIzd. 47001 Valladolid<\/li>\n<li><strong>Clinique m\u00e9dicale de Campoamor, S.L.<\/strong><span>\u00a0<\/span>Avda. San Agust\u00edn 12. 37005 Salamanca<\/li>\n<li><strong>Hospitales Cosaga, S.L.<\/strong><span>\u00a0<\/span>C\/ Saenz diez, 11. 32003 Ourense<\/li>\n<li><strong>Centre de diagnostic, S.A.<\/strong><span>\u00a0<\/span>C\/ Concejo, n\u00ba 18, semis\u00f3tano. 32003 Ourense<\/li>\n<\/ul>\n<h3>Finalit\u00e9s du traitement<\/h3>\n<h4>Gestion du service m\u00e9dical :<\/h4>\n<ul>\n<li>N\u00e9cessaire pour pouvoir effectuer un meilleur suivi de leur \u00e9volution et de leur traitement m\u00e9dical ou de celui de leur pupille, et pour se conformer aux obligations l\u00e9gales d\u00e9coulant de l'activit\u00e9 de soins elle-m\u00eame.<\/li>\n<li>Consentement de la personne concern\u00e9e.<br \/>Respect des contrats\/obligations l\u00e9gales.<\/li>\n<li>Les donn\u00e9es seront conserv\u00e9es pendant les p\u00e9riodes l\u00e9gales de conservation des donn\u00e9es pr\u00e9vues par les r\u00e9glementations nationales et r\u00e9gionales.<\/li>\n<\/ul>\n<h4>Gestion comptable, fiscale et administrative d\u00e9riv\u00e9e de l'activit\u00e9 de soins elle-m\u00eame :<\/h4>\n<ul>\n<li>Ex\u00e9cution d'une obligation l\u00e9gale.<\/li>\n<li>Les donn\u00e9es seront conserv\u00e9es pendant les p\u00e9riodes l\u00e9gales de conservation des donn\u00e9es pr\u00e9vues par les r\u00e9glementations nationales et r\u00e9gionales.<\/li>\n<\/ul>\n<h4>Gestion de la collecte des paiements pour les services m\u00e9dicaux rendus :<\/h4>\n<ul>\n<li>Consentement de la personne concern\u00e9e.<\/li>\n<li>Les donn\u00e9es seront conserv\u00e9es pendant les p\u00e9riodes l\u00e9gales de conservation des donn\u00e9es pr\u00e9vues par les r\u00e9glementations nationales et r\u00e9gionales.<\/li>\n<\/ul>\n<h4>Gestion des relations avec les patients et envoi de communications commerciales :<\/h4>\n<ul>\n<li>Les relations avec les patients et l'envoi de communications se feront par voie \u00e9lectronique. Des informations seront fournies sur les activit\u00e9s, les \u00e9v\u00e9nements ou les services fournis par le Grupo Recoletas.<\/li>\n<li>Int\u00e9r\u00eat l\u00e9gitime.<\/li>\n<li>Les donn\u00e9es seront conserv\u00e9es pendant les p\u00e9riodes l\u00e9gales de conservation des donn\u00e9es pr\u00e9vues par les r\u00e9glementations nationales et r\u00e9gionales.<\/li>\n<\/ul>\n<h4>Gestion de la dispensation des m\u00e9dicaments dans la pharmacie ambulatoire de l'h\u00f4pital :<\/h4>\n<ul>\n<li>Respect des contrats\/obligations l\u00e9gales.<br \/>Consentement de la personne concern\u00e9e.<\/li>\n<li>Les donn\u00e9es seront conserv\u00e9es pendant les p\u00e9riodes l\u00e9gales de conservation des donn\u00e9es pr\u00e9vues par les r\u00e9glementations nationales et r\u00e9gionales.<\/li>\n<\/ul>\n<h3>Destinataires<\/h3>\n<h4>Les donn\u00e9es peuvent \u00eatre communiqu\u00e9es aux destinataires suivants :<\/h4>\n<ul>\n<li>\u00e0 votre soci\u00e9t\u00e9 ou \u00e0 votre compagnie d'assurance maladie (si vous en avez une), car elles sont essentielles pour la couverture et la facturation.<\/li>\n<li>\u00e0 la Consejer\u00eda de Salud de Castilla y Le\u00f3n, Castilla La Mancha ou Extremadura, dans les cas pr\u00e9vus par la loi (en fonction du lieu o\u00f9 le service de sant\u00e9 est fourni).<\/li>\n<li>Dans le cas o\u00f9 le patient est adress\u00e9 par un centre ou un m\u00e9decin autre que ceux du groupe Recoletas, les informations n\u00e9cessaires peuvent \u00eatre fournies pour l'\u00e9tude et l'analyse la plus rapide et la plus efficace du service m\u00e9dical demand\u00e9.<\/li>\n<li>Si le patient l'autorise express\u00e9ment, des informations peuvent \u00eatre fournies en personne ou par t\u00e9l\u00e9phone \u00e0 des tiers qui en font la demande, uniquement en ce qui concerne le s\u00e9jour du patient \u00e0 l'h\u00f4pital, ainsi que le num\u00e9ro de la chambre.<\/li>\n<\/ul>\n<h4>Aucun transfert international de donn\u00e9es n'est pr\u00e9vu :<\/h4>\n<ul>\n<li>Elles ne sont envisag\u00e9es que dans le cas o\u00f9 l'assureur du patient se trouve dans un pays tiers et qu'il est n\u00e9cessaire d'envoyer de la documentation pour effectuer le paiement, auquel cas le patient est inform\u00e9 qu'il autorise express\u00e9ment le centre \u00e0 fournir ses donn\u00e9es \u00e0 son assureur aux fins de la facturation du service fourni.<\/li>\n<\/ul>\n<h3>Droits des personnes concern\u00e9es<\/h3>\n<h4>Les personnes concern\u00e9es disposent d'un droit d'acc\u00e8s, de rectification, d'effacement, d'opposition, de limitation et de portabilit\u00e9 :<\/h4>\n<ul>\n<li>Les parties int\u00e9ress\u00e9es peuvent exercer leurs droits par courrier \u00e9lectronique :<span>\u00a0<\/span><a href=\"mailto:dpo@gruporecoletas.com\">dpo@gruporecoletas.com<\/a><span>\u00a0<\/span>ou \u00e0 l'adresse C\/ Constituci\u00f3n 8, 1\u00ba, 47001, Valladolid.<\/li>\n<li>Lorsque la personne concern\u00e9e consid\u00e8re que nous avons viol\u00e9 les droits qui lui sont reconnus par la r\u00e9glementation applicable en mati\u00e8re de protection des donn\u00e9es, elle peut d\u00e9poser une plainte aupr\u00e8s de l'Agence espagnole de protection des donn\u00e9es.<\/li>\n<li>Dans les cas o\u00f9, en raison de votre traitement, l'utilisation de proth\u00e8ses ou de tout autre mat\u00e9riel chirurgical sp\u00e9cifique est n\u00e9cessaire, vos donn\u00e9es personnelles peuvent \u00eatre communiqu\u00e9es aux entit\u00e9s fournisseuses, uniquement et exclusivement \u00e0 cette fin.<\/li>\n<\/ul>\n<h3>D\u00e9l\u00e9gu\u00e9 \u00e0 la protection des donn\u00e9es<\/h3>\n<h4>Contact<\/h4>\n<ul>\n<li>E-mail :<span>\u00a0<\/span><a href=\"mailto:dpo@gruporecoletas.com\">dpo@gruporecoletas.com<\/a><span>\u00a0<\/span>ou \u00e0 l'adresse C\/ Constituci\u00f3n 8, 1\u00ba, 47001, Valladolid.<\/li>\n<\/ul>\n<p>&nbsp;<\/p>\n<p>[\/et_pb_text][\/et_pb_column][\/et_pb_row][\/et_pb_section]<\/p>","protected":false},"excerpt":{"rendered":"<p>GDPR Protecci\u00f3n de datos del pacienteProtecci\u00f3n datos del paciente Grupo Recoletas\u00a0informa a los interesados de que sus datos personales ser\u00e1n tratados por las siguientes empresas seg\u00fan lo dispuesto en el art. 26 RGPD. Pincia Recoletas Salud, S.L.U.Constituci\u00f3n,8 1\u00baIzd. 47001 Valladolid Grupo Recoletas de Diagn\u00f3stico por Imagen, S.L.U.\u00a0Constituci\u00f3n,8 1\u00baIzd. 47001 Valladolid Hospital Recoletas de Burgos, S.L.\u00a0Av. [&hellip;]<\/p>","protected":false},"author":1,"featured_media":286575,"parent":0,"menu_order":0,"comment_status":"closed","ping_status":"closed","template":"","meta":{"_et_pb_use_builder":"on","_et_pb_old_content":"","_et_gb_content_width":"","footnotes":""},"class_list":["post-286721","page","type-page","status-publish","has-post-thumbnail","hentry"],"yoast_head":"<!-- This site is optimized with the Yoast SEO plugin v26.1.1 - https:\/\/yoast.com\/wordpress\/plugins\/seo\/ -->\n<title>Protecci\u00f3n de datos del paciente - Hospital Marbella<\/title>\n<meta name=\"description\" content=\"Garantizamos la seguridad y confidencialidad de tu informaci\u00f3n m\u00e9dica conforme a las normativas de protecci\u00f3n de datos del paciente.\" \/>\n<meta name=\"robots\" content=\"noindex, follow\" \/>\n<meta property=\"og:locale\" content=\"fr_FR\" \/>\n<meta property=\"og:type\" content=\"article\" \/>\n<meta property=\"og:title\" content=\"Protecci\u00f3n de datos del paciente - Hospital Marbella\" \/>\n<meta property=\"og:description\" content=\"Garantizamos la seguridad y confidencialidad de tu informaci\u00f3n m\u00e9dica conforme a las normativas de protecci\u00f3n de datos del paciente.\" \/>\n<meta property=\"og:url\" content=\"https:\/\/recoletasmarbella.com\/fr\/protection-des-donnees-des-patients\/\" \/>\n<meta property=\"og:site_name\" content=\"Hospital Marbella\" \/>\n<meta property=\"article:publisher\" content=\"https:\/\/www.facebook.com\/people\/Recoletas-Salud-Marbella\/61573653462220\/\" \/>\n<meta property=\"article:modified_time\" content=\"2025-06-30T17:06:43+00:00\" \/>\n<meta property=\"og:image\" content=\"https:\/\/recoletasmarbella.com\/wp-content\/uploads\/2025\/02\/recoletasmarbella2-215.jpg\" \/>\n\t<meta property=\"og:image:width\" content=\"1600\" \/>\n\t<meta property=\"og:image:height\" content=\"1067\" \/>\n\t<meta property=\"og:image:type\" content=\"image\/jpeg\" \/>\n<meta name=\"twitter:card\" content=\"summary_large_image\" \/>\n<meta name=\"twitter:label1\" content=\"Dur\u00e9e de lecture estim\u00e9e\" \/>\n\t<meta name=\"twitter:data1\" content=\"4 minutes\" \/>\n<script type=\"application\/ld+json\" class=\"yoast-schema-graph\">{\"@context\":\"https:\/\/schema.org\",\"@graph\":[{\"@type\":\"WebPage\",\"@id\":\"https:\/\/recoletasmarbella.com\/en\/patient-data-protection\/\",\"url\":\"https:\/\/recoletasmarbella.com\/en\/patient-data-protection\/\",\"name\":\"Protecci\u00f3n de datos del paciente - Hospital Marbella\",\"isPartOf\":{\"@id\":\"https:\/\/recoletasmarbella.com\/es\/#website\"},\"primaryImageOfPage\":{\"@id\":\"https:\/\/recoletasmarbella.com\/en\/patient-data-protection\/#primaryimage\"},\"image\":{\"@id\":\"https:\/\/recoletasmarbella.com\/en\/patient-data-protection\/#primaryimage\"},\"thumbnailUrl\":\"https:\/\/recoletasmarbella.com\/wp-content\/uploads\/2025\/02\/recoletasmarbella2-215.jpg\",\"datePublished\":\"2025-03-07T12:11:37+00:00\",\"dateModified\":\"2025-06-30T17:06:43+00:00\",\"description\":\"Garantizamos la seguridad y confidencialidad de tu informaci\u00f3n m\u00e9dica conforme a las normativas de protecci\u00f3n de datos del paciente.\",\"breadcrumb\":{\"@id\":\"https:\/\/recoletasmarbella.com\/en\/patient-data-protection\/#breadcrumb\"},\"inLanguage\":\"fr-FR\",\"potentialAction\":[{\"@type\":\"ReadAction\",\"target\":[\"https:\/\/recoletasmarbella.com\/en\/patient-data-protection\/\"]}]},{\"@type\":\"ImageObject\",\"inLanguage\":\"fr-FR\",\"@id\":\"https:\/\/recoletasmarbella.com\/en\/patient-data-protection\/#primaryimage\",\"url\":\"https:\/\/recoletasmarbella.com\/wp-content\/uploads\/2025\/02\/recoletasmarbella2-215.jpg\",\"contentUrl\":\"https:\/\/recoletasmarbella.com\/wp-content\/uploads\/2025\/02\/recoletasmarbella2-215.jpg\",\"width\":1600,\"height\":1067,\"caption\":\"Hospital Recoletas Salud Marbella\"},{\"@type\":\"BreadcrumbList\",\"@id\":\"https:\/\/recoletasmarbella.com\/en\/patient-data-protection\/#breadcrumb\",\"itemListElement\":[{\"@type\":\"ListItem\",\"position\":1,\"name\":\"Portada\",\"item\":\"https:\/\/recoletasmarbella.com\/es\/\"},{\"@type\":\"ListItem\",\"position\":2,\"name\":\"Protecci\u00f3n de datos del paciente\"}]},{\"@type\":\"WebSite\",\"@id\":\"https:\/\/recoletasmarbella.com\/es\/#website\",\"url\":\"https:\/\/recoletasmarbella.com\/es\/\",\"name\":\"Hospital Recoletas Salud Marbella\",\"description\":\"Recoletas Salud\",\"publisher\":{\"@id\":\"https:\/\/recoletasmarbella.com\/es\/#organization\"},\"potentialAction\":[{\"@type\":\"SearchAction\",\"target\":{\"@type\":\"EntryPoint\",\"urlTemplate\":\"https:\/\/recoletasmarbella.com\/es\/?s={search_term_string}\"},\"query-input\":{\"@type\":\"PropertyValueSpecification\",\"valueRequired\":true,\"valueName\":\"search_term_string\"}}],\"inLanguage\":\"fr-FR\"},{\"@type\":\"Organization\",\"@id\":\"https:\/\/recoletasmarbella.com\/es\/#organization\",\"name\":\"Grupo Recoletas\",\"url\":\"https:\/\/recoletasmarbella.com\/es\/\",\"logo\":{\"@type\":\"ImageObject\",\"inLanguage\":\"fr-FR\",\"@id\":\"https:\/\/recoletasmarbella.com\/es\/#\/schema\/logo\/image\/\",\"url\":\"http:\/\/recoletasmarbella.com\/wp-content\/uploads\/2025\/01\/logo-v-hospital-marbella-1.png\",\"contentUrl\":\"http:\/\/recoletasmarbella.com\/wp-content\/uploads\/2025\/01\/logo-v-hospital-marbella-1.png\",\"width\":216,\"height\":164,\"caption\":\"Grupo Recoletas\"},\"image\":{\"@id\":\"https:\/\/recoletasmarbella.com\/es\/#\/schema\/logo\/image\/\"},\"sameAs\":[\"https:\/\/www.facebook.com\/people\/Recoletas-Salud-Marbella\/61573653462220\/\",\"https:\/\/www.instagram.com\/recoletassaludmarbella\/\",\"https:\/\/www.linkedin.com\/company\/recoletas-salud-marbella\",\"https:\/\/www.youtube.com\/@recoletassalud\"]}]}<\/script>\n<!-- \/ Yoast SEO plugin. -->","yoast_head_json":{"title":"Protection des donn\u00e9es des patients - Hospital Marbella","description":"Nous garantissons la s\u00e9curit\u00e9 et la confidentialit\u00e9 de vos informations m\u00e9dicales conform\u00e9ment \u00e0 la r\u00e9glementation relative \u00e0 la protection des donn\u00e9es des patients.","robots":{"index":"noindex","follow":"follow"},"og_locale":"fr_FR","og_type":"article","og_title":"Protecci\u00f3n de datos del paciente - Hospital Marbella","og_description":"Garantizamos la seguridad y confidencialidad de tu informaci\u00f3n m\u00e9dica conforme a las normativas de protecci\u00f3n de datos del paciente.","og_url":"https:\/\/recoletasmarbella.com\/fr\/protection-des-donnees-des-patients\/","og_site_name":"Hospital Marbella","article_publisher":"https:\/\/www.facebook.com\/people\/Recoletas-Salud-Marbella\/61573653462220\/","article_modified_time":"2025-06-30T17:06:43+00:00","og_image":[{"width":1600,"height":1067,"url":"https:\/\/recoletasmarbella.com\/wp-content\/uploads\/2025\/02\/recoletasmarbella2-215.jpg","type":"image\/jpeg"}],"twitter_card":"summary_large_image","twitter_misc":{"Dur\u00e9e de lecture estim\u00e9e":"4 minutes"},"schema":{"@context":"https:\/\/schema.org","@graph":[{"@type":"WebPage","@id":"https:\/\/recoletasmarbella.com\/en\/patient-data-protection\/","url":"https:\/\/recoletasmarbella.com\/en\/patient-data-protection\/","name":"Protection des donn\u00e9es des patients - Hospital Marbella","isPartOf":{"@id":"https:\/\/recoletasmarbella.com\/es\/#website"},"primaryImageOfPage":{"@id":"https:\/\/recoletasmarbella.com\/en\/patient-data-protection\/#primaryimage"},"image":{"@id":"https:\/\/recoletasmarbella.com\/en\/patient-data-protection\/#primaryimage"},"thumbnailUrl":"https:\/\/recoletasmarbella.com\/wp-content\/uploads\/2025\/02\/recoletasmarbella2-215.jpg","datePublished":"2025-03-07T12:11:37+00:00","dateModified":"2025-06-30T17:06:43+00:00","description":"Nous garantissons la s\u00e9curit\u00e9 et la confidentialit\u00e9 de vos informations m\u00e9dicales conform\u00e9ment \u00e0 la r\u00e9glementation relative \u00e0 la protection des donn\u00e9es des patients.","breadcrumb":{"@id":"https:\/\/recoletasmarbella.com\/en\/patient-data-protection\/#breadcrumb"},"inLanguage":"fr-FR","potentialAction":[{"@type":"ReadAction","target":["https:\/\/recoletasmarbella.com\/en\/patient-data-protection\/"]}]},{"@type":"ImageObject","inLanguage":"fr-FR","@id":"https:\/\/recoletasmarbella.com\/en\/patient-data-protection\/#primaryimage","url":"https:\/\/recoletasmarbella.com\/wp-content\/uploads\/2025\/02\/recoletasmarbella2-215.jpg","contentUrl":"https:\/\/recoletasmarbella.com\/wp-content\/uploads\/2025\/02\/recoletasmarbella2-215.jpg","width":1600,"height":1067,"caption":"Hospital Recoletas Salud Marbella"},{"@type":"BreadcrumbList","@id":"https:\/\/recoletasmarbella.com\/en\/patient-data-protection\/#breadcrumb","itemListElement":[{"@type":"ListItem","position":1,"name":"Portada","item":"https:\/\/recoletasmarbella.com\/es\/"},{"@type":"ListItem","position":2,"name":"Protecci\u00f3n de datos del paciente"}]},{"@type":"WebSite","@id":"https:\/\/recoletasmarbella.com\/es\/#website","url":"https:\/\/recoletasmarbella.com\/es\/","name":"L'h\u00f4pital Recoletas Salud Marbella","description":"de recoletas salud","publisher":{"@id":"https:\/\/recoletasmarbella.com\/es\/#organization"},"potentialAction":[{"@type":"SearchAction","target":{"@type":"EntryPoint","urlTemplate":"https:\/\/recoletasmarbella.com\/es\/?s={search_term_string}"},"query-input":{"@type":"PropertyValueSpecification","valueRequired":true,"valueName":"search_term_string"}}],"inLanguage":"fr-FR"},{"@type":"Organization","@id":"https:\/\/recoletasmarbella.com\/es\/#organization","name":"Groupe Recoletas","url":"https:\/\/recoletasmarbella.com\/es\/","logo":{"@type":"ImageObject","inLanguage":"fr-FR","@id":"https:\/\/recoletasmarbella.com\/es\/#\/schema\/logo\/image\/","url":"http:\/\/recoletasmarbella.com\/wp-content\/uploads\/2025\/01\/logo-v-hospital-marbella-1.png","contentUrl":"http:\/\/recoletasmarbella.com\/wp-content\/uploads\/2025\/01\/logo-v-hospital-marbella-1.png","width":216,"height":164,"caption":"Grupo Recoletas"},"image":{"@id":"https:\/\/recoletasmarbella.com\/es\/#\/schema\/logo\/image\/"},"sameAs":["https:\/\/www.facebook.com\/people\/Recoletas-Salud-Marbella\/61573653462220\/","https:\/\/www.instagram.com\/recoletassaludmarbella\/","https:\/\/www.linkedin.com\/company\/recoletas-salud-marbella","https:\/\/www.youtube.com\/@recoletassalud"]}]}},"_links":{"self":[{"href":"https:\/\/recoletasmarbella.com\/fr\/wp-json\/wp\/v2\/pages\/286721","targetHints":{"allow":["GET"]}}],"collection":[{"href":"https:\/\/recoletasmarbella.com\/fr\/wp-json\/wp\/v2\/pages"}],"about":[{"href":"https:\/\/recoletasmarbella.com\/fr\/wp-json\/wp\/v2\/types\/page"}],"author":[{"embeddable":true,"href":"https:\/\/recoletasmarbella.com\/fr\/wp-json\/wp\/v2\/users\/1"}],"replies":[{"embeddable":true,"href":"https:\/\/recoletasmarbella.com\/fr\/wp-json\/wp\/v2\/comments?post=286721"}],"version-history":[{"count":6,"href":"https:\/\/recoletasmarbella.com\/fr\/wp-json\/wp\/v2\/pages\/286721\/revisions"}],"predecessor-version":[{"id":291810,"href":"https:\/\/recoletasmarbella.com\/fr\/wp-json\/wp\/v2\/pages\/286721\/revisions\/291810"}],"wp:featuredmedia":[{"embeddable":true,"href":"https:\/\/recoletasmarbella.com\/fr\/wp-json\/wp\/v2\/media\/286575"}],"wp:attachment":[{"href":"https:\/\/recoletasmarbella.com\/fr\/wp-json\/wp\/v2\/media?parent=286721"}],"curies":[{"name":"wp","href":"https:\/\/api.w.org\/{rel}","templated":true}]}}