{"id":286725,"date":"2025-03-07T12:17:18","date_gmt":"2025-03-07T12:17:18","guid":{"rendered":"https:\/\/recoletasmarbella.com\/?page_id=286725"},"modified":"2025-06-30T17:07:39","modified_gmt":"2025-06-30T17:07:39","slug":"politique-du-systeme-de-gestion","status":"publish","type":"page","link":"https:\/\/recoletasmarbella.com\/fr\/politique-du-systeme-de-gestion\/","title":{"rendered":"Politique du syst\u00e8me de gestion"},"content":{"rendered":"<p>[et_pb_section fb_built=\u00bb1&#8243; _builder_version=\u00bb4.27.4&#8243; _module_preset=\u00bbdefault\u00bb background_color=\u00bb#F2F2F2&#8243; custom_padding=\u00bb21px||24px|||\u00bb global_colors_info=\u00bb{}\u00bb][et_pb_row _builder_version=\u00bb4.27.4&#8243; _module_preset=\u00bbdefault\u00bb global_colors_info=\u00bb{}\u00bb][et_pb_column type=\u00bb4_4&#8243; _builder_version=\u00bb4.27.4&#8243; _module_preset=\u00bbdefault\u00bb global_colors_info=\u00bb{}\u00bb][et_pb_text _builder_version=\u00bb4.27.4&#8243; _module_preset=\u00bbb20293d3-7e7e-4718-8a41-9d40e20be87b\u00bb header_2_font=\u00bb&#8211;et_global_heading_font|800||on|||||\u00bb header_2_font_size=\u00bb31px\u00bb header_2_letter_spacing=\u00bb0px\u00bb header_2_line_height=\u00bb1em\u00bb header_4_text_color=\u00bb#C7A3DE\u00bb max_width=\u00bb379px\u00bb max_width_tablet=\u00bb379px\u00bb max_width_phone=\u00bb266px\u00bb max_width_last_edited=\u00bbon|phone\u00bb module_alignment=\u00bbcenter\u00bb custom_padding=\u00bb|30px||30px|false|true\u00bb border_width_right=\u00bb2px\u00bb border_color_right=\u00bb#C7A3DE\u00bb border_width_left=\u00bb2px\u00bb border_color_left=\u00bb#C7A3DE\u00bb locked=\u00bboff\u00bb global_colors_info=\u00bb{}\u00bb]<\/p>\n<h3 style=\"text-align: center;\">RGPD<\/h3>\n<h2 style=\"text-align: center;\">Politique du syst\u00e8me de gestion<\/h2>\n<p>[\/et_pb_text][\/et_pb_column][\/et_pb_row][\/et_pb_section][et_pb_section fb_built=\u00bb1&#8243; _builder_version=\u00bb4.27.4&#8243; _module_preset=\u00bbdefault\u00bb global_colors_info=\u00bb{}\u00bb][et_pb_row _builder_version=\u00bb4.27.4&#8243; _module_preset=\u00bbdefault\u00bb global_colors_info=\u00bb{}\u00bb][et_pb_column type=\u00bb4_4&#8243; _builder_version=\u00bb4.27.4&#8243; _module_preset=\u00bbdefault\u00bb global_colors_info=\u00bb{}\u00bb][et_pb_text _builder_version=\u00bb4.27.4&#8243; _module_preset=\u00bbdefault\u00bb header_2_font_size=\u00bb28px\u00bb header_3_font_size=\u00bb17px\u00bb header_3_line_height=\u00bb2.2em\u00bb header_4_text_color=\u00bb#ac8dc1&#8243; header_4_font_size=\u00bb15px\u00bb custom_padding=\u00bb|0px||||\u00bb global_colors_info=\u00bb{}\u00bb]<\/p>\n<p>Notre politique de prestation et de gestion des services de sant\u00e9 vise \u00e0 \u00e9tablir un mod\u00e8le d'affaires dont l'axe central est la satisfaction des attentes de nos patients et des autres parties int\u00e9ress\u00e9es, selon les crit\u00e8res de<span>\u00a0<\/span><strong>l'efficacit\u00e9 et la durabilit\u00e9.<\/strong><span>\u00a0<\/span>L'int\u00e9gralit\u00e9 des<strong><span>\u00a0<\/span>la satisfaction des personnes que nous servons et de nos professionnels<\/strong><span>\u00a0<\/span>c'est notre priorit\u00e9 maximale.<\/p>\n<p>Afin d'atteindre cet objectif, dans un march\u00e9 o\u00f9 les besoins de sant\u00e9 de la population augmentent de fa\u00e7on exponentielle, notre organisation assume la responsabilit\u00e9 de<span>\u00a0<\/span><strong>l'engagement \u00e0 am\u00e9liorer continuellement le syst\u00e8me de gestion<\/strong><span>\u00a0<\/span>\u00c0 tous les niveaux, nous fixons des objectifs \u00e0 court, moyen et long terme et \u00e9tablissons, r\u00e9visons et \u00e9valuons p\u00e9riodiquement leur r\u00e9alisation afin d\u2019am\u00e9liorer progressivement les indicateurs de nos processus.<\/p>\n<p>&nbsp;<\/p>\n<p>La disponibilit\u00e9 des meilleurs moyens techniques, un personnel bien form\u00e9 et hautement qualifi\u00e9 dans toutes les facettes de la prestation de services, ainsi qu'une vocation et un engagement clairs envers la<span>\u00a0<\/span><strong>l'engagement en faveur de l'excellence<\/strong>, l\u2019implication de l\u2019ensemble du personnel et le soutien total de l\u2019\u00e9quipe de direction de l\u2019organisation sont des facteurs cl\u00e9s pour atteindre les objectifs fix\u00e9s.<\/p>\n<p>Nous promouvons des environnements et des processus s\u00fbrs pour assurer la s\u00e9curit\u00e9 et la s\u00fbret\u00e9 des<span>\u00a0<\/span><strong>s\u00e9curit\u00e9<\/strong><span>\u00a0<\/span>des patients et autres usagers, la pr\u00e9vention d'\u00e9ventuels pr\u00e9judices aux professionnels travaillant dans nos centres, ainsi que la mise en place de m\u00e9canismes efficaces de signalement des incidents \u00e0 des fins d'analyse et de pr\u00e9vention.<\/p>\n<p>Nous identifions et \u00e9valuons les exigences l\u00e9gales et autres exigences souscrites pour garantir la conformit\u00e9, en fournissant les ressources et le soutien n\u00e9cessaires pour mettre en \u0153uvre et maintenir un syst\u00e8me de gestion afin de garantir la conformit\u00e9 avec cette politique.<\/p>\n<p>&nbsp;<\/p>\n<p>L\u2019engagement envers notre environnement est \u00e9galement un \u00e9l\u00e9ment fondamental de la fa\u00e7on dont nous concevons notre activit\u00e9.<span>\u00a0<\/span><strong>pr\u00e9vention de la pollution<\/strong>, L'utilisation responsable et efficace des ressources utilis\u00e9es dans notre activit\u00e9, ainsi que la minimisation des d\u00e9chets g\u00e9n\u00e9r\u00e9s, visent \u00e0 la protection de l'environnement \u00e0 travers la r\u00e9alisation des principes d'\u00e9conomie durable et de qualit\u00e9 environnementale.<\/p>\n<p>L'\u00e9quipe de direction et tous les employ\u00e9s sont conscients des objectifs du syst\u00e8me de gestion \u00e9tabli par la Direction et les assument dans leur travail quotidien comme un \u00e9l\u00e9ment fondamental de leur engagement envers l'Organisation.<\/p>\n<p>[\/et_pb_text][\/et_pb_column][\/et_pb_row][\/et_pb_section]<\/p>","protected":false},"excerpt":{"rendered":"<p>GDPR Pol\u00edtica del sistema de gesti\u00f3nNuestra Pol\u00edtica en la prestaci\u00f3n y gesti\u00f3n de Servicios Sanitarios tiene como objetivo el establecimiento de un modelo de negocio, que como eje central establece el cumplimiento de las expectativas de nuestros pacientes y dem\u00e1s partes interesadas, bajo criterios de\u00a0eficiencia y sostenibilidad.\u00a0La plena\u00a0satisfacci\u00f3n de las personas que atendemos y nuestros [&hellip;]<\/p>","protected":false},"author":1,"featured_media":286575,"parent":0,"menu_order":0,"comment_status":"closed","ping_status":"closed","template":"","meta":{"_et_pb_use_builder":"on","_et_pb_old_content":"","_et_gb_content_width":"","footnotes":""},"class_list":["post-286725","page","type-page","status-publish","has-post-thumbnail","hentry"],"yoast_head":"<!-- This site is optimized with the Yoast SEO plugin v26.1.1 - https:\/\/yoast.com\/wordpress\/plugins\/seo\/ -->\n<title>Pol\u00edtica de sistema de gesti\u00f3n - Hospital Marbella<\/title>\n<meta name=\"description\" content=\"Pol\u00edtica de sistema de gesti\u00f3n establecemos la eficiencia en nuestros procesos para ofrecer un servicio seguro, innovador para el paciente.\" \/>\n<meta name=\"robots\" content=\"noindex, follow\" \/>\n<meta property=\"og:locale\" content=\"fr_FR\" \/>\n<meta property=\"og:type\" content=\"article\" \/>\n<meta property=\"og:title\" content=\"Pol\u00edtica de sistema de gesti\u00f3n - Hospital Marbella\" \/>\n<meta property=\"og:description\" content=\"Pol\u00edtica de sistema de gesti\u00f3n establecemos la eficiencia en nuestros procesos para ofrecer un servicio seguro, innovador para el paciente.\" \/>\n<meta property=\"og:url\" content=\"https:\/\/recoletasmarbella.com\/fr\/politique-du-systeme-de-gestion\/\" \/>\n<meta property=\"og:site_name\" content=\"Hospital Marbella\" \/>\n<meta property=\"article:publisher\" content=\"https:\/\/www.facebook.com\/people\/Recoletas-Salud-Marbella\/61573653462220\/\" \/>\n<meta property=\"article:modified_time\" content=\"2025-06-30T17:07:39+00:00\" \/>\n<meta property=\"og:image\" content=\"https:\/\/recoletasmarbella.com\/wp-content\/uploads\/2025\/02\/recoletasmarbella2-215.jpg\" \/>\n\t<meta property=\"og:image:width\" content=\"1600\" \/>\n\t<meta property=\"og:image:height\" content=\"1067\" \/>\n\t<meta property=\"og:image:type\" content=\"image\/jpeg\" \/>\n<meta name=\"twitter:card\" content=\"summary_large_image\" \/>\n<meta name=\"twitter:label1\" content=\"Dur\u00e9e de lecture estim\u00e9e\" \/>\n\t<meta name=\"twitter:data1\" content=\"2 minutes\" \/>\n<script type=\"application\/ld+json\" class=\"yoast-schema-graph\">{\"@context\":\"https:\/\/schema.org\",\"@graph\":[{\"@type\":\"WebPage\",\"@id\":\"https:\/\/recoletasmarbella.com\/es\/politica-de-sistema-de-gestion\/\",\"url\":\"https:\/\/recoletasmarbella.com\/es\/politica-de-sistema-de-gestion\/\",\"name\":\"Pol\u00edtica de sistema de gesti\u00f3n - Hospital Marbella\",\"isPartOf\":{\"@id\":\"https:\/\/recoletasmarbella.com\/es\/#website\"},\"primaryImageOfPage\":{\"@id\":\"https:\/\/recoletasmarbella.com\/es\/politica-de-sistema-de-gestion\/#primaryimage\"},\"image\":{\"@id\":\"https:\/\/recoletasmarbella.com\/es\/politica-de-sistema-de-gestion\/#primaryimage\"},\"thumbnailUrl\":\"https:\/\/recoletasmarbella.com\/wp-content\/uploads\/2025\/02\/recoletasmarbella2-215.jpg\",\"datePublished\":\"2025-03-07T12:17:18+00:00\",\"dateModified\":\"2025-06-30T17:07:39+00:00\",\"description\":\"Pol\u00edtica de sistema de gesti\u00f3n establecemos la eficiencia en nuestros procesos para ofrecer un servicio seguro, innovador para el paciente.\",\"breadcrumb\":{\"@id\":\"https:\/\/recoletasmarbella.com\/es\/politica-de-sistema-de-gestion\/#breadcrumb\"},\"inLanguage\":\"fr-FR\",\"potentialAction\":[{\"@type\":\"ReadAction\",\"target\":[\"https:\/\/recoletasmarbella.com\/es\/politica-de-sistema-de-gestion\/\"]}]},{\"@type\":\"ImageObject\",\"inLanguage\":\"fr-FR\",\"@id\":\"https:\/\/recoletasmarbella.com\/es\/politica-de-sistema-de-gestion\/#primaryimage\",\"url\":\"https:\/\/recoletasmarbella.com\/wp-content\/uploads\/2025\/02\/recoletasmarbella2-215.jpg\",\"contentUrl\":\"https:\/\/recoletasmarbella.com\/wp-content\/uploads\/2025\/02\/recoletasmarbella2-215.jpg\",\"width\":1600,\"height\":1067,\"caption\":\"Hospital Recoletas Salud Marbella\"},{\"@type\":\"BreadcrumbList\",\"@id\":\"https:\/\/recoletasmarbella.com\/es\/politica-de-sistema-de-gestion\/#breadcrumb\",\"itemListElement\":[{\"@type\":\"ListItem\",\"position\":1,\"name\":\"Portada\",\"item\":\"https:\/\/recoletasmarbella.com\/es\/\"},{\"@type\":\"ListItem\",\"position\":2,\"name\":\"Pol\u00edtica de sistema de gesti\u00f3n\"}]},{\"@type\":\"WebSite\",\"@id\":\"https:\/\/recoletasmarbella.com\/es\/#website\",\"url\":\"https:\/\/recoletasmarbella.com\/es\/\",\"name\":\"Hospital Recoletas Salud Marbella\",\"description\":\"Recoletas Salud\",\"publisher\":{\"@id\":\"https:\/\/recoletasmarbella.com\/es\/#organization\"},\"potentialAction\":[{\"@type\":\"SearchAction\",\"target\":{\"@type\":\"EntryPoint\",\"urlTemplate\":\"https:\/\/recoletasmarbella.com\/es\/?s={search_term_string}\"},\"query-input\":{\"@type\":\"PropertyValueSpecification\",\"valueRequired\":true,\"valueName\":\"search_term_string\"}}],\"inLanguage\":\"fr-FR\"},{\"@type\":\"Organization\",\"@id\":\"https:\/\/recoletasmarbella.com\/es\/#organization\",\"name\":\"Grupo Recoletas\",\"url\":\"https:\/\/recoletasmarbella.com\/es\/\",\"logo\":{\"@type\":\"ImageObject\",\"inLanguage\":\"fr-FR\",\"@id\":\"https:\/\/recoletasmarbella.com\/es\/#\/schema\/logo\/image\/\",\"url\":\"http:\/\/recoletasmarbella.com\/wp-content\/uploads\/2025\/01\/logo-v-hospital-marbella-1.png\",\"contentUrl\":\"http:\/\/recoletasmarbella.com\/wp-content\/uploads\/2025\/01\/logo-v-hospital-marbella-1.png\",\"width\":216,\"height\":164,\"caption\":\"Grupo Recoletas\"},\"image\":{\"@id\":\"https:\/\/recoletasmarbella.com\/es\/#\/schema\/logo\/image\/\"},\"sameAs\":[\"https:\/\/www.facebook.com\/people\/Recoletas-Salud-Marbella\/61573653462220\/\",\"https:\/\/www.instagram.com\/recoletassaludmarbella\/\",\"https:\/\/www.linkedin.com\/company\/recoletas-salud-marbella\",\"https:\/\/www.youtube.com\/@recoletassalud\"]}]}<\/script>\n<!-- \/ Yoast SEO plugin. -->","yoast_head_json":{"title":"Politique du syst\u00e8me de gestion - Hospital Marbella","description":"Politique du syst\u00e8me de gestion Nous veillons \u00e0 l'efficacit\u00e9 de nos processus afin d'offrir au patient un service s\u00fbr et innovant.","robots":{"index":"noindex","follow":"follow"},"og_locale":"fr_FR","og_type":"article","og_title":"Pol\u00edtica de sistema de gesti\u00f3n - Hospital Marbella","og_description":"Pol\u00edtica de sistema de gesti\u00f3n establecemos la eficiencia en nuestros procesos para ofrecer un servicio seguro, innovador para el paciente.","og_url":"https:\/\/recoletasmarbella.com\/fr\/politique-du-systeme-de-gestion\/","og_site_name":"Hospital Marbella","article_publisher":"https:\/\/www.facebook.com\/people\/Recoletas-Salud-Marbella\/61573653462220\/","article_modified_time":"2025-06-30T17:07:39+00:00","og_image":[{"width":1600,"height":1067,"url":"https:\/\/recoletasmarbella.com\/wp-content\/uploads\/2025\/02\/recoletasmarbella2-215.jpg","type":"image\/jpeg"}],"twitter_card":"summary_large_image","twitter_misc":{"Dur\u00e9e de lecture estim\u00e9e":"2 minutes"},"schema":{"@context":"https:\/\/schema.org","@graph":[{"@type":"WebPage","@id":"https:\/\/recoletasmarbella.com\/es\/politica-de-sistema-de-gestion\/","url":"https:\/\/recoletasmarbella.com\/es\/politica-de-sistema-de-gestion\/","name":"Politique du syst\u00e8me de gestion - Hospital Marbella","isPartOf":{"@id":"https:\/\/recoletasmarbella.com\/es\/#website"},"primaryImageOfPage":{"@id":"https:\/\/recoletasmarbella.com\/es\/politica-de-sistema-de-gestion\/#primaryimage"},"image":{"@id":"https:\/\/recoletasmarbella.com\/es\/politica-de-sistema-de-gestion\/#primaryimage"},"thumbnailUrl":"https:\/\/recoletasmarbella.com\/wp-content\/uploads\/2025\/02\/recoletasmarbella2-215.jpg","datePublished":"2025-03-07T12:17:18+00:00","dateModified":"2025-06-30T17:07:39+00:00","description":"Politique du syst\u00e8me de gestion Nous veillons \u00e0 l'efficacit\u00e9 de nos processus afin d'offrir au patient un service s\u00fbr et innovant.","breadcrumb":{"@id":"https:\/\/recoletasmarbella.com\/es\/politica-de-sistema-de-gestion\/#breadcrumb"},"inLanguage":"fr-FR","potentialAction":[{"@type":"ReadAction","target":["https:\/\/recoletasmarbella.com\/es\/politica-de-sistema-de-gestion\/"]}]},{"@type":"ImageObject","inLanguage":"fr-FR","@id":"https:\/\/recoletasmarbella.com\/es\/politica-de-sistema-de-gestion\/#primaryimage","url":"https:\/\/recoletasmarbella.com\/wp-content\/uploads\/2025\/02\/recoletasmarbella2-215.jpg","contentUrl":"https:\/\/recoletasmarbella.com\/wp-content\/uploads\/2025\/02\/recoletasmarbella2-215.jpg","width":1600,"height":1067,"caption":"Hospital Recoletas Salud Marbella"},{"@type":"BreadcrumbList","@id":"https:\/\/recoletasmarbella.com\/es\/politica-de-sistema-de-gestion\/#breadcrumb","itemListElement":[{"@type":"ListItem","position":1,"name":"Portada","item":"https:\/\/recoletasmarbella.com\/es\/"},{"@type":"ListItem","position":2,"name":"Pol\u00edtica de sistema de gesti\u00f3n"}]},{"@type":"WebSite","@id":"https:\/\/recoletasmarbella.com\/es\/#website","url":"https:\/\/recoletasmarbella.com\/es\/","name":"L'h\u00f4pital Recoletas Salud Marbella","description":"de recoletas salud","publisher":{"@id":"https:\/\/recoletasmarbella.com\/es\/#organization"},"potentialAction":[{"@type":"SearchAction","target":{"@type":"EntryPoint","urlTemplate":"https:\/\/recoletasmarbella.com\/es\/?s={search_term_string}"},"query-input":{"@type":"PropertyValueSpecification","valueRequired":true,"valueName":"search_term_string"}}],"inLanguage":"fr-FR"},{"@type":"Organization","@id":"https:\/\/recoletasmarbella.com\/es\/#organization","name":"Groupe Recoletas","url":"https:\/\/recoletasmarbella.com\/es\/","logo":{"@type":"ImageObject","inLanguage":"fr-FR","@id":"https:\/\/recoletasmarbella.com\/es\/#\/schema\/logo\/image\/","url":"http:\/\/recoletasmarbella.com\/wp-content\/uploads\/2025\/01\/logo-v-hospital-marbella-1.png","contentUrl":"http:\/\/recoletasmarbella.com\/wp-content\/uploads\/2025\/01\/logo-v-hospital-marbella-1.png","width":216,"height":164,"caption":"Grupo Recoletas"},"image":{"@id":"https:\/\/recoletasmarbella.com\/es\/#\/schema\/logo\/image\/"},"sameAs":["https:\/\/www.facebook.com\/people\/Recoletas-Salud-Marbella\/61573653462220\/","https:\/\/www.instagram.com\/recoletassaludmarbella\/","https:\/\/www.linkedin.com\/company\/recoletas-salud-marbella","https:\/\/www.youtube.com\/@recoletassalud"]}]}},"_links":{"self":[{"href":"https:\/\/recoletasmarbella.com\/fr\/wp-json\/wp\/v2\/pages\/286725","targetHints":{"allow":["GET"]}}],"collection":[{"href":"https:\/\/recoletasmarbella.com\/fr\/wp-json\/wp\/v2\/pages"}],"about":[{"href":"https:\/\/recoletasmarbella.com\/fr\/wp-json\/wp\/v2\/types\/page"}],"author":[{"embeddable":true,"href":"https:\/\/recoletasmarbella.com\/fr\/wp-json\/wp\/v2\/users\/1"}],"replies":[{"embeddable":true,"href":"https:\/\/recoletasmarbella.com\/fr\/wp-json\/wp\/v2\/comments?post=286725"}],"version-history":[{"count":11,"href":"https:\/\/recoletasmarbella.com\/fr\/wp-json\/wp\/v2\/pages\/286725\/revisions"}],"predecessor-version":[{"id":291811,"href":"https:\/\/recoletasmarbella.com\/fr\/wp-json\/wp\/v2\/pages\/286725\/revisions\/291811"}],"wp:featuredmedia":[{"embeddable":true,"href":"https:\/\/recoletasmarbella.com\/fr\/wp-json\/wp\/v2\/media\/286575"}],"wp:attachment":[{"href":"https:\/\/recoletasmarbella.com\/fr\/wp-json\/wp\/v2\/media?parent=286725"}],"curies":[{"name":"wp","href":"https:\/\/api.w.org\/{rel}","templated":true}]}}