{"id":286729,"date":"2025-03-07T12:20:58","date_gmt":"2025-03-07T12:20:58","guid":{"rendered":"https:\/\/recoletasmarbella.com\/?page_id=286729"},"modified":"2025-07-08T12:31:31","modified_gmt":"2025-07-08T12:31:31","slug":"politique-de-conformite","status":"publish","type":"page","link":"https:\/\/recoletasmarbella.com\/fr\/politique-de-conformite\/","title":{"rendered":"Politique de conformit\u00e9"},"content":{"rendered":"<p>[et_pb_section fb_built=\u00bb1&#8243; _builder_version=\u00bb4.27.4&#8243; _module_preset=\u00bbdefault\u00bb background_color=\u00bb#F2F2F2&#8243; custom_padding=\u00bb21px||24px|||\u00bb global_colors_info=\u00bb{}\u00bb][et_pb_row _builder_version=\u00bb4.27.4&#8243; _module_preset=\u00bbdefault\u00bb global_colors_info=\u00bb{}\u00bb][et_pb_column type=\u00bb4_4&#8243; _builder_version=\u00bb4.27.4&#8243; _module_preset=\u00bbdefault\u00bb global_colors_info=\u00bb{}\u00bb][et_pb_text _builder_version=\u00bb4.27.4&#8243; _module_preset=\u00bbb20293d3-7e7e-4718-8a41-9d40e20be87b\u00bb header_2_font=\u00bb&#8211;et_global_heading_font|800||on|||||\u00bb header_2_font_size=\u00bb31px\u00bb header_2_letter_spacing=\u00bb0px\u00bb header_2_line_height=\u00bb1em\u00bb header_4_text_color=\u00bb#C7A3DE\u00bb max_width=\u00bb379px\u00bb max_width_tablet=\u00bb379px\u00bb max_width_phone=\u00bb266px\u00bb max_width_last_edited=\u00bbon|phone\u00bb module_alignment=\u00bbcenter\u00bb custom_padding=\u00bb|30px||30px|false|true\u00bb hover_enabled=\u00bb0&#8243; border_width_right=\u00bb2px\u00bb border_color_right=\u00bb#C7A3DE\u00bb border_width_left=\u00bb2px\u00bb border_color_left=\u00bb#C7A3DE\u00bb locked=\u00bboff\u00bb global_colors_info=\u00bb{}\u00bb sticky_enabled=\u00bb0&#8243;]<\/p>\n<h3 style=\"text-align: center;\">RGPD<\/h3>\n<h2 style=\"text-align: center;\">POLITIQUE EN MATI\u00c8RE DE CONFORMIT\u00c9<\/h2>\n<p>[\/et_pb_text][\/et_pb_column][\/et_pb_row][\/et_pb_section][et_pb_section fb_built=\u00bb1&#8243; _builder_version=\u00bb4.27.4&#8243; _module_preset=\u00bbdefault\u00bb global_colors_info=\u00bb{}\u00bb][et_pb_row _builder_version=\u00bb4.27.4&#8243; _module_preset=\u00bbdefault\u00bb global_colors_info=\u00bb{}\u00bb][et_pb_column type=\u00bb4_4&#8243; _builder_version=\u00bb4.27.4&#8243; _module_preset=\u00bbdefault\u00bb global_colors_info=\u00bb{}\u00bb][et_pb_text _builder_version=\u00bb4.27.4&#8243; _module_preset=\u00bbdefault\u00bb header_2_font_size=\u00bb28px\u00bb header_3_font_size=\u00bb17px\u00bb header_3_line_height=\u00bb2.2em\u00bb header_4_text_color=\u00bb#ac8dc1&#8243; header_4_font_size=\u00bb15px\u00bb custom_padding=\u00bb|0px||0px|false|true\u00bb global_colors_info=\u00bb{}\u00bb]<\/p>\n<p style=\"text-align: justify;\">L'<span>\u00a0<\/span><strong>Politique de conformit\u00e9<\/strong><span>\u00a0<\/span>de<strong><span>\u00a0<\/span>Groupe Recoletas<\/strong><span>\u00a0<\/span>exprime son engagement \u00e0 l'\u00e9gard de la<span>\u00a0<\/span><strong>Le strict respect des lois et r\u00e8glements en vigueur<\/strong>. La commission d'infractions p\u00e9nales ou d'actes irr\u00e9guliers est interdite et les activit\u00e9s dans le cadre desquelles de telles infracctions pourraient \u00eatre commises sont identifi\u00e9es afin de pouvoir les pr\u00e9venir.<\/p>\n<p style=\"text-align: justify;\"><strong>La direction comme les employ\u00e9s du groupe Recoletas<\/strong><span>\u00a0<\/span>sont inform\u00e9s des objectifs fix\u00e9s dans le cadre de la politique de conformit\u00e9 et les int\u00e8grent dans leur travail quotidien, de mani\u00e8re \u00e0 minimiser l'exposition de l'organisation au risque de non-conformit\u00e9.<\/p>\n<p style=\"text-align: justify;\">La politique de conformit\u00e9 du groupe Recoletas vise, par le biais des politiques, proc\u00e9dures et autres outils qui la composent, \u00e0 cr\u00e9er, promouvoir et maintenir<span>\u00a0<\/span><strong>une culture de bonnes pratiques et d'\u00e9thique professionnelle<\/strong><span>\u00a0<\/span>coh\u00e9rente avec les objectifs de l'organisation. Cette politique s'appuie sur<span>\u00a0<\/span><strong>les principes et les valeurs qui caract\u00e9risent le Grupo Recoletas<\/strong>.<\/p>\n<p>[\/et_pb_text][et_pb_text _builder_version=\u00bb4.27.4&#8243; _module_preset=\u00bbdefault\u00bb header_2_font_size=\u00bb28px\u00bb header_3_font_size=\u00bb17px\u00bb header_3_line_height=\u00bb2.2em\u00bb header_4_text_color=\u00bb#ac8dc1&#8243; header_4_font_size=\u00bb15px\u00bb custom_padding=\u00bb|0px||0px|false|true\u00bb global_colors_info=\u00bb{}\u00bb]<\/p>\n<p style=\"text-align: justify;\">L'\u00e9l\u00e9ment central du Grupo Recoletas est un syst\u00e8me de gestion de l'environnement.<span>\u00a0<\/span><a href=\"https:\/\/lomasrecoletas.com\/wp-content\/uploads\/2024\/11\/v2-Codigo_etico-RECOLETAS_SALUD-rev11_2024-1.pdf\" target=\"_blank\" rel=\"noopener\"><strong>Code de d\u00e9ontologie<\/strong><\/a>L'objectif est de guider les activit\u00e9s des membres du groupe, afin qu'ils identifient les principes et les valeurs de l'entreprise comme \u00e9tant les leurs, et que leur respect soit obligatoire.<\/p>\n<p style=\"text-align: justify;\">Afin d'assurer le bon fonctionnement de la politique de conformit\u00e9, le groupe Recoletas dispose d'un syst\u00e8me de gestion de la conformit\u00e9.<span>\u00a0<\/span><strong>Comit\u00e9 de conformit\u00e9<\/strong>. Ce comit\u00e9, dot\u00e9 d'ind\u00e9pendance et d'autorit\u00e9, est disponible pour r\u00e9pondre \u00e0 toute question relative \u00e0 la conformit\u00e9 r\u00e9glementaire et est charg\u00e9 de la gestion de la cha\u00eene d'\u00e9thique, en tant que responsable du syst\u00e8me d'information interne du groupe.<\/p>\n<p style=\"text-align: justify;\">Gr\u00e2ce \u00e0 la<span>\u00a0<\/span><a href=\"https:\/\/whistleblowersoftware.com\/secure\/canaleticorecoletas\" target=\"_blank\" rel=\"noopener\"><strong>Canal \u00e9thique<\/strong><\/a>, L'outil est configur\u00e9 sur la base du<span>\u00a0<\/span><em>Directive (UE) 2019\/1937 du Parlement europ\u00e9en et du Conseil du 23 octobre 2019 relative \u00e0 la protection des personnes signalant des violations du droit de l'Union.<\/em>ainsi que dans le<span>\u00a0<\/span><em>Loi 2\/2023 du 20 f\u00e9vrier sur la protection des personnes qui d\u00e9noncent les infractions r\u00e9glementaires et la lutte contre la corruption<\/em>par lequel des communications peuvent \u00eatre faites concernant d'\u00e9ventuels comportements irr\u00e9guliers qui pourraient avoir lieu et dont ils ont connaissance.<\/p>\n<p style=\"text-align: justify;\">L'anonymat et le principe de non-repr\u00e9sailles \u00e0 l'encontre des d\u00e9nonciateurs ainsi que la pr\u00e9somption d'innocence de l'accus\u00e9 sont garantis.<\/p>\n<p style=\"text-align: justify;\">Afin de faciliter la compr\u00e9hension et la connaissance du programme de conformit\u00e9, nous effectuons les op\u00e9rations suivantes<span>\u00a0<\/span><strong>sessions de formation<\/strong><span>\u00a0<\/span>pour le personnel du groupe Recoletas, en fonction des besoins existants.<\/p>\n<p style=\"text-align: justify;\">A travers tous ces \u00e9l\u00e9ments, le Groupe Recoletas refl\u00e8te sa volont\u00e9 d'\u00eatre un acteur majeur de l'\u00e9conomie mondiale.<span>\u00a0<\/span><strong>l'engagement en faveur de l'\u00e9thique des affaires, de la transparence et des bonnes pratiques<\/strong>et l'am\u00e9lioration continue de ses syst\u00e8mes de gestion.<\/p>\n<p>[\/et_pb_text][\/et_pb_column][\/et_pb_row][\/et_pb_section]<\/p>","protected":false},"excerpt":{"rendered":"<p>GDPR Pol\u00edtica de CompromisoLa\u00a0Pol\u00edtica de Compliance\u00a0de\u00a0Grupo Recoletas\u00a0expresa su compromiso con el\u00a0estricto cumplimiento de las leyes y la normativa en vigor. Queda prohibida la comisi\u00f3n de actos delictivos e irregulares, identific\u00e1ndose las actividades en cuyo \u00e1mbito puedan ser cometidos los delitos que deben ser previstos. Tanto la Direcci\u00f3n como los empleados de Grupo Recoletas\u00a0son conocedores de [&hellip;]<\/p>","protected":false},"author":1,"featured_media":286575,"parent":0,"menu_order":0,"comment_status":"closed","ping_status":"closed","template":"","meta":{"_et_pb_use_builder":"on","_et_pb_old_content":"","_et_gb_content_width":"","footnotes":""},"class_list":["post-286729","page","type-page","status-publish","has-post-thumbnail","hentry"],"yoast_head":"<!-- This site is optimized with the Yoast SEO plugin v26.1.1 - https:\/\/yoast.com\/wordpress\/plugins\/seo\/ -->\n<title>Pol\u00edtica de compliance - Hospital Marbella<\/title>\n<meta name=\"description\" content=\"Pol\u00edtica de compliance cumplimos con la normativa legal y \u00e9tica en nuestras actividades, garantizando transparencia e integridad en el sector\" \/>\n<meta name=\"robots\" content=\"noindex, nofollow\" \/>\n<meta property=\"og:locale\" content=\"fr_FR\" \/>\n<meta property=\"og:type\" content=\"article\" \/>\n<meta property=\"og:title\" content=\"Pol\u00edtica de compliance - Hospital Marbella\" \/>\n<meta property=\"og:description\" content=\"Pol\u00edtica de compliance cumplimos con la normativa legal y \u00e9tica en nuestras actividades, garantizando transparencia e integridad en el sector\" \/>\n<meta property=\"og:url\" content=\"https:\/\/recoletasmarbella.com\/fr\/politique-de-conformite\/\" \/>\n<meta property=\"og:site_name\" content=\"Hospital Marbella\" \/>\n<meta property=\"article:publisher\" content=\"https:\/\/www.facebook.com\/people\/Recoletas-Salud-Marbella\/61573653462220\/\" \/>\n<meta property=\"article:modified_time\" content=\"2025-07-08T12:31:31+00:00\" \/>\n<meta property=\"og:image\" content=\"https:\/\/recoletasmarbella.com\/wp-content\/uploads\/2025\/02\/recoletasmarbella2-215.jpg\" \/>\n\t<meta property=\"og:image:width\" content=\"1600\" \/>\n\t<meta property=\"og:image:height\" content=\"1067\" \/>\n\t<meta property=\"og:image:type\" content=\"image\/jpeg\" \/>\n<meta name=\"twitter:card\" content=\"summary_large_image\" \/>\n<meta name=\"twitter:label1\" content=\"Dur\u00e9e de lecture estim\u00e9e\" \/>\n\t<meta name=\"twitter:data1\" content=\"3 minutes\" \/>\n<script type=\"application\/ld+json\" class=\"yoast-schema-graph\">{\"@context\":\"https:\/\/schema.org\",\"@graph\":[{\"@type\":\"WebPage\",\"@id\":\"https:\/\/recoletasmarbella.com\/fr\/politique-de-conformite\/\",\"url\":\"https:\/\/recoletasmarbella.com\/fr\/politique-de-conformite\/\",\"name\":\"Pol\u00edtica de compliance - Hospital Marbella\",\"isPartOf\":{\"@id\":\"https:\/\/recoletasmarbella.com\/es\/#website\"},\"primaryImageOfPage\":{\"@id\":\"https:\/\/recoletasmarbella.com\/fr\/politique-de-conformite\/#primaryimage\"},\"image\":{\"@id\":\"https:\/\/recoletasmarbella.com\/fr\/politique-de-conformite\/#primaryimage\"},\"thumbnailUrl\":\"https:\/\/recoletasmarbella.com\/wp-content\/uploads\/2025\/02\/recoletasmarbella2-215.jpg\",\"datePublished\":\"2025-03-07T12:20:58+00:00\",\"dateModified\":\"2025-07-08T12:31:31+00:00\",\"description\":\"Pol\u00edtica de compliance cumplimos con la normativa legal y \u00e9tica en nuestras actividades, garantizando transparencia e integridad en el sector\",\"breadcrumb\":{\"@id\":\"https:\/\/recoletasmarbella.com\/fr\/politique-de-conformite\/#breadcrumb\"},\"inLanguage\":\"fr-FR\",\"potentialAction\":[{\"@type\":\"ReadAction\",\"target\":[\"https:\/\/recoletasmarbella.com\/fr\/politique-de-conformite\/\"]}]},{\"@type\":\"ImageObject\",\"inLanguage\":\"fr-FR\",\"@id\":\"https:\/\/recoletasmarbella.com\/fr\/politique-de-conformite\/#primaryimage\",\"url\":\"https:\/\/recoletasmarbella.com\/wp-content\/uploads\/2025\/02\/recoletasmarbella2-215.jpg\",\"contentUrl\":\"https:\/\/recoletasmarbella.com\/wp-content\/uploads\/2025\/02\/recoletasmarbella2-215.jpg\",\"width\":1600,\"height\":1067,\"caption\":\"Hospital Recoletas Salud Marbella\"},{\"@type\":\"BreadcrumbList\",\"@id\":\"https:\/\/recoletasmarbella.com\/fr\/politique-de-conformite\/#breadcrumb\",\"itemListElement\":[{\"@type\":\"ListItem\",\"position\":1,\"name\":\"Portada\",\"item\":\"https:\/\/recoletasmarbella.com\/es\/\"},{\"@type\":\"ListItem\",\"position\":2,\"name\":\"Pol\u00edtica de compliance\"}]},{\"@type\":\"WebSite\",\"@id\":\"https:\/\/recoletasmarbella.com\/es\/#website\",\"url\":\"https:\/\/recoletasmarbella.com\/es\/\",\"name\":\"Hospital Recoletas Salud Marbella\",\"description\":\"Recoletas Salud\",\"publisher\":{\"@id\":\"https:\/\/recoletasmarbella.com\/es\/#organization\"},\"potentialAction\":[{\"@type\":\"SearchAction\",\"target\":{\"@type\":\"EntryPoint\",\"urlTemplate\":\"https:\/\/recoletasmarbella.com\/es\/?s={search_term_string}\"},\"query-input\":{\"@type\":\"PropertyValueSpecification\",\"valueRequired\":true,\"valueName\":\"search_term_string\"}}],\"inLanguage\":\"fr-FR\"},{\"@type\":\"Organization\",\"@id\":\"https:\/\/recoletasmarbella.com\/es\/#organization\",\"name\":\"Grupo Recoletas\",\"url\":\"https:\/\/recoletasmarbella.com\/es\/\",\"logo\":{\"@type\":\"ImageObject\",\"inLanguage\":\"fr-FR\",\"@id\":\"https:\/\/recoletasmarbella.com\/es\/#\/schema\/logo\/image\/\",\"url\":\"http:\/\/recoletasmarbella.com\/wp-content\/uploads\/2025\/01\/logo-v-hospital-marbella-1.png\",\"contentUrl\":\"http:\/\/recoletasmarbella.com\/wp-content\/uploads\/2025\/01\/logo-v-hospital-marbella-1.png\",\"width\":216,\"height\":164,\"caption\":\"Grupo Recoletas\"},\"image\":{\"@id\":\"https:\/\/recoletasmarbella.com\/es\/#\/schema\/logo\/image\/\"},\"sameAs\":[\"https:\/\/www.facebook.com\/people\/Recoletas-Salud-Marbella\/61573653462220\/\",\"https:\/\/www.instagram.com\/recoletassaludmarbella\/\",\"https:\/\/www.linkedin.com\/company\/recoletas-salud-marbella\",\"https:\/\/www.youtube.com\/@recoletassalud\"]}]}<\/script>\n<!-- \/ Yoast SEO plugin. -->","yoast_head_json":{"title":"Politique de conformit\u00e9 - Hospital Marbella","description":"Politique de conformit\u00e9 Nous respectons les r\u00e8gles juridiques et \u00e9thiques dans nos activit\u00e9s, garantissant ainsi la transparence et l'int\u00e9grit\u00e9 du secteur.","robots":{"index":"noindex","follow":"nofollow"},"og_locale":"fr_FR","og_type":"article","og_title":"Pol\u00edtica de compliance - Hospital Marbella","og_description":"Pol\u00edtica de compliance cumplimos con la normativa legal y \u00e9tica en nuestras actividades, garantizando transparencia e integridad en el sector","og_url":"https:\/\/recoletasmarbella.com\/fr\/politique-de-conformite\/","og_site_name":"Hospital Marbella","article_publisher":"https:\/\/www.facebook.com\/people\/Recoletas-Salud-Marbella\/61573653462220\/","article_modified_time":"2025-07-08T12:31:31+00:00","og_image":[{"width":1600,"height":1067,"url":"https:\/\/recoletasmarbella.com\/wp-content\/uploads\/2025\/02\/recoletasmarbella2-215.jpg","type":"image\/jpeg"}],"twitter_card":"summary_large_image","twitter_misc":{"Dur\u00e9e de lecture estim\u00e9e":"3 minutes"},"schema":{"@context":"https:\/\/schema.org","@graph":[{"@type":"WebPage","@id":"https:\/\/recoletasmarbella.com\/fr\/politique-de-conformite\/","url":"https:\/\/recoletasmarbella.com\/fr\/politique-de-conformite\/","name":"Politique de conformit\u00e9 - Hospital Marbella","isPartOf":{"@id":"https:\/\/recoletasmarbella.com\/es\/#website"},"primaryImageOfPage":{"@id":"https:\/\/recoletasmarbella.com\/fr\/politique-de-conformite\/#primaryimage"},"image":{"@id":"https:\/\/recoletasmarbella.com\/fr\/politique-de-conformite\/#primaryimage"},"thumbnailUrl":"https:\/\/recoletasmarbella.com\/wp-content\/uploads\/2025\/02\/recoletasmarbella2-215.jpg","datePublished":"2025-03-07T12:20:58+00:00","dateModified":"2025-07-08T12:31:31+00:00","description":"Politique de conformit\u00e9 Nous respectons les r\u00e8gles juridiques et \u00e9thiques dans nos activit\u00e9s, garantissant ainsi la transparence et l'int\u00e9grit\u00e9 du secteur.","breadcrumb":{"@id":"https:\/\/recoletasmarbella.com\/fr\/politique-de-conformite\/#breadcrumb"},"inLanguage":"fr-FR","potentialAction":[{"@type":"ReadAction","target":["https:\/\/recoletasmarbella.com\/fr\/politique-de-conformite\/"]}]},{"@type":"ImageObject","inLanguage":"fr-FR","@id":"https:\/\/recoletasmarbella.com\/fr\/politique-de-conformite\/#primaryimage","url":"https:\/\/recoletasmarbella.com\/wp-content\/uploads\/2025\/02\/recoletasmarbella2-215.jpg","contentUrl":"https:\/\/recoletasmarbella.com\/wp-content\/uploads\/2025\/02\/recoletasmarbella2-215.jpg","width":1600,"height":1067,"caption":"Hospital Recoletas Salud Marbella"},{"@type":"BreadcrumbList","@id":"https:\/\/recoletasmarbella.com\/fr\/politique-de-conformite\/#breadcrumb","itemListElement":[{"@type":"ListItem","position":1,"name":"Portada","item":"https:\/\/recoletasmarbella.com\/es\/"},{"@type":"ListItem","position":2,"name":"Pol\u00edtica de compliance"}]},{"@type":"WebSite","@id":"https:\/\/recoletasmarbella.com\/es\/#website","url":"https:\/\/recoletasmarbella.com\/es\/","name":"L'h\u00f4pital Recoletas Salud Marbella","description":"de recoletas salud","publisher":{"@id":"https:\/\/recoletasmarbella.com\/es\/#organization"},"potentialAction":[{"@type":"SearchAction","target":{"@type":"EntryPoint","urlTemplate":"https:\/\/recoletasmarbella.com\/es\/?s={search_term_string}"},"query-input":{"@type":"PropertyValueSpecification","valueRequired":true,"valueName":"search_term_string"}}],"inLanguage":"fr-FR"},{"@type":"Organization","@id":"https:\/\/recoletasmarbella.com\/es\/#organization","name":"Groupe Recoletas","url":"https:\/\/recoletasmarbella.com\/es\/","logo":{"@type":"ImageObject","inLanguage":"fr-FR","@id":"https:\/\/recoletasmarbella.com\/es\/#\/schema\/logo\/image\/","url":"http:\/\/recoletasmarbella.com\/wp-content\/uploads\/2025\/01\/logo-v-hospital-marbella-1.png","contentUrl":"http:\/\/recoletasmarbella.com\/wp-content\/uploads\/2025\/01\/logo-v-hospital-marbella-1.png","width":216,"height":164,"caption":"Grupo Recoletas"},"image":{"@id":"https:\/\/recoletasmarbella.com\/es\/#\/schema\/logo\/image\/"},"sameAs":["https:\/\/www.facebook.com\/people\/Recoletas-Salud-Marbella\/61573653462220\/","https:\/\/www.instagram.com\/recoletassaludmarbella\/","https:\/\/www.linkedin.com\/company\/recoletas-salud-marbella","https:\/\/www.youtube.com\/@recoletassalud"]}]}},"_links":{"self":[{"href":"https:\/\/recoletasmarbella.com\/fr\/wp-json\/wp\/v2\/pages\/286729","targetHints":{"allow":["GET"]}}],"collection":[{"href":"https:\/\/recoletasmarbella.com\/fr\/wp-json\/wp\/v2\/pages"}],"about":[{"href":"https:\/\/recoletasmarbella.com\/fr\/wp-json\/wp\/v2\/types\/page"}],"author":[{"embeddable":true,"href":"https:\/\/recoletasmarbella.com\/fr\/wp-json\/wp\/v2\/users\/1"}],"replies":[{"embeddable":true,"href":"https:\/\/recoletasmarbella.com\/fr\/wp-json\/wp\/v2\/comments?post=286729"}],"version-history":[{"count":7,"href":"https:\/\/recoletasmarbella.com\/fr\/wp-json\/wp\/v2\/pages\/286729\/revisions"}],"predecessor-version":[{"id":291913,"href":"https:\/\/recoletasmarbella.com\/fr\/wp-json\/wp\/v2\/pages\/286729\/revisions\/291913"}],"wp:featuredmedia":[{"embeddable":true,"href":"https:\/\/recoletasmarbella.com\/fr\/wp-json\/wp\/v2\/media\/286575"}],"wp:attachment":[{"href":"https:\/\/recoletasmarbella.com\/fr\/wp-json\/wp\/v2\/media?parent=286729"}],"curies":[{"name":"wp","href":"https:\/\/api.w.org\/{rel}","templated":true}]}}